{"id":114984,"date":"2023-03-14T15:55:38","date_gmt":"2023-03-14T14:55:38","guid":{"rendered":"https:\/\/www.costadelsol-mallorca.com\/property\/magnificent-apartments-just-470-meters-from-sa-font-sa-cala-beach\/"},"modified":"2023-03-14T17:18:57","modified_gmt":"2023-03-14T16:18:57","slug":"magnificos-apartamentos-a-tan-solo-470-metros-de-la-playa-sa-font-sa-cala","status":"publish","type":"property","link":"https:\/\/www.costadelsol-mallorca.com\/es\/property\/magnificos-apartamentos-a-tan-solo-470-metros-de-la-playa-sa-font-sa-cala\/","title":{"rendered":"Magn\u00edficos apartamentos a tan s\u00f3lo 470 metros de la playa Sa Font Sa Cala"},"content":{"rendered":"<p>Apartamentos que destacan por tener orientaci\u00f3n sur, grandes ventanales que ofrecen mayor sensaci\u00f3n de luminosidad e incre\u00edbles vistas al mar o a la monta\u00f1a.<br \/>\nLas viviendas cuentan con un amplio sal\u00f3n comedor con cocina abierta, tres dormitorios con armarios empotrados y 2 ba\u00f1os completos.<\/p>\n<p>En cuanto a la climatizaci\u00f3n, los apartamentos disponen de instalaci\u00f3n de aire acondicionado frio\/calor.<\/p>\n<p>El precio incluye plaza de parking y trastero.<\/p>\n<p>El residencial ofrece una amplia zona com\u00fan que incluye piscina para adultos, piscina infantil, jacuzzi, \u00e1rea de juegos infantiles y jardines comunitarios.<br \/>\nLas viviendas han sido dise\u00f1adas para disfrutar de Mallorca desde la tranquilidad, ya que est\u00e1n rodeadas de calas de aguas cristalinas de color turquesa y amplias zonas verdes.Su estrat\u00e9gica ubicaci\u00f3n permite disfrutar del mar y del buen tiempo de la costa este mallorquina.<br \/>\nA s\u00f3lo 10 minutos en coche de los pueblos m\u00e1s bonitos de la zona, como son Capdepera o Cala Ratjada.<\/p>\n","protected":false},"excerpt":{"rendered":"<p>Apartamentos que destacan por tener orientaci\u00f3n sur, grandes ventanales que ofrecen mayor sensaci\u00f3n de luminosidad e incre\u00edbles vistas al mar o a la monta\u00f1a. Las viviendas cuentan con un amplio sal\u00f3n comedor con cocina abierta, tres dormitorios con armarios empotrados y 2 ba\u00f1os completos. En cuanto a la climatizaci\u00f3n, los apartamentos disponen de instalaci\u00f3n de&#8230;<\/p>\n","protected":false},"author":1,"featured_media":114925,"parent":0,"menu_order":0,"comment_status":"closed","ping_status":"closed","template":"","property-feature":[271,1059,1306,254,255,256,257,258,265],"property-type":[245],"property-city":[865,1308],"property-status":[260],"class_list":["post-114984","property","type-property","status-publish","has-post-thumbnail","hentry","property-feature-vistas-al-mar","property-feature-jardin-comunitario","property-feature-orientatie-zuid-es","property-feature-cocina-equipada","property-feature-jardin","property-feature-aparcamiento-privado","property-feature-piscina","property-feature-terraza","property-feature-aire-acondicionado","property-type-apartamento","property-city-mallorca","property-city-capdepera","property-status-nueva-construccion","zones-ma","builders-tm"],"aioseo_notices":[],"property_meta":{"REAL_HOMES_property_price":"477000","REAL_HOMES_property_old_price":"","REAL_HOMES_property_price_prefix":"","REAL_HOMES_property_price_postfix":"","REAL_HOMES_property_size":"117","REAL_HOMES_property_size_postfix":"m2","REAL_HOMES_property_lot_size":"","REAL_HOMES_property_lot_size_postfix":"","REAL_HOMES_property_bedrooms":"3","REAL_HOMES_property_bathrooms":"2","REAL_HOMES_property_garage":"","REAL_HOMES_property_id":"MA62.01.114921","REAL_HOMES_property_year_built":"","rvr_property_owner":"","REAL_HOMES_featured":"0","REAL_HOMES_additional_details_list":[],"REAL_HOMES_property_location":{"latitude":"39.6818159","longitude":"3.4522518","zoom":"10"},"REAL_HOMES_property_address":"la Font de la Cala, Av. Provensals, 27, 07589 Provensals, Illes Balears, Espa\u00f1a","REAL_HOMES_property_map":"0","REAL_HOMES_property_images":[{"width":150,"height":150,"file":"2023\/03\/Captura-de-pantalla-2023-03-14-a-las-15.34.49-2-scaled.jpg","filesize":1334886,"sizes":{"thumbnail":{"file":"Captura-de-pantalla-2023-03-14-a-las-15.34.49-2-150x150.jpg","width":150,"height":150,"mime-type":"image\/jpeg","filesize":18283,"url":"https:\/\/www.costadelsol-mallorca.com\/wp-content\/uploads\/2023\/03\/Captura-de-pantalla-2023-03-14-a-las-15.34.49-2-150x150.jpg"},"tf-client-image-size":{"file":"Captura-de-pantalla-2023-03-14-a-las-15.34.49-2-120x120.jpg","width":120,"height":120,"mime-type":"image\/jpeg","filesize":13269,"url":"https:\/\/www.costadelsol-mallorca.com\/wp-content\/uploads\/2023\/03\/Captura-de-pantalla-2023-03-14-a-las-15.34.49-2-120x120.jpg"},"post-thumbnail":{"file":"Captura-de-pantalla-2023-03-14-a-las-15.34.49-2-150x75.jpg","width":150,"height":75,"mime-type":"image\/jpeg","filesize":12147,"url":"https:\/\/www.costadelsol-mallorca.com\/wp-content\/uploads\/2023\/03\/Captura-de-pantalla-2023-03-14-a-las-15.34.49-2-150x75.jpg"},"modern-property-child-slider":{"file":"Captura-de-pantalla-2023-03-14-a-las-15.34.49-2-680x510.jpg","width":680,"height":510,"mime-type":"image\/jpeg","filesize":182619,"url":"https:\/\/www.costadelsol-mallorca.com\/wp-content\/uploads\/2023\/03\/Captura-de-pantalla-2023-03-14-a-las-15.34.49-2-680x510.jpg"},"property-thumb-image":{"file":"Captura-de-pantalla-2023-03-14-a-las-15.34.49-2-488x326.jpg","width":488,"height":326,"mime-type":"image\/jpeg","filesize":93010,"url":"https:\/\/www.costadelsol-mallorca.com\/wp-content\/uploads\/2023\/03\/Captura-de-pantalla-2023-03-14-a-las-15.34.49-2-488x326.jpg"},"property-detail-video-image":{"file":"Captura-de-pantalla-2023-03-14-a-las-15.34.49-2-818x417.jpg","width":818,"height":417,"mime-type":"image\/jpeg","filesize":191143,"url":"https:\/\/www.costadelsol-mallorca.com\/wp-content\/uploads\/2023\/03\/Captura-de-pantalla-2023-03-14-a-las-15.34.49-2-818x417.jpg"},"agent-image":{"file":"Captura-de-pantalla-2023-03-14-a-las-15.34.49-2-210x210.jpg","width":210,"height":210,"mime-type":"image\/jpeg","filesize":30858,"url":"https:\/\/www.costadelsol-mallorca.com\/wp-content\/uploads\/2023\/03\/Captura-de-pantalla-2023-03-14-a-las-15.34.49-2-210x210.jpg"},"partners-logo":{"file":"Captura-de-pantalla-2023-03-14-a-las-15.34.49-2-600x1866.jpg","width":600,"height":1866,"mime-type":"image\/jpeg","filesize":399324,"url":"https:\/\/www.costadelsol-mallorca.com\/wp-content\/uploads\/2023\/03\/Captura-de-pantalla-2023-03-14-a-las-15.34.49-2-600x1866.jpg"},"post-featured-image":{"file":"Captura-de-pantalla-2023-03-14-a-las-15.34.49-2-1240x720.jpg","width":1240,"height":720,"mime-type":"image\/jpeg","filesize":436239,"url":"https:\/\/www.costadelsol-mallorca.com\/wp-content\/uploads\/2023\/03\/Captura-de-pantalla-2023-03-14-a-las-15.34.49-2-1240x720.jpg"}},"image_meta":{"aperture":"0","credit":"","camera":"","caption":"","created_timestamp":"0","copyright":"","focal_length":"0","iso":"0","shutter_speed":"0","title":"","orientation":"0","keywords":[]},"original_image":"Captura-de-pantalla-2023-03-14-a-las-15.34.49-2.jpg","ID":"114929","name":"Captura-de-pantalla-2023-03-14-a-las-15.34.49-2-scaled.jpg","path":"\/home\/ro\/web\/costadelsol-mallorca.com\/public_html\/wp-content\/uploads\/2023\/03\/Captura-de-pantalla-2023-03-14-a-las-15.34.49-2-scaled.jpg","url":"https:\/\/www.costadelsol-mallorca.com\/wp-content\/uploads\/2023\/03\/Captura-de-pantalla-2023-03-14-a-las-15.34.49-2-150x150.jpg","full_url":"https:\/\/www.costadelsol-mallorca.com\/wp-content\/uploads\/2023\/03\/Captura-de-pantalla-2023-03-14-a-las-15.34.49-2-scaled.jpg","title":"Captura de pantalla 2023-03-14 a las 15.34.49 2","caption":"","description":"","alt":"","srcset":"https:\/\/www.costadelsol-mallorca.com\/wp-content\/uploads\/2023\/03\/Captura-de-pantalla-2023-03-14-a-las-15.34.49-2-150x150.jpg 150w, https:\/\/www.costadelsol-mallorca.com\/wp-content\/uploads\/2023\/03\/Captura-de-pantalla-2023-03-14-a-las-15.34.49-2-120x120.jpg 120w, https:\/\/www.costadelsol-mallorca.com\/wp-content\/uploads\/2023\/03\/Captura-de-pantalla-2023-03-14-a-las-15.34.49-2-210x210.jpg 210w"},{"width":150,"height":150,"file":"2023\/03\/COB540088.jpg","filesize":718993,"sizes":{"thumbnail":{"file":"COB540088-150x150.jpg","width":150,"height":150,"mime-type":"image\/jpeg","filesize":14707,"url":"https:\/\/www.costadelsol-mallorca.com\/wp-content\/uploads\/2023\/03\/COB540088-150x150.jpg"},"tf-client-image-size":{"file":"COB540088-120x120.jpg","width":120,"height":120,"mime-type":"image\/jpeg","filesize":13094,"url":"https:\/\/www.costadelsol-mallorca.com\/wp-content\/uploads\/2023\/03\/COB540088-120x120.jpg"},"post-thumbnail":{"file":"COB540088-150x84.jpg","width":150,"height":84,"mime-type":"image\/jpeg","filesize":13132,"url":"https:\/\/www.costadelsol-mallorca.com\/wp-content\/uploads\/2023\/03\/COB540088-150x84.jpg"},"modern-property-child-slider":{"file":"COB540088-680x510.jpg","width":680,"height":510,"mime-type":"image\/jpeg","filesize":60987,"url":"https:\/\/www.costadelsol-mallorca.com\/wp-content\/uploads\/2023\/03\/COB540088-680x510.jpg"},"property-thumb-image":{"file":"COB540088-488x326.jpg","width":488,"height":326,"mime-type":"image\/jpeg","filesize":37738,"url":"https:\/\/www.costadelsol-mallorca.com\/wp-content\/uploads\/2023\/03\/COB540088-488x326.jpg"},"property-detail-video-image":{"file":"COB540088-818x417.jpg","width":818,"height":417,"mime-type":"image\/jpeg","filesize":61318,"url":"https:\/\/www.costadelsol-mallorca.com\/wp-content\/uploads\/2023\/03\/COB540088-818x417.jpg"},"agent-image":{"file":"COB540088-210x210.jpg","width":210,"height":210,"mime-type":"image\/jpeg","filesize":18722,"url":"https:\/\/www.costadelsol-mallorca.com\/wp-content\/uploads\/2023\/03\/COB540088-210x210.jpg"},"partners-logo":{"file":"COB540088-600x1080.jpg","width":600,"height":1080,"mime-type":"image\/jpeg","filesize":87530,"url":"https:\/\/www.costadelsol-mallorca.com\/wp-content\/uploads\/2023\/03\/COB540088-600x1080.jpg"},"post-featured-image":{"file":"COB540088-1240x720.jpg","width":1240,"height":720,"mime-type":"image\/jpeg","filesize":120901,"url":"https:\/\/www.costadelsol-mallorca.com\/wp-content\/uploads\/2023\/03\/COB540088-1240x720.jpg"}},"image_meta":{"aperture":"0","credit":"","camera":"","caption":"","created_timestamp":"0","copyright":"","focal_length":"0","iso":"0","shutter_speed":"0","title":"","orientation":"1","keywords":[]},"ID":"114973","name":"COB540088.jpg","path":"\/home\/ro\/web\/costadelsol-mallorca.com\/public_html\/wp-content\/uploads\/2023\/03\/COB540088.jpg","url":"https:\/\/www.costadelsol-mallorca.com\/wp-content\/uploads\/2023\/03\/COB540088-150x150.jpg","full_url":"https:\/\/www.costadelsol-mallorca.com\/wp-content\/uploads\/2023\/03\/COB540088.jpg","title":"COB540088","caption":"","description":"","alt":"","srcset":"https:\/\/www.costadelsol-mallorca.com\/wp-content\/uploads\/2023\/03\/COB540088-150x150.jpg 150w, https:\/\/www.costadelsol-mallorca.com\/wp-content\/uploads\/2023\/03\/COB540088-120x120.jpg 120w, https:\/\/www.costadelsol-mallorca.com\/wp-content\/uploads\/2023\/03\/COB540088-210x210.jpg 210w"},{"width":150,"height":150,"file":"2023\/03\/COB534884-scaled.jpg","filesize":746562,"sizes":{"thumbnail":{"file":"COB534884-150x150.jpg","width":150,"height":150,"mime-type":"image\/jpeg","filesize":21338,"url":"https:\/\/www.costadelsol-mallorca.com\/wp-content\/uploads\/2023\/03\/COB534884-150x150.jpg"},"tf-client-image-size":{"file":"COB534884-120x120.jpg","width":120,"height":120,"mime-type":"image\/jpeg","filesize":18962,"url":"https:\/\/www.costadelsol-mallorca.com\/wp-content\/uploads\/2023\/03\/COB534884-120x120.jpg"},"post-thumbnail":{"file":"COB534884-150x113.jpg","width":150,"height":113,"mime-type":"image\/jpeg","filesize":20064,"url":"https:\/\/www.costadelsol-mallorca.com\/wp-content\/uploads\/2023\/03\/COB534884-150x113.jpg"},"modern-property-child-slider":{"file":"COB534884-680x510.jpg","width":680,"height":510,"mime-type":"image\/jpeg","filesize":81976,"url":"https:\/\/www.costadelsol-mallorca.com\/wp-content\/uploads\/2023\/03\/COB534884-680x510.jpg"},"property-thumb-image":{"file":"COB534884-488x326.jpg","width":488,"height":326,"mime-type":"image\/jpeg","filesize":51603,"url":"https:\/\/www.costadelsol-mallorca.com\/wp-content\/uploads\/2023\/03\/COB534884-488x326.jpg"},"property-detail-video-image":{"file":"COB534884-818x417.jpg","width":818,"height":417,"mime-type":"image\/jpeg","filesize":89204,"url":"https:\/\/www.costadelsol-mallorca.com\/wp-content\/uploads\/2023\/03\/COB534884-818x417.jpg"},"agent-image":{"file":"COB534884-210x210.jpg","width":210,"height":210,"mime-type":"image\/jpeg","filesize":27007,"url":"https:\/\/www.costadelsol-mallorca.com\/wp-content\/uploads\/2023\/03\/COB534884-210x210.jpg"},"partners-logo":{"file":"COB534884-600x2625.jpg","width":600,"height":2625,"mime-type":"image\/jpeg","filesize":246867,"url":"https:\/\/www.costadelsol-mallorca.com\/wp-content\/uploads\/2023\/03\/COB534884-600x2625.jpg"},"post-featured-image":{"file":"COB534884-1240x720.jpg","width":1240,"height":720,"mime-type":"image\/jpeg","filesize":180263,"url":"https:\/\/www.costadelsol-mallorca.com\/wp-content\/uploads\/2023\/03\/COB534884-1240x720.jpg"}},"image_meta":{"aperture":"0","credit":"","camera":"","caption":"","created_timestamp":"0","copyright":"","focal_length":"0","iso":"0","shutter_speed":"0","title":"","orientation":"1","keywords":[]},"original_image":"COB534884.jpg","ID":"114933","name":"COB534884-scaled.jpg","path":"\/home\/ro\/web\/costadelsol-mallorca.com\/public_html\/wp-content\/uploads\/2023\/03\/COB534884-scaled.jpg","url":"https:\/\/www.costadelsol-mallorca.com\/wp-content\/uploads\/2023\/03\/COB534884-150x150.jpg","full_url":"https:\/\/www.costadelsol-mallorca.com\/wp-content\/uploads\/2023\/03\/COB534884-scaled.jpg","title":"COB534884","caption":"","description":"","alt":"","srcset":"https:\/\/www.costadelsol-mallorca.com\/wp-content\/uploads\/2023\/03\/COB534884-150x150.jpg 150w, https:\/\/www.costadelsol-mallorca.com\/wp-content\/uploads\/2023\/03\/COB534884-120x120.jpg 120w, https:\/\/www.costadelsol-mallorca.com\/wp-content\/uploads\/2023\/03\/COB534884-210x210.jpg 210w"},{"width":150,"height":150,"file":"2023\/03\/COB534889-scaled.jpg","filesize":927472,"sizes":{"thumbnail":{"file":"COB534889-150x150.jpg","width":150,"height":150,"mime-type":"image\/jpeg","filesize":19520,"url":"https:\/\/www.costadelsol-mallorca.com\/wp-content\/uploads\/2023\/03\/COB534889-150x150.jpg"},"tf-client-image-size":{"file":"COB534889-120x120.jpg","width":120,"height":120,"mime-type":"image\/jpeg","filesize":17499,"url":"https:\/\/www.costadelsol-mallorca.com\/wp-content\/uploads\/2023\/03\/COB534889-120x120.jpg"},"post-thumbnail":{"file":"COB534889-150x113.jpg","width":150,"height":113,"mime-type":"image\/jpeg","filesize":18513,"url":"https:\/\/www.costadelsol-mallorca.com\/wp-content\/uploads\/2023\/03\/COB534889-150x113.jpg"},"modern-property-child-slider":{"file":"COB534889-680x510.jpg","width":680,"height":510,"mime-type":"image\/jpeg","filesize":87947,"url":"https:\/\/www.costadelsol-mallorca.com\/wp-content\/uploads\/2023\/03\/COB534889-680x510.jpg"},"property-thumb-image":{"file":"COB534889-488x326.jpg","width":488,"height":326,"mime-type":"image\/jpeg","filesize":50015,"url":"https:\/\/www.costadelsol-mallorca.com\/wp-content\/uploads\/2023\/03\/COB534889-488x326.jpg"},"property-detail-video-image":{"file":"COB534889-818x417.jpg","width":818,"height":417,"mime-type":"image\/jpeg","filesize":87150,"url":"https:\/\/www.costadelsol-mallorca.com\/wp-content\/uploads\/2023\/03\/COB534889-818x417.jpg"},"agent-image":{"file":"COB534889-210x210.jpg","width":210,"height":210,"mime-type":"image\/jpeg","filesize":24852,"url":"https:\/\/www.costadelsol-mallorca.com\/wp-content\/uploads\/2023\/03\/COB534889-210x210.jpg"},"partners-logo":{"file":"COB534889-600x2625.jpg","width":600,"height":2625,"mime-type":"image\/jpeg","filesize":224193,"url":"https:\/\/www.costadelsol-mallorca.com\/wp-content\/uploads\/2023\/03\/COB534889-600x2625.jpg"},"post-featured-image":{"file":"COB534889-1240x720.jpg","width":1240,"height":720,"mime-type":"image\/jpeg","filesize":196792,"url":"https:\/\/www.costadelsol-mallorca.com\/wp-content\/uploads\/2023\/03\/COB534889-1240x720.jpg"}},"image_meta":{"aperture":"0","credit":"","camera":"","caption":"","created_timestamp":"0","copyright":"","focal_length":"0","iso":"0","shutter_speed":"0","title":"","orientation":"1","keywords":[]},"original_image":"COB534889.jpg","ID":"114949","name":"COB534889-scaled.jpg","path":"\/home\/ro\/web\/costadelsol-mallorca.com\/public_html\/wp-content\/uploads\/2023\/03\/COB534889-scaled.jpg","url":"https:\/\/www.costadelsol-mallorca.com\/wp-content\/uploads\/2023\/03\/COB534889-150x150.jpg","full_url":"https:\/\/www.costadelsol-mallorca.com\/wp-content\/uploads\/2023\/03\/COB534889-scaled.jpg","title":"COB534889","caption":"","description":"","alt":"","srcset":"https:\/\/www.costadelsol-mallorca.com\/wp-content\/uploads\/2023\/03\/COB534889-150x150.jpg 150w, https:\/\/www.costadelsol-mallorca.com\/wp-content\/uploads\/2023\/03\/COB534889-120x120.jpg 120w, https:\/\/www.costadelsol-mallorca.com\/wp-content\/uploads\/2023\/03\/COB534889-210x210.jpg 210w"},{"width":150,"height":150,"file":"2023\/03\/COB534890-scaled.jpg","filesize":882519,"sizes":{"thumbnail":{"file":"COB534890-150x150.jpg","width":150,"height":150,"mime-type":"image\/jpeg","filesize":20599,"url":"https:\/\/www.costadelsol-mallorca.com\/wp-content\/uploads\/2023\/03\/COB534890-150x150.jpg"},"tf-client-image-size":{"file":"COB534890-120x120.jpg","width":120,"height":120,"mime-type":"image\/jpeg","filesize":18380,"url":"https:\/\/www.costadelsol-mallorca.com\/wp-content\/uploads\/2023\/03\/COB534890-120x120.jpg"},"post-thumbnail":{"file":"COB534890-150x113.jpg","width":150,"height":113,"mime-type":"image\/jpeg","filesize":19524,"url":"https:\/\/www.costadelsol-mallorca.com\/wp-content\/uploads\/2023\/03\/COB534890-150x113.jpg"},"modern-property-child-slider":{"file":"COB534890-680x510.jpg","width":680,"height":510,"mime-type":"image\/jpeg","filesize":83492,"url":"https:\/\/www.costadelsol-mallorca.com\/wp-content\/uploads\/2023\/03\/COB534890-680x510.jpg"},"property-thumb-image":{"file":"COB534890-488x326.jpg","width":488,"height":326,"mime-type":"image\/jpeg","filesize":50401,"url":"https:\/\/www.costadelsol-mallorca.com\/wp-content\/uploads\/2023\/03\/COB534890-488x326.jpg"},"property-detail-video-image":{"file":"COB534890-818x417.jpg","width":818,"height":417,"mime-type":"image\/jpeg","filesize":85557,"url":"https:\/\/www.costadelsol-mallorca.com\/wp-content\/uploads\/2023\/03\/COB534890-818x417.jpg"},"agent-image":{"file":"COB534890-210x210.jpg","width":210,"height":210,"mime-type":"image\/jpeg","filesize":25657,"url":"https:\/\/www.costadelsol-mallorca.com\/wp-content\/uploads\/2023\/03\/COB534890-210x210.jpg"},"partners-logo":{"file":"COB534890-600x2625.jpg","width":600,"height":2625,"mime-type":"image\/jpeg","filesize":235640,"url":"https:\/\/www.costadelsol-mallorca.com\/wp-content\/uploads\/2023\/03\/COB534890-600x2625.jpg"},"post-featured-image":{"file":"COB534890-1240x720.jpg","width":1240,"height":720,"mime-type":"image\/jpeg","filesize":177671,"url":"https:\/\/www.costadelsol-mallorca.com\/wp-content\/uploads\/2023\/03\/COB534890-1240x720.jpg"}},"image_meta":{"aperture":"0","credit":"","camera":"","caption":"","created_timestamp":"0","copyright":"","focal_length":"0","iso":"0","shutter_speed":"0","title":"","orientation":"1","keywords":[]},"original_image":"COB534890.jpg","ID":"114953","name":"COB534890-scaled.jpg","path":"\/home\/ro\/web\/costadelsol-mallorca.com\/public_html\/wp-content\/uploads\/2023\/03\/COB534890-scaled.jpg","url":"https:\/\/www.costadelsol-mallorca.com\/wp-content\/uploads\/2023\/03\/COB534890-150x150.jpg","full_url":"https:\/\/www.costadelsol-mallorca.com\/wp-content\/uploads\/2023\/03\/COB534890-scaled.jpg","title":"COB534890","caption":"","description":"","alt":"","srcset":"https:\/\/www.costadelsol-mallorca.com\/wp-content\/uploads\/2023\/03\/COB534890-150x150.jpg 150w, https:\/\/www.costadelsol-mallorca.com\/wp-content\/uploads\/2023\/03\/COB534890-120x120.jpg 120w, https:\/\/www.costadelsol-mallorca.com\/wp-content\/uploads\/2023\/03\/COB534890-210x210.jpg 210w"},{"width":150,"height":150,"file":"2023\/03\/COB534887-scaled.jpg","filesize":1082961,"sizes":{"thumbnail":{"file":"COB534887-150x150.jpg","width":150,"height":150,"mime-type":"image\/jpeg","filesize":21600,"url":"https:\/\/www.costadelsol-mallorca.com\/wp-content\/uploads\/2023\/03\/COB534887-150x150.jpg"},"tf-client-image-size":{"file":"COB534887-120x120.jpg","width":120,"height":120,"mime-type":"image\/jpeg","filesize":18838,"url":"https:\/\/www.costadelsol-mallorca.com\/wp-content\/uploads\/2023\/03\/COB534887-120x120.jpg"},"post-thumbnail":{"file":"COB534887-150x113.jpg","width":150,"height":113,"mime-type":"image\/jpeg","filesize":20241,"url":"https:\/\/www.costadelsol-mallorca.com\/wp-content\/uploads\/2023\/03\/COB534887-150x113.jpg"},"modern-property-child-slider":{"file":"COB534887-680x510.jpg","width":680,"height":510,"mime-type":"image\/jpeg","filesize":93357,"url":"https:\/\/www.costadelsol-mallorca.com\/wp-content\/uploads\/2023\/03\/COB534887-680x510.jpg"},"property-thumb-image":{"file":"COB534887-488x326.jpg","width":488,"height":326,"mime-type":"image\/jpeg","filesize":53661,"url":"https:\/\/www.costadelsol-mallorca.com\/wp-content\/uploads\/2023\/03\/COB534887-488x326.jpg"},"property-detail-video-image":{"file":"COB534887-818x417.jpg","width":818,"height":417,"mime-type":"image\/jpeg","filesize":88112,"url":"https:\/\/www.costadelsol-mallorca.com\/wp-content\/uploads\/2023\/03\/COB534887-818x417.jpg"},"agent-image":{"file":"COB534887-210x210.jpg","width":210,"height":210,"mime-type":"image\/jpeg","filesize":27204,"url":"https:\/\/www.costadelsol-mallorca.com\/wp-content\/uploads\/2023\/03\/COB534887-210x210.jpg"},"partners-logo":{"file":"COB534887-600x2625.jpg","width":600,"height":2625,"mime-type":"image\/jpeg","filesize":362295,"url":"https:\/\/www.costadelsol-mallorca.com\/wp-content\/uploads\/2023\/03\/COB534887-600x2625.jpg"},"post-featured-image":{"file":"COB534887-1240x720.jpg","width":1240,"height":720,"mime-type":"image\/jpeg","filesize":196985,"url":"https:\/\/www.costadelsol-mallorca.com\/wp-content\/uploads\/2023\/03\/COB534887-1240x720.jpg"}},"image_meta":{"aperture":"0","credit":"","camera":"","caption":"","created_timestamp":"0","copyright":"","focal_length":"0","iso":"0","shutter_speed":"0","title":"","orientation":"1","keywords":[]},"original_image":"COB534887.jpg","ID":"114945","name":"COB534887-scaled.jpg","path":"\/home\/ro\/web\/costadelsol-mallorca.com\/public_html\/wp-content\/uploads\/2023\/03\/COB534887-scaled.jpg","url":"https:\/\/www.costadelsol-mallorca.com\/wp-content\/uploads\/2023\/03\/COB534887-150x150.jpg","full_url":"https:\/\/www.costadelsol-mallorca.com\/wp-content\/uploads\/2023\/03\/COB534887-scaled.jpg","title":"COB534887","caption":"","description":"","alt":"","srcset":"https:\/\/www.costadelsol-mallorca.com\/wp-content\/uploads\/2023\/03\/COB534887-150x150.jpg 150w, https:\/\/www.costadelsol-mallorca.com\/wp-content\/uploads\/2023\/03\/COB534887-120x120.jpg 120w, https:\/\/www.costadelsol-mallorca.com\/wp-content\/uploads\/2023\/03\/COB534887-210x210.jpg 210w"},{"width":150,"height":150,"file":"2023\/03\/COB534886-scaled.jpg","filesize":1320961,"sizes":{"thumbnail":{"file":"COB534886-150x150.jpg","width":150,"height":150,"mime-type":"image\/jpeg","filesize":18258,"url":"https:\/\/www.costadelsol-mallorca.com\/wp-content\/uploads\/2023\/03\/COB534886-150x150.jpg"},"tf-client-image-size":{"file":"COB534886-120x120.jpg","width":120,"height":120,"mime-type":"image\/jpeg","filesize":16344,"url":"https:\/\/www.costadelsol-mallorca.com\/wp-content\/uploads\/2023\/03\/COB534886-120x120.jpg"},"post-thumbnail":{"file":"COB534886-150x113.jpg","width":150,"height":113,"mime-type":"image\/jpeg","filesize":17196,"url":"https:\/\/www.costadelsol-mallorca.com\/wp-content\/uploads\/2023\/03\/COB534886-150x113.jpg"},"modern-property-child-slider":{"file":"COB534886-680x510.jpg","width":680,"height":510,"mime-type":"image\/jpeg","filesize":86989,"url":"https:\/\/www.costadelsol-mallorca.com\/wp-content\/uploads\/2023\/03\/COB534886-680x510.jpg"},"property-thumb-image":{"file":"COB534886-488x326.jpg","width":488,"height":326,"mime-type":"image\/jpeg","filesize":46426,"url":"https:\/\/www.costadelsol-mallorca.com\/wp-content\/uploads\/2023\/03\/COB534886-488x326.jpg"},"property-detail-video-image":{"file":"COB534886-818x417.jpg","width":818,"height":417,"mime-type":"image\/jpeg","filesize":82268,"url":"https:\/\/www.costadelsol-mallorca.com\/wp-content\/uploads\/2023\/03\/COB534886-818x417.jpg"},"agent-image":{"file":"COB534886-210x210.jpg","width":210,"height":210,"mime-type":"image\/jpeg","filesize":23391,"url":"https:\/\/www.costadelsol-mallorca.com\/wp-content\/uploads\/2023\/03\/COB534886-210x210.jpg"},"partners-logo":{"file":"COB534886-600x2625.jpg","width":600,"height":2625,"mime-type":"image\/jpeg","filesize":643674,"url":"https:\/\/www.costadelsol-mallorca.com\/wp-content\/uploads\/2023\/03\/COB534886-600x2625.jpg"},"post-featured-image":{"file":"COB534886-1240x720.jpg","width":1240,"height":720,"mime-type":"image\/jpeg","filesize":213212,"url":"https:\/\/www.costadelsol-mallorca.com\/wp-content\/uploads\/2023\/03\/COB534886-1240x720.jpg"}},"image_meta":{"aperture":"0","credit":"","camera":"","caption":"","created_timestamp":"0","copyright":"","focal_length":"0","iso":"0","shutter_speed":"0","title":"","orientation":"1","keywords":[]},"original_image":"COB534886.jpg","ID":"114941","name":"COB534886-scaled.jpg","path":"\/home\/ro\/web\/costadelsol-mallorca.com\/public_html\/wp-content\/uploads\/2023\/03\/COB534886-scaled.jpg","url":"https:\/\/www.costadelsol-mallorca.com\/wp-content\/uploads\/2023\/03\/COB534886-150x150.jpg","full_url":"https:\/\/www.costadelsol-mallorca.com\/wp-content\/uploads\/2023\/03\/COB534886-scaled.jpg","title":"COB534886","caption":"","description":"","alt":"","srcset":"https:\/\/www.costadelsol-mallorca.com\/wp-content\/uploads\/2023\/03\/COB534886-150x150.jpg 150w, https:\/\/www.costadelsol-mallorca.com\/wp-content\/uploads\/2023\/03\/COB534886-120x120.jpg 120w, https:\/\/www.costadelsol-mallorca.com\/wp-content\/uploads\/2023\/03\/COB534886-210x210.jpg 210w"},{"width":150,"height":150,"file":"2023\/03\/COB540085.jpg","filesize":1668401,"sizes":{"thumbnail":{"file":"COB540085-150x150.jpg","width":150,"height":150,"mime-type":"image\/jpeg","filesize":16621,"url":"https:\/\/www.costadelsol-mallorca.com\/wp-content\/uploads\/2023\/03\/COB540085-150x150.jpg"},"tf-client-image-size":{"file":"COB540085-120x120.jpg","width":120,"height":120,"mime-type":"image\/jpeg","filesize":14031,"url":"https:\/\/www.costadelsol-mallorca.com\/wp-content\/uploads\/2023\/03\/COB540085-120x120.jpg"},"post-thumbnail":{"file":"COB540085-150x84.jpg","width":150,"height":84,"mime-type":"image\/jpeg","filesize":13908,"url":"https:\/\/www.costadelsol-mallorca.com\/wp-content\/uploads\/2023\/03\/COB540085-150x84.jpg"},"modern-property-child-slider":{"file":"COB540085-680x510.jpg","width":680,"height":510,"mime-type":"image\/jpeg","filesize":109176,"url":"https:\/\/www.costadelsol-mallorca.com\/wp-content\/uploads\/2023\/03\/COB540085-680x510.jpg"},"property-thumb-image":{"file":"COB540085-488x326.jpg","width":488,"height":326,"mime-type":"image\/jpeg","filesize":54166,"url":"https:\/\/www.costadelsol-mallorca.com\/wp-content\/uploads\/2023\/03\/COB540085-488x326.jpg"},"property-detail-video-image":{"file":"COB540085-818x417.jpg","width":818,"height":417,"mime-type":"image\/jpeg","filesize":98044,"url":"https:\/\/www.costadelsol-mallorca.com\/wp-content\/uploads\/2023\/03\/COB540085-818x417.jpg"},"agent-image":{"file":"COB540085-210x210.jpg","width":210,"height":210,"mime-type":"image\/jpeg","filesize":22979,"url":"https:\/\/www.costadelsol-mallorca.com\/wp-content\/uploads\/2023\/03\/COB540085-210x210.jpg"},"partners-logo":{"file":"COB540085-600x1080.jpg","width":600,"height":1080,"mime-type":"image\/jpeg","filesize":267805,"url":"https:\/\/www.costadelsol-mallorca.com\/wp-content\/uploads\/2023\/03\/COB540085-600x1080.jpg"},"post-featured-image":{"file":"COB540085-1240x720.jpg","width":1240,"height":720,"mime-type":"image\/jpeg","filesize":246154,"url":"https:\/\/www.costadelsol-mallorca.com\/wp-content\/uploads\/2023\/03\/COB540085-1240x720.jpg"}},"image_meta":{"aperture":"0","credit":"","camera":"","caption":"","created_timestamp":"0","copyright":"","focal_length":"0","iso":"0","shutter_speed":"0","title":"","orientation":"1","keywords":[]},"ID":"114965","name":"COB540085.jpg","path":"\/home\/ro\/web\/costadelsol-mallorca.com\/public_html\/wp-content\/uploads\/2023\/03\/COB540085.jpg","url":"https:\/\/www.costadelsol-mallorca.com\/wp-content\/uploads\/2023\/03\/COB540085-150x150.jpg","full_url":"https:\/\/www.costadelsol-mallorca.com\/wp-content\/uploads\/2023\/03\/COB540085.jpg","title":"COB540085","caption":"","description":"","alt":"","srcset":"https:\/\/www.costadelsol-mallorca.com\/wp-content\/uploads\/2023\/03\/COB540085-150x150.jpg 150w, https:\/\/www.costadelsol-mallorca.com\/wp-content\/uploads\/2023\/03\/COB540085-120x120.jpg 120w, https:\/\/www.costadelsol-mallorca.com\/wp-content\/uploads\/2023\/03\/COB540085-210x210.jpg 210w"},{"width":150,"height":150,"file":"2023\/03\/COB540086.jpg","filesize":1544881,"sizes":{"thumbnail":{"file":"COB540086-150x150.jpg","width":150,"height":150,"mime-type":"image\/jpeg","filesize":17983,"url":"https:\/\/www.costadelsol-mallorca.com\/wp-content\/uploads\/2023\/03\/COB540086-150x150.jpg"},"tf-client-image-size":{"file":"COB540086-120x120.jpg","width":120,"height":120,"mime-type":"image\/jpeg","filesize":14938,"url":"https:\/\/www.costadelsol-mallorca.com\/wp-content\/uploads\/2023\/03\/COB540086-120x120.jpg"},"post-thumbnail":{"file":"COB540086-150x84.jpg","width":150,"height":84,"mime-type":"image\/jpeg","filesize":14105,"url":"https:\/\/www.costadelsol-mallorca.com\/wp-content\/uploads\/2023\/03\/COB540086-150x84.jpg"},"modern-property-child-slider":{"file":"COB540086-680x510.jpg","width":680,"height":510,"mime-type":"image\/jpeg","filesize":114360,"url":"https:\/\/www.costadelsol-mallorca.com\/wp-content\/uploads\/2023\/03\/COB540086-680x510.jpg"},"property-thumb-image":{"file":"COB540086-488x326.jpg","width":488,"height":326,"mime-type":"image\/jpeg","filesize":55156,"url":"https:\/\/www.costadelsol-mallorca.com\/wp-content\/uploads\/2023\/03\/COB540086-488x326.jpg"},"property-detail-video-image":{"file":"COB540086-818x417.jpg","width":818,"height":417,"mime-type":"image\/jpeg","filesize":101681,"url":"https:\/\/www.costadelsol-mallorca.com\/wp-content\/uploads\/2023\/03\/COB540086-818x417.jpg"},"agent-image":{"file":"COB540086-210x210.jpg","width":210,"height":210,"mime-type":"image\/jpeg","filesize":25041,"url":"https:\/\/www.costadelsol-mallorca.com\/wp-content\/uploads\/2023\/03\/COB540086-210x210.jpg"},"partners-logo":{"file":"COB540086-600x1080.jpg","width":600,"height":1080,"mime-type":"image\/jpeg","filesize":260769,"url":"https:\/\/www.costadelsol-mallorca.com\/wp-content\/uploads\/2023\/03\/COB540086-600x1080.jpg"},"post-featured-image":{"file":"COB540086-1240x720.jpg","width":1240,"height":720,"mime-type":"image\/jpeg","filesize":252410,"url":"https:\/\/www.costadelsol-mallorca.com\/wp-content\/uploads\/2023\/03\/COB540086-1240x720.jpg"}},"image_meta":{"aperture":"0","credit":"","camera":"","caption":"","created_timestamp":"0","copyright":"","focal_length":"0","iso":"0","shutter_speed":"0","title":"","orientation":"1","keywords":[]},"ID":"114969","name":"COB540086.jpg","path":"\/home\/ro\/web\/costadelsol-mallorca.com\/public_html\/wp-content\/uploads\/2023\/03\/COB540086.jpg","url":"https:\/\/www.costadelsol-mallorca.com\/wp-content\/uploads\/2023\/03\/COB540086-150x150.jpg","full_url":"https:\/\/www.costadelsol-mallorca.com\/wp-content\/uploads\/2023\/03\/COB540086.jpg","title":"COB540086","caption":"","description":"","alt":"","srcset":"https:\/\/www.costadelsol-mallorca.com\/wp-content\/uploads\/2023\/03\/COB540086-150x150.jpg 150w, https:\/\/www.costadelsol-mallorca.com\/wp-content\/uploads\/2023\/03\/COB540086-120x120.jpg 120w, https:\/\/www.costadelsol-mallorca.com\/wp-content\/uploads\/2023\/03\/COB540086-210x210.jpg 210w"},{"width":150,"height":150,"file":"2023\/03\/COB540089.jpg","filesize":898492,"sizes":{"thumbnail":{"file":"COB540089-150x150.jpg","width":150,"height":150,"mime-type":"image\/jpeg","filesize":14601,"url":"https:\/\/www.costadelsol-mallorca.com\/wp-content\/uploads\/2023\/03\/COB540089-150x150.jpg"},"tf-client-image-size":{"file":"COB540089-120x120.jpg","width":120,"height":120,"mime-type":"image\/jpeg","filesize":12727,"url":"https:\/\/www.costadelsol-mallorca.com\/wp-content\/uploads\/2023\/03\/COB540089-120x120.jpg"},"post-thumbnail":{"file":"COB540089-150x84.jpg","width":150,"height":84,"mime-type":"image\/jpeg","filesize":12092,"url":"https:\/\/www.costadelsol-mallorca.com\/wp-content\/uploads\/2023\/03\/COB540089-150x84.jpg"},"modern-property-child-slider":{"file":"COB540089-680x510.jpg","width":680,"height":510,"mime-type":"image\/jpeg","filesize":61696,"url":"https:\/\/www.costadelsol-mallorca.com\/wp-content\/uploads\/2023\/03\/COB540089-680x510.jpg"},"property-thumb-image":{"file":"COB540089-488x326.jpg","width":488,"height":326,"mime-type":"image\/jpeg","filesize":35511,"url":"https:\/\/www.costadelsol-mallorca.com\/wp-content\/uploads\/2023\/03\/COB540089-488x326.jpg"},"property-detail-video-image":{"file":"COB540089-818x417.jpg","width":818,"height":417,"mime-type":"image\/jpeg","filesize":60683,"url":"https:\/\/www.costadelsol-mallorca.com\/wp-content\/uploads\/2023\/03\/COB540089-818x417.jpg"},"agent-image":{"file":"COB540089-210x210.jpg","width":210,"height":210,"mime-type":"image\/jpeg","filesize":18837,"url":"https:\/\/www.costadelsol-mallorca.com\/wp-content\/uploads\/2023\/03\/COB540089-210x210.jpg"},"partners-logo":{"file":"COB540089-600x1080.jpg","width":600,"height":1080,"mime-type":"image\/jpeg","filesize":119142,"url":"https:\/\/www.costadelsol-mallorca.com\/wp-content\/uploads\/2023\/03\/COB540089-600x1080.jpg"},"post-featured-image":{"file":"COB540089-1240x720.jpg","width":1240,"height":720,"mime-type":"image\/jpeg","filesize":133355,"url":"https:\/\/www.costadelsol-mallorca.com\/wp-content\/uploads\/2023\/03\/COB540089-1240x720.jpg"}},"image_meta":{"aperture":"0","credit":"","camera":"","caption":"","created_timestamp":"0","copyright":"","focal_length":"0","iso":"0","shutter_speed":"0","title":"","orientation":"1","keywords":[]},"ID":"114977","name":"COB540089.jpg","path":"\/home\/ro\/web\/costadelsol-mallorca.com\/public_html\/wp-content\/uploads\/2023\/03\/COB540089.jpg","url":"https:\/\/www.costadelsol-mallorca.com\/wp-content\/uploads\/2023\/03\/COB540089-150x150.jpg","full_url":"https:\/\/www.costadelsol-mallorca.com\/wp-content\/uploads\/2023\/03\/COB540089.jpg","title":"COB540089","caption":"","description":"","alt":"","srcset":"https:\/\/www.costadelsol-mallorca.com\/wp-content\/uploads\/2023\/03\/COB540089-150x150.jpg 150w, https:\/\/www.costadelsol-mallorca.com\/wp-content\/uploads\/2023\/03\/COB540089-120x120.jpg 120w, https:\/\/www.costadelsol-mallorca.com\/wp-content\/uploads\/2023\/03\/COB540089-210x210.jpg 210w"},{"width":150,"height":150,"file":"2023\/03\/COB682918-1.jpg","filesize":1569693,"sizes":{"thumbnail":{"file":"COB682918-1-150x150.jpg","width":150,"height":150,"mime-type":"image\/jpeg","filesize":21349,"url":"https:\/\/www.costadelsol-mallorca.com\/wp-content\/uploads\/2023\/03\/COB682918-1-150x150.jpg"},"tf-client-image-size":{"file":"COB682918-1-120x120.jpg","width":120,"height":120,"mime-type":"image\/jpeg","filesize":18539,"url":"https:\/\/www.costadelsol-mallorca.com\/wp-content\/uploads\/2023\/03\/COB682918-1-120x120.jpg"},"post-thumbnail":{"file":"COB682918-1-150x84.jpg","width":150,"height":84,"mime-type":"image\/jpeg","filesize":18743,"url":"https:\/\/www.costadelsol-mallorca.com\/wp-content\/uploads\/2023\/03\/COB682918-1-150x84.jpg"},"modern-property-child-slider":{"file":"COB682918-1-680x510.jpg","width":680,"height":510,"mime-type":"image\/jpeg","filesize":109909,"url":"https:\/\/www.costadelsol-mallorca.com\/wp-content\/uploads\/2023\/03\/COB682918-1-680x510.jpg"},"property-thumb-image":{"file":"COB682918-1-488x326.jpg","width":488,"height":326,"mime-type":"image\/jpeg","filesize":61256,"url":"https:\/\/www.costadelsol-mallorca.com\/wp-content\/uploads\/2023\/03\/COB682918-1-488x326.jpg"},"property-detail-video-image":{"file":"COB682918-1-818x417.jpg","width":818,"height":417,"mime-type":"image\/jpeg","filesize":114459,"url":"https:\/\/www.costadelsol-mallorca.com\/wp-content\/uploads\/2023\/03\/COB682918-1-818x417.jpg"},"agent-image":{"file":"COB682918-1-210x210.jpg","width":210,"height":210,"mime-type":"image\/jpeg","filesize":28463,"url":"https:\/\/www.costadelsol-mallorca.com\/wp-content\/uploads\/2023\/03\/COB682918-1-210x210.jpg"},"partners-logo":{"file":"COB682918-1-600x1080.jpg","width":600,"height":1080,"mime-type":"image\/jpeg","filesize":202826,"url":"https:\/\/www.costadelsol-mallorca.com\/wp-content\/uploads\/2023\/03\/COB682918-1-600x1080.jpg"},"post-featured-image":{"file":"COB682918-1-1240x720.jpg","width":1240,"height":720,"mime-type":"image\/jpeg","filesize":261313,"url":"https:\/\/www.costadelsol-mallorca.com\/wp-content\/uploads\/2023\/03\/COB682918-1-1240x720.jpg"}},"image_meta":{"aperture":"0","credit":"","camera":"","caption":"","created_timestamp":"0","copyright":"","focal_length":"0","iso":"0","shutter_speed":"0","title":"","orientation":"1","keywords":[]},"ID":"114981","name":"COB682918-1.jpg","path":"\/home\/ro\/web\/costadelsol-mallorca.com\/public_html\/wp-content\/uploads\/2023\/03\/COB682918-1.jpg","url":"https:\/\/www.costadelsol-mallorca.com\/wp-content\/uploads\/2023\/03\/COB682918-1-150x150.jpg","full_url":"https:\/\/www.costadelsol-mallorca.com\/wp-content\/uploads\/2023\/03\/COB682918-1.jpg","title":"COB682918","caption":"","description":"","alt":"","srcset":"https:\/\/www.costadelsol-mallorca.com\/wp-content\/uploads\/2023\/03\/COB682918-1-150x150.jpg 150w, https:\/\/www.costadelsol-mallorca.com\/wp-content\/uploads\/2023\/03\/COB682918-1-120x120.jpg 120w, https:\/\/www.costadelsol-mallorca.com\/wp-content\/uploads\/2023\/03\/COB682918-1-210x210.jpg 210w"}],"REAL_HOMES_change_gallery_slider_type":"0","REAL_HOMES_gallery_slider_type":"thumb-on-right","inspiry_floor_plans":[],"inspiry_video_group":[],"REAL_HOMES_360_virtual_tour":"","REAL_HOMES_agent_display_option":"none","REAL_HOMES_agents":[],"REAL_HOMES_energy_class":"none","REAL_HOMES_energy_performance":"","REAL_HOMES_epc_current_rating":"","REAL_HOMES_epc_potential_rating":"","ere_property_schedule_tour":"","ere_property_schedule_time_slots":"","ere_property_schedule_description":"","REAL_HOMES_sticky":"0","inspiry_property_label":"","inspiry_property_label_color":"","inspiry_property_tax":"0","inspiry_additional_fee":"0","REAL_HOMES_attachments":[],"inspiry_property_owner_name":"","inspiry_property_owner_contact":"","inspiry_property_owner_address":"","REAL_HOMES_property_private_note":"","inspiry_message_to_reviewer":"","REAL_HOMES_add_in_slider":"no","REAL_HOMES_slider_image":[],"REAL_HOMES_page_banner_image":[],"REAL_HOMES_hide_property_advance_search":"0","REAL_HOMES_hide_advance_search":"0","REAL_HOMES_custom_search_form":"default","REAL_HOMES_search_form_margin_top":"","REAL_HOMES_search_form_margin_bottom":""},"_links":{"self":[{"href":"https:\/\/www.costadelsol-mallorca.com\/es\/wp-json\/wp\/v2\/property\/114984","targetHints":{"allow":["GET"]}}],"collection":[{"href":"https:\/\/www.costadelsol-mallorca.com\/es\/wp-json\/wp\/v2\/property"}],"about":[{"href":"https:\/\/www.costadelsol-mallorca.com\/es\/wp-json\/wp\/v2\/types\/property"}],"author":[{"embeddable":true,"href":"https:\/\/www.costadelsol-mallorca.com\/es\/wp-json\/wp\/v2\/users\/1"}],"replies":[{"embeddable":true,"href":"https:\/\/www.costadelsol-mallorca.com\/es\/wp-json\/wp\/v2\/comments?post=114984"}],"version-history":[{"count":2,"href":"https:\/\/www.costadelsol-mallorca.com\/es\/wp-json\/wp\/v2\/property\/114984\/revisions"}],"predecessor-version":[{"id":114987,"href":"https:\/\/www.costadelsol-mallorca.com\/es\/wp-json\/wp\/v2\/property\/114984\/revisions\/114987"}],"wp:featuredmedia":[{"embeddable":true,"href":"https:\/\/www.costadelsol-mallorca.com\/es\/wp-json\/wp\/v2\/media\/114925"}],"wp:attachment":[{"href":"https:\/\/www.costadelsol-mallorca.com\/es\/wp-json\/wp\/v2\/media?parent=114984"}],"wp:term":[{"taxonomy":"property-feature","embeddable":true,"href":"https:\/\/www.costadelsol-mallorca.com\/es\/wp-json\/wp\/v2\/property-feature?post=114984"},{"taxonomy":"property-type","embeddable":true,"href":"https:\/\/www.costadelsol-mallorca.com\/es\/wp-json\/wp\/v2\/property-type?post=114984"},{"taxonomy":"property-city","embeddable":true,"href":"https:\/\/www.costadelsol-mallorca.com\/es\/wp-json\/wp\/v2\/property-city?post=114984"},{"taxonomy":"property-status","embeddable":true,"href":"https:\/\/www.costadelsol-mallorca.com\/es\/wp-json\/wp\/v2\/property-status?post=114984"}],"curies":[{"name":"wp","href":"https:\/\/api.w.org\/{rel}","templated":true}]}}