{"id":115051,"date":"2023-03-14T17:11:27","date_gmt":"2023-03-14T16:11:27","guid":{"rendered":"https:\/\/www.costadelsol-mallorca.com\/property\/modern-and-bright-semi-detached-houses-in-palma-de-mallorca-400-meters-from-the-sea\/"},"modified":"2023-03-14T17:14:03","modified_gmt":"2023-03-14T16:14:03","slug":"modernas-y-luminosas-viviendas-adosadas-en-palma-de-mallorca-a-400-metros-del-mar","status":"publish","type":"property","link":"https:\/\/www.costadelsol-mallorca.com\/es\/property\/modernas-y-luminosas-viviendas-adosadas-en-palma-de-mallorca-a-400-metros-del-mar\/","title":{"rendered":"Modernas y luminosas viviendas adosadas en Palma de Mallorca, a 400 metros del mar"},"content":{"rendered":"<p>Estupendas viviendas de 3 o 4 dormitorios y 3 ba\u00f1os (uno de ellos en suite). Todas las viviendas disponen de jard\u00edn privado de hasta 130 m2, piscina , sol\u00e1rium y 2 plazas de aparcamiento en superficie. Adem\u00e1s, poseen doble orientaci\u00f3n lo que permite disfrutar los espacios en todas las estaciones.<\/p>\n<p>La cocina se entregar\u00e1 amueblada con un dise\u00f1o actual de muebles altos y bajos de gran capacidad y, adem\u00e1s, incluir\u00e1 placa de inducci\u00f3n, grupo filtrante ,horno el\u00e9ctrico y microondas integrados en columna, frigor\u00edfico y lavavajillas integrados, encimera y frente de encimera en cuarzo compacto y fregadero con grifer\u00eda monomando.<\/p>\n<p>En cuanto a los dormitorios, \u00e9stos cuentan con armarios empotrados, a diferencia del dormitorio principal que incluye zona de vestidor. Todos los ba\u00f1os se entregar\u00e1n equipados con lavabo y mueble suspendido, mampara y espejo, y dispondr\u00e1n de luminarias tipo led.<\/p>\n<p>En lo que respecta a la climatizaci\u00f3n, las viviendas incluyen instalaci\u00f3n completa de aire acondicionado por conductos y suelo radiante.<\/p>\n<p>La sostenibilidad es otro de los puntos fuertes de este proyecto: estructura de madera, piscina de cloraci\u00f3n salina y aerotermia.<\/p>\n<p>Ubicadas en La Ribera, un n\u00facleo residencial de Palma situado junto a la playa. Solo necesitar\u00e1s unos minutos para poder disfrutar de un relajante ba\u00f1o en la costa o de un agradable paseo por la orilla mediterr\u00e1nea. Adem\u00e1s, tu nueva casa se engloba en un barrio tranquilo que tambi\u00e9n ofrece la comodidad de vivir a tan solo 15 minutos del centro de Palma y a 8 minutos del aeropuerto.<\/p>\n<p>Rel\u00e1jate dando largas caminatas por la playa, d\u00e1ndote un chapuz\u00f3n en el mar o disfrutando de las amplias zonas verdes cercanas sin renunciar a unas comunicaciones estupendas con<br \/>\ndiferentes servicios. Adem\u00e1s, desde tu nueva vivienda podr\u00e1s acceder f\u00e1cilmente a centros comerciales, colegios, centros. deportivos y supermercados, y las conexiones con Palma de Mallorca te resultar\u00e1n muy r\u00e1pidas y c\u00f3modas a trav\u00e9s del acceso a la Ma-19.<\/p>\n<p>Si prefieres dejar el coche en alguna de las dos plazas de aparcamiento con las que cuenta Maremma, en los alrededores de tu casa encontrar\u00e1s las l\u00edneas de autob\u00fas urbano 23, 25 y 31 que conectan con el centro de Palma.<\/p>\n","protected":false},"excerpt":{"rendered":"<p>Estupendas viviendas de 3 o 4 dormitorios y 3 ba\u00f1os (uno de ellos en suite). Todas las viviendas disponen de jard\u00edn privado de hasta 130 m2, piscina , sol\u00e1rium y 2 plazas de aparcamiento en superficie. Adem\u00e1s, poseen doble orientaci\u00f3n lo que permite disfrutar los espacios en todas las estaciones. La cocina se entregar\u00e1 amueblada&#8230;<\/p>\n","protected":false},"author":1,"featured_media":114992,"parent":0,"menu_order":0,"comment_status":"closed","ping_status":"closed","template":"","property-feature":[254,255,256,258,265,269,505],"property-type":[247],"property-city":[1307],"property-status":[260],"class_list":["post-115051","property","type-property","status-publish","has-post-thumbnail","hentry","property-feature-cocina-equipada","property-feature-jardin","property-feature-aparcamiento-privado","property-feature-terraza","property-feature-aire-acondicionado","property-feature-piscina-privada","property-feature-solarium","property-type-casa-adosada","property-city-palma-de-mallorca","property-status-nueva-construccion","zones-ma","builders-aedas-homes"],"aioseo_notices":[],"property_meta":{"REAL_HOMES_property_price":"1120000","REAL_HOMES_property_old_price":"","REAL_HOMES_property_price_prefix":"","REAL_HOMES_property_price_postfix":"","REAL_HOMES_property_size":"148","REAL_HOMES_property_size_postfix":"m2","REAL_HOMES_property_lot_size":"","REAL_HOMES_property_lot_size_postfix":"","REAL_HOMES_property_bedrooms":"4","REAL_HOMES_property_bathrooms":"3","REAL_HOMES_property_garage":"","REAL_HOMES_property_id":"MA78.03.114988","REAL_HOMES_property_year_built":"","rvr_property_owner":"","REAL_HOMES_featured":"0","REAL_HOMES_additional_details_list":[],"REAL_HOMES_property_location":{"latitude":"39.5696005","longitude":"2.6501603","zoom":"14"},"REAL_HOMES_property_address":"Palma, Islas Baleares, Espa\u00f1a","REAL_HOMES_property_map":"0","REAL_HOMES_property_images":[{"width":150,"height":150,"file":"2023\/03\/Maremma_tipoA_jardin2.jpg","filesize":1712186,"sizes":{"thumbnail":{"file":"Maremma_tipoA_jardin2-150x150.jpg","width":150,"height":150,"mime-type":"image\/jpeg","filesize":20821,"url":"https:\/\/www.costadelsol-mallorca.com\/wp-content\/uploads\/2023\/03\/Maremma_tipoA_jardin2-150x150.jpg"},"tf-client-image-size":{"file":"Maremma_tipoA_jardin2-120x120.jpg","width":120,"height":120,"mime-type":"image\/jpeg","filesize":17883,"url":"https:\/\/www.costadelsol-mallorca.com\/wp-content\/uploads\/2023\/03\/Maremma_tipoA_jardin2-120x120.jpg"},"post-thumbnail":{"file":"Maremma_tipoA_jardin2-150x84.jpg","width":150,"height":84,"mime-type":"image\/jpeg","filesize":17779,"url":"https:\/\/www.costadelsol-mallorca.com\/wp-content\/uploads\/2023\/03\/Maremma_tipoA_jardin2-150x84.jpg"},"modern-property-child-slider":{"file":"Maremma_tipoA_jardin2-680x510.jpg","width":680,"height":510,"mime-type":"image\/jpeg","filesize":118121,"url":"https:\/\/www.costadelsol-mallorca.com\/wp-content\/uploads\/2023\/03\/Maremma_tipoA_jardin2-680x510.jpg"},"property-thumb-image":{"file":"Maremma_tipoA_jardin2-488x326.jpg","width":488,"height":326,"mime-type":"image\/jpeg","filesize":63978,"url":"https:\/\/www.costadelsol-mallorca.com\/wp-content\/uploads\/2023\/03\/Maremma_tipoA_jardin2-488x326.jpg"},"property-detail-video-image":{"file":"Maremma_tipoA_jardin2-818x417.jpg","width":818,"height":417,"mime-type":"image\/jpeg","filesize":125022,"url":"https:\/\/www.costadelsol-mallorca.com\/wp-content\/uploads\/2023\/03\/Maremma_tipoA_jardin2-818x417.jpg"},"agent-image":{"file":"Maremma_tipoA_jardin2-210x210.jpg","width":210,"height":210,"mime-type":"image\/jpeg","filesize":27982,"url":"https:\/\/www.costadelsol-mallorca.com\/wp-content\/uploads\/2023\/03\/Maremma_tipoA_jardin2-210x210.jpg"},"partners-logo":{"file":"Maremma_tipoA_jardin2-600x1125.jpg","width":600,"height":1125,"mime-type":"image\/jpeg","filesize":215438,"url":"https:\/\/www.costadelsol-mallorca.com\/wp-content\/uploads\/2023\/03\/Maremma_tipoA_jardin2-600x1125.jpg"},"post-featured-image":{"file":"Maremma_tipoA_jardin2-1240x720.jpg","width":1240,"height":720,"mime-type":"image\/jpeg","filesize":285631,"url":"https:\/\/www.costadelsol-mallorca.com\/wp-content\/uploads\/2023\/03\/Maremma_tipoA_jardin2-1240x720.jpg"}},"image_meta":{"aperture":"0","credit":"","camera":"","caption":"","created_timestamp":"0","copyright":"","focal_length":"0","iso":"0","shutter_speed":"0","title":"","orientation":"1","keywords":[]},"ID":"115044","name":"Maremma_tipoA_jardin2.jpg","path":"\/home\/ro\/web\/costadelsol-mallorca.com\/public_html\/wp-content\/uploads\/2023\/03\/Maremma_tipoA_jardin2.jpg","url":"https:\/\/www.costadelsol-mallorca.com\/wp-content\/uploads\/2023\/03\/Maremma_tipoA_jardin2-150x150.jpg","full_url":"https:\/\/www.costadelsol-mallorca.com\/wp-content\/uploads\/2023\/03\/Maremma_tipoA_jardin2.jpg","title":"Maremma_tipoA_jardin2","caption":"","description":"","alt":"","srcset":"https:\/\/www.costadelsol-mallorca.com\/wp-content\/uploads\/2023\/03\/Maremma_tipoA_jardin2-150x150.jpg 150w, https:\/\/www.costadelsol-mallorca.com\/wp-content\/uploads\/2023\/03\/Maremma_tipoA_jardin2-120x120.jpg 120w, https:\/\/www.costadelsol-mallorca.com\/wp-content\/uploads\/2023\/03\/Maremma_tipoA_jardin2-210x210.jpg 210w"},{"width":150,"height":150,"file":"2023\/03\/Maremma_tipoA_3.1.jpg","filesize":883287,"sizes":{"thumbnail":{"file":"Maremma_tipoA_3.1-150x150.jpg","width":150,"height":150,"mime-type":"image\/jpeg","filesize":15471,"url":"https:\/\/www.costadelsol-mallorca.com\/wp-content\/uploads\/2023\/03\/Maremma_tipoA_3.1-150x150.jpg"},"tf-client-image-size":{"file":"Maremma_tipoA_3.1-120x120.jpg","width":120,"height":120,"mime-type":"image\/jpeg","filesize":13472,"url":"https:\/\/www.costadelsol-mallorca.com\/wp-content\/uploads\/2023\/03\/Maremma_tipoA_3.1-120x120.jpg"},"post-thumbnail":{"file":"Maremma_tipoA_3.1-150x84.jpg","width":150,"height":84,"mime-type":"image\/jpeg","filesize":13603,"url":"https:\/\/www.costadelsol-mallorca.com\/wp-content\/uploads\/2023\/03\/Maremma_tipoA_3.1-150x84.jpg"},"modern-property-child-slider":{"file":"Maremma_tipoA_3.1-680x510.jpg","width":680,"height":510,"mime-type":"image\/jpeg","filesize":63904,"url":"https:\/\/www.costadelsol-mallorca.com\/wp-content\/uploads\/2023\/03\/Maremma_tipoA_3.1-680x510.jpg"},"property-thumb-image":{"file":"Maremma_tipoA_3.1-488x326.jpg","width":488,"height":326,"mime-type":"image\/jpeg","filesize":38775,"url":"https:\/\/www.costadelsol-mallorca.com\/wp-content\/uploads\/2023\/03\/Maremma_tipoA_3.1-488x326.jpg"},"property-detail-video-image":{"file":"Maremma_tipoA_3.1-818x417.jpg","width":818,"height":417,"mime-type":"image\/jpeg","filesize":64605,"url":"https:\/\/www.costadelsol-mallorca.com\/wp-content\/uploads\/2023\/03\/Maremma_tipoA_3.1-818x417.jpg"},"agent-image":{"file":"Maremma_tipoA_3.1-210x210.jpg","width":210,"height":210,"mime-type":"image\/jpeg","filesize":19954,"url":"https:\/\/www.costadelsol-mallorca.com\/wp-content\/uploads\/2023\/03\/Maremma_tipoA_3.1-210x210.jpg"},"partners-logo":{"file":"Maremma_tipoA_3.1-600x1125.jpg","width":600,"height":1125,"mime-type":"image\/jpeg","filesize":114052,"url":"https:\/\/www.costadelsol-mallorca.com\/wp-content\/uploads\/2023\/03\/Maremma_tipoA_3.1-600x1125.jpg"},"post-featured-image":{"file":"Maremma_tipoA_3.1-1240x720.jpg","width":1240,"height":720,"mime-type":"image\/jpeg","filesize":132002,"url":"https:\/\/www.costadelsol-mallorca.com\/wp-content\/uploads\/2023\/03\/Maremma_tipoA_3.1-1240x720.jpg"}},"image_meta":{"aperture":"0","credit":"","camera":"","caption":"","created_timestamp":"0","copyright":"","focal_length":"0","iso":"0","shutter_speed":"0","title":"","orientation":"1","keywords":[]},"ID":"115020","name":"Maremma_tipoA_3.1.jpg","path":"\/home\/ro\/web\/costadelsol-mallorca.com\/public_html\/wp-content\/uploads\/2023\/03\/Maremma_tipoA_3.1.jpg","url":"https:\/\/www.costadelsol-mallorca.com\/wp-content\/uploads\/2023\/03\/Maremma_tipoA_3.1-150x150.jpg","full_url":"https:\/\/www.costadelsol-mallorca.com\/wp-content\/uploads\/2023\/03\/Maremma_tipoA_3.1.jpg","title":"Maremma_tipoA_3.1","caption":"","description":"","alt":"","srcset":"https:\/\/www.costadelsol-mallorca.com\/wp-content\/uploads\/2023\/03\/Maremma_tipoA_3.1-150x150.jpg 150w, https:\/\/www.costadelsol-mallorca.com\/wp-content\/uploads\/2023\/03\/Maremma_tipoA_3.1-120x120.jpg 120w, https:\/\/www.costadelsol-mallorca.com\/wp-content\/uploads\/2023\/03\/Maremma_tipoA_3.1-210x210.jpg 210w"},{"width":150,"height":150,"file":"2023\/03\/Maremma_tipoA_1.3-scaled.jpg","filesize":631315,"sizes":{"thumbnail":{"file":"Maremma_tipoA_1.3-150x150.jpg","width":150,"height":150,"mime-type":"image\/jpeg","filesize":17892,"url":"https:\/\/www.costadelsol-mallorca.com\/wp-content\/uploads\/2023\/03\/Maremma_tipoA_1.3-150x150.jpg"},"tf-client-image-size":{"file":"Maremma_tipoA_1.3-120x120.jpg","width":120,"height":120,"mime-type":"image\/jpeg","filesize":15241,"url":"https:\/\/www.costadelsol-mallorca.com\/wp-content\/uploads\/2023\/03\/Maremma_tipoA_1.3-120x120.jpg"},"post-thumbnail":{"file":"Maremma_tipoA_1.3-150x84.jpg","width":150,"height":84,"mime-type":"image\/jpeg","filesize":15083,"url":"https:\/\/www.costadelsol-mallorca.com\/wp-content\/uploads\/2023\/03\/Maremma_tipoA_1.3-150x84.jpg"},"modern-property-child-slider":{"file":"Maremma_tipoA_1.3-680x510.jpg","width":680,"height":510,"mime-type":"image\/jpeg","filesize":87718,"url":"https:\/\/www.costadelsol-mallorca.com\/wp-content\/uploads\/2023\/03\/Maremma_tipoA_1.3-680x510.jpg"},"property-thumb-image":{"file":"Maremma_tipoA_1.3-488x326.jpg","width":488,"height":326,"mime-type":"image\/jpeg","filesize":50741,"url":"https:\/\/www.costadelsol-mallorca.com\/wp-content\/uploads\/2023\/03\/Maremma_tipoA_1.3-488x326.jpg"},"property-detail-video-image":{"file":"Maremma_tipoA_1.3-818x417.jpg","width":818,"height":417,"mime-type":"image\/jpeg","filesize":86968,"url":"https:\/\/www.costadelsol-mallorca.com\/wp-content\/uploads\/2023\/03\/Maremma_tipoA_1.3-818x417.jpg"},"agent-image":{"file":"Maremma_tipoA_1.3-210x210.jpg","width":210,"height":210,"mime-type":"image\/jpeg","filesize":24050,"url":"https:\/\/www.costadelsol-mallorca.com\/wp-content\/uploads\/2023\/03\/Maremma_tipoA_1.3-210x210.jpg"},"partners-logo":{"file":"Maremma_tipoA_1.3-600x1969.jpg","width":600,"height":1969,"mime-type":"image\/jpeg","filesize":272019,"url":"https:\/\/www.costadelsol-mallorca.com\/wp-content\/uploads\/2023\/03\/Maremma_tipoA_1.3-600x1969.jpg"},"post-featured-image":{"file":"Maremma_tipoA_1.3-1240x720.jpg","width":1240,"height":720,"mime-type":"image\/jpeg","filesize":180547,"url":"https:\/\/www.costadelsol-mallorca.com\/wp-content\/uploads\/2023\/03\/Maremma_tipoA_1.3-1240x720.jpg"}},"image_meta":{"aperture":"0","credit":"","camera":"","caption":"","created_timestamp":"0","copyright":"","focal_length":"0","iso":"0","shutter_speed":"0","title":"","orientation":"1","keywords":[]},"original_image":"Maremma_tipoA_1.3.jpg","ID":"115008","name":"Maremma_tipoA_1.3-scaled.jpg","path":"\/home\/ro\/web\/costadelsol-mallorca.com\/public_html\/wp-content\/uploads\/2023\/03\/Maremma_tipoA_1.3-scaled.jpg","url":"https:\/\/www.costadelsol-mallorca.com\/wp-content\/uploads\/2023\/03\/Maremma_tipoA_1.3-150x150.jpg","full_url":"https:\/\/www.costadelsol-mallorca.com\/wp-content\/uploads\/2023\/03\/Maremma_tipoA_1.3-scaled.jpg","title":"Maremma_tipoA_1.3","caption":"","description":"","alt":"","srcset":"https:\/\/www.costadelsol-mallorca.com\/wp-content\/uploads\/2023\/03\/Maremma_tipoA_1.3-150x150.jpg 150w, https:\/\/www.costadelsol-mallorca.com\/wp-content\/uploads\/2023\/03\/Maremma_tipoA_1.3-120x120.jpg 120w, https:\/\/www.costadelsol-mallorca.com\/wp-content\/uploads\/2023\/03\/Maremma_tipoA_1.3-210x210.jpg 210w"},{"width":150,"height":150,"file":"2023\/03\/Maremma_tipoA_1.1.jpg","filesize":1163777,"sizes":{"thumbnail":{"file":"Maremma_tipoA_1.1-150x150.jpg","width":150,"height":150,"mime-type":"image\/jpeg","filesize":16467,"url":"https:\/\/www.costadelsol-mallorca.com\/wp-content\/uploads\/2023\/03\/Maremma_tipoA_1.1-150x150.jpg"},"tf-client-image-size":{"file":"Maremma_tipoA_1.1-120x120.jpg","width":120,"height":120,"mime-type":"image\/jpeg","filesize":14459,"url":"https:\/\/www.costadelsol-mallorca.com\/wp-content\/uploads\/2023\/03\/Maremma_tipoA_1.1-120x120.jpg"},"post-thumbnail":{"file":"Maremma_tipoA_1.1-150x84.jpg","width":150,"height":84,"mime-type":"image\/jpeg","filesize":14996,"url":"https:\/\/www.costadelsol-mallorca.com\/wp-content\/uploads\/2023\/03\/Maremma_tipoA_1.1-150x84.jpg"},"modern-property-child-slider":{"file":"Maremma_tipoA_1.1-680x510.jpg","width":680,"height":510,"mime-type":"image\/jpeg","filesize":74269,"url":"https:\/\/www.costadelsol-mallorca.com\/wp-content\/uploads\/2023\/03\/Maremma_tipoA_1.1-680x510.jpg"},"property-thumb-image":{"file":"Maremma_tipoA_1.1-488x326.jpg","width":488,"height":326,"mime-type":"image\/jpeg","filesize":44308,"url":"https:\/\/www.costadelsol-mallorca.com\/wp-content\/uploads\/2023\/03\/Maremma_tipoA_1.1-488x326.jpg"},"property-detail-video-image":{"file":"Maremma_tipoA_1.1-818x417.jpg","width":818,"height":417,"mime-type":"image\/jpeg","filesize":82684,"url":"https:\/\/www.costadelsol-mallorca.com\/wp-content\/uploads\/2023\/03\/Maremma_tipoA_1.1-818x417.jpg"},"agent-image":{"file":"Maremma_tipoA_1.1-210x210.jpg","width":210,"height":210,"mime-type":"image\/jpeg","filesize":21044,"url":"https:\/\/www.costadelsol-mallorca.com\/wp-content\/uploads\/2023\/03\/Maremma_tipoA_1.1-210x210.jpg"},"partners-logo":{"file":"Maremma_tipoA_1.1-600x1125.jpg","width":600,"height":1125,"mime-type":"image\/jpeg","filesize":132637,"url":"https:\/\/www.costadelsol-mallorca.com\/wp-content\/uploads\/2023\/03\/Maremma_tipoA_1.1-600x1125.jpg"},"post-featured-image":{"file":"Maremma_tipoA_1.1-1240x720.jpg","width":1240,"height":720,"mime-type":"image\/jpeg","filesize":175127,"url":"https:\/\/www.costadelsol-mallorca.com\/wp-content\/uploads\/2023\/03\/Maremma_tipoA_1.1-1240x720.jpg"}},"image_meta":{"aperture":"0","credit":"","camera":"","caption":"","created_timestamp":"0","copyright":"","focal_length":"0","iso":"0","shutter_speed":"0","title":"","orientation":"1","keywords":[]},"ID":"115000","name":"Maremma_tipoA_1.1.jpg","path":"\/home\/ro\/web\/costadelsol-mallorca.com\/public_html\/wp-content\/uploads\/2023\/03\/Maremma_tipoA_1.1.jpg","url":"https:\/\/www.costadelsol-mallorca.com\/wp-content\/uploads\/2023\/03\/Maremma_tipoA_1.1-150x150.jpg","full_url":"https:\/\/www.costadelsol-mallorca.com\/wp-content\/uploads\/2023\/03\/Maremma_tipoA_1.1.jpg","title":"Maremma_tipoA_1.1","caption":"","description":"","alt":"","srcset":"https:\/\/www.costadelsol-mallorca.com\/wp-content\/uploads\/2023\/03\/Maremma_tipoA_1.1-150x150.jpg 150w, https:\/\/www.costadelsol-mallorca.com\/wp-content\/uploads\/2023\/03\/Maremma_tipoA_1.1-120x120.jpg 120w, https:\/\/www.costadelsol-mallorca.com\/wp-content\/uploads\/2023\/03\/Maremma_tipoA_1.1-210x210.jpg 210w"},{"width":150,"height":150,"file":"2023\/03\/Maremma_tipoA_2.1.jpg","filesize":1220173,"sizes":{"thumbnail":{"file":"Maremma_tipoA_2.1-150x150.jpg","width":150,"height":150,"mime-type":"image\/jpeg","filesize":17873,"url":"https:\/\/www.costadelsol-mallorca.com\/wp-content\/uploads\/2023\/03\/Maremma_tipoA_2.1-150x150.jpg"},"tf-client-image-size":{"file":"Maremma_tipoA_2.1-120x120.jpg","width":120,"height":120,"mime-type":"image\/jpeg","filesize":15438,"url":"https:\/\/www.costadelsol-mallorca.com\/wp-content\/uploads\/2023\/03\/Maremma_tipoA_2.1-120x120.jpg"},"post-thumbnail":{"file":"Maremma_tipoA_2.1-150x84.jpg","width":150,"height":84,"mime-type":"image\/jpeg","filesize":15283,"url":"https:\/\/www.costadelsol-mallorca.com\/wp-content\/uploads\/2023\/03\/Maremma_tipoA_2.1-150x84.jpg"},"modern-property-child-slider":{"file":"Maremma_tipoA_2.1-680x510.jpg","width":680,"height":510,"mime-type":"image\/jpeg","filesize":85304,"url":"https:\/\/www.costadelsol-mallorca.com\/wp-content\/uploads\/2023\/03\/Maremma_tipoA_2.1-680x510.jpg"},"property-thumb-image":{"file":"Maremma_tipoA_2.1-488x326.jpg","width":488,"height":326,"mime-type":"image\/jpeg","filesize":48686,"url":"https:\/\/www.costadelsol-mallorca.com\/wp-content\/uploads\/2023\/03\/Maremma_tipoA_2.1-488x326.jpg"},"property-detail-video-image":{"file":"Maremma_tipoA_2.1-818x417.jpg","width":818,"height":417,"mime-type":"image\/jpeg","filesize":86771,"url":"https:\/\/www.costadelsol-mallorca.com\/wp-content\/uploads\/2023\/03\/Maremma_tipoA_2.1-818x417.jpg"},"agent-image":{"file":"Maremma_tipoA_2.1-210x210.jpg","width":210,"height":210,"mime-type":"image\/jpeg","filesize":23376,"url":"https:\/\/www.costadelsol-mallorca.com\/wp-content\/uploads\/2023\/03\/Maremma_tipoA_2.1-210x210.jpg"},"partners-logo":{"file":"Maremma_tipoA_2.1-600x1125.jpg","width":600,"height":1125,"mime-type":"image\/jpeg","filesize":135222,"url":"https:\/\/www.costadelsol-mallorca.com\/wp-content\/uploads\/2023\/03\/Maremma_tipoA_2.1-600x1125.jpg"},"post-featured-image":{"file":"Maremma_tipoA_2.1-1240x720.jpg","width":1240,"height":720,"mime-type":"image\/jpeg","filesize":184512,"url":"https:\/\/www.costadelsol-mallorca.com\/wp-content\/uploads\/2023\/03\/Maremma_tipoA_2.1-1240x720.jpg"}},"image_meta":{"aperture":"0","credit":"","camera":"","caption":"","created_timestamp":"0","copyright":"","focal_length":"0","iso":"0","shutter_speed":"0","title":"","orientation":"1","keywords":[]},"ID":"115012","name":"Maremma_tipoA_2.1.jpg","path":"\/home\/ro\/web\/costadelsol-mallorca.com\/public_html\/wp-content\/uploads\/2023\/03\/Maremma_tipoA_2.1.jpg","url":"https:\/\/www.costadelsol-mallorca.com\/wp-content\/uploads\/2023\/03\/Maremma_tipoA_2.1-150x150.jpg","full_url":"https:\/\/www.costadelsol-mallorca.com\/wp-content\/uploads\/2023\/03\/Maremma_tipoA_2.1.jpg","title":"Maremma_tipoA_2.1","caption":"","description":"","alt":"","srcset":"https:\/\/www.costadelsol-mallorca.com\/wp-content\/uploads\/2023\/03\/Maremma_tipoA_2.1-150x150.jpg 150w, https:\/\/www.costadelsol-mallorca.com\/wp-content\/uploads\/2023\/03\/Maremma_tipoA_2.1-120x120.jpg 120w, https:\/\/www.costadelsol-mallorca.com\/wp-content\/uploads\/2023\/03\/Maremma_tipoA_2.1-210x210.jpg 210w"},{"width":150,"height":150,"file":"2023\/03\/Maremma_tipoA_1.2.jpg","filesize":1190204,"sizes":{"thumbnail":{"file":"Maremma_tipoA_1.2-150x150.jpg","width":150,"height":150,"mime-type":"image\/jpeg","filesize":16467,"url":"https:\/\/www.costadelsol-mallorca.com\/wp-content\/uploads\/2023\/03\/Maremma_tipoA_1.2-150x150.jpg"},"tf-client-image-size":{"file":"Maremma_tipoA_1.2-120x120.jpg","width":120,"height":120,"mime-type":"image\/jpeg","filesize":14362,"url":"https:\/\/www.costadelsol-mallorca.com\/wp-content\/uploads\/2023\/03\/Maremma_tipoA_1.2-120x120.jpg"},"post-thumbnail":{"file":"Maremma_tipoA_1.2-150x84.jpg","width":150,"height":84,"mime-type":"image\/jpeg","filesize":14339,"url":"https:\/\/www.costadelsol-mallorca.com\/wp-content\/uploads\/2023\/03\/Maremma_tipoA_1.2-150x84.jpg"},"modern-property-child-slider":{"file":"Maremma_tipoA_1.2-680x510.jpg","width":680,"height":510,"mime-type":"image\/jpeg","filesize":75270,"url":"https:\/\/www.costadelsol-mallorca.com\/wp-content\/uploads\/2023\/03\/Maremma_tipoA_1.2-680x510.jpg"},"property-thumb-image":{"file":"Maremma_tipoA_1.2-488x326.jpg","width":488,"height":326,"mime-type":"image\/jpeg","filesize":43723,"url":"https:\/\/www.costadelsol-mallorca.com\/wp-content\/uploads\/2023\/03\/Maremma_tipoA_1.2-488x326.jpg"},"property-detail-video-image":{"file":"Maremma_tipoA_1.2-818x417.jpg","width":818,"height":417,"mime-type":"image\/jpeg","filesize":80227,"url":"https:\/\/www.costadelsol-mallorca.com\/wp-content\/uploads\/2023\/03\/Maremma_tipoA_1.2-818x417.jpg"},"agent-image":{"file":"Maremma_tipoA_1.2-210x210.jpg","width":210,"height":210,"mime-type":"image\/jpeg","filesize":21477,"url":"https:\/\/www.costadelsol-mallorca.com\/wp-content\/uploads\/2023\/03\/Maremma_tipoA_1.2-210x210.jpg"},"partners-logo":{"file":"Maremma_tipoA_1.2-600x1125.jpg","width":600,"height":1125,"mime-type":"image\/jpeg","filesize":134879,"url":"https:\/\/www.costadelsol-mallorca.com\/wp-content\/uploads\/2023\/03\/Maremma_tipoA_1.2-600x1125.jpg"},"post-featured-image":{"file":"Maremma_tipoA_1.2-1240x720.jpg","width":1240,"height":720,"mime-type":"image\/jpeg","filesize":170519,"url":"https:\/\/www.costadelsol-mallorca.com\/wp-content\/uploads\/2023\/03\/Maremma_tipoA_1.2-1240x720.jpg"}},"image_meta":{"aperture":"0","credit":"","camera":"","caption":"","created_timestamp":"0","copyright":"","focal_length":"0","iso":"0","shutter_speed":"0","title":"","orientation":"1","keywords":[]},"ID":"115004","name":"Maremma_tipoA_1.2.jpg","path":"\/home\/ro\/web\/costadelsol-mallorca.com\/public_html\/wp-content\/uploads\/2023\/03\/Maremma_tipoA_1.2.jpg","url":"https:\/\/www.costadelsol-mallorca.com\/wp-content\/uploads\/2023\/03\/Maremma_tipoA_1.2-150x150.jpg","full_url":"https:\/\/www.costadelsol-mallorca.com\/wp-content\/uploads\/2023\/03\/Maremma_tipoA_1.2.jpg","title":"Maremma_tipoA_1.2","caption":"","description":"","alt":"","srcset":"https:\/\/www.costadelsol-mallorca.com\/wp-content\/uploads\/2023\/03\/Maremma_tipoA_1.2-150x150.jpg 150w, https:\/\/www.costadelsol-mallorca.com\/wp-content\/uploads\/2023\/03\/Maremma_tipoA_1.2-120x120.jpg 120w, https:\/\/www.costadelsol-mallorca.com\/wp-content\/uploads\/2023\/03\/Maremma_tipoA_1.2-210x210.jpg 210w"},{"width":150,"height":150,"file":"2023\/03\/Maremma_tipoA_2.2.jpg","filesize":1364884,"sizes":{"thumbnail":{"file":"Maremma_tipoA_2.2-150x150.jpg","width":150,"height":150,"mime-type":"image\/jpeg","filesize":17444,"url":"https:\/\/www.costadelsol-mallorca.com\/wp-content\/uploads\/2023\/03\/Maremma_tipoA_2.2-150x150.jpg"},"tf-client-image-size":{"file":"Maremma_tipoA_2.2-120x120.jpg","width":120,"height":120,"mime-type":"image\/jpeg","filesize":15179,"url":"https:\/\/www.costadelsol-mallorca.com\/wp-content\/uploads\/2023\/03\/Maremma_tipoA_2.2-120x120.jpg"},"post-thumbnail":{"file":"Maremma_tipoA_2.2-150x84.jpg","width":150,"height":84,"mime-type":"image\/jpeg","filesize":15630,"url":"https:\/\/www.costadelsol-mallorca.com\/wp-content\/uploads\/2023\/03\/Maremma_tipoA_2.2-150x84.jpg"},"modern-property-child-slider":{"file":"Maremma_tipoA_2.2-680x510.jpg","width":680,"height":510,"mime-type":"image\/jpeg","filesize":88538,"url":"https:\/\/www.costadelsol-mallorca.com\/wp-content\/uploads\/2023\/03\/Maremma_tipoA_2.2-680x510.jpg"},"property-thumb-image":{"file":"Maremma_tipoA_2.2-488x326.jpg","width":488,"height":326,"mime-type":"image\/jpeg","filesize":52010,"url":"https:\/\/www.costadelsol-mallorca.com\/wp-content\/uploads\/2023\/03\/Maremma_tipoA_2.2-488x326.jpg"},"property-detail-video-image":{"file":"Maremma_tipoA_2.2-818x417.jpg","width":818,"height":417,"mime-type":"image\/jpeg","filesize":96427,"url":"https:\/\/www.costadelsol-mallorca.com\/wp-content\/uploads\/2023\/03\/Maremma_tipoA_2.2-818x417.jpg"},"agent-image":{"file":"Maremma_tipoA_2.2-210x210.jpg","width":210,"height":210,"mime-type":"image\/jpeg","filesize":22887,"url":"https:\/\/www.costadelsol-mallorca.com\/wp-content\/uploads\/2023\/03\/Maremma_tipoA_2.2-210x210.jpg"},"partners-logo":{"file":"Maremma_tipoA_2.2-600x1125.jpg","width":600,"height":1125,"mime-type":"image\/jpeg","filesize":181549,"url":"https:\/\/www.costadelsol-mallorca.com\/wp-content\/uploads\/2023\/03\/Maremma_tipoA_2.2-600x1125.jpg"},"post-featured-image":{"file":"Maremma_tipoA_2.2-1240x720.jpg","width":1240,"height":720,"mime-type":"image\/jpeg","filesize":214141,"url":"https:\/\/www.costadelsol-mallorca.com\/wp-content\/uploads\/2023\/03\/Maremma_tipoA_2.2-1240x720.jpg"}},"image_meta":{"aperture":"0","credit":"","camera":"","caption":"","created_timestamp":"0","copyright":"","focal_length":"0","iso":"0","shutter_speed":"0","title":"","orientation":"1","keywords":[]},"ID":"115016","name":"Maremma_tipoA_2.2.jpg","path":"\/home\/ro\/web\/costadelsol-mallorca.com\/public_html\/wp-content\/uploads\/2023\/03\/Maremma_tipoA_2.2.jpg","url":"https:\/\/www.costadelsol-mallorca.com\/wp-content\/uploads\/2023\/03\/Maremma_tipoA_2.2-150x150.jpg","full_url":"https:\/\/www.costadelsol-mallorca.com\/wp-content\/uploads\/2023\/03\/Maremma_tipoA_2.2.jpg","title":"Maremma_tipoA_2.2","caption":"","description":"","alt":"","srcset":"https:\/\/www.costadelsol-mallorca.com\/wp-content\/uploads\/2023\/03\/Maremma_tipoA_2.2-150x150.jpg 150w, https:\/\/www.costadelsol-mallorca.com\/wp-content\/uploads\/2023\/03\/Maremma_tipoA_2.2-120x120.jpg 120w, https:\/\/www.costadelsol-mallorca.com\/wp-content\/uploads\/2023\/03\/Maremma_tipoA_2.2-210x210.jpg 210w"},{"width":150,"height":150,"file":"2023\/03\/Maremma_tipoA_Dormitorio.jpg","filesize":1255214,"sizes":{"thumbnail":{"file":"Maremma_tipoA_Dormitorio-150x150.jpg","width":150,"height":150,"mime-type":"image\/jpeg","filesize":15853,"url":"https:\/\/www.costadelsol-mallorca.com\/wp-content\/uploads\/2023\/03\/Maremma_tipoA_Dormitorio-150x150.jpg"},"tf-client-image-size":{"file":"Maremma_tipoA_Dormitorio-120x120.jpg","width":120,"height":120,"mime-type":"image\/jpeg","filesize":13906,"url":"https:\/\/www.costadelsol-mallorca.com\/wp-content\/uploads\/2023\/03\/Maremma_tipoA_Dormitorio-120x120.jpg"},"post-thumbnail":{"file":"Maremma_tipoA_Dormitorio-150x84.jpg","width":150,"height":84,"mime-type":"image\/jpeg","filesize":14192,"url":"https:\/\/www.costadelsol-mallorca.com\/wp-content\/uploads\/2023\/03\/Maremma_tipoA_Dormitorio-150x84.jpg"},"modern-property-child-slider":{"file":"Maremma_tipoA_Dormitorio-680x510.jpg","width":680,"height":510,"mime-type":"image\/jpeg","filesize":77766,"url":"https:\/\/www.costadelsol-mallorca.com\/wp-content\/uploads\/2023\/03\/Maremma_tipoA_Dormitorio-680x510.jpg"},"property-thumb-image":{"file":"Maremma_tipoA_Dormitorio-488x326.jpg","width":488,"height":326,"mime-type":"image\/jpeg","filesize":43719,"url":"https:\/\/www.costadelsol-mallorca.com\/wp-content\/uploads\/2023\/03\/Maremma_tipoA_Dormitorio-488x326.jpg"},"property-detail-video-image":{"file":"Maremma_tipoA_Dormitorio-818x417.jpg","width":818,"height":417,"mime-type":"image\/jpeg","filesize":77744,"url":"https:\/\/www.costadelsol-mallorca.com\/wp-content\/uploads\/2023\/03\/Maremma_tipoA_Dormitorio-818x417.jpg"},"agent-image":{"file":"Maremma_tipoA_Dormitorio-210x210.jpg","width":210,"height":210,"mime-type":"image\/jpeg","filesize":20368,"url":"https:\/\/www.costadelsol-mallorca.com\/wp-content\/uploads\/2023\/03\/Maremma_tipoA_Dormitorio-210x210.jpg"},"partners-logo":{"file":"Maremma_tipoA_Dormitorio-600x1125.jpg","width":600,"height":1125,"mime-type":"image\/jpeg","filesize":142355,"url":"https:\/\/www.costadelsol-mallorca.com\/wp-content\/uploads\/2023\/03\/Maremma_tipoA_Dormitorio-600x1125.jpg"},"post-featured-image":{"file":"Maremma_tipoA_Dormitorio-1240x720.jpg","width":1240,"height":720,"mime-type":"image\/jpeg","filesize":179092,"url":"https:\/\/www.costadelsol-mallorca.com\/wp-content\/uploads\/2023\/03\/Maremma_tipoA_Dormitorio-1240x720.jpg"}},"image_meta":{"aperture":"0","credit":"","camera":"","caption":"","created_timestamp":"0","copyright":"","focal_length":"0","iso":"0","shutter_speed":"0","title":"","orientation":"1","keywords":[]},"ID":"115032","name":"Maremma_tipoA_Dormitorio.jpg","path":"\/home\/ro\/web\/costadelsol-mallorca.com\/public_html\/wp-content\/uploads\/2023\/03\/Maremma_tipoA_Dormitorio.jpg","url":"https:\/\/www.costadelsol-mallorca.com\/wp-content\/uploads\/2023\/03\/Maremma_tipoA_Dormitorio-150x150.jpg","full_url":"https:\/\/www.costadelsol-mallorca.com\/wp-content\/uploads\/2023\/03\/Maremma_tipoA_Dormitorio.jpg","title":"Maremma_tipoA_Dormitorio","caption":"","description":"","alt":"","srcset":"https:\/\/www.costadelsol-mallorca.com\/wp-content\/uploads\/2023\/03\/Maremma_tipoA_Dormitorio-150x150.jpg 150w, https:\/\/www.costadelsol-mallorca.com\/wp-content\/uploads\/2023\/03\/Maremma_tipoA_Dormitorio-120x120.jpg 120w, https:\/\/www.costadelsol-mallorca.com\/wp-content\/uploads\/2023\/03\/Maremma_tipoA_Dormitorio-210x210.jpg 210w"},{"width":150,"height":150,"file":"2023\/03\/Maremma_tipoA_despacho.jpg","filesize":679418,"sizes":{"thumbnail":{"file":"Maremma_tipoA_despacho-150x150.jpg","width":150,"height":150,"mime-type":"image\/jpeg","filesize":17569,"url":"https:\/\/www.costadelsol-mallorca.com\/wp-content\/uploads\/2023\/03\/Maremma_tipoA_despacho-150x150.jpg"},"tf-client-image-size":{"file":"Maremma_tipoA_despacho-120x120.jpg","width":120,"height":120,"mime-type":"image\/jpeg","filesize":15197,"url":"https:\/\/www.costadelsol-mallorca.com\/wp-content\/uploads\/2023\/03\/Maremma_tipoA_despacho-120x120.jpg"},"post-thumbnail":{"file":"Maremma_tipoA_despacho-150x84.jpg","width":150,"height":84,"mime-type":"image\/jpeg","filesize":15088,"url":"https:\/\/www.costadelsol-mallorca.com\/wp-content\/uploads\/2023\/03\/Maremma_tipoA_despacho-150x84.jpg"},"modern-property-child-slider":{"file":"Maremma_tipoA_despacho-680x510.jpg","width":680,"height":510,"mime-type":"image\/jpeg","filesize":81901,"url":"https:\/\/www.costadelsol-mallorca.com\/wp-content\/uploads\/2023\/03\/Maremma_tipoA_despacho-680x510.jpg"},"property-thumb-image":{"file":"Maremma_tipoA_despacho-488x326.jpg","width":488,"height":326,"mime-type":"image\/jpeg","filesize":47135,"url":"https:\/\/www.costadelsol-mallorca.com\/wp-content\/uploads\/2023\/03\/Maremma_tipoA_despacho-488x326.jpg"},"property-detail-video-image":{"file":"Maremma_tipoA_despacho-818x417.jpg","width":818,"height":417,"mime-type":"image\/jpeg","filesize":81950,"url":"https:\/\/www.costadelsol-mallorca.com\/wp-content\/uploads\/2023\/03\/Maremma_tipoA_despacho-818x417.jpg"},"agent-image":{"file":"Maremma_tipoA_despacho-210x210.jpg","width":210,"height":210,"mime-type":"image\/jpeg","filesize":22674,"url":"https:\/\/www.costadelsol-mallorca.com\/wp-content\/uploads\/2023\/03\/Maremma_tipoA_despacho-210x210.jpg"},"partners-logo":{"file":"Maremma_tipoA_despacho-600x1125.jpg","width":600,"height":1125,"mime-type":"image\/jpeg","filesize":152168,"url":"https:\/\/www.costadelsol-mallorca.com\/wp-content\/uploads\/2023\/03\/Maremma_tipoA_despacho-600x1125.jpg"},"post-featured-image":{"file":"Maremma_tipoA_despacho-1240x720.jpg","width":1240,"height":720,"mime-type":"image\/jpeg","filesize":177444,"url":"https:\/\/www.costadelsol-mallorca.com\/wp-content\/uploads\/2023\/03\/Maremma_tipoA_despacho-1240x720.jpg"}},"image_meta":{"aperture":"0","credit":"","camera":"","caption":"","created_timestamp":"0","copyright":"","focal_length":"0","iso":"0","shutter_speed":"0","title":"","orientation":"1","keywords":[]},"ID":"115028","name":"Maremma_tipoA_despacho.jpg","path":"\/home\/ro\/web\/costadelsol-mallorca.com\/public_html\/wp-content\/uploads\/2023\/03\/Maremma_tipoA_despacho.jpg","url":"https:\/\/www.costadelsol-mallorca.com\/wp-content\/uploads\/2023\/03\/Maremma_tipoA_despacho-150x150.jpg","full_url":"https:\/\/www.costadelsol-mallorca.com\/wp-content\/uploads\/2023\/03\/Maremma_tipoA_despacho.jpg","title":"Maremma_tipoA_despacho","caption":"","description":"","alt":"","srcset":"https:\/\/www.costadelsol-mallorca.com\/wp-content\/uploads\/2023\/03\/Maremma_tipoA_despacho-150x150.jpg 150w, https:\/\/www.costadelsol-mallorca.com\/wp-content\/uploads\/2023\/03\/Maremma_tipoA_despacho-120x120.jpg 120w, https:\/\/www.costadelsol-mallorca.com\/wp-content\/uploads\/2023\/03\/Maremma_tipoA_despacho-210x210.jpg 210w"},{"width":150,"height":150,"file":"2023\/03\/Maremma_tipoA_banoprin.jpg","filesize":1269069,"sizes":{"thumbnail":{"file":"Maremma_tipoA_banoprin-150x150.jpg","width":150,"height":150,"mime-type":"image\/jpeg","filesize":14223,"url":"https:\/\/www.costadelsol-mallorca.com\/wp-content\/uploads\/2023\/03\/Maremma_tipoA_banoprin-150x150.jpg"},"tf-client-image-size":{"file":"Maremma_tipoA_banoprin-120x120.jpg","width":120,"height":120,"mime-type":"image\/jpeg","filesize":12709,"url":"https:\/\/www.costadelsol-mallorca.com\/wp-content\/uploads\/2023\/03\/Maremma_tipoA_banoprin-120x120.jpg"},"post-thumbnail":{"file":"Maremma_tipoA_banoprin-150x84.jpg","width":150,"height":84,"mime-type":"image\/jpeg","filesize":12871,"url":"https:\/\/www.costadelsol-mallorca.com\/wp-content\/uploads\/2023\/03\/Maremma_tipoA_banoprin-150x84.jpg"},"modern-property-child-slider":{"file":"Maremma_tipoA_banoprin-680x510.jpg","width":680,"height":510,"mime-type":"image\/jpeg","filesize":65514,"url":"https:\/\/www.costadelsol-mallorca.com\/wp-content\/uploads\/2023\/03\/Maremma_tipoA_banoprin-680x510.jpg"},"property-thumb-image":{"file":"Maremma_tipoA_banoprin-488x326.jpg","width":488,"height":326,"mime-type":"image\/jpeg","filesize":36535,"url":"https:\/\/www.costadelsol-mallorca.com\/wp-content\/uploads\/2023\/03\/Maremma_tipoA_banoprin-488x326.jpg"},"property-detail-video-image":{"file":"Maremma_tipoA_banoprin-818x417.jpg","width":818,"height":417,"mime-type":"image\/jpeg","filesize":67625,"url":"https:\/\/www.costadelsol-mallorca.com\/wp-content\/uploads\/2023\/03\/Maremma_tipoA_banoprin-818x417.jpg"},"agent-image":{"file":"Maremma_tipoA_banoprin-210x210.jpg","width":210,"height":210,"mime-type":"image\/jpeg","filesize":18182,"url":"https:\/\/www.costadelsol-mallorca.com\/wp-content\/uploads\/2023\/03\/Maremma_tipoA_banoprin-210x210.jpg"},"partners-logo":{"file":"Maremma_tipoA_banoprin-600x1125.jpg","width":600,"height":1125,"mime-type":"image\/jpeg","filesize":145357,"url":"https:\/\/www.costadelsol-mallorca.com\/wp-content\/uploads\/2023\/03\/Maremma_tipoA_banoprin-600x1125.jpg"},"post-featured-image":{"file":"Maremma_tipoA_banoprin-1240x720.jpg","width":1240,"height":720,"mime-type":"image\/jpeg","filesize":156363,"url":"https:\/\/www.costadelsol-mallorca.com\/wp-content\/uploads\/2023\/03\/Maremma_tipoA_banoprin-1240x720.jpg"}},"image_meta":{"aperture":"0","credit":"","camera":"","caption":"","created_timestamp":"0","copyright":"","focal_length":"0","iso":"0","shutter_speed":"0","title":"","orientation":"1","keywords":[]},"ID":"115024","name":"Maremma_tipoA_banoprin.jpg","path":"\/home\/ro\/web\/costadelsol-mallorca.com\/public_html\/wp-content\/uploads\/2023\/03\/Maremma_tipoA_banoprin.jpg","url":"https:\/\/www.costadelsol-mallorca.com\/wp-content\/uploads\/2023\/03\/Maremma_tipoA_banoprin-150x150.jpg","full_url":"https:\/\/www.costadelsol-mallorca.com\/wp-content\/uploads\/2023\/03\/Maremma_tipoA_banoprin.jpg","title":"Maremma_tipoA_ba\u00f1oprin","caption":"","description":"","alt":"","srcset":"https:\/\/www.costadelsol-mallorca.com\/wp-content\/uploads\/2023\/03\/Maremma_tipoA_banoprin-150x150.jpg 150w, https:\/\/www.costadelsol-mallorca.com\/wp-content\/uploads\/2023\/03\/Maremma_tipoA_banoprin-120x120.jpg 120w, https:\/\/www.costadelsol-mallorca.com\/wp-content\/uploads\/2023\/03\/Maremma_tipoA_banoprin-210x210.jpg 210w"},{"width":150,"height":150,"file":"2023\/03\/Maremma_tipoA_Solarium_web.jpg","filesize":1292813,"sizes":{"thumbnail":{"file":"Maremma_tipoA_Solarium_web-150x150.jpg","width":150,"height":150,"mime-type":"image\/jpeg","filesize":19590,"url":"https:\/\/www.costadelsol-mallorca.com\/wp-content\/uploads\/2023\/03\/Maremma_tipoA_Solarium_web-150x150.jpg"},"tf-client-image-size":{"file":"Maremma_tipoA_Solarium_web-120x120.jpg","width":120,"height":120,"mime-type":"image\/jpeg","filesize":16844,"url":"https:\/\/www.costadelsol-mallorca.com\/wp-content\/uploads\/2023\/03\/Maremma_tipoA_Solarium_web-120x120.jpg"},"post-thumbnail":{"file":"Maremma_tipoA_Solarium_web-150x84.jpg","width":150,"height":84,"mime-type":"image\/jpeg","filesize":16540,"url":"https:\/\/www.costadelsol-mallorca.com\/wp-content\/uploads\/2023\/03\/Maremma_tipoA_Solarium_web-150x84.jpg"},"modern-property-child-slider":{"file":"Maremma_tipoA_Solarium_web-680x510.jpg","width":680,"height":510,"mime-type":"image\/jpeg","filesize":98354,"url":"https:\/\/www.costadelsol-mallorca.com\/wp-content\/uploads\/2023\/03\/Maremma_tipoA_Solarium_web-680x510.jpg"},"property-thumb-image":{"file":"Maremma_tipoA_Solarium_web-488x326.jpg","width":488,"height":326,"mime-type":"image\/jpeg","filesize":55529,"url":"https:\/\/www.costadelsol-mallorca.com\/wp-content\/uploads\/2023\/03\/Maremma_tipoA_Solarium_web-488x326.jpg"},"property-detail-video-image":{"file":"Maremma_tipoA_Solarium_web-818x417.jpg","width":818,"height":417,"mime-type":"image\/jpeg","filesize":100194,"url":"https:\/\/www.costadelsol-mallorca.com\/wp-content\/uploads\/2023\/03\/Maremma_tipoA_Solarium_web-818x417.jpg"},"agent-image":{"file":"Maremma_tipoA_Solarium_web-210x210.jpg","width":210,"height":210,"mime-type":"image\/jpeg","filesize":26131,"url":"https:\/\/www.costadelsol-mallorca.com\/wp-content\/uploads\/2023\/03\/Maremma_tipoA_Solarium_web-210x210.jpg"},"partners-logo":{"file":"Maremma_tipoA_Solarium_web-600x1125.jpg","width":600,"height":1125,"mime-type":"image\/jpeg","filesize":201697,"url":"https:\/\/www.costadelsol-mallorca.com\/wp-content\/uploads\/2023\/03\/Maremma_tipoA_Solarium_web-600x1125.jpg"},"post-featured-image":{"file":"Maremma_tipoA_Solarium_web-1240x720.jpg","width":1240,"height":720,"mime-type":"image\/jpeg","filesize":217833,"url":"https:\/\/www.costadelsol-mallorca.com\/wp-content\/uploads\/2023\/03\/Maremma_tipoA_Solarium_web-1240x720.jpg"}},"image_meta":{"aperture":"0","credit":"","camera":"","caption":"","created_timestamp":"0","copyright":"","focal_length":"0","iso":"0","shutter_speed":"0","title":"","orientation":"1","keywords":[]},"ID":"115048","name":"Maremma_tipoA_Solarium_web.jpg","path":"\/home\/ro\/web\/costadelsol-mallorca.com\/public_html\/wp-content\/uploads\/2023\/03\/Maremma_tipoA_Solarium_web.jpg","url":"https:\/\/www.costadelsol-mallorca.com\/wp-content\/uploads\/2023\/03\/Maremma_tipoA_Solarium_web-150x150.jpg","full_url":"https:\/\/www.costadelsol-mallorca.com\/wp-content\/uploads\/2023\/03\/Maremma_tipoA_Solarium_web.jpg","title":"Maremma_tipoA_Solarium_web","caption":"","description":"","alt":"","srcset":"https:\/\/www.costadelsol-mallorca.com\/wp-content\/uploads\/2023\/03\/Maremma_tipoA_Solarium_web-150x150.jpg 150w, https:\/\/www.costadelsol-mallorca.com\/wp-content\/uploads\/2023\/03\/Maremma_tipoA_Solarium_web-120x120.jpg 120w, https:\/\/www.costadelsol-mallorca.com\/wp-content\/uploads\/2023\/03\/Maremma_tipoA_Solarium_web-210x210.jpg 210w"},{"width":150,"height":150,"file":"2023\/03\/Maremma_tipoA_entrada.jpg","filesize":913588,"sizes":{"thumbnail":{"file":"Maremma_tipoA_entrada-150x150.jpg","width":150,"height":150,"mime-type":"image\/jpeg","filesize":18908,"url":"https:\/\/www.costadelsol-mallorca.com\/wp-content\/uploads\/2023\/03\/Maremma_tipoA_entrada-150x150.jpg"},"tf-client-image-size":{"file":"Maremma_tipoA_entrada-120x120.jpg","width":120,"height":120,"mime-type":"image\/jpeg","filesize":16551,"url":"https:\/\/www.costadelsol-mallorca.com\/wp-content\/uploads\/2023\/03\/Maremma_tipoA_entrada-120x120.jpg"},"post-thumbnail":{"file":"Maremma_tipoA_entrada-150x84.jpg","width":150,"height":84,"mime-type":"image\/jpeg","filesize":16392,"url":"https:\/\/www.costadelsol-mallorca.com\/wp-content\/uploads\/2023\/03\/Maremma_tipoA_entrada-150x84.jpg"},"modern-property-child-slider":{"file":"Maremma_tipoA_entrada-680x510.jpg","width":680,"height":510,"mime-type":"image\/jpeg","filesize":100122,"url":"https:\/\/www.costadelsol-mallorca.com\/wp-content\/uploads\/2023\/03\/Maremma_tipoA_entrada-680x510.jpg"},"property-thumb-image":{"file":"Maremma_tipoA_entrada-488x326.jpg","width":488,"height":326,"mime-type":"image\/jpeg","filesize":54254,"url":"https:\/\/www.costadelsol-mallorca.com\/wp-content\/uploads\/2023\/03\/Maremma_tipoA_entrada-488x326.jpg"},"property-detail-video-image":{"file":"Maremma_tipoA_entrada-818x417.jpg","width":818,"height":417,"mime-type":"image\/jpeg","filesize":101465,"url":"https:\/\/www.costadelsol-mallorca.com\/wp-content\/uploads\/2023\/03\/Maremma_tipoA_entrada-818x417.jpg"},"agent-image":{"file":"Maremma_tipoA_entrada-210x210.jpg","width":210,"height":210,"mime-type":"image\/jpeg","filesize":24625,"url":"https:\/\/www.costadelsol-mallorca.com\/wp-content\/uploads\/2023\/03\/Maremma_tipoA_entrada-210x210.jpg"},"partners-logo":{"file":"Maremma_tipoA_entrada-600x1125.jpg","width":600,"height":1125,"mime-type":"image\/jpeg","filesize":156645,"url":"https:\/\/www.costadelsol-mallorca.com\/wp-content\/uploads\/2023\/03\/Maremma_tipoA_entrada-600x1125.jpg"},"post-featured-image":{"file":"Maremma_tipoA_entrada-1240x720.jpg","width":1240,"height":720,"mime-type":"image\/jpeg","filesize":243851,"url":"https:\/\/www.costadelsol-mallorca.com\/wp-content\/uploads\/2023\/03\/Maremma_tipoA_entrada-1240x720.jpg"}},"image_meta":{"aperture":"0","credit":"","camera":"","caption":"","created_timestamp":"0","copyright":"","focal_length":"0","iso":"0","shutter_speed":"0","title":"","orientation":"1","keywords":[]},"ID":"115036","name":"Maremma_tipoA_entrada.jpg","path":"\/home\/ro\/web\/costadelsol-mallorca.com\/public_html\/wp-content\/uploads\/2023\/03\/Maremma_tipoA_entrada.jpg","url":"https:\/\/www.costadelsol-mallorca.com\/wp-content\/uploads\/2023\/03\/Maremma_tipoA_entrada-150x150.jpg","full_url":"https:\/\/www.costadelsol-mallorca.com\/wp-content\/uploads\/2023\/03\/Maremma_tipoA_entrada.jpg","title":"Maremma_tipoA_entrada","caption":"","description":"","alt":"","srcset":"https:\/\/www.costadelsol-mallorca.com\/wp-content\/uploads\/2023\/03\/Maremma_tipoA_entrada-150x150.jpg 150w, https:\/\/www.costadelsol-mallorca.com\/wp-content\/uploads\/2023\/03\/Maremma_tipoA_entrada-120x120.jpg 120w, https:\/\/www.costadelsol-mallorca.com\/wp-content\/uploads\/2023\/03\/Maremma_tipoA_entrada-210x210.jpg 210w"},{"width":150,"height":150,"file":"2023\/03\/Maremma_tipoA_jardin1-1.jpg","filesize":983853,"sizes":{"thumbnail":{"file":"Maremma_tipoA_jardin1-1-150x150.jpg","width":150,"height":150,"mime-type":"image\/jpeg","filesize":20719,"url":"https:\/\/www.costadelsol-mallorca.com\/wp-content\/uploads\/2023\/03\/Maremma_tipoA_jardin1-1-150x150.jpg"},"tf-client-image-size":{"file":"Maremma_tipoA_jardin1-1-120x120.jpg","width":120,"height":120,"mime-type":"image\/jpeg","filesize":17855,"url":"https:\/\/www.costadelsol-mallorca.com\/wp-content\/uploads\/2023\/03\/Maremma_tipoA_jardin1-1-120x120.jpg"},"post-thumbnail":{"file":"Maremma_tipoA_jardin1-1-150x84.jpg","width":150,"height":84,"mime-type":"image\/jpeg","filesize":18017,"url":"https:\/\/www.costadelsol-mallorca.com\/wp-content\/uploads\/2023\/03\/Maremma_tipoA_jardin1-1-150x84.jpg"},"modern-property-child-slider":{"file":"Maremma_tipoA_jardin1-1-680x510.jpg","width":680,"height":510,"mime-type":"image\/jpeg","filesize":121040,"url":"https:\/\/www.costadelsol-mallorca.com\/wp-content\/uploads\/2023\/03\/Maremma_tipoA_jardin1-1-680x510.jpg"},"property-thumb-image":{"file":"Maremma_tipoA_jardin1-1-488x326.jpg","width":488,"height":326,"mime-type":"image\/jpeg","filesize":66114,"url":"https:\/\/www.costadelsol-mallorca.com\/wp-content\/uploads\/2023\/03\/Maremma_tipoA_jardin1-1-488x326.jpg"},"property-detail-video-image":{"file":"Maremma_tipoA_jardin1-1-818x417.jpg","width":818,"height":417,"mime-type":"image\/jpeg","filesize":127917,"url":"https:\/\/www.costadelsol-mallorca.com\/wp-content\/uploads\/2023\/03\/Maremma_tipoA_jardin1-1-818x417.jpg"},"agent-image":{"file":"Maremma_tipoA_jardin1-1-210x210.jpg","width":210,"height":210,"mime-type":"image\/jpeg","filesize":27716,"url":"https:\/\/www.costadelsol-mallorca.com\/wp-content\/uploads\/2023\/03\/Maremma_tipoA_jardin1-1-210x210.jpg"},"partners-logo":{"file":"Maremma_tipoA_jardin1-1-600x1125.jpg","width":600,"height":1125,"mime-type":"image\/jpeg","filesize":198611,"url":"https:\/\/www.costadelsol-mallorca.com\/wp-content\/uploads\/2023\/03\/Maremma_tipoA_jardin1-1-600x1125.jpg"},"post-featured-image":{"file":"Maremma_tipoA_jardin1-1-1240x720.jpg","width":1240,"height":720,"mime-type":"image\/jpeg","filesize":291303,"url":"https:\/\/www.costadelsol-mallorca.com\/wp-content\/uploads\/2023\/03\/Maremma_tipoA_jardin1-1-1240x720.jpg"}},"image_meta":{"aperture":"0","credit":"","camera":"","caption":"","created_timestamp":"0","copyright":"","focal_length":"0","iso":"0","shutter_speed":"0","title":"","orientation":"1","keywords":[]},"ID":"115040","name":"Maremma_tipoA_jardin1-1.jpg","path":"\/home\/ro\/web\/costadelsol-mallorca.com\/public_html\/wp-content\/uploads\/2023\/03\/Maremma_tipoA_jardin1-1.jpg","url":"https:\/\/www.costadelsol-mallorca.com\/wp-content\/uploads\/2023\/03\/Maremma_tipoA_jardin1-1-150x150.jpg","full_url":"https:\/\/www.costadelsol-mallorca.com\/wp-content\/uploads\/2023\/03\/Maremma_tipoA_jardin1-1.jpg","title":"Maremma_tipoA_jardin1","caption":"","description":"","alt":"","srcset":"https:\/\/www.costadelsol-mallorca.com\/wp-content\/uploads\/2023\/03\/Maremma_tipoA_jardin1-1-150x150.jpg 150w, https:\/\/www.costadelsol-mallorca.com\/wp-content\/uploads\/2023\/03\/Maremma_tipoA_jardin1-1-120x120.jpg 120w, https:\/\/www.costadelsol-mallorca.com\/wp-content\/uploads\/2023\/03\/Maremma_tipoA_jardin1-1-210x210.jpg 210w"},{"width":150,"height":150,"file":"2023\/03\/Aedas_Maremma_aerea_.jpg","filesize":2787430,"sizes":{"thumbnail":{"file":"Aedas_Maremma_aerea_-150x150.jpg","width":150,"height":150,"mime-type":"image\/jpeg","filesize":26999,"url":"https:\/\/www.costadelsol-mallorca.com\/wp-content\/uploads\/2023\/03\/Aedas_Maremma_aerea_-150x150.jpg"},"tf-client-image-size":{"file":"Aedas_Maremma_aerea_-120x120.jpg","width":120,"height":120,"mime-type":"image\/jpeg","filesize":22769,"url":"https:\/\/www.costadelsol-mallorca.com\/wp-content\/uploads\/2023\/03\/Aedas_Maremma_aerea_-120x120.jpg"},"post-thumbnail":{"file":"Aedas_Maremma_aerea_-150x150.jpg","width":150,"height":150,"mime-type":"image\/jpeg","filesize":26999,"url":"https:\/\/www.costadelsol-mallorca.com\/wp-content\/uploads\/2023\/03\/Aedas_Maremma_aerea_-150x150.jpg"},"modern-property-child-slider":{"file":"Aedas_Maremma_aerea_-680x510.jpg","width":680,"height":510,"mime-type":"image\/jpeg","filesize":161382,"url":"https:\/\/www.costadelsol-mallorca.com\/wp-content\/uploads\/2023\/03\/Aedas_Maremma_aerea_-680x510.jpg"},"property-thumb-image":{"file":"Aedas_Maremma_aerea_-488x326.jpg","width":488,"height":326,"mime-type":"image\/jpeg","filesize":88465,"url":"https:\/\/www.costadelsol-mallorca.com\/wp-content\/uploads\/2023\/03\/Aedas_Maremma_aerea_-488x326.jpg"},"property-detail-video-image":{"file":"Aedas_Maremma_aerea_-818x417.jpg","width":818,"height":417,"mime-type":"image\/jpeg","filesize":166927,"url":"https:\/\/www.costadelsol-mallorca.com\/wp-content\/uploads\/2023\/03\/Aedas_Maremma_aerea_-818x417.jpg"},"agent-image":{"file":"Aedas_Maremma_aerea_-210x210.jpg","width":210,"height":210,"mime-type":"image\/jpeg","filesize":37664,"url":"https:\/\/www.costadelsol-mallorca.com\/wp-content\/uploads\/2023\/03\/Aedas_Maremma_aerea_-210x210.jpg"},"partners-logo":{"file":"Aedas_Maremma_aerea_-600x2000.jpg","width":600,"height":2000,"mime-type":"image\/jpeg","filesize":424760,"url":"https:\/\/www.costadelsol-mallorca.com\/wp-content\/uploads\/2023\/03\/Aedas_Maremma_aerea_-600x2000.jpg"},"post-featured-image":{"file":"Aedas_Maremma_aerea_-1240x720.jpg","width":1240,"height":720,"mime-type":"image\/jpeg","filesize":361278,"url":"https:\/\/www.costadelsol-mallorca.com\/wp-content\/uploads\/2023\/03\/Aedas_Maremma_aerea_-1240x720.jpg"}},"image_meta":{"aperture":"0","credit":"","camera":"","caption":"","created_timestamp":"0","copyright":"","focal_length":"0","iso":"0","shutter_speed":"0","title":"","orientation":"1","keywords":[]},"ID":"114996","name":"Aedas_Maremma_aerea_.jpg","path":"\/home\/ro\/web\/costadelsol-mallorca.com\/public_html\/wp-content\/uploads\/2023\/03\/Aedas_Maremma_aerea_.jpg","url":"https:\/\/www.costadelsol-mallorca.com\/wp-content\/uploads\/2023\/03\/Aedas_Maremma_aerea_-150x150.jpg","full_url":"https:\/\/www.costadelsol-mallorca.com\/wp-content\/uploads\/2023\/03\/Aedas_Maremma_aerea_.jpg","title":"Aedas_Maremma_aerea_","caption":"","description":"","alt":"","srcset":"https:\/\/www.costadelsol-mallorca.com\/wp-content\/uploads\/2023\/03\/Aedas_Maremma_aerea_-150x150.jpg 150w, https:\/\/www.costadelsol-mallorca.com\/wp-content\/uploads\/2023\/03\/Aedas_Maremma_aerea_-120x120.jpg 120w, https:\/\/www.costadelsol-mallorca.com\/wp-content\/uploads\/2023\/03\/Aedas_Maremma_aerea_-210x210.jpg 210w, https:\/\/www.costadelsol-mallorca.com\/wp-content\/uploads\/2023\/03\/Aedas_Maremma_aerea_.jpg 2000w"}],"REAL_HOMES_change_gallery_slider_type":"0","REAL_HOMES_gallery_slider_type":"thumb-on-right","inspiry_floor_plans":[],"inspiry_video_group":[],"REAL_HOMES_360_virtual_tour":"","REAL_HOMES_agent_display_option":"none","REAL_HOMES_agents":[],"REAL_HOMES_energy_class":"none","REAL_HOMES_energy_performance":"","REAL_HOMES_epc_current_rating":"","REAL_HOMES_epc_potential_rating":"","ere_property_schedule_tour":"","ere_property_schedule_time_slots":"","ere_property_schedule_description":"","REAL_HOMES_sticky":"0","inspiry_property_label":"","inspiry_property_label_color":"","inspiry_property_tax":"0","inspiry_additional_fee":"0","REAL_HOMES_attachments":[],"inspiry_property_owner_name":"","inspiry_property_owner_contact":"","inspiry_property_owner_address":"","REAL_HOMES_property_private_note":"","inspiry_message_to_reviewer":"","REAL_HOMES_add_in_slider":"no","REAL_HOMES_slider_image":[],"REAL_HOMES_page_banner_image":[],"REAL_HOMES_hide_property_advance_search":"0","REAL_HOMES_hide_advance_search":"0","REAL_HOMES_custom_search_form":"default","REAL_HOMES_search_form_margin_top":"","REAL_HOMES_search_form_margin_bottom":""},"_links":{"self":[{"href":"https:\/\/www.costadelsol-mallorca.com\/es\/wp-json\/wp\/v2\/property\/115051","targetHints":{"allow":["GET"]}}],"collection":[{"href":"https:\/\/www.costadelsol-mallorca.com\/es\/wp-json\/wp\/v2\/property"}],"about":[{"href":"https:\/\/www.costadelsol-mallorca.com\/es\/wp-json\/wp\/v2\/types\/property"}],"author":[{"embeddable":true,"href":"https:\/\/www.costadelsol-mallorca.com\/es\/wp-json\/wp\/v2\/users\/1"}],"replies":[{"embeddable":true,"href":"https:\/\/www.costadelsol-mallorca.com\/es\/wp-json\/wp\/v2\/comments?post=115051"}],"version-history":[{"count":1,"href":"https:\/\/www.costadelsol-mallorca.com\/es\/wp-json\/wp\/v2\/property\/115051\/revisions"}],"predecessor-version":[{"id":115053,"href":"https:\/\/www.costadelsol-mallorca.com\/es\/wp-json\/wp\/v2\/property\/115051\/revisions\/115053"}],"wp:featuredmedia":[{"embeddable":true,"href":"https:\/\/www.costadelsol-mallorca.com\/es\/wp-json\/wp\/v2\/media\/114992"}],"wp:attachment":[{"href":"https:\/\/www.costadelsol-mallorca.com\/es\/wp-json\/wp\/v2\/media?parent=115051"}],"wp:term":[{"taxonomy":"property-feature","embeddable":true,"href":"https:\/\/www.costadelsol-mallorca.com\/es\/wp-json\/wp\/v2\/property-feature?post=115051"},{"taxonomy":"property-type","embeddable":true,"href":"https:\/\/www.costadelsol-mallorca.com\/es\/wp-json\/wp\/v2\/property-type?post=115051"},{"taxonomy":"property-city","embeddable":true,"href":"https:\/\/www.costadelsol-mallorca.com\/es\/wp-json\/wp\/v2\/property-city?post=115051"},{"taxonomy":"property-status","embeddable":true,"href":"https:\/\/www.costadelsol-mallorca.com\/es\/wp-json\/wp\/v2\/property-status?post=115051"}],"curies":[{"name":"wp","href":"https:\/\/api.w.org\/{rel}","templated":true}]}}