{"id":117511,"date":"2023-03-30T13:32:53","date_gmt":"2023-03-30T11:32:53","guid":{"rendered":"https:\/\/www.costadelsol-mallorca.com\/property\/luxurious-detached-villas-in-puig-de-ros-mallorca\/"},"modified":"2023-03-30T13:43:07","modified_gmt":"2023-03-30T11:43:07","slug":"lujosas-villas-independientes-en-puig-de-ros-mallorca","status":"publish","type":"property","link":"https:\/\/www.costadelsol-mallorca.com\/es\/property\/lujosas-villas-independientes-en-puig-de-ros-mallorca\/","title":{"rendered":"Lujosas villas independientes con vistas al mar en Puig de Ros, Mallorca"},"content":{"rendered":"<p>Viviendas de 3 a 4 dormitorios y 3 ba\u00f1os completos distribuidas en dos plantas.<\/p>\n<p>En planta baja, las villas poseen un amplio sal\u00f3n comedor con diferentes opciones de distribuci\u00f3n, dependiendo de las preferencias del cliente (cocina integrada, cocina independiente, cocina y despacho independiente o distribuci\u00f3n di\u00e1fana). La cocina se entrega con muebles altos y bajos, al igual que el siguiente equipamiento: Placa de inducci\u00f3n, grupo filtrante, horno el\u00e9ctrico y microondas integrados en columna, encimera y frente de encimera en cuarzo compacto y fregadero con grifer\u00eda monomando de bajo consumo. En esta planta podemos encontrar tambi\u00e9n un ba\u00f1o completo.<\/p>\n<p>La primera planta est\u00e1 destinada a zona de dormitorios y ba\u00f1os restantes. Aqu\u00ed el cliente podr\u00e1 elegir entre 3 a 4 dormitorios. El dormitorio principal posee un ba\u00f1o en suite y zona de vestidor. Todos los restantes, incluir\u00e1n armarios empotrados.<\/p>\n<p>Para que disfrutes del m\u00e1ximo confort, en tu nueva casa se instalar\u00e1 un sistema de alta eficiencia energ\u00e9tica mediante equipos de aerotermia para la producci\u00f3n de agua caliente y calefacci\u00f3n por suelo radiante y aire acondicionado por conductos, con control de temperatura en dos zonas por medio de termostatos.<\/p>\n<p>En cuanto a las zonas exteriores, las villas disponen de una azotea, terraza y m\u00e1s de 200 m2 de jard\u00edn. Todas las terrazas llevar\u00e1n sistema para evacuaci\u00f3n de aguas, iluminaci\u00f3n y una toma de corriente. Los jardines privados dispondr\u00e1n de una toma de agua. Adem\u00e1s, para que la seguridad sea m\u00e1xima, la zona solada al aire libre vinculada al sal\u00f3n se pavimentar\u00e1 con gres porcel\u00e1nico antideslizante especial para exteriores. En la zona de sol\u00e1rium en cubierta se dispondr\u00e1 de una toma de agua y una toma de corriente.<\/p>\n<p>Adem\u00e1s, se incluye una piscina de cloraci\u00f3n salina y dos plazas de aparcamiento en superficie.<\/p>\n<p>Ubicadas en Puig del Ros, a escasos metros del mar, donde encontrar\u00e1s todos los servicios que necesitas\u00a0 sin renunciar a la tranquilidad.<\/p>\n<p>Junto a tu nueva casa disfrutar\u00e1s de una amplia oferta de actividades. deportivas como las ofrecidas por el Club de Golf Maioris, el Sitt Tennis&amp;Sport o el Club N\u00e1utico El Arenal. Tambi\u00e9n tendr\u00e1s a tu alcance superficies comerciales y de ocio como el Centro Comercial Maioris, con farmacias, tiendas de moda, supermercados como Mercadona y diferentes bares y restaurantes como.el Mhares Sea Club. Otros servicios como el colegio CEIP Urbanitzacions de Llucmajor y el Centro de Salud Bad\u00eda se encuentran a escasos minutos de tu nueva casa.<\/p>\n","protected":false},"excerpt":{"rendered":"<p>Viviendas de 3 a 4 dormitorios y 3 ba\u00f1os completos distribuidas en dos plantas. En planta baja, las villas poseen un amplio sal\u00f3n comedor con diferentes opciones de distribuci\u00f3n, dependiendo de las preferencias del cliente (cocina integrada, cocina independiente, cocina y despacho independiente o distribuci\u00f3n di\u00e1fana). La cocina se entrega con muebles altos y bajos,&#8230;<\/p>\n","protected":false},"author":1,"featured_media":117428,"parent":0,"menu_order":0,"comment_status":"closed","ping_status":"closed","template":"","property-feature":[273,505,1324,1325,1326,254,256,258,265,269,271],"property-type":[249],"property-city":[1320],"property-status":[260],"class_list":["post-117511","property","type-property","status-publish","has-post-thumbnail","hentry","property-feature-suelo-radiante-en-banos","property-feature-solarium","property-feature-tuin-prive-es","property-feature-orientatie-west-es","property-feature-categorie-luxe-es","property-feature-cocina-equipada","property-feature-aparcamiento-privado","property-feature-terraza","property-feature-aire-acondicionado","property-feature-piscina-privada","property-feature-vistas-al-mar","property-type-chalet","property-city-puig-de-ros","property-status-nueva-construccion","zones-ma","builders-aedas-homes"],"aioseo_notices":[],"property_meta":{"REAL_HOMES_property_price":"1050000","REAL_HOMES_property_old_price":"","REAL_HOMES_property_price_prefix":"","REAL_HOMES_property_price_postfix":"","REAL_HOMES_property_size":"174","REAL_HOMES_property_size_postfix":"m2","REAL_HOMES_property_lot_size":"","REAL_HOMES_property_lot_size_postfix":"","REAL_HOMES_property_bedrooms":"3-4","REAL_HOMES_property_bathrooms":"3","REAL_HOMES_property_garage":"2","REAL_HOMES_property_id":"MA78.05.117424","REAL_HOMES_property_year_built":"","rvr_property_owner":"","REAL_HOMES_featured":"0","REAL_HOMES_additional_details_list":[],"REAL_HOMES_property_location":{"latitude":"39.4500328","longitude":"2.7514831","zoom":"14"},"REAL_HOMES_property_address":"07609 Puigderr\u00f3s, Illes Balears, Espa\u00f1a","REAL_HOMES_property_map":"0","REAL_HOMES_property_images":[{"width":150,"height":150,"file":"2023\/03\/EneidaII_Conjunto-1_web.jpg","filesize":760906,"sizes":{"thumbnail":{"file":"EneidaII_Conjunto-1_web-150x150.jpg","width":150,"height":150,"mime-type":"image\/jpeg","filesize":17174,"url":"https:\/\/www.costadelsol-mallorca.com\/wp-content\/uploads\/2023\/03\/EneidaII_Conjunto-1_web-150x150.jpg"},"tf-client-image-size":{"file":"EneidaII_Conjunto-1_web-120x120.jpg","width":120,"height":120,"mime-type":"image\/jpeg","filesize":14471,"url":"https:\/\/www.costadelsol-mallorca.com\/wp-content\/uploads\/2023\/03\/EneidaII_Conjunto-1_web-120x120.jpg"},"post-thumbnail":{"file":"EneidaII_Conjunto-1_web-150x68.jpg","width":150,"height":68,"mime-type":"image\/jpeg","filesize":14006,"url":"https:\/\/www.costadelsol-mallorca.com\/wp-content\/uploads\/2023\/03\/EneidaII_Conjunto-1_web-150x68.jpg"},"modern-property-child-slider":{"file":"EneidaII_Conjunto-1_web-680x510.jpg","width":680,"height":510,"mime-type":"image\/jpeg","filesize":108843,"url":"https:\/\/www.costadelsol-mallorca.com\/wp-content\/uploads\/2023\/03\/EneidaII_Conjunto-1_web-680x510.jpg"},"property-thumb-image":{"file":"EneidaII_Conjunto-1_web-488x326.jpg","width":488,"height":326,"mime-type":"image\/jpeg","filesize":55904,"url":"https:\/\/www.costadelsol-mallorca.com\/wp-content\/uploads\/2023\/03\/EneidaII_Conjunto-1_web-488x326.jpg"},"property-detail-video-image":{"file":"EneidaII_Conjunto-1_web-818x417.jpg","width":818,"height":417,"mime-type":"image\/jpeg","filesize":112084,"url":"https:\/\/www.costadelsol-mallorca.com\/wp-content\/uploads\/2023\/03\/EneidaII_Conjunto-1_web-818x417.jpg"},"agent-image":{"file":"EneidaII_Conjunto-1_web-210x210.jpg","width":210,"height":210,"mime-type":"image\/jpeg","filesize":23817,"url":"https:\/\/www.costadelsol-mallorca.com\/wp-content\/uploads\/2023\/03\/EneidaII_Conjunto-1_web-210x210.jpg"},"partners-logo":{"file":"EneidaII_Conjunto-1_web-600x650.jpg","width":600,"height":650,"mime-type":"image\/jpeg","filesize":140718,"url":"https:\/\/www.costadelsol-mallorca.com\/wp-content\/uploads\/2023\/03\/EneidaII_Conjunto-1_web-600x650.jpg"},"post-featured-image":{"file":"EneidaII_Conjunto-1_web-1240x650.jpg","width":1240,"height":650,"mime-type":"image\/jpeg","filesize":276348,"url":"https:\/\/www.costadelsol-mallorca.com\/wp-content\/uploads\/2023\/03\/EneidaII_Conjunto-1_web-1240x650.jpg"}},"image_meta":{"aperture":"0","credit":"","camera":"","caption":"","created_timestamp":"0","copyright":"","focal_length":"0","iso":"0","shutter_speed":"0","title":"","orientation":"1","keywords":[]},"ID":"117432","name":"EneidaII_Conjunto-1_web.jpg","path":"\/home\/ro\/web\/costadelsol-mallorca.com\/public_html\/wp-content\/uploads\/2023\/03\/EneidaII_Conjunto-1_web.jpg","url":"https:\/\/www.costadelsol-mallorca.com\/wp-content\/uploads\/2023\/03\/EneidaII_Conjunto-1_web-150x150.jpg","full_url":"https:\/\/www.costadelsol-mallorca.com\/wp-content\/uploads\/2023\/03\/EneidaII_Conjunto-1_web.jpg","title":"EneidaII_Conjunto 1_web","caption":"","description":"","alt":"","srcset":"https:\/\/www.costadelsol-mallorca.com\/wp-content\/uploads\/2023\/03\/EneidaII_Conjunto-1_web-150x150.jpg 150w, https:\/\/www.costadelsol-mallorca.com\/wp-content\/uploads\/2023\/03\/EneidaII_Conjunto-1_web-120x120.jpg 120w, https:\/\/www.costadelsol-mallorca.com\/wp-content\/uploads\/2023\/03\/EneidaII_Conjunto-1_web-210x210.jpg 210w"},{"width":150,"height":150,"file":"2023\/03\/EneidaII_TipoA_cocinaampliada_web.jpg","filesize":519565,"sizes":{"thumbnail":{"file":"EneidaII_TipoA_cocinaampliada_web-150x150.jpg","width":150,"height":150,"mime-type":"image\/jpeg","filesize":15414,"url":"https:\/\/www.costadelsol-mallorca.com\/wp-content\/uploads\/2023\/03\/EneidaII_TipoA_cocinaampliada_web-150x150.jpg"},"tf-client-image-size":{"file":"EneidaII_TipoA_cocinaampliada_web-120x120.jpg","width":120,"height":120,"mime-type":"image\/jpeg","filesize":13381,"url":"https:\/\/www.costadelsol-mallorca.com\/wp-content\/uploads\/2023\/03\/EneidaII_TipoA_cocinaampliada_web-120x120.jpg"},"post-thumbnail":{"file":"EneidaII_TipoA_cocinaampliada_web-150x68.jpg","width":150,"height":68,"mime-type":"image\/jpeg","filesize":13169,"url":"https:\/\/www.costadelsol-mallorca.com\/wp-content\/uploads\/2023\/03\/EneidaII_TipoA_cocinaampliada_web-150x68.jpg"},"modern-property-child-slider":{"file":"EneidaII_TipoA_cocinaampliada_web-680x510.jpg","width":680,"height":510,"mime-type":"image\/jpeg","filesize":73055,"url":"https:\/\/www.costadelsol-mallorca.com\/wp-content\/uploads\/2023\/03\/EneidaII_TipoA_cocinaampliada_web-680x510.jpg"},"property-thumb-image":{"file":"EneidaII_TipoA_cocinaampliada_web-488x326.jpg","width":488,"height":326,"mime-type":"image\/jpeg","filesize":41211,"url":"https:\/\/www.costadelsol-mallorca.com\/wp-content\/uploads\/2023\/03\/EneidaII_TipoA_cocinaampliada_web-488x326.jpg"},"property-detail-video-image":{"file":"EneidaII_TipoA_cocinaampliada_web-818x417.jpg","width":818,"height":417,"mime-type":"image\/jpeg","filesize":84190,"url":"https:\/\/www.costadelsol-mallorca.com\/wp-content\/uploads\/2023\/03\/EneidaII_TipoA_cocinaampliada_web-818x417.jpg"},"agent-image":{"file":"EneidaII_TipoA_cocinaampliada_web-210x210.jpg","width":210,"height":210,"mime-type":"image\/jpeg","filesize":20600,"url":"https:\/\/www.costadelsol-mallorca.com\/wp-content\/uploads\/2023\/03\/EneidaII_TipoA_cocinaampliada_web-210x210.jpg"},"partners-logo":{"file":"EneidaII_TipoA_cocinaampliada_web-600x650.jpg","width":600,"height":650,"mime-type":"image\/jpeg","filesize":88239,"url":"https:\/\/www.costadelsol-mallorca.com\/wp-content\/uploads\/2023\/03\/EneidaII_TipoA_cocinaampliada_web-600x650.jpg"},"post-featured-image":{"file":"EneidaII_TipoA_cocinaampliada_web-1240x650.jpg","width":1240,"height":650,"mime-type":"image\/jpeg","filesize":179103,"url":"https:\/\/www.costadelsol-mallorca.com\/wp-content\/uploads\/2023\/03\/EneidaII_TipoA_cocinaampliada_web-1240x650.jpg"}},"image_meta":{"aperture":"0","credit":"","camera":"","caption":"","created_timestamp":"0","copyright":"","focal_length":"0","iso":"0","shutter_speed":"0","title":"","orientation":"1","keywords":[]},"ID":"117472","name":"EneidaII_TipoA_cocinaampliada_web.jpg","path":"\/home\/ro\/web\/costadelsol-mallorca.com\/public_html\/wp-content\/uploads\/2023\/03\/EneidaII_TipoA_cocinaampliada_web.jpg","url":"https:\/\/www.costadelsol-mallorca.com\/wp-content\/uploads\/2023\/03\/EneidaII_TipoA_cocinaampliada_web-150x150.jpg","full_url":"https:\/\/www.costadelsol-mallorca.com\/wp-content\/uploads\/2023\/03\/EneidaII_TipoA_cocinaampliada_web.jpg","title":"EneidaII_TipoA_cocinaampliada_web","caption":"","description":"","alt":"","srcset":"https:\/\/www.costadelsol-mallorca.com\/wp-content\/uploads\/2023\/03\/EneidaII_TipoA_cocinaampliada_web-150x150.jpg 150w, https:\/\/www.costadelsol-mallorca.com\/wp-content\/uploads\/2023\/03\/EneidaII_TipoA_cocinaampliada_web-120x120.jpg 120w, https:\/\/www.costadelsol-mallorca.com\/wp-content\/uploads\/2023\/03\/EneidaII_TipoA_cocinaampliada_web-210x210.jpg 210w"},{"width":150,"height":150,"file":"2023\/03\/EneidaII_TipoA_salonindependiente_web.jpg","filesize":714388,"sizes":{"thumbnail":{"file":"EneidaII_TipoA_salonindependiente_web-150x150.jpg","width":150,"height":150,"mime-type":"image\/jpeg","filesize":16858,"url":"https:\/\/www.costadelsol-mallorca.com\/wp-content\/uploads\/2023\/03\/EneidaII_TipoA_salonindependiente_web-150x150.jpg"},"tf-client-image-size":{"file":"EneidaII_TipoA_salonindependiente_web-120x120.jpg","width":120,"height":120,"mime-type":"image\/jpeg","filesize":14059,"url":"https:\/\/www.costadelsol-mallorca.com\/wp-content\/uploads\/2023\/03\/EneidaII_TipoA_salonindependiente_web-120x120.jpg"},"post-thumbnail":{"file":"EneidaII_TipoA_salonindependiente_web-150x68.jpg","width":150,"height":68,"mime-type":"image\/jpeg","filesize":12877,"url":"https:\/\/www.costadelsol-mallorca.com\/wp-content\/uploads\/2023\/03\/EneidaII_TipoA_salonindependiente_web-150x68.jpg"},"modern-property-child-slider":{"file":"EneidaII_TipoA_salonindependiente_web-680x510.jpg","width":680,"height":510,"mime-type":"image\/jpeg","filesize":109360,"url":"https:\/\/www.costadelsol-mallorca.com\/wp-content\/uploads\/2023\/03\/EneidaII_TipoA_salonindependiente_web-680x510.jpg"},"property-thumb-image":{"file":"EneidaII_TipoA_salonindependiente_web-488x326.jpg","width":488,"height":326,"mime-type":"image\/jpeg","filesize":56431,"url":"https:\/\/www.costadelsol-mallorca.com\/wp-content\/uploads\/2023\/03\/EneidaII_TipoA_salonindependiente_web-488x326.jpg"},"property-detail-video-image":{"file":"EneidaII_TipoA_salonindependiente_web-818x417.jpg","width":818,"height":417,"mime-type":"image\/jpeg","filesize":106211,"url":"https:\/\/www.costadelsol-mallorca.com\/wp-content\/uploads\/2023\/03\/EneidaII_TipoA_salonindependiente_web-818x417.jpg"},"agent-image":{"file":"EneidaII_TipoA_salonindependiente_web-210x210.jpg","width":210,"height":210,"mime-type":"image\/jpeg","filesize":23915,"url":"https:\/\/www.costadelsol-mallorca.com\/wp-content\/uploads\/2023\/03\/EneidaII_TipoA_salonindependiente_web-210x210.jpg"},"partners-logo":{"file":"EneidaII_TipoA_salonindependiente_web-600x650.jpg","width":600,"height":650,"mime-type":"image\/jpeg","filesize":136206,"url":"https:\/\/www.costadelsol-mallorca.com\/wp-content\/uploads\/2023\/03\/EneidaII_TipoA_salonindependiente_web-600x650.jpg"},"post-featured-image":{"file":"EneidaII_TipoA_salonindependiente_web-1240x650.jpg","width":1240,"height":650,"mime-type":"image\/jpeg","filesize":255232,"url":"https:\/\/www.costadelsol-mallorca.com\/wp-content\/uploads\/2023\/03\/EneidaII_TipoA_salonindependiente_web-1240x650.jpg"}},"image_meta":{"aperture":"0","credit":"","camera":"","caption":"","created_timestamp":"0","copyright":"","focal_length":"0","iso":"0","shutter_speed":"0","title":"","orientation":"1","keywords":[]},"ID":"117480","name":"EneidaII_TipoA_salonindependiente_web.jpg","path":"\/home\/ro\/web\/costadelsol-mallorca.com\/public_html\/wp-content\/uploads\/2023\/03\/EneidaII_TipoA_salonindependiente_web.jpg","url":"https:\/\/www.costadelsol-mallorca.com\/wp-content\/uploads\/2023\/03\/EneidaII_TipoA_salonindependiente_web-150x150.jpg","full_url":"https:\/\/www.costadelsol-mallorca.com\/wp-content\/uploads\/2023\/03\/EneidaII_TipoA_salonindependiente_web.jpg","title":"EneidaII_TipoA_salonindependiente_web","caption":"","description":"","alt":"","srcset":"https:\/\/www.costadelsol-mallorca.com\/wp-content\/uploads\/2023\/03\/EneidaII_TipoA_salonindependiente_web-150x150.jpg 150w, https:\/\/www.costadelsol-mallorca.com\/wp-content\/uploads\/2023\/03\/EneidaII_TipoA_salonindependiente_web-120x120.jpg 120w, https:\/\/www.costadelsol-mallorca.com\/wp-content\/uploads\/2023\/03\/EneidaII_TipoA_salonindependiente_web-210x210.jpg 210w"},{"width":150,"height":150,"file":"2023\/03\/EneidaII_TipoB_cocinaindependiente_web.jpg","filesize":652895,"sizes":{"thumbnail":{"file":"EneidaII_TipoB_cocinaindependiente_web-150x150.jpg","width":150,"height":150,"mime-type":"image\/jpeg","filesize":17124,"url":"https:\/\/www.costadelsol-mallorca.com\/wp-content\/uploads\/2023\/03\/EneidaII_TipoB_cocinaindependiente_web-150x150.jpg"},"tf-client-image-size":{"file":"EneidaII_TipoB_cocinaindependiente_web-120x120.jpg","width":120,"height":120,"mime-type":"image\/jpeg","filesize":14597,"url":"https:\/\/www.costadelsol-mallorca.com\/wp-content\/uploads\/2023\/03\/EneidaII_TipoB_cocinaindependiente_web-120x120.jpg"},"post-thumbnail":{"file":"EneidaII_TipoB_cocinaindependiente_web-150x68.jpg","width":150,"height":68,"mime-type":"image\/jpeg","filesize":13576,"url":"https:\/\/www.costadelsol-mallorca.com\/wp-content\/uploads\/2023\/03\/EneidaII_TipoB_cocinaindependiente_web-150x68.jpg"},"modern-property-child-slider":{"file":"EneidaII_TipoB_cocinaindependiente_web-680x510.jpg","width":680,"height":510,"mime-type":"image\/jpeg","filesize":94537,"url":"https:\/\/www.costadelsol-mallorca.com\/wp-content\/uploads\/2023\/03\/EneidaII_TipoB_cocinaindependiente_web-680x510.jpg"},"property-thumb-image":{"file":"EneidaII_TipoB_cocinaindependiente_web-488x326.jpg","width":488,"height":326,"mime-type":"image\/jpeg","filesize":52286,"url":"https:\/\/www.costadelsol-mallorca.com\/wp-content\/uploads\/2023\/03\/EneidaII_TipoB_cocinaindependiente_web-488x326.jpg"},"property-detail-video-image":{"file":"EneidaII_TipoB_cocinaindependiente_web-818x417.jpg","width":818,"height":417,"mime-type":"image\/jpeg","filesize":98176,"url":"https:\/\/www.costadelsol-mallorca.com\/wp-content\/uploads\/2023\/03\/EneidaII_TipoB_cocinaindependiente_web-818x417.jpg"},"agent-image":{"file":"EneidaII_TipoB_cocinaindependiente_web-210x210.jpg","width":210,"height":210,"mime-type":"image\/jpeg","filesize":23193,"url":"https:\/\/www.costadelsol-mallorca.com\/wp-content\/uploads\/2023\/03\/EneidaII_TipoB_cocinaindependiente_web-210x210.jpg"},"partners-logo":{"file":"EneidaII_TipoB_cocinaindependiente_web-600x650.jpg","width":600,"height":650,"mime-type":"image\/jpeg","filesize":109436,"url":"https:\/\/www.costadelsol-mallorca.com\/wp-content\/uploads\/2023\/03\/EneidaII_TipoB_cocinaindependiente_web-600x650.jpg"},"post-featured-image":{"file":"EneidaII_TipoB_cocinaindependiente_web-1240x650.jpg","width":1240,"height":650,"mime-type":"image\/jpeg","filesize":231294,"url":"https:\/\/www.costadelsol-mallorca.com\/wp-content\/uploads\/2023\/03\/EneidaII_TipoB_cocinaindependiente_web-1240x650.jpg"}},"image_meta":{"aperture":"0","credit":"","camera":"","caption":"","created_timestamp":"0","copyright":"","focal_length":"0","iso":"0","shutter_speed":"0","title":"","orientation":"1","keywords":[]},"ID":"117484","name":"EneidaII_TipoB_cocinaindependiente_web.jpg","path":"\/home\/ro\/web\/costadelsol-mallorca.com\/public_html\/wp-content\/uploads\/2023\/03\/EneidaII_TipoB_cocinaindependiente_web.jpg","url":"https:\/\/www.costadelsol-mallorca.com\/wp-content\/uploads\/2023\/03\/EneidaII_TipoB_cocinaindependiente_web-150x150.jpg","full_url":"https:\/\/www.costadelsol-mallorca.com\/wp-content\/uploads\/2023\/03\/EneidaII_TipoB_cocinaindependiente_web.jpg","title":"EneidaII_TipoB_cocinaindependiente_web","caption":"","description":"","alt":"","srcset":"https:\/\/www.costadelsol-mallorca.com\/wp-content\/uploads\/2023\/03\/EneidaII_TipoB_cocinaindependiente_web-150x150.jpg 150w, https:\/\/www.costadelsol-mallorca.com\/wp-content\/uploads\/2023\/03\/EneidaII_TipoB_cocinaindependiente_web-120x120.jpg 120w, https:\/\/www.costadelsol-mallorca.com\/wp-content\/uploads\/2023\/03\/EneidaII_TipoB_cocinaindependiente_web-210x210.jpg 210w"},{"width":150,"height":150,"file":"2023\/03\/EneidaII_TipoA_cocinaabierta_web.jpg","filesize":655731,"sizes":{"thumbnail":{"file":"EneidaII_TipoA_cocinaabierta_web-150x150.jpg","width":150,"height":150,"mime-type":"image\/jpeg","filesize":17573,"url":"https:\/\/www.costadelsol-mallorca.com\/wp-content\/uploads\/2023\/03\/EneidaII_TipoA_cocinaabierta_web-150x150.jpg"},"tf-client-image-size":{"file":"EneidaII_TipoA_cocinaabierta_web-120x120.jpg","width":120,"height":120,"mime-type":"image\/jpeg","filesize":14819,"url":"https:\/\/www.costadelsol-mallorca.com\/wp-content\/uploads\/2023\/03\/EneidaII_TipoA_cocinaabierta_web-120x120.jpg"},"post-thumbnail":{"file":"EneidaII_TipoA_cocinaabierta_web-150x68.jpg","width":150,"height":68,"mime-type":"image\/jpeg","filesize":13941,"url":"https:\/\/www.costadelsol-mallorca.com\/wp-content\/uploads\/2023\/03\/EneidaII_TipoA_cocinaabierta_web-150x68.jpg"},"modern-property-child-slider":{"file":"EneidaII_TipoA_cocinaabierta_web-680x510.jpg","width":680,"height":510,"mime-type":"image\/jpeg","filesize":105530,"url":"https:\/\/www.costadelsol-mallorca.com\/wp-content\/uploads\/2023\/03\/EneidaII_TipoA_cocinaabierta_web-680x510.jpg"},"property-thumb-image":{"file":"EneidaII_TipoA_cocinaabierta_web-488x326.jpg","width":488,"height":326,"mime-type":"image\/jpeg","filesize":57595,"url":"https:\/\/www.costadelsol-mallorca.com\/wp-content\/uploads\/2023\/03\/EneidaII_TipoA_cocinaabierta_web-488x326.jpg"},"property-detail-video-image":{"file":"EneidaII_TipoA_cocinaabierta_web-818x417.jpg","width":818,"height":417,"mime-type":"image\/jpeg","filesize":105191,"url":"https:\/\/www.costadelsol-mallorca.com\/wp-content\/uploads\/2023\/03\/EneidaII_TipoA_cocinaabierta_web-818x417.jpg"},"agent-image":{"file":"EneidaII_TipoA_cocinaabierta_web-210x210.jpg","width":210,"height":210,"mime-type":"image\/jpeg","filesize":24402,"url":"https:\/\/www.costadelsol-mallorca.com\/wp-content\/uploads\/2023\/03\/EneidaII_TipoA_cocinaabierta_web-210x210.jpg"},"partners-logo":{"file":"EneidaII_TipoA_cocinaabierta_web-600x650.jpg","width":600,"height":650,"mime-type":"image\/jpeg","filesize":126571,"url":"https:\/\/www.costadelsol-mallorca.com\/wp-content\/uploads\/2023\/03\/EneidaII_TipoA_cocinaabierta_web-600x650.jpg"},"post-featured-image":{"file":"EneidaII_TipoA_cocinaabierta_web-1240x650.jpg","width":1240,"height":650,"mime-type":"image\/jpeg","filesize":241537,"url":"https:\/\/www.costadelsol-mallorca.com\/wp-content\/uploads\/2023\/03\/EneidaII_TipoA_cocinaabierta_web-1240x650.jpg"}},"image_meta":{"aperture":"0","credit":"","camera":"","caption":"","created_timestamp":"0","copyright":"","focal_length":"0","iso":"0","shutter_speed":"0","title":"","orientation":"1","keywords":[]},"ID":"117468","name":"EneidaII_TipoA_cocinaabierta_web.jpg","path":"\/home\/ro\/web\/costadelsol-mallorca.com\/public_html\/wp-content\/uploads\/2023\/03\/EneidaII_TipoA_cocinaabierta_web.jpg","url":"https:\/\/www.costadelsol-mallorca.com\/wp-content\/uploads\/2023\/03\/EneidaII_TipoA_cocinaabierta_web-150x150.jpg","full_url":"https:\/\/www.costadelsol-mallorca.com\/wp-content\/uploads\/2023\/03\/EneidaII_TipoA_cocinaabierta_web.jpg","title":"EneidaII_TipoA_cocinaabierta_web","caption":"","description":"","alt":"","srcset":"https:\/\/www.costadelsol-mallorca.com\/wp-content\/uploads\/2023\/03\/EneidaII_TipoA_cocinaabierta_web-150x150.jpg 150w, https:\/\/www.costadelsol-mallorca.com\/wp-content\/uploads\/2023\/03\/EneidaII_TipoA_cocinaabierta_web-120x120.jpg 120w, https:\/\/www.costadelsol-mallorca.com\/wp-content\/uploads\/2023\/03\/EneidaII_TipoA_cocinaabierta_web-210x210.jpg 210w"},{"width":150,"height":150,"file":"2023\/03\/EneidaII_TipoB_salondiafano3_web.jpg","filesize":691103,"sizes":{"thumbnail":{"file":"EneidaII_TipoB_salondiafano3_web-150x150.jpg","width":150,"height":150,"mime-type":"image\/jpeg","filesize":17770,"url":"https:\/\/www.costadelsol-mallorca.com\/wp-content\/uploads\/2023\/03\/EneidaII_TipoB_salondiafano3_web-150x150.jpg"},"tf-client-image-size":{"file":"EneidaII_TipoB_salondiafano3_web-120x120.jpg","width":120,"height":120,"mime-type":"image\/jpeg","filesize":14965,"url":"https:\/\/www.costadelsol-mallorca.com\/wp-content\/uploads\/2023\/03\/EneidaII_TipoB_salondiafano3_web-120x120.jpg"},"post-thumbnail":{"file":"EneidaII_TipoB_salondiafano3_web-150x68.jpg","width":150,"height":68,"mime-type":"image\/jpeg","filesize":14290,"url":"https:\/\/www.costadelsol-mallorca.com\/wp-content\/uploads\/2023\/03\/EneidaII_TipoB_salondiafano3_web-150x68.jpg"},"modern-property-child-slider":{"file":"EneidaII_TipoB_salondiafano3_web-680x510.jpg","width":680,"height":510,"mime-type":"image\/jpeg","filesize":106987,"url":"https:\/\/www.costadelsol-mallorca.com\/wp-content\/uploads\/2023\/03\/EneidaII_TipoB_salondiafano3_web-680x510.jpg"},"property-thumb-image":{"file":"EneidaII_TipoB_salondiafano3_web-488x326.jpg","width":488,"height":326,"mime-type":"image\/jpeg","filesize":59668,"url":"https:\/\/www.costadelsol-mallorca.com\/wp-content\/uploads\/2023\/03\/EneidaII_TipoB_salondiafano3_web-488x326.jpg"},"property-detail-video-image":{"file":"EneidaII_TipoB_salondiafano3_web-818x417.jpg","width":818,"height":417,"mime-type":"image\/jpeg","filesize":117803,"url":"https:\/\/www.costadelsol-mallorca.com\/wp-content\/uploads\/2023\/03\/EneidaII_TipoB_salondiafano3_web-818x417.jpg"},"agent-image":{"file":"EneidaII_TipoB_salondiafano3_web-210x210.jpg","width":210,"height":210,"mime-type":"image\/jpeg","filesize":24633,"url":"https:\/\/www.costadelsol-mallorca.com\/wp-content\/uploads\/2023\/03\/EneidaII_TipoB_salondiafano3_web-210x210.jpg"},"partners-logo":{"file":"EneidaII_TipoB_salondiafano3_web-600x650.jpg","width":600,"height":650,"mime-type":"image\/jpeg","filesize":118329,"url":"https:\/\/www.costadelsol-mallorca.com\/wp-content\/uploads\/2023\/03\/EneidaII_TipoB_salondiafano3_web-600x650.jpg"},"post-featured-image":{"file":"EneidaII_TipoB_salondiafano3_web-1240x650.jpg","width":1240,"height":650,"mime-type":"image\/jpeg","filesize":267612,"url":"https:\/\/www.costadelsol-mallorca.com\/wp-content\/uploads\/2023\/03\/EneidaII_TipoB_salondiafano3_web-1240x650.jpg"}},"image_meta":{"aperture":"0","credit":"","camera":"","caption":"","created_timestamp":"0","copyright":"","focal_length":"0","iso":"0","shutter_speed":"0","title":"","orientation":"1","keywords":[]},"ID":"117504","name":"EneidaII_TipoB_salondiafano3_web.jpg","path":"\/home\/ro\/web\/costadelsol-mallorca.com\/public_html\/wp-content\/uploads\/2023\/03\/EneidaII_TipoB_salondiafano3_web.jpg","url":"https:\/\/www.costadelsol-mallorca.com\/wp-content\/uploads\/2023\/03\/EneidaII_TipoB_salondiafano3_web-150x150.jpg","full_url":"https:\/\/www.costadelsol-mallorca.com\/wp-content\/uploads\/2023\/03\/EneidaII_TipoB_salondiafano3_web.jpg","title":"EneidaII_TipoB_salondiafano3_web","caption":"","description":"","alt":"","srcset":"https:\/\/www.costadelsol-mallorca.com\/wp-content\/uploads\/2023\/03\/EneidaII_TipoB_salondiafano3_web-150x150.jpg 150w, https:\/\/www.costadelsol-mallorca.com\/wp-content\/uploads\/2023\/03\/EneidaII_TipoB_salondiafano3_web-120x120.jpg 120w, https:\/\/www.costadelsol-mallorca.com\/wp-content\/uploads\/2023\/03\/EneidaII_TipoB_salondiafano3_web-210x210.jpg 210w"},{"width":150,"height":150,"file":"2023\/03\/EneidaII_TipoB_salonindependiente_web.jpg","filesize":726429,"sizes":{"thumbnail":{"file":"EneidaII_TipoB_salonindependiente_web-150x150.jpg","width":150,"height":150,"mime-type":"image\/jpeg","filesize":20413,"url":"https:\/\/www.costadelsol-mallorca.com\/wp-content\/uploads\/2023\/03\/EneidaII_TipoB_salonindependiente_web-150x150.jpg"},"tf-client-image-size":{"file":"EneidaII_TipoB_salonindependiente_web-120x120.jpg","width":120,"height":120,"mime-type":"image\/jpeg","filesize":16972,"url":"https:\/\/www.costadelsol-mallorca.com\/wp-content\/uploads\/2023\/03\/EneidaII_TipoB_salonindependiente_web-120x120.jpg"},"post-thumbnail":{"file":"EneidaII_TipoB_salonindependiente_web-150x68.jpg","width":150,"height":68,"mime-type":"image\/jpeg","filesize":15632,"url":"https:\/\/www.costadelsol-mallorca.com\/wp-content\/uploads\/2023\/03\/EneidaII_TipoB_salonindependiente_web-150x68.jpg"},"modern-property-child-slider":{"file":"EneidaII_TipoB_salonindependiente_web-680x510.jpg","width":680,"height":510,"mime-type":"image\/jpeg","filesize":119140,"url":"https:\/\/www.costadelsol-mallorca.com\/wp-content\/uploads\/2023\/03\/EneidaII_TipoB_salonindependiente_web-680x510.jpg"},"property-thumb-image":{"file":"EneidaII_TipoB_salonindependiente_web-488x326.jpg","width":488,"height":326,"mime-type":"image\/jpeg","filesize":65183,"url":"https:\/\/www.costadelsol-mallorca.com\/wp-content\/uploads\/2023\/03\/EneidaII_TipoB_salonindependiente_web-488x326.jpg"},"property-detail-video-image":{"file":"EneidaII_TipoB_salonindependiente_web-818x417.jpg","width":818,"height":417,"mime-type":"image\/jpeg","filesize":119835,"url":"https:\/\/www.costadelsol-mallorca.com\/wp-content\/uploads\/2023\/03\/EneidaII_TipoB_salonindependiente_web-818x417.jpg"},"agent-image":{"file":"EneidaII_TipoB_salonindependiente_web-210x210.jpg","width":210,"height":210,"mime-type":"image\/jpeg","filesize":28454,"url":"https:\/\/www.costadelsol-mallorca.com\/wp-content\/uploads\/2023\/03\/EneidaII_TipoB_salonindependiente_web-210x210.jpg"},"partners-logo":{"file":"EneidaII_TipoB_salonindependiente_web-600x650.jpg","width":600,"height":650,"mime-type":"image\/jpeg","filesize":138886,"url":"https:\/\/www.costadelsol-mallorca.com\/wp-content\/uploads\/2023\/03\/EneidaII_TipoB_salonindependiente_web-600x650.jpg"},"post-featured-image":{"file":"EneidaII_TipoB_salonindependiente_web-1240x650.jpg","width":1240,"height":650,"mime-type":"image\/jpeg","filesize":276834,"url":"https:\/\/www.costadelsol-mallorca.com\/wp-content\/uploads\/2023\/03\/EneidaII_TipoB_salonindependiente_web-1240x650.jpg"}},"image_meta":{"aperture":"0","credit":"","camera":"","caption":"","created_timestamp":"0","copyright":"","focal_length":"0","iso":"0","shutter_speed":"0","title":"","orientation":"1","keywords":[]},"ID":"117508","name":"EneidaII_TipoB_salonindependiente_web.jpg","path":"\/home\/ro\/web\/costadelsol-mallorca.com\/public_html\/wp-content\/uploads\/2023\/03\/EneidaII_TipoB_salonindependiente_web.jpg","url":"https:\/\/www.costadelsol-mallorca.com\/wp-content\/uploads\/2023\/03\/EneidaII_TipoB_salonindependiente_web-150x150.jpg","full_url":"https:\/\/www.costadelsol-mallorca.com\/wp-content\/uploads\/2023\/03\/EneidaII_TipoB_salonindependiente_web.jpg","title":"EneidaII_TipoB_salonindependiente_web","caption":"","description":"","alt":"","srcset":"https:\/\/www.costadelsol-mallorca.com\/wp-content\/uploads\/2023\/03\/EneidaII_TipoB_salonindependiente_web-150x150.jpg 150w, https:\/\/www.costadelsol-mallorca.com\/wp-content\/uploads\/2023\/03\/EneidaII_TipoB_salonindependiente_web-120x120.jpg 120w, https:\/\/www.costadelsol-mallorca.com\/wp-content\/uploads\/2023\/03\/EneidaII_TipoB_salonindependiente_web-210x210.jpg 210w"},{"width":150,"height":150,"file":"2023\/03\/EneidaII_TipoB_salondiafano2_web.jpg","filesize":604675,"sizes":{"thumbnail":{"file":"EneidaII_TipoB_salondiafano2_web-150x150.jpg","width":150,"height":150,"mime-type":"image\/jpeg","filesize":16755,"url":"https:\/\/www.costadelsol-mallorca.com\/wp-content\/uploads\/2023\/03\/EneidaII_TipoB_salondiafano2_web-150x150.jpg"},"tf-client-image-size":{"file":"EneidaII_TipoB_salondiafano2_web-120x120.jpg","width":120,"height":120,"mime-type":"image\/jpeg","filesize":14086,"url":"https:\/\/www.costadelsol-mallorca.com\/wp-content\/uploads\/2023\/03\/EneidaII_TipoB_salondiafano2_web-120x120.jpg"},"post-thumbnail":{"file":"EneidaII_TipoB_salondiafano2_web-150x68.jpg","width":150,"height":68,"mime-type":"image\/jpeg","filesize":13789,"url":"https:\/\/www.costadelsol-mallorca.com\/wp-content\/uploads\/2023\/03\/EneidaII_TipoB_salondiafano2_web-150x68.jpg"},"modern-property-child-slider":{"file":"EneidaII_TipoB_salondiafano2_web-680x510.jpg","width":680,"height":510,"mime-type":"image\/jpeg","filesize":92169,"url":"https:\/\/www.costadelsol-mallorca.com\/wp-content\/uploads\/2023\/03\/EneidaII_TipoB_salondiafano2_web-680x510.jpg"},"property-thumb-image":{"file":"EneidaII_TipoB_salondiafano2_web-488x326.jpg","width":488,"height":326,"mime-type":"image\/jpeg","filesize":53227,"url":"https:\/\/www.costadelsol-mallorca.com\/wp-content\/uploads\/2023\/03\/EneidaII_TipoB_salondiafano2_web-488x326.jpg"},"property-detail-video-image":{"file":"EneidaII_TipoB_salondiafano2_web-818x417.jpg","width":818,"height":417,"mime-type":"image\/jpeg","filesize":100570,"url":"https:\/\/www.costadelsol-mallorca.com\/wp-content\/uploads\/2023\/03\/EneidaII_TipoB_salondiafano2_web-818x417.jpg"},"agent-image":{"file":"EneidaII_TipoB_salondiafano2_web-210x210.jpg","width":210,"height":210,"mime-type":"image\/jpeg","filesize":22980,"url":"https:\/\/www.costadelsol-mallorca.com\/wp-content\/uploads\/2023\/03\/EneidaII_TipoB_salondiafano2_web-210x210.jpg"},"partners-logo":{"file":"EneidaII_TipoB_salondiafano2_web-600x650.jpg","width":600,"height":650,"mime-type":"image\/jpeg","filesize":105468,"url":"https:\/\/www.costadelsol-mallorca.com\/wp-content\/uploads\/2023\/03\/EneidaII_TipoB_salondiafano2_web-600x650.jpg"},"post-featured-image":{"file":"EneidaII_TipoB_salondiafano2_web-1240x650.jpg","width":1240,"height":650,"mime-type":"image\/jpeg","filesize":223961,"url":"https:\/\/www.costadelsol-mallorca.com\/wp-content\/uploads\/2023\/03\/EneidaII_TipoB_salondiafano2_web-1240x650.jpg"}},"image_meta":{"aperture":"0","credit":"","camera":"","caption":"","created_timestamp":"0","copyright":"","focal_length":"0","iso":"0","shutter_speed":"0","title":"","orientation":"1","keywords":[]},"ID":"117500","name":"EneidaII_TipoB_salondiafano2_web.jpg","path":"\/home\/ro\/web\/costadelsol-mallorca.com\/public_html\/wp-content\/uploads\/2023\/03\/EneidaII_TipoB_salondiafano2_web.jpg","url":"https:\/\/www.costadelsol-mallorca.com\/wp-content\/uploads\/2023\/03\/EneidaII_TipoB_salondiafano2_web-150x150.jpg","full_url":"https:\/\/www.costadelsol-mallorca.com\/wp-content\/uploads\/2023\/03\/EneidaII_TipoB_salondiafano2_web.jpg","title":"EneidaII_TipoB_salondiafano2_web","caption":"","description":"","alt":"","srcset":"https:\/\/www.costadelsol-mallorca.com\/wp-content\/uploads\/2023\/03\/EneidaII_TipoB_salondiafano2_web-150x150.jpg 150w, https:\/\/www.costadelsol-mallorca.com\/wp-content\/uploads\/2023\/03\/EneidaII_TipoB_salondiafano2_web-120x120.jpg 120w, https:\/\/www.costadelsol-mallorca.com\/wp-content\/uploads\/2023\/03\/EneidaII_TipoB_salondiafano2_web-210x210.jpg 210w"},{"width":150,"height":150,"file":"2023\/03\/EneidaII_TipoB_despacho_web.jpg","filesize":600262,"sizes":{"thumbnail":{"file":"EneidaII_TipoB_despacho_web-150x150.jpg","width":150,"height":150,"mime-type":"image\/jpeg","filesize":15328,"url":"https:\/\/www.costadelsol-mallorca.com\/wp-content\/uploads\/2023\/03\/EneidaII_TipoB_despacho_web-150x150.jpg"},"tf-client-image-size":{"file":"EneidaII_TipoB_despacho_web-120x120.jpg","width":120,"height":120,"mime-type":"image\/jpeg","filesize":13033,"url":"https:\/\/www.costadelsol-mallorca.com\/wp-content\/uploads\/2023\/03\/EneidaII_TipoB_despacho_web-120x120.jpg"},"post-thumbnail":{"file":"EneidaII_TipoB_despacho_web-150x68.jpg","width":150,"height":68,"mime-type":"image\/jpeg","filesize":11875,"url":"https:\/\/www.costadelsol-mallorca.com\/wp-content\/uploads\/2023\/03\/EneidaII_TipoB_despacho_web-150x68.jpg"},"modern-property-child-slider":{"file":"EneidaII_TipoB_despacho_web-680x510.jpg","width":680,"height":510,"mime-type":"image\/jpeg","filesize":87781,"url":"https:\/\/www.costadelsol-mallorca.com\/wp-content\/uploads\/2023\/03\/EneidaII_TipoB_despacho_web-680x510.jpg"},"property-thumb-image":{"file":"EneidaII_TipoB_despacho_web-488x326.jpg","width":488,"height":326,"mime-type":"image\/jpeg","filesize":46703,"url":"https:\/\/www.costadelsol-mallorca.com\/wp-content\/uploads\/2023\/03\/EneidaII_TipoB_despacho_web-488x326.jpg"},"property-detail-video-image":{"file":"EneidaII_TipoB_despacho_web-818x417.jpg","width":818,"height":417,"mime-type":"image\/jpeg","filesize":90581,"url":"https:\/\/www.costadelsol-mallorca.com\/wp-content\/uploads\/2023\/03\/EneidaII_TipoB_despacho_web-818x417.jpg"},"agent-image":{"file":"EneidaII_TipoB_despacho_web-210x210.jpg","width":210,"height":210,"mime-type":"image\/jpeg","filesize":21302,"url":"https:\/\/www.costadelsol-mallorca.com\/wp-content\/uploads\/2023\/03\/EneidaII_TipoB_despacho_web-210x210.jpg"},"partners-logo":{"file":"EneidaII_TipoB_despacho_web-600x650.jpg","width":600,"height":650,"mime-type":"image\/jpeg","filesize":108996,"url":"https:\/\/www.costadelsol-mallorca.com\/wp-content\/uploads\/2023\/03\/EneidaII_TipoB_despacho_web-600x650.jpg"},"post-featured-image":{"file":"EneidaII_TipoB_despacho_web-1240x650.jpg","width":1240,"height":650,"mime-type":"image\/jpeg","filesize":206590,"url":"https:\/\/www.costadelsol-mallorca.com\/wp-content\/uploads\/2023\/03\/EneidaII_TipoB_despacho_web-1240x650.jpg"}},"image_meta":{"aperture":"0","credit":"","camera":"","caption":"","created_timestamp":"0","copyright":"","focal_length":"0","iso":"0","shutter_speed":"0","title":"","orientation":"1","keywords":[]},"ID":"117488","name":"EneidaII_TipoB_despacho_web.jpg","path":"\/home\/ro\/web\/costadelsol-mallorca.com\/public_html\/wp-content\/uploads\/2023\/03\/EneidaII_TipoB_despacho_web.jpg","url":"https:\/\/www.costadelsol-mallorca.com\/wp-content\/uploads\/2023\/03\/EneidaII_TipoB_despacho_web-150x150.jpg","full_url":"https:\/\/www.costadelsol-mallorca.com\/wp-content\/uploads\/2023\/03\/EneidaII_TipoB_despacho_web.jpg","title":"EneidaII_TipoB_despacho_web","caption":"","description":"","alt":"","srcset":"https:\/\/www.costadelsol-mallorca.com\/wp-content\/uploads\/2023\/03\/EneidaII_TipoB_despacho_web-150x150.jpg 150w, https:\/\/www.costadelsol-mallorca.com\/wp-content\/uploads\/2023\/03\/EneidaII_TipoB_despacho_web-120x120.jpg 120w, https:\/\/www.costadelsol-mallorca.com\/wp-content\/uploads\/2023\/03\/EneidaII_TipoB_despacho_web-210x210.jpg 210w"},{"width":150,"height":150,"file":"2023\/03\/EneidaII_TipoB_salondiafano1_web.jpg","filesize":630049,"sizes":{"thumbnail":{"file":"EneidaII_TipoB_salondiafano1_web-150x150.jpg","width":150,"height":150,"mime-type":"image\/jpeg","filesize":16449,"url":"https:\/\/www.costadelsol-mallorca.com\/wp-content\/uploads\/2023\/03\/EneidaII_TipoB_salondiafano1_web-150x150.jpg"},"tf-client-image-size":{"file":"EneidaII_TipoB_salondiafano1_web-120x120.jpg","width":120,"height":120,"mime-type":"image\/jpeg","filesize":13813,"url":"https:\/\/www.costadelsol-mallorca.com\/wp-content\/uploads\/2023\/03\/EneidaII_TipoB_salondiafano1_web-120x120.jpg"},"post-thumbnail":{"file":"EneidaII_TipoB_salondiafano1_web-150x68.jpg","width":150,"height":68,"mime-type":"image\/jpeg","filesize":13021,"url":"https:\/\/www.costadelsol-mallorca.com\/wp-content\/uploads\/2023\/03\/EneidaII_TipoB_salondiafano1_web-150x68.jpg"},"modern-property-child-slider":{"file":"EneidaII_TipoB_salondiafano1_web-680x510.jpg","width":680,"height":510,"mime-type":"image\/jpeg","filesize":99416,"url":"https:\/\/www.costadelsol-mallorca.com\/wp-content\/uploads\/2023\/03\/EneidaII_TipoB_salondiafano1_web-680x510.jpg"},"property-thumb-image":{"file":"EneidaII_TipoB_salondiafano1_web-488x326.jpg","width":488,"height":326,"mime-type":"image\/jpeg","filesize":54505,"url":"https:\/\/www.costadelsol-mallorca.com\/wp-content\/uploads\/2023\/03\/EneidaII_TipoB_salondiafano1_web-488x326.jpg"},"property-detail-video-image":{"file":"EneidaII_TipoB_salondiafano1_web-818x417.jpg","width":818,"height":417,"mime-type":"image\/jpeg","filesize":100945,"url":"https:\/\/www.costadelsol-mallorca.com\/wp-content\/uploads\/2023\/03\/EneidaII_TipoB_salondiafano1_web-818x417.jpg"},"agent-image":{"file":"EneidaII_TipoB_salondiafano1_web-210x210.jpg","width":210,"height":210,"mime-type":"image\/jpeg","filesize":22712,"url":"https:\/\/www.costadelsol-mallorca.com\/wp-content\/uploads\/2023\/03\/EneidaII_TipoB_salondiafano1_web-210x210.jpg"},"partners-logo":{"file":"EneidaII_TipoB_salondiafano1_web-600x650.jpg","width":600,"height":650,"mime-type":"image\/jpeg","filesize":115511,"url":"https:\/\/www.costadelsol-mallorca.com\/wp-content\/uploads\/2023\/03\/EneidaII_TipoB_salondiafano1_web-600x650.jpg"},"post-featured-image":{"file":"EneidaII_TipoB_salondiafano1_web-1240x650.jpg","width":1240,"height":650,"mime-type":"image\/jpeg","filesize":234005,"url":"https:\/\/www.costadelsol-mallorca.com\/wp-content\/uploads\/2023\/03\/EneidaII_TipoB_salondiafano1_web-1240x650.jpg"}},"image_meta":{"aperture":"0","credit":"","camera":"","caption":"","created_timestamp":"0","copyright":"","focal_length":"0","iso":"0","shutter_speed":"0","title":"","orientation":"1","keywords":[]},"ID":"117496","name":"EneidaII_TipoB_salondiafano1_web.jpg","path":"\/home\/ro\/web\/costadelsol-mallorca.com\/public_html\/wp-content\/uploads\/2023\/03\/EneidaII_TipoB_salondiafano1_web.jpg","url":"https:\/\/www.costadelsol-mallorca.com\/wp-content\/uploads\/2023\/03\/EneidaII_TipoB_salondiafano1_web-150x150.jpg","full_url":"https:\/\/www.costadelsol-mallorca.com\/wp-content\/uploads\/2023\/03\/EneidaII_TipoB_salondiafano1_web.jpg","title":"EneidaII_TipoB_salondiafano1_web","caption":"","description":"","alt":"","srcset":"https:\/\/www.costadelsol-mallorca.com\/wp-content\/uploads\/2023\/03\/EneidaII_TipoB_salondiafano1_web-150x150.jpg 150w, https:\/\/www.costadelsol-mallorca.com\/wp-content\/uploads\/2023\/03\/EneidaII_TipoB_salondiafano1_web-120x120.jpg 120w, https:\/\/www.costadelsol-mallorca.com\/wp-content\/uploads\/2023\/03\/EneidaII_TipoB_salondiafano1_web-210x210.jpg 210w"},{"width":150,"height":150,"file":"2023\/03\/EneidaII_tipoB_dormitorioppal_web.jpg","filesize":566987,"sizes":{"thumbnail":{"file":"EneidaII_tipoB_dormitorioppal_web-150x150.jpg","width":150,"height":150,"mime-type":"image\/jpeg","filesize":15117,"url":"https:\/\/www.costadelsol-mallorca.com\/wp-content\/uploads\/2023\/03\/EneidaII_tipoB_dormitorioppal_web-150x150.jpg"},"tf-client-image-size":{"file":"EneidaII_tipoB_dormitorioppal_web-120x120.jpg","width":120,"height":120,"mime-type":"image\/jpeg","filesize":12738,"url":"https:\/\/www.costadelsol-mallorca.com\/wp-content\/uploads\/2023\/03\/EneidaII_tipoB_dormitorioppal_web-120x120.jpg"},"post-thumbnail":{"file":"EneidaII_tipoB_dormitorioppal_web-150x68.jpg","width":150,"height":68,"mime-type":"image\/jpeg","filesize":12049,"url":"https:\/\/www.costadelsol-mallorca.com\/wp-content\/uploads\/2023\/03\/EneidaII_tipoB_dormitorioppal_web-150x68.jpg"},"modern-property-child-slider":{"file":"EneidaII_tipoB_dormitorioppal_web-680x510.jpg","width":680,"height":510,"mime-type":"image\/jpeg","filesize":90634,"url":"https:\/\/www.costadelsol-mallorca.com\/wp-content\/uploads\/2023\/03\/EneidaII_tipoB_dormitorioppal_web-680x510.jpg"},"property-thumb-image":{"file":"EneidaII_tipoB_dormitorioppal_web-488x326.jpg","width":488,"height":326,"mime-type":"image\/jpeg","filesize":48666,"url":"https:\/\/www.costadelsol-mallorca.com\/wp-content\/uploads\/2023\/03\/EneidaII_tipoB_dormitorioppal_web-488x326.jpg"},"property-detail-video-image":{"file":"EneidaII_tipoB_dormitorioppal_web-818x417.jpg","width":818,"height":417,"mime-type":"image\/jpeg","filesize":90113,"url":"https:\/\/www.costadelsol-mallorca.com\/wp-content\/uploads\/2023\/03\/EneidaII_tipoB_dormitorioppal_web-818x417.jpg"},"agent-image":{"file":"EneidaII_tipoB_dormitorioppal_web-210x210.jpg","width":210,"height":210,"mime-type":"image\/jpeg","filesize":20817,"url":"https:\/\/www.costadelsol-mallorca.com\/wp-content\/uploads\/2023\/03\/EneidaII_tipoB_dormitorioppal_web-210x210.jpg"},"partners-logo":{"file":"EneidaII_tipoB_dormitorioppal_web-600x650.jpg","width":600,"height":650,"mime-type":"image\/jpeg","filesize":103621,"url":"https:\/\/www.costadelsol-mallorca.com\/wp-content\/uploads\/2023\/03\/EneidaII_tipoB_dormitorioppal_web-600x650.jpg"},"post-featured-image":{"file":"EneidaII_tipoB_dormitorioppal_web-1240x650.jpg","width":1240,"height":650,"mime-type":"image\/jpeg","filesize":203825,"url":"https:\/\/www.costadelsol-mallorca.com\/wp-content\/uploads\/2023\/03\/EneidaII_tipoB_dormitorioppal_web-1240x650.jpg"}},"image_meta":{"aperture":"0","credit":"","camera":"","caption":"","created_timestamp":"0","copyright":"","focal_length":"0","iso":"0","shutter_speed":"0","title":"","orientation":"1","keywords":[]},"ID":"117492","name":"EneidaII_tipoB_dormitorioppal_web.jpg","path":"\/home\/ro\/web\/costadelsol-mallorca.com\/public_html\/wp-content\/uploads\/2023\/03\/EneidaII_tipoB_dormitorioppal_web.jpg","url":"https:\/\/www.costadelsol-mallorca.com\/wp-content\/uploads\/2023\/03\/EneidaII_tipoB_dormitorioppal_web-150x150.jpg","full_url":"https:\/\/www.costadelsol-mallorca.com\/wp-content\/uploads\/2023\/03\/EneidaII_tipoB_dormitorioppal_web.jpg","title":"EneidaII_tipoB_dormitorioppal_web","caption":"","description":"","alt":"","srcset":"https:\/\/www.costadelsol-mallorca.com\/wp-content\/uploads\/2023\/03\/EneidaII_tipoB_dormitorioppal_web-150x150.jpg 150w, https:\/\/www.costadelsol-mallorca.com\/wp-content\/uploads\/2023\/03\/EneidaII_tipoB_dormitorioppal_web-120x120.jpg 120w, https:\/\/www.costadelsol-mallorca.com\/wp-content\/uploads\/2023\/03\/EneidaII_tipoB_dormitorioppal_web-210x210.jpg 210w"},{"width":150,"height":150,"file":"2023\/03\/EneidaII_TipoA_DormitorioPpal_web.jpg","filesize":630560,"sizes":{"thumbnail":{"file":"EneidaII_TipoA_DormitorioPpal_web-150x150.jpg","width":150,"height":150,"mime-type":"image\/jpeg","filesize":15038,"url":"https:\/\/www.costadelsol-mallorca.com\/wp-content\/uploads\/2023\/03\/EneidaII_TipoA_DormitorioPpal_web-150x150.jpg"},"tf-client-image-size":{"file":"EneidaII_TipoA_DormitorioPpal_web-120x120.jpg","width":120,"height":120,"mime-type":"image\/jpeg","filesize":12695,"url":"https:\/\/www.costadelsol-mallorca.com\/wp-content\/uploads\/2023\/03\/EneidaII_TipoA_DormitorioPpal_web-120x120.jpg"},"post-thumbnail":{"file":"EneidaII_TipoA_DormitorioPpal_web-150x68.jpg","width":150,"height":68,"mime-type":"image\/jpeg","filesize":12483,"url":"https:\/\/www.costadelsol-mallorca.com\/wp-content\/uploads\/2023\/03\/EneidaII_TipoA_DormitorioPpal_web-150x68.jpg"},"modern-property-child-slider":{"file":"EneidaII_TipoA_DormitorioPpal_web-680x510.jpg","width":680,"height":510,"mime-type":"image\/jpeg","filesize":89335,"url":"https:\/\/www.costadelsol-mallorca.com\/wp-content\/uploads\/2023\/03\/EneidaII_TipoA_DormitorioPpal_web-680x510.jpg"},"property-thumb-image":{"file":"EneidaII_TipoA_DormitorioPpal_web-488x326.jpg","width":488,"height":326,"mime-type":"image\/jpeg","filesize":49336,"url":"https:\/\/www.costadelsol-mallorca.com\/wp-content\/uploads\/2023\/03\/EneidaII_TipoA_DormitorioPpal_web-488x326.jpg"},"property-detail-video-image":{"file":"EneidaII_TipoA_DormitorioPpal_web-818x417.jpg","width":818,"height":417,"mime-type":"image\/jpeg","filesize":92907,"url":"https:\/\/www.costadelsol-mallorca.com\/wp-content\/uploads\/2023\/03\/EneidaII_TipoA_DormitorioPpal_web-818x417.jpg"},"agent-image":{"file":"EneidaII_TipoA_DormitorioPpal_web-210x210.jpg","width":210,"height":210,"mime-type":"image\/jpeg","filesize":20614,"url":"https:\/\/www.costadelsol-mallorca.com\/wp-content\/uploads\/2023\/03\/EneidaII_TipoA_DormitorioPpal_web-210x210.jpg"},"partners-logo":{"file":"EneidaII_TipoA_DormitorioPpal_web-600x650.jpg","width":600,"height":650,"mime-type":"image\/jpeg","filesize":99035,"url":"https:\/\/www.costadelsol-mallorca.com\/wp-content\/uploads\/2023\/03\/EneidaII_TipoA_DormitorioPpal_web-600x650.jpg"},"post-featured-image":{"file":"EneidaII_TipoA_DormitorioPpal_web-1240x650.jpg","width":1240,"height":650,"mime-type":"image\/jpeg","filesize":214860,"url":"https:\/\/www.costadelsol-mallorca.com\/wp-content\/uploads\/2023\/03\/EneidaII_TipoA_DormitorioPpal_web-1240x650.jpg"}},"image_meta":{"aperture":"0","credit":"","camera":"","caption":"","created_timestamp":"0","copyright":"","focal_length":"0","iso":"0","shutter_speed":"0","title":"","orientation":"1","keywords":[]},"ID":"117476","name":"EneidaII_TipoA_DormitorioPpal_web.jpg","path":"\/home\/ro\/web\/costadelsol-mallorca.com\/public_html\/wp-content\/uploads\/2023\/03\/EneidaII_TipoA_DormitorioPpal_web.jpg","url":"https:\/\/www.costadelsol-mallorca.com\/wp-content\/uploads\/2023\/03\/EneidaII_TipoA_DormitorioPpal_web-150x150.jpg","full_url":"https:\/\/www.costadelsol-mallorca.com\/wp-content\/uploads\/2023\/03\/EneidaII_TipoA_DormitorioPpal_web.jpg","title":"EneidaII_TipoA_DormitorioPpal_web","caption":"","description":"","alt":"","srcset":"https:\/\/www.costadelsol-mallorca.com\/wp-content\/uploads\/2023\/03\/EneidaII_TipoA_DormitorioPpal_web-150x150.jpg 150w, https:\/\/www.costadelsol-mallorca.com\/wp-content\/uploads\/2023\/03\/EneidaII_TipoA_DormitorioPpal_web-120x120.jpg 120w, https:\/\/www.costadelsol-mallorca.com\/wp-content\/uploads\/2023\/03\/EneidaII_TipoA_DormitorioPpal_web-210x210.jpg 210w"},{"width":150,"height":150,"file":"2023\/03\/EneidaII_TipoA_BanoPpal_web.jpg","filesize":593978,"sizes":{"thumbnail":{"file":"EneidaII_TipoA_BanoPpal_web-150x150.jpg","width":150,"height":150,"mime-type":"image\/jpeg","filesize":15564,"url":"https:\/\/www.costadelsol-mallorca.com\/wp-content\/uploads\/2023\/03\/EneidaII_TipoA_BanoPpal_web-150x150.jpg"},"tf-client-image-size":{"file":"EneidaII_TipoA_BanoPpal_web-120x120.jpg","width":120,"height":120,"mime-type":"image\/jpeg","filesize":13530,"url":"https:\/\/www.costadelsol-mallorca.com\/wp-content\/uploads\/2023\/03\/EneidaII_TipoA_BanoPpal_web-120x120.jpg"},"post-thumbnail":{"file":"EneidaII_TipoA_BanoPpal_web-150x68.jpg","width":150,"height":68,"mime-type":"image\/jpeg","filesize":12409,"url":"https:\/\/www.costadelsol-mallorca.com\/wp-content\/uploads\/2023\/03\/EneidaII_TipoA_BanoPpal_web-150x68.jpg"},"modern-property-child-slider":{"file":"EneidaII_TipoA_BanoPpal_web-680x510.jpg","width":680,"height":510,"mime-type":"image\/jpeg","filesize":86783,"url":"https:\/\/www.costadelsol-mallorca.com\/wp-content\/uploads\/2023\/03\/EneidaII_TipoA_BanoPpal_web-680x510.jpg"},"property-thumb-image":{"file":"EneidaII_TipoA_BanoPpal_web-488x326.jpg","width":488,"height":326,"mime-type":"image\/jpeg","filesize":45790,"url":"https:\/\/www.costadelsol-mallorca.com\/wp-content\/uploads\/2023\/03\/EneidaII_TipoA_BanoPpal_web-488x326.jpg"},"property-detail-video-image":{"file":"EneidaII_TipoA_BanoPpal_web-818x417.jpg","width":818,"height":417,"mime-type":"image\/jpeg","filesize":86710,"url":"https:\/\/www.costadelsol-mallorca.com\/wp-content\/uploads\/2023\/03\/EneidaII_TipoA_BanoPpal_web-818x417.jpg"},"agent-image":{"file":"EneidaII_TipoA_BanoPpal_web-210x210.jpg","width":210,"height":210,"mime-type":"image\/jpeg","filesize":20761,"url":"https:\/\/www.costadelsol-mallorca.com\/wp-content\/uploads\/2023\/03\/EneidaII_TipoA_BanoPpal_web-210x210.jpg"},"partners-logo":{"file":"EneidaII_TipoA_BanoPpal_web-600x650.jpg","width":600,"height":650,"mime-type":"image\/jpeg","filesize":104730,"url":"https:\/\/www.costadelsol-mallorca.com\/wp-content\/uploads\/2023\/03\/EneidaII_TipoA_BanoPpal_web-600x650.jpg"},"post-featured-image":{"file":"EneidaII_TipoA_BanoPpal_web-1240x650.jpg","width":1240,"height":650,"mime-type":"image\/jpeg","filesize":204117,"url":"https:\/\/www.costadelsol-mallorca.com\/wp-content\/uploads\/2023\/03\/EneidaII_TipoA_BanoPpal_web-1240x650.jpg"}},"image_meta":{"aperture":"0","credit":"","camera":"","caption":"","created_timestamp":"0","copyright":"","focal_length":"0","iso":"0","shutter_speed":"0","title":"","orientation":"1","keywords":[]},"ID":"117464","name":"EneidaII_TipoA_BanoPpal_web.jpg","path":"\/home\/ro\/web\/costadelsol-mallorca.com\/public_html\/wp-content\/uploads\/2023\/03\/EneidaII_TipoA_BanoPpal_web.jpg","url":"https:\/\/www.costadelsol-mallorca.com\/wp-content\/uploads\/2023\/03\/EneidaII_TipoA_BanoPpal_web-150x150.jpg","full_url":"https:\/\/www.costadelsol-mallorca.com\/wp-content\/uploads\/2023\/03\/EneidaII_TipoA_BanoPpal_web.jpg","title":"EneidaII_TipoA_Ba\u00f1oPpal_web","caption":"","description":"","alt":"","srcset":"https:\/\/www.costadelsol-mallorca.com\/wp-content\/uploads\/2023\/03\/EneidaII_TipoA_BanoPpal_web-150x150.jpg 150w, https:\/\/www.costadelsol-mallorca.com\/wp-content\/uploads\/2023\/03\/EneidaII_TipoA_BanoPpal_web-120x120.jpg 120w, https:\/\/www.costadelsol-mallorca.com\/wp-content\/uploads\/2023\/03\/EneidaII_TipoA_BanoPpal_web-210x210.jpg 210w"},{"width":150,"height":150,"file":"2023\/03\/EneidaII_Tipo-B_solarium_web.jpg","filesize":797274,"sizes":{"thumbnail":{"file":"EneidaII_Tipo-B_solarium_web-150x150.jpg","width":150,"height":150,"mime-type":"image\/jpeg","filesize":17670,"url":"https:\/\/www.costadelsol-mallorca.com\/wp-content\/uploads\/2023\/03\/EneidaII_Tipo-B_solarium_web-150x150.jpg"},"tf-client-image-size":{"file":"EneidaII_Tipo-B_solarium_web-120x120.jpg","width":120,"height":120,"mime-type":"image\/jpeg","filesize":14929,"url":"https:\/\/www.costadelsol-mallorca.com\/wp-content\/uploads\/2023\/03\/EneidaII_Tipo-B_solarium_web-120x120.jpg"},"post-thumbnail":{"file":"EneidaII_Tipo-B_solarium_web-150x68.jpg","width":150,"height":68,"mime-type":"image\/jpeg","filesize":14605,"url":"https:\/\/www.costadelsol-mallorca.com\/wp-content\/uploads\/2023\/03\/EneidaII_Tipo-B_solarium_web-150x68.jpg"},"modern-property-child-slider":{"file":"EneidaII_Tipo-B_solarium_web-680x510.jpg","width":680,"height":510,"mime-type":"image\/jpeg","filesize":108759,"url":"https:\/\/www.costadelsol-mallorca.com\/wp-content\/uploads\/2023\/03\/EneidaII_Tipo-B_solarium_web-680x510.jpg"},"property-thumb-image":{"file":"EneidaII_Tipo-B_solarium_web-488x326.jpg","width":488,"height":326,"mime-type":"image\/jpeg","filesize":57996,"url":"https:\/\/www.costadelsol-mallorca.com\/wp-content\/uploads\/2023\/03\/EneidaII_Tipo-B_solarium_web-488x326.jpg"},"property-detail-video-image":{"file":"EneidaII_Tipo-B_solarium_web-818x417.jpg","width":818,"height":417,"mime-type":"image\/jpeg","filesize":120730,"url":"https:\/\/www.costadelsol-mallorca.com\/wp-content\/uploads\/2023\/03\/EneidaII_Tipo-B_solarium_web-818x417.jpg"},"agent-image":{"file":"EneidaII_Tipo-B_solarium_web-210x210.jpg","width":210,"height":210,"mime-type":"image\/jpeg","filesize":24098,"url":"https:\/\/www.costadelsol-mallorca.com\/wp-content\/uploads\/2023\/03\/EneidaII_Tipo-B_solarium_web-210x210.jpg"},"partners-logo":{"file":"EneidaII_Tipo-B_solarium_web-600x650.jpg","width":600,"height":650,"mime-type":"image\/jpeg","filesize":128084,"url":"https:\/\/www.costadelsol-mallorca.com\/wp-content\/uploads\/2023\/03\/EneidaII_Tipo-B_solarium_web-600x650.jpg"},"post-featured-image":{"file":"EneidaII_Tipo-B_solarium_web-1240x650.jpg","width":1240,"height":650,"mime-type":"image\/jpeg","filesize":296599,"url":"https:\/\/www.costadelsol-mallorca.com\/wp-content\/uploads\/2023\/03\/EneidaII_Tipo-B_solarium_web-1240x650.jpg"}},"image_meta":{"aperture":"0","credit":"","camera":"","caption":"","created_timestamp":"0","copyright":"","focal_length":"0","iso":"0","shutter_speed":"0","title":"","orientation":"1","keywords":[]},"ID":"117460","name":"EneidaII_Tipo-B_solarium_web.jpg","path":"\/home\/ro\/web\/costadelsol-mallorca.com\/public_html\/wp-content\/uploads\/2023\/03\/EneidaII_Tipo-B_solarium_web.jpg","url":"https:\/\/www.costadelsol-mallorca.com\/wp-content\/uploads\/2023\/03\/EneidaII_Tipo-B_solarium_web-150x150.jpg","full_url":"https:\/\/www.costadelsol-mallorca.com\/wp-content\/uploads\/2023\/03\/EneidaII_Tipo-B_solarium_web.jpg","title":"EneidaII_Tipo B_solarium_web","caption":"","description":"","alt":"","srcset":"https:\/\/www.costadelsol-mallorca.com\/wp-content\/uploads\/2023\/03\/EneidaII_Tipo-B_solarium_web-150x150.jpg 150w, https:\/\/www.costadelsol-mallorca.com\/wp-content\/uploads\/2023\/03\/EneidaII_Tipo-B_solarium_web-120x120.jpg 120w, https:\/\/www.costadelsol-mallorca.com\/wp-content\/uploads\/2023\/03\/EneidaII_Tipo-B_solarium_web-210x210.jpg 210w"},{"width":150,"height":150,"file":"2023\/03\/EneidaII_Tipo-B-2_web.jpg","filesize":700355,"sizes":{"thumbnail":{"file":"EneidaII_Tipo-B-2_web-150x150.jpg","width":150,"height":150,"mime-type":"image\/jpeg","filesize":18276,"url":"https:\/\/www.costadelsol-mallorca.com\/wp-content\/uploads\/2023\/03\/EneidaII_Tipo-B-2_web-150x150.jpg"},"tf-client-image-size":{"file":"EneidaII_Tipo-B-2_web-120x120.jpg","width":120,"height":120,"mime-type":"image\/jpeg","filesize":15203,"url":"https:\/\/www.costadelsol-mallorca.com\/wp-content\/uploads\/2023\/03\/EneidaII_Tipo-B-2_web-120x120.jpg"},"post-thumbnail":{"file":"EneidaII_Tipo-B-2_web-150x68.jpg","width":150,"height":68,"mime-type":"image\/jpeg","filesize":13702,"url":"https:\/\/www.costadelsol-mallorca.com\/wp-content\/uploads\/2023\/03\/EneidaII_Tipo-B-2_web-150x68.jpg"},"modern-property-child-slider":{"file":"EneidaII_Tipo-B-2_web-680x510.jpg","width":680,"height":510,"mime-type":"image\/jpeg","filesize":105315,"url":"https:\/\/www.costadelsol-mallorca.com\/wp-content\/uploads\/2023\/03\/EneidaII_Tipo-B-2_web-680x510.jpg"},"property-thumb-image":{"file":"EneidaII_Tipo-B-2_web-488x326.jpg","width":488,"height":326,"mime-type":"image\/jpeg","filesize":56926,"url":"https:\/\/www.costadelsol-mallorca.com\/wp-content\/uploads\/2023\/03\/EneidaII_Tipo-B-2_web-488x326.jpg"},"property-detail-video-image":{"file":"EneidaII_Tipo-B-2_web-818x417.jpg","width":818,"height":417,"mime-type":"image\/jpeg","filesize":106727,"url":"https:\/\/www.costadelsol-mallorca.com\/wp-content\/uploads\/2023\/03\/EneidaII_Tipo-B-2_web-818x417.jpg"},"agent-image":{"file":"EneidaII_Tipo-B-2_web-210x210.jpg","width":210,"height":210,"mime-type":"image\/jpeg","filesize":25428,"url":"https:\/\/www.costadelsol-mallorca.com\/wp-content\/uploads\/2023\/03\/EneidaII_Tipo-B-2_web-210x210.jpg"},"partners-logo":{"file":"EneidaII_Tipo-B-2_web-600x650.jpg","width":600,"height":650,"mime-type":"image\/jpeg","filesize":127303,"url":"https:\/\/www.costadelsol-mallorca.com\/wp-content\/uploads\/2023\/03\/EneidaII_Tipo-B-2_web-600x650.jpg"},"post-featured-image":{"file":"EneidaII_Tipo-B-2_web-1240x650.jpg","width":1240,"height":650,"mime-type":"image\/jpeg","filesize":249228,"url":"https:\/\/www.costadelsol-mallorca.com\/wp-content\/uploads\/2023\/03\/EneidaII_Tipo-B-2_web-1240x650.jpg"}},"image_meta":{"aperture":"0","credit":"","camera":"","caption":"","created_timestamp":"0","copyright":"","focal_length":"0","iso":"0","shutter_speed":"0","title":"","orientation":"1","keywords":[]},"ID":"117452","name":"EneidaII_Tipo-B-2_web.jpg","path":"\/home\/ro\/web\/costadelsol-mallorca.com\/public_html\/wp-content\/uploads\/2023\/03\/EneidaII_Tipo-B-2_web.jpg","url":"https:\/\/www.costadelsol-mallorca.com\/wp-content\/uploads\/2023\/03\/EneidaII_Tipo-B-2_web-150x150.jpg","full_url":"https:\/\/www.costadelsol-mallorca.com\/wp-content\/uploads\/2023\/03\/EneidaII_Tipo-B-2_web.jpg","title":"EneidaII_Tipo B 2_web","caption":"","description":"","alt":"","srcset":"https:\/\/www.costadelsol-mallorca.com\/wp-content\/uploads\/2023\/03\/EneidaII_Tipo-B-2_web-150x150.jpg 150w, https:\/\/www.costadelsol-mallorca.com\/wp-content\/uploads\/2023\/03\/EneidaII_Tipo-B-2_web-120x120.jpg 120w, https:\/\/www.costadelsol-mallorca.com\/wp-content\/uploads\/2023\/03\/EneidaII_Tipo-B-2_web-210x210.jpg 210w"},{"width":150,"height":150,"file":"2023\/03\/EneidaII_Tipo-B-3_web.jpg","filesize":785275,"sizes":{"thumbnail":{"file":"EneidaII_Tipo-B-3_web-150x150.jpg","width":150,"height":150,"mime-type":"image\/jpeg","filesize":17688,"url":"https:\/\/www.costadelsol-mallorca.com\/wp-content\/uploads\/2023\/03\/EneidaII_Tipo-B-3_web-150x150.jpg"},"tf-client-image-size":{"file":"EneidaII_Tipo-B-3_web-120x120.jpg","width":120,"height":120,"mime-type":"image\/jpeg","filesize":14667,"url":"https:\/\/www.costadelsol-mallorca.com\/wp-content\/uploads\/2023\/03\/EneidaII_Tipo-B-3_web-120x120.jpg"},"post-thumbnail":{"file":"EneidaII_Tipo-B-3_web-150x68.jpg","width":150,"height":68,"mime-type":"image\/jpeg","filesize":14042,"url":"https:\/\/www.costadelsol-mallorca.com\/wp-content\/uploads\/2023\/03\/EneidaII_Tipo-B-3_web-150x68.jpg"},"modern-property-child-slider":{"file":"EneidaII_Tipo-B-3_web-680x510.jpg","width":680,"height":510,"mime-type":"image\/jpeg","filesize":113385,"url":"https:\/\/www.costadelsol-mallorca.com\/wp-content\/uploads\/2023\/03\/EneidaII_Tipo-B-3_web-680x510.jpg"},"property-thumb-image":{"file":"EneidaII_Tipo-B-3_web-488x326.jpg","width":488,"height":326,"mime-type":"image\/jpeg","filesize":60562,"url":"https:\/\/www.costadelsol-mallorca.com\/wp-content\/uploads\/2023\/03\/EneidaII_Tipo-B-3_web-488x326.jpg"},"property-detail-video-image":{"file":"EneidaII_Tipo-B-3_web-818x417.jpg","width":818,"height":417,"mime-type":"image\/jpeg","filesize":115702,"url":"https:\/\/www.costadelsol-mallorca.com\/wp-content\/uploads\/2023\/03\/EneidaII_Tipo-B-3_web-818x417.jpg"},"agent-image":{"file":"EneidaII_Tipo-B-3_web-210x210.jpg","width":210,"height":210,"mime-type":"image\/jpeg","filesize":24376,"url":"https:\/\/www.costadelsol-mallorca.com\/wp-content\/uploads\/2023\/03\/EneidaII_Tipo-B-3_web-210x210.jpg"},"partners-logo":{"file":"EneidaII_Tipo-B-3_web-600x650.jpg","width":600,"height":650,"mime-type":"image\/jpeg","filesize":137141,"url":"https:\/\/www.costadelsol-mallorca.com\/wp-content\/uploads\/2023\/03\/EneidaII_Tipo-B-3_web-600x650.jpg"},"post-featured-image":{"file":"EneidaII_Tipo-B-3_web-1240x650.jpg","width":1240,"height":650,"mime-type":"image\/jpeg","filesize":285052,"url":"https:\/\/www.costadelsol-mallorca.com\/wp-content\/uploads\/2023\/03\/EneidaII_Tipo-B-3_web-1240x650.jpg"}},"image_meta":{"aperture":"0","credit":"","camera":"","caption":"","created_timestamp":"0","copyright":"","focal_length":"0","iso":"0","shutter_speed":"0","title":"","orientation":"1","keywords":[]},"ID":"117456","name":"EneidaII_Tipo-B-3_web.jpg","path":"\/home\/ro\/web\/costadelsol-mallorca.com\/public_html\/wp-content\/uploads\/2023\/03\/EneidaII_Tipo-B-3_web.jpg","url":"https:\/\/www.costadelsol-mallorca.com\/wp-content\/uploads\/2023\/03\/EneidaII_Tipo-B-3_web-150x150.jpg","full_url":"https:\/\/www.costadelsol-mallorca.com\/wp-content\/uploads\/2023\/03\/EneidaII_Tipo-B-3_web.jpg","title":"EneidaII_Tipo B 3_web","caption":"","description":"","alt":"","srcset":"https:\/\/www.costadelsol-mallorca.com\/wp-content\/uploads\/2023\/03\/EneidaII_Tipo-B-3_web-150x150.jpg 150w, https:\/\/www.costadelsol-mallorca.com\/wp-content\/uploads\/2023\/03\/EneidaII_Tipo-B-3_web-120x120.jpg 120w, https:\/\/www.costadelsol-mallorca.com\/wp-content\/uploads\/2023\/03\/EneidaII_Tipo-B-3_web-210x210.jpg 210w"},{"width":150,"height":150,"file":"2023\/03\/EneidaII_Tipo-A-3_web-1.jpg","filesize":791356,"sizes":{"thumbnail":{"file":"EneidaII_Tipo-A-3_web-1-150x150.jpg","width":150,"height":150,"mime-type":"image\/jpeg","filesize":17411,"url":"https:\/\/www.costadelsol-mallorca.com\/wp-content\/uploads\/2023\/03\/EneidaII_Tipo-A-3_web-1-150x150.jpg"},"tf-client-image-size":{"file":"EneidaII_Tipo-A-3_web-1-120x120.jpg","width":120,"height":120,"mime-type":"image\/jpeg","filesize":14717,"url":"https:\/\/www.costadelsol-mallorca.com\/wp-content\/uploads\/2023\/03\/EneidaII_Tipo-A-3_web-1-120x120.jpg"},"post-thumbnail":{"file":"EneidaII_Tipo-A-3_web-1-150x68.jpg","width":150,"height":68,"mime-type":"image\/jpeg","filesize":14068,"url":"https:\/\/www.costadelsol-mallorca.com\/wp-content\/uploads\/2023\/03\/EneidaII_Tipo-A-3_web-1-150x68.jpg"},"modern-property-child-slider":{"file":"EneidaII_Tipo-A-3_web-1-680x510.jpg","width":680,"height":510,"mime-type":"image\/jpeg","filesize":113664,"url":"https:\/\/www.costadelsol-mallorca.com\/wp-content\/uploads\/2023\/03\/EneidaII_Tipo-A-3_web-1-680x510.jpg"},"property-thumb-image":{"file":"EneidaII_Tipo-A-3_web-1-488x326.jpg","width":488,"height":326,"mime-type":"image\/jpeg","filesize":62149,"url":"https:\/\/www.costadelsol-mallorca.com\/wp-content\/uploads\/2023\/03\/EneidaII_Tipo-A-3_web-1-488x326.jpg"},"property-detail-video-image":{"file":"EneidaII_Tipo-A-3_web-1-818x417.jpg","width":818,"height":417,"mime-type":"image\/jpeg","filesize":122298,"url":"https:\/\/www.costadelsol-mallorca.com\/wp-content\/uploads\/2023\/03\/EneidaII_Tipo-A-3_web-1-818x417.jpg"},"agent-image":{"file":"EneidaII_Tipo-A-3_web-1-210x210.jpg","width":210,"height":210,"mime-type":"image\/jpeg","filesize":24391,"url":"https:\/\/www.costadelsol-mallorca.com\/wp-content\/uploads\/2023\/03\/EneidaII_Tipo-A-3_web-1-210x210.jpg"},"partners-logo":{"file":"EneidaII_Tipo-A-3_web-1-600x650.jpg","width":600,"height":650,"mime-type":"image\/jpeg","filesize":128577,"url":"https:\/\/www.costadelsol-mallorca.com\/wp-content\/uploads\/2023\/03\/EneidaII_Tipo-A-3_web-1-600x650.jpg"},"post-featured-image":{"file":"EneidaII_Tipo-A-3_web-1-1240x650.jpg","width":1240,"height":650,"mime-type":"image\/jpeg","filesize":296171,"url":"https:\/\/www.costadelsol-mallorca.com\/wp-content\/uploads\/2023\/03\/EneidaII_Tipo-A-3_web-1-1240x650.jpg"}},"image_meta":{"aperture":"0","credit":"","camera":"","caption":"","created_timestamp":"0","copyright":"","focal_length":"0","iso":"0","shutter_speed":"0","title":"","orientation":"1","keywords":[]},"ID":"117444","name":"EneidaII_Tipo-A-3_web-1.jpg","path":"\/home\/ro\/web\/costadelsol-mallorca.com\/public_html\/wp-content\/uploads\/2023\/03\/EneidaII_Tipo-A-3_web-1.jpg","url":"https:\/\/www.costadelsol-mallorca.com\/wp-content\/uploads\/2023\/03\/EneidaII_Tipo-A-3_web-1-150x150.jpg","full_url":"https:\/\/www.costadelsol-mallorca.com\/wp-content\/uploads\/2023\/03\/EneidaII_Tipo-A-3_web-1.jpg","title":"EneidaII_Tipo A 3_web","caption":"","description":"","alt":"","srcset":"https:\/\/www.costadelsol-mallorca.com\/wp-content\/uploads\/2023\/03\/EneidaII_Tipo-A-3_web-1-150x150.jpg 150w, https:\/\/www.costadelsol-mallorca.com\/wp-content\/uploads\/2023\/03\/EneidaII_Tipo-A-3_web-1-120x120.jpg 120w, https:\/\/www.costadelsol-mallorca.com\/wp-content\/uploads\/2023\/03\/EneidaII_Tipo-A-3_web-1-210x210.jpg 210w"},{"width":150,"height":150,"file":"2023\/03\/EneidaII_Tipo-B-1_web.jpg","filesize":861229,"sizes":{"thumbnail":{"file":"EneidaII_Tipo-B-1_web-150x150.jpg","width":150,"height":150,"mime-type":"image\/jpeg","filesize":17215,"url":"https:\/\/www.costadelsol-mallorca.com\/wp-content\/uploads\/2023\/03\/EneidaII_Tipo-B-1_web-150x150.jpg"},"tf-client-image-size":{"file":"EneidaII_Tipo-B-1_web-120x120.jpg","width":120,"height":120,"mime-type":"image\/jpeg","filesize":14287,"url":"https:\/\/www.costadelsol-mallorca.com\/wp-content\/uploads\/2023\/03\/EneidaII_Tipo-B-1_web-120x120.jpg"},"post-thumbnail":{"file":"EneidaII_Tipo-B-1_web-150x68.jpg","width":150,"height":68,"mime-type":"image\/jpeg","filesize":13586,"url":"https:\/\/www.costadelsol-mallorca.com\/wp-content\/uploads\/2023\/03\/EneidaII_Tipo-B-1_web-150x68.jpg"},"modern-property-child-slider":{"file":"EneidaII_Tipo-B-1_web-680x510.jpg","width":680,"height":510,"mime-type":"image\/jpeg","filesize":129978,"url":"https:\/\/www.costadelsol-mallorca.com\/wp-content\/uploads\/2023\/03\/EneidaII_Tipo-B-1_web-680x510.jpg"},"property-thumb-image":{"file":"EneidaII_Tipo-B-1_web-488x326.jpg","width":488,"height":326,"mime-type":"image\/jpeg","filesize":65445,"url":"https:\/\/www.costadelsol-mallorca.com\/wp-content\/uploads\/2023\/03\/EneidaII_Tipo-B-1_web-488x326.jpg"},"property-detail-video-image":{"file":"EneidaII_Tipo-B-1_web-818x417.jpg","width":818,"height":417,"mime-type":"image\/jpeg","filesize":133407,"url":"https:\/\/www.costadelsol-mallorca.com\/wp-content\/uploads\/2023\/03\/EneidaII_Tipo-B-1_web-818x417.jpg"},"agent-image":{"file":"EneidaII_Tipo-B-1_web-210x210.jpg","width":210,"height":210,"mime-type":"image\/jpeg","filesize":25172,"url":"https:\/\/www.costadelsol-mallorca.com\/wp-content\/uploads\/2023\/03\/EneidaII_Tipo-B-1_web-210x210.jpg"},"partners-logo":{"file":"EneidaII_Tipo-B-1_web-600x650.jpg","width":600,"height":650,"mime-type":"image\/jpeg","filesize":165265,"url":"https:\/\/www.costadelsol-mallorca.com\/wp-content\/uploads\/2023\/03\/EneidaII_Tipo-B-1_web-600x650.jpg"},"post-featured-image":{"file":"EneidaII_Tipo-B-1_web-1240x650.jpg","width":1240,"height":650,"mime-type":"image\/jpeg","filesize":336450,"url":"https:\/\/www.costadelsol-mallorca.com\/wp-content\/uploads\/2023\/03\/EneidaII_Tipo-B-1_web-1240x650.jpg"}},"image_meta":{"aperture":"0","credit":"","camera":"","caption":"","created_timestamp":"0","copyright":"","focal_length":"0","iso":"0","shutter_speed":"0","title":"","orientation":"1","keywords":[]},"ID":"117448","name":"EneidaII_Tipo-B-1_web.jpg","path":"\/home\/ro\/web\/costadelsol-mallorca.com\/public_html\/wp-content\/uploads\/2023\/03\/EneidaII_Tipo-B-1_web.jpg","url":"https:\/\/www.costadelsol-mallorca.com\/wp-content\/uploads\/2023\/03\/EneidaII_Tipo-B-1_web-150x150.jpg","full_url":"https:\/\/www.costadelsol-mallorca.com\/wp-content\/uploads\/2023\/03\/EneidaII_Tipo-B-1_web.jpg","title":"EneidaII_Tipo B 1_web","caption":"","description":"","alt":"","srcset":"https:\/\/www.costadelsol-mallorca.com\/wp-content\/uploads\/2023\/03\/EneidaII_Tipo-B-1_web-150x150.jpg 150w, https:\/\/www.costadelsol-mallorca.com\/wp-content\/uploads\/2023\/03\/EneidaII_Tipo-B-1_web-120x120.jpg 120w, https:\/\/www.costadelsol-mallorca.com\/wp-content\/uploads\/2023\/03\/EneidaII_Tipo-B-1_web-210x210.jpg 210w"},{"width":150,"height":150,"file":"2023\/03\/EneidaII_Tipo-A-1_web.jpg","filesize":663309,"sizes":{"thumbnail":{"file":"EneidaII_Tipo-A-1_web-150x150.jpg","width":150,"height":150,"mime-type":"image\/jpeg","filesize":14645,"url":"https:\/\/www.costadelsol-mallorca.com\/wp-content\/uploads\/2023\/03\/EneidaII_Tipo-A-1_web-150x150.jpg"},"tf-client-image-size":{"file":"EneidaII_Tipo-A-1_web-120x120.jpg","width":120,"height":120,"mime-type":"image\/jpeg","filesize":12604,"url":"https:\/\/www.costadelsol-mallorca.com\/wp-content\/uploads\/2023\/03\/EneidaII_Tipo-A-1_web-120x120.jpg"},"post-thumbnail":{"file":"EneidaII_Tipo-A-1_web-150x68.jpg","width":150,"height":68,"mime-type":"image\/jpeg","filesize":12653,"url":"https:\/\/www.costadelsol-mallorca.com\/wp-content\/uploads\/2023\/03\/EneidaII_Tipo-A-1_web-150x68.jpg"},"modern-property-child-slider":{"file":"EneidaII_Tipo-A-1_web-680x510.jpg","width":680,"height":510,"mime-type":"image\/jpeg","filesize":88026,"url":"https:\/\/www.costadelsol-mallorca.com\/wp-content\/uploads\/2023\/03\/EneidaII_Tipo-A-1_web-680x510.jpg"},"property-thumb-image":{"file":"EneidaII_Tipo-A-1_web-488x326.jpg","width":488,"height":326,"mime-type":"image\/jpeg","filesize":47528,"url":"https:\/\/www.costadelsol-mallorca.com\/wp-content\/uploads\/2023\/03\/EneidaII_Tipo-A-1_web-488x326.jpg"},"property-detail-video-image":{"file":"EneidaII_Tipo-A-1_web-818x417.jpg","width":818,"height":417,"mime-type":"image\/jpeg","filesize":96653,"url":"https:\/\/www.costadelsol-mallorca.com\/wp-content\/uploads\/2023\/03\/EneidaII_Tipo-A-1_web-818x417.jpg"},"agent-image":{"file":"EneidaII_Tipo-A-1_web-210x210.jpg","width":210,"height":210,"mime-type":"image\/jpeg","filesize":19733,"url":"https:\/\/www.costadelsol-mallorca.com\/wp-content\/uploads\/2023\/03\/EneidaII_Tipo-A-1_web-210x210.jpg"},"partners-logo":{"file":"EneidaII_Tipo-A-1_web-600x650.jpg","width":600,"height":650,"mime-type":"image\/jpeg","filesize":97847,"url":"https:\/\/www.costadelsol-mallorca.com\/wp-content\/uploads\/2023\/03\/EneidaII_Tipo-A-1_web-600x650.jpg"},"post-featured-image":{"file":"EneidaII_Tipo-A-1_web-1240x650.jpg","width":1240,"height":650,"mime-type":"image\/jpeg","filesize":243158,"url":"https:\/\/www.costadelsol-mallorca.com\/wp-content\/uploads\/2023\/03\/EneidaII_Tipo-A-1_web-1240x650.jpg"}},"image_meta":{"aperture":"0","credit":"","camera":"","caption":"","created_timestamp":"0","copyright":"","focal_length":"0","iso":"0","shutter_speed":"0","title":"","orientation":"1","keywords":[]},"ID":"117436","name":"EneidaII_Tipo-A-1_web.jpg","path":"\/home\/ro\/web\/costadelsol-mallorca.com\/public_html\/wp-content\/uploads\/2023\/03\/EneidaII_Tipo-A-1_web.jpg","url":"https:\/\/www.costadelsol-mallorca.com\/wp-content\/uploads\/2023\/03\/EneidaII_Tipo-A-1_web-150x150.jpg","full_url":"https:\/\/www.costadelsol-mallorca.com\/wp-content\/uploads\/2023\/03\/EneidaII_Tipo-A-1_web.jpg","title":"EneidaII_Tipo A 1_web","caption":"","description":"","alt":"","srcset":"https:\/\/www.costadelsol-mallorca.com\/wp-content\/uploads\/2023\/03\/EneidaII_Tipo-A-1_web-150x150.jpg 150w, https:\/\/www.costadelsol-mallorca.com\/wp-content\/uploads\/2023\/03\/EneidaII_Tipo-A-1_web-120x120.jpg 120w, https:\/\/www.costadelsol-mallorca.com\/wp-content\/uploads\/2023\/03\/EneidaII_Tipo-A-1_web-210x210.jpg 210w"}],"REAL_HOMES_change_gallery_slider_type":"0","REAL_HOMES_gallery_slider_type":"thumb-on-right","inspiry_floor_plans":[],"inspiry_video_group":[],"REAL_HOMES_360_virtual_tour":"","REAL_HOMES_agent_display_option":"none","REAL_HOMES_agents":[],"REAL_HOMES_energy_class":"none","REAL_HOMES_energy_performance":"","REAL_HOMES_epc_current_rating":"","REAL_HOMES_epc_potential_rating":"","ere_property_schedule_tour":"","ere_property_schedule_time_slots":"","ere_property_schedule_description":"","REAL_HOMES_sticky":"0","inspiry_property_label":"","inspiry_property_label_color":"","inspiry_property_tax":"0","inspiry_additional_fee":"0","REAL_HOMES_attachments":[],"inspiry_property_owner_name":"","inspiry_property_owner_contact":"","inspiry_property_owner_address":"","REAL_HOMES_property_private_note":"","inspiry_message_to_reviewer":"","REAL_HOMES_add_in_slider":"no","REAL_HOMES_slider_image":[],"REAL_HOMES_page_banner_image":[],"REAL_HOMES_hide_property_advance_search":"0","REAL_HOMES_hide_advance_search":"0","REAL_HOMES_custom_search_form":"default","REAL_HOMES_search_form_margin_top":"","REAL_HOMES_search_form_margin_bottom":""},"_links":{"self":[{"href":"https:\/\/www.costadelsol-mallorca.com\/es\/wp-json\/wp\/v2\/property\/117511","targetHints":{"allow":["GET"]}}],"collection":[{"href":"https:\/\/www.costadelsol-mallorca.com\/es\/wp-json\/wp\/v2\/property"}],"about":[{"href":"https:\/\/www.costadelsol-mallorca.com\/es\/wp-json\/wp\/v2\/types\/property"}],"author":[{"embeddable":true,"href":"https:\/\/www.costadelsol-mallorca.com\/es\/wp-json\/wp\/v2\/users\/1"}],"replies":[{"embeddable":true,"href":"https:\/\/www.costadelsol-mallorca.com\/es\/wp-json\/wp\/v2\/comments?post=117511"}],"version-history":[{"count":2,"href":"https:\/\/www.costadelsol-mallorca.com\/es\/wp-json\/wp\/v2\/property\/117511\/revisions"}],"predecessor-version":[{"id":117516,"href":"https:\/\/www.costadelsol-mallorca.com\/es\/wp-json\/wp\/v2\/property\/117511\/revisions\/117516"}],"wp:featuredmedia":[{"embeddable":true,"href":"https:\/\/www.costadelsol-mallorca.com\/es\/wp-json\/wp\/v2\/media\/117428"}],"wp:attachment":[{"href":"https:\/\/www.costadelsol-mallorca.com\/es\/wp-json\/wp\/v2\/media?parent=117511"}],"wp:term":[{"taxonomy":"property-feature","embeddable":true,"href":"https:\/\/www.costadelsol-mallorca.com\/es\/wp-json\/wp\/v2\/property-feature?post=117511"},{"taxonomy":"property-type","embeddable":true,"href":"https:\/\/www.costadelsol-mallorca.com\/es\/wp-json\/wp\/v2\/property-type?post=117511"},{"taxonomy":"property-city","embeddable":true,"href":"https:\/\/www.costadelsol-mallorca.com\/es\/wp-json\/wp\/v2\/property-city?post=117511"},{"taxonomy":"property-status","embeddable":true,"href":"https:\/\/www.costadelsol-mallorca.com\/es\/wp-json\/wp\/v2\/property-status?post=117511"}],"curies":[{"name":"wp","href":"https:\/\/api.w.org\/{rel}","templated":true}]}}