{"id":229423,"date":"2024-12-04T08:39:13","date_gmt":"2024-12-04T07:39:13","guid":{"rendered":"https:\/\/www.costadelsol-mallorca.com\/property\/san-pedro-de-alcantara-malaga-spain-hotel\/"},"modified":"2025-09-20T04:32:05","modified_gmt":"2025-09-20T02:32:05","slug":"san-pedro-de-alcantara-malaga-spain-hotel","status":"publish","type":"property","link":"https:\/\/www.costadelsol-mallorca.com\/es\/property\/san-pedro-de-alcantara-malaga-spain-hotel\/","title":{"rendered":"San Pedro de Alcantara, Malaga, Spain &#8211; Hotel"},"content":{"rendered":"<p>\u00aboportunidad de inversi\u00f3n&#xD;*** UBICACI\u00d3N UBICACI\u00d3N UBICACI\u00d3N ****&#xD;Para su posible uso comercial!&#xD;&#xD;\u00bb<\/p>\n","protected":false},"excerpt":{"rendered":"<p>\u00aboportunidad de inversi\u00f3n&#xD;*** UBICACI\u00d3N UBICACI\u00d3N UBICACI\u00d3N ****&#xD;Para su posible uso comercial!&#xD;&#xD;\u00bb<\/p>\n","protected":false},"author":0,"featured_media":221232,"parent":0,"menu_order":0,"comment_status":"open","ping_status":"open","template":"","property-feature":[1572,1573,1774,257,1543,1563,1564,1565,1566,1567,1569,1570,1571],"property-type":[1574],"property-city":[866,875,1575],"property-status":[],"aioseo_notices":[],"property_meta":{"REAL_HOMES_property_price":"1000000","REAL_HOMES_property_old_price":"","REAL_HOMES_property_price_prefix":"","REAL_HOMES_property_price_postfix":"","REAL_HOMES_property_size":"142","REAL_HOMES_property_size_postfix":"","REAL_HOMES_property_lot_size":"","REAL_HOMES_property_lot_size_postfix":"","REAL_HOMES_property_bedrooms":"6","REAL_HOMES_property_bathrooms":"2","REAL_HOMES_property_garage":"","REAL_HOMES_property_id":"MDL3328570","REAL_HOMES_property_year_built":"","REAL_HOMES_featured":"0","REAL_HOMES_additional_details_list":[["",""]],"REAL_HOMES_property_location":{"latitude":"36.4867665","longitude":"-4.9905743","zoom":""},"REAL_HOMES_property_address":"San Pedro de Alcantara, Malaga, Spain","REAL_HOMES_property_map":"0","REAL_HOMES_property_images":[{"width":150,"height":150,"file":"2025\/05\/bd15bdf6.jpg","filesize":282383,"sizes":{"thumbnail":{"file":"bd15bdf6-150x150.jpg","width":150,"height":150,"mime-type":"image\/jpeg","filesize":16485,"url":"https:\/\/www.costadelsol-mallorca.com\/wp-content\/uploads\/2025\/05\/bd15bdf6-150x150.jpg"},"tf-client-image-size":{"file":"bd15bdf6-120x120.jpg","width":120,"height":120,"mime-type":"image\/jpeg","filesize":10891,"url":"https:\/\/www.costadelsol-mallorca.com\/wp-content\/uploads\/2025\/05\/bd15bdf6-120x120.jpg"},"post-thumbnail":{"file":"bd15bdf6-150x100.jpg","width":150,"height":100,"mime-type":"image\/jpeg","filesize":13640,"url":"https:\/\/www.costadelsol-mallorca.com\/wp-content\/uploads\/2025\/05\/bd15bdf6-150x100.jpg"},"modern-property-child-slider":{"file":"bd15bdf6-680x510.jpg","width":680,"height":510,"mime-type":"image\/jpeg","filesize":224021,"url":"https:\/\/www.costadelsol-mallorca.com\/wp-content\/uploads\/2025\/05\/bd15bdf6-680x510.jpg"},"property-thumb-image":{"file":"bd15bdf6-488x326.jpg","width":488,"height":326,"mime-type":"image\/jpeg","filesize":111522,"url":"https:\/\/www.costadelsol-mallorca.com\/wp-content\/uploads\/2025\/05\/bd15bdf6-488x326.jpg"},"property-detail-video-image":{"file":"bd15bdf6-818x417.jpg","width":818,"height":417,"mime-type":"image\/jpeg","filesize":242029,"url":"https:\/\/www.costadelsol-mallorca.com\/wp-content\/uploads\/2025\/05\/bd15bdf6-818x417.jpg"},"agent-image":{"file":"bd15bdf6-210x210.jpg","width":210,"height":210,"mime-type":"image\/jpeg","filesize":30807,"url":"https:\/\/www.costadelsol-mallorca.com\/wp-content\/uploads\/2025\/05\/bd15bdf6-210x210.jpg"},"partners-logo":{"file":"bd15bdf6-600x800.jpg","width":600,"height":800,"mime-type":"image\/jpeg","filesize":274460,"url":"https:\/\/www.costadelsol-mallorca.com\/wp-content\/uploads\/2025\/05\/bd15bdf6-600x800.jpg"},"post-featured-image":{"file":"bd15bdf6-1200x720.jpg","width":1200,"height":720,"mime-type":"image\/jpeg","filesize":401002,"url":"https:\/\/www.costadelsol-mallorca.com\/wp-content\/uploads\/2025\/05\/bd15bdf6-1200x720.jpg"}},"image_meta":{"aperture":"0","credit":"","camera":"","caption":"","created_timestamp":"0","copyright":"","focal_length":"0","iso":"0","shutter_speed":"0","title":"","orientation":"0","keywords":[]},"ID":"221229","name":"bd15bdf6.jpg","path":"\/home\/ro\/web\/costadelsol-mallorca.com\/public_html\/wp-content\/uploads\/2025\/05\/bd15bdf6.jpg","url":"https:\/\/www.costadelsol-mallorca.com\/wp-content\/uploads\/2025\/05\/bd15bdf6-150x150.jpg","full_url":"https:\/\/www.costadelsol-mallorca.com\/wp-content\/uploads\/2025\/05\/bd15bdf6.jpg","title":"bd15bdf6","caption":"","description":"","alt":"","srcset":"https:\/\/www.costadelsol-mallorca.com\/wp-content\/uploads\/2025\/05\/bd15bdf6-150x150.jpg 150w, https:\/\/www.costadelsol-mallorca.com\/wp-content\/uploads\/2025\/05\/bd15bdf6-120x120.jpg 120w, https:\/\/www.costadelsol-mallorca.com\/wp-content\/uploads\/2025\/05\/bd15bdf6-210x210.jpg 210w"},{"width":150,"height":150,"file":"2025\/05\/6f454b04.jpg","filesize":292951,"sizes":{"thumbnail":{"file":"6f454b04-150x150.jpg","width":150,"height":150,"mime-type":"image\/jpeg","filesize":15284,"url":"https:\/\/www.costadelsol-mallorca.com\/wp-content\/uploads\/2025\/05\/6f454b04-150x150.jpg"},"tf-client-image-size":{"file":"6f454b04-120x120.jpg","width":120,"height":120,"mime-type":"image\/jpeg","filesize":10232,"url":"https:\/\/www.costadelsol-mallorca.com\/wp-content\/uploads\/2025\/05\/6f454b04-120x120.jpg"},"post-thumbnail":{"file":"6f454b04-150x100.jpg","width":150,"height":100,"mime-type":"image\/jpeg","filesize":11399,"url":"https:\/\/www.costadelsol-mallorca.com\/wp-content\/uploads\/2025\/05\/6f454b04-150x100.jpg"},"modern-property-child-slider":{"file":"6f454b04-680x510.jpg","width":680,"height":510,"mime-type":"image\/jpeg","filesize":225270,"url":"https:\/\/www.costadelsol-mallorca.com\/wp-content\/uploads\/2025\/05\/6f454b04-680x510.jpg"},"property-thumb-image":{"file":"6f454b04-488x326.jpg","width":488,"height":326,"mime-type":"image\/jpeg","filesize":102746,"url":"https:\/\/www.costadelsol-mallorca.com\/wp-content\/uploads\/2025\/05\/6f454b04-488x326.jpg"},"property-detail-video-image":{"file":"6f454b04-818x417.jpg","width":818,"height":417,"mime-type":"image\/jpeg","filesize":228556,"url":"https:\/\/www.costadelsol-mallorca.com\/wp-content\/uploads\/2025\/05\/6f454b04-818x417.jpg"},"agent-image":{"file":"6f454b04-210x210.jpg","width":210,"height":210,"mime-type":"image\/jpeg","filesize":29957,"url":"https:\/\/www.costadelsol-mallorca.com\/wp-content\/uploads\/2025\/05\/6f454b04-210x210.jpg"},"partners-logo":{"file":"6f454b04-600x800.jpg","width":600,"height":800,"mime-type":"image\/jpeg","filesize":321230,"url":"https:\/\/www.costadelsol-mallorca.com\/wp-content\/uploads\/2025\/05\/6f454b04-600x800.jpg"},"post-featured-image":{"file":"6f454b04-1200x720.jpg","width":1200,"height":720,"mime-type":"image\/jpeg","filesize":402871,"url":"https:\/\/www.costadelsol-mallorca.com\/wp-content\/uploads\/2025\/05\/6f454b04-1200x720.jpg"}},"image_meta":{"aperture":"0","credit":"","camera":"","caption":"","created_timestamp":"0","copyright":"","focal_length":"0","iso":"0","shutter_speed":"0","title":"","orientation":"0","keywords":[]},"ID":"221233","name":"6f454b04.jpg","path":"\/home\/ro\/web\/costadelsol-mallorca.com\/public_html\/wp-content\/uploads\/2025\/05\/6f454b04.jpg","url":"https:\/\/www.costadelsol-mallorca.com\/wp-content\/uploads\/2025\/05\/6f454b04-150x150.jpg","full_url":"https:\/\/www.costadelsol-mallorca.com\/wp-content\/uploads\/2025\/05\/6f454b04.jpg","title":"6f454b04","caption":"","description":"","alt":"","srcset":"https:\/\/www.costadelsol-mallorca.com\/wp-content\/uploads\/2025\/05\/6f454b04-150x150.jpg 150w, https:\/\/www.costadelsol-mallorca.com\/wp-content\/uploads\/2025\/05\/6f454b04-120x120.jpg 120w, https:\/\/www.costadelsol-mallorca.com\/wp-content\/uploads\/2025\/05\/6f454b04-210x210.jpg 210w"},{"width":150,"height":150,"file":"2025\/05\/1bee6342.jpg","filesize":272881,"sizes":{"thumbnail":{"file":"1bee6342-150x150.jpg","width":150,"height":150,"mime-type":"image\/jpeg","filesize":16395,"url":"https:\/\/www.costadelsol-mallorca.com\/wp-content\/uploads\/2025\/05\/1bee6342-150x150.jpg"},"tf-client-image-size":{"file":"1bee6342-120x120.jpg","width":120,"height":120,"mime-type":"image\/jpeg","filesize":10963,"url":"https:\/\/www.costadelsol-mallorca.com\/wp-content\/uploads\/2025\/05\/1bee6342-120x120.jpg"},"post-thumbnail":{"file":"1bee6342-150x100.jpg","width":150,"height":100,"mime-type":"image\/jpeg","filesize":12772,"url":"https:\/\/www.costadelsol-mallorca.com\/wp-content\/uploads\/2025\/05\/1bee6342-150x100.jpg"},"modern-property-child-slider":{"file":"1bee6342-680x510.jpg","width":680,"height":510,"mime-type":"image\/jpeg","filesize":213228,"url":"https:\/\/www.costadelsol-mallorca.com\/wp-content\/uploads\/2025\/05\/1bee6342-680x510.jpg"},"property-thumb-image":{"file":"1bee6342-488x326.jpg","width":488,"height":326,"mime-type":"image\/jpeg","filesize":103614,"url":"https:\/\/www.costadelsol-mallorca.com\/wp-content\/uploads\/2025\/05\/1bee6342-488x326.jpg"},"property-detail-video-image":{"file":"1bee6342-818x417.jpg","width":818,"height":417,"mime-type":"image\/jpeg","filesize":219855,"url":"https:\/\/www.costadelsol-mallorca.com\/wp-content\/uploads\/2025\/05\/1bee6342-818x417.jpg"},"agent-image":{"file":"1bee6342-210x210.jpg","width":210,"height":210,"mime-type":"image\/jpeg","filesize":30371,"url":"https:\/\/www.costadelsol-mallorca.com\/wp-content\/uploads\/2025\/05\/1bee6342-210x210.jpg"},"partners-logo":{"file":"1bee6342-600x800.jpg","width":600,"height":800,"mime-type":"image\/jpeg","filesize":261380,"url":"https:\/\/www.costadelsol-mallorca.com\/wp-content\/uploads\/2025\/05\/1bee6342-600x800.jpg"},"post-featured-image":{"file":"1bee6342-1200x720.jpg","width":1200,"height":720,"mime-type":"image\/jpeg","filesize":372493,"url":"https:\/\/www.costadelsol-mallorca.com\/wp-content\/uploads\/2025\/05\/1bee6342-1200x720.jpg"}},"image_meta":{"aperture":"0","credit":"","camera":"","caption":"","created_timestamp":"0","copyright":"","focal_length":"0","iso":"0","shutter_speed":"0","title":"","orientation":"0","keywords":[]},"ID":"221237","name":"1bee6342.jpg","path":"\/home\/ro\/web\/costadelsol-mallorca.com\/public_html\/wp-content\/uploads\/2025\/05\/1bee6342.jpg","url":"https:\/\/www.costadelsol-mallorca.com\/wp-content\/uploads\/2025\/05\/1bee6342-150x150.jpg","full_url":"https:\/\/www.costadelsol-mallorca.com\/wp-content\/uploads\/2025\/05\/1bee6342.jpg","title":"1bee6342","caption":"","description":"","alt":"","srcset":"https:\/\/www.costadelsol-mallorca.com\/wp-content\/uploads\/2025\/05\/1bee6342-150x150.jpg 150w, https:\/\/www.costadelsol-mallorca.com\/wp-content\/uploads\/2025\/05\/1bee6342-120x120.jpg 120w, https:\/\/www.costadelsol-mallorca.com\/wp-content\/uploads\/2025\/05\/1bee6342-210x210.jpg 210w"},{"width":150,"height":150,"file":"2025\/05\/4a33c725.jpg","filesize":274018,"sizes":{"thumbnail":{"file":"4a33c725-150x150.jpg","width":150,"height":150,"mime-type":"image\/jpeg","filesize":14580,"url":"https:\/\/www.costadelsol-mallorca.com\/wp-content\/uploads\/2025\/05\/4a33c725-150x150.jpg"},"tf-client-image-size":{"file":"4a33c725-120x120.jpg","width":120,"height":120,"mime-type":"image\/jpeg","filesize":9745,"url":"https:\/\/www.costadelsol-mallorca.com\/wp-content\/uploads\/2025\/05\/4a33c725-120x120.jpg"},"post-thumbnail":{"file":"4a33c725-150x100.jpg","width":150,"height":100,"mime-type":"image\/jpeg","filesize":11453,"url":"https:\/\/www.costadelsol-mallorca.com\/wp-content\/uploads\/2025\/05\/4a33c725-150x100.jpg"},"modern-property-child-slider":{"file":"4a33c725-680x510.jpg","width":680,"height":510,"mime-type":"image\/jpeg","filesize":205162,"url":"https:\/\/www.costadelsol-mallorca.com\/wp-content\/uploads\/2025\/05\/4a33c725-680x510.jpg"},"property-thumb-image":{"file":"4a33c725-488x326.jpg","width":488,"height":326,"mime-type":"image\/jpeg","filesize":97793,"url":"https:\/\/www.costadelsol-mallorca.com\/wp-content\/uploads\/2025\/05\/4a33c725-488x326.jpg"},"property-detail-video-image":{"file":"4a33c725-818x417.jpg","width":818,"height":417,"mime-type":"image\/jpeg","filesize":208404,"url":"https:\/\/www.costadelsol-mallorca.com\/wp-content\/uploads\/2025\/05\/4a33c725-818x417.jpg"},"agent-image":{"file":"4a33c725-210x210.jpg","width":210,"height":210,"mime-type":"image\/jpeg","filesize":28172,"url":"https:\/\/www.costadelsol-mallorca.com\/wp-content\/uploads\/2025\/05\/4a33c725-210x210.jpg"},"partners-logo":{"file":"4a33c725-600x800.jpg","width":600,"height":800,"mime-type":"image\/jpeg","filesize":297011,"url":"https:\/\/www.costadelsol-mallorca.com\/wp-content\/uploads\/2025\/05\/4a33c725-600x800.jpg"},"post-featured-image":{"file":"4a33c725-1200x720.jpg","width":1200,"height":720,"mime-type":"image\/jpeg","filesize":370117,"url":"https:\/\/www.costadelsol-mallorca.com\/wp-content\/uploads\/2025\/05\/4a33c725-1200x720.jpg"}},"image_meta":{"aperture":"0","credit":"","camera":"","caption":"","created_timestamp":"0","copyright":"","focal_length":"0","iso":"0","shutter_speed":"0","title":"","orientation":"0","keywords":[]},"ID":"221241","name":"4a33c725.jpg","path":"\/home\/ro\/web\/costadelsol-mallorca.com\/public_html\/wp-content\/uploads\/2025\/05\/4a33c725.jpg","url":"https:\/\/www.costadelsol-mallorca.com\/wp-content\/uploads\/2025\/05\/4a33c725-150x150.jpg","full_url":"https:\/\/www.costadelsol-mallorca.com\/wp-content\/uploads\/2025\/05\/4a33c725.jpg","title":"4a33c725","caption":"","description":"","alt":"","srcset":"https:\/\/www.costadelsol-mallorca.com\/wp-content\/uploads\/2025\/05\/4a33c725-150x150.jpg 150w, https:\/\/www.costadelsol-mallorca.com\/wp-content\/uploads\/2025\/05\/4a33c725-120x120.jpg 120w, https:\/\/www.costadelsol-mallorca.com\/wp-content\/uploads\/2025\/05\/4a33c725-210x210.jpg 210w"},{"width":150,"height":150,"file":"2025\/05\/21c3714c.jpg","filesize":471990,"sizes":{"thumbnail":{"file":"21c3714c-150x150.jpg","width":150,"height":150,"mime-type":"image\/jpeg","filesize":23217,"url":"https:\/\/www.costadelsol-mallorca.com\/wp-content\/uploads\/2025\/05\/21c3714c-150x150.jpg"},"tf-client-image-size":{"file":"21c3714c-120x120.jpg","width":120,"height":120,"mime-type":"image\/jpeg","filesize":15064,"url":"https:\/\/www.costadelsol-mallorca.com\/wp-content\/uploads\/2025\/05\/21c3714c-120x120.jpg"},"post-thumbnail":{"file":"21c3714c-150x100.jpg","width":150,"height":100,"mime-type":"image\/jpeg","filesize":16809,"url":"https:\/\/www.costadelsol-mallorca.com\/wp-content\/uploads\/2025\/05\/21c3714c-150x100.jpg"},"modern-property-child-slider":{"file":"21c3714c-680x510.jpg","width":680,"height":510,"mime-type":"image\/jpeg","filesize":341056,"url":"https:\/\/www.costadelsol-mallorca.com\/wp-content\/uploads\/2025\/05\/21c3714c-680x510.jpg"},"property-thumb-image":{"file":"21c3714c-488x326.jpg","width":488,"height":326,"mime-type":"image\/jpeg","filesize":159086,"url":"https:\/\/www.costadelsol-mallorca.com\/wp-content\/uploads\/2025\/05\/21c3714c-488x326.jpg"},"property-detail-video-image":{"file":"21c3714c-818x417.jpg","width":818,"height":417,"mime-type":"image\/jpeg","filesize":344805,"url":"https:\/\/www.costadelsol-mallorca.com\/wp-content\/uploads\/2025\/05\/21c3714c-818x417.jpg"},"agent-image":{"file":"21c3714c-210x210.jpg","width":210,"height":210,"mime-type":"image\/jpeg","filesize":45892,"url":"https:\/\/www.costadelsol-mallorca.com\/wp-content\/uploads\/2025\/05\/21c3714c-210x210.jpg"},"partners-logo":{"file":"21c3714c-600x800.jpg","width":600,"height":800,"mime-type":"image\/jpeg","filesize":502436,"url":"https:\/\/www.costadelsol-mallorca.com\/wp-content\/uploads\/2025\/05\/21c3714c-600x800.jpg"},"post-featured-image":{"file":"21c3714c-1200x720.jpg","width":1200,"height":720,"mime-type":"image\/jpeg","filesize":623408,"url":"https:\/\/www.costadelsol-mallorca.com\/wp-content\/uploads\/2025\/05\/21c3714c-1200x720.jpg"}},"image_meta":{"aperture":"0","credit":"","camera":"","caption":"","created_timestamp":"0","copyright":"","focal_length":"0","iso":"0","shutter_speed":"0","title":"","orientation":"0","keywords":[]},"ID":"221245","name":"21c3714c.jpg","path":"\/home\/ro\/web\/costadelsol-mallorca.com\/public_html\/wp-content\/uploads\/2025\/05\/21c3714c.jpg","url":"https:\/\/www.costadelsol-mallorca.com\/wp-content\/uploads\/2025\/05\/21c3714c-150x150.jpg","full_url":"https:\/\/www.costadelsol-mallorca.com\/wp-content\/uploads\/2025\/05\/21c3714c.jpg","title":"21c3714c","caption":"","description":"","alt":"","srcset":"https:\/\/www.costadelsol-mallorca.com\/wp-content\/uploads\/2025\/05\/21c3714c-150x150.jpg 150w, https:\/\/www.costadelsol-mallorca.com\/wp-content\/uploads\/2025\/05\/21c3714c-120x120.jpg 120w, https:\/\/www.costadelsol-mallorca.com\/wp-content\/uploads\/2025\/05\/21c3714c-210x210.jpg 210w"},{"width":150,"height":150,"file":"2025\/05\/ac185ff7.jpg","filesize":572798,"sizes":{"thumbnail":{"file":"ac185ff7-150x150.jpg","width":150,"height":150,"mime-type":"image\/jpeg","filesize":28759,"url":"https:\/\/www.costadelsol-mallorca.com\/wp-content\/uploads\/2025\/05\/ac185ff7-150x150.jpg"},"tf-client-image-size":{"file":"ac185ff7-120x120.jpg","width":120,"height":120,"mime-type":"image\/jpeg","filesize":18435,"url":"https:\/\/www.costadelsol-mallorca.com\/wp-content\/uploads\/2025\/05\/ac185ff7-120x120.jpg"},"post-thumbnail":{"file":"ac185ff7-150x100.jpg","width":150,"height":100,"mime-type":"image\/jpeg","filesize":19917,"url":"https:\/\/www.costadelsol-mallorca.com\/wp-content\/uploads\/2025\/05\/ac185ff7-150x100.jpg"},"modern-property-child-slider":{"file":"ac185ff7-680x510.jpg","width":680,"height":510,"mime-type":"image\/jpeg","filesize":425307,"url":"https:\/\/www.costadelsol-mallorca.com\/wp-content\/uploads\/2025\/05\/ac185ff7-680x510.jpg"},"property-thumb-image":{"file":"ac185ff7-488x326.jpg","width":488,"height":326,"mime-type":"image\/jpeg","filesize":197603,"url":"https:\/\/www.costadelsol-mallorca.com\/wp-content\/uploads\/2025\/05\/ac185ff7-488x326.jpg"},"property-detail-video-image":{"file":"ac185ff7-818x417.jpg","width":818,"height":417,"mime-type":"image\/jpeg","filesize":418048,"url":"https:\/\/www.costadelsol-mallorca.com\/wp-content\/uploads\/2025\/05\/ac185ff7-818x417.jpg"},"agent-image":{"file":"ac185ff7-210x210.jpg","width":210,"height":210,"mime-type":"image\/jpeg","filesize":56479,"url":"https:\/\/www.costadelsol-mallorca.com\/wp-content\/uploads\/2025\/05\/ac185ff7-210x210.jpg"},"partners-logo":{"file":"ac185ff7-600x800.jpg","width":600,"height":800,"mime-type":"image\/jpeg","filesize":599606,"url":"https:\/\/www.costadelsol-mallorca.com\/wp-content\/uploads\/2025\/05\/ac185ff7-600x800.jpg"},"post-featured-image":{"file":"ac185ff7-1200x720.jpg","width":1200,"height":720,"mime-type":"image\/jpeg","filesize":762715,"url":"https:\/\/www.costadelsol-mallorca.com\/wp-content\/uploads\/2025\/05\/ac185ff7-1200x720.jpg"}},"image_meta":{"aperture":"0","credit":"","camera":"","caption":"","created_timestamp":"0","copyright":"","focal_length":"0","iso":"0","shutter_speed":"0","title":"","orientation":"0","keywords":[]},"ID":"221249","name":"ac185ff7.jpg","path":"\/home\/ro\/web\/costadelsol-mallorca.com\/public_html\/wp-content\/uploads\/2025\/05\/ac185ff7.jpg","url":"https:\/\/www.costadelsol-mallorca.com\/wp-content\/uploads\/2025\/05\/ac185ff7-150x150.jpg","full_url":"https:\/\/www.costadelsol-mallorca.com\/wp-content\/uploads\/2025\/05\/ac185ff7.jpg","title":"ac185ff7","caption":"","description":"","alt":"","srcset":"https:\/\/www.costadelsol-mallorca.com\/wp-content\/uploads\/2025\/05\/ac185ff7-150x150.jpg 150w, https:\/\/www.costadelsol-mallorca.com\/wp-content\/uploads\/2025\/05\/ac185ff7-120x120.jpg 120w, https:\/\/www.costadelsol-mallorca.com\/wp-content\/uploads\/2025\/05\/ac185ff7-210x210.jpg 210w"}],"REAL_HOMES_change_gallery_slider_type":"","REAL_HOMES_gallery_slider_type":"thumb-on-right","inspiry_floor_plans":[],"inspiry_video_group":[],"REAL_HOMES_360_virtual_tour":"","REAL_HOMES_tour_video_url":"","REAL_HOMES_tour_video_image":[],"REAL_HOMES_agent_display_option":"agent_info","REAL_HOMES_agents":[],"REAL_HOMES_energy_class":"","REAL_HOMES_energy_performance":"","REAL_HOMES_epc_current_rating":"","REAL_HOMES_epc_potential_rating":"","REAL_HOMES_sticky":"","inspiry_property_label":"","inspiry_property_label_color":"","inspiry_property_tax":"","inspiry_additional_fee":"","REAL_HOMES_attachments":[],"inspiry_property_owner_name":"","inspiry_property_owner_contact":"","inspiry_property_owner_address":"","REAL_HOMES_property_private_note":"","inspiry_message_to_reviewer":"","REAL_HOMES_add_in_slider":"no","REAL_HOMES_slider_image":[],"REAL_HOMES_page_banner_image":[],"REAL_HOMES_hide_property_advance_search":"","REAL_HOMES_hide_advance_search":"","REAL_HOMES_custom_search_form":"","REAL_HOMES_search_form_margin_top":"","REAL_HOMES_search_form_margin_bottom":""},"_links":{"self":[{"href":"https:\/\/www.costadelsol-mallorca.com\/es\/wp-json\/wp\/v2\/property\/229423"}],"collection":[{"href":"https:\/\/www.costadelsol-mallorca.com\/es\/wp-json\/wp\/v2\/property"}],"about":[{"href":"https:\/\/www.costadelsol-mallorca.com\/es\/wp-json\/wp\/v2\/types\/property"}],"replies":[{"embeddable":true,"href":"https:\/\/www.costadelsol-mallorca.com\/es\/wp-json\/wp\/v2\/comments?post=229423"}],"version-history":[{"count":0,"href":"https:\/\/www.costadelsol-mallorca.com\/es\/wp-json\/wp\/v2\/property\/229423\/revisions"}],"wp:featuredmedia":[{"embeddable":true,"href":"https:\/\/www.costadelsol-mallorca.com\/es\/wp-json\/wp\/v2\/media\/221232"}],"wp:attachment":[{"href":"https:\/\/www.costadelsol-mallorca.com\/es\/wp-json\/wp\/v2\/media?parent=229423"}],"wp:term":[{"taxonomy":"property-feature","embeddable":true,"href":"https:\/\/www.costadelsol-mallorca.com\/es\/wp-json\/wp\/v2\/property-feature?post=229423"},{"taxonomy":"property-type","embeddable":true,"href":"https:\/\/www.costadelsol-mallorca.com\/es\/wp-json\/wp\/v2\/property-type?post=229423"},{"taxonomy":"property-city","embeddable":true,"href":"https:\/\/www.costadelsol-mallorca.com\/es\/wp-json\/wp\/v2\/property-city?post=229423"},{"taxonomy":"property-status","embeddable":true,"href":"https:\/\/www.costadelsol-mallorca.com\/es\/wp-json\/wp\/v2\/property-status?post=229423"}],"curies":[{"name":"wp","href":"https:\/\/api.w.org\/{rel}","templated":true}]}}