{"id":229424,"date":"2024-12-04T08:39:14","date_gmt":"2024-12-04T07:39:14","guid":{"rendered":"https:\/\/www.costadelsol-mallorca.com\/property\/marbella-malaga-spain-villa\/"},"modified":"2025-09-20T04:32:07","modified_gmt":"2025-09-20T02:32:07","slug":"marbella-malaga-spain-villa","status":"publish","type":"property","link":"https:\/\/www.costadelsol-mallorca.com\/es\/property\/marbella-malaga-spain-villa\/","title":{"rendered":"Marbella, Malaga, Spain &#8211; Villa"},"content":{"rendered":"<p>Proyecto con licencia de obra aprobada>>\u00a1Empiece a construir ma\u00f1ana!&#xD;Destacado proyecto licenciado es una villa de dos plantas m\u00e1s s\u00f3tano y 4 dormitorios, 3 ba\u00f1os, sal\u00f3n comedor, recibidor, cocina y bodega. Tambi\u00e9n hay un patio y una terraza con porche, as\u00ed como una zona de aparcamiento exterior con p\u00e9rgola. En el exterior en el lado noroeste habr\u00e1 una zona de aparcamiento con p\u00e9rgola para dos veh\u00edculos. La Villa tambi\u00e9n ofrece el beneficio adicional de poder realizar modificaciones sobre plano, lo que significa que puede personalizar completamente la casa y adaptarla a su estilo de vida.&#xD;Todo en la Villa ha sido dise\u00f1ado hasta el m\u00e1s m\u00ednimo detalle para su comodidad y la de su familia. La distribuci\u00f3n inteligente y funcional de la planta \u00fanica y el s\u00f3tano ha sido concebida para permitir la entrada de luz en todas las habitaciones.&#xD;Cuando llega la noche, la Villa irradia luz propia, con una combinaci\u00f3n cuidadosamente pensada de LED y luminarias tanto en interiores como en exteriores.&#xD;El sal\u00f3n de la Villa cuenta con ventanales que dejan empaparse de la luz natural de Marbella, y si quieres disfrutar de mucho m\u00e1s espacio, entonces&#xD;puede duplicar su volumen simplemente abriendo los grandes ventanales ocultos entre las paredes.&#xD;La planta superior es la zona de noche de la villa. Cuenta con una amplia terraza y balc\u00f3n, con una de las mejores vistas de Marbella. Adore al sol o simplemente rel\u00e1jese mientras contempla el mar Mediterr\u00e1neo.&#xD;Hay un amplio dormitorio principal con ba\u00f1o en suite y acceso al balc\u00f3n, y luego otros dos dormitorios,&#xD;junto con otro ba\u00f1o completo, perfecto para la comodidad de toda la familia.&#xD;La planta s\u00f3tano es un espacio privado donde disfrutar de una zona adaptada a tus necesidades, ideal para utilizarla como quieras.<\/p>\n","protected":false},"excerpt":{"rendered":"<p>Proyecto con licencia de obra aprobada>>\u00a1Empiece a construir ma\u00f1ana!&#xD;Destacado proyecto licenciado es una villa de dos plantas m\u00e1s s\u00f3tano y 4 dormitorios, 3 ba\u00f1os, sal\u00f3n comedor, recibidor, cocina y bodega. Tambi\u00e9n hay un patio y una terraza con porche, as\u00ed como una zona de aparcamiento exterior con p\u00e9rgola. En el exterior en el lado noroeste&#8230;<\/p>\n","protected":false},"author":0,"featured_media":221257,"parent":0,"menu_order":0,"comment_status":"open","ping_status":"open","template":"","property-feature":[1558,1561,1566,1567,1573,1576,269,1577,271,1578,1539,1579,1541,1774,1542,1543,1544,1545,1550,1552],"property-type":[1562],"property-city":[866,875,1488],"property-status":[],"aioseo_notices":[],"property_meta":{"REAL_HOMES_property_price":"2495000","REAL_HOMES_property_old_price":"","REAL_HOMES_property_price_prefix":"","REAL_HOMES_property_price_postfix":"","REAL_HOMES_property_size":"537","REAL_HOMES_property_size_postfix":"","REAL_HOMES_property_lot_size":"","REAL_HOMES_property_lot_size_postfix":"","REAL_HOMES_property_bedrooms":"4","REAL_HOMES_property_bathrooms":"4","REAL_HOMES_property_garage":"","REAL_HOMES_property_id":"MDL4206391","REAL_HOMES_property_year_built":"","REAL_HOMES_featured":"0","REAL_HOMES_additional_details_list":[["",""]],"REAL_HOMES_property_location":{"latitude":"36.5102831","longitude":"-4.8852579","zoom":""},"REAL_HOMES_property_address":"Marbella, Malaga, Spain","REAL_HOMES_property_map":"0","REAL_HOMES_property_images":[{"width":150,"height":150,"file":"2025\/05\/480faa5b.jpg","filesize":257682,"sizes":{"thumbnail":{"file":"480faa5b-150x150.jpg","width":150,"height":150,"mime-type":"image\/jpeg","filesize":20178,"url":"https:\/\/www.costadelsol-mallorca.com\/wp-content\/uploads\/2025\/05\/480faa5b-150x150.jpg"},"tf-client-image-size":{"file":"480faa5b-120x120.jpg","width":120,"height":120,"mime-type":"image\/jpeg","filesize":13246,"url":"https:\/\/www.costadelsol-mallorca.com\/wp-content\/uploads\/2025\/05\/480faa5b-120x120.jpg"},"post-thumbnail":{"file":"480faa5b-150x90.jpg","width":150,"height":90,"mime-type":"image\/jpeg","filesize":14961,"url":"https:\/\/www.costadelsol-mallorca.com\/wp-content\/uploads\/2025\/05\/480faa5b-150x90.jpg"},"modern-property-child-slider":{"file":"480faa5b-680x510.jpg","width":680,"height":510,"mime-type":"image\/jpeg","filesize":212241,"url":"https:\/\/www.costadelsol-mallorca.com\/wp-content\/uploads\/2025\/05\/480faa5b-680x510.jpg"},"property-thumb-image":{"file":"480faa5b-488x326.jpg","width":488,"height":326,"mime-type":"image\/jpeg","filesize":110604,"url":"https:\/\/www.costadelsol-mallorca.com\/wp-content\/uploads\/2025\/05\/480faa5b-488x326.jpg"},"property-detail-video-image":{"file":"480faa5b-818x417.jpg","width":818,"height":417,"mime-type":"image\/jpeg","filesize":208038,"url":"https:\/\/www.costadelsol-mallorca.com\/wp-content\/uploads\/2025\/05\/480faa5b-818x417.jpg"},"agent-image":{"file":"480faa5b-210x210.jpg","width":210,"height":210,"mime-type":"image\/jpeg","filesize":35868,"url":"https:\/\/www.costadelsol-mallorca.com\/wp-content\/uploads\/2025\/05\/480faa5b-210x210.jpg"},"partners-logo":{"file":"480faa5b-600x720.jpg","width":600,"height":720,"mime-type":"image\/jpeg","filesize":237457,"url":"https:\/\/www.costadelsol-mallorca.com\/wp-content\/uploads\/2025\/05\/480faa5b-600x720.jpg"}},"image_meta":{"aperture":"0","credit":"","camera":"","caption":"","created_timestamp":"0","copyright":"","focal_length":"0","iso":"0","shutter_speed":"0","title":"","orientation":"0","keywords":[]},"ID":"221254","name":"480faa5b.jpg","path":"\/home\/ro\/web\/costadelsol-mallorca.com\/public_html\/wp-content\/uploads\/2025\/05\/480faa5b.jpg","url":"https:\/\/www.costadelsol-mallorca.com\/wp-content\/uploads\/2025\/05\/480faa5b-150x150.jpg","full_url":"https:\/\/www.costadelsol-mallorca.com\/wp-content\/uploads\/2025\/05\/480faa5b.jpg","title":"480faa5b","caption":"","description":"","alt":"","srcset":"https:\/\/www.costadelsol-mallorca.com\/wp-content\/uploads\/2025\/05\/480faa5b-150x150.jpg 150w, https:\/\/www.costadelsol-mallorca.com\/wp-content\/uploads\/2025\/05\/480faa5b-120x120.jpg 120w, https:\/\/www.costadelsol-mallorca.com\/wp-content\/uploads\/2025\/05\/480faa5b-210x210.jpg 210w"},{"width":150,"height":150,"file":"2025\/05\/0ae64eab.jpg","filesize":224256,"sizes":{"thumbnail":{"file":"0ae64eab-150x150.jpg","width":150,"height":150,"mime-type":"image\/jpeg","filesize":21082,"url":"https:\/\/www.costadelsol-mallorca.com\/wp-content\/uploads\/2025\/05\/0ae64eab-150x150.jpg"},"tf-client-image-size":{"file":"0ae64eab-120x120.jpg","width":120,"height":120,"mime-type":"image\/jpeg","filesize":13967,"url":"https:\/\/www.costadelsol-mallorca.com\/wp-content\/uploads\/2025\/05\/0ae64eab-120x120.jpg"},"post-thumbnail":{"file":"0ae64eab-150x90.jpg","width":150,"height":90,"mime-type":"image\/jpeg","filesize":14509,"url":"https:\/\/www.costadelsol-mallorca.com\/wp-content\/uploads\/2025\/05\/0ae64eab-150x90.jpg"},"modern-property-child-slider":{"file":"0ae64eab-680x510.jpg","width":680,"height":510,"mime-type":"image\/jpeg","filesize":198433,"url":"https:\/\/www.costadelsol-mallorca.com\/wp-content\/uploads\/2025\/05\/0ae64eab-680x510.jpg"},"property-thumb-image":{"file":"0ae64eab-488x326.jpg","width":488,"height":326,"mime-type":"image\/jpeg","filesize":104916,"url":"https:\/\/www.costadelsol-mallorca.com\/wp-content\/uploads\/2025\/05\/0ae64eab-488x326.jpg"},"property-detail-video-image":{"file":"0ae64eab-818x417.jpg","width":818,"height":417,"mime-type":"image\/jpeg","filesize":196033,"url":"https:\/\/www.costadelsol-mallorca.com\/wp-content\/uploads\/2025\/05\/0ae64eab-818x417.jpg"},"agent-image":{"file":"0ae64eab-210x210.jpg","width":210,"height":210,"mime-type":"image\/jpeg","filesize":36994,"url":"https:\/\/www.costadelsol-mallorca.com\/wp-content\/uploads\/2025\/05\/0ae64eab-210x210.jpg"},"partners-logo":{"file":"0ae64eab-600x720.jpg","width":600,"height":720,"mime-type":"image\/jpeg","filesize":236261,"url":"https:\/\/www.costadelsol-mallorca.com\/wp-content\/uploads\/2025\/05\/0ae64eab-600x720.jpg"}},"image_meta":{"aperture":"0","credit":"","camera":"","caption":"","created_timestamp":"0","copyright":"","focal_length":"0","iso":"0","shutter_speed":"0","title":"","orientation":"0","keywords":[]},"ID":"221258","name":"0ae64eab.jpg","path":"\/home\/ro\/web\/costadelsol-mallorca.com\/public_html\/wp-content\/uploads\/2025\/05\/0ae64eab.jpg","url":"https:\/\/www.costadelsol-mallorca.com\/wp-content\/uploads\/2025\/05\/0ae64eab-150x150.jpg","full_url":"https:\/\/www.costadelsol-mallorca.com\/wp-content\/uploads\/2025\/05\/0ae64eab.jpg","title":"0ae64eab","caption":"","description":"","alt":"","srcset":"https:\/\/www.costadelsol-mallorca.com\/wp-content\/uploads\/2025\/05\/0ae64eab-150x150.jpg 150w, https:\/\/www.costadelsol-mallorca.com\/wp-content\/uploads\/2025\/05\/0ae64eab-120x120.jpg 120w, https:\/\/www.costadelsol-mallorca.com\/wp-content\/uploads\/2025\/05\/0ae64eab-210x210.jpg 210w"},{"width":150,"height":150,"file":"2025\/05\/98173ffc.jpg","filesize":217862,"sizes":{"thumbnail":{"file":"98173ffc-150x150.jpg","width":150,"height":150,"mime-type":"image\/jpeg","filesize":17690,"url":"https:\/\/www.costadelsol-mallorca.com\/wp-content\/uploads\/2025\/05\/98173ffc-150x150.jpg"},"tf-client-image-size":{"file":"98173ffc-120x120.jpg","width":120,"height":120,"mime-type":"image\/jpeg","filesize":11850,"url":"https:\/\/www.costadelsol-mallorca.com\/wp-content\/uploads\/2025\/05\/98173ffc-120x120.jpg"},"post-thumbnail":{"file":"98173ffc-150x90.jpg","width":150,"height":90,"mime-type":"image\/jpeg","filesize":13531,"url":"https:\/\/www.costadelsol-mallorca.com\/wp-content\/uploads\/2025\/05\/98173ffc-150x90.jpg"},"modern-property-child-slider":{"file":"98173ffc-680x510.jpg","width":680,"height":510,"mime-type":"image\/jpeg","filesize":186021,"url":"https:\/\/www.costadelsol-mallorca.com\/wp-content\/uploads\/2025\/05\/98173ffc-680x510.jpg"},"property-thumb-image":{"file":"98173ffc-488x326.jpg","width":488,"height":326,"mime-type":"image\/jpeg","filesize":98797,"url":"https:\/\/www.costadelsol-mallorca.com\/wp-content\/uploads\/2025\/05\/98173ffc-488x326.jpg"},"property-detail-video-image":{"file":"98173ffc-818x417.jpg","width":818,"height":417,"mime-type":"image\/jpeg","filesize":193496,"url":"https:\/\/www.costadelsol-mallorca.com\/wp-content\/uploads\/2025\/05\/98173ffc-818x417.jpg"},"agent-image":{"file":"98173ffc-210x210.jpg","width":210,"height":210,"mime-type":"image\/jpeg","filesize":30442,"url":"https:\/\/www.costadelsol-mallorca.com\/wp-content\/uploads\/2025\/05\/98173ffc-210x210.jpg"},"partners-logo":{"file":"98173ffc-600x720.jpg","width":600,"height":720,"mime-type":"image\/jpeg","filesize":190506,"url":"https:\/\/www.costadelsol-mallorca.com\/wp-content\/uploads\/2025\/05\/98173ffc-600x720.jpg"}},"image_meta":{"aperture":"0","credit":"","camera":"","caption":"","created_timestamp":"0","copyright":"","focal_length":"0","iso":"0","shutter_speed":"0","title":"","orientation":"0","keywords":[]},"ID":"221262","name":"98173ffc.jpg","path":"\/home\/ro\/web\/costadelsol-mallorca.com\/public_html\/wp-content\/uploads\/2025\/05\/98173ffc.jpg","url":"https:\/\/www.costadelsol-mallorca.com\/wp-content\/uploads\/2025\/05\/98173ffc-150x150.jpg","full_url":"https:\/\/www.costadelsol-mallorca.com\/wp-content\/uploads\/2025\/05\/98173ffc.jpg","title":"98173ffc","caption":"","description":"","alt":"","srcset":"https:\/\/www.costadelsol-mallorca.com\/wp-content\/uploads\/2025\/05\/98173ffc-150x150.jpg 150w, https:\/\/www.costadelsol-mallorca.com\/wp-content\/uploads\/2025\/05\/98173ffc-120x120.jpg 120w, https:\/\/www.costadelsol-mallorca.com\/wp-content\/uploads\/2025\/05\/98173ffc-210x210.jpg 210w"},{"width":150,"height":150,"file":"2025\/05\/fe43278a.jpg","filesize":275578,"sizes":{"thumbnail":{"file":"fe43278a-150x150.jpg","width":150,"height":150,"mime-type":"image\/jpeg","filesize":21191,"url":"https:\/\/www.costadelsol-mallorca.com\/wp-content\/uploads\/2025\/05\/fe43278a-150x150.jpg"},"tf-client-image-size":{"file":"fe43278a-120x120.jpg","width":120,"height":120,"mime-type":"image\/jpeg","filesize":14335,"url":"https:\/\/www.costadelsol-mallorca.com\/wp-content\/uploads\/2025\/05\/fe43278a-120x120.jpg"},"post-thumbnail":{"file":"fe43278a-150x98.jpg","width":150,"height":98,"mime-type":"image\/jpeg","filesize":15813,"url":"https:\/\/www.costadelsol-mallorca.com\/wp-content\/uploads\/2025\/05\/fe43278a-150x98.jpg"},"modern-property-child-slider":{"file":"fe43278a-680x510.jpg","width":680,"height":510,"mime-type":"image\/jpeg","filesize":216761,"url":"https:\/\/www.costadelsol-mallorca.com\/wp-content\/uploads\/2025\/05\/fe43278a-680x510.jpg"},"property-thumb-image":{"file":"fe43278a-488x326.jpg","width":488,"height":326,"mime-type":"image\/jpeg","filesize":111384,"url":"https:\/\/www.costadelsol-mallorca.com\/wp-content\/uploads\/2025\/05\/fe43278a-488x326.jpg"},"property-detail-video-image":{"file":"fe43278a-818x417.jpg","width":818,"height":417,"mime-type":"image\/jpeg","filesize":208817,"url":"https:\/\/www.costadelsol-mallorca.com\/wp-content\/uploads\/2025\/05\/fe43278a-818x417.jpg"},"agent-image":{"file":"fe43278a-210x210.jpg","width":210,"height":210,"mime-type":"image\/jpeg","filesize":37596,"url":"https:\/\/www.costadelsol-mallorca.com\/wp-content\/uploads\/2025\/05\/fe43278a-210x210.jpg"},"partners-logo":{"file":"fe43278a-600x787.jpg","width":600,"height":787,"mime-type":"image\/jpeg","filesize":274567,"url":"https:\/\/www.costadelsol-mallorca.com\/wp-content\/uploads\/2025\/05\/fe43278a-600x787.jpg"},"post-featured-image":{"file":"fe43278a-1200x720.jpg","width":1200,"height":720,"mime-type":"image\/jpeg","filesize":484354,"url":"https:\/\/www.costadelsol-mallorca.com\/wp-content\/uploads\/2025\/05\/fe43278a-1200x720.jpg"}},"image_meta":{"aperture":"0","credit":"","camera":"","caption":"","created_timestamp":"0","copyright":"","focal_length":"0","iso":"0","shutter_speed":"0","title":"","orientation":"0","keywords":[]},"ID":"221266","name":"fe43278a.jpg","path":"\/home\/ro\/web\/costadelsol-mallorca.com\/public_html\/wp-content\/uploads\/2025\/05\/fe43278a.jpg","url":"https:\/\/www.costadelsol-mallorca.com\/wp-content\/uploads\/2025\/05\/fe43278a-150x150.jpg","full_url":"https:\/\/www.costadelsol-mallorca.com\/wp-content\/uploads\/2025\/05\/fe43278a.jpg","title":"fe43278a","caption":"","description":"","alt":"","srcset":"https:\/\/www.costadelsol-mallorca.com\/wp-content\/uploads\/2025\/05\/fe43278a-150x150.jpg 150w, https:\/\/www.costadelsol-mallorca.com\/wp-content\/uploads\/2025\/05\/fe43278a-120x120.jpg 120w, https:\/\/www.costadelsol-mallorca.com\/wp-content\/uploads\/2025\/05\/fe43278a-210x210.jpg 210w"},{"width":150,"height":150,"file":"2025\/05\/79069920.jpg","filesize":142459,"sizes":{"thumbnail":{"file":"79069920-150x150.jpg","width":150,"height":150,"mime-type":"image\/jpeg","filesize":16508,"url":"https:\/\/www.costadelsol-mallorca.com\/wp-content\/uploads\/2025\/05\/79069920-150x150.jpg"},"tf-client-image-size":{"file":"79069920-120x120.jpg","width":120,"height":120,"mime-type":"image\/jpeg","filesize":11081,"url":"https:\/\/www.costadelsol-mallorca.com\/wp-content\/uploads\/2025\/05\/79069920-120x120.jpg"},"post-thumbnail":{"file":"79069920-150x75.jpg","width":150,"height":75,"mime-type":"image\/jpeg","filesize":9706,"url":"https:\/\/www.costadelsol-mallorca.com\/wp-content\/uploads\/2025\/05\/79069920-150x75.jpg"},"modern-property-child-slider":{"file":"79069920-680x510.jpg","width":680,"height":510,"mime-type":"image\/jpeg","filesize":153705,"url":"https:\/\/www.costadelsol-mallorca.com\/wp-content\/uploads\/2025\/05\/79069920-680x510.jpg"},"property-thumb-image":{"file":"79069920-488x326.jpg","width":488,"height":326,"mime-type":"image\/jpeg","filesize":80175,"url":"https:\/\/www.costadelsol-mallorca.com\/wp-content\/uploads\/2025\/05\/79069920-488x326.jpg"},"property-detail-video-image":{"file":"79069920-818x417.jpg","width":818,"height":417,"mime-type":"image\/jpeg","filesize":151797,"url":"https:\/\/www.costadelsol-mallorca.com\/wp-content\/uploads\/2025\/05\/79069920-818x417.jpg"},"agent-image":{"file":"79069920-210x210.jpg","width":210,"height":210,"mime-type":"image\/jpeg","filesize":28684,"url":"https:\/\/www.costadelsol-mallorca.com\/wp-content\/uploads\/2025\/05\/79069920-210x210.jpg"},"partners-logo":{"file":"79069920-600x600.jpg","width":600,"height":600,"mime-type":"image\/jpeg","filesize":170030,"url":"https:\/\/www.costadelsol-mallorca.com\/wp-content\/uploads\/2025\/05\/79069920-600x600.jpg"}},"image_meta":{"aperture":"0","credit":"","camera":"","caption":"","created_timestamp":"0","copyright":"","focal_length":"0","iso":"0","shutter_speed":"0","title":"","orientation":"0","keywords":[]},"ID":"221270","name":"79069920.jpg","path":"\/home\/ro\/web\/costadelsol-mallorca.com\/public_html\/wp-content\/uploads\/2025\/05\/79069920.jpg","url":"https:\/\/www.costadelsol-mallorca.com\/wp-content\/uploads\/2025\/05\/79069920-150x150.jpg","full_url":"https:\/\/www.costadelsol-mallorca.com\/wp-content\/uploads\/2025\/05\/79069920.jpg","title":"79069920","caption":"","description":"","alt":"","srcset":"https:\/\/www.costadelsol-mallorca.com\/wp-content\/uploads\/2025\/05\/79069920-150x150.jpg 150w, https:\/\/www.costadelsol-mallorca.com\/wp-content\/uploads\/2025\/05\/79069920-120x120.jpg 120w, https:\/\/www.costadelsol-mallorca.com\/wp-content\/uploads\/2025\/05\/79069920-210x210.jpg 210w, https:\/\/www.costadelsol-mallorca.com\/wp-content\/uploads\/2025\/05\/79069920-600x600.jpg 600w"},{"width":150,"height":150,"file":"2025\/05\/580035a1.jpg","filesize":122960,"sizes":{"thumbnail":{"file":"580035a1-150x150.jpg","width":150,"height":150,"mime-type":"image\/jpeg","filesize":13947,"url":"https:\/\/www.costadelsol-mallorca.com\/wp-content\/uploads\/2025\/05\/580035a1-150x150.jpg"},"tf-client-image-size":{"file":"580035a1-120x120.jpg","width":120,"height":120,"mime-type":"image\/jpeg","filesize":9648,"url":"https:\/\/www.costadelsol-mallorca.com\/wp-content\/uploads\/2025\/05\/580035a1-120x120.jpg"},"post-thumbnail":{"file":"580035a1-150x83.jpg","width":150,"height":83,"mime-type":"image\/jpeg","filesize":8805,"url":"https:\/\/www.costadelsol-mallorca.com\/wp-content\/uploads\/2025\/05\/580035a1-150x83.jpg"},"modern-property-child-slider":{"file":"580035a1-680x510.jpg","width":680,"height":510,"mime-type":"image\/jpeg","filesize":131020,"url":"https:\/\/www.costadelsol-mallorca.com\/wp-content\/uploads\/2025\/05\/580035a1-680x510.jpg"},"property-thumb-image":{"file":"580035a1-488x326.jpg","width":488,"height":326,"mime-type":"image\/jpeg","filesize":68145,"url":"https:\/\/www.costadelsol-mallorca.com\/wp-content\/uploads\/2025\/05\/580035a1-488x326.jpg"},"property-detail-video-image":{"file":"580035a1-818x417.jpg","width":818,"height":417,"mime-type":"image\/jpeg","filesize":128221,"url":"https:\/\/www.costadelsol-mallorca.com\/wp-content\/uploads\/2025\/05\/580035a1-818x417.jpg"},"agent-image":{"file":"580035a1-210x210.jpg","width":210,"height":210,"mime-type":"image\/jpeg","filesize":24483,"url":"https:\/\/www.costadelsol-mallorca.com\/wp-content\/uploads\/2025\/05\/580035a1-210x210.jpg"},"partners-logo":{"file":"580035a1-600x662.jpg","width":600,"height":662,"mime-type":"image\/jpeg","filesize":144844,"url":"https:\/\/www.costadelsol-mallorca.com\/wp-content\/uploads\/2025\/05\/580035a1-600x662.jpg"}},"image_meta":{"aperture":"0","credit":"","camera":"","caption":"","created_timestamp":"0","copyright":"","focal_length":"0","iso":"0","shutter_speed":"0","title":"","orientation":"0","keywords":[]},"ID":"221274","name":"580035a1.jpg","path":"\/home\/ro\/web\/costadelsol-mallorca.com\/public_html\/wp-content\/uploads\/2025\/05\/580035a1.jpg","url":"https:\/\/www.costadelsol-mallorca.com\/wp-content\/uploads\/2025\/05\/580035a1-150x150.jpg","full_url":"https:\/\/www.costadelsol-mallorca.com\/wp-content\/uploads\/2025\/05\/580035a1.jpg","title":"580035a1","caption":"","description":"","alt":"","srcset":"https:\/\/www.costadelsol-mallorca.com\/wp-content\/uploads\/2025\/05\/580035a1-150x150.jpg 150w, https:\/\/www.costadelsol-mallorca.com\/wp-content\/uploads\/2025\/05\/580035a1-120x120.jpg 120w, https:\/\/www.costadelsol-mallorca.com\/wp-content\/uploads\/2025\/05\/580035a1-210x210.jpg 210w"},{"width":150,"height":150,"file":"2025\/05\/b77efed0.jpg","filesize":124097,"sizes":{"thumbnail":{"file":"b77efed0-150x150.jpg","width":150,"height":150,"mime-type":"image\/jpeg","filesize":11924,"url":"https:\/\/www.costadelsol-mallorca.com\/wp-content\/uploads\/2025\/05\/b77efed0-150x150.jpg"},"tf-client-image-size":{"file":"b77efed0-120x120.jpg","width":120,"height":120,"mime-type":"image\/jpeg","filesize":8333,"url":"https:\/\/www.costadelsol-mallorca.com\/wp-content\/uploads\/2025\/05\/b77efed0-120x120.jpg"},"post-thumbnail":{"file":"b77efed0-150x66.jpg","width":150,"height":66,"mime-type":"image\/jpeg","filesize":7577,"url":"https:\/\/www.costadelsol-mallorca.com\/wp-content\/uploads\/2025\/05\/b77efed0-150x66.jpg"},"modern-property-child-slider":{"file":"b77efed0-680x510.jpg","width":680,"height":510,"mime-type":"image\/jpeg","filesize":126970,"url":"https:\/\/www.costadelsol-mallorca.com\/wp-content\/uploads\/2025\/05\/b77efed0-680x510.jpg"},"property-thumb-image":{"file":"b77efed0-488x326.jpg","width":488,"height":326,"mime-type":"image\/jpeg","filesize":69725,"url":"https:\/\/www.costadelsol-mallorca.com\/wp-content\/uploads\/2025\/05\/b77efed0-488x326.jpg"},"property-detail-video-image":{"file":"b77efed0-818x417.jpg","width":818,"height":417,"mime-type":"image\/jpeg","filesize":139896,"url":"https:\/\/www.costadelsol-mallorca.com\/wp-content\/uploads\/2025\/05\/b77efed0-818x417.jpg"},"agent-image":{"file":"b77efed0-210x210.jpg","width":210,"height":210,"mime-type":"image\/jpeg","filesize":20692,"url":"https:\/\/www.costadelsol-mallorca.com\/wp-content\/uploads\/2025\/05\/b77efed0-210x210.jpg"},"partners-logo":{"file":"b77efed0-600x530.jpg","width":600,"height":530,"mime-type":"image\/jpeg","filesize":116569,"url":"https:\/\/www.costadelsol-mallorca.com\/wp-content\/uploads\/2025\/05\/b77efed0-600x530.jpg"}},"image_meta":{"aperture":"0","credit":"","camera":"","caption":"","created_timestamp":"0","copyright":"","focal_length":"0","iso":"0","shutter_speed":"0","title":"","orientation":"0","keywords":[]},"ID":"221278","name":"b77efed0.jpg","path":"\/home\/ro\/web\/costadelsol-mallorca.com\/public_html\/wp-content\/uploads\/2025\/05\/b77efed0.jpg","url":"https:\/\/www.costadelsol-mallorca.com\/wp-content\/uploads\/2025\/05\/b77efed0-150x150.jpg","full_url":"https:\/\/www.costadelsol-mallorca.com\/wp-content\/uploads\/2025\/05\/b77efed0.jpg","title":"b77efed0","caption":"","description":"","alt":"","srcset":"https:\/\/www.costadelsol-mallorca.com\/wp-content\/uploads\/2025\/05\/b77efed0-150x150.jpg 150w, https:\/\/www.costadelsol-mallorca.com\/wp-content\/uploads\/2025\/05\/b77efed0-120x120.jpg 120w, https:\/\/www.costadelsol-mallorca.com\/wp-content\/uploads\/2025\/05\/b77efed0-210x210.jpg 210w"},{"width":150,"height":150,"file":"2025\/05\/c945e092.jpg","filesize":122654,"sizes":{"thumbnail":{"file":"c945e092-150x150.jpg","width":150,"height":150,"mime-type":"image\/jpeg","filesize":12868,"url":"https:\/\/www.costadelsol-mallorca.com\/wp-content\/uploads\/2025\/05\/c945e092-150x150.jpg"},"tf-client-image-size":{"file":"c945e092-120x120.jpg","width":120,"height":120,"mime-type":"image\/jpeg","filesize":8593,"url":"https:\/\/www.costadelsol-mallorca.com\/wp-content\/uploads\/2025\/05\/c945e092-120x120.jpg"},"post-thumbnail":{"file":"c945e092-150x83.jpg","width":150,"height":83,"mime-type":"image\/jpeg","filesize":9161,"url":"https:\/\/www.costadelsol-mallorca.com\/wp-content\/uploads\/2025\/05\/c945e092-150x83.jpg"},"modern-property-child-slider":{"file":"c945e092-680x510.jpg","width":680,"height":510,"mime-type":"image\/jpeg","filesize":122311,"url":"https:\/\/www.costadelsol-mallorca.com\/wp-content\/uploads\/2025\/05\/c945e092-680x510.jpg"},"property-thumb-image":{"file":"c945e092-488x326.jpg","width":488,"height":326,"mime-type":"image\/jpeg","filesize":64614,"url":"https:\/\/www.costadelsol-mallorca.com\/wp-content\/uploads\/2025\/05\/c945e092-488x326.jpg"},"property-detail-video-image":{"file":"c945e092-818x417.jpg","width":818,"height":417,"mime-type":"image\/jpeg","filesize":121972,"url":"https:\/\/www.costadelsol-mallorca.com\/wp-content\/uploads\/2025\/05\/c945e092-818x417.jpg"},"agent-image":{"file":"c945e092-210x210.jpg","width":210,"height":210,"mime-type":"image\/jpeg","filesize":22651,"url":"https:\/\/www.costadelsol-mallorca.com\/wp-content\/uploads\/2025\/05\/c945e092-210x210.jpg"},"partners-logo":{"file":"c945e092-600x662.jpg","width":600,"height":662,"mime-type":"image\/jpeg","filesize":137757,"url":"https:\/\/www.costadelsol-mallorca.com\/wp-content\/uploads\/2025\/05\/c945e092-600x662.jpg"}},"image_meta":{"aperture":"0","credit":"","camera":"","caption":"","created_timestamp":"0","copyright":"","focal_length":"0","iso":"0","shutter_speed":"0","title":"","orientation":"0","keywords":[]},"ID":"221282","name":"c945e092.jpg","path":"\/home\/ro\/web\/costadelsol-mallorca.com\/public_html\/wp-content\/uploads\/2025\/05\/c945e092.jpg","url":"https:\/\/www.costadelsol-mallorca.com\/wp-content\/uploads\/2025\/05\/c945e092-150x150.jpg","full_url":"https:\/\/www.costadelsol-mallorca.com\/wp-content\/uploads\/2025\/05\/c945e092.jpg","title":"c945e092","caption":"","description":"","alt":"","srcset":"https:\/\/www.costadelsol-mallorca.com\/wp-content\/uploads\/2025\/05\/c945e092-150x150.jpg 150w, https:\/\/www.costadelsol-mallorca.com\/wp-content\/uploads\/2025\/05\/c945e092-120x120.jpg 120w, https:\/\/www.costadelsol-mallorca.com\/wp-content\/uploads\/2025\/05\/c945e092-210x210.jpg 210w"},{"width":150,"height":150,"file":"2025\/05\/a37429eb.jpg","filesize":130563,"sizes":{"thumbnail":{"file":"a37429eb-150x150.jpg","width":150,"height":150,"mime-type":"image\/jpeg","filesize":14012,"url":"https:\/\/www.costadelsol-mallorca.com\/wp-content\/uploads\/2025\/05\/a37429eb-150x150.jpg"},"tf-client-image-size":{"file":"a37429eb-120x120.jpg","width":120,"height":120,"mime-type":"image\/jpeg","filesize":9694,"url":"https:\/\/www.costadelsol-mallorca.com\/wp-content\/uploads\/2025\/05\/a37429eb-120x120.jpg"},"post-thumbnail":{"file":"a37429eb-150x83.jpg","width":150,"height":83,"mime-type":"image\/jpeg","filesize":9675,"url":"https:\/\/www.costadelsol-mallorca.com\/wp-content\/uploads\/2025\/05\/a37429eb-150x83.jpg"},"modern-property-child-slider":{"file":"a37429eb-680x510.jpg","width":680,"height":510,"mime-type":"image\/jpeg","filesize":140245,"url":"https:\/\/www.costadelsol-mallorca.com\/wp-content\/uploads\/2025\/05\/a37429eb-680x510.jpg"},"property-thumb-image":{"file":"a37429eb-488x326.jpg","width":488,"height":326,"mime-type":"image\/jpeg","filesize":76222,"url":"https:\/\/www.costadelsol-mallorca.com\/wp-content\/uploads\/2025\/05\/a37429eb-488x326.jpg"},"property-detail-video-image":{"file":"a37429eb-818x417.jpg","width":818,"height":417,"mime-type":"image\/jpeg","filesize":138292,"url":"https:\/\/www.costadelsol-mallorca.com\/wp-content\/uploads\/2025\/05\/a37429eb-818x417.jpg"},"agent-image":{"file":"a37429eb-210x210.jpg","width":210,"height":210,"mime-type":"image\/jpeg","filesize":24732,"url":"https:\/\/www.costadelsol-mallorca.com\/wp-content\/uploads\/2025\/05\/a37429eb-210x210.jpg"},"partners-logo":{"file":"a37429eb-600x662.jpg","width":600,"height":662,"mime-type":"image\/jpeg","filesize":137739,"url":"https:\/\/www.costadelsol-mallorca.com\/wp-content\/uploads\/2025\/05\/a37429eb-600x662.jpg"}},"image_meta":{"aperture":"0","credit":"","camera":"","caption":"","created_timestamp":"0","copyright":"","focal_length":"0","iso":"0","shutter_speed":"0","title":"","orientation":"0","keywords":[]},"ID":"221286","name":"a37429eb.jpg","path":"\/home\/ro\/web\/costadelsol-mallorca.com\/public_html\/wp-content\/uploads\/2025\/05\/a37429eb.jpg","url":"https:\/\/www.costadelsol-mallorca.com\/wp-content\/uploads\/2025\/05\/a37429eb-150x150.jpg","full_url":"https:\/\/www.costadelsol-mallorca.com\/wp-content\/uploads\/2025\/05\/a37429eb.jpg","title":"a37429eb","caption":"","description":"","alt":"","srcset":"https:\/\/www.costadelsol-mallorca.com\/wp-content\/uploads\/2025\/05\/a37429eb-150x150.jpg 150w, https:\/\/www.costadelsol-mallorca.com\/wp-content\/uploads\/2025\/05\/a37429eb-120x120.jpg 120w, https:\/\/www.costadelsol-mallorca.com\/wp-content\/uploads\/2025\/05\/a37429eb-210x210.jpg 210w"},{"width":150,"height":150,"file":"2025\/05\/3bada479.jpg","filesize":133899,"sizes":{"thumbnail":{"file":"3bada479-150x150.jpg","width":150,"height":150,"mime-type":"image\/jpeg","filesize":13337,"url":"https:\/\/www.costadelsol-mallorca.com\/wp-content\/uploads\/2025\/05\/3bada479-150x150.jpg"},"tf-client-image-size":{"file":"3bada479-120x120.jpg","width":120,"height":120,"mime-type":"image\/jpeg","filesize":9010,"url":"https:\/\/www.costadelsol-mallorca.com\/wp-content\/uploads\/2025\/05\/3bada479-120x120.jpg"},"post-thumbnail":{"file":"3bada479-150x64.jpg","width":150,"height":64,"mime-type":"image\/jpeg","filesize":6664,"url":"https:\/\/www.costadelsol-mallorca.com\/wp-content\/uploads\/2025\/05\/3bada479-150x64.jpg"},"modern-property-child-slider":{"file":"3bada479-680x509.jpg","width":680,"height":509,"mime-type":"image\/jpeg","filesize":164162,"url":"https:\/\/www.costadelsol-mallorca.com\/wp-content\/uploads\/2025\/05\/3bada479-680x509.jpg"},"property-thumb-image":{"file":"3bada479-488x326.jpg","width":488,"height":326,"mime-type":"image\/jpeg","filesize":80015,"url":"https:\/\/www.costadelsol-mallorca.com\/wp-content\/uploads\/2025\/05\/3bada479-488x326.jpg"},"property-detail-video-image":{"file":"3bada479-818x417.jpg","width":818,"height":417,"mime-type":"image\/jpeg","filesize":160672,"url":"https:\/\/www.costadelsol-mallorca.com\/wp-content\/uploads\/2025\/05\/3bada479-818x417.jpg"},"agent-image":{"file":"3bada479-210x210.jpg","width":210,"height":210,"mime-type":"image\/jpeg","filesize":24257,"url":"https:\/\/www.costadelsol-mallorca.com\/wp-content\/uploads\/2025\/05\/3bada479-210x210.jpg"},"partners-logo":{"file":"3bada479-600x509.jpg","width":600,"height":509,"mime-type":"image\/jpeg","filesize":143270,"url":"https:\/\/www.costadelsol-mallorca.com\/wp-content\/uploads\/2025\/05\/3bada479-600x509.jpg"}},"image_meta":{"aperture":"0","credit":"","camera":"","caption":"","created_timestamp":"0","copyright":"","focal_length":"0","iso":"0","shutter_speed":"0","title":"","orientation":"0","keywords":[]},"ID":"221290","name":"3bada479.jpg","path":"\/home\/ro\/web\/costadelsol-mallorca.com\/public_html\/wp-content\/uploads\/2025\/05\/3bada479.jpg","url":"https:\/\/www.costadelsol-mallorca.com\/wp-content\/uploads\/2025\/05\/3bada479-150x150.jpg","full_url":"https:\/\/www.costadelsol-mallorca.com\/wp-content\/uploads\/2025\/05\/3bada479.jpg","title":"3bada479","caption":"","description":"","alt":"","srcset":"https:\/\/www.costadelsol-mallorca.com\/wp-content\/uploads\/2025\/05\/3bada479-150x150.jpg 150w, https:\/\/www.costadelsol-mallorca.com\/wp-content\/uploads\/2025\/05\/3bada479-120x120.jpg 120w, https:\/\/www.costadelsol-mallorca.com\/wp-content\/uploads\/2025\/05\/3bada479-210x210.jpg 210w"},{"width":150,"height":150,"file":"2025\/05\/d71e42be.jpg","filesize":92240,"sizes":{"thumbnail":{"file":"d71e42be-150x150.jpg","width":150,"height":150,"mime-type":"image\/jpeg","filesize":14175,"url":"https:\/\/www.costadelsol-mallorca.com\/wp-content\/uploads\/2025\/05\/d71e42be-150x150.jpg"},"tf-client-image-size":{"file":"d71e42be-120x120.jpg","width":120,"height":120,"mime-type":"image\/jpeg","filesize":9869,"url":"https:\/\/www.costadelsol-mallorca.com\/wp-content\/uploads\/2025\/05\/d71e42be-120x120.jpg"},"post-thumbnail":{"file":"d71e42be-150x59.jpg","width":150,"height":59,"mime-type":"image\/jpeg","filesize":7014,"url":"https:\/\/www.costadelsol-mallorca.com\/wp-content\/uploads\/2025\/05\/d71e42be-150x59.jpg"},"modern-property-child-slider":{"file":"d71e42be-680x475.jpg","width":680,"height":475,"mime-type":"image\/jpeg","filesize":125326,"url":"https:\/\/www.costadelsol-mallorca.com\/wp-content\/uploads\/2025\/05\/d71e42be-680x475.jpg"},"property-thumb-image":{"file":"d71e42be-488x326.jpg","width":488,"height":326,"mime-type":"image\/jpeg","filesize":70547,"url":"https:\/\/www.costadelsol-mallorca.com\/wp-content\/uploads\/2025\/05\/d71e42be-488x326.jpg"},"property-detail-video-image":{"file":"d71e42be-818x417.jpg","width":818,"height":417,"mime-type":"image\/jpeg","filesize":130135,"url":"https:\/\/www.costadelsol-mallorca.com\/wp-content\/uploads\/2025\/05\/d71e42be-818x417.jpg"},"agent-image":{"file":"d71e42be-210x210.jpg","width":210,"height":210,"mime-type":"image\/jpeg","filesize":24484,"url":"https:\/\/www.costadelsol-mallorca.com\/wp-content\/uploads\/2025\/05\/d71e42be-210x210.jpg"},"partners-logo":{"file":"d71e42be-600x475.jpg","width":600,"height":475,"mime-type":"image\/jpeg","filesize":112719,"url":"https:\/\/www.costadelsol-mallorca.com\/wp-content\/uploads\/2025\/05\/d71e42be-600x475.jpg"}},"image_meta":{"aperture":"0","credit":"","camera":"","caption":"","created_timestamp":"0","copyright":"","focal_length":"0","iso":"0","shutter_speed":"0","title":"","orientation":"0","keywords":[]},"ID":"221294","name":"d71e42be.jpg","path":"\/home\/ro\/web\/costadelsol-mallorca.com\/public_html\/wp-content\/uploads\/2025\/05\/d71e42be.jpg","url":"https:\/\/www.costadelsol-mallorca.com\/wp-content\/uploads\/2025\/05\/d71e42be-150x150.jpg","full_url":"https:\/\/www.costadelsol-mallorca.com\/wp-content\/uploads\/2025\/05\/d71e42be.jpg","title":"d71e42be","caption":"","description":"","alt":"","srcset":"https:\/\/www.costadelsol-mallorca.com\/wp-content\/uploads\/2025\/05\/d71e42be-150x150.jpg 150w, https:\/\/www.costadelsol-mallorca.com\/wp-content\/uploads\/2025\/05\/d71e42be-120x120.jpg 120w, https:\/\/www.costadelsol-mallorca.com\/wp-content\/uploads\/2025\/05\/d71e42be-210x210.jpg 210w"},{"width":150,"height":150,"file":"2025\/05\/94d6f45b.jpg","filesize":118258,"sizes":{"thumbnail":{"file":"94d6f45b-150x150.jpg","width":150,"height":150,"mime-type":"image\/jpeg","filesize":14497,"url":"https:\/\/www.costadelsol-mallorca.com\/wp-content\/uploads\/2025\/05\/94d6f45b-150x150.jpg"},"tf-client-image-size":{"file":"94d6f45b-120x120.jpg","width":120,"height":120,"mime-type":"image\/jpeg","filesize":10011,"url":"https:\/\/www.costadelsol-mallorca.com\/wp-content\/uploads\/2025\/05\/94d6f45b-120x120.jpg"},"post-thumbnail":{"file":"94d6f45b-150x57.jpg","width":150,"height":57,"mime-type":"image\/jpeg","filesize":8427,"url":"https:\/\/www.costadelsol-mallorca.com\/wp-content\/uploads\/2025\/05\/94d6f45b-150x57.jpg"},"modern-property-child-slider":{"file":"94d6f45b-680x455.jpg","width":680,"height":455,"mime-type":"image\/jpeg","filesize":130716,"url":"https:\/\/www.costadelsol-mallorca.com\/wp-content\/uploads\/2025\/05\/94d6f45b-680x455.jpg"},"property-thumb-image":{"file":"94d6f45b-488x326.jpg","width":488,"height":326,"mime-type":"image\/jpeg","filesize":75930,"url":"https:\/\/www.costadelsol-mallorca.com\/wp-content\/uploads\/2025\/05\/94d6f45b-488x326.jpg"},"property-detail-video-image":{"file":"94d6f45b-818x417.jpg","width":818,"height":417,"mime-type":"image\/jpeg","filesize":150730,"url":"https:\/\/www.costadelsol-mallorca.com\/wp-content\/uploads\/2025\/05\/94d6f45b-818x417.jpg"},"agent-image":{"file":"94d6f45b-210x210.jpg","width":210,"height":210,"mime-type":"image\/jpeg","filesize":25038,"url":"https:\/\/www.costadelsol-mallorca.com\/wp-content\/uploads\/2025\/05\/94d6f45b-210x210.jpg"},"partners-logo":{"file":"94d6f45b-600x455.jpg","width":600,"height":455,"mime-type":"image\/jpeg","filesize":114513,"url":"https:\/\/www.costadelsol-mallorca.com\/wp-content\/uploads\/2025\/05\/94d6f45b-600x455.jpg"}},"image_meta":{"aperture":"0","credit":"","camera":"","caption":"","created_timestamp":"0","copyright":"","focal_length":"0","iso":"0","shutter_speed":"0","title":"","orientation":"0","keywords":[]},"ID":"221298","name":"94d6f45b.jpg","path":"\/home\/ro\/web\/costadelsol-mallorca.com\/public_html\/wp-content\/uploads\/2025\/05\/94d6f45b.jpg","url":"https:\/\/www.costadelsol-mallorca.com\/wp-content\/uploads\/2025\/05\/94d6f45b-150x150.jpg","full_url":"https:\/\/www.costadelsol-mallorca.com\/wp-content\/uploads\/2025\/05\/94d6f45b.jpg","title":"94d6f45b","caption":"","description":"","alt":"","srcset":"https:\/\/www.costadelsol-mallorca.com\/wp-content\/uploads\/2025\/05\/94d6f45b-150x150.jpg 150w, https:\/\/www.costadelsol-mallorca.com\/wp-content\/uploads\/2025\/05\/94d6f45b-120x120.jpg 120w, https:\/\/www.costadelsol-mallorca.com\/wp-content\/uploads\/2025\/05\/94d6f45b-210x210.jpg 210w"}],"REAL_HOMES_change_gallery_slider_type":"","REAL_HOMES_gallery_slider_type":"thumb-on-right","inspiry_floor_plans":[],"inspiry_video_group":[],"REAL_HOMES_360_virtual_tour":"","REAL_HOMES_tour_video_url":"","REAL_HOMES_tour_video_image":[],"REAL_HOMES_agent_display_option":"agent_info","REAL_HOMES_agents":[],"REAL_HOMES_energy_class":"","REAL_HOMES_energy_performance":"","REAL_HOMES_epc_current_rating":"","REAL_HOMES_epc_potential_rating":"","REAL_HOMES_sticky":"","inspiry_property_label":"","inspiry_property_label_color":"","inspiry_property_tax":"","inspiry_additional_fee":"","REAL_HOMES_attachments":[],"inspiry_property_owner_name":"","inspiry_property_owner_contact":"","inspiry_property_owner_address":"","REAL_HOMES_property_private_note":"","inspiry_message_to_reviewer":"","REAL_HOMES_add_in_slider":"no","REAL_HOMES_slider_image":[],"REAL_HOMES_page_banner_image":[],"REAL_HOMES_hide_property_advance_search":"","REAL_HOMES_hide_advance_search":"","REAL_HOMES_custom_search_form":"","REAL_HOMES_search_form_margin_top":"","REAL_HOMES_search_form_margin_bottom":""},"_links":{"self":[{"href":"https:\/\/www.costadelsol-mallorca.com\/es\/wp-json\/wp\/v2\/property\/229424"}],"collection":[{"href":"https:\/\/www.costadelsol-mallorca.com\/es\/wp-json\/wp\/v2\/property"}],"about":[{"href":"https:\/\/www.costadelsol-mallorca.com\/es\/wp-json\/wp\/v2\/types\/property"}],"replies":[{"embeddable":true,"href":"https:\/\/www.costadelsol-mallorca.com\/es\/wp-json\/wp\/v2\/comments?post=229424"}],"version-history":[{"count":0,"href":"https:\/\/www.costadelsol-mallorca.com\/es\/wp-json\/wp\/v2\/property\/229424\/revisions"}],"wp:featuredmedia":[{"embeddable":true,"href":"https:\/\/www.costadelsol-mallorca.com\/es\/wp-json\/wp\/v2\/media\/221257"}],"wp:attachment":[{"href":"https:\/\/www.costadelsol-mallorca.com\/es\/wp-json\/wp\/v2\/media?parent=229424"}],"wp:term":[{"taxonomy":"property-feature","embeddable":true,"href":"https:\/\/www.costadelsol-mallorca.com\/es\/wp-json\/wp\/v2\/property-feature?post=229424"},{"taxonomy":"property-type","embeddable":true,"href":"https:\/\/www.costadelsol-mallorca.com\/es\/wp-json\/wp\/v2\/property-type?post=229424"},{"taxonomy":"property-city","embeddable":true,"href":"https:\/\/www.costadelsol-mallorca.com\/es\/wp-json\/wp\/v2\/property-city?post=229424"},{"taxonomy":"property-status","embeddable":true,"href":"https:\/\/www.costadelsol-mallorca.com\/es\/wp-json\/wp\/v2\/property-status?post=229424"}],"curies":[{"name":"wp","href":"https:\/\/api.w.org\/{rel}","templated":true}]}}