{"id":229427,"date":"2024-12-04T08:39:15","date_gmt":"2024-12-04T07:39:15","guid":{"rendered":"https:\/\/www.costadelsol-mallorca.com\/property\/estepona-malaga-spain-apartment\/"},"modified":"2024-12-04T08:39:15","modified_gmt":"2024-12-04T07:39:15","slug":"estepona-malaga-spain-apartment","status":"publish","type":"property","link":"https:\/\/www.costadelsol-mallorca.com\/es\/property\/estepona-malaga-spain-apartment\/","title":{"rendered":"Estepona, Malaga, Spain &#8211; Apartment"},"content":{"rendered":"<p>Nueva promoci\u00f3n en Espa\u00f1a en Estepona Golf, en el coraz\u00f3n de la Costa del Sol, con viviendas amplias y luminosas con vistas al campo de golf.&#xD;&#xD;Este nuevo complejo disfruta de vistas panor\u00e1micas al campo de golf. Las casas tienen mucha luz natural ya que est\u00e1n orientadas al sur o al suroeste.&#xD;&#xD;Esta nueva promoci\u00f3n residencial de 69 apartamentos de 2 o 3 dormitorios tiene vistas panor\u00e1micas al campo de golf y algunas viviendas tambi\u00e9n tienen vistas al mar. Los apartamentos est\u00e1n orientados al sur\/suroeste con maravillosas habitaciones amplias y luminosas. Tanto la promoci\u00f3n como el campo de golf est\u00e1n perfectamente integrados en el entorno natural y disfrutan de un paisaje espectacular.&#xD;&#xD;Apartamentos con amplias terrazas.&#xD;Viviendas en planta baja con terrazas y jardines privados.&#xD;\u00c1ticos con terraza y solarium privado.&#xD;Urbanizaci\u00f3n privada con jardines y piscina comunitarios.&#xD;&#xD;La urbanizaci\u00f3n y el campo de golf est\u00e1n perfectamente integrados en el entorno y est\u00e1n rodeados de un paisaje espectacular.&#xD;&#xD;El complejo destaca por la alta calidad de construcci\u00f3n junto con los lujosos materiales utilizados y el sofisticado dise\u00f1o y acabados.<\/p>\n","protected":false},"excerpt":{"rendered":"<p>Nueva promoci\u00f3n en Espa\u00f1a en Estepona Golf, en el coraz\u00f3n de la Costa del Sol, con viviendas amplias y luminosas con vistas al campo de golf.&#xD;&#xD;Este nuevo complejo disfruta de vistas panor\u00e1micas al campo de golf. Las casas tienen mucha luz natural ya que est\u00e1n orientadas al sur o al suroeste.&#xD;&#xD;Esta nueva promoci\u00f3n residencial de&#8230;<\/p>\n","protected":false},"author":1,"featured_media":221424,"parent":0,"menu_order":0,"comment_status":"open","ping_status":"open","template":"","property-feature":[1570,1577,1579,1588,1590,264,1591,271,1592,1539,1593,1541,1594,1544,1545,1553,1554,1557,1558,1561],"property-type":[245],"property-city":[866,875,1431],"property-status":[],"class_list":["post-229427","property","type-property","status-publish","has-post-thumbnail","hentry","property-feature-unfurnished","property-feature-brand-new","property-feature-fitted-wardrobes","property-feature-golf-view","property-feature-28-m-terrace","property-feature-ascensor","property-feature-communal-garden","property-feature-vistas-al-mar","property-feature-communal-pool","property-feature-south-orientation","property-feature-panoramic-view","property-feature-garage","property-feature-excellent-condition","property-feature-air-conditioning","property-feature-fully-fitted-kitchen","property-feature-double-glazing","property-feature-video-entrance","property-feature-telephone","property-feature-private-terrace","property-feature-covered-terrace","property-type-apartamento","property-city-costa-del-sol","property-city-malaga","property-city-estepona","zones-cs"],"aioseo_notices":[],"property_meta":{"REAL_HOMES_property_price":"310000","REAL_HOMES_property_old_price":"","REAL_HOMES_property_price_prefix":"","REAL_HOMES_property_price_postfix":"","REAL_HOMES_property_size":"90","REAL_HOMES_property_size_postfix":"","REAL_HOMES_property_lot_size":"","REAL_HOMES_property_lot_size_postfix":"","REAL_HOMES_property_bedrooms":"2","REAL_HOMES_property_bathrooms":"2","REAL_HOMES_property_garage":"","REAL_HOMES_property_id":"MDL4257514","REAL_HOMES_property_year_built":"","rvr_property_owner":"","REAL_HOMES_featured":"0","REAL_HOMES_additional_details_list":[["",""]],"REAL_HOMES_property_location":{"latitude":"","longitude":"","zoom":""},"REAL_HOMES_property_address":"","REAL_HOMES_property_map":"0","REAL_HOMES_property_images":[{"width":150,"height":150,"file":"2025\/05\/542e00c4.jpg","filesize":188747,"sizes":{"thumbnail":{"file":"542e00c4-150x150.jpg","width":150,"height":150,"mime-type":"image\/jpeg","filesize":18896,"url":"https:\/\/www.costadelsol-mallorca.com\/wp-content\/uploads\/2025\/05\/542e00c4-150x150.jpg"},"tf-client-image-size":{"file":"542e00c4-120x120.jpg","width":120,"height":120,"mime-type":"image\/jpeg","filesize":12954,"url":"https:\/\/www.costadelsol-mallorca.com\/wp-content\/uploads\/2025\/05\/542e00c4-120x120.jpg"},"post-thumbnail":{"file":"542e00c4-150x84.jpg","width":150,"height":84,"mime-type":"image\/jpeg","filesize":13026,"url":"https:\/\/www.costadelsol-mallorca.com\/wp-content\/uploads\/2025\/05\/542e00c4-150x84.jpg"},"modern-property-child-slider":{"file":"542e00c4-680x510.jpg","width":680,"height":510,"mime-type":"image\/jpeg","filesize":182134,"url":"https:\/\/www.costadelsol-mallorca.com\/wp-content\/uploads\/2025\/05\/542e00c4-680x510.jpg"},"property-thumb-image":{"file":"542e00c4-488x326.jpg","width":488,"height":326,"mime-type":"image\/jpeg","filesize":100554,"url":"https:\/\/www.costadelsol-mallorca.com\/wp-content\/uploads\/2025\/05\/542e00c4-488x326.jpg"},"property-detail-video-image":{"file":"542e00c4-818x417.jpg","width":818,"height":417,"mime-type":"image\/jpeg","filesize":198791,"url":"https:\/\/www.costadelsol-mallorca.com\/wp-content\/uploads\/2025\/05\/542e00c4-818x417.jpg"},"agent-image":{"file":"542e00c4-210x210.jpg","width":210,"height":210,"mime-type":"image\/jpeg","filesize":33867,"url":"https:\/\/www.costadelsol-mallorca.com\/wp-content\/uploads\/2025\/05\/542e00c4-210x210.jpg"},"partners-logo":{"file":"542e00c4-600x669.jpg","width":600,"height":669,"mime-type":"image\/jpeg","filesize":195380,"url":"https:\/\/www.costadelsol-mallorca.com\/wp-content\/uploads\/2025\/05\/542e00c4-600x669.jpg"}},"image_meta":{"aperture":"0","credit":"","camera":"","caption":"","created_timestamp":"0","copyright":"","focal_length":"0","iso":"0","shutter_speed":"0","title":"","orientation":"0","keywords":[]},"ID":"221424","name":"542e00c4.jpg","path":"\/home\/ro\/web\/costadelsol-mallorca.com\/public_html\/wp-content\/uploads\/2025\/05\/542e00c4.jpg","url":"https:\/\/www.costadelsol-mallorca.com\/wp-content\/uploads\/2025\/05\/542e00c4-150x150.jpg","full_url":"https:\/\/www.costadelsol-mallorca.com\/wp-content\/uploads\/2025\/05\/542e00c4.jpg","title":"542e00c4","caption":"","description":"","alt":"","srcset":"https:\/\/www.costadelsol-mallorca.com\/wp-content\/uploads\/2025\/05\/542e00c4-150x150.jpg 150w, https:\/\/www.costadelsol-mallorca.com\/wp-content\/uploads\/2025\/05\/542e00c4-120x120.jpg 120w, https:\/\/www.costadelsol-mallorca.com\/wp-content\/uploads\/2025\/05\/542e00c4-210x210.jpg 210w"},{"width":150,"height":150,"file":"2025\/05\/1ebc7537.jpg","filesize":138222,"sizes":{"thumbnail":{"file":"1ebc7537-150x150.jpg","width":150,"height":150,"mime-type":"image\/jpeg","filesize":15254,"url":"https:\/\/www.costadelsol-mallorca.com\/wp-content\/uploads\/2025\/05\/1ebc7537-150x150.jpg"},"tf-client-image-size":{"file":"1ebc7537-120x120.jpg","width":120,"height":120,"mime-type":"image\/jpeg","filesize":10510,"url":"https:\/\/www.costadelsol-mallorca.com\/wp-content\/uploads\/2025\/05\/1ebc7537-120x120.jpg"},"post-thumbnail":{"file":"1ebc7537-150x83.jpg","width":150,"height":83,"mime-type":"image\/jpeg","filesize":10246,"url":"https:\/\/www.costadelsol-mallorca.com\/wp-content\/uploads\/2025\/05\/1ebc7537-150x83.jpg"},"modern-property-child-slider":{"file":"1ebc7537-680x510.jpg","width":680,"height":510,"mime-type":"image\/jpeg","filesize":140712,"url":"https:\/\/www.costadelsol-mallorca.com\/wp-content\/uploads\/2025\/05\/1ebc7537-680x510.jpg"},"property-thumb-image":{"file":"1ebc7537-488x326.jpg","width":488,"height":326,"mime-type":"image\/jpeg","filesize":78403,"url":"https:\/\/www.costadelsol-mallorca.com\/wp-content\/uploads\/2025\/05\/1ebc7537-488x326.jpg"},"property-detail-video-image":{"file":"1ebc7537-818x417.jpg","width":818,"height":417,"mime-type":"image\/jpeg","filesize":145376,"url":"https:\/\/www.costadelsol-mallorca.com\/wp-content\/uploads\/2025\/05\/1ebc7537-818x417.jpg"},"agent-image":{"file":"1ebc7537-210x210.jpg","width":210,"height":210,"mime-type":"image\/jpeg","filesize":26619,"url":"https:\/\/www.costadelsol-mallorca.com\/wp-content\/uploads\/2025\/05\/1ebc7537-210x210.jpg"},"partners-logo":{"file":"1ebc7537-600x662.jpg","width":600,"height":662,"mime-type":"image\/jpeg","filesize":147404,"url":"https:\/\/www.costadelsol-mallorca.com\/wp-content\/uploads\/2025\/05\/1ebc7537-600x662.jpg"}},"image_meta":{"aperture":"0","credit":"","camera":"","caption":"","created_timestamp":"0","copyright":"","focal_length":"0","iso":"0","shutter_speed":"0","title":"","orientation":"0","keywords":[]},"ID":"221428","name":"1ebc7537.jpg","path":"\/home\/ro\/web\/costadelsol-mallorca.com\/public_html\/wp-content\/uploads\/2025\/05\/1ebc7537.jpg","url":"https:\/\/www.costadelsol-mallorca.com\/wp-content\/uploads\/2025\/05\/1ebc7537-150x150.jpg","full_url":"https:\/\/www.costadelsol-mallorca.com\/wp-content\/uploads\/2025\/05\/1ebc7537.jpg","title":"1ebc7537","caption":"","description":"","alt":"","srcset":"https:\/\/www.costadelsol-mallorca.com\/wp-content\/uploads\/2025\/05\/1ebc7537-150x150.jpg 150w, https:\/\/www.costadelsol-mallorca.com\/wp-content\/uploads\/2025\/05\/1ebc7537-120x120.jpg 120w, https:\/\/www.costadelsol-mallorca.com\/wp-content\/uploads\/2025\/05\/1ebc7537-210x210.jpg 210w"},{"width":150,"height":150,"file":"2025\/05\/8ba1234b.jpg","filesize":110344,"sizes":{"thumbnail":{"file":"8ba1234b-150x150.jpg","width":150,"height":150,"mime-type":"image\/jpeg","filesize":15146,"url":"https:\/\/www.costadelsol-mallorca.com\/wp-content\/uploads\/2025\/05\/8ba1234b-150x150.jpg"},"tf-client-image-size":{"file":"8ba1234b-120x120.jpg","width":120,"height":120,"mime-type":"image\/jpeg","filesize":10380,"url":"https:\/\/www.costadelsol-mallorca.com\/wp-content\/uploads\/2025\/05\/8ba1234b-120x120.jpg"},"post-thumbnail":{"file":"8ba1234b-150x83.jpg","width":150,"height":83,"mime-type":"image\/jpeg","filesize":9146,"url":"https:\/\/www.costadelsol-mallorca.com\/wp-content\/uploads\/2025\/05\/8ba1234b-150x83.jpg"},"modern-property-child-slider":{"file":"8ba1234b-680x510.jpg","width":680,"height":510,"mime-type":"image\/jpeg","filesize":129751,"url":"https:\/\/www.costadelsol-mallorca.com\/wp-content\/uploads\/2025\/05\/8ba1234b-680x510.jpg"},"property-thumb-image":{"file":"8ba1234b-488x326.jpg","width":488,"height":326,"mime-type":"image\/jpeg","filesize":68941,"url":"https:\/\/www.costadelsol-mallorca.com\/wp-content\/uploads\/2025\/05\/8ba1234b-488x326.jpg"},"property-detail-video-image":{"file":"8ba1234b-818x417.jpg","width":818,"height":417,"mime-type":"image\/jpeg","filesize":119745,"url":"https:\/\/www.costadelsol-mallorca.com\/wp-content\/uploads\/2025\/05\/8ba1234b-818x417.jpg"},"agent-image":{"file":"8ba1234b-210x210.jpg","width":210,"height":210,"mime-type":"image\/jpeg","filesize":26122,"url":"https:\/\/www.costadelsol-mallorca.com\/wp-content\/uploads\/2025\/05\/8ba1234b-210x210.jpg"},"partners-logo":{"file":"8ba1234b-600x666.jpg","width":600,"height":666,"mime-type":"image\/jpeg","filesize":146510,"url":"https:\/\/www.costadelsol-mallorca.com\/wp-content\/uploads\/2025\/05\/8ba1234b-600x666.jpg"}},"image_meta":{"aperture":"0","credit":"","camera":"","caption":"","created_timestamp":"0","copyright":"","focal_length":"0","iso":"0","shutter_speed":"0","title":"","orientation":"0","keywords":[]},"ID":"221432","name":"8ba1234b.jpg","path":"\/home\/ro\/web\/costadelsol-mallorca.com\/public_html\/wp-content\/uploads\/2025\/05\/8ba1234b.jpg","url":"https:\/\/www.costadelsol-mallorca.com\/wp-content\/uploads\/2025\/05\/8ba1234b-150x150.jpg","full_url":"https:\/\/www.costadelsol-mallorca.com\/wp-content\/uploads\/2025\/05\/8ba1234b.jpg","title":"8ba1234b","caption":"","description":"","alt":"","srcset":"https:\/\/www.costadelsol-mallorca.com\/wp-content\/uploads\/2025\/05\/8ba1234b-150x150.jpg 150w, https:\/\/www.costadelsol-mallorca.com\/wp-content\/uploads\/2025\/05\/8ba1234b-120x120.jpg 120w, https:\/\/www.costadelsol-mallorca.com\/wp-content\/uploads\/2025\/05\/8ba1234b-210x210.jpg 210w"},{"width":150,"height":150,"file":"2025\/05\/4e29c8aa.jpg","filesize":171451,"sizes":{"thumbnail":{"file":"4e29c8aa-150x150.jpg","width":150,"height":150,"mime-type":"image\/jpeg","filesize":16130,"url":"https:\/\/www.costadelsol-mallorca.com\/wp-content\/uploads\/2025\/05\/4e29c8aa-150x150.jpg"},"tf-client-image-size":{"file":"4e29c8aa-120x120.jpg","width":120,"height":120,"mime-type":"image\/jpeg","filesize":10857,"url":"https:\/\/www.costadelsol-mallorca.com\/wp-content\/uploads\/2025\/05\/4e29c8aa-120x120.jpg"},"post-thumbnail":{"file":"4e29c8aa-150x83.jpg","width":150,"height":83,"mime-type":"image\/jpeg","filesize":11296,"url":"https:\/\/www.costadelsol-mallorca.com\/wp-content\/uploads\/2025\/05\/4e29c8aa-150x83.jpg"},"modern-property-child-slider":{"file":"4e29c8aa-680x510.jpg","width":680,"height":510,"mime-type":"image\/jpeg","filesize":163577,"url":"https:\/\/www.costadelsol-mallorca.com\/wp-content\/uploads\/2025\/05\/4e29c8aa-680x510.jpg"},"property-thumb-image":{"file":"4e29c8aa-488x326.jpg","width":488,"height":326,"mime-type":"image\/jpeg","filesize":92608,"url":"https:\/\/www.costadelsol-mallorca.com\/wp-content\/uploads\/2025\/05\/4e29c8aa-488x326.jpg"},"property-detail-video-image":{"file":"4e29c8aa-818x417.jpg","width":818,"height":417,"mime-type":"image\/jpeg","filesize":176522,"url":"https:\/\/www.costadelsol-mallorca.com\/wp-content\/uploads\/2025\/05\/4e29c8aa-818x417.jpg"},"agent-image":{"file":"4e29c8aa-210x210.jpg","width":210,"height":210,"mime-type":"image\/jpeg","filesize":28734,"url":"https:\/\/www.costadelsol-mallorca.com\/wp-content\/uploads\/2025\/05\/4e29c8aa-210x210.jpg"},"partners-logo":{"file":"4e29c8aa-600x666.jpg","width":600,"height":666,"mime-type":"image\/jpeg","filesize":166992,"url":"https:\/\/www.costadelsol-mallorca.com\/wp-content\/uploads\/2025\/05\/4e29c8aa-600x666.jpg"}},"image_meta":{"aperture":"0","credit":"","camera":"","caption":"","created_timestamp":"0","copyright":"","focal_length":"0","iso":"0","shutter_speed":"0","title":"","orientation":"0","keywords":[]},"ID":"221436","name":"4e29c8aa.jpg","path":"\/home\/ro\/web\/costadelsol-mallorca.com\/public_html\/wp-content\/uploads\/2025\/05\/4e29c8aa.jpg","url":"https:\/\/www.costadelsol-mallorca.com\/wp-content\/uploads\/2025\/05\/4e29c8aa-150x150.jpg","full_url":"https:\/\/www.costadelsol-mallorca.com\/wp-content\/uploads\/2025\/05\/4e29c8aa.jpg","title":"4e29c8aa","caption":"","description":"","alt":"","srcset":"https:\/\/www.costadelsol-mallorca.com\/wp-content\/uploads\/2025\/05\/4e29c8aa-150x150.jpg 150w, https:\/\/www.costadelsol-mallorca.com\/wp-content\/uploads\/2025\/05\/4e29c8aa-120x120.jpg 120w, https:\/\/www.costadelsol-mallorca.com\/wp-content\/uploads\/2025\/05\/4e29c8aa-210x210.jpg 210w"},{"width":150,"height":150,"file":"2025\/05\/ec28f990.jpg","filesize":128127,"sizes":{"thumbnail":{"file":"ec28f990-150x150.jpg","width":150,"height":150,"mime-type":"image\/jpeg","filesize":13677,"url":"https:\/\/www.costadelsol-mallorca.com\/wp-content\/uploads\/2025\/05\/ec28f990-150x150.jpg"},"tf-client-image-size":{"file":"ec28f990-120x120.jpg","width":120,"height":120,"mime-type":"image\/jpeg","filesize":9383,"url":"https:\/\/www.costadelsol-mallorca.com\/wp-content\/uploads\/2025\/05\/ec28f990-120x120.jpg"},"post-thumbnail":{"file":"ec28f990-150x84.jpg","width":150,"height":84,"mime-type":"image\/jpeg","filesize":9476,"url":"https:\/\/www.costadelsol-mallorca.com\/wp-content\/uploads\/2025\/05\/ec28f990-150x84.jpg"},"modern-property-child-slider":{"file":"ec28f990-680x510.jpg","width":680,"height":510,"mime-type":"image\/jpeg","filesize":128818,"url":"https:\/\/www.costadelsol-mallorca.com\/wp-content\/uploads\/2025\/05\/ec28f990-680x510.jpg"},"property-thumb-image":{"file":"ec28f990-488x326.jpg","width":488,"height":326,"mime-type":"image\/jpeg","filesize":71555,"url":"https:\/\/www.costadelsol-mallorca.com\/wp-content\/uploads\/2025\/05\/ec28f990-488x326.jpg"},"property-detail-video-image":{"file":"ec28f990-818x417.jpg","width":818,"height":417,"mime-type":"image\/jpeg","filesize":136852,"url":"https:\/\/www.costadelsol-mallorca.com\/wp-content\/uploads\/2025\/05\/ec28f990-818x417.jpg"},"agent-image":{"file":"ec28f990-210x210.jpg","width":210,"height":210,"mime-type":"image\/jpeg","filesize":23939,"url":"https:\/\/www.costadelsol-mallorca.com\/wp-content\/uploads\/2025\/05\/ec28f990-210x210.jpg"},"partners-logo":{"file":"ec28f990-600x668.jpg","width":600,"height":668,"mime-type":"image\/jpeg","filesize":135678,"url":"https:\/\/www.costadelsol-mallorca.com\/wp-content\/uploads\/2025\/05\/ec28f990-600x668.jpg"}},"image_meta":{"aperture":"0","credit":"","camera":"","caption":"","created_timestamp":"0","copyright":"","focal_length":"0","iso":"0","shutter_speed":"0","title":"","orientation":"0","keywords":[]},"ID":"221440","name":"ec28f990.jpg","path":"\/home\/ro\/web\/costadelsol-mallorca.com\/public_html\/wp-content\/uploads\/2025\/05\/ec28f990.jpg","url":"https:\/\/www.costadelsol-mallorca.com\/wp-content\/uploads\/2025\/05\/ec28f990-150x150.jpg","full_url":"https:\/\/www.costadelsol-mallorca.com\/wp-content\/uploads\/2025\/05\/ec28f990.jpg","title":"ec28f990","caption":"","description":"","alt":"","srcset":"https:\/\/www.costadelsol-mallorca.com\/wp-content\/uploads\/2025\/05\/ec28f990-150x150.jpg 150w, https:\/\/www.costadelsol-mallorca.com\/wp-content\/uploads\/2025\/05\/ec28f990-120x120.jpg 120w, https:\/\/www.costadelsol-mallorca.com\/wp-content\/uploads\/2025\/05\/ec28f990-210x210.jpg 210w"},{"width":150,"height":150,"file":"2025\/05\/2697d314.jpg","filesize":84216,"sizes":{"thumbnail":{"file":"2697d314-150x150.jpg","width":150,"height":150,"mime-type":"image\/jpeg","filesize":10487,"url":"https:\/\/www.costadelsol-mallorca.com\/wp-content\/uploads\/2025\/05\/2697d314-150x150.jpg"},"tf-client-image-size":{"file":"2697d314-120x120.jpg","width":120,"height":120,"mime-type":"image\/jpeg","filesize":7104,"url":"https:\/\/www.costadelsol-mallorca.com\/wp-content\/uploads\/2025\/05\/2697d314-120x120.jpg"},"post-thumbnail":{"file":"2697d314-150x83.jpg","width":150,"height":83,"mime-type":"image\/jpeg","filesize":7069,"url":"https:\/\/www.costadelsol-mallorca.com\/wp-content\/uploads\/2025\/05\/2697d314-150x83.jpg"},"modern-property-child-slider":{"file":"2697d314-680x510.jpg","width":680,"height":510,"mime-type":"image\/jpeg","filesize":92912,"url":"https:\/\/www.costadelsol-mallorca.com\/wp-content\/uploads\/2025\/05\/2697d314-680x510.jpg"},"property-thumb-image":{"file":"2697d314-488x326.jpg","width":488,"height":326,"mime-type":"image\/jpeg","filesize":51378,"url":"https:\/\/www.costadelsol-mallorca.com\/wp-content\/uploads\/2025\/05\/2697d314-488x326.jpg"},"property-detail-video-image":{"file":"2697d314-818x417.jpg","width":818,"height":417,"mime-type":"image\/jpeg","filesize":93384,"url":"https:\/\/www.costadelsol-mallorca.com\/wp-content\/uploads\/2025\/05\/2697d314-818x417.jpg"},"agent-image":{"file":"2697d314-210x210.jpg","width":210,"height":210,"mime-type":"image\/jpeg","filesize":18454,"url":"https:\/\/www.costadelsol-mallorca.com\/wp-content\/uploads\/2025\/05\/2697d314-210x210.jpg"},"partners-logo":{"file":"2697d314-600x665.jpg","width":600,"height":665,"mime-type":"image\/jpeg","filesize":92848,"url":"https:\/\/www.costadelsol-mallorca.com\/wp-content\/uploads\/2025\/05\/2697d314-600x665.jpg"}},"image_meta":{"aperture":"0","credit":"","camera":"","caption":"","created_timestamp":"0","copyright":"","focal_length":"0","iso":"0","shutter_speed":"0","title":"","orientation":"0","keywords":[]},"ID":"221444","name":"2697d314.jpg","path":"\/home\/ro\/web\/costadelsol-mallorca.com\/public_html\/wp-content\/uploads\/2025\/05\/2697d314.jpg","url":"https:\/\/www.costadelsol-mallorca.com\/wp-content\/uploads\/2025\/05\/2697d314-150x150.jpg","full_url":"https:\/\/www.costadelsol-mallorca.com\/wp-content\/uploads\/2025\/05\/2697d314.jpg","title":"2697d314","caption":"","description":"","alt":"","srcset":"https:\/\/www.costadelsol-mallorca.com\/wp-content\/uploads\/2025\/05\/2697d314-150x150.jpg 150w, https:\/\/www.costadelsol-mallorca.com\/wp-content\/uploads\/2025\/05\/2697d314-120x120.jpg 120w, https:\/\/www.costadelsol-mallorca.com\/wp-content\/uploads\/2025\/05\/2697d314-210x210.jpg 210w"},{"width":150,"height":150,"file":"2025\/05\/929ba82d.jpg","filesize":96550,"sizes":{"thumbnail":{"file":"929ba82d-150x150.jpg","width":150,"height":150,"mime-type":"image\/jpeg","filesize":11775,"url":"https:\/\/www.costadelsol-mallorca.com\/wp-content\/uploads\/2025\/05\/929ba82d-150x150.jpg"},"tf-client-image-size":{"file":"929ba82d-120x120.jpg","width":120,"height":120,"mime-type":"image\/jpeg","filesize":8177,"url":"https:\/\/www.costadelsol-mallorca.com\/wp-content\/uploads\/2025\/05\/929ba82d-120x120.jpg"},"post-thumbnail":{"file":"929ba82d-150x83.jpg","width":150,"height":83,"mime-type":"image\/jpeg","filesize":7882,"url":"https:\/\/www.costadelsol-mallorca.com\/wp-content\/uploads\/2025\/05\/929ba82d-150x83.jpg"},"modern-property-child-slider":{"file":"929ba82d-680x510.jpg","width":680,"height":510,"mime-type":"image\/jpeg","filesize":105913,"url":"https:\/\/www.costadelsol-mallorca.com\/wp-content\/uploads\/2025\/05\/929ba82d-680x510.jpg"},"property-thumb-image":{"file":"929ba82d-488x326.jpg","width":488,"height":326,"mime-type":"image\/jpeg","filesize":57947,"url":"https:\/\/www.costadelsol-mallorca.com\/wp-content\/uploads\/2025\/05\/929ba82d-488x326.jpg"},"property-detail-video-image":{"file":"929ba82d-818x417.jpg","width":818,"height":417,"mime-type":"image\/jpeg","filesize":104686,"url":"https:\/\/www.costadelsol-mallorca.com\/wp-content\/uploads\/2025\/05\/929ba82d-818x417.jpg"},"agent-image":{"file":"929ba82d-210x210.jpg","width":210,"height":210,"mime-type":"image\/jpeg","filesize":20341,"url":"https:\/\/www.costadelsol-mallorca.com\/wp-content\/uploads\/2025\/05\/929ba82d-210x210.jpg"},"partners-logo":{"file":"929ba82d-600x666.jpg","width":600,"height":666,"mime-type":"image\/jpeg","filesize":105128,"url":"https:\/\/www.costadelsol-mallorca.com\/wp-content\/uploads\/2025\/05\/929ba82d-600x666.jpg"}},"image_meta":{"aperture":"0","credit":"","camera":"","caption":"","created_timestamp":"0","copyright":"","focal_length":"0","iso":"0","shutter_speed":"0","title":"","orientation":"0","keywords":[]},"ID":"221448","name":"929ba82d.jpg","path":"\/home\/ro\/web\/costadelsol-mallorca.com\/public_html\/wp-content\/uploads\/2025\/05\/929ba82d.jpg","url":"https:\/\/www.costadelsol-mallorca.com\/wp-content\/uploads\/2025\/05\/929ba82d-150x150.jpg","full_url":"https:\/\/www.costadelsol-mallorca.com\/wp-content\/uploads\/2025\/05\/929ba82d.jpg","title":"929ba82d","caption":"","description":"","alt":"","srcset":"https:\/\/www.costadelsol-mallorca.com\/wp-content\/uploads\/2025\/05\/929ba82d-150x150.jpg 150w, https:\/\/www.costadelsol-mallorca.com\/wp-content\/uploads\/2025\/05\/929ba82d-120x120.jpg 120w, https:\/\/www.costadelsol-mallorca.com\/wp-content\/uploads\/2025\/05\/929ba82d-210x210.jpg 210w"},{"width":150,"height":150,"file":"2025\/05\/720b815a.jpg","filesize":87431,"sizes":{"thumbnail":{"file":"720b815a-150x150.jpg","width":150,"height":150,"mime-type":"image\/jpeg","filesize":10091,"url":"https:\/\/www.costadelsol-mallorca.com\/wp-content\/uploads\/2025\/05\/720b815a-150x150.jpg"},"tf-client-image-size":{"file":"720b815a-120x120.jpg","width":120,"height":120,"mime-type":"image\/jpeg","filesize":6895,"url":"https:\/\/www.costadelsol-mallorca.com\/wp-content\/uploads\/2025\/05\/720b815a-120x120.jpg"},"post-thumbnail":{"file":"720b815a-150x84.jpg","width":150,"height":84,"mime-type":"image\/jpeg","filesize":6978,"url":"https:\/\/www.costadelsol-mallorca.com\/wp-content\/uploads\/2025\/05\/720b815a-150x84.jpg"},"modern-property-child-slider":{"file":"720b815a-680x510.jpg","width":680,"height":510,"mime-type":"image\/jpeg","filesize":93819,"url":"https:\/\/www.costadelsol-mallorca.com\/wp-content\/uploads\/2025\/05\/720b815a-680x510.jpg"},"property-thumb-image":{"file":"720b815a-488x326.jpg","width":488,"height":326,"mime-type":"image\/jpeg","filesize":52154,"url":"https:\/\/www.costadelsol-mallorca.com\/wp-content\/uploads\/2025\/05\/720b815a-488x326.jpg"},"property-detail-video-image":{"file":"720b815a-818x417.jpg","width":818,"height":417,"mime-type":"image\/jpeg","filesize":97987,"url":"https:\/\/www.costadelsol-mallorca.com\/wp-content\/uploads\/2025\/05\/720b815a-818x417.jpg"},"agent-image":{"file":"720b815a-210x210.jpg","width":210,"height":210,"mime-type":"image\/jpeg","filesize":17772,"url":"https:\/\/www.costadelsol-mallorca.com\/wp-content\/uploads\/2025\/05\/720b815a-210x210.jpg"},"partners-logo":{"file":"720b815a-600x668.jpg","width":600,"height":668,"mime-type":"image\/jpeg","filesize":89889,"url":"https:\/\/www.costadelsol-mallorca.com\/wp-content\/uploads\/2025\/05\/720b815a-600x668.jpg"}},"image_meta":{"aperture":"0","credit":"","camera":"","caption":"","created_timestamp":"0","copyright":"","focal_length":"0","iso":"0","shutter_speed":"0","title":"","orientation":"0","keywords":[]},"ID":"221452","name":"720b815a.jpg","path":"\/home\/ro\/web\/costadelsol-mallorca.com\/public_html\/wp-content\/uploads\/2025\/05\/720b815a.jpg","url":"https:\/\/www.costadelsol-mallorca.com\/wp-content\/uploads\/2025\/05\/720b815a-150x150.jpg","full_url":"https:\/\/www.costadelsol-mallorca.com\/wp-content\/uploads\/2025\/05\/720b815a.jpg","title":"720b815a","caption":"","description":"","alt":"","srcset":"https:\/\/www.costadelsol-mallorca.com\/wp-content\/uploads\/2025\/05\/720b815a-150x150.jpg 150w, https:\/\/www.costadelsol-mallorca.com\/wp-content\/uploads\/2025\/05\/720b815a-120x120.jpg 120w, https:\/\/www.costadelsol-mallorca.com\/wp-content\/uploads\/2025\/05\/720b815a-210x210.jpg 210w"},{"width":150,"height":150,"file":"2025\/05\/359204c6.jpg","filesize":154339,"sizes":{"thumbnail":{"file":"359204c6-150x150.jpg","width":150,"height":150,"mime-type":"image\/jpeg","filesize":16068,"url":"https:\/\/www.costadelsol-mallorca.com\/wp-content\/uploads\/2025\/05\/359204c6-150x150.jpg"},"tf-client-image-size":{"file":"359204c6-120x120.jpg","width":120,"height":120,"mime-type":"image\/jpeg","filesize":11011,"url":"https:\/\/www.costadelsol-mallorca.com\/wp-content\/uploads\/2025\/05\/359204c6-120x120.jpg"},"post-thumbnail":{"file":"359204c6-150x82.jpg","width":150,"height":82,"mime-type":"image\/jpeg","filesize":11701,"url":"https:\/\/www.costadelsol-mallorca.com\/wp-content\/uploads\/2025\/05\/359204c6-150x82.jpg"},"modern-property-child-slider":{"file":"359204c6-680x510.jpg","width":680,"height":510,"mime-type":"image\/jpeg","filesize":149523,"url":"https:\/\/www.costadelsol-mallorca.com\/wp-content\/uploads\/2025\/05\/359204c6-680x510.jpg"},"property-thumb-image":{"file":"359204c6-488x326.jpg","width":488,"height":326,"mime-type":"image\/jpeg","filesize":84093,"url":"https:\/\/www.costadelsol-mallorca.com\/wp-content\/uploads\/2025\/05\/359204c6-488x326.jpg"},"property-detail-video-image":{"file":"359204c6-818x417.jpg","width":818,"height":417,"mime-type":"image\/jpeg","filesize":159884,"url":"https:\/\/www.costadelsol-mallorca.com\/wp-content\/uploads\/2025\/05\/359204c6-818x417.jpg"},"agent-image":{"file":"359204c6-210x210.jpg","width":210,"height":210,"mime-type":"image\/jpeg","filesize":27759,"url":"https:\/\/www.costadelsol-mallorca.com\/wp-content\/uploads\/2025\/05\/359204c6-210x210.jpg"},"partners-logo":{"file":"359204c6-600x659.jpg","width":600,"height":659,"mime-type":"image\/jpeg","filesize":151013,"url":"https:\/\/www.costadelsol-mallorca.com\/wp-content\/uploads\/2025\/05\/359204c6-600x659.jpg"}},"image_meta":{"aperture":"0","credit":"","camera":"","caption":"","created_timestamp":"0","copyright":"","focal_length":"0","iso":"0","shutter_speed":"0","title":"","orientation":"0","keywords":[]},"ID":"221456","name":"359204c6.jpg","path":"\/home\/ro\/web\/costadelsol-mallorca.com\/public_html\/wp-content\/uploads\/2025\/05\/359204c6.jpg","url":"https:\/\/www.costadelsol-mallorca.com\/wp-content\/uploads\/2025\/05\/359204c6-150x150.jpg","full_url":"https:\/\/www.costadelsol-mallorca.com\/wp-content\/uploads\/2025\/05\/359204c6.jpg","title":"359204c6","caption":"","description":"","alt":"","srcset":"https:\/\/www.costadelsol-mallorca.com\/wp-content\/uploads\/2025\/05\/359204c6-150x150.jpg 150w, https:\/\/www.costadelsol-mallorca.com\/wp-content\/uploads\/2025\/05\/359204c6-120x120.jpg 120w, https:\/\/www.costadelsol-mallorca.com\/wp-content\/uploads\/2025\/05\/359204c6-210x210.jpg 210w"},{"width":150,"height":150,"file":"2025\/05\/2edc661e.jpg","filesize":191428,"sizes":{"thumbnail":{"file":"2edc661e-150x150.jpg","width":150,"height":150,"mime-type":"image\/jpeg","filesize":19641,"url":"https:\/\/www.costadelsol-mallorca.com\/wp-content\/uploads\/2025\/05\/2edc661e-150x150.jpg"},"tf-client-image-size":{"file":"2edc661e-120x120.jpg","width":120,"height":120,"mime-type":"image\/jpeg","filesize":13331,"url":"https:\/\/www.costadelsol-mallorca.com\/wp-content\/uploads\/2025\/05\/2edc661e-120x120.jpg"},"post-thumbnail":{"file":"2edc661e-150x83.jpg","width":150,"height":83,"mime-type":"image\/jpeg","filesize":13755,"url":"https:\/\/www.costadelsol-mallorca.com\/wp-content\/uploads\/2025\/05\/2edc661e-150x83.jpg"},"modern-property-child-slider":{"file":"2edc661e-680x510.jpg","width":680,"height":510,"mime-type":"image\/jpeg","filesize":185384,"url":"https:\/\/www.costadelsol-mallorca.com\/wp-content\/uploads\/2025\/05\/2edc661e-680x510.jpg"},"property-thumb-image":{"file":"2edc661e-488x326.jpg","width":488,"height":326,"mime-type":"image\/jpeg","filesize":102477,"url":"https:\/\/www.costadelsol-mallorca.com\/wp-content\/uploads\/2025\/05\/2edc661e-488x326.jpg"},"property-detail-video-image":{"file":"2edc661e-818x417.jpg","width":818,"height":417,"mime-type":"image\/jpeg","filesize":202871,"url":"https:\/\/www.costadelsol-mallorca.com\/wp-content\/uploads\/2025\/05\/2edc661e-818x417.jpg"},"agent-image":{"file":"2edc661e-210x210.jpg","width":210,"height":210,"mime-type":"image\/jpeg","filesize":33870,"url":"https:\/\/www.costadelsol-mallorca.com\/wp-content\/uploads\/2025\/05\/2edc661e-210x210.jpg"},"partners-logo":{"file":"2edc661e-600x665.jpg","width":600,"height":665,"mime-type":"image\/jpeg","filesize":191667,"url":"https:\/\/www.costadelsol-mallorca.com\/wp-content\/uploads\/2025\/05\/2edc661e-600x665.jpg"}},"image_meta":{"aperture":"0","credit":"","camera":"","caption":"","created_timestamp":"0","copyright":"","focal_length":"0","iso":"0","shutter_speed":"0","title":"","orientation":"0","keywords":[]},"ID":"221460","name":"2edc661e.jpg","path":"\/home\/ro\/web\/costadelsol-mallorca.com\/public_html\/wp-content\/uploads\/2025\/05\/2edc661e.jpg","url":"https:\/\/www.costadelsol-mallorca.com\/wp-content\/uploads\/2025\/05\/2edc661e-150x150.jpg","full_url":"https:\/\/www.costadelsol-mallorca.com\/wp-content\/uploads\/2025\/05\/2edc661e.jpg","title":"2edc661e","caption":"","description":"","alt":"","srcset":"https:\/\/www.costadelsol-mallorca.com\/wp-content\/uploads\/2025\/05\/2edc661e-150x150.jpg 150w, https:\/\/www.costadelsol-mallorca.com\/wp-content\/uploads\/2025\/05\/2edc661e-120x120.jpg 120w, https:\/\/www.costadelsol-mallorca.com\/wp-content\/uploads\/2025\/05\/2edc661e-210x210.jpg 210w"}],"REAL_HOMES_change_gallery_slider_type":"","REAL_HOMES_gallery_slider_type":"thumb-on-right","inspiry_floor_plans":[],"inspiry_video_group":[],"REAL_HOMES_360_virtual_tour":"","REAL_HOMES_agent_display_option":"agent_info","REAL_HOMES_agents":[],"REAL_HOMES_energy_class":"","REAL_HOMES_energy_performance":"","REAL_HOMES_epc_current_rating":"","REAL_HOMES_epc_potential_rating":"","ere_property_schedule_tour":"","ere_property_schedule_time_slots":"","ere_property_schedule_description":"","REAL_HOMES_sticky":"","inspiry_property_label":"","inspiry_property_label_color":"","inspiry_property_tax":"","inspiry_additional_fee":"","REAL_HOMES_attachments":[],"inspiry_property_owner_name":"","inspiry_property_owner_contact":"","inspiry_property_owner_address":"","REAL_HOMES_property_private_note":"","inspiry_message_to_reviewer":"","REAL_HOMES_add_in_slider":"no","REAL_HOMES_slider_image":[],"REAL_HOMES_page_banner_image":[],"REAL_HOMES_hide_property_advance_search":"","REAL_HOMES_hide_advance_search":"","REAL_HOMES_custom_search_form":"","REAL_HOMES_search_form_margin_top":"","REAL_HOMES_search_form_margin_bottom":""},"_links":{"self":[{"href":"https:\/\/www.costadelsol-mallorca.com\/es\/wp-json\/wp\/v2\/property\/229427","targetHints":{"allow":["GET"]}}],"collection":[{"href":"https:\/\/www.costadelsol-mallorca.com\/es\/wp-json\/wp\/v2\/property"}],"about":[{"href":"https:\/\/www.costadelsol-mallorca.com\/es\/wp-json\/wp\/v2\/types\/property"}],"author":[{"embeddable":true,"href":"https:\/\/www.costadelsol-mallorca.com\/es\/wp-json\/wp\/v2\/users\/1"}],"replies":[{"embeddable":true,"href":"https:\/\/www.costadelsol-mallorca.com\/es\/wp-json\/wp\/v2\/comments?post=229427"}],"version-history":[{"count":0,"href":"https:\/\/www.costadelsol-mallorca.com\/es\/wp-json\/wp\/v2\/property\/229427\/revisions"}],"wp:featuredmedia":[{"embeddable":true,"href":"https:\/\/www.costadelsol-mallorca.com\/es\/wp-json\/wp\/v2\/media\/221424"}],"wp:attachment":[{"href":"https:\/\/www.costadelsol-mallorca.com\/es\/wp-json\/wp\/v2\/media?parent=229427"}],"wp:term":[{"taxonomy":"property-feature","embeddable":true,"href":"https:\/\/www.costadelsol-mallorca.com\/es\/wp-json\/wp\/v2\/property-feature?post=229427"},{"taxonomy":"property-type","embeddable":true,"href":"https:\/\/www.costadelsol-mallorca.com\/es\/wp-json\/wp\/v2\/property-type?post=229427"},{"taxonomy":"property-city","embeddable":true,"href":"https:\/\/www.costadelsol-mallorca.com\/es\/wp-json\/wp\/v2\/property-city?post=229427"},{"taxonomy":"property-status","embeddable":true,"href":"https:\/\/www.costadelsol-mallorca.com\/es\/wp-json\/wp\/v2\/property-status?post=229427"}],"curies":[{"name":"wp","href":"https:\/\/api.w.org\/{rel}","templated":true}]}}