{"id":229428,"date":"2024-12-04T08:39:17","date_gmt":"2024-12-04T07:39:17","guid":{"rendered":"https:\/\/www.costadelsol-mallorca.com\/property\/estepona-malaga-spain-villa\/"},"modified":"2024-12-04T08:39:17","modified_gmt":"2024-12-04T07:39:17","slug":"estepona-malaga-spain-villa","status":"publish","type":"property","link":"https:\/\/www.costadelsol-mallorca.com\/es\/property\/estepona-malaga-spain-villa\/","title":{"rendered":"Estepona, Malaga, Spain &#8211; Villa"},"content":{"rendered":"<p>Un nuevo y emocionante desarrollo de villas contempor\u00e1neas de cuatro dormitorios en la zona muy solicitada de El Campanario.&#xD;&#xD;El proyecto se compone de villas contempor\u00e1neas de tres a cuatro dormitorios que se extienden hasta las calles del campo de golf Campanario. Es la infusi\u00f3n perfecta de naturaleza y arquitectura, con impresionantes exteriores y acabados interiores excepcionales. Hay varios tipos de dise\u00f1o diferentes para elegir, cada uno crea una experiencia de vida diferente. Las caracter\u00edsticas clave de cada casa incluyen una vida de planta abierta, cocinas completamente equipadas, amplios dormitorios con ba\u00f1o y mucho espacio de almacenamiento incorporado. Las villas m\u00e1s grandes le brindan la opci\u00f3n de habitaciones libres que se pueden configurar como oficinas en el hogar o como dormitorios adicionales si es necesario. Tambi\u00e9n cuentan con piscinas privadas y amplios jardines con vistas al campo de golf.&#xD;&#xD;Hay una emocionante selecci\u00f3n de villas, cada una con su propia imagen individual. Los precios actualmente oscilan entre 1&apos;495&apos;000 \u20ac y 1&apos;975&apos;000 \u20ac<\/p>\n","protected":false},"excerpt":{"rendered":"<p>Un nuevo y emocionante desarrollo de villas contempor\u00e1neas de cuatro dormitorios en la zona muy solicitada de El Campanario.&#xD;&#xD;El proyecto se compone de villas contempor\u00e1neas de tres a cuatro dormitorios que se extienden hasta las calles del campo de golf Campanario. Es la infusi\u00f3n perfecta de naturaleza y arquitectura, con impresionantes exteriores y acabados interiores&#8230;<\/p>\n","protected":false},"author":1,"featured_media":221465,"parent":0,"menu_order":0,"comment_status":"open","ping_status":"open","template":"","property-feature":[1553,1557,1558,1561,1565,1567,1570,1577,269,1579,1539,1595,1542,1544,1545,1546,1547,1550],"property-type":[1562],"property-city":[866,875,1431],"property-status":[],"class_list":["post-229428","property","type-property","status-publish","has-post-thumbnail","hentry","property-feature-double-glazing","property-feature-telephone","property-feature-private-terrace","property-feature-covered-terrace","property-feature-private-garage","property-feature-garden-view","property-feature-unfurnished","property-feature-brand-new","property-feature-piscina-privada","property-feature-fitted-wardrobes","property-feature-south-orientation","property-feature-103-m-terrace","property-feature-private-garden","property-feature-air-conditioning","property-feature-fully-fitted-kitchen","property-feature-utility-room","property-feature-fireplace","property-feature-basement","property-type-villa","property-city-costa-del-sol","property-city-malaga","property-city-estepona","zones-cs"],"aioseo_notices":[],"property_meta":{"REAL_HOMES_property_price":"1495000","REAL_HOMES_property_old_price":"","REAL_HOMES_property_price_prefix":"","REAL_HOMES_property_price_postfix":"","REAL_HOMES_property_size":"254","REAL_HOMES_property_size_postfix":"","REAL_HOMES_property_lot_size":"","REAL_HOMES_property_lot_size_postfix":"","REAL_HOMES_property_bedrooms":"4","REAL_HOMES_property_bathrooms":"3","REAL_HOMES_property_garage":"","REAL_HOMES_property_id":"MDL4320034","REAL_HOMES_property_year_built":"","rvr_property_owner":"","REAL_HOMES_featured":"0","REAL_HOMES_additional_details_list":[["",""]],"REAL_HOMES_property_location":{"latitude":"","longitude":"","zoom":""},"REAL_HOMES_property_address":"","REAL_HOMES_property_map":"0","REAL_HOMES_property_images":[{"width":150,"height":150,"file":"2025\/05\/9be50b79.jpg","filesize":412413,"sizes":{"thumbnail":{"file":"9be50b79-150x150.jpg","width":150,"height":150,"mime-type":"image\/jpeg","filesize":21082,"url":"https:\/\/www.costadelsol-mallorca.com\/wp-content\/uploads\/2025\/05\/9be50b79-150x150.jpg"},"tf-client-image-size":{"file":"9be50b79-120x120.jpg","width":120,"height":120,"mime-type":"image\/jpeg","filesize":13941,"url":"https:\/\/www.costadelsol-mallorca.com\/wp-content\/uploads\/2025\/05\/9be50b79-120x120.jpg"},"post-thumbnail":{"file":"9be50b79-150x113.jpg","width":150,"height":113,"mime-type":"image\/jpeg","filesize":17998,"url":"https:\/\/www.costadelsol-mallorca.com\/wp-content\/uploads\/2025\/05\/9be50b79-150x113.jpg"},"modern-property-child-slider":{"file":"9be50b79-680x510.jpg","width":680,"height":510,"mime-type":"image\/jpeg","filesize":269628,"url":"https:\/\/www.costadelsol-mallorca.com\/wp-content\/uploads\/2025\/05\/9be50b79-680x510.jpg"},"property-thumb-image":{"file":"9be50b79-488x326.jpg","width":488,"height":326,"mime-type":"image\/jpeg","filesize":133880,"url":"https:\/\/www.costadelsol-mallorca.com\/wp-content\/uploads\/2025\/05\/9be50b79-488x326.jpg"},"property-detail-video-image":{"file":"9be50b79-818x417.jpg","width":818,"height":417,"mime-type":"image\/jpeg","filesize":274407,"url":"https:\/\/www.costadelsol-mallorca.com\/wp-content\/uploads\/2025\/05\/9be50b79-818x417.jpg"},"agent-image":{"file":"9be50b79-210x210.jpg","width":210,"height":210,"mime-type":"image\/jpeg","filesize":39596,"url":"https:\/\/www.costadelsol-mallorca.com\/wp-content\/uploads\/2025\/05\/9be50b79-210x210.jpg"},"partners-logo":{"file":"9be50b79-600x900.jpg","width":600,"height":900,"mime-type":"image\/jpeg","filesize":357173,"url":"https:\/\/www.costadelsol-mallorca.com\/wp-content\/uploads\/2025\/05\/9be50b79-600x900.jpg"},"post-featured-image":{"file":"9be50b79-1200x720.jpg","width":1200,"height":720,"mime-type":"image\/jpeg","filesize":654768,"url":"https:\/\/www.costadelsol-mallorca.com\/wp-content\/uploads\/2025\/05\/9be50b79-1200x720.jpg"}},"image_meta":{"aperture":"0","credit":"","camera":"","caption":"","created_timestamp":"0","copyright":"","focal_length":"0","iso":"0","shutter_speed":"0","title":"","orientation":"0","keywords":[]},"ID":"221465","name":"9be50b79.jpg","path":"\/home\/ro\/web\/costadelsol-mallorca.com\/public_html\/wp-content\/uploads\/2025\/05\/9be50b79.jpg","url":"https:\/\/www.costadelsol-mallorca.com\/wp-content\/uploads\/2025\/05\/9be50b79-150x150.jpg","full_url":"https:\/\/www.costadelsol-mallorca.com\/wp-content\/uploads\/2025\/05\/9be50b79.jpg","title":"9be50b79","caption":"","description":"","alt":"","srcset":"https:\/\/www.costadelsol-mallorca.com\/wp-content\/uploads\/2025\/05\/9be50b79-150x150.jpg 150w, https:\/\/www.costadelsol-mallorca.com\/wp-content\/uploads\/2025\/05\/9be50b79-120x120.jpg 120w, https:\/\/www.costadelsol-mallorca.com\/wp-content\/uploads\/2025\/05\/9be50b79-210x210.jpg 210w"},{"width":150,"height":150,"file":"2025\/05\/707e3acf.jpg","filesize":447357,"sizes":{"thumbnail":{"file":"707e3acf-150x150.jpg","width":150,"height":150,"mime-type":"image\/jpeg","filesize":21079,"url":"https:\/\/www.costadelsol-mallorca.com\/wp-content\/uploads\/2025\/05\/707e3acf-150x150.jpg"},"tf-client-image-size":{"file":"707e3acf-120x120.jpg","width":120,"height":120,"mime-type":"image\/jpeg","filesize":13852,"url":"https:\/\/www.costadelsol-mallorca.com\/wp-content\/uploads\/2025\/05\/707e3acf-120x120.jpg"},"post-thumbnail":{"file":"707e3acf-150x150.jpg","width":150,"height":150,"mime-type":"image\/jpeg","filesize":21079,"url":"https:\/\/www.costadelsol-mallorca.com\/wp-content\/uploads\/2025\/05\/707e3acf-150x150.jpg"},"modern-property-child-slider":{"file":"707e3acf-680x510.jpg","width":680,"height":510,"mime-type":"image\/jpeg","filesize":244868,"url":"https:\/\/www.costadelsol-mallorca.com\/wp-content\/uploads\/2025\/05\/707e3acf-680x510.jpg"},"property-thumb-image":{"file":"707e3acf-488x326.jpg","width":488,"height":326,"mime-type":"image\/jpeg","filesize":127007,"url":"https:\/\/www.costadelsol-mallorca.com\/wp-content\/uploads\/2025\/05\/707e3acf-488x326.jpg"},"property-detail-video-image":{"file":"707e3acf-818x417.jpg","width":818,"height":417,"mime-type":"image\/jpeg","filesize":254586,"url":"https:\/\/www.costadelsol-mallorca.com\/wp-content\/uploads\/2025\/05\/707e3acf-818x417.jpg"},"agent-image":{"file":"707e3acf-210x210.jpg","width":210,"height":210,"mime-type":"image\/jpeg","filesize":39078,"url":"https:\/\/www.costadelsol-mallorca.com\/wp-content\/uploads\/2025\/05\/707e3acf-210x210.jpg"},"partners-logo":{"file":"707e3acf-600x1200.jpg","width":600,"height":1200,"mime-type":"image\/jpeg","filesize":439551,"url":"https:\/\/www.costadelsol-mallorca.com\/wp-content\/uploads\/2025\/05\/707e3acf-600x1200.jpg"},"post-featured-image":{"file":"707e3acf-1200x720.jpg","width":1200,"height":720,"mime-type":"image\/jpeg","filesize":431395,"url":"https:\/\/www.costadelsol-mallorca.com\/wp-content\/uploads\/2025\/05\/707e3acf-1200x720.jpg"}},"image_meta":{"aperture":"0","credit":"","camera":"","caption":"","created_timestamp":"0","copyright":"","focal_length":"0","iso":"0","shutter_speed":"0","title":"","orientation":"0","keywords":[]},"ID":"221469","name":"707e3acf.jpg","path":"\/home\/ro\/web\/costadelsol-mallorca.com\/public_html\/wp-content\/uploads\/2025\/05\/707e3acf.jpg","url":"https:\/\/www.costadelsol-mallorca.com\/wp-content\/uploads\/2025\/05\/707e3acf-150x150.jpg","full_url":"https:\/\/www.costadelsol-mallorca.com\/wp-content\/uploads\/2025\/05\/707e3acf.jpg","title":"707e3acf","caption":"","description":"","alt":"","srcset":"https:\/\/www.costadelsol-mallorca.com\/wp-content\/uploads\/2025\/05\/707e3acf-150x150.jpg 150w, https:\/\/www.costadelsol-mallorca.com\/wp-content\/uploads\/2025\/05\/707e3acf-120x120.jpg 120w, https:\/\/www.costadelsol-mallorca.com\/wp-content\/uploads\/2025\/05\/707e3acf-210x210.jpg 210w, https:\/\/www.costadelsol-mallorca.com\/wp-content\/uploads\/2025\/05\/707e3acf.jpg 1200w"},{"width":150,"height":150,"file":"2025\/05\/26b3d8e2.jpg","filesize":547239,"sizes":{"thumbnail":{"file":"26b3d8e2-150x150.jpg","width":150,"height":150,"mime-type":"image\/jpeg","filesize":23060,"url":"https:\/\/www.costadelsol-mallorca.com\/wp-content\/uploads\/2025\/05\/26b3d8e2-150x150.jpg"},"tf-client-image-size":{"file":"26b3d8e2-120x120.jpg","width":120,"height":120,"mime-type":"image\/jpeg","filesize":15000,"url":"https:\/\/www.costadelsol-mallorca.com\/wp-content\/uploads\/2025\/05\/26b3d8e2-120x120.jpg"},"post-thumbnail":{"file":"26b3d8e2-150x150.jpg","width":150,"height":150,"mime-type":"image\/jpeg","filesize":23060,"url":"https:\/\/www.costadelsol-mallorca.com\/wp-content\/uploads\/2025\/05\/26b3d8e2-150x150.jpg"},"modern-property-child-slider":{"file":"26b3d8e2-680x510.jpg","width":680,"height":510,"mime-type":"image\/jpeg","filesize":281954,"url":"https:\/\/www.costadelsol-mallorca.com\/wp-content\/uploads\/2025\/05\/26b3d8e2-680x510.jpg"},"property-thumb-image":{"file":"26b3d8e2-488x326.jpg","width":488,"height":326,"mime-type":"image\/jpeg","filesize":140724,"url":"https:\/\/www.costadelsol-mallorca.com\/wp-content\/uploads\/2025\/05\/26b3d8e2-488x326.jpg"},"property-detail-video-image":{"file":"26b3d8e2-818x417.jpg","width":818,"height":417,"mime-type":"image\/jpeg","filesize":285182,"url":"https:\/\/www.costadelsol-mallorca.com\/wp-content\/uploads\/2025\/05\/26b3d8e2-818x417.jpg"},"agent-image":{"file":"26b3d8e2-210x210.jpg","width":210,"height":210,"mime-type":"image\/jpeg","filesize":42904,"url":"https:\/\/www.costadelsol-mallorca.com\/wp-content\/uploads\/2025\/05\/26b3d8e2-210x210.jpg"},"partners-logo":{"file":"26b3d8e2-600x1200.jpg","width":600,"height":1200,"mime-type":"image\/jpeg","filesize":471426,"url":"https:\/\/www.costadelsol-mallorca.com\/wp-content\/uploads\/2025\/05\/26b3d8e2-600x1200.jpg"},"post-featured-image":{"file":"26b3d8e2-1200x720.jpg","width":1200,"height":720,"mime-type":"image\/jpeg","filesize":521238,"url":"https:\/\/www.costadelsol-mallorca.com\/wp-content\/uploads\/2025\/05\/26b3d8e2-1200x720.jpg"}},"image_meta":{"aperture":"0","credit":"","camera":"","caption":"","created_timestamp":"0","copyright":"","focal_length":"0","iso":"0","shutter_speed":"0","title":"","orientation":"0","keywords":[]},"ID":"221473","name":"26b3d8e2.jpg","path":"\/home\/ro\/web\/costadelsol-mallorca.com\/public_html\/wp-content\/uploads\/2025\/05\/26b3d8e2.jpg","url":"https:\/\/www.costadelsol-mallorca.com\/wp-content\/uploads\/2025\/05\/26b3d8e2-150x150.jpg","full_url":"https:\/\/www.costadelsol-mallorca.com\/wp-content\/uploads\/2025\/05\/26b3d8e2.jpg","title":"26b3d8e2","caption":"","description":"","alt":"","srcset":"https:\/\/www.costadelsol-mallorca.com\/wp-content\/uploads\/2025\/05\/26b3d8e2-150x150.jpg 150w, https:\/\/www.costadelsol-mallorca.com\/wp-content\/uploads\/2025\/05\/26b3d8e2-120x120.jpg 120w, https:\/\/www.costadelsol-mallorca.com\/wp-content\/uploads\/2025\/05\/26b3d8e2-210x210.jpg 210w, https:\/\/www.costadelsol-mallorca.com\/wp-content\/uploads\/2025\/05\/26b3d8e2.jpg 1200w"},{"width":150,"height":150,"file":"2025\/05\/513a3352.jpg","filesize":215714,"sizes":{"thumbnail":{"file":"513a3352-150x150.jpg","width":150,"height":150,"mime-type":"image\/jpeg","filesize":16744,"url":"https:\/\/www.costadelsol-mallorca.com\/wp-content\/uploads\/2025\/05\/513a3352-150x150.jpg"},"tf-client-image-size":{"file":"513a3352-120x120.jpg","width":120,"height":120,"mime-type":"image\/jpeg","filesize":11395,"url":"https:\/\/www.costadelsol-mallorca.com\/wp-content\/uploads\/2025\/05\/513a3352-120x120.jpg"},"post-thumbnail":{"file":"513a3352-150x113.jpg","width":150,"height":113,"mime-type":"image\/jpeg","filesize":13514,"url":"https:\/\/www.costadelsol-mallorca.com\/wp-content\/uploads\/2025\/05\/513a3352-150x113.jpg"},"modern-property-child-slider":{"file":"513a3352-680x510.jpg","width":680,"height":510,"mime-type":"image\/jpeg","filesize":169409,"url":"https:\/\/www.costadelsol-mallorca.com\/wp-content\/uploads\/2025\/05\/513a3352-680x510.jpg"},"property-thumb-image":{"file":"513a3352-488x326.jpg","width":488,"height":326,"mime-type":"image\/jpeg","filesize":89015,"url":"https:\/\/www.costadelsol-mallorca.com\/wp-content\/uploads\/2025\/05\/513a3352-488x326.jpg"},"property-detail-video-image":{"file":"513a3352-818x417.jpg","width":818,"height":417,"mime-type":"image\/jpeg","filesize":174583,"url":"https:\/\/www.costadelsol-mallorca.com\/wp-content\/uploads\/2025\/05\/513a3352-818x417.jpg"},"agent-image":{"file":"513a3352-210x210.jpg","width":210,"height":210,"mime-type":"image\/jpeg","filesize":30127,"url":"https:\/\/www.costadelsol-mallorca.com\/wp-content\/uploads\/2025\/05\/513a3352-210x210.jpg"},"partners-logo":{"file":"513a3352-600x900.jpg","width":600,"height":900,"mime-type":"image\/jpeg","filesize":228058,"url":"https:\/\/www.costadelsol-mallorca.com\/wp-content\/uploads\/2025\/05\/513a3352-600x900.jpg"},"post-featured-image":{"file":"513a3352-1200x720.jpg","width":1200,"height":720,"mime-type":"image\/jpeg","filesize":364929,"url":"https:\/\/www.costadelsol-mallorca.com\/wp-content\/uploads\/2025\/05\/513a3352-1200x720.jpg"}},"image_meta":{"aperture":"0","credit":"","camera":"","caption":"","created_timestamp":"0","copyright":"","focal_length":"0","iso":"0","shutter_speed":"0","title":"","orientation":"0","keywords":[]},"ID":"221477","name":"513a3352.jpg","path":"\/home\/ro\/web\/costadelsol-mallorca.com\/public_html\/wp-content\/uploads\/2025\/05\/513a3352.jpg","url":"https:\/\/www.costadelsol-mallorca.com\/wp-content\/uploads\/2025\/05\/513a3352-150x150.jpg","full_url":"https:\/\/www.costadelsol-mallorca.com\/wp-content\/uploads\/2025\/05\/513a3352.jpg","title":"513a3352","caption":"","description":"","alt":"","srcset":"https:\/\/www.costadelsol-mallorca.com\/wp-content\/uploads\/2025\/05\/513a3352-150x150.jpg 150w, https:\/\/www.costadelsol-mallorca.com\/wp-content\/uploads\/2025\/05\/513a3352-120x120.jpg 120w, https:\/\/www.costadelsol-mallorca.com\/wp-content\/uploads\/2025\/05\/513a3352-210x210.jpg 210w"},{"width":150,"height":150,"file":"2025\/05\/694f1690.jpg","filesize":272920,"sizes":{"thumbnail":{"file":"694f1690-150x150.jpg","width":150,"height":150,"mime-type":"image\/jpeg","filesize":19925,"url":"https:\/\/www.costadelsol-mallorca.com\/wp-content\/uploads\/2025\/05\/694f1690-150x150.jpg"},"tf-client-image-size":{"file":"694f1690-120x120.jpg","width":120,"height":120,"mime-type":"image\/jpeg","filesize":13284,"url":"https:\/\/www.costadelsol-mallorca.com\/wp-content\/uploads\/2025\/05\/694f1690-120x120.jpg"},"post-thumbnail":{"file":"694f1690-150x113.jpg","width":150,"height":113,"mime-type":"image\/jpeg","filesize":16157,"url":"https:\/\/www.costadelsol-mallorca.com\/wp-content\/uploads\/2025\/05\/694f1690-150x113.jpg"},"modern-property-child-slider":{"file":"694f1690-680x510.jpg","width":680,"height":510,"mime-type":"image\/jpeg","filesize":210333,"url":"https:\/\/www.costadelsol-mallorca.com\/wp-content\/uploads\/2025\/05\/694f1690-680x510.jpg"},"property-thumb-image":{"file":"694f1690-488x326.jpg","width":488,"height":326,"mime-type":"image\/jpeg","filesize":108519,"url":"https:\/\/www.costadelsol-mallorca.com\/wp-content\/uploads\/2025\/05\/694f1690-488x326.jpg"},"property-detail-video-image":{"file":"694f1690-818x417.jpg","width":818,"height":417,"mime-type":"image\/jpeg","filesize":199938,"url":"https:\/\/www.costadelsol-mallorca.com\/wp-content\/uploads\/2025\/05\/694f1690-818x417.jpg"},"agent-image":{"file":"694f1690-210x210.jpg","width":210,"height":210,"mime-type":"image\/jpeg","filesize":36364,"url":"https:\/\/www.costadelsol-mallorca.com\/wp-content\/uploads\/2025\/05\/694f1690-210x210.jpg"},"partners-logo":{"file":"694f1690-600x900.jpg","width":600,"height":900,"mime-type":"image\/jpeg","filesize":273923,"url":"https:\/\/www.costadelsol-mallorca.com\/wp-content\/uploads\/2025\/05\/694f1690-600x900.jpg"},"post-featured-image":{"file":"694f1690-1200x720.jpg","width":1200,"height":720,"mime-type":"image\/jpeg","filesize":433159,"url":"https:\/\/www.costadelsol-mallorca.com\/wp-content\/uploads\/2025\/05\/694f1690-1200x720.jpg"}},"image_meta":{"aperture":"0","credit":"","camera":"","caption":"","created_timestamp":"0","copyright":"","focal_length":"0","iso":"0","shutter_speed":"0","title":"","orientation":"0","keywords":[]},"ID":"221481","name":"694f1690.jpg","path":"\/home\/ro\/web\/costadelsol-mallorca.com\/public_html\/wp-content\/uploads\/2025\/05\/694f1690.jpg","url":"https:\/\/www.costadelsol-mallorca.com\/wp-content\/uploads\/2025\/05\/694f1690-150x150.jpg","full_url":"https:\/\/www.costadelsol-mallorca.com\/wp-content\/uploads\/2025\/05\/694f1690.jpg","title":"694f1690","caption":"","description":"","alt":"","srcset":"https:\/\/www.costadelsol-mallorca.com\/wp-content\/uploads\/2025\/05\/694f1690-150x150.jpg 150w, https:\/\/www.costadelsol-mallorca.com\/wp-content\/uploads\/2025\/05\/694f1690-120x120.jpg 120w, https:\/\/www.costadelsol-mallorca.com\/wp-content\/uploads\/2025\/05\/694f1690-210x210.jpg 210w"},{"width":150,"height":150,"file":"2025\/05\/09faa9e9.jpg","filesize":225089,"sizes":{"thumbnail":{"file":"09faa9e9-150x150.jpg","width":150,"height":150,"mime-type":"image\/jpeg","filesize":16964,"url":"https:\/\/www.costadelsol-mallorca.com\/wp-content\/uploads\/2025\/05\/09faa9e9-150x150.jpg"},"tf-client-image-size":{"file":"09faa9e9-120x120.jpg","width":120,"height":120,"mime-type":"image\/jpeg","filesize":11419,"url":"https:\/\/www.costadelsol-mallorca.com\/wp-content\/uploads\/2025\/05\/09faa9e9-120x120.jpg"},"post-thumbnail":{"file":"09faa9e9-150x113.jpg","width":150,"height":113,"mime-type":"image\/jpeg","filesize":13838,"url":"https:\/\/www.costadelsol-mallorca.com\/wp-content\/uploads\/2025\/05\/09faa9e9-150x113.jpg"},"modern-property-child-slider":{"file":"09faa9e9-680x510.jpg","width":680,"height":510,"mime-type":"image\/jpeg","filesize":175189,"url":"https:\/\/www.costadelsol-mallorca.com\/wp-content\/uploads\/2025\/05\/09faa9e9-680x510.jpg"},"property-thumb-image":{"file":"09faa9e9-488x326.jpg","width":488,"height":326,"mime-type":"image\/jpeg","filesize":91159,"url":"https:\/\/www.costadelsol-mallorca.com\/wp-content\/uploads\/2025\/05\/09faa9e9-488x326.jpg"},"property-detail-video-image":{"file":"09faa9e9-818x417.jpg","width":818,"height":417,"mime-type":"image\/jpeg","filesize":177816,"url":"https:\/\/www.costadelsol-mallorca.com\/wp-content\/uploads\/2025\/05\/09faa9e9-818x417.jpg"},"agent-image":{"file":"09faa9e9-210x210.jpg","width":210,"height":210,"mime-type":"image\/jpeg","filesize":30271,"url":"https:\/\/www.costadelsol-mallorca.com\/wp-content\/uploads\/2025\/05\/09faa9e9-210x210.jpg"},"partners-logo":{"file":"09faa9e9-600x900.jpg","width":600,"height":900,"mime-type":"image\/jpeg","filesize":241149,"url":"https:\/\/www.costadelsol-mallorca.com\/wp-content\/uploads\/2025\/05\/09faa9e9-600x900.jpg"},"post-featured-image":{"file":"09faa9e9-1200x720.jpg","width":1200,"height":720,"mime-type":"image\/jpeg","filesize":379093,"url":"https:\/\/www.costadelsol-mallorca.com\/wp-content\/uploads\/2025\/05\/09faa9e9-1200x720.jpg"}},"image_meta":{"aperture":"0","credit":"","camera":"","caption":"","created_timestamp":"0","copyright":"","focal_length":"0","iso":"0","shutter_speed":"0","title":"","orientation":"0","keywords":[]},"ID":"221485","name":"09faa9e9.jpg","path":"\/home\/ro\/web\/costadelsol-mallorca.com\/public_html\/wp-content\/uploads\/2025\/05\/09faa9e9.jpg","url":"https:\/\/www.costadelsol-mallorca.com\/wp-content\/uploads\/2025\/05\/09faa9e9-150x150.jpg","full_url":"https:\/\/www.costadelsol-mallorca.com\/wp-content\/uploads\/2025\/05\/09faa9e9.jpg","title":"09faa9e9","caption":"","description":"","alt":"","srcset":"https:\/\/www.costadelsol-mallorca.com\/wp-content\/uploads\/2025\/05\/09faa9e9-150x150.jpg 150w, https:\/\/www.costadelsol-mallorca.com\/wp-content\/uploads\/2025\/05\/09faa9e9-120x120.jpg 120w, https:\/\/www.costadelsol-mallorca.com\/wp-content\/uploads\/2025\/05\/09faa9e9-210x210.jpg 210w"},{"width":150,"height":150,"file":"2025\/05\/277f2c78.jpg","filesize":325002,"sizes":{"thumbnail":{"file":"277f2c78-150x150.jpg","width":150,"height":150,"mime-type":"image\/jpeg","filesize":20267,"url":"https:\/\/www.costadelsol-mallorca.com\/wp-content\/uploads\/2025\/05\/277f2c78-150x150.jpg"},"tf-client-image-size":{"file":"277f2c78-120x120.jpg","width":120,"height":120,"mime-type":"image\/jpeg","filesize":13780,"url":"https:\/\/www.costadelsol-mallorca.com\/wp-content\/uploads\/2025\/05\/277f2c78-120x120.jpg"},"post-thumbnail":{"file":"277f2c78-150x113.jpg","width":150,"height":113,"mime-type":"image\/jpeg","filesize":17216,"url":"https:\/\/www.costadelsol-mallorca.com\/wp-content\/uploads\/2025\/05\/277f2c78-150x113.jpg"},"modern-property-child-slider":{"file":"277f2c78-680x510.jpg","width":680,"height":510,"mime-type":"image\/jpeg","filesize":229940,"url":"https:\/\/www.costadelsol-mallorca.com\/wp-content\/uploads\/2025\/05\/277f2c78-680x510.jpg"},"property-thumb-image":{"file":"277f2c78-488x326.jpg","width":488,"height":326,"mime-type":"image\/jpeg","filesize":118225,"url":"https:\/\/www.costadelsol-mallorca.com\/wp-content\/uploads\/2025\/05\/277f2c78-488x326.jpg"},"property-detail-video-image":{"file":"277f2c78-818x417.jpg","width":818,"height":417,"mime-type":"image\/jpeg","filesize":243490,"url":"https:\/\/www.costadelsol-mallorca.com\/wp-content\/uploads\/2025\/05\/277f2c78-818x417.jpg"},"agent-image":{"file":"277f2c78-210x210.jpg","width":210,"height":210,"mime-type":"image\/jpeg","filesize":36621,"url":"https:\/\/www.costadelsol-mallorca.com\/wp-content\/uploads\/2025\/05\/277f2c78-210x210.jpg"},"partners-logo":{"file":"277f2c78-600x900.jpg","width":600,"height":900,"mime-type":"image\/jpeg","filesize":321750,"url":"https:\/\/www.costadelsol-mallorca.com\/wp-content\/uploads\/2025\/05\/277f2c78-600x900.jpg"},"post-featured-image":{"file":"277f2c78-1200x720.jpg","width":1200,"height":720,"mime-type":"image\/jpeg","filesize":563046,"url":"https:\/\/www.costadelsol-mallorca.com\/wp-content\/uploads\/2025\/05\/277f2c78-1200x720.jpg"}},"image_meta":{"aperture":"0","credit":"","camera":"","caption":"","created_timestamp":"0","copyright":"","focal_length":"0","iso":"0","shutter_speed":"0","title":"","orientation":"0","keywords":[]},"ID":"221489","name":"277f2c78.jpg","path":"\/home\/ro\/web\/costadelsol-mallorca.com\/public_html\/wp-content\/uploads\/2025\/05\/277f2c78.jpg","url":"https:\/\/www.costadelsol-mallorca.com\/wp-content\/uploads\/2025\/05\/277f2c78-150x150.jpg","full_url":"https:\/\/www.costadelsol-mallorca.com\/wp-content\/uploads\/2025\/05\/277f2c78.jpg","title":"277f2c78","caption":"","description":"","alt":"","srcset":"https:\/\/www.costadelsol-mallorca.com\/wp-content\/uploads\/2025\/05\/277f2c78-150x150.jpg 150w, https:\/\/www.costadelsol-mallorca.com\/wp-content\/uploads\/2025\/05\/277f2c78-120x120.jpg 120w, https:\/\/www.costadelsol-mallorca.com\/wp-content\/uploads\/2025\/05\/277f2c78-210x210.jpg 210w"},{"width":150,"height":150,"file":"2025\/05\/4b41ee07.jpg","filesize":614024,"sizes":{"thumbnail":{"file":"4b41ee07-150x150.jpg","width":150,"height":150,"mime-type":"image\/jpeg","filesize":22082,"url":"https:\/\/www.costadelsol-mallorca.com\/wp-content\/uploads\/2025\/05\/4b41ee07-150x150.jpg"},"tf-client-image-size":{"file":"4b41ee07-120x120.jpg","width":120,"height":120,"mime-type":"image\/jpeg","filesize":14630,"url":"https:\/\/www.costadelsol-mallorca.com\/wp-content\/uploads\/2025\/05\/4b41ee07-120x120.jpg"},"post-thumbnail":{"file":"4b41ee07-120x150.jpg","width":120,"height":150,"mime-type":"image\/jpeg","filesize":18488,"url":"https:\/\/www.costadelsol-mallorca.com\/wp-content\/uploads\/2025\/05\/4b41ee07-120x150.jpg"},"modern-property-child-slider":{"file":"4b41ee07-680x510.jpg","width":680,"height":510,"mime-type":"image\/jpeg","filesize":230331,"url":"https:\/\/www.costadelsol-mallorca.com\/wp-content\/uploads\/2025\/05\/4b41ee07-680x510.jpg"},"property-thumb-image":{"file":"4b41ee07-488x326.jpg","width":488,"height":326,"mime-type":"image\/jpeg","filesize":115012,"url":"https:\/\/www.costadelsol-mallorca.com\/wp-content\/uploads\/2025\/05\/4b41ee07-488x326.jpg"},"property-detail-video-image":{"file":"4b41ee07-818x417.jpg","width":818,"height":417,"mime-type":"image\/jpeg","filesize":227604,"url":"https:\/\/www.costadelsol-mallorca.com\/wp-content\/uploads\/2025\/05\/4b41ee07-818x417.jpg"},"agent-image":{"file":"4b41ee07-210x210.jpg","width":210,"height":210,"mime-type":"image\/jpeg","filesize":40821,"url":"https:\/\/www.costadelsol-mallorca.com\/wp-content\/uploads\/2025\/05\/4b41ee07-210x210.jpg"},"partners-logo":{"file":"4b41ee07-600x1500.jpg","width":600,"height":1500,"mime-type":"image\/jpeg","filesize":552526,"url":"https:\/\/www.costadelsol-mallorca.com\/wp-content\/uploads\/2025\/05\/4b41ee07-600x1500.jpg"},"post-featured-image":{"file":"4b41ee07-1200x720.jpg","width":1200,"height":720,"mime-type":"image\/jpeg","filesize":521957,"url":"https:\/\/www.costadelsol-mallorca.com\/wp-content\/uploads\/2025\/05\/4b41ee07-1200x720.jpg"}},"image_meta":{"aperture":"0","credit":"","camera":"","caption":"","created_timestamp":"0","copyright":"","focal_length":"0","iso":"0","shutter_speed":"0","title":"","orientation":"0","keywords":[]},"ID":"221493","name":"4b41ee07.jpg","path":"\/home\/ro\/web\/costadelsol-mallorca.com\/public_html\/wp-content\/uploads\/2025\/05\/4b41ee07.jpg","url":"https:\/\/www.costadelsol-mallorca.com\/wp-content\/uploads\/2025\/05\/4b41ee07-150x150.jpg","full_url":"https:\/\/www.costadelsol-mallorca.com\/wp-content\/uploads\/2025\/05\/4b41ee07.jpg","title":"4b41ee07","caption":"","description":"","alt":"","srcset":"https:\/\/www.costadelsol-mallorca.com\/wp-content\/uploads\/2025\/05\/4b41ee07-150x150.jpg 150w, https:\/\/www.costadelsol-mallorca.com\/wp-content\/uploads\/2025\/05\/4b41ee07-120x120.jpg 120w, https:\/\/www.costadelsol-mallorca.com\/wp-content\/uploads\/2025\/05\/4b41ee07-210x210.jpg 210w"},{"width":150,"height":150,"file":"2025\/05\/76018e46.jpg","filesize":421630,"sizes":{"thumbnail":{"file":"76018e46-150x150.jpg","width":150,"height":150,"mime-type":"image\/jpeg","filesize":20039,"url":"https:\/\/www.costadelsol-mallorca.com\/wp-content\/uploads\/2025\/05\/76018e46-150x150.jpg"},"tf-client-image-size":{"file":"76018e46-120x120.jpg","width":120,"height":120,"mime-type":"image\/jpeg","filesize":13242,"url":"https:\/\/www.costadelsol-mallorca.com\/wp-content\/uploads\/2025\/05\/76018e46-120x120.jpg"},"post-thumbnail":{"file":"76018e46-120x150.jpg","width":120,"height":150,"mime-type":"image\/jpeg","filesize":15221,"url":"https:\/\/www.costadelsol-mallorca.com\/wp-content\/uploads\/2025\/05\/76018e46-120x150.jpg"},"modern-property-child-slider":{"file":"76018e46-680x510.jpg","width":680,"height":510,"mime-type":"image\/jpeg","filesize":211172,"url":"https:\/\/www.costadelsol-mallorca.com\/wp-content\/uploads\/2025\/05\/76018e46-680x510.jpg"},"property-thumb-image":{"file":"76018e46-488x326.jpg","width":488,"height":326,"mime-type":"image\/jpeg","filesize":106082,"url":"https:\/\/www.costadelsol-mallorca.com\/wp-content\/uploads\/2025\/05\/76018e46-488x326.jpg"},"property-detail-video-image":{"file":"76018e46-818x417.jpg","width":818,"height":417,"mime-type":"image\/jpeg","filesize":205548,"url":"https:\/\/www.costadelsol-mallorca.com\/wp-content\/uploads\/2025\/05\/76018e46-818x417.jpg"},"agent-image":{"file":"76018e46-210x210.jpg","width":210,"height":210,"mime-type":"image\/jpeg","filesize":35471,"url":"https:\/\/www.costadelsol-mallorca.com\/wp-content\/uploads\/2025\/05\/76018e46-210x210.jpg"},"partners-logo":{"file":"76018e46-600x1500.jpg","width":600,"height":1500,"mime-type":"image\/jpeg","filesize":416077,"url":"https:\/\/www.costadelsol-mallorca.com\/wp-content\/uploads\/2025\/05\/76018e46-600x1500.jpg"},"post-featured-image":{"file":"76018e46-1200x720.jpg","width":1200,"height":720,"mime-type":"image\/jpeg","filesize":472974,"url":"https:\/\/www.costadelsol-mallorca.com\/wp-content\/uploads\/2025\/05\/76018e46-1200x720.jpg"}},"image_meta":{"aperture":"0","credit":"","camera":"","caption":"","created_timestamp":"0","copyright":"","focal_length":"0","iso":"0","shutter_speed":"0","title":"","orientation":"0","keywords":[]},"ID":"221497","name":"76018e46.jpg","path":"\/home\/ro\/web\/costadelsol-mallorca.com\/public_html\/wp-content\/uploads\/2025\/05\/76018e46.jpg","url":"https:\/\/www.costadelsol-mallorca.com\/wp-content\/uploads\/2025\/05\/76018e46-150x150.jpg","full_url":"https:\/\/www.costadelsol-mallorca.com\/wp-content\/uploads\/2025\/05\/76018e46.jpg","title":"76018e46","caption":"","description":"","alt":"","srcset":"https:\/\/www.costadelsol-mallorca.com\/wp-content\/uploads\/2025\/05\/76018e46-150x150.jpg 150w, https:\/\/www.costadelsol-mallorca.com\/wp-content\/uploads\/2025\/05\/76018e46-120x120.jpg 120w, https:\/\/www.costadelsol-mallorca.com\/wp-content\/uploads\/2025\/05\/76018e46-210x210.jpg 210w"},{"width":150,"height":150,"file":"2025\/05\/7f98a589.jpg","filesize":345674,"sizes":{"thumbnail":{"file":"7f98a589-150x150.jpg","width":150,"height":150,"mime-type":"image\/jpeg","filesize":20606,"url":"https:\/\/www.costadelsol-mallorca.com\/wp-content\/uploads\/2025\/05\/7f98a589-150x150.jpg"},"tf-client-image-size":{"file":"7f98a589-120x120.jpg","width":120,"height":120,"mime-type":"image\/jpeg","filesize":13721,"url":"https:\/\/www.costadelsol-mallorca.com\/wp-content\/uploads\/2025\/05\/7f98a589-120x120.jpg"},"post-thumbnail":{"file":"7f98a589-150x113.jpg","width":150,"height":113,"mime-type":"image\/jpeg","filesize":16339,"url":"https:\/\/www.costadelsol-mallorca.com\/wp-content\/uploads\/2025\/05\/7f98a589-150x113.jpg"},"modern-property-child-slider":{"file":"7f98a589-680x510.jpg","width":680,"height":510,"mime-type":"image\/jpeg","filesize":237550,"url":"https:\/\/www.costadelsol-mallorca.com\/wp-content\/uploads\/2025\/05\/7f98a589-680x510.jpg"},"property-thumb-image":{"file":"7f98a589-488x326.jpg","width":488,"height":326,"mime-type":"image\/jpeg","filesize":120728,"url":"https:\/\/www.costadelsol-mallorca.com\/wp-content\/uploads\/2025\/05\/7f98a589-488x326.jpg"},"property-detail-video-image":{"file":"7f98a589-818x417.jpg","width":818,"height":417,"mime-type":"image\/jpeg","filesize":242821,"url":"https:\/\/www.costadelsol-mallorca.com\/wp-content\/uploads\/2025\/05\/7f98a589-818x417.jpg"},"agent-image":{"file":"7f98a589-210x210.jpg","width":210,"height":210,"mime-type":"image\/jpeg","filesize":37780,"url":"https:\/\/www.costadelsol-mallorca.com\/wp-content\/uploads\/2025\/05\/7f98a589-210x210.jpg"},"partners-logo":{"file":"7f98a589-600x900.jpg","width":600,"height":900,"mime-type":"image\/jpeg","filesize":342099,"url":"https:\/\/www.costadelsol-mallorca.com\/wp-content\/uploads\/2025\/05\/7f98a589-600x900.jpg"},"post-featured-image":{"file":"7f98a589-1200x720.jpg","width":1200,"height":720,"mime-type":"image\/jpeg","filesize":553862,"url":"https:\/\/www.costadelsol-mallorca.com\/wp-content\/uploads\/2025\/05\/7f98a589-1200x720.jpg"}},"image_meta":{"aperture":"0","credit":"","camera":"","caption":"","created_timestamp":"0","copyright":"","focal_length":"0","iso":"0","shutter_speed":"0","title":"","orientation":"0","keywords":[]},"ID":"221501","name":"7f98a589.jpg","path":"\/home\/ro\/web\/costadelsol-mallorca.com\/public_html\/wp-content\/uploads\/2025\/05\/7f98a589.jpg","url":"https:\/\/www.costadelsol-mallorca.com\/wp-content\/uploads\/2025\/05\/7f98a589-150x150.jpg","full_url":"https:\/\/www.costadelsol-mallorca.com\/wp-content\/uploads\/2025\/05\/7f98a589.jpg","title":"7f98a589","caption":"","description":"","alt":"","srcset":"https:\/\/www.costadelsol-mallorca.com\/wp-content\/uploads\/2025\/05\/7f98a589-150x150.jpg 150w, https:\/\/www.costadelsol-mallorca.com\/wp-content\/uploads\/2025\/05\/7f98a589-120x120.jpg 120w, https:\/\/www.costadelsol-mallorca.com\/wp-content\/uploads\/2025\/05\/7f98a589-210x210.jpg 210w"},{"width":150,"height":150,"file":"2025\/05\/7559009a.jpg","filesize":325002,"sizes":{"thumbnail":{"file":"7559009a-150x150.jpg","width":150,"height":150,"mime-type":"image\/jpeg","filesize":20267,"url":"https:\/\/www.costadelsol-mallorca.com\/wp-content\/uploads\/2025\/05\/7559009a-150x150.jpg"},"tf-client-image-size":{"file":"7559009a-120x120.jpg","width":120,"height":120,"mime-type":"image\/jpeg","filesize":13780,"url":"https:\/\/www.costadelsol-mallorca.com\/wp-content\/uploads\/2025\/05\/7559009a-120x120.jpg"},"post-thumbnail":{"file":"7559009a-150x113.jpg","width":150,"height":113,"mime-type":"image\/jpeg","filesize":17216,"url":"https:\/\/www.costadelsol-mallorca.com\/wp-content\/uploads\/2025\/05\/7559009a-150x113.jpg"},"modern-property-child-slider":{"file":"7559009a-680x510.jpg","width":680,"height":510,"mime-type":"image\/jpeg","filesize":229940,"url":"https:\/\/www.costadelsol-mallorca.com\/wp-content\/uploads\/2025\/05\/7559009a-680x510.jpg"},"property-thumb-image":{"file":"7559009a-488x326.jpg","width":488,"height":326,"mime-type":"image\/jpeg","filesize":118225,"url":"https:\/\/www.costadelsol-mallorca.com\/wp-content\/uploads\/2025\/05\/7559009a-488x326.jpg"},"property-detail-video-image":{"file":"7559009a-818x417.jpg","width":818,"height":417,"mime-type":"image\/jpeg","filesize":243490,"url":"https:\/\/www.costadelsol-mallorca.com\/wp-content\/uploads\/2025\/05\/7559009a-818x417.jpg"},"agent-image":{"file":"7559009a-210x210.jpg","width":210,"height":210,"mime-type":"image\/jpeg","filesize":36621,"url":"https:\/\/www.costadelsol-mallorca.com\/wp-content\/uploads\/2025\/05\/7559009a-210x210.jpg"},"partners-logo":{"file":"7559009a-600x900.jpg","width":600,"height":900,"mime-type":"image\/jpeg","filesize":321750,"url":"https:\/\/www.costadelsol-mallorca.com\/wp-content\/uploads\/2025\/05\/7559009a-600x900.jpg"},"post-featured-image":{"file":"7559009a-1200x720.jpg","width":1200,"height":720,"mime-type":"image\/jpeg","filesize":563046,"url":"https:\/\/www.costadelsol-mallorca.com\/wp-content\/uploads\/2025\/05\/7559009a-1200x720.jpg"}},"image_meta":{"aperture":"0","credit":"","camera":"","caption":"","created_timestamp":"0","copyright":"","focal_length":"0","iso":"0","shutter_speed":"0","title":"","orientation":"0","keywords":[]},"ID":"221505","name":"7559009a.jpg","path":"\/home\/ro\/web\/costadelsol-mallorca.com\/public_html\/wp-content\/uploads\/2025\/05\/7559009a.jpg","url":"https:\/\/www.costadelsol-mallorca.com\/wp-content\/uploads\/2025\/05\/7559009a-150x150.jpg","full_url":"https:\/\/www.costadelsol-mallorca.com\/wp-content\/uploads\/2025\/05\/7559009a.jpg","title":"7559009a","caption":"","description":"","alt":"","srcset":"https:\/\/www.costadelsol-mallorca.com\/wp-content\/uploads\/2025\/05\/7559009a-150x150.jpg 150w, https:\/\/www.costadelsol-mallorca.com\/wp-content\/uploads\/2025\/05\/7559009a-120x120.jpg 120w, https:\/\/www.costadelsol-mallorca.com\/wp-content\/uploads\/2025\/05\/7559009a-210x210.jpg 210w"},{"width":150,"height":150,"file":"2025\/05\/feebac3f.jpg","filesize":422010,"sizes":{"thumbnail":{"file":"feebac3f-150x150.jpg","width":150,"height":150,"mime-type":"image\/jpeg","filesize":21643,"url":"https:\/\/www.costadelsol-mallorca.com\/wp-content\/uploads\/2025\/05\/feebac3f-150x150.jpg"},"tf-client-image-size":{"file":"feebac3f-120x120.jpg","width":120,"height":120,"mime-type":"image\/jpeg","filesize":14314,"url":"https:\/\/www.costadelsol-mallorca.com\/wp-content\/uploads\/2025\/05\/feebac3f-120x120.jpg"},"post-thumbnail":{"file":"feebac3f-150x113.jpg","width":150,"height":113,"mime-type":"image\/jpeg","filesize":17828,"url":"https:\/\/www.costadelsol-mallorca.com\/wp-content\/uploads\/2025\/05\/feebac3f-150x113.jpg"},"modern-property-child-slider":{"file":"feebac3f-680x510.jpg","width":680,"height":510,"mime-type":"image\/jpeg","filesize":273136,"url":"https:\/\/www.costadelsol-mallorca.com\/wp-content\/uploads\/2025\/05\/feebac3f-680x510.jpg"},"property-thumb-image":{"file":"feebac3f-488x326.jpg","width":488,"height":326,"mime-type":"image\/jpeg","filesize":135708,"url":"https:\/\/www.costadelsol-mallorca.com\/wp-content\/uploads\/2025\/05\/feebac3f-488x326.jpg"},"property-detail-video-image":{"file":"feebac3f-818x417.jpg","width":818,"height":417,"mime-type":"image\/jpeg","filesize":275548,"url":"https:\/\/www.costadelsol-mallorca.com\/wp-content\/uploads\/2025\/05\/feebac3f-818x417.jpg"},"agent-image":{"file":"feebac3f-210x210.jpg","width":210,"height":210,"mime-type":"image\/jpeg","filesize":40931,"url":"https:\/\/www.costadelsol-mallorca.com\/wp-content\/uploads\/2025\/05\/feebac3f-210x210.jpg"},"partners-logo":{"file":"feebac3f-600x900.jpg","width":600,"height":900,"mime-type":"image\/jpeg","filesize":369402,"url":"https:\/\/www.costadelsol-mallorca.com\/wp-content\/uploads\/2025\/05\/feebac3f-600x900.jpg"},"post-featured-image":{"file":"feebac3f-1200x720.jpg","width":1200,"height":720,"mime-type":"image\/jpeg","filesize":654933,"url":"https:\/\/www.costadelsol-mallorca.com\/wp-content\/uploads\/2025\/05\/feebac3f-1200x720.jpg"}},"image_meta":{"aperture":"0","credit":"","camera":"","caption":"","created_timestamp":"0","copyright":"","focal_length":"0","iso":"0","shutter_speed":"0","title":"","orientation":"0","keywords":[]},"ID":"221509","name":"feebac3f.jpg","path":"\/home\/ro\/web\/costadelsol-mallorca.com\/public_html\/wp-content\/uploads\/2025\/05\/feebac3f.jpg","url":"https:\/\/www.costadelsol-mallorca.com\/wp-content\/uploads\/2025\/05\/feebac3f-150x150.jpg","full_url":"https:\/\/www.costadelsol-mallorca.com\/wp-content\/uploads\/2025\/05\/feebac3f.jpg","title":"feebac3f","caption":"","description":"","alt":"","srcset":"https:\/\/www.costadelsol-mallorca.com\/wp-content\/uploads\/2025\/05\/feebac3f-150x150.jpg 150w, https:\/\/www.costadelsol-mallorca.com\/wp-content\/uploads\/2025\/05\/feebac3f-120x120.jpg 120w, https:\/\/www.costadelsol-mallorca.com\/wp-content\/uploads\/2025\/05\/feebac3f-210x210.jpg 210w"},{"width":150,"height":150,"file":"2025\/05\/49959f35.jpg","filesize":345674,"sizes":{"thumbnail":{"file":"49959f35-150x150.jpg","width":150,"height":150,"mime-type":"image\/jpeg","filesize":20606,"url":"https:\/\/www.costadelsol-mallorca.com\/wp-content\/uploads\/2025\/05\/49959f35-150x150.jpg"},"tf-client-image-size":{"file":"49959f35-120x120.jpg","width":120,"height":120,"mime-type":"image\/jpeg","filesize":13721,"url":"https:\/\/www.costadelsol-mallorca.com\/wp-content\/uploads\/2025\/05\/49959f35-120x120.jpg"},"post-thumbnail":{"file":"49959f35-150x113.jpg","width":150,"height":113,"mime-type":"image\/jpeg","filesize":16339,"url":"https:\/\/www.costadelsol-mallorca.com\/wp-content\/uploads\/2025\/05\/49959f35-150x113.jpg"},"modern-property-child-slider":{"file":"49959f35-680x510.jpg","width":680,"height":510,"mime-type":"image\/jpeg","filesize":237550,"url":"https:\/\/www.costadelsol-mallorca.com\/wp-content\/uploads\/2025\/05\/49959f35-680x510.jpg"},"property-thumb-image":{"file":"49959f35-488x326.jpg","width":488,"height":326,"mime-type":"image\/jpeg","filesize":120728,"url":"https:\/\/www.costadelsol-mallorca.com\/wp-content\/uploads\/2025\/05\/49959f35-488x326.jpg"},"property-detail-video-image":{"file":"49959f35-818x417.jpg","width":818,"height":417,"mime-type":"image\/jpeg","filesize":242821,"url":"https:\/\/www.costadelsol-mallorca.com\/wp-content\/uploads\/2025\/05\/49959f35-818x417.jpg"},"agent-image":{"file":"49959f35-210x210.jpg","width":210,"height":210,"mime-type":"image\/jpeg","filesize":37780,"url":"https:\/\/www.costadelsol-mallorca.com\/wp-content\/uploads\/2025\/05\/49959f35-210x210.jpg"},"partners-logo":{"file":"49959f35-600x900.jpg","width":600,"height":900,"mime-type":"image\/jpeg","filesize":342099,"url":"https:\/\/www.costadelsol-mallorca.com\/wp-content\/uploads\/2025\/05\/49959f35-600x900.jpg"},"post-featured-image":{"file":"49959f35-1200x720.jpg","width":1200,"height":720,"mime-type":"image\/jpeg","filesize":553862,"url":"https:\/\/www.costadelsol-mallorca.com\/wp-content\/uploads\/2025\/05\/49959f35-1200x720.jpg"}},"image_meta":{"aperture":"0","credit":"","camera":"","caption":"","created_timestamp":"0","copyright":"","focal_length":"0","iso":"0","shutter_speed":"0","title":"","orientation":"0","keywords":[]},"ID":"221513","name":"49959f35.jpg","path":"\/home\/ro\/web\/costadelsol-mallorca.com\/public_html\/wp-content\/uploads\/2025\/05\/49959f35.jpg","url":"https:\/\/www.costadelsol-mallorca.com\/wp-content\/uploads\/2025\/05\/49959f35-150x150.jpg","full_url":"https:\/\/www.costadelsol-mallorca.com\/wp-content\/uploads\/2025\/05\/49959f35.jpg","title":"49959f35","caption":"","description":"","alt":"","srcset":"https:\/\/www.costadelsol-mallorca.com\/wp-content\/uploads\/2025\/05\/49959f35-150x150.jpg 150w, https:\/\/www.costadelsol-mallorca.com\/wp-content\/uploads\/2025\/05\/49959f35-120x120.jpg 120w, https:\/\/www.costadelsol-mallorca.com\/wp-content\/uploads\/2025\/05\/49959f35-210x210.jpg 210w"},{"width":150,"height":150,"file":"2025\/05\/98a8af21.jpg","filesize":412413,"sizes":{"thumbnail":{"file":"98a8af21-150x150.jpg","width":150,"height":150,"mime-type":"image\/jpeg","filesize":21082,"url":"https:\/\/www.costadelsol-mallorca.com\/wp-content\/uploads\/2025\/05\/98a8af21-150x150.jpg"},"tf-client-image-size":{"file":"98a8af21-120x120.jpg","width":120,"height":120,"mime-type":"image\/jpeg","filesize":13941,"url":"https:\/\/www.costadelsol-mallorca.com\/wp-content\/uploads\/2025\/05\/98a8af21-120x120.jpg"},"post-thumbnail":{"file":"98a8af21-150x113.jpg","width":150,"height":113,"mime-type":"image\/jpeg","filesize":17998,"url":"https:\/\/www.costadelsol-mallorca.com\/wp-content\/uploads\/2025\/05\/98a8af21-150x113.jpg"},"modern-property-child-slider":{"file":"98a8af21-680x510.jpg","width":680,"height":510,"mime-type":"image\/jpeg","filesize":269628,"url":"https:\/\/www.costadelsol-mallorca.com\/wp-content\/uploads\/2025\/05\/98a8af21-680x510.jpg"},"property-thumb-image":{"file":"98a8af21-488x326.jpg","width":488,"height":326,"mime-type":"image\/jpeg","filesize":133880,"url":"https:\/\/www.costadelsol-mallorca.com\/wp-content\/uploads\/2025\/05\/98a8af21-488x326.jpg"},"property-detail-video-image":{"file":"98a8af21-818x417.jpg","width":818,"height":417,"mime-type":"image\/jpeg","filesize":274407,"url":"https:\/\/www.costadelsol-mallorca.com\/wp-content\/uploads\/2025\/05\/98a8af21-818x417.jpg"},"agent-image":{"file":"98a8af21-210x210.jpg","width":210,"height":210,"mime-type":"image\/jpeg","filesize":39596,"url":"https:\/\/www.costadelsol-mallorca.com\/wp-content\/uploads\/2025\/05\/98a8af21-210x210.jpg"},"partners-logo":{"file":"98a8af21-600x900.jpg","width":600,"height":900,"mime-type":"image\/jpeg","filesize":357173,"url":"https:\/\/www.costadelsol-mallorca.com\/wp-content\/uploads\/2025\/05\/98a8af21-600x900.jpg"},"post-featured-image":{"file":"98a8af21-1200x720.jpg","width":1200,"height":720,"mime-type":"image\/jpeg","filesize":654768,"url":"https:\/\/www.costadelsol-mallorca.com\/wp-content\/uploads\/2025\/05\/98a8af21-1200x720.jpg"}},"image_meta":{"aperture":"0","credit":"","camera":"","caption":"","created_timestamp":"0","copyright":"","focal_length":"0","iso":"0","shutter_speed":"0","title":"","orientation":"0","keywords":[]},"ID":"221517","name":"98a8af21.jpg","path":"\/home\/ro\/web\/costadelsol-mallorca.com\/public_html\/wp-content\/uploads\/2025\/05\/98a8af21.jpg","url":"https:\/\/www.costadelsol-mallorca.com\/wp-content\/uploads\/2025\/05\/98a8af21-150x150.jpg","full_url":"https:\/\/www.costadelsol-mallorca.com\/wp-content\/uploads\/2025\/05\/98a8af21.jpg","title":"98a8af21","caption":"","description":"","alt":"","srcset":"https:\/\/www.costadelsol-mallorca.com\/wp-content\/uploads\/2025\/05\/98a8af21-150x150.jpg 150w, https:\/\/www.costadelsol-mallorca.com\/wp-content\/uploads\/2025\/05\/98a8af21-120x120.jpg 120w, https:\/\/www.costadelsol-mallorca.com\/wp-content\/uploads\/2025\/05\/98a8af21-210x210.jpg 210w"}],"REAL_HOMES_change_gallery_slider_type":"","REAL_HOMES_gallery_slider_type":"thumb-on-right","inspiry_floor_plans":[],"inspiry_video_group":[],"REAL_HOMES_360_virtual_tour":"","REAL_HOMES_agent_display_option":"agent_info","REAL_HOMES_agents":[],"REAL_HOMES_energy_class":"","REAL_HOMES_energy_performance":"","REAL_HOMES_epc_current_rating":"","REAL_HOMES_epc_potential_rating":"","ere_property_schedule_tour":"","ere_property_schedule_time_slots":"","ere_property_schedule_description":"","REAL_HOMES_sticky":"","inspiry_property_label":"","inspiry_property_label_color":"","inspiry_property_tax":"","inspiry_additional_fee":"","REAL_HOMES_attachments":[],"inspiry_property_owner_name":"","inspiry_property_owner_contact":"","inspiry_property_owner_address":"","REAL_HOMES_property_private_note":"","inspiry_message_to_reviewer":"","REAL_HOMES_add_in_slider":"no","REAL_HOMES_slider_image":[],"REAL_HOMES_page_banner_image":[],"REAL_HOMES_hide_property_advance_search":"","REAL_HOMES_hide_advance_search":"","REAL_HOMES_custom_search_form":"","REAL_HOMES_search_form_margin_top":"","REAL_HOMES_search_form_margin_bottom":""},"_links":{"self":[{"href":"https:\/\/www.costadelsol-mallorca.com\/es\/wp-json\/wp\/v2\/property\/229428","targetHints":{"allow":["GET"]}}],"collection":[{"href":"https:\/\/www.costadelsol-mallorca.com\/es\/wp-json\/wp\/v2\/property"}],"about":[{"href":"https:\/\/www.costadelsol-mallorca.com\/es\/wp-json\/wp\/v2\/types\/property"}],"author":[{"embeddable":true,"href":"https:\/\/www.costadelsol-mallorca.com\/es\/wp-json\/wp\/v2\/users\/1"}],"replies":[{"embeddable":true,"href":"https:\/\/www.costadelsol-mallorca.com\/es\/wp-json\/wp\/v2\/comments?post=229428"}],"version-history":[{"count":0,"href":"https:\/\/www.costadelsol-mallorca.com\/es\/wp-json\/wp\/v2\/property\/229428\/revisions"}],"wp:featuredmedia":[{"embeddable":true,"href":"https:\/\/www.costadelsol-mallorca.com\/es\/wp-json\/wp\/v2\/media\/221465"}],"wp:attachment":[{"href":"https:\/\/www.costadelsol-mallorca.com\/es\/wp-json\/wp\/v2\/media?parent=229428"}],"wp:term":[{"taxonomy":"property-feature","embeddable":true,"href":"https:\/\/www.costadelsol-mallorca.com\/es\/wp-json\/wp\/v2\/property-feature?post=229428"},{"taxonomy":"property-type","embeddable":true,"href":"https:\/\/www.costadelsol-mallorca.com\/es\/wp-json\/wp\/v2\/property-type?post=229428"},{"taxonomy":"property-city","embeddable":true,"href":"https:\/\/www.costadelsol-mallorca.com\/es\/wp-json\/wp\/v2\/property-city?post=229428"},{"taxonomy":"property-status","embeddable":true,"href":"https:\/\/www.costadelsol-mallorca.com\/es\/wp-json\/wp\/v2\/property-status?post=229428"}],"curies":[{"name":"wp","href":"https:\/\/api.w.org\/{rel}","templated":true}]}}