{"id":229432,"date":"2024-12-04T08:39:18","date_gmt":"2024-12-04T07:39:18","guid":{"rendered":"https:\/\/www.costadelsol-mallorca.com\/property\/benahavis-malaga-spain-villa-2\/"},"modified":"2025-06-28T04:32:07","modified_gmt":"2025-06-28T02:32:07","slug":"benahavis-malaga-spain-villa-2","status":"publish","type":"property","link":"https:\/\/www.costadelsol-mallorca.com\/es\/property\/benahavis-malaga-spain-villa-2\/","title":{"rendered":"Benahavis, Malaga, Spain &#8211; Villa"},"content":{"rendered":"<p>Una impresionante villa de lujo con vistas tanto al mar como panor\u00e1micas al Estrecho de Gibraltar, a la costa africana y a las monta\u00f1as de Sierra Blanca.&#xD;&#xD;La villa ha sido creada de acuerdo con las \u00faltimas normas de construcci\u00f3n de la UE y utiliza materiales de alta calidad, construcci\u00f3n de calidad alemana y tecnolog\u00eda respetuosa con el medio ambiente. La villa tiene un dise\u00f1o limpio y elegante con una distribuci\u00f3n de planta abierta. La vida en el interior se funde perfectamente con el exterior, gracias a las grandes puertas y ventanas de cristal. La calefacci\u00f3n por suelo radiante se utiliza en toda la villa y los sistemas de energ\u00eda solar y las bombas de circulaci\u00f3n de agua caliente contribuyen a reducir los costes energ\u00e9ticos. &#xD;Dispone de ascensor para una vida c\u00f3moda. Gran piscina individual de agua salada y jard\u00edn bellamente cuidado completo con riego autom\u00e1tico e iluminaci\u00f3n ambiental. Escondido en la zona de La Alquer\u00eda, La zona est\u00e1 rodeada por lo mejor de la belleza natural de la Costa delSol, sin embargo, el brillo y el glamour de la ciudad de Marbella y Puerto Ban\u00fas est\u00e1 a s\u00f3lo unos minutos. La ubicaci\u00f3n perfecta en secreto situado en las colinas cerca de la popular ciudad de Benahavis.&#xD;&#xD;Traducci\u00f3n realizada con la versi\u00f3n gratuita del traductor www.DeepL.com\/Translator<\/p>\n","protected":false},"excerpt":{"rendered":"<p>Una impresionante villa de lujo con vistas tanto al mar como panor\u00e1micas al Estrecho de Gibraltar, a la costa africana y a las monta\u00f1as de Sierra Blanca.&#xD;&#xD;La villa ha sido creada de acuerdo con las \u00faltimas normas de construcci\u00f3n de la UE y utiliza materiales de alta calidad, construcci\u00f3n de calidad alemana y tecnolog\u00eda respetuosa&#8230;<\/p>\n","protected":false},"author":0,"featured_media":221677,"parent":0,"menu_order":0,"comment_status":"open","ping_status":"open","template":"","property-feature":[1545,1603,1546,1604,1547,1760,1550,1551,1552,1553,1554,1557,1558,269,1560,271,1578,1539,1579,1541,1593,1542,1601,1544,1602],"property-type":[1562],"property-city":[866,875,1475],"property-status":[],"aioseo_notices":[],"property_meta":{"REAL_HOMES_property_price":"5000000","REAL_HOMES_property_old_price":"","REAL_HOMES_property_price_prefix":"","REAL_HOMES_property_price_postfix":"","REAL_HOMES_property_size":"880","REAL_HOMES_property_size_postfix":"","REAL_HOMES_property_lot_size":"","REAL_HOMES_property_lot_size_postfix":"","REAL_HOMES_property_bedrooms":"6","REAL_HOMES_property_bathrooms":"8","REAL_HOMES_property_garage":"","REAL_HOMES_property_id":"MDL4331374","REAL_HOMES_property_year_built":"","REAL_HOMES_featured":"0","REAL_HOMES_additional_details_list":[["",""]],"REAL_HOMES_property_location":{"latitude":"36.5204891","longitude":"-5.0455575","zoom":""},"REAL_HOMES_property_address":"Benahavis, Malaga, Spain","REAL_HOMES_property_map":"0","REAL_HOMES_property_images":[{"width":150,"height":150,"file":"2025\/05\/2d63b36a.jpg","filesize":264379,"sizes":{"thumbnail":{"file":"2d63b36a-150x150.jpg","width":150,"height":150,"mime-type":"image\/jpeg","filesize":20522,"url":"https:\/\/www.costadelsol-mallorca.com\/wp-content\/uploads\/2025\/05\/2d63b36a-150x150.jpg"},"tf-client-image-size":{"file":"2d63b36a-120x120.jpg","width":120,"height":120,"mime-type":"image\/jpeg","filesize":13684,"url":"https:\/\/www.costadelsol-mallorca.com\/wp-content\/uploads\/2025\/05\/2d63b36a-120x120.jpg"},"post-thumbnail":{"file":"2d63b36a-150x100.jpg","width":150,"height":100,"mime-type":"image\/jpeg","filesize":14629,"url":"https:\/\/www.costadelsol-mallorca.com\/wp-content\/uploads\/2025\/05\/2d63b36a-150x100.jpg"},"modern-property-child-slider":{"file":"2d63b36a-680x510.jpg","width":680,"height":510,"mime-type":"image\/jpeg","filesize":221287,"url":"https:\/\/www.costadelsol-mallorca.com\/wp-content\/uploads\/2025\/05\/2d63b36a-680x510.jpg"},"property-thumb-image":{"file":"2d63b36a-488x326.jpg","width":488,"height":326,"mime-type":"image\/jpeg","filesize":110206,"url":"https:\/\/www.costadelsol-mallorca.com\/wp-content\/uploads\/2025\/05\/2d63b36a-488x326.jpg"},"property-detail-video-image":{"file":"2d63b36a-818x417.jpg","width":818,"height":417,"mime-type":"image\/jpeg","filesize":220152,"url":"https:\/\/www.costadelsol-mallorca.com\/wp-content\/uploads\/2025\/05\/2d63b36a-818x417.jpg"},"agent-image":{"file":"2d63b36a-210x210.jpg","width":210,"height":210,"mime-type":"image\/jpeg","filesize":37149,"url":"https:\/\/www.costadelsol-mallorca.com\/wp-content\/uploads\/2025\/05\/2d63b36a-210x210.jpg"},"partners-logo":{"file":"2d63b36a-600x800.jpg","width":600,"height":800,"mime-type":"image\/jpeg","filesize":285973,"url":"https:\/\/www.costadelsol-mallorca.com\/wp-content\/uploads\/2025\/05\/2d63b36a-600x800.jpg"},"post-featured-image":{"file":"2d63b36a-1200x720.jpg","width":1200,"height":720,"mime-type":"image\/jpeg","filesize":356025,"url":"https:\/\/www.costadelsol-mallorca.com\/wp-content\/uploads\/2025\/05\/2d63b36a-1200x720.jpg"}},"image_meta":{"aperture":"0","credit":"","camera":"","caption":"","created_timestamp":"0","copyright":"","focal_length":"0","iso":"0","shutter_speed":"0","title":"","orientation":"0","keywords":[]},"ID":"221674","name":"2d63b36a.jpg","path":"\/home\/ro\/web\/costadelsol-mallorca.com\/public_html\/wp-content\/uploads\/2025\/05\/2d63b36a.jpg","url":"https:\/\/www.costadelsol-mallorca.com\/wp-content\/uploads\/2025\/05\/2d63b36a-150x150.jpg","full_url":"https:\/\/www.costadelsol-mallorca.com\/wp-content\/uploads\/2025\/05\/2d63b36a.jpg","title":"2d63b36a","caption":"","description":"","alt":"","srcset":"https:\/\/www.costadelsol-mallorca.com\/wp-content\/uploads\/2025\/05\/2d63b36a-150x150.jpg 150w, https:\/\/www.costadelsol-mallorca.com\/wp-content\/uploads\/2025\/05\/2d63b36a-120x120.jpg 120w, https:\/\/www.costadelsol-mallorca.com\/wp-content\/uploads\/2025\/05\/2d63b36a-210x210.jpg 210w"},{"width":150,"height":150,"file":"2025\/05\/5d412e71.jpg","filesize":238175,"sizes":{"thumbnail":{"file":"5d412e71-150x150.jpg","width":150,"height":150,"mime-type":"image\/jpeg","filesize":17579,"url":"https:\/\/www.costadelsol-mallorca.com\/wp-content\/uploads\/2025\/05\/5d412e71-150x150.jpg"},"tf-client-image-size":{"file":"5d412e71-120x120.jpg","width":120,"height":120,"mime-type":"image\/jpeg","filesize":11858,"url":"https:\/\/www.costadelsol-mallorca.com\/wp-content\/uploads\/2025\/05\/5d412e71-120x120.jpg"},"post-thumbnail":{"file":"5d412e71-150x100.jpg","width":150,"height":100,"mime-type":"image\/jpeg","filesize":13694,"url":"https:\/\/www.costadelsol-mallorca.com\/wp-content\/uploads\/2025\/05\/5d412e71-150x100.jpg"},"modern-property-child-slider":{"file":"5d412e71-680x510.jpg","width":680,"height":510,"mime-type":"image\/jpeg","filesize":191511,"url":"https:\/\/www.costadelsol-mallorca.com\/wp-content\/uploads\/2025\/05\/5d412e71-680x510.jpg"},"property-thumb-image":{"file":"5d412e71-488x326.jpg","width":488,"height":326,"mime-type":"image\/jpeg","filesize":99591,"url":"https:\/\/www.costadelsol-mallorca.com\/wp-content\/uploads\/2025\/05\/5d412e71-488x326.jpg"},"property-detail-video-image":{"file":"5d412e71-818x417.jpg","width":818,"height":417,"mime-type":"image\/jpeg","filesize":204510,"url":"https:\/\/www.costadelsol-mallorca.com\/wp-content\/uploads\/2025\/05\/5d412e71-818x417.jpg"},"agent-image":{"file":"5d412e71-210x210.jpg","width":210,"height":210,"mime-type":"image\/jpeg","filesize":31497,"url":"https:\/\/www.costadelsol-mallorca.com\/wp-content\/uploads\/2025\/05\/5d412e71-210x210.jpg"},"partners-logo":{"file":"5d412e71-600x800.jpg","width":600,"height":800,"mime-type":"image\/jpeg","filesize":230886,"url":"https:\/\/www.costadelsol-mallorca.com\/wp-content\/uploads\/2025\/05\/5d412e71-600x800.jpg"},"post-featured-image":{"file":"5d412e71-1200x720.jpg","width":1200,"height":720,"mime-type":"image\/jpeg","filesize":329100,"url":"https:\/\/www.costadelsol-mallorca.com\/wp-content\/uploads\/2025\/05\/5d412e71-1200x720.jpg"}},"image_meta":{"aperture":"0","credit":"","camera":"","caption":"","created_timestamp":"0","copyright":"","focal_length":"0","iso":"0","shutter_speed":"0","title":"","orientation":"0","keywords":[]},"ID":"221678","name":"5d412e71.jpg","path":"\/home\/ro\/web\/costadelsol-mallorca.com\/public_html\/wp-content\/uploads\/2025\/05\/5d412e71.jpg","url":"https:\/\/www.costadelsol-mallorca.com\/wp-content\/uploads\/2025\/05\/5d412e71-150x150.jpg","full_url":"https:\/\/www.costadelsol-mallorca.com\/wp-content\/uploads\/2025\/05\/5d412e71.jpg","title":"5d412e71","caption":"","description":"","alt":"","srcset":"https:\/\/www.costadelsol-mallorca.com\/wp-content\/uploads\/2025\/05\/5d412e71-150x150.jpg 150w, https:\/\/www.costadelsol-mallorca.com\/wp-content\/uploads\/2025\/05\/5d412e71-120x120.jpg 120w, https:\/\/www.costadelsol-mallorca.com\/wp-content\/uploads\/2025\/05\/5d412e71-210x210.jpg 210w"},{"width":150,"height":150,"file":"2025\/05\/13ddde7c.jpg","filesize":186333,"sizes":{"thumbnail":{"file":"13ddde7c-150x150.jpg","width":150,"height":150,"mime-type":"image\/jpeg","filesize":15343,"url":"https:\/\/www.costadelsol-mallorca.com\/wp-content\/uploads\/2025\/05\/13ddde7c-150x150.jpg"},"tf-client-image-size":{"file":"13ddde7c-120x120.jpg","width":120,"height":120,"mime-type":"image\/jpeg","filesize":10279,"url":"https:\/\/www.costadelsol-mallorca.com\/wp-content\/uploads\/2025\/05\/13ddde7c-120x120.jpg"},"post-thumbnail":{"file":"13ddde7c-150x100.jpg","width":150,"height":100,"mime-type":"image\/jpeg","filesize":11465,"url":"https:\/\/www.costadelsol-mallorca.com\/wp-content\/uploads\/2025\/05\/13ddde7c-150x100.jpg"},"modern-property-child-slider":{"file":"13ddde7c-680x510.jpg","width":680,"height":510,"mime-type":"image\/jpeg","filesize":159718,"url":"https:\/\/www.costadelsol-mallorca.com\/wp-content\/uploads\/2025\/05\/13ddde7c-680x510.jpg"},"property-thumb-image":{"file":"13ddde7c-488x326.jpg","width":488,"height":326,"mime-type":"image\/jpeg","filesize":83516,"url":"https:\/\/www.costadelsol-mallorca.com\/wp-content\/uploads\/2025\/05\/13ddde7c-488x326.jpg"},"property-detail-video-image":{"file":"13ddde7c-818x417.jpg","width":818,"height":417,"mime-type":"image\/jpeg","filesize":174616,"url":"https:\/\/www.costadelsol-mallorca.com\/wp-content\/uploads\/2025\/05\/13ddde7c-818x417.jpg"},"agent-image":{"file":"13ddde7c-210x210.jpg","width":210,"height":210,"mime-type":"image\/jpeg","filesize":27407,"url":"https:\/\/www.costadelsol-mallorca.com\/wp-content\/uploads\/2025\/05\/13ddde7c-210x210.jpg"},"partners-logo":{"file":"13ddde7c-600x800.jpg","width":600,"height":800,"mime-type":"image\/jpeg","filesize":190057,"url":"https:\/\/www.costadelsol-mallorca.com\/wp-content\/uploads\/2025\/05\/13ddde7c-600x800.jpg"},"post-featured-image":{"file":"13ddde7c-1200x720.jpg","width":1200,"height":720,"mime-type":"image\/jpeg","filesize":263076,"url":"https:\/\/www.costadelsol-mallorca.com\/wp-content\/uploads\/2025\/05\/13ddde7c-1200x720.jpg"}},"image_meta":{"aperture":"0","credit":"","camera":"","caption":"","created_timestamp":"0","copyright":"","focal_length":"0","iso":"0","shutter_speed":"0","title":"","orientation":"0","keywords":[]},"ID":"221682","name":"13ddde7c.jpg","path":"\/home\/ro\/web\/costadelsol-mallorca.com\/public_html\/wp-content\/uploads\/2025\/05\/13ddde7c.jpg","url":"https:\/\/www.costadelsol-mallorca.com\/wp-content\/uploads\/2025\/05\/13ddde7c-150x150.jpg","full_url":"https:\/\/www.costadelsol-mallorca.com\/wp-content\/uploads\/2025\/05\/13ddde7c.jpg","title":"13ddde7c","caption":"","description":"","alt":"","srcset":"https:\/\/www.costadelsol-mallorca.com\/wp-content\/uploads\/2025\/05\/13ddde7c-150x150.jpg 150w, https:\/\/www.costadelsol-mallorca.com\/wp-content\/uploads\/2025\/05\/13ddde7c-120x120.jpg 120w, https:\/\/www.costadelsol-mallorca.com\/wp-content\/uploads\/2025\/05\/13ddde7c-210x210.jpg 210w"},{"width":150,"height":150,"file":"2025\/05\/0707781c.jpg","filesize":175753,"sizes":{"thumbnail":{"file":"0707781c-150x150.jpg","width":150,"height":150,"mime-type":"image\/jpeg","filesize":15722,"url":"https:\/\/www.costadelsol-mallorca.com\/wp-content\/uploads\/2025\/05\/0707781c-150x150.jpg"},"tf-client-image-size":{"file":"0707781c-120x120.jpg","width":120,"height":120,"mime-type":"image\/jpeg","filesize":10602,"url":"https:\/\/www.costadelsol-mallorca.com\/wp-content\/uploads\/2025\/05\/0707781c-120x120.jpg"},"post-thumbnail":{"file":"0707781c-150x100.jpg","width":150,"height":100,"mime-type":"image\/jpeg","filesize":11554,"url":"https:\/\/www.costadelsol-mallorca.com\/wp-content\/uploads\/2025\/05\/0707781c-150x100.jpg"},"modern-property-child-slider":{"file":"0707781c-680x510.jpg","width":680,"height":510,"mime-type":"image\/jpeg","filesize":157629,"url":"https:\/\/www.costadelsol-mallorca.com\/wp-content\/uploads\/2025\/05\/0707781c-680x510.jpg"},"property-thumb-image":{"file":"0707781c-488x326.jpg","width":488,"height":326,"mime-type":"image\/jpeg","filesize":81531,"url":"https:\/\/www.costadelsol-mallorca.com\/wp-content\/uploads\/2025\/05\/0707781c-488x326.jpg"},"property-detail-video-image":{"file":"0707781c-818x417.jpg","width":818,"height":417,"mime-type":"image\/jpeg","filesize":159265,"url":"https:\/\/www.costadelsol-mallorca.com\/wp-content\/uploads\/2025\/05\/0707781c-818x417.jpg"},"agent-image":{"file":"0707781c-210x210.jpg","width":210,"height":210,"mime-type":"image\/jpeg","filesize":28108,"url":"https:\/\/www.costadelsol-mallorca.com\/wp-content\/uploads\/2025\/05\/0707781c-210x210.jpg"},"partners-logo":{"file":"0707781c-600x800.jpg","width":600,"height":800,"mime-type":"image\/jpeg","filesize":199312,"url":"https:\/\/www.costadelsol-mallorca.com\/wp-content\/uploads\/2025\/05\/0707781c-600x800.jpg"},"post-featured-image":{"file":"0707781c-1200x720.jpg","width":1200,"height":720,"mime-type":"image\/jpeg","filesize":245442,"url":"https:\/\/www.costadelsol-mallorca.com\/wp-content\/uploads\/2025\/05\/0707781c-1200x720.jpg"}},"image_meta":{"aperture":"0","credit":"","camera":"","caption":"","created_timestamp":"0","copyright":"","focal_length":"0","iso":"0","shutter_speed":"0","title":"","orientation":"0","keywords":[]},"ID":"221686","name":"0707781c.jpg","path":"\/home\/ro\/web\/costadelsol-mallorca.com\/public_html\/wp-content\/uploads\/2025\/05\/0707781c.jpg","url":"https:\/\/www.costadelsol-mallorca.com\/wp-content\/uploads\/2025\/05\/0707781c-150x150.jpg","full_url":"https:\/\/www.costadelsol-mallorca.com\/wp-content\/uploads\/2025\/05\/0707781c.jpg","title":"0707781c","caption":"","description":"","alt":"","srcset":"https:\/\/www.costadelsol-mallorca.com\/wp-content\/uploads\/2025\/05\/0707781c-150x150.jpg 150w, https:\/\/www.costadelsol-mallorca.com\/wp-content\/uploads\/2025\/05\/0707781c-120x120.jpg 120w, https:\/\/www.costadelsol-mallorca.com\/wp-content\/uploads\/2025\/05\/0707781c-210x210.jpg 210w"},{"width":150,"height":150,"file":"2025\/05\/b4b9b906.jpg","filesize":195422,"sizes":{"thumbnail":{"file":"b4b9b906-150x150.jpg","width":150,"height":150,"mime-type":"image\/jpeg","filesize":17502,"url":"https:\/\/www.costadelsol-mallorca.com\/wp-content\/uploads\/2025\/05\/b4b9b906-150x150.jpg"},"tf-client-image-size":{"file":"b4b9b906-120x120.jpg","width":120,"height":120,"mime-type":"image\/jpeg","filesize":11776,"url":"https:\/\/www.costadelsol-mallorca.com\/wp-content\/uploads\/2025\/05\/b4b9b906-120x120.jpg"},"post-thumbnail":{"file":"b4b9b906-150x100.jpg","width":150,"height":100,"mime-type":"image\/jpeg","filesize":12297,"url":"https:\/\/www.costadelsol-mallorca.com\/wp-content\/uploads\/2025\/05\/b4b9b906-150x100.jpg"},"modern-property-child-slider":{"file":"b4b9b906-680x510.jpg","width":680,"height":510,"mime-type":"image\/jpeg","filesize":171734,"url":"https:\/\/www.costadelsol-mallorca.com\/wp-content\/uploads\/2025\/05\/b4b9b906-680x510.jpg"},"property-thumb-image":{"file":"b4b9b906-488x326.jpg","width":488,"height":326,"mime-type":"image\/jpeg","filesize":88719,"url":"https:\/\/www.costadelsol-mallorca.com\/wp-content\/uploads\/2025\/05\/b4b9b906-488x326.jpg"},"property-detail-video-image":{"file":"b4b9b906-818x417.jpg","width":818,"height":417,"mime-type":"image\/jpeg","filesize":173527,"url":"https:\/\/www.costadelsol-mallorca.com\/wp-content\/uploads\/2025\/05\/b4b9b906-818x417.jpg"},"agent-image":{"file":"b4b9b906-210x210.jpg","width":210,"height":210,"mime-type":"image\/jpeg","filesize":30667,"url":"https:\/\/www.costadelsol-mallorca.com\/wp-content\/uploads\/2025\/05\/b4b9b906-210x210.jpg"},"partners-logo":{"file":"b4b9b906-600x800.jpg","width":600,"height":800,"mime-type":"image\/jpeg","filesize":221159,"url":"https:\/\/www.costadelsol-mallorca.com\/wp-content\/uploads\/2025\/05\/b4b9b906-600x800.jpg"},"post-featured-image":{"file":"b4b9b906-1200x720.jpg","width":1200,"height":720,"mime-type":"image\/jpeg","filesize":268956,"url":"https:\/\/www.costadelsol-mallorca.com\/wp-content\/uploads\/2025\/05\/b4b9b906-1200x720.jpg"}},"image_meta":{"aperture":"0","credit":"","camera":"","caption":"","created_timestamp":"0","copyright":"","focal_length":"0","iso":"0","shutter_speed":"0","title":"","orientation":"0","keywords":[]},"ID":"221690","name":"b4b9b906.jpg","path":"\/home\/ro\/web\/costadelsol-mallorca.com\/public_html\/wp-content\/uploads\/2025\/05\/b4b9b906.jpg","url":"https:\/\/www.costadelsol-mallorca.com\/wp-content\/uploads\/2025\/05\/b4b9b906-150x150.jpg","full_url":"https:\/\/www.costadelsol-mallorca.com\/wp-content\/uploads\/2025\/05\/b4b9b906.jpg","title":"b4b9b906","caption":"","description":"","alt":"","srcset":"https:\/\/www.costadelsol-mallorca.com\/wp-content\/uploads\/2025\/05\/b4b9b906-150x150.jpg 150w, https:\/\/www.costadelsol-mallorca.com\/wp-content\/uploads\/2025\/05\/b4b9b906-120x120.jpg 120w, https:\/\/www.costadelsol-mallorca.com\/wp-content\/uploads\/2025\/05\/b4b9b906-210x210.jpg 210w"},{"width":150,"height":150,"file":"2025\/05\/a8b72e06.jpg","filesize":185943,"sizes":{"thumbnail":{"file":"a8b72e06-150x150.jpg","width":150,"height":150,"mime-type":"image\/jpeg","filesize":15875,"url":"https:\/\/www.costadelsol-mallorca.com\/wp-content\/uploads\/2025\/05\/a8b72e06-150x150.jpg"},"tf-client-image-size":{"file":"a8b72e06-120x120.jpg","width":120,"height":120,"mime-type":"image\/jpeg","filesize":10661,"url":"https:\/\/www.costadelsol-mallorca.com\/wp-content\/uploads\/2025\/05\/a8b72e06-120x120.jpg"},"post-thumbnail":{"file":"a8b72e06-150x100.jpg","width":150,"height":100,"mime-type":"image\/jpeg","filesize":12322,"url":"https:\/\/www.costadelsol-mallorca.com\/wp-content\/uploads\/2025\/05\/a8b72e06-150x100.jpg"},"modern-property-child-slider":{"file":"a8b72e06-680x510.jpg","width":680,"height":510,"mime-type":"image\/jpeg","filesize":159126,"url":"https:\/\/www.costadelsol-mallorca.com\/wp-content\/uploads\/2025\/05\/a8b72e06-680x510.jpg"},"property-thumb-image":{"file":"a8b72e06-488x326.jpg","width":488,"height":326,"mime-type":"image\/jpeg","filesize":85701,"url":"https:\/\/www.costadelsol-mallorca.com\/wp-content\/uploads\/2025\/05\/a8b72e06-488x326.jpg"},"property-detail-video-image":{"file":"a8b72e06-818x417.jpg","width":818,"height":417,"mime-type":"image\/jpeg","filesize":166273,"url":"https:\/\/www.costadelsol-mallorca.com\/wp-content\/uploads\/2025\/05\/a8b72e06-818x417.jpg"},"agent-image":{"file":"a8b72e06-210x210.jpg","width":210,"height":210,"mime-type":"image\/jpeg","filesize":28306,"url":"https:\/\/www.costadelsol-mallorca.com\/wp-content\/uploads\/2025\/05\/a8b72e06-210x210.jpg"},"partners-logo":{"file":"a8b72e06-600x800.jpg","width":600,"height":800,"mime-type":"image\/jpeg","filesize":185741,"url":"https:\/\/www.costadelsol-mallorca.com\/wp-content\/uploads\/2025\/05\/a8b72e06-600x800.jpg"},"post-featured-image":{"file":"a8b72e06-1200x720.jpg","width":1200,"height":720,"mime-type":"image\/jpeg","filesize":257171,"url":"https:\/\/www.costadelsol-mallorca.com\/wp-content\/uploads\/2025\/05\/a8b72e06-1200x720.jpg"}},"image_meta":{"aperture":"0","credit":"","camera":"","caption":"","created_timestamp":"0","copyright":"","focal_length":"0","iso":"0","shutter_speed":"0","title":"","orientation":"0","keywords":[]},"ID":"221694","name":"a8b72e06.jpg","path":"\/home\/ro\/web\/costadelsol-mallorca.com\/public_html\/wp-content\/uploads\/2025\/05\/a8b72e06.jpg","url":"https:\/\/www.costadelsol-mallorca.com\/wp-content\/uploads\/2025\/05\/a8b72e06-150x150.jpg","full_url":"https:\/\/www.costadelsol-mallorca.com\/wp-content\/uploads\/2025\/05\/a8b72e06.jpg","title":"a8b72e06","caption":"","description":"","alt":"","srcset":"https:\/\/www.costadelsol-mallorca.com\/wp-content\/uploads\/2025\/05\/a8b72e06-150x150.jpg 150w, https:\/\/www.costadelsol-mallorca.com\/wp-content\/uploads\/2025\/05\/a8b72e06-120x120.jpg 120w, https:\/\/www.costadelsol-mallorca.com\/wp-content\/uploads\/2025\/05\/a8b72e06-210x210.jpg 210w"},{"width":150,"height":150,"file":"2025\/05\/67feb6d1.jpg","filesize":156894,"sizes":{"thumbnail":{"file":"67feb6d1-150x150.jpg","width":150,"height":150,"mime-type":"image\/jpeg","filesize":13000,"url":"https:\/\/www.costadelsol-mallorca.com\/wp-content\/uploads\/2025\/05\/67feb6d1-150x150.jpg"},"tf-client-image-size":{"file":"67feb6d1-120x120.jpg","width":120,"height":120,"mime-type":"image\/jpeg","filesize":8717,"url":"https:\/\/www.costadelsol-mallorca.com\/wp-content\/uploads\/2025\/05\/67feb6d1-120x120.jpg"},"post-thumbnail":{"file":"67feb6d1-150x100.jpg","width":150,"height":100,"mime-type":"image\/jpeg","filesize":9433,"url":"https:\/\/www.costadelsol-mallorca.com\/wp-content\/uploads\/2025\/05\/67feb6d1-150x100.jpg"},"modern-property-child-slider":{"file":"67feb6d1-680x510.jpg","width":680,"height":510,"mime-type":"image\/jpeg","filesize":137514,"url":"https:\/\/www.costadelsol-mallorca.com\/wp-content\/uploads\/2025\/05\/67feb6d1-680x510.jpg"},"property-thumb-image":{"file":"67feb6d1-488x326.jpg","width":488,"height":326,"mime-type":"image\/jpeg","filesize":69015,"url":"https:\/\/www.costadelsol-mallorca.com\/wp-content\/uploads\/2025\/05\/67feb6d1-488x326.jpg"},"property-detail-video-image":{"file":"67feb6d1-818x417.jpg","width":818,"height":417,"mime-type":"image\/jpeg","filesize":138875,"url":"https:\/\/www.costadelsol-mallorca.com\/wp-content\/uploads\/2025\/05\/67feb6d1-818x417.jpg"},"agent-image":{"file":"67feb6d1-210x210.jpg","width":210,"height":210,"mime-type":"image\/jpeg","filesize":23153,"url":"https:\/\/www.costadelsol-mallorca.com\/wp-content\/uploads\/2025\/05\/67feb6d1-210x210.jpg"},"partners-logo":{"file":"67feb6d1-600x800.jpg","width":600,"height":800,"mime-type":"image\/jpeg","filesize":154344,"url":"https:\/\/www.costadelsol-mallorca.com\/wp-content\/uploads\/2025\/05\/67feb6d1-600x800.jpg"},"post-featured-image":{"file":"67feb6d1-1200x720.jpg","width":1200,"height":720,"mime-type":"image\/jpeg","filesize":221564,"url":"https:\/\/www.costadelsol-mallorca.com\/wp-content\/uploads\/2025\/05\/67feb6d1-1200x720.jpg"}},"image_meta":{"aperture":"0","credit":"","camera":"","caption":"","created_timestamp":"0","copyright":"","focal_length":"0","iso":"0","shutter_speed":"0","title":"","orientation":"0","keywords":[]},"ID":"221698","name":"67feb6d1.jpg","path":"\/home\/ro\/web\/costadelsol-mallorca.com\/public_html\/wp-content\/uploads\/2025\/05\/67feb6d1.jpg","url":"https:\/\/www.costadelsol-mallorca.com\/wp-content\/uploads\/2025\/05\/67feb6d1-150x150.jpg","full_url":"https:\/\/www.costadelsol-mallorca.com\/wp-content\/uploads\/2025\/05\/67feb6d1.jpg","title":"67feb6d1","caption":"","description":"","alt":"","srcset":"https:\/\/www.costadelsol-mallorca.com\/wp-content\/uploads\/2025\/05\/67feb6d1-150x150.jpg 150w, https:\/\/www.costadelsol-mallorca.com\/wp-content\/uploads\/2025\/05\/67feb6d1-120x120.jpg 120w, https:\/\/www.costadelsol-mallorca.com\/wp-content\/uploads\/2025\/05\/67feb6d1-210x210.jpg 210w"},{"width":150,"height":150,"file":"2025\/05\/bc3a415a.jpg","filesize":203606,"sizes":{"thumbnail":{"file":"bc3a415a-150x150.jpg","width":150,"height":150,"mime-type":"image\/jpeg","filesize":17226,"url":"https:\/\/www.costadelsol-mallorca.com\/wp-content\/uploads\/2025\/05\/bc3a415a-150x150.jpg"},"tf-client-image-size":{"file":"bc3a415a-120x120.jpg","width":120,"height":120,"mime-type":"image\/jpeg","filesize":11823,"url":"https:\/\/www.costadelsol-mallorca.com\/wp-content\/uploads\/2025\/05\/bc3a415a-120x120.jpg"},"post-thumbnail":{"file":"bc3a415a-150x100.jpg","width":150,"height":100,"mime-type":"image\/jpeg","filesize":13195,"url":"https:\/\/www.costadelsol-mallorca.com\/wp-content\/uploads\/2025\/05\/bc3a415a-150x100.jpg"},"modern-property-child-slider":{"file":"bc3a415a-680x510.jpg","width":680,"height":510,"mime-type":"image\/jpeg","filesize":174552,"url":"https:\/\/www.costadelsol-mallorca.com\/wp-content\/uploads\/2025\/05\/bc3a415a-680x510.jpg"},"property-thumb-image":{"file":"bc3a415a-488x326.jpg","width":488,"height":326,"mime-type":"image\/jpeg","filesize":92104,"url":"https:\/\/www.costadelsol-mallorca.com\/wp-content\/uploads\/2025\/05\/bc3a415a-488x326.jpg"},"property-detail-video-image":{"file":"bc3a415a-818x417.jpg","width":818,"height":417,"mime-type":"image\/jpeg","filesize":185198,"url":"https:\/\/www.costadelsol-mallorca.com\/wp-content\/uploads\/2025\/05\/bc3a415a-818x417.jpg"},"agent-image":{"file":"bc3a415a-210x210.jpg","width":210,"height":210,"mime-type":"image\/jpeg","filesize":30473,"url":"https:\/\/www.costadelsol-mallorca.com\/wp-content\/uploads\/2025\/05\/bc3a415a-210x210.jpg"},"partners-logo":{"file":"bc3a415a-600x800.jpg","width":600,"height":800,"mime-type":"image\/jpeg","filesize":204091,"url":"https:\/\/www.costadelsol-mallorca.com\/wp-content\/uploads\/2025\/05\/bc3a415a-600x800.jpg"},"post-featured-image":{"file":"bc3a415a-1200x720.jpg","width":1200,"height":720,"mime-type":"image\/jpeg","filesize":282702,"url":"https:\/\/www.costadelsol-mallorca.com\/wp-content\/uploads\/2025\/05\/bc3a415a-1200x720.jpg"}},"image_meta":{"aperture":"0","credit":"","camera":"","caption":"","created_timestamp":"0","copyright":"","focal_length":"0","iso":"0","shutter_speed":"0","title":"","orientation":"0","keywords":[]},"ID":"221702","name":"bc3a415a.jpg","path":"\/home\/ro\/web\/costadelsol-mallorca.com\/public_html\/wp-content\/uploads\/2025\/05\/bc3a415a.jpg","url":"https:\/\/www.costadelsol-mallorca.com\/wp-content\/uploads\/2025\/05\/bc3a415a-150x150.jpg","full_url":"https:\/\/www.costadelsol-mallorca.com\/wp-content\/uploads\/2025\/05\/bc3a415a.jpg","title":"bc3a415a","caption":"","description":"","alt":"","srcset":"https:\/\/www.costadelsol-mallorca.com\/wp-content\/uploads\/2025\/05\/bc3a415a-150x150.jpg 150w, https:\/\/www.costadelsol-mallorca.com\/wp-content\/uploads\/2025\/05\/bc3a415a-120x120.jpg 120w, https:\/\/www.costadelsol-mallorca.com\/wp-content\/uploads\/2025\/05\/bc3a415a-210x210.jpg 210w"},{"width":150,"height":150,"file":"2025\/05\/ea83d75f.jpg","filesize":199701,"sizes":{"thumbnail":{"file":"ea83d75f-150x150.jpg","width":150,"height":150,"mime-type":"image\/jpeg","filesize":15303,"url":"https:\/\/www.costadelsol-mallorca.com\/wp-content\/uploads\/2025\/05\/ea83d75f-150x150.jpg"},"tf-client-image-size":{"file":"ea83d75f-120x120.jpg","width":120,"height":120,"mime-type":"image\/jpeg","filesize":10456,"url":"https:\/\/www.costadelsol-mallorca.com\/wp-content\/uploads\/2025\/05\/ea83d75f-120x120.jpg"},"post-thumbnail":{"file":"ea83d75f-150x100.jpg","width":150,"height":100,"mime-type":"image\/jpeg","filesize":12624,"url":"https:\/\/www.costadelsol-mallorca.com\/wp-content\/uploads\/2025\/05\/ea83d75f-150x100.jpg"},"modern-property-child-slider":{"file":"ea83d75f-680x510.jpg","width":680,"height":510,"mime-type":"image\/jpeg","filesize":167383,"url":"https:\/\/www.costadelsol-mallorca.com\/wp-content\/uploads\/2025\/05\/ea83d75f-680x510.jpg"},"property-thumb-image":{"file":"ea83d75f-488x326.jpg","width":488,"height":326,"mime-type":"image\/jpeg","filesize":90171,"url":"https:\/\/www.costadelsol-mallorca.com\/wp-content\/uploads\/2025\/05\/ea83d75f-488x326.jpg"},"property-detail-video-image":{"file":"ea83d75f-818x417.jpg","width":818,"height":417,"mime-type":"image\/jpeg","filesize":183019,"url":"https:\/\/www.costadelsol-mallorca.com\/wp-content\/uploads\/2025\/05\/ea83d75f-818x417.jpg"},"agent-image":{"file":"ea83d75f-210x210.jpg","width":210,"height":210,"mime-type":"image\/jpeg","filesize":27676,"url":"https:\/\/www.costadelsol-mallorca.com\/wp-content\/uploads\/2025\/05\/ea83d75f-210x210.jpg"},"partners-logo":{"file":"ea83d75f-600x800.jpg","width":600,"height":800,"mime-type":"image\/jpeg","filesize":192775,"url":"https:\/\/www.costadelsol-mallorca.com\/wp-content\/uploads\/2025\/05\/ea83d75f-600x800.jpg"},"post-featured-image":{"file":"ea83d75f-1200x720.jpg","width":1200,"height":720,"mime-type":"image\/jpeg","filesize":279863,"url":"https:\/\/www.costadelsol-mallorca.com\/wp-content\/uploads\/2025\/05\/ea83d75f-1200x720.jpg"}},"image_meta":{"aperture":"0","credit":"","camera":"","caption":"","created_timestamp":"0","copyright":"","focal_length":"0","iso":"0","shutter_speed":"0","title":"","orientation":"0","keywords":[]},"ID":"221706","name":"ea83d75f.jpg","path":"\/home\/ro\/web\/costadelsol-mallorca.com\/public_html\/wp-content\/uploads\/2025\/05\/ea83d75f.jpg","url":"https:\/\/www.costadelsol-mallorca.com\/wp-content\/uploads\/2025\/05\/ea83d75f-150x150.jpg","full_url":"https:\/\/www.costadelsol-mallorca.com\/wp-content\/uploads\/2025\/05\/ea83d75f.jpg","title":"ea83d75f","caption":"","description":"","alt":"","srcset":"https:\/\/www.costadelsol-mallorca.com\/wp-content\/uploads\/2025\/05\/ea83d75f-150x150.jpg 150w, https:\/\/www.costadelsol-mallorca.com\/wp-content\/uploads\/2025\/05\/ea83d75f-120x120.jpg 120w, https:\/\/www.costadelsol-mallorca.com\/wp-content\/uploads\/2025\/05\/ea83d75f-210x210.jpg 210w"},{"width":150,"height":150,"file":"2025\/05\/06220201.jpg","filesize":219460,"sizes":{"thumbnail":{"file":"06220201-150x150.jpg","width":150,"height":150,"mime-type":"image\/jpeg","filesize":18964,"url":"https:\/\/www.costadelsol-mallorca.com\/wp-content\/uploads\/2025\/05\/06220201-150x150.jpg"},"tf-client-image-size":{"file":"06220201-120x120.jpg","width":120,"height":120,"mime-type":"image\/jpeg","filesize":12580,"url":"https:\/\/www.costadelsol-mallorca.com\/wp-content\/uploads\/2025\/05\/06220201-120x120.jpg"},"post-thumbnail":{"file":"06220201-150x100.jpg","width":150,"height":100,"mime-type":"image\/jpeg","filesize":13783,"url":"https:\/\/www.costadelsol-mallorca.com\/wp-content\/uploads\/2025\/05\/06220201-150x100.jpg"},"modern-property-child-slider":{"file":"06220201-680x510.jpg","width":680,"height":510,"mime-type":"image\/jpeg","filesize":191702,"url":"https:\/\/www.costadelsol-mallorca.com\/wp-content\/uploads\/2025\/05\/06220201-680x510.jpg"},"property-thumb-image":{"file":"06220201-488x326.jpg","width":488,"height":326,"mime-type":"image\/jpeg","filesize":99071,"url":"https:\/\/www.costadelsol-mallorca.com\/wp-content\/uploads\/2025\/05\/06220201-488x326.jpg"},"property-detail-video-image":{"file":"06220201-818x417.jpg","width":818,"height":417,"mime-type":"image\/jpeg","filesize":182321,"url":"https:\/\/www.costadelsol-mallorca.com\/wp-content\/uploads\/2025\/05\/06220201-818x417.jpg"},"agent-image":{"file":"06220201-210x210.jpg","width":210,"height":210,"mime-type":"image\/jpeg","filesize":34317,"url":"https:\/\/www.costadelsol-mallorca.com\/wp-content\/uploads\/2025\/05\/06220201-210x210.jpg"},"partners-logo":{"file":"06220201-600x800.jpg","width":600,"height":800,"mime-type":"image\/jpeg","filesize":248291,"url":"https:\/\/www.costadelsol-mallorca.com\/wp-content\/uploads\/2025\/05\/06220201-600x800.jpg"},"post-featured-image":{"file":"06220201-1200x720.jpg","width":1200,"height":720,"mime-type":"image\/jpeg","filesize":296282,"url":"https:\/\/www.costadelsol-mallorca.com\/wp-content\/uploads\/2025\/05\/06220201-1200x720.jpg"}},"image_meta":{"aperture":"0","credit":"","camera":"","caption":"","created_timestamp":"0","copyright":"","focal_length":"0","iso":"0","shutter_speed":"0","title":"","orientation":"0","keywords":[]},"ID":"221710","name":"06220201.jpg","path":"\/home\/ro\/web\/costadelsol-mallorca.com\/public_html\/wp-content\/uploads\/2025\/05\/06220201.jpg","url":"https:\/\/www.costadelsol-mallorca.com\/wp-content\/uploads\/2025\/05\/06220201-150x150.jpg","full_url":"https:\/\/www.costadelsol-mallorca.com\/wp-content\/uploads\/2025\/05\/06220201.jpg","title":"06220201","caption":"","description":"","alt":"","srcset":"https:\/\/www.costadelsol-mallorca.com\/wp-content\/uploads\/2025\/05\/06220201-150x150.jpg 150w, https:\/\/www.costadelsol-mallorca.com\/wp-content\/uploads\/2025\/05\/06220201-120x120.jpg 120w, https:\/\/www.costadelsol-mallorca.com\/wp-content\/uploads\/2025\/05\/06220201-210x210.jpg 210w"},{"width":150,"height":150,"file":"2025\/05\/d737c4f2.jpg","filesize":193332,"sizes":{"thumbnail":{"file":"d737c4f2-150x150.jpg","width":150,"height":150,"mime-type":"image\/jpeg","filesize":15197,"url":"https:\/\/www.costadelsol-mallorca.com\/wp-content\/uploads\/2025\/05\/d737c4f2-150x150.jpg"},"tf-client-image-size":{"file":"d737c4f2-120x120.jpg","width":120,"height":120,"mime-type":"image\/jpeg","filesize":10081,"url":"https:\/\/www.costadelsol-mallorca.com\/wp-content\/uploads\/2025\/05\/d737c4f2-120x120.jpg"},"post-thumbnail":{"file":"d737c4f2-150x100.jpg","width":150,"height":100,"mime-type":"image\/jpeg","filesize":11875,"url":"https:\/\/www.costadelsol-mallorca.com\/wp-content\/uploads\/2025\/05\/d737c4f2-150x100.jpg"},"modern-property-child-slider":{"file":"d737c4f2-680x510.jpg","width":680,"height":510,"mime-type":"image\/jpeg","filesize":166425,"url":"https:\/\/www.costadelsol-mallorca.com\/wp-content\/uploads\/2025\/05\/d737c4f2-680x510.jpg"},"property-thumb-image":{"file":"d737c4f2-488x326.jpg","width":488,"height":326,"mime-type":"image\/jpeg","filesize":87820,"url":"https:\/\/www.costadelsol-mallorca.com\/wp-content\/uploads\/2025\/05\/d737c4f2-488x326.jpg"},"property-detail-video-image":{"file":"d737c4f2-818x417.jpg","width":818,"height":417,"mime-type":"image\/jpeg","filesize":174785,"url":"https:\/\/www.costadelsol-mallorca.com\/wp-content\/uploads\/2025\/05\/d737c4f2-818x417.jpg"},"agent-image":{"file":"d737c4f2-210x210.jpg","width":210,"height":210,"mime-type":"image\/jpeg","filesize":27329,"url":"https:\/\/www.costadelsol-mallorca.com\/wp-content\/uploads\/2025\/05\/d737c4f2-210x210.jpg"},"partners-logo":{"file":"d737c4f2-600x800.jpg","width":600,"height":800,"mime-type":"image\/jpeg","filesize":188268,"url":"https:\/\/www.costadelsol-mallorca.com\/wp-content\/uploads\/2025\/05\/d737c4f2-600x800.jpg"},"post-featured-image":{"file":"d737c4f2-1200x720.jpg","width":1200,"height":720,"mime-type":"image\/jpeg","filesize":264725,"url":"https:\/\/www.costadelsol-mallorca.com\/wp-content\/uploads\/2025\/05\/d737c4f2-1200x720.jpg"}},"image_meta":{"aperture":"0","credit":"","camera":"","caption":"","created_timestamp":"0","copyright":"","focal_length":"0","iso":"0","shutter_speed":"0","title":"","orientation":"0","keywords":[]},"ID":"221714","name":"d737c4f2.jpg","path":"\/home\/ro\/web\/costadelsol-mallorca.com\/public_html\/wp-content\/uploads\/2025\/05\/d737c4f2.jpg","url":"https:\/\/www.costadelsol-mallorca.com\/wp-content\/uploads\/2025\/05\/d737c4f2-150x150.jpg","full_url":"https:\/\/www.costadelsol-mallorca.com\/wp-content\/uploads\/2025\/05\/d737c4f2.jpg","title":"d737c4f2","caption":"","description":"","alt":"","srcset":"https:\/\/www.costadelsol-mallorca.com\/wp-content\/uploads\/2025\/05\/d737c4f2-150x150.jpg 150w, https:\/\/www.costadelsol-mallorca.com\/wp-content\/uploads\/2025\/05\/d737c4f2-120x120.jpg 120w, https:\/\/www.costadelsol-mallorca.com\/wp-content\/uploads\/2025\/05\/d737c4f2-210x210.jpg 210w"},{"width":150,"height":150,"file":"2025\/05\/fbc5bf46.jpg","filesize":142315,"sizes":{"thumbnail":{"file":"fbc5bf46-150x150.jpg","width":150,"height":150,"mime-type":"image\/jpeg","filesize":11235,"url":"https:\/\/www.costadelsol-mallorca.com\/wp-content\/uploads\/2025\/05\/fbc5bf46-150x150.jpg"},"tf-client-image-size":{"file":"fbc5bf46-120x120.jpg","width":120,"height":120,"mime-type":"image\/jpeg","filesize":7707,"url":"https:\/\/www.costadelsol-mallorca.com\/wp-content\/uploads\/2025\/05\/fbc5bf46-120x120.jpg"},"post-thumbnail":{"file":"fbc5bf46-150x100.jpg","width":150,"height":100,"mime-type":"image\/jpeg","filesize":8920,"url":"https:\/\/www.costadelsol-mallorca.com\/wp-content\/uploads\/2025\/05\/fbc5bf46-150x100.jpg"},"modern-property-child-slider":{"file":"fbc5bf46-680x510.jpg","width":680,"height":510,"mime-type":"image\/jpeg","filesize":124637,"url":"https:\/\/www.costadelsol-mallorca.com\/wp-content\/uploads\/2025\/05\/fbc5bf46-680x510.jpg"},"property-thumb-image":{"file":"fbc5bf46-488x326.jpg","width":488,"height":326,"mime-type":"image\/jpeg","filesize":63154,"url":"https:\/\/www.costadelsol-mallorca.com\/wp-content\/uploads\/2025\/05\/fbc5bf46-488x326.jpg"},"property-detail-video-image":{"file":"fbc5bf46-818x417.jpg","width":818,"height":417,"mime-type":"image\/jpeg","filesize":127897,"url":"https:\/\/www.costadelsol-mallorca.com\/wp-content\/uploads\/2025\/05\/fbc5bf46-818x417.jpg"},"agent-image":{"file":"fbc5bf46-210x210.jpg","width":210,"height":210,"mime-type":"image\/jpeg","filesize":19923,"url":"https:\/\/www.costadelsol-mallorca.com\/wp-content\/uploads\/2025\/05\/fbc5bf46-210x210.jpg"},"partners-logo":{"file":"fbc5bf46-600x800.jpg","width":600,"height":800,"mime-type":"image\/jpeg","filesize":145166,"url":"https:\/\/www.costadelsol-mallorca.com\/wp-content\/uploads\/2025\/05\/fbc5bf46-600x800.jpg"},"post-featured-image":{"file":"fbc5bf46-1200x720.jpg","width":1200,"height":720,"mime-type":"image\/jpeg","filesize":199226,"url":"https:\/\/www.costadelsol-mallorca.com\/wp-content\/uploads\/2025\/05\/fbc5bf46-1200x720.jpg"}},"image_meta":{"aperture":"0","credit":"","camera":"","caption":"","created_timestamp":"0","copyright":"","focal_length":"0","iso":"0","shutter_speed":"0","title":"","orientation":"0","keywords":[]},"ID":"221718","name":"fbc5bf46.jpg","path":"\/home\/ro\/web\/costadelsol-mallorca.com\/public_html\/wp-content\/uploads\/2025\/05\/fbc5bf46.jpg","url":"https:\/\/www.costadelsol-mallorca.com\/wp-content\/uploads\/2025\/05\/fbc5bf46-150x150.jpg","full_url":"https:\/\/www.costadelsol-mallorca.com\/wp-content\/uploads\/2025\/05\/fbc5bf46.jpg","title":"fbc5bf46","caption":"","description":"","alt":"","srcset":"https:\/\/www.costadelsol-mallorca.com\/wp-content\/uploads\/2025\/05\/fbc5bf46-150x150.jpg 150w, https:\/\/www.costadelsol-mallorca.com\/wp-content\/uploads\/2025\/05\/fbc5bf46-120x120.jpg 120w, https:\/\/www.costadelsol-mallorca.com\/wp-content\/uploads\/2025\/05\/fbc5bf46-210x210.jpg 210w"},{"width":150,"height":150,"file":"2025\/05\/8a89c490.jpg","filesize":148563,"sizes":{"thumbnail":{"file":"8a89c490-150x150.jpg","width":150,"height":150,"mime-type":"image\/jpeg","filesize":12901,"url":"https:\/\/www.costadelsol-mallorca.com\/wp-content\/uploads\/2025\/05\/8a89c490-150x150.jpg"},"tf-client-image-size":{"file":"8a89c490-120x120.jpg","width":120,"height":120,"mime-type":"image\/jpeg","filesize":8821,"url":"https:\/\/www.costadelsol-mallorca.com\/wp-content\/uploads\/2025\/05\/8a89c490-120x120.jpg"},"post-thumbnail":{"file":"8a89c490-150x100.jpg","width":150,"height":100,"mime-type":"image\/jpeg","filesize":10076,"url":"https:\/\/www.costadelsol-mallorca.com\/wp-content\/uploads\/2025\/05\/8a89c490-150x100.jpg"},"modern-property-child-slider":{"file":"8a89c490-680x510.jpg","width":680,"height":510,"mime-type":"image\/jpeg","filesize":128926,"url":"https:\/\/www.costadelsol-mallorca.com\/wp-content\/uploads\/2025\/05\/8a89c490-680x510.jpg"},"property-thumb-image":{"file":"8a89c490-488x326.jpg","width":488,"height":326,"mime-type":"image\/jpeg","filesize":70422,"url":"https:\/\/www.costadelsol-mallorca.com\/wp-content\/uploads\/2025\/05\/8a89c490-488x326.jpg"},"property-detail-video-image":{"file":"8a89c490-818x417.jpg","width":818,"height":417,"mime-type":"image\/jpeg","filesize":126463,"url":"https:\/\/www.costadelsol-mallorca.com\/wp-content\/uploads\/2025\/05\/8a89c490-818x417.jpg"},"agent-image":{"file":"8a89c490-210x210.jpg","width":210,"height":210,"mime-type":"image\/jpeg","filesize":22675,"url":"https:\/\/www.costadelsol-mallorca.com\/wp-content\/uploads\/2025\/05\/8a89c490-210x210.jpg"},"partners-logo":{"file":"8a89c490-600x800.jpg","width":600,"height":800,"mime-type":"image\/jpeg","filesize":139277,"url":"https:\/\/www.costadelsol-mallorca.com\/wp-content\/uploads\/2025\/05\/8a89c490-600x800.jpg"},"post-featured-image":{"file":"8a89c490-1200x720.jpg","width":1200,"height":720,"mime-type":"image\/jpeg","filesize":202246,"url":"https:\/\/www.costadelsol-mallorca.com\/wp-content\/uploads\/2025\/05\/8a89c490-1200x720.jpg"}},"image_meta":{"aperture":"0","credit":"","camera":"","caption":"","created_timestamp":"0","copyright":"","focal_length":"0","iso":"0","shutter_speed":"0","title":"","orientation":"0","keywords":[]},"ID":"221722","name":"8a89c490.jpg","path":"\/home\/ro\/web\/costadelsol-mallorca.com\/public_html\/wp-content\/uploads\/2025\/05\/8a89c490.jpg","url":"https:\/\/www.costadelsol-mallorca.com\/wp-content\/uploads\/2025\/05\/8a89c490-150x150.jpg","full_url":"https:\/\/www.costadelsol-mallorca.com\/wp-content\/uploads\/2025\/05\/8a89c490.jpg","title":"8a89c490","caption":"","description":"","alt":"","srcset":"https:\/\/www.costadelsol-mallorca.com\/wp-content\/uploads\/2025\/05\/8a89c490-150x150.jpg 150w, https:\/\/www.costadelsol-mallorca.com\/wp-content\/uploads\/2025\/05\/8a89c490-120x120.jpg 120w, https:\/\/www.costadelsol-mallorca.com\/wp-content\/uploads\/2025\/05\/8a89c490-210x210.jpg 210w"},{"width":150,"height":150,"file":"2025\/05\/60d16eaa.jpg","filesize":222884,"sizes":{"thumbnail":{"file":"60d16eaa-150x150.jpg","width":150,"height":150,"mime-type":"image\/jpeg","filesize":18897,"url":"https:\/\/www.costadelsol-mallorca.com\/wp-content\/uploads\/2025\/05\/60d16eaa-150x150.jpg"},"tf-client-image-size":{"file":"60d16eaa-120x120.jpg","width":120,"height":120,"mime-type":"image\/jpeg","filesize":13047,"url":"https:\/\/www.costadelsol-mallorca.com\/wp-content\/uploads\/2025\/05\/60d16eaa-120x120.jpg"},"post-thumbnail":{"file":"60d16eaa-150x113.jpg","width":150,"height":113,"mime-type":"image\/jpeg","filesize":14850,"url":"https:\/\/www.costadelsol-mallorca.com\/wp-content\/uploads\/2025\/05\/60d16eaa-150x113.jpg"},"modern-property-child-slider":{"file":"60d16eaa-680x510.jpg","width":680,"height":510,"mime-type":"image\/jpeg","filesize":178405,"url":"https:\/\/www.costadelsol-mallorca.com\/wp-content\/uploads\/2025\/05\/60d16eaa-680x510.jpg"},"property-thumb-image":{"file":"60d16eaa-488x326.jpg","width":488,"height":326,"mime-type":"image\/jpeg","filesize":93792,"url":"https:\/\/www.costadelsol-mallorca.com\/wp-content\/uploads\/2025\/05\/60d16eaa-488x326.jpg"},"property-detail-video-image":{"file":"60d16eaa-818x417.jpg","width":818,"height":417,"mime-type":"image\/jpeg","filesize":177250,"url":"https:\/\/www.costadelsol-mallorca.com\/wp-content\/uploads\/2025\/05\/60d16eaa-818x417.jpg"},"agent-image":{"file":"60d16eaa-210x210.jpg","width":210,"height":210,"mime-type":"image\/jpeg","filesize":33678,"url":"https:\/\/www.costadelsol-mallorca.com\/wp-content\/uploads\/2025\/05\/60d16eaa-210x210.jpg"},"partners-logo":{"file":"60d16eaa-600x900.jpg","width":600,"height":900,"mime-type":"image\/jpeg","filesize":273546,"url":"https:\/\/www.costadelsol-mallorca.com\/wp-content\/uploads\/2025\/05\/60d16eaa-600x900.jpg"},"post-featured-image":{"file":"60d16eaa-1200x720.jpg","width":1200,"height":720,"mime-type":"image\/jpeg","filesize":379315,"url":"https:\/\/www.costadelsol-mallorca.com\/wp-content\/uploads\/2025\/05\/60d16eaa-1200x720.jpg"}},"image_meta":{"aperture":"0","credit":"","camera":"","caption":"","created_timestamp":"0","copyright":"","focal_length":"0","iso":"0","shutter_speed":"0","title":"","orientation":"0","keywords":[]},"ID":"221726","name":"60d16eaa.jpg","path":"\/home\/ro\/web\/costadelsol-mallorca.com\/public_html\/wp-content\/uploads\/2025\/05\/60d16eaa.jpg","url":"https:\/\/www.costadelsol-mallorca.com\/wp-content\/uploads\/2025\/05\/60d16eaa-150x150.jpg","full_url":"https:\/\/www.costadelsol-mallorca.com\/wp-content\/uploads\/2025\/05\/60d16eaa.jpg","title":"60d16eaa","caption":"","description":"","alt":"","srcset":"https:\/\/www.costadelsol-mallorca.com\/wp-content\/uploads\/2025\/05\/60d16eaa-150x150.jpg 150w, https:\/\/www.costadelsol-mallorca.com\/wp-content\/uploads\/2025\/05\/60d16eaa-120x120.jpg 120w, https:\/\/www.costadelsol-mallorca.com\/wp-content\/uploads\/2025\/05\/60d16eaa-210x210.jpg 210w"},{"width":150,"height":150,"file":"2025\/05\/82d641ef.jpg","filesize":189984,"sizes":{"thumbnail":{"file":"82d641ef-150x150.jpg","width":150,"height":150,"mime-type":"image\/jpeg","filesize":16974,"url":"https:\/\/www.costadelsol-mallorca.com\/wp-content\/uploads\/2025\/05\/82d641ef-150x150.jpg"},"tf-client-image-size":{"file":"82d641ef-120x120.jpg","width":120,"height":120,"mime-type":"image\/jpeg","filesize":11439,"url":"https:\/\/www.costadelsol-mallorca.com\/wp-content\/uploads\/2025\/05\/82d641ef-120x120.jpg"},"post-thumbnail":{"file":"82d641ef-150x100.jpg","width":150,"height":100,"mime-type":"image\/jpeg","filesize":12675,"url":"https:\/\/www.costadelsol-mallorca.com\/wp-content\/uploads\/2025\/05\/82d641ef-150x100.jpg"},"modern-property-child-slider":{"file":"82d641ef-680x510.jpg","width":680,"height":510,"mime-type":"image\/jpeg","filesize":171717,"url":"https:\/\/www.costadelsol-mallorca.com\/wp-content\/uploads\/2025\/05\/82d641ef-680x510.jpg"},"property-thumb-image":{"file":"82d641ef-488x326.jpg","width":488,"height":326,"mime-type":"image\/jpeg","filesize":89421,"url":"https:\/\/www.costadelsol-mallorca.com\/wp-content\/uploads\/2025\/05\/82d641ef-488x326.jpg"},"property-detail-video-image":{"file":"82d641ef-818x417.jpg","width":818,"height":417,"mime-type":"image\/jpeg","filesize":172924,"url":"https:\/\/www.costadelsol-mallorca.com\/wp-content\/uploads\/2025\/05\/82d641ef-818x417.jpg"},"agent-image":{"file":"82d641ef-210x210.jpg","width":210,"height":210,"mime-type":"image\/jpeg","filesize":30465,"url":"https:\/\/www.costadelsol-mallorca.com\/wp-content\/uploads\/2025\/05\/82d641ef-210x210.jpg"},"partners-logo":{"file":"82d641ef-600x800.jpg","width":600,"height":800,"mime-type":"image\/jpeg","filesize":215335,"url":"https:\/\/www.costadelsol-mallorca.com\/wp-content\/uploads\/2025\/05\/82d641ef-600x800.jpg"},"post-featured-image":{"file":"82d641ef-1200x720.jpg","width":1200,"height":720,"mime-type":"image\/jpeg","filesize":261259,"url":"https:\/\/www.costadelsol-mallorca.com\/wp-content\/uploads\/2025\/05\/82d641ef-1200x720.jpg"}},"image_meta":{"aperture":"0","credit":"","camera":"","caption":"","created_timestamp":"0","copyright":"","focal_length":"0","iso":"0","shutter_speed":"0","title":"","orientation":"0","keywords":[]},"ID":"221730","name":"82d641ef.jpg","path":"\/home\/ro\/web\/costadelsol-mallorca.com\/public_html\/wp-content\/uploads\/2025\/05\/82d641ef.jpg","url":"https:\/\/www.costadelsol-mallorca.com\/wp-content\/uploads\/2025\/05\/82d641ef-150x150.jpg","full_url":"https:\/\/www.costadelsol-mallorca.com\/wp-content\/uploads\/2025\/05\/82d641ef.jpg","title":"82d641ef","caption":"","description":"","alt":"","srcset":"https:\/\/www.costadelsol-mallorca.com\/wp-content\/uploads\/2025\/05\/82d641ef-150x150.jpg 150w, https:\/\/www.costadelsol-mallorca.com\/wp-content\/uploads\/2025\/05\/82d641ef-120x120.jpg 120w, https:\/\/www.costadelsol-mallorca.com\/wp-content\/uploads\/2025\/05\/82d641ef-210x210.jpg 210w"}],"REAL_HOMES_change_gallery_slider_type":"","REAL_HOMES_gallery_slider_type":"thumb-on-right","inspiry_floor_plans":[],"inspiry_video_group":[],"REAL_HOMES_360_virtual_tour":"","REAL_HOMES_tour_video_url":"","REAL_HOMES_tour_video_image":[],"REAL_HOMES_agent_display_option":"agent_info","REAL_HOMES_agents":[],"REAL_HOMES_energy_class":"","REAL_HOMES_energy_performance":"","REAL_HOMES_epc_current_rating":"","REAL_HOMES_epc_potential_rating":"","REAL_HOMES_sticky":"","inspiry_property_label":"","inspiry_property_label_color":"","inspiry_property_tax":"","inspiry_additional_fee":"","REAL_HOMES_attachments":[],"inspiry_property_owner_name":"","inspiry_property_owner_contact":"","inspiry_property_owner_address":"","REAL_HOMES_property_private_note":"","inspiry_message_to_reviewer":"","REAL_HOMES_add_in_slider":"no","REAL_HOMES_slider_image":[],"REAL_HOMES_page_banner_image":[],"REAL_HOMES_hide_property_advance_search":"","REAL_HOMES_hide_advance_search":"","REAL_HOMES_custom_search_form":"","REAL_HOMES_search_form_margin_top":"","REAL_HOMES_search_form_margin_bottom":""},"_links":{"self":[{"href":"https:\/\/www.costadelsol-mallorca.com\/es\/wp-json\/wp\/v2\/property\/229432"}],"collection":[{"href":"https:\/\/www.costadelsol-mallorca.com\/es\/wp-json\/wp\/v2\/property"}],"about":[{"href":"https:\/\/www.costadelsol-mallorca.com\/es\/wp-json\/wp\/v2\/types\/property"}],"replies":[{"embeddable":true,"href":"https:\/\/www.costadelsol-mallorca.com\/es\/wp-json\/wp\/v2\/comments?post=229432"}],"version-history":[{"count":0,"href":"https:\/\/www.costadelsol-mallorca.com\/es\/wp-json\/wp\/v2\/property\/229432\/revisions"}],"wp:featuredmedia":[{"embeddable":true,"href":"https:\/\/www.costadelsol-mallorca.com\/es\/wp-json\/wp\/v2\/media\/221677"}],"wp:attachment":[{"href":"https:\/\/www.costadelsol-mallorca.com\/es\/wp-json\/wp\/v2\/media?parent=229432"}],"wp:term":[{"taxonomy":"property-feature","embeddable":true,"href":"https:\/\/www.costadelsol-mallorca.com\/es\/wp-json\/wp\/v2\/property-feature?post=229432"},{"taxonomy":"property-type","embeddable":true,"href":"https:\/\/www.costadelsol-mallorca.com\/es\/wp-json\/wp\/v2\/property-type?post=229432"},{"taxonomy":"property-city","embeddable":true,"href":"https:\/\/www.costadelsol-mallorca.com\/es\/wp-json\/wp\/v2\/property-city?post=229432"},{"taxonomy":"property-status","embeddable":true,"href":"https:\/\/www.costadelsol-mallorca.com\/es\/wp-json\/wp\/v2\/property-status?post=229432"}],"curies":[{"name":"wp","href":"https:\/\/api.w.org\/{rel}","templated":true}]}}