{"id":229433,"date":"2024-12-04T08:39:18","date_gmt":"2024-12-04T07:39:18","guid":{"rendered":"https:\/\/www.costadelsol-mallorca.com\/property\/estepona-malaga-spain-apartment-3\/"},"modified":"2025-09-20T04:32:15","modified_gmt":"2025-09-20T02:32:15","slug":"estepona-malaga-spain-apartment-3","status":"publish","type":"property","link":"https:\/\/www.costadelsol-mallorca.com\/es\/property\/estepona-malaga-spain-apartment-3\/","title":{"rendered":"Estepona, Malaga, Spain &#8211; Apartment"},"content":{"rendered":"<p>Una oportunidad que no debe perderse el cliente inversor que busca maximizar su inversi\u00f3n en un apartamento contempor\u00e1neo en un barrio muy popular de Estepona, a pocos pasos de la playa.&#xD;&#xD;Esta oportunidad de pre-lanzamiento le da la opci\u00f3n de asegurar un apartamento de primera al mejor precio posible. Una vez que un cierto n\u00famero se han reservado el primer aumento de precios se aplicar\u00e1.&#xD;&#xD;La comunidad cerrada boutique consta de s\u00f3lo 41 viviendas luminosas que ofrecen opciones de uno a tres dormitorios.&#xD;&#xD;El comprador tiene la oportunidad de personalizar su apartamento eligiendo entre 3 colores para los muebles de cocina, dos colores para el suelo interior y tres colores de pintura interior. Dos opciones de alicatado de ba\u00f1o.&#xD;&#xD;Las viviendas, bien dise\u00f1adas, luminosas y espaciosas, tambi\u00e9n ofrecen una gama completa de electrodom\u00e9sticos para la cocina, un sistema de agua caliente aerot\u00e9rmica de alta eficiencia y ba\u00f1os equipados con accesorios de \u00faltima generaci\u00f3n. Cada vivienda se entrega con una plaza de aparcamiento en el garaje subterr\u00e1neo y un trastero privado.&#xD;&#xD;Las zonas comunes ofrecen una piscina de buen tama\u00f1o que se ilumina por la noche y con amplias zonas de terraza para tomar el sol y zonas verdes. Adem\u00e1s para el disfrute de los propietarios hay un gimnasio y un club social.<\/p>\n","protected":false},"excerpt":{"rendered":"<p>Una oportunidad que no debe perderse el cliente inversor que busca maximizar su inversi\u00f3n en un apartamento contempor\u00e1neo en un barrio muy popular de Estepona, a pocos pasos de la playa.&#xD;&#xD;Esta oportunidad de pre-lanzamiento le da la opci\u00f3n de asegurar un apartamento de primera al mejor precio posible. Una vez que un cierto n\u00famero se&#8230;<\/p>\n","protected":false},"author":0,"featured_media":221738,"parent":0,"menu_order":0,"comment_status":"open","ping_status":"open","template":"","property-feature":[264,1579,271,1589,616,1591,1541,1592,1544,1594,1545,1605,1551,1606,1553,1774,1554,1557,1558,1561,1566,1567,1570,1577],"property-type":[245],"property-city":[866,875,1431],"property-status":[],"aioseo_notices":[],"property_meta":{"REAL_HOMES_property_price":"412000","REAL_HOMES_property_old_price":"","REAL_HOMES_property_price_prefix":"","REAL_HOMES_property_price_postfix":"","REAL_HOMES_property_size":"77","REAL_HOMES_property_size_postfix":"","REAL_HOMES_property_lot_size":"","REAL_HOMES_property_lot_size_postfix":"","REAL_HOMES_property_bedrooms":"2","REAL_HOMES_property_bathrooms":"2","REAL_HOMES_property_garage":"","REAL_HOMES_property_id":"MDL4337398","REAL_HOMES_property_year_built":"","REAL_HOMES_featured":"0","REAL_HOMES_additional_details_list":[["",""]],"REAL_HOMES_property_location":{"latitude":"36.4256345","longitude":"-5.1510261","zoom":""},"REAL_HOMES_property_address":"Estepona, Malaga, Spain","REAL_HOMES_property_map":"0","REAL_HOMES_property_images":[{"width":150,"height":150,"file":"2025\/05\/95c3ecce.jpg","filesize":206752,"sizes":{"thumbnail":{"file":"95c3ecce-150x150.jpg","width":150,"height":150,"mime-type":"image\/jpeg","filesize":19326,"url":"https:\/\/www.costadelsol-mallorca.com\/wp-content\/uploads\/2025\/05\/95c3ecce-150x150.jpg"},"tf-client-image-size":{"file":"95c3ecce-120x120.jpg","width":120,"height":120,"mime-type":"image\/jpeg","filesize":13152,"url":"https:\/\/www.costadelsol-mallorca.com\/wp-content\/uploads\/2025\/05\/95c3ecce-120x120.jpg"},"post-thumbnail":{"file":"95c3ecce-150x84.jpg","width":150,"height":84,"mime-type":"image\/jpeg","filesize":13609,"url":"https:\/\/www.costadelsol-mallorca.com\/wp-content\/uploads\/2025\/05\/95c3ecce-150x84.jpg"},"modern-property-child-slider":{"file":"95c3ecce-680x510.jpg","width":680,"height":510,"mime-type":"image\/jpeg","filesize":190606,"url":"https:\/\/www.costadelsol-mallorca.com\/wp-content\/uploads\/2025\/05\/95c3ecce-680x510.jpg"},"property-thumb-image":{"file":"95c3ecce-488x326.jpg","width":488,"height":326,"mime-type":"image\/jpeg","filesize":102114,"url":"https:\/\/www.costadelsol-mallorca.com\/wp-content\/uploads\/2025\/05\/95c3ecce-488x326.jpg"},"property-detail-video-image":{"file":"95c3ecce-818x417.jpg","width":818,"height":417,"mime-type":"image\/jpeg","filesize":199904,"url":"https:\/\/www.costadelsol-mallorca.com\/wp-content\/uploads\/2025\/05\/95c3ecce-818x417.jpg"},"agent-image":{"file":"95c3ecce-210x210.jpg","width":210,"height":210,"mime-type":"image\/jpeg","filesize":34067,"url":"https:\/\/www.costadelsol-mallorca.com\/wp-content\/uploads\/2025\/05\/95c3ecce-210x210.jpg"},"partners-logo":{"file":"95c3ecce-600x675.jpg","width":600,"height":675,"mime-type":"image\/jpeg","filesize":209448,"url":"https:\/\/www.costadelsol-mallorca.com\/wp-content\/uploads\/2025\/05\/95c3ecce-600x675.jpg"}},"image_meta":{"aperture":"0","credit":"","camera":"","caption":"","created_timestamp":"0","copyright":"","focal_length":"0","iso":"0","shutter_speed":"0","title":"","orientation":"0","keywords":[]},"ID":"221735","name":"95c3ecce.jpg","path":"\/home\/ro\/web\/costadelsol-mallorca.com\/public_html\/wp-content\/uploads\/2025\/05\/95c3ecce.jpg","url":"https:\/\/www.costadelsol-mallorca.com\/wp-content\/uploads\/2025\/05\/95c3ecce-150x150.jpg","full_url":"https:\/\/www.costadelsol-mallorca.com\/wp-content\/uploads\/2025\/05\/95c3ecce.jpg","title":"95c3ecce","caption":"","description":"","alt":"","srcset":"https:\/\/www.costadelsol-mallorca.com\/wp-content\/uploads\/2025\/05\/95c3ecce-150x150.jpg 150w, https:\/\/www.costadelsol-mallorca.com\/wp-content\/uploads\/2025\/05\/95c3ecce-120x120.jpg 120w, https:\/\/www.costadelsol-mallorca.com\/wp-content\/uploads\/2025\/05\/95c3ecce-210x210.jpg 210w"},{"width":150,"height":150,"file":"2025\/05\/8636903a.jpg","filesize":142249,"sizes":{"thumbnail":{"file":"8636903a-150x150.jpg","width":150,"height":150,"mime-type":"image\/jpeg","filesize":14105,"url":"https:\/\/www.costadelsol-mallorca.com\/wp-content\/uploads\/2025\/05\/8636903a-150x150.jpg"},"tf-client-image-size":{"file":"8636903a-120x120.jpg","width":120,"height":120,"mime-type":"image\/jpeg","filesize":9804,"url":"https:\/\/www.costadelsol-mallorca.com\/wp-content\/uploads\/2025\/05\/8636903a-120x120.jpg"},"post-thumbnail":{"file":"8636903a-150x84.jpg","width":150,"height":84,"mime-type":"image\/jpeg","filesize":9661,"url":"https:\/\/www.costadelsol-mallorca.com\/wp-content\/uploads\/2025\/05\/8636903a-150x84.jpg"},"modern-property-child-slider":{"file":"8636903a-680x510.jpg","width":680,"height":510,"mime-type":"image\/jpeg","filesize":136848,"url":"https:\/\/www.costadelsol-mallorca.com\/wp-content\/uploads\/2025\/05\/8636903a-680x510.jpg"},"property-thumb-image":{"file":"8636903a-488x326.jpg","width":488,"height":326,"mime-type":"image\/jpeg","filesize":72515,"url":"https:\/\/www.costadelsol-mallorca.com\/wp-content\/uploads\/2025\/05\/8636903a-488x326.jpg"},"property-detail-video-image":{"file":"8636903a-818x417.jpg","width":818,"height":417,"mime-type":"image\/jpeg","filesize":143443,"url":"https:\/\/www.costadelsol-mallorca.com\/wp-content\/uploads\/2025\/05\/8636903a-818x417.jpg"},"agent-image":{"file":"8636903a-210x210.jpg","width":210,"height":210,"mime-type":"image\/jpeg","filesize":25055,"url":"https:\/\/www.costadelsol-mallorca.com\/wp-content\/uploads\/2025\/05\/8636903a-210x210.jpg"},"partners-logo":{"file":"8636903a-600x675.jpg","width":600,"height":675,"mime-type":"image\/jpeg","filesize":153514,"url":"https:\/\/www.costadelsol-mallorca.com\/wp-content\/uploads\/2025\/05\/8636903a-600x675.jpg"}},"image_meta":{"aperture":"0","credit":"","camera":"","caption":"","created_timestamp":"0","copyright":"","focal_length":"0","iso":"0","shutter_speed":"0","title":"","orientation":"0","keywords":[]},"ID":"221739","name":"8636903a.jpg","path":"\/home\/ro\/web\/costadelsol-mallorca.com\/public_html\/wp-content\/uploads\/2025\/05\/8636903a.jpg","url":"https:\/\/www.costadelsol-mallorca.com\/wp-content\/uploads\/2025\/05\/8636903a-150x150.jpg","full_url":"https:\/\/www.costadelsol-mallorca.com\/wp-content\/uploads\/2025\/05\/8636903a.jpg","title":"8636903a","caption":"","description":"","alt":"","srcset":"https:\/\/www.costadelsol-mallorca.com\/wp-content\/uploads\/2025\/05\/8636903a-150x150.jpg 150w, https:\/\/www.costadelsol-mallorca.com\/wp-content\/uploads\/2025\/05\/8636903a-120x120.jpg 120w, https:\/\/www.costadelsol-mallorca.com\/wp-content\/uploads\/2025\/05\/8636903a-210x210.jpg 210w"},{"width":150,"height":150,"file":"2025\/05\/b10c5924.jpg","filesize":145570,"sizes":{"thumbnail":{"file":"b10c5924-150x150.jpg","width":150,"height":150,"mime-type":"image\/jpeg","filesize":11142,"url":"https:\/\/www.costadelsol-mallorca.com\/wp-content\/uploads\/2025\/05\/b10c5924-150x150.jpg"},"tf-client-image-size":{"file":"b10c5924-120x120.jpg","width":120,"height":120,"mime-type":"image\/jpeg","filesize":7806,"url":"https:\/\/www.costadelsol-mallorca.com\/wp-content\/uploads\/2025\/05\/b10c5924-120x120.jpg"},"post-thumbnail":{"file":"b10c5924-150x84.jpg","width":150,"height":84,"mime-type":"image\/jpeg","filesize":7145,"url":"https:\/\/www.costadelsol-mallorca.com\/wp-content\/uploads\/2025\/05\/b10c5924-150x84.jpg"},"modern-property-child-slider":{"file":"b10c5924-680x510.jpg","width":680,"height":510,"mime-type":"image\/jpeg","filesize":128479,"url":"https:\/\/www.costadelsol-mallorca.com\/wp-content\/uploads\/2025\/05\/b10c5924-680x510.jpg"},"property-thumb-image":{"file":"b10c5924-488x326.jpg","width":488,"height":326,"mime-type":"image\/jpeg","filesize":64619,"url":"https:\/\/www.costadelsol-mallorca.com\/wp-content\/uploads\/2025\/05\/b10c5924-488x326.jpg"},"property-detail-video-image":{"file":"b10c5924-818x417.jpg","width":818,"height":417,"mime-type":"image\/jpeg","filesize":133552,"url":"https:\/\/www.costadelsol-mallorca.com\/wp-content\/uploads\/2025\/05\/b10c5924-818x417.jpg"},"agent-image":{"file":"b10c5924-210x210.jpg","width":210,"height":210,"mime-type":"image\/jpeg","filesize":20462,"url":"https:\/\/www.costadelsol-mallorca.com\/wp-content\/uploads\/2025\/05\/b10c5924-210x210.jpg"},"partners-logo":{"file":"b10c5924-600x675.jpg","width":600,"height":675,"mime-type":"image\/jpeg","filesize":144963,"url":"https:\/\/www.costadelsol-mallorca.com\/wp-content\/uploads\/2025\/05\/b10c5924-600x675.jpg"}},"image_meta":{"aperture":"0","credit":"","camera":"","caption":"","created_timestamp":"0","copyright":"","focal_length":"0","iso":"0","shutter_speed":"0","title":"","orientation":"0","keywords":[]},"ID":"221743","name":"b10c5924.jpg","path":"\/home\/ro\/web\/costadelsol-mallorca.com\/public_html\/wp-content\/uploads\/2025\/05\/b10c5924.jpg","url":"https:\/\/www.costadelsol-mallorca.com\/wp-content\/uploads\/2025\/05\/b10c5924-150x150.jpg","full_url":"https:\/\/www.costadelsol-mallorca.com\/wp-content\/uploads\/2025\/05\/b10c5924.jpg","title":"b10c5924","caption":"","description":"","alt":"","srcset":"https:\/\/www.costadelsol-mallorca.com\/wp-content\/uploads\/2025\/05\/b10c5924-150x150.jpg 150w, https:\/\/www.costadelsol-mallorca.com\/wp-content\/uploads\/2025\/05\/b10c5924-120x120.jpg 120w, https:\/\/www.costadelsol-mallorca.com\/wp-content\/uploads\/2025\/05\/b10c5924-210x210.jpg 210w"},{"width":150,"height":150,"file":"2025\/05\/d71ddc10.jpg","filesize":139087,"sizes":{"thumbnail":{"file":"d71ddc10-150x150.jpg","width":150,"height":150,"mime-type":"image\/jpeg","filesize":11930,"url":"https:\/\/www.costadelsol-mallorca.com\/wp-content\/uploads\/2025\/05\/d71ddc10-150x150.jpg"},"tf-client-image-size":{"file":"d71ddc10-120x120.jpg","width":120,"height":120,"mime-type":"image\/jpeg","filesize":8269,"url":"https:\/\/www.costadelsol-mallorca.com\/wp-content\/uploads\/2025\/05\/d71ddc10-120x120.jpg"},"post-thumbnail":{"file":"d71ddc10-150x84.jpg","width":150,"height":84,"mime-type":"image\/jpeg","filesize":7733,"url":"https:\/\/www.costadelsol-mallorca.com\/wp-content\/uploads\/2025\/05\/d71ddc10-150x84.jpg"},"modern-property-child-slider":{"file":"d71ddc10-680x510.jpg","width":680,"height":510,"mime-type":"image\/jpeg","filesize":134507,"url":"https:\/\/www.costadelsol-mallorca.com\/wp-content\/uploads\/2025\/05\/d71ddc10-680x510.jpg"},"property-thumb-image":{"file":"d71ddc10-488x326.jpg","width":488,"height":326,"mime-type":"image\/jpeg","filesize":67587,"url":"https:\/\/www.costadelsol-mallorca.com\/wp-content\/uploads\/2025\/05\/d71ddc10-488x326.jpg"},"property-detail-video-image":{"file":"d71ddc10-818x417.jpg","width":818,"height":417,"mime-type":"image\/jpeg","filesize":125231,"url":"https:\/\/www.costadelsol-mallorca.com\/wp-content\/uploads\/2025\/05\/d71ddc10-818x417.jpg"},"agent-image":{"file":"d71ddc10-210x210.jpg","width":210,"height":210,"mime-type":"image\/jpeg","filesize":21034,"url":"https:\/\/www.costadelsol-mallorca.com\/wp-content\/uploads\/2025\/05\/d71ddc10-210x210.jpg"},"partners-logo":{"file":"d71ddc10-600x675.jpg","width":600,"height":675,"mime-type":"image\/jpeg","filesize":145977,"url":"https:\/\/www.costadelsol-mallorca.com\/wp-content\/uploads\/2025\/05\/d71ddc10-600x675.jpg"}},"image_meta":{"aperture":"0","credit":"","camera":"","caption":"","created_timestamp":"0","copyright":"","focal_length":"0","iso":"0","shutter_speed":"0","title":"","orientation":"0","keywords":[]},"ID":"221747","name":"d71ddc10.jpg","path":"\/home\/ro\/web\/costadelsol-mallorca.com\/public_html\/wp-content\/uploads\/2025\/05\/d71ddc10.jpg","url":"https:\/\/www.costadelsol-mallorca.com\/wp-content\/uploads\/2025\/05\/d71ddc10-150x150.jpg","full_url":"https:\/\/www.costadelsol-mallorca.com\/wp-content\/uploads\/2025\/05\/d71ddc10.jpg","title":"d71ddc10","caption":"","description":"","alt":"","srcset":"https:\/\/www.costadelsol-mallorca.com\/wp-content\/uploads\/2025\/05\/d71ddc10-150x150.jpg 150w, https:\/\/www.costadelsol-mallorca.com\/wp-content\/uploads\/2025\/05\/d71ddc10-120x120.jpg 120w, https:\/\/www.costadelsol-mallorca.com\/wp-content\/uploads\/2025\/05\/d71ddc10-210x210.jpg 210w"},{"width":150,"height":150,"file":"2025\/05\/0121050b.jpg","filesize":133756,"sizes":{"thumbnail":{"file":"0121050b-150x150.jpg","width":150,"height":150,"mime-type":"image\/jpeg","filesize":11055,"url":"https:\/\/www.costadelsol-mallorca.com\/wp-content\/uploads\/2025\/05\/0121050b-150x150.jpg"},"tf-client-image-size":{"file":"0121050b-120x120.jpg","width":120,"height":120,"mime-type":"image\/jpeg","filesize":7547,"url":"https:\/\/www.costadelsol-mallorca.com\/wp-content\/uploads\/2025\/05\/0121050b-120x120.jpg"},"post-thumbnail":{"file":"0121050b-150x84.jpg","width":150,"height":84,"mime-type":"image\/jpeg","filesize":7613,"url":"https:\/\/www.costadelsol-mallorca.com\/wp-content\/uploads\/2025\/05\/0121050b-150x84.jpg"},"modern-property-child-slider":{"file":"0121050b-680x510.jpg","width":680,"height":510,"mime-type":"image\/jpeg","filesize":128664,"url":"https:\/\/www.costadelsol-mallorca.com\/wp-content\/uploads\/2025\/05\/0121050b-680x510.jpg"},"property-thumb-image":{"file":"0121050b-488x326.jpg","width":488,"height":326,"mime-type":"image\/jpeg","filesize":63792,"url":"https:\/\/www.costadelsol-mallorca.com\/wp-content\/uploads\/2025\/05\/0121050b-488x326.jpg"},"property-detail-video-image":{"file":"0121050b-818x417.jpg","width":818,"height":417,"mime-type":"image\/jpeg","filesize":127180,"url":"https:\/\/www.costadelsol-mallorca.com\/wp-content\/uploads\/2025\/05\/0121050b-818x417.jpg"},"agent-image":{"file":"0121050b-210x210.jpg","width":210,"height":210,"mime-type":"image\/jpeg","filesize":20267,"url":"https:\/\/www.costadelsol-mallorca.com\/wp-content\/uploads\/2025\/05\/0121050b-210x210.jpg"},"partners-logo":{"file":"0121050b-600x675.jpg","width":600,"height":675,"mime-type":"image\/jpeg","filesize":152990,"url":"https:\/\/www.costadelsol-mallorca.com\/wp-content\/uploads\/2025\/05\/0121050b-600x675.jpg"}},"image_meta":{"aperture":"0","credit":"","camera":"","caption":"","created_timestamp":"0","copyright":"","focal_length":"0","iso":"0","shutter_speed":"0","title":"","orientation":"0","keywords":[]},"ID":"221751","name":"0121050b.jpg","path":"\/home\/ro\/web\/costadelsol-mallorca.com\/public_html\/wp-content\/uploads\/2025\/05\/0121050b.jpg","url":"https:\/\/www.costadelsol-mallorca.com\/wp-content\/uploads\/2025\/05\/0121050b-150x150.jpg","full_url":"https:\/\/www.costadelsol-mallorca.com\/wp-content\/uploads\/2025\/05\/0121050b.jpg","title":"0121050b","caption":"","description":"","alt":"","srcset":"https:\/\/www.costadelsol-mallorca.com\/wp-content\/uploads\/2025\/05\/0121050b-150x150.jpg 150w, https:\/\/www.costadelsol-mallorca.com\/wp-content\/uploads\/2025\/05\/0121050b-120x120.jpg 120w, https:\/\/www.costadelsol-mallorca.com\/wp-content\/uploads\/2025\/05\/0121050b-210x210.jpg 210w"},{"width":150,"height":150,"file":"2025\/05\/9e7b4af1.jpg","filesize":113599,"sizes":{"thumbnail":{"file":"9e7b4af1-150x150.jpg","width":150,"height":150,"mime-type":"image\/jpeg","filesize":11421,"url":"https:\/\/www.costadelsol-mallorca.com\/wp-content\/uploads\/2025\/05\/9e7b4af1-150x150.jpg"},"tf-client-image-size":{"file":"9e7b4af1-120x120.jpg","width":120,"height":120,"mime-type":"image\/jpeg","filesize":7795,"url":"https:\/\/www.costadelsol-mallorca.com\/wp-content\/uploads\/2025\/05\/9e7b4af1-120x120.jpg"},"post-thumbnail":{"file":"9e7b4af1-150x84.jpg","width":150,"height":84,"mime-type":"image\/jpeg","filesize":7373,"url":"https:\/\/www.costadelsol-mallorca.com\/wp-content\/uploads\/2025\/05\/9e7b4af1-150x84.jpg"},"modern-property-child-slider":{"file":"9e7b4af1-680x510.jpg","width":680,"height":510,"mime-type":"image\/jpeg","filesize":119595,"url":"https:\/\/www.costadelsol-mallorca.com\/wp-content\/uploads\/2025\/05\/9e7b4af1-680x510.jpg"},"property-thumb-image":{"file":"9e7b4af1-488x326.jpg","width":488,"height":326,"mime-type":"image\/jpeg","filesize":62198,"url":"https:\/\/www.costadelsol-mallorca.com\/wp-content\/uploads\/2025\/05\/9e7b4af1-488x326.jpg"},"property-detail-video-image":{"file":"9e7b4af1-818x417.jpg","width":818,"height":417,"mime-type":"image\/jpeg","filesize":111667,"url":"https:\/\/www.costadelsol-mallorca.com\/wp-content\/uploads\/2025\/05\/9e7b4af1-818x417.jpg"},"agent-image":{"file":"9e7b4af1-210x210.jpg","width":210,"height":210,"mime-type":"image\/jpeg","filesize":20840,"url":"https:\/\/www.costadelsol-mallorca.com\/wp-content\/uploads\/2025\/05\/9e7b4af1-210x210.jpg"},"partners-logo":{"file":"9e7b4af1-600x675.jpg","width":600,"height":675,"mime-type":"image\/jpeg","filesize":140051,"url":"https:\/\/www.costadelsol-mallorca.com\/wp-content\/uploads\/2025\/05\/9e7b4af1-600x675.jpg"}},"image_meta":{"aperture":"0","credit":"","camera":"","caption":"","created_timestamp":"0","copyright":"","focal_length":"0","iso":"0","shutter_speed":"0","title":"","orientation":"0","keywords":[]},"ID":"221755","name":"9e7b4af1.jpg","path":"\/home\/ro\/web\/costadelsol-mallorca.com\/public_html\/wp-content\/uploads\/2025\/05\/9e7b4af1.jpg","url":"https:\/\/www.costadelsol-mallorca.com\/wp-content\/uploads\/2025\/05\/9e7b4af1-150x150.jpg","full_url":"https:\/\/www.costadelsol-mallorca.com\/wp-content\/uploads\/2025\/05\/9e7b4af1.jpg","title":"9e7b4af1","caption":"","description":"","alt":"","srcset":"https:\/\/www.costadelsol-mallorca.com\/wp-content\/uploads\/2025\/05\/9e7b4af1-150x150.jpg 150w, https:\/\/www.costadelsol-mallorca.com\/wp-content\/uploads\/2025\/05\/9e7b4af1-120x120.jpg 120w, https:\/\/www.costadelsol-mallorca.com\/wp-content\/uploads\/2025\/05\/9e7b4af1-210x210.jpg 210w"},{"width":150,"height":150,"file":"2025\/05\/72725efc.jpg","filesize":177624,"sizes":{"thumbnail":{"file":"72725efc-150x150.jpg","width":150,"height":150,"mime-type":"image\/jpeg","filesize":16608,"url":"https:\/\/www.costadelsol-mallorca.com\/wp-content\/uploads\/2025\/05\/72725efc-150x150.jpg"},"tf-client-image-size":{"file":"72725efc-120x120.jpg","width":120,"height":120,"mime-type":"image\/jpeg","filesize":11562,"url":"https:\/\/www.costadelsol-mallorca.com\/wp-content\/uploads\/2025\/05\/72725efc-120x120.jpg"},"post-thumbnail":{"file":"72725efc-150x84.jpg","width":150,"height":84,"mime-type":"image\/jpeg","filesize":11667,"url":"https:\/\/www.costadelsol-mallorca.com\/wp-content\/uploads\/2025\/05\/72725efc-150x84.jpg"},"modern-property-child-slider":{"file":"72725efc-680x510.jpg","width":680,"height":510,"mime-type":"image\/jpeg","filesize":167090,"url":"https:\/\/www.costadelsol-mallorca.com\/wp-content\/uploads\/2025\/05\/72725efc-680x510.jpg"},"property-thumb-image":{"file":"72725efc-488x326.jpg","width":488,"height":326,"mime-type":"image\/jpeg","filesize":89007,"url":"https:\/\/www.costadelsol-mallorca.com\/wp-content\/uploads\/2025\/05\/72725efc-488x326.jpg"},"property-detail-video-image":{"file":"72725efc-818x417.jpg","width":818,"height":417,"mime-type":"image\/jpeg","filesize":176681,"url":"https:\/\/www.costadelsol-mallorca.com\/wp-content\/uploads\/2025\/05\/72725efc-818x417.jpg"},"agent-image":{"file":"72725efc-210x210.jpg","width":210,"height":210,"mime-type":"image\/jpeg","filesize":29653,"url":"https:\/\/www.costadelsol-mallorca.com\/wp-content\/uploads\/2025\/05\/72725efc-210x210.jpg"},"partners-logo":{"file":"72725efc-600x675.jpg","width":600,"height":675,"mime-type":"image\/jpeg","filesize":179341,"url":"https:\/\/www.costadelsol-mallorca.com\/wp-content\/uploads\/2025\/05\/72725efc-600x675.jpg"}},"image_meta":{"aperture":"0","credit":"","camera":"","caption":"","created_timestamp":"0","copyright":"","focal_length":"0","iso":"0","shutter_speed":"0","title":"","orientation":"0","keywords":[]},"ID":"221759","name":"72725efc.jpg","path":"\/home\/ro\/web\/costadelsol-mallorca.com\/public_html\/wp-content\/uploads\/2025\/05\/72725efc.jpg","url":"https:\/\/www.costadelsol-mallorca.com\/wp-content\/uploads\/2025\/05\/72725efc-150x150.jpg","full_url":"https:\/\/www.costadelsol-mallorca.com\/wp-content\/uploads\/2025\/05\/72725efc.jpg","title":"72725efc","caption":"","description":"","alt":"","srcset":"https:\/\/www.costadelsol-mallorca.com\/wp-content\/uploads\/2025\/05\/72725efc-150x150.jpg 150w, https:\/\/www.costadelsol-mallorca.com\/wp-content\/uploads\/2025\/05\/72725efc-120x120.jpg 120w, https:\/\/www.costadelsol-mallorca.com\/wp-content\/uploads\/2025\/05\/72725efc-210x210.jpg 210w"},{"width":150,"height":150,"file":"2025\/05\/cf4fc2b8.jpg","filesize":149701,"sizes":{"thumbnail":{"file":"cf4fc2b8-150x150.jpg","width":150,"height":150,"mime-type":"image\/jpeg","filesize":14874,"url":"https:\/\/www.costadelsol-mallorca.com\/wp-content\/uploads\/2025\/05\/cf4fc2b8-150x150.jpg"},"tf-client-image-size":{"file":"cf4fc2b8-120x120.jpg","width":120,"height":120,"mime-type":"image\/jpeg","filesize":10439,"url":"https:\/\/www.costadelsol-mallorca.com\/wp-content\/uploads\/2025\/05\/cf4fc2b8-120x120.jpg"},"post-thumbnail":{"file":"cf4fc2b8-150x84.jpg","width":150,"height":84,"mime-type":"image\/jpeg","filesize":10038,"url":"https:\/\/www.costadelsol-mallorca.com\/wp-content\/uploads\/2025\/05\/cf4fc2b8-150x84.jpg"},"modern-property-child-slider":{"file":"cf4fc2b8-680x510.jpg","width":680,"height":510,"mime-type":"image\/jpeg","filesize":148064,"url":"https:\/\/www.costadelsol-mallorca.com\/wp-content\/uploads\/2025\/05\/cf4fc2b8-680x510.jpg"},"property-thumb-image":{"file":"cf4fc2b8-488x326.jpg","width":488,"height":326,"mime-type":"image\/jpeg","filesize":77318,"url":"https:\/\/www.costadelsol-mallorca.com\/wp-content\/uploads\/2025\/05\/cf4fc2b8-488x326.jpg"},"property-detail-video-image":{"file":"cf4fc2b8-818x417.jpg","width":818,"height":417,"mime-type":"image\/jpeg","filesize":148024,"url":"https:\/\/www.costadelsol-mallorca.com\/wp-content\/uploads\/2025\/05\/cf4fc2b8-818x417.jpg"},"agent-image":{"file":"cf4fc2b8-210x210.jpg","width":210,"height":210,"mime-type":"image\/jpeg","filesize":26439,"url":"https:\/\/www.costadelsol-mallorca.com\/wp-content\/uploads\/2025\/05\/cf4fc2b8-210x210.jpg"},"partners-logo":{"file":"cf4fc2b8-600x675.jpg","width":600,"height":675,"mime-type":"image\/jpeg","filesize":170748,"url":"https:\/\/www.costadelsol-mallorca.com\/wp-content\/uploads\/2025\/05\/cf4fc2b8-600x675.jpg"}},"image_meta":{"aperture":"0","credit":"","camera":"","caption":"","created_timestamp":"0","copyright":"","focal_length":"0","iso":"0","shutter_speed":"0","title":"","orientation":"0","keywords":[]},"ID":"221763","name":"cf4fc2b8.jpg","path":"\/home\/ro\/web\/costadelsol-mallorca.com\/public_html\/wp-content\/uploads\/2025\/05\/cf4fc2b8.jpg","url":"https:\/\/www.costadelsol-mallorca.com\/wp-content\/uploads\/2025\/05\/cf4fc2b8-150x150.jpg","full_url":"https:\/\/www.costadelsol-mallorca.com\/wp-content\/uploads\/2025\/05\/cf4fc2b8.jpg","title":"cf4fc2b8","caption":"","description":"","alt":"","srcset":"https:\/\/www.costadelsol-mallorca.com\/wp-content\/uploads\/2025\/05\/cf4fc2b8-150x150.jpg 150w, https:\/\/www.costadelsol-mallorca.com\/wp-content\/uploads\/2025\/05\/cf4fc2b8-120x120.jpg 120w, https:\/\/www.costadelsol-mallorca.com\/wp-content\/uploads\/2025\/05\/cf4fc2b8-210x210.jpg 210w"},{"width":150,"height":150,"file":"2025\/05\/45008736.jpg","filesize":231483,"sizes":{"thumbnail":{"file":"45008736-150x150.jpg","width":150,"height":150,"mime-type":"image\/jpeg","filesize":17204,"url":"https:\/\/www.costadelsol-mallorca.com\/wp-content\/uploads\/2025\/05\/45008736-150x150.jpg"},"tf-client-image-size":{"file":"45008736-120x120.jpg","width":120,"height":120,"mime-type":"image\/jpeg","filesize":11746,"url":"https:\/\/www.costadelsol-mallorca.com\/wp-content\/uploads\/2025\/05\/45008736-120x120.jpg"},"post-thumbnail":{"file":"45008736-150x84.jpg","width":150,"height":84,"mime-type":"image\/jpeg","filesize":11739,"url":"https:\/\/www.costadelsol-mallorca.com\/wp-content\/uploads\/2025\/05\/45008736-150x84.jpg"},"modern-property-child-slider":{"file":"45008736-680x510.jpg","width":680,"height":510,"mime-type":"image\/jpeg","filesize":192772,"url":"https:\/\/www.costadelsol-mallorca.com\/wp-content\/uploads\/2025\/05\/45008736-680x510.jpg"},"property-thumb-image":{"file":"45008736-488x326.jpg","width":488,"height":326,"mime-type":"image\/jpeg","filesize":99867,"url":"https:\/\/www.costadelsol-mallorca.com\/wp-content\/uploads\/2025\/05\/45008736-488x326.jpg"},"property-detail-video-image":{"file":"45008736-818x417.jpg","width":818,"height":417,"mime-type":"image\/jpeg","filesize":200104,"url":"https:\/\/www.costadelsol-mallorca.com\/wp-content\/uploads\/2025\/05\/45008736-818x417.jpg"},"agent-image":{"file":"45008736-210x210.jpg","width":210,"height":210,"mime-type":"image\/jpeg","filesize":31471,"url":"https:\/\/www.costadelsol-mallorca.com\/wp-content\/uploads\/2025\/05\/45008736-210x210.jpg"},"partners-logo":{"file":"45008736-600x675.jpg","width":600,"height":675,"mime-type":"image\/jpeg","filesize":220315,"url":"https:\/\/www.costadelsol-mallorca.com\/wp-content\/uploads\/2025\/05\/45008736-600x675.jpg"}},"image_meta":{"aperture":"0","credit":"","camera":"","caption":"","created_timestamp":"0","copyright":"","focal_length":"0","iso":"0","shutter_speed":"0","title":"","orientation":"0","keywords":[]},"ID":"221767","name":"45008736.jpg","path":"\/home\/ro\/web\/costadelsol-mallorca.com\/public_html\/wp-content\/uploads\/2025\/05\/45008736.jpg","url":"https:\/\/www.costadelsol-mallorca.com\/wp-content\/uploads\/2025\/05\/45008736-150x150.jpg","full_url":"https:\/\/www.costadelsol-mallorca.com\/wp-content\/uploads\/2025\/05\/45008736.jpg","title":"45008736","caption":"","description":"","alt":"","srcset":"https:\/\/www.costadelsol-mallorca.com\/wp-content\/uploads\/2025\/05\/45008736-150x150.jpg 150w, https:\/\/www.costadelsol-mallorca.com\/wp-content\/uploads\/2025\/05\/45008736-120x120.jpg 120w, https:\/\/www.costadelsol-mallorca.com\/wp-content\/uploads\/2025\/05\/45008736-210x210.jpg 210w"},{"width":150,"height":150,"file":"2025\/05\/a0806b44.jpg","filesize":229054,"sizes":{"thumbnail":{"file":"a0806b44-150x150.jpg","width":150,"height":150,"mime-type":"image\/jpeg","filesize":18991,"url":"https:\/\/www.costadelsol-mallorca.com\/wp-content\/uploads\/2025\/05\/a0806b44-150x150.jpg"},"tf-client-image-size":{"file":"a0806b44-120x120.jpg","width":120,"height":120,"mime-type":"image\/jpeg","filesize":12955,"url":"https:\/\/www.costadelsol-mallorca.com\/wp-content\/uploads\/2025\/05\/a0806b44-120x120.jpg"},"post-thumbnail":{"file":"a0806b44-150x84.jpg","width":150,"height":84,"mime-type":"image\/jpeg","filesize":12539,"url":"https:\/\/www.costadelsol-mallorca.com\/wp-content\/uploads\/2025\/05\/a0806b44-150x84.jpg"},"modern-property-child-slider":{"file":"a0806b44-680x510.jpg","width":680,"height":510,"mime-type":"image\/jpeg","filesize":203784,"url":"https:\/\/www.costadelsol-mallorca.com\/wp-content\/uploads\/2025\/05\/a0806b44-680x510.jpg"},"property-thumb-image":{"file":"a0806b44-488x326.jpg","width":488,"height":326,"mime-type":"image\/jpeg","filesize":105854,"url":"https:\/\/www.costadelsol-mallorca.com\/wp-content\/uploads\/2025\/05\/a0806b44-488x326.jpg"},"property-detail-video-image":{"file":"a0806b44-818x417.jpg","width":818,"height":417,"mime-type":"image\/jpeg","filesize":203662,"url":"https:\/\/www.costadelsol-mallorca.com\/wp-content\/uploads\/2025\/05\/a0806b44-818x417.jpg"},"agent-image":{"file":"a0806b44-210x210.jpg","width":210,"height":210,"mime-type":"image\/jpeg","filesize":34873,"url":"https:\/\/www.costadelsol-mallorca.com\/wp-content\/uploads\/2025\/05\/a0806b44-210x210.jpg"},"partners-logo":{"file":"a0806b44-600x675.jpg","width":600,"height":675,"mime-type":"image\/jpeg","filesize":228319,"url":"https:\/\/www.costadelsol-mallorca.com\/wp-content\/uploads\/2025\/05\/a0806b44-600x675.jpg"}},"image_meta":{"aperture":"0","credit":"","camera":"","caption":"","created_timestamp":"0","copyright":"","focal_length":"0","iso":"0","shutter_speed":"0","title":"","orientation":"0","keywords":[]},"ID":"221771","name":"a0806b44.jpg","path":"\/home\/ro\/web\/costadelsol-mallorca.com\/public_html\/wp-content\/uploads\/2025\/05\/a0806b44.jpg","url":"https:\/\/www.costadelsol-mallorca.com\/wp-content\/uploads\/2025\/05\/a0806b44-150x150.jpg","full_url":"https:\/\/www.costadelsol-mallorca.com\/wp-content\/uploads\/2025\/05\/a0806b44.jpg","title":"a0806b44","caption":"","description":"","alt":"","srcset":"https:\/\/www.costadelsol-mallorca.com\/wp-content\/uploads\/2025\/05\/a0806b44-150x150.jpg 150w, https:\/\/www.costadelsol-mallorca.com\/wp-content\/uploads\/2025\/05\/a0806b44-120x120.jpg 120w, https:\/\/www.costadelsol-mallorca.com\/wp-content\/uploads\/2025\/05\/a0806b44-210x210.jpg 210w"}],"REAL_HOMES_change_gallery_slider_type":"","REAL_HOMES_gallery_slider_type":"thumb-on-right","inspiry_floor_plans":[],"inspiry_video_group":[],"REAL_HOMES_360_virtual_tour":"","REAL_HOMES_tour_video_url":"","REAL_HOMES_tour_video_image":[],"REAL_HOMES_agent_display_option":"agent_info","REAL_HOMES_agents":[],"REAL_HOMES_energy_class":"","REAL_HOMES_energy_performance":"","REAL_HOMES_epc_current_rating":"","REAL_HOMES_epc_potential_rating":"","REAL_HOMES_sticky":"","inspiry_property_label":"","inspiry_property_label_color":"","inspiry_property_tax":"","inspiry_additional_fee":"","REAL_HOMES_attachments":[],"inspiry_property_owner_name":"","inspiry_property_owner_contact":"","inspiry_property_owner_address":"","REAL_HOMES_property_private_note":"","inspiry_message_to_reviewer":"","REAL_HOMES_add_in_slider":"no","REAL_HOMES_slider_image":[],"REAL_HOMES_page_banner_image":[],"REAL_HOMES_hide_property_advance_search":"","REAL_HOMES_hide_advance_search":"","REAL_HOMES_custom_search_form":"","REAL_HOMES_search_form_margin_top":"","REAL_HOMES_search_form_margin_bottom":""},"_links":{"self":[{"href":"https:\/\/www.costadelsol-mallorca.com\/es\/wp-json\/wp\/v2\/property\/229433"}],"collection":[{"href":"https:\/\/www.costadelsol-mallorca.com\/es\/wp-json\/wp\/v2\/property"}],"about":[{"href":"https:\/\/www.costadelsol-mallorca.com\/es\/wp-json\/wp\/v2\/types\/property"}],"replies":[{"embeddable":true,"href":"https:\/\/www.costadelsol-mallorca.com\/es\/wp-json\/wp\/v2\/comments?post=229433"}],"version-history":[{"count":0,"href":"https:\/\/www.costadelsol-mallorca.com\/es\/wp-json\/wp\/v2\/property\/229433\/revisions"}],"wp:featuredmedia":[{"embeddable":true,"href":"https:\/\/www.costadelsol-mallorca.com\/es\/wp-json\/wp\/v2\/media\/221738"}],"wp:attachment":[{"href":"https:\/\/www.costadelsol-mallorca.com\/es\/wp-json\/wp\/v2\/media?parent=229433"}],"wp:term":[{"taxonomy":"property-feature","embeddable":true,"href":"https:\/\/www.costadelsol-mallorca.com\/es\/wp-json\/wp\/v2\/property-feature?post=229433"},{"taxonomy":"property-type","embeddable":true,"href":"https:\/\/www.costadelsol-mallorca.com\/es\/wp-json\/wp\/v2\/property-type?post=229433"},{"taxonomy":"property-city","embeddable":true,"href":"https:\/\/www.costadelsol-mallorca.com\/es\/wp-json\/wp\/v2\/property-city?post=229433"},{"taxonomy":"property-status","embeddable":true,"href":"https:\/\/www.costadelsol-mallorca.com\/es\/wp-json\/wp\/v2\/property-status?post=229433"}],"curies":[{"name":"wp","href":"https:\/\/api.w.org\/{rel}","templated":true}]}}