{"id":229435,"date":"2024-12-04T08:39:19","date_gmt":"2024-12-04T07:39:19","guid":{"rendered":"https:\/\/www.costadelsol-mallorca.com\/property\/mijas-costa-malaga-spain-apartment\/"},"modified":"2024-12-04T08:39:19","modified_gmt":"2024-12-04T07:39:19","slug":"mijas-costa-malaga-spain-apartment","status":"publish","type":"property","link":"https:\/\/www.costadelsol-mallorca.com\/es\/property\/mijas-costa-malaga-spain-apartment\/","title":{"rendered":"Mijas Costa, Malaga, Spain &#8211; Apartment"},"content":{"rendered":"<p>Una nueva comunidad cerrada de apartamentos contempor\u00e1neos que ofrecen un ambiente relajado y agradable con unas vistas impresionantes.&#xD;&#xD;Hay disponibles apartamentos y \u00e1ticos de dos y tres dormitorios, todos ellos con amplios y luminosos interiores y encantadoras terrazas exteriores. Los deseables apartamentos ofrecen el beneficio adicional a los propietarios de un estilo de vida donde usted tiene todas las comodidades y beneficios a su alcance en un nuevo destino residencial con piscina, spa con sauna y ba\u00f1o turco, simulador de golf, zonas verdes.&#xD;&#xD;Las viviendas tienen muchas caracter\u00edsticas atractivas que incluyen suelos de gran formato en el interior y la terraza, cocina moderna de estilo abierto totalmente amueblada y equipada, sistema de calefacci\u00f3n aerotermac, puertas de terraza de suelo a techo, suelos y paredes de porcelana en los ba\u00f1os.&#xD;&#xD;Todos los apartamentos cuentan con especificaciones de alta calidad en todo, con cocinas totalmente equipadas con electrodom\u00e9sticos Bosch, mientras que los ba\u00f1os cuentan con grifos Hansgrohe y cisternas empotradas.apartamentos elevados planta baja se benefician de amplias terrazas, un jacuzzi y algunos tienen su propio jard\u00edn, mientras que los apartamentos de primera y segunda planta cuentan con amplias terrazas con baldosas de cer\u00e1mica de gran tama\u00f1o de la zona de estar con estilo con ventanas de piso a techo.&#xD;baldosas de cer\u00e1mica de gran tama\u00f1o con ventanas de suelo a techo que dan a grandes terrazas, con su propio jacuzzi para relajarse y divertirse con amigos y familiares. O dir\u00edjase al amplio sol\u00e1rium para disfrutar de las vistas y aprovechar al m\u00e1ximo el privilegiado estilo de vida que ofrece esta impresionante promoci\u00f3n.&#xD;Hay un apartamento para cada cliente, con precios que var\u00edan en funci\u00f3n de la unidad seleccionada.&#xD;Las vistas desde la piscina infinita subrayan la belleza del entorno, mostrando las amplias vistas al mar que se extienden por el horizonte hasta Sierra Nevada en la distancia.<\/p>\n","protected":false},"excerpt":{"rendered":"<p>Una nueva comunidad cerrada de apartamentos contempor\u00e1neos que ofrecen un ambiente relajado y agradable con unas vistas impresionantes.&#xD;&#xD;Hay disponibles apartamentos y \u00e1ticos de dos y tres dormitorios, todos ellos con amplios y luminosos interiores y encantadoras terrazas exteriores. Los deseables apartamentos ofrecen el beneficio adicional a los propietarios de un estilo de vida donde usted&#8230;<\/p>\n","protected":false},"author":1,"featured_media":221812,"parent":0,"menu_order":0,"comment_status":"open","ping_status":"open","template":"","property-feature":[1554,1556,1557,1558,1561,1570,264,1571,271,1577,616,1578,1539,1579,1541,1593,1544,1594,1545,1596,1548,1551,1553],"property-type":[245],"property-city":[866,875,1425],"property-status":[],"aioseo_notices":[],"property_meta":{"REAL_HOMES_property_price":"685000","REAL_HOMES_property_old_price":"","REAL_HOMES_property_price_prefix":"","REAL_HOMES_property_price_postfix":"","REAL_HOMES_property_size":"108","REAL_HOMES_property_size_postfix":"","REAL_HOMES_property_lot_size":"","REAL_HOMES_property_lot_size_postfix":"","REAL_HOMES_property_bedrooms":"2","REAL_HOMES_property_bathrooms":"2","REAL_HOMES_property_garage":"","REAL_HOMES_property_id":"MDL4373944","REAL_HOMES_property_year_built":"","REAL_HOMES_featured":"0","REAL_HOMES_additional_details_list":[["",""]],"REAL_HOMES_property_location":{"latitude":"","longitude":"","zoom":""},"REAL_HOMES_property_address":"","REAL_HOMES_property_map":"0","REAL_HOMES_property_images":[{"width":150,"height":150,"file":"2025\/05\/09665845.jpg","filesize":214389,"sizes":{"thumbnail":{"file":"09665845-150x150.jpg","width":150,"height":150,"mime-type":"image\/jpeg","filesize":18036,"url":"https:\/\/www.costadelsol-mallorca.com\/wp-content\/uploads\/2025\/05\/09665845-150x150.jpg"},"tf-client-image-size":{"file":"09665845-120x120.jpg","width":120,"height":120,"mime-type":"image\/jpeg","filesize":12337,"url":"https:\/\/www.costadelsol-mallorca.com\/wp-content\/uploads\/2025\/05\/09665845-120x120.jpg"},"post-thumbnail":{"file":"09665845-150x84.jpg","width":150,"height":84,"mime-type":"image\/jpeg","filesize":11717,"url":"https:\/\/www.costadelsol-mallorca.com\/wp-content\/uploads\/2025\/05\/09665845-150x84.jpg"},"modern-property-child-slider":{"file":"09665845-680x510.jpg","width":680,"height":510,"mime-type":"image\/jpeg","filesize":189559,"url":"https:\/\/www.costadelsol-mallorca.com\/wp-content\/uploads\/2025\/05\/09665845-680x510.jpg"},"property-thumb-image":{"file":"09665845-488x326.jpg","width":488,"height":326,"mime-type":"image\/jpeg","filesize":98138,"url":"https:\/\/www.costadelsol-mallorca.com\/wp-content\/uploads\/2025\/05\/09665845-488x326.jpg"},"property-detail-video-image":{"file":"09665845-818x417.jpg","width":818,"height":417,"mime-type":"image\/jpeg","filesize":194724,"url":"https:\/\/www.costadelsol-mallorca.com\/wp-content\/uploads\/2025\/05\/09665845-818x417.jpg"},"agent-image":{"file":"09665845-210x210.jpg","width":210,"height":210,"mime-type":"image\/jpeg","filesize":32592,"url":"https:\/\/www.costadelsol-mallorca.com\/wp-content\/uploads\/2025\/05\/09665845-210x210.jpg"},"partners-logo":{"file":"09665845-600x675.jpg","width":600,"height":675,"mime-type":"image\/jpeg","filesize":215203,"url":"https:\/\/www.costadelsol-mallorca.com\/wp-content\/uploads\/2025\/05\/09665845-600x675.jpg"}},"image_meta":{"aperture":"0","credit":"","camera":"","caption":"","created_timestamp":"0","copyright":"","focal_length":"0","iso":"0","shutter_speed":"0","title":"","orientation":"0","keywords":[]},"ID":"221809","name":"09665845.jpg","path":"\/home\/ro\/web\/costadelsol-mallorca.com\/public_html\/wp-content\/uploads\/2025\/05\/09665845.jpg","url":"https:\/\/www.costadelsol-mallorca.com\/wp-content\/uploads\/2025\/05\/09665845-150x150.jpg","full_url":"https:\/\/www.costadelsol-mallorca.com\/wp-content\/uploads\/2025\/05\/09665845.jpg","title":"09665845","caption":"","description":"","alt":"","srcset":"https:\/\/www.costadelsol-mallorca.com\/wp-content\/uploads\/2025\/05\/09665845-150x150.jpg 150w, https:\/\/www.costadelsol-mallorca.com\/wp-content\/uploads\/2025\/05\/09665845-120x120.jpg 120w, https:\/\/www.costadelsol-mallorca.com\/wp-content\/uploads\/2025\/05\/09665845-210x210.jpg 210w"},{"width":150,"height":150,"file":"2025\/05\/ae3fe07a.jpg","filesize":235735,"sizes":{"thumbnail":{"file":"ae3fe07a-150x150.jpg","width":150,"height":150,"mime-type":"image\/jpeg","filesize":23398,"url":"https:\/\/www.costadelsol-mallorca.com\/wp-content\/uploads\/2025\/05\/ae3fe07a-150x150.jpg"},"tf-client-image-size":{"file":"ae3fe07a-120x120.jpg","width":120,"height":120,"mime-type":"image\/jpeg","filesize":16160,"url":"https:\/\/www.costadelsol-mallorca.com\/wp-content\/uploads\/2025\/05\/ae3fe07a-120x120.jpg"},"post-thumbnail":{"file":"ae3fe07a-150x84.jpg","width":150,"height":84,"mime-type":"image\/jpeg","filesize":16261,"url":"https:\/\/www.costadelsol-mallorca.com\/wp-content\/uploads\/2025\/05\/ae3fe07a-150x84.jpg"},"modern-property-child-slider":{"file":"ae3fe07a-680x510.jpg","width":680,"height":510,"mime-type":"image\/jpeg","filesize":212564,"url":"https:\/\/www.costadelsol-mallorca.com\/wp-content\/uploads\/2025\/05\/ae3fe07a-680x510.jpg"},"property-thumb-image":{"file":"ae3fe07a-488x326.jpg","width":488,"height":326,"mime-type":"image\/jpeg","filesize":120378,"url":"https:\/\/www.costadelsol-mallorca.com\/wp-content\/uploads\/2025\/05\/ae3fe07a-488x326.jpg"},"property-detail-video-image":{"file":"ae3fe07a-818x417.jpg","width":818,"height":417,"mime-type":"image\/jpeg","filesize":233594,"url":"https:\/\/www.costadelsol-mallorca.com\/wp-content\/uploads\/2025\/05\/ae3fe07a-818x417.jpg"},"agent-image":{"file":"ae3fe07a-210x210.jpg","width":210,"height":210,"mime-type":"image\/jpeg","filesize":40381,"url":"https:\/\/www.costadelsol-mallorca.com\/wp-content\/uploads\/2025\/05\/ae3fe07a-210x210.jpg"},"partners-logo":{"file":"ae3fe07a-600x675.jpg","width":600,"height":675,"mime-type":"image\/jpeg","filesize":218638,"url":"https:\/\/www.costadelsol-mallorca.com\/wp-content\/uploads\/2025\/05\/ae3fe07a-600x675.jpg"}},"image_meta":{"aperture":"0","credit":"","camera":"","caption":"","created_timestamp":"0","copyright":"","focal_length":"0","iso":"0","shutter_speed":"0","title":"","orientation":"0","keywords":[]},"ID":"221813","name":"ae3fe07a.jpg","path":"\/home\/ro\/web\/costadelsol-mallorca.com\/public_html\/wp-content\/uploads\/2025\/05\/ae3fe07a.jpg","url":"https:\/\/www.costadelsol-mallorca.com\/wp-content\/uploads\/2025\/05\/ae3fe07a-150x150.jpg","full_url":"https:\/\/www.costadelsol-mallorca.com\/wp-content\/uploads\/2025\/05\/ae3fe07a.jpg","title":"ae3fe07a","caption":"","description":"","alt":"","srcset":"https:\/\/www.costadelsol-mallorca.com\/wp-content\/uploads\/2025\/05\/ae3fe07a-150x150.jpg 150w, https:\/\/www.costadelsol-mallorca.com\/wp-content\/uploads\/2025\/05\/ae3fe07a-120x120.jpg 120w, https:\/\/www.costadelsol-mallorca.com\/wp-content\/uploads\/2025\/05\/ae3fe07a-210x210.jpg 210w"},{"width":150,"height":150,"file":"2025\/05\/91aa6e58.jpg","filesize":194362,"sizes":{"thumbnail":{"file":"91aa6e58-150x150.jpg","width":150,"height":150,"mime-type":"image\/jpeg","filesize":16554,"url":"https:\/\/www.costadelsol-mallorca.com\/wp-content\/uploads\/2025\/05\/91aa6e58-150x150.jpg"},"tf-client-image-size":{"file":"91aa6e58-120x120.jpg","width":120,"height":120,"mime-type":"image\/jpeg","filesize":11276,"url":"https:\/\/www.costadelsol-mallorca.com\/wp-content\/uploads\/2025\/05\/91aa6e58-120x120.jpg"},"post-thumbnail":{"file":"91aa6e58-150x84.jpg","width":150,"height":84,"mime-type":"image\/jpeg","filesize":11719,"url":"https:\/\/www.costadelsol-mallorca.com\/wp-content\/uploads\/2025\/05\/91aa6e58-150x84.jpg"},"modern-property-child-slider":{"file":"91aa6e58-680x510.jpg","width":680,"height":510,"mime-type":"image\/jpeg","filesize":168535,"url":"https:\/\/www.costadelsol-mallorca.com\/wp-content\/uploads\/2025\/05\/91aa6e58-680x510.jpg"},"property-thumb-image":{"file":"91aa6e58-488x326.jpg","width":488,"height":326,"mime-type":"image\/jpeg","filesize":88917,"url":"https:\/\/www.costadelsol-mallorca.com\/wp-content\/uploads\/2025\/05\/91aa6e58-488x326.jpg"},"property-detail-video-image":{"file":"91aa6e58-818x417.jpg","width":818,"height":417,"mime-type":"image\/jpeg","filesize":179086,"url":"https:\/\/www.costadelsol-mallorca.com\/wp-content\/uploads\/2025\/05\/91aa6e58-818x417.jpg"},"agent-image":{"file":"91aa6e58-210x210.jpg","width":210,"height":210,"mime-type":"image\/jpeg","filesize":29679,"url":"https:\/\/www.costadelsol-mallorca.com\/wp-content\/uploads\/2025\/05\/91aa6e58-210x210.jpg"},"partners-logo":{"file":"91aa6e58-600x675.jpg","width":600,"height":675,"mime-type":"image\/jpeg","filesize":198728,"url":"https:\/\/www.costadelsol-mallorca.com\/wp-content\/uploads\/2025\/05\/91aa6e58-600x675.jpg"}},"image_meta":{"aperture":"0","credit":"","camera":"","caption":"","created_timestamp":"0","copyright":"","focal_length":"0","iso":"0","shutter_speed":"0","title":"","orientation":"0","keywords":[]},"ID":"221817","name":"91aa6e58.jpg","path":"\/home\/ro\/web\/costadelsol-mallorca.com\/public_html\/wp-content\/uploads\/2025\/05\/91aa6e58.jpg","url":"https:\/\/www.costadelsol-mallorca.com\/wp-content\/uploads\/2025\/05\/91aa6e58-150x150.jpg","full_url":"https:\/\/www.costadelsol-mallorca.com\/wp-content\/uploads\/2025\/05\/91aa6e58.jpg","title":"91aa6e58","caption":"","description":"","alt":"","srcset":"https:\/\/www.costadelsol-mallorca.com\/wp-content\/uploads\/2025\/05\/91aa6e58-150x150.jpg 150w, https:\/\/www.costadelsol-mallorca.com\/wp-content\/uploads\/2025\/05\/91aa6e58-120x120.jpg 120w, https:\/\/www.costadelsol-mallorca.com\/wp-content\/uploads\/2025\/05\/91aa6e58-210x210.jpg 210w"},{"width":150,"height":150,"file":"2025\/05\/dc0bfb68.jpg","filesize":211289,"sizes":{"thumbnail":{"file":"dc0bfb68-150x150.jpg","width":150,"height":150,"mime-type":"image\/jpeg","filesize":17366,"url":"https:\/\/www.costadelsol-mallorca.com\/wp-content\/uploads\/2025\/05\/dc0bfb68-150x150.jpg"},"tf-client-image-size":{"file":"dc0bfb68-120x120.jpg","width":120,"height":120,"mime-type":"image\/jpeg","filesize":12033,"url":"https:\/\/www.costadelsol-mallorca.com\/wp-content\/uploads\/2025\/05\/dc0bfb68-120x120.jpg"},"post-thumbnail":{"file":"dc0bfb68-150x84.jpg","width":150,"height":84,"mime-type":"image\/jpeg","filesize":12127,"url":"https:\/\/www.costadelsol-mallorca.com\/wp-content\/uploads\/2025\/05\/dc0bfb68-150x84.jpg"},"modern-property-child-slider":{"file":"dc0bfb68-680x510.jpg","width":680,"height":510,"mime-type":"image\/jpeg","filesize":183872,"url":"https:\/\/www.costadelsol-mallorca.com\/wp-content\/uploads\/2025\/05\/dc0bfb68-680x510.jpg"},"property-thumb-image":{"file":"dc0bfb68-488x326.jpg","width":488,"height":326,"mime-type":"image\/jpeg","filesize":98340,"url":"https:\/\/www.costadelsol-mallorca.com\/wp-content\/uploads\/2025\/05\/dc0bfb68-488x326.jpg"},"property-detail-video-image":{"file":"dc0bfb68-818x417.jpg","width":818,"height":417,"mime-type":"image\/jpeg","filesize":199322,"url":"https:\/\/www.costadelsol-mallorca.com\/wp-content\/uploads\/2025\/05\/dc0bfb68-818x417.jpg"},"agent-image":{"file":"dc0bfb68-210x210.jpg","width":210,"height":210,"mime-type":"image\/jpeg","filesize":31254,"url":"https:\/\/www.costadelsol-mallorca.com\/wp-content\/uploads\/2025\/05\/dc0bfb68-210x210.jpg"},"partners-logo":{"file":"dc0bfb68-600x675.jpg","width":600,"height":675,"mime-type":"image\/jpeg","filesize":197424,"url":"https:\/\/www.costadelsol-mallorca.com\/wp-content\/uploads\/2025\/05\/dc0bfb68-600x675.jpg"}},"image_meta":{"aperture":"0","credit":"","camera":"","caption":"","created_timestamp":"0","copyright":"","focal_length":"0","iso":"0","shutter_speed":"0","title":"","orientation":"0","keywords":[]},"ID":"221821","name":"dc0bfb68.jpg","path":"\/home\/ro\/web\/costadelsol-mallorca.com\/public_html\/wp-content\/uploads\/2025\/05\/dc0bfb68.jpg","url":"https:\/\/www.costadelsol-mallorca.com\/wp-content\/uploads\/2025\/05\/dc0bfb68-150x150.jpg","full_url":"https:\/\/www.costadelsol-mallorca.com\/wp-content\/uploads\/2025\/05\/dc0bfb68.jpg","title":"dc0bfb68","caption":"","description":"","alt":"","srcset":"https:\/\/www.costadelsol-mallorca.com\/wp-content\/uploads\/2025\/05\/dc0bfb68-150x150.jpg 150w, https:\/\/www.costadelsol-mallorca.com\/wp-content\/uploads\/2025\/05\/dc0bfb68-120x120.jpg 120w, https:\/\/www.costadelsol-mallorca.com\/wp-content\/uploads\/2025\/05\/dc0bfb68-210x210.jpg 210w"},{"width":150,"height":150,"file":"2025\/05\/36259c5b.jpg","filesize":177066,"sizes":{"thumbnail":{"file":"36259c5b-150x150.jpg","width":150,"height":150,"mime-type":"image\/jpeg","filesize":14776,"url":"https:\/\/www.costadelsol-mallorca.com\/wp-content\/uploads\/2025\/05\/36259c5b-150x150.jpg"},"tf-client-image-size":{"file":"36259c5b-120x120.jpg","width":120,"height":120,"mime-type":"image\/jpeg","filesize":10483,"url":"https:\/\/www.costadelsol-mallorca.com\/wp-content\/uploads\/2025\/05\/36259c5b-120x120.jpg"},"post-thumbnail":{"file":"36259c5b-150x84.jpg","width":150,"height":84,"mime-type":"image\/jpeg","filesize":11065,"url":"https:\/\/www.costadelsol-mallorca.com\/wp-content\/uploads\/2025\/05\/36259c5b-150x84.jpg"},"modern-property-child-slider":{"file":"36259c5b-680x510.jpg","width":680,"height":510,"mime-type":"image\/jpeg","filesize":150579,"url":"https:\/\/www.costadelsol-mallorca.com\/wp-content\/uploads\/2025\/05\/36259c5b-680x510.jpg"},"property-thumb-image":{"file":"36259c5b-488x326.jpg","width":488,"height":326,"mime-type":"image\/jpeg","filesize":79287,"url":"https:\/\/www.costadelsol-mallorca.com\/wp-content\/uploads\/2025\/05\/36259c5b-488x326.jpg"},"property-detail-video-image":{"file":"36259c5b-818x417.jpg","width":818,"height":417,"mime-type":"image\/jpeg","filesize":164406,"url":"https:\/\/www.costadelsol-mallorca.com\/wp-content\/uploads\/2025\/05\/36259c5b-818x417.jpg"},"agent-image":{"file":"36259c5b-210x210.jpg","width":210,"height":210,"mime-type":"image\/jpeg","filesize":26299,"url":"https:\/\/www.costadelsol-mallorca.com\/wp-content\/uploads\/2025\/05\/36259c5b-210x210.jpg"},"partners-logo":{"file":"36259c5b-600x675.jpg","width":600,"height":675,"mime-type":"image\/jpeg","filesize":159809,"url":"https:\/\/www.costadelsol-mallorca.com\/wp-content\/uploads\/2025\/05\/36259c5b-600x675.jpg"}},"image_meta":{"aperture":"0","credit":"","camera":"","caption":"","created_timestamp":"0","copyright":"","focal_length":"0","iso":"0","shutter_speed":"0","title":"","orientation":"0","keywords":[]},"ID":"221825","name":"36259c5b.jpg","path":"\/home\/ro\/web\/costadelsol-mallorca.com\/public_html\/wp-content\/uploads\/2025\/05\/36259c5b.jpg","url":"https:\/\/www.costadelsol-mallorca.com\/wp-content\/uploads\/2025\/05\/36259c5b-150x150.jpg","full_url":"https:\/\/www.costadelsol-mallorca.com\/wp-content\/uploads\/2025\/05\/36259c5b.jpg","title":"36259c5b","caption":"","description":"","alt":"","srcset":"https:\/\/www.costadelsol-mallorca.com\/wp-content\/uploads\/2025\/05\/36259c5b-150x150.jpg 150w, https:\/\/www.costadelsol-mallorca.com\/wp-content\/uploads\/2025\/05\/36259c5b-120x120.jpg 120w, https:\/\/www.costadelsol-mallorca.com\/wp-content\/uploads\/2025\/05\/36259c5b-210x210.jpg 210w"},{"width":150,"height":150,"file":"2025\/05\/0e82d6e6.jpg","filesize":133848,"sizes":{"thumbnail":{"file":"0e82d6e6-150x150.jpg","width":150,"height":150,"mime-type":"image\/jpeg","filesize":11883,"url":"https:\/\/www.costadelsol-mallorca.com\/wp-content\/uploads\/2025\/05\/0e82d6e6-150x150.jpg"},"tf-client-image-size":{"file":"0e82d6e6-120x120.jpg","width":120,"height":120,"mime-type":"image\/jpeg","filesize":8332,"url":"https:\/\/www.costadelsol-mallorca.com\/wp-content\/uploads\/2025\/05\/0e82d6e6-120x120.jpg"},"post-thumbnail":{"file":"0e82d6e6-150x84.jpg","width":150,"height":84,"mime-type":"image\/jpeg","filesize":9675,"url":"https:\/\/www.costadelsol-mallorca.com\/wp-content\/uploads\/2025\/05\/0e82d6e6-150x84.jpg"},"modern-property-child-slider":{"file":"0e82d6e6-680x510.jpg","width":680,"height":510,"mime-type":"image\/jpeg","filesize":113316,"url":"https:\/\/www.costadelsol-mallorca.com\/wp-content\/uploads\/2025\/05\/0e82d6e6-680x510.jpg"},"property-thumb-image":{"file":"0e82d6e6-488x326.jpg","width":488,"height":326,"mime-type":"image\/jpeg","filesize":63435,"url":"https:\/\/www.costadelsol-mallorca.com\/wp-content\/uploads\/2025\/05\/0e82d6e6-488x326.jpg"},"property-detail-video-image":{"file":"0e82d6e6-818x417.jpg","width":818,"height":417,"mime-type":"image\/jpeg","filesize":132073,"url":"https:\/\/www.costadelsol-mallorca.com\/wp-content\/uploads\/2025\/05\/0e82d6e6-818x417.jpg"},"agent-image":{"file":"0e82d6e6-210x210.jpg","width":210,"height":210,"mime-type":"image\/jpeg","filesize":20655,"url":"https:\/\/www.costadelsol-mallorca.com\/wp-content\/uploads\/2025\/05\/0e82d6e6-210x210.jpg"},"partners-logo":{"file":"0e82d6e6-600x675.jpg","width":600,"height":675,"mime-type":"image\/jpeg","filesize":115212,"url":"https:\/\/www.costadelsol-mallorca.com\/wp-content\/uploads\/2025\/05\/0e82d6e6-600x675.jpg"}},"image_meta":{"aperture":"0","credit":"","camera":"","caption":"","created_timestamp":"0","copyright":"","focal_length":"0","iso":"0","shutter_speed":"0","title":"","orientation":"0","keywords":[]},"ID":"221829","name":"0e82d6e6.jpg","path":"\/home\/ro\/web\/costadelsol-mallorca.com\/public_html\/wp-content\/uploads\/2025\/05\/0e82d6e6.jpg","url":"https:\/\/www.costadelsol-mallorca.com\/wp-content\/uploads\/2025\/05\/0e82d6e6-150x150.jpg","full_url":"https:\/\/www.costadelsol-mallorca.com\/wp-content\/uploads\/2025\/05\/0e82d6e6.jpg","title":"0e82d6e6","caption":"","description":"","alt":"","srcset":"https:\/\/www.costadelsol-mallorca.com\/wp-content\/uploads\/2025\/05\/0e82d6e6-150x150.jpg 150w, https:\/\/www.costadelsol-mallorca.com\/wp-content\/uploads\/2025\/05\/0e82d6e6-120x120.jpg 120w, https:\/\/www.costadelsol-mallorca.com\/wp-content\/uploads\/2025\/05\/0e82d6e6-210x210.jpg 210w"},{"width":150,"height":150,"file":"2025\/05\/bc4a6260.jpg","filesize":208562,"sizes":{"thumbnail":{"file":"bc4a6260-150x150.jpg","width":150,"height":150,"mime-type":"image\/jpeg","filesize":17022,"url":"https:\/\/www.costadelsol-mallorca.com\/wp-content\/uploads\/2025\/05\/bc4a6260-150x150.jpg"},"tf-client-image-size":{"file":"bc4a6260-120x120.jpg","width":120,"height":120,"mime-type":"image\/jpeg","filesize":11668,"url":"https:\/\/www.costadelsol-mallorca.com\/wp-content\/uploads\/2025\/05\/bc4a6260-120x120.jpg"},"post-thumbnail":{"file":"bc4a6260-150x84.jpg","width":150,"height":84,"mime-type":"image\/jpeg","filesize":11428,"url":"https:\/\/www.costadelsol-mallorca.com\/wp-content\/uploads\/2025\/05\/bc4a6260-150x84.jpg"},"modern-property-child-slider":{"file":"bc4a6260-680x510.jpg","width":680,"height":510,"mime-type":"image\/jpeg","filesize":183998,"url":"https:\/\/www.costadelsol-mallorca.com\/wp-content\/uploads\/2025\/05\/bc4a6260-680x510.jpg"},"property-thumb-image":{"file":"bc4a6260-488x326.jpg","width":488,"height":326,"mime-type":"image\/jpeg","filesize":93383,"url":"https:\/\/www.costadelsol-mallorca.com\/wp-content\/uploads\/2025\/05\/bc4a6260-488x326.jpg"},"property-detail-video-image":{"file":"bc4a6260-818x417.jpg","width":818,"height":417,"mime-type":"image\/jpeg","filesize":182875,"url":"https:\/\/www.costadelsol-mallorca.com\/wp-content\/uploads\/2025\/05\/bc4a6260-818x417.jpg"},"agent-image":{"file":"bc4a6260-210x210.jpg","width":210,"height":210,"mime-type":"image\/jpeg","filesize":30704,"url":"https:\/\/www.costadelsol-mallorca.com\/wp-content\/uploads\/2025\/05\/bc4a6260-210x210.jpg"},"partners-logo":{"file":"bc4a6260-600x675.jpg","width":600,"height":675,"mime-type":"image\/jpeg","filesize":215332,"url":"https:\/\/www.costadelsol-mallorca.com\/wp-content\/uploads\/2025\/05\/bc4a6260-600x675.jpg"}},"image_meta":{"aperture":"0","credit":"","camera":"","caption":"","created_timestamp":"0","copyright":"","focal_length":"0","iso":"0","shutter_speed":"0","title":"","orientation":"0","keywords":[]},"ID":"221833","name":"bc4a6260.jpg","path":"\/home\/ro\/web\/costadelsol-mallorca.com\/public_html\/wp-content\/uploads\/2025\/05\/bc4a6260.jpg","url":"https:\/\/www.costadelsol-mallorca.com\/wp-content\/uploads\/2025\/05\/bc4a6260-150x150.jpg","full_url":"https:\/\/www.costadelsol-mallorca.com\/wp-content\/uploads\/2025\/05\/bc4a6260.jpg","title":"bc4a6260","caption":"","description":"","alt":"","srcset":"https:\/\/www.costadelsol-mallorca.com\/wp-content\/uploads\/2025\/05\/bc4a6260-150x150.jpg 150w, https:\/\/www.costadelsol-mallorca.com\/wp-content\/uploads\/2025\/05\/bc4a6260-120x120.jpg 120w, https:\/\/www.costadelsol-mallorca.com\/wp-content\/uploads\/2025\/05\/bc4a6260-210x210.jpg 210w"},{"width":150,"height":150,"file":"2025\/05\/4af59a58.jpg","filesize":188884,"sizes":{"thumbnail":{"file":"4af59a58-150x150.jpg","width":150,"height":150,"mime-type":"image\/jpeg","filesize":15747,"url":"https:\/\/www.costadelsol-mallorca.com\/wp-content\/uploads\/2025\/05\/4af59a58-150x150.jpg"},"tf-client-image-size":{"file":"4af59a58-120x120.jpg","width":120,"height":120,"mime-type":"image\/jpeg","filesize":11175,"url":"https:\/\/www.costadelsol-mallorca.com\/wp-content\/uploads\/2025\/05\/4af59a58-120x120.jpg"},"post-thumbnail":{"file":"4af59a58-150x84.jpg","width":150,"height":84,"mime-type":"image\/jpeg","filesize":10742,"url":"https:\/\/www.costadelsol-mallorca.com\/wp-content\/uploads\/2025\/05\/4af59a58-150x84.jpg"},"modern-property-child-slider":{"file":"4af59a58-680x510.jpg","width":680,"height":510,"mime-type":"image\/jpeg","filesize":165431,"url":"https:\/\/www.costadelsol-mallorca.com\/wp-content\/uploads\/2025\/05\/4af59a58-680x510.jpg"},"property-thumb-image":{"file":"4af59a58-488x326.jpg","width":488,"height":326,"mime-type":"image\/jpeg","filesize":86826,"url":"https:\/\/www.costadelsol-mallorca.com\/wp-content\/uploads\/2025\/05\/4af59a58-488x326.jpg"},"property-detail-video-image":{"file":"4af59a58-818x417.jpg","width":818,"height":417,"mime-type":"image\/jpeg","filesize":170989,"url":"https:\/\/www.costadelsol-mallorca.com\/wp-content\/uploads\/2025\/05\/4af59a58-818x417.jpg"},"agent-image":{"file":"4af59a58-210x210.jpg","width":210,"height":210,"mime-type":"image\/jpeg","filesize":28609,"url":"https:\/\/www.costadelsol-mallorca.com\/wp-content\/uploads\/2025\/05\/4af59a58-210x210.jpg"},"partners-logo":{"file":"4af59a58-600x675.jpg","width":600,"height":675,"mime-type":"image\/jpeg","filesize":188608,"url":"https:\/\/www.costadelsol-mallorca.com\/wp-content\/uploads\/2025\/05\/4af59a58-600x675.jpg"}},"image_meta":{"aperture":"0","credit":"","camera":"","caption":"","created_timestamp":"0","copyright":"","focal_length":"0","iso":"0","shutter_speed":"0","title":"","orientation":"0","keywords":[]},"ID":"221837","name":"4af59a58.jpg","path":"\/home\/ro\/web\/costadelsol-mallorca.com\/public_html\/wp-content\/uploads\/2025\/05\/4af59a58.jpg","url":"https:\/\/www.costadelsol-mallorca.com\/wp-content\/uploads\/2025\/05\/4af59a58-150x150.jpg","full_url":"https:\/\/www.costadelsol-mallorca.com\/wp-content\/uploads\/2025\/05\/4af59a58.jpg","title":"4af59a58","caption":"","description":"","alt":"","srcset":"https:\/\/www.costadelsol-mallorca.com\/wp-content\/uploads\/2025\/05\/4af59a58-150x150.jpg 150w, https:\/\/www.costadelsol-mallorca.com\/wp-content\/uploads\/2025\/05\/4af59a58-120x120.jpg 120w, https:\/\/www.costadelsol-mallorca.com\/wp-content\/uploads\/2025\/05\/4af59a58-210x210.jpg 210w"},{"width":150,"height":150,"file":"2025\/05\/1836d5ac.jpg","filesize":164450,"sizes":{"thumbnail":{"file":"1836d5ac-150x150.jpg","width":150,"height":150,"mime-type":"image\/jpeg","filesize":14590,"url":"https:\/\/www.costadelsol-mallorca.com\/wp-content\/uploads\/2025\/05\/1836d5ac-150x150.jpg"},"tf-client-image-size":{"file":"1836d5ac-120x120.jpg","width":120,"height":120,"mime-type":"image\/jpeg","filesize":10248,"url":"https:\/\/www.costadelsol-mallorca.com\/wp-content\/uploads\/2025\/05\/1836d5ac-120x120.jpg"},"post-thumbnail":{"file":"1836d5ac-150x84.jpg","width":150,"height":84,"mime-type":"image\/jpeg","filesize":10069,"url":"https:\/\/www.costadelsol-mallorca.com\/wp-content\/uploads\/2025\/05\/1836d5ac-150x84.jpg"},"modern-property-child-slider":{"file":"1836d5ac-680x510.jpg","width":680,"height":510,"mime-type":"image\/jpeg","filesize":154010,"url":"https:\/\/www.costadelsol-mallorca.com\/wp-content\/uploads\/2025\/05\/1836d5ac-680x510.jpg"},"property-thumb-image":{"file":"1836d5ac-488x326.jpg","width":488,"height":326,"mime-type":"image\/jpeg","filesize":79403,"url":"https:\/\/www.costadelsol-mallorca.com\/wp-content\/uploads\/2025\/05\/1836d5ac-488x326.jpg"},"property-detail-video-image":{"file":"1836d5ac-818x417.jpg","width":818,"height":417,"mime-type":"image\/jpeg","filesize":151616,"url":"https:\/\/www.costadelsol-mallorca.com\/wp-content\/uploads\/2025\/05\/1836d5ac-818x417.jpg"},"agent-image":{"file":"1836d5ac-210x210.jpg","width":210,"height":210,"mime-type":"image\/jpeg","filesize":26256,"url":"https:\/\/www.costadelsol-mallorca.com\/wp-content\/uploads\/2025\/05\/1836d5ac-210x210.jpg"},"partners-logo":{"file":"1836d5ac-600x675.jpg","width":600,"height":675,"mime-type":"image\/jpeg","filesize":167621,"url":"https:\/\/www.costadelsol-mallorca.com\/wp-content\/uploads\/2025\/05\/1836d5ac-600x675.jpg"}},"image_meta":{"aperture":"0","credit":"","camera":"","caption":"","created_timestamp":"0","copyright":"","focal_length":"0","iso":"0","shutter_speed":"0","title":"","orientation":"0","keywords":[]},"ID":"221841","name":"1836d5ac.jpg","path":"\/home\/ro\/web\/costadelsol-mallorca.com\/public_html\/wp-content\/uploads\/2025\/05\/1836d5ac.jpg","url":"https:\/\/www.costadelsol-mallorca.com\/wp-content\/uploads\/2025\/05\/1836d5ac-150x150.jpg","full_url":"https:\/\/www.costadelsol-mallorca.com\/wp-content\/uploads\/2025\/05\/1836d5ac.jpg","title":"1836d5ac","caption":"","description":"","alt":"","srcset":"https:\/\/www.costadelsol-mallorca.com\/wp-content\/uploads\/2025\/05\/1836d5ac-150x150.jpg 150w, https:\/\/www.costadelsol-mallorca.com\/wp-content\/uploads\/2025\/05\/1836d5ac-120x120.jpg 120w, https:\/\/www.costadelsol-mallorca.com\/wp-content\/uploads\/2025\/05\/1836d5ac-210x210.jpg 210w"},{"width":150,"height":150,"file":"2025\/05\/af1f0be6.jpg","filesize":121748,"sizes":{"thumbnail":{"file":"af1f0be6-150x150.jpg","width":150,"height":150,"mime-type":"image\/jpeg","filesize":12397,"url":"https:\/\/www.costadelsol-mallorca.com\/wp-content\/uploads\/2025\/05\/af1f0be6-150x150.jpg"},"tf-client-image-size":{"file":"af1f0be6-120x120.jpg","width":120,"height":120,"mime-type":"image\/jpeg","filesize":8647,"url":"https:\/\/www.costadelsol-mallorca.com\/wp-content\/uploads\/2025\/05\/af1f0be6-120x120.jpg"},"post-thumbnail":{"file":"af1f0be6-150x84.jpg","width":150,"height":84,"mime-type":"image\/jpeg","filesize":8731,"url":"https:\/\/www.costadelsol-mallorca.com\/wp-content\/uploads\/2025\/05\/af1f0be6-150x84.jpg"},"modern-property-child-slider":{"file":"af1f0be6-680x510.jpg","width":680,"height":510,"mime-type":"image\/jpeg","filesize":124588,"url":"https:\/\/www.costadelsol-mallorca.com\/wp-content\/uploads\/2025\/05\/af1f0be6-680x510.jpg"},"property-thumb-image":{"file":"af1f0be6-488x326.jpg","width":488,"height":326,"mime-type":"image\/jpeg","filesize":65769,"url":"https:\/\/www.costadelsol-mallorca.com\/wp-content\/uploads\/2025\/05\/af1f0be6-488x326.jpg"},"property-detail-video-image":{"file":"af1f0be6-818x417.jpg","width":818,"height":417,"mime-type":"image\/jpeg","filesize":117201,"url":"https:\/\/www.costadelsol-mallorca.com\/wp-content\/uploads\/2025\/05\/af1f0be6-818x417.jpg"},"agent-image":{"file":"af1f0be6-210x210.jpg","width":210,"height":210,"mime-type":"image\/jpeg","filesize":21866,"url":"https:\/\/www.costadelsol-mallorca.com\/wp-content\/uploads\/2025\/05\/af1f0be6-210x210.jpg"},"partners-logo":{"file":"af1f0be6-600x675.jpg","width":600,"height":675,"mime-type":"image\/jpeg","filesize":120677,"url":"https:\/\/www.costadelsol-mallorca.com\/wp-content\/uploads\/2025\/05\/af1f0be6-600x675.jpg"}},"image_meta":{"aperture":"0","credit":"","camera":"","caption":"","created_timestamp":"0","copyright":"","focal_length":"0","iso":"0","shutter_speed":"0","title":"","orientation":"0","keywords":[]},"ID":"221845","name":"af1f0be6.jpg","path":"\/home\/ro\/web\/costadelsol-mallorca.com\/public_html\/wp-content\/uploads\/2025\/05\/af1f0be6.jpg","url":"https:\/\/www.costadelsol-mallorca.com\/wp-content\/uploads\/2025\/05\/af1f0be6-150x150.jpg","full_url":"https:\/\/www.costadelsol-mallorca.com\/wp-content\/uploads\/2025\/05\/af1f0be6.jpg","title":"af1f0be6","caption":"","description":"","alt":"","srcset":"https:\/\/www.costadelsol-mallorca.com\/wp-content\/uploads\/2025\/05\/af1f0be6-150x150.jpg 150w, https:\/\/www.costadelsol-mallorca.com\/wp-content\/uploads\/2025\/05\/af1f0be6-120x120.jpg 120w, https:\/\/www.costadelsol-mallorca.com\/wp-content\/uploads\/2025\/05\/af1f0be6-210x210.jpg 210w"},{"width":150,"height":150,"file":"2025\/05\/88dc58b2.jpg","filesize":203116,"sizes":{"thumbnail":{"file":"88dc58b2-150x150.jpg","width":150,"height":150,"mime-type":"image\/jpeg","filesize":18929,"url":"https:\/\/www.costadelsol-mallorca.com\/wp-content\/uploads\/2025\/05\/88dc58b2-150x150.jpg"},"tf-client-image-size":{"file":"88dc58b2-120x120.jpg","width":120,"height":120,"mime-type":"image\/jpeg","filesize":13329,"url":"https:\/\/www.costadelsol-mallorca.com\/wp-content\/uploads\/2025\/05\/88dc58b2-120x120.jpg"},"post-thumbnail":{"file":"88dc58b2-150x84.jpg","width":150,"height":84,"mime-type":"image\/jpeg","filesize":12723,"url":"https:\/\/www.costadelsol-mallorca.com\/wp-content\/uploads\/2025\/05\/88dc58b2-150x84.jpg"},"modern-property-child-slider":{"file":"88dc58b2-680x510.jpg","width":680,"height":510,"mime-type":"image\/jpeg","filesize":186160,"url":"https:\/\/www.costadelsol-mallorca.com\/wp-content\/uploads\/2025\/05\/88dc58b2-680x510.jpg"},"property-thumb-image":{"file":"88dc58b2-488x326.jpg","width":488,"height":326,"mime-type":"image\/jpeg","filesize":96812,"url":"https:\/\/www.costadelsol-mallorca.com\/wp-content\/uploads\/2025\/05\/88dc58b2-488x326.jpg"},"property-detail-video-image":{"file":"88dc58b2-818x417.jpg","width":818,"height":417,"mime-type":"image\/jpeg","filesize":191328,"url":"https:\/\/www.costadelsol-mallorca.com\/wp-content\/uploads\/2025\/05\/88dc58b2-818x417.jpg"},"agent-image":{"file":"88dc58b2-210x210.jpg","width":210,"height":210,"mime-type":"image\/jpeg","filesize":33568,"url":"https:\/\/www.costadelsol-mallorca.com\/wp-content\/uploads\/2025\/05\/88dc58b2-210x210.jpg"},"partners-logo":{"file":"88dc58b2-600x675.jpg","width":600,"height":675,"mime-type":"image\/jpeg","filesize":218134,"url":"https:\/\/www.costadelsol-mallorca.com\/wp-content\/uploads\/2025\/05\/88dc58b2-600x675.jpg"}},"image_meta":{"aperture":"0","credit":"","camera":"","caption":"","created_timestamp":"0","copyright":"","focal_length":"0","iso":"0","shutter_speed":"0","title":"","orientation":"0","keywords":[]},"ID":"221849","name":"88dc58b2.jpg","path":"\/home\/ro\/web\/costadelsol-mallorca.com\/public_html\/wp-content\/uploads\/2025\/05\/88dc58b2.jpg","url":"https:\/\/www.costadelsol-mallorca.com\/wp-content\/uploads\/2025\/05\/88dc58b2-150x150.jpg","full_url":"https:\/\/www.costadelsol-mallorca.com\/wp-content\/uploads\/2025\/05\/88dc58b2.jpg","title":"88dc58b2","caption":"","description":"","alt":"","srcset":"https:\/\/www.costadelsol-mallorca.com\/wp-content\/uploads\/2025\/05\/88dc58b2-150x150.jpg 150w, https:\/\/www.costadelsol-mallorca.com\/wp-content\/uploads\/2025\/05\/88dc58b2-120x120.jpg 120w, https:\/\/www.costadelsol-mallorca.com\/wp-content\/uploads\/2025\/05\/88dc58b2-210x210.jpg 210w"},{"width":150,"height":150,"file":"2025\/05\/d1c6f6b0.jpg","filesize":282361,"sizes":{"thumbnail":{"file":"d1c6f6b0-150x150.jpg","width":150,"height":150,"mime-type":"image\/jpeg","filesize":19573,"url":"https:\/\/www.costadelsol-mallorca.com\/wp-content\/uploads\/2025\/05\/d1c6f6b0-150x150.jpg"},"tf-client-image-size":{"file":"d1c6f6b0-120x120.jpg","width":120,"height":120,"mime-type":"image\/jpeg","filesize":12980,"url":"https:\/\/www.costadelsol-mallorca.com\/wp-content\/uploads\/2025\/05\/d1c6f6b0-120x120.jpg"},"post-thumbnail":{"file":"d1c6f6b0-150x84.jpg","width":150,"height":84,"mime-type":"image\/jpeg","filesize":13028,"url":"https:\/\/www.costadelsol-mallorca.com\/wp-content\/uploads\/2025\/05\/d1c6f6b0-150x84.jpg"},"modern-property-child-slider":{"file":"d1c6f6b0-680x510.jpg","width":680,"height":510,"mime-type":"image\/jpeg","filesize":232006,"url":"https:\/\/www.costadelsol-mallorca.com\/wp-content\/uploads\/2025\/05\/d1c6f6b0-680x510.jpg"},"property-thumb-image":{"file":"d1c6f6b0-488x326.jpg","width":488,"height":326,"mime-type":"image\/jpeg","filesize":117385,"url":"https:\/\/www.costadelsol-mallorca.com\/wp-content\/uploads\/2025\/05\/d1c6f6b0-488x326.jpg"},"property-detail-video-image":{"file":"d1c6f6b0-818x417.jpg","width":818,"height":417,"mime-type":"image\/jpeg","filesize":236993,"url":"https:\/\/www.costadelsol-mallorca.com\/wp-content\/uploads\/2025\/05\/d1c6f6b0-818x417.jpg"},"agent-image":{"file":"d1c6f6b0-210x210.jpg","width":210,"height":210,"mime-type":"image\/jpeg","filesize":36979,"url":"https:\/\/www.costadelsol-mallorca.com\/wp-content\/uploads\/2025\/05\/d1c6f6b0-210x210.jpg"},"partners-logo":{"file":"d1c6f6b0-600x675.jpg","width":600,"height":675,"mime-type":"image\/jpeg","filesize":280375,"url":"https:\/\/www.costadelsol-mallorca.com\/wp-content\/uploads\/2025\/05\/d1c6f6b0-600x675.jpg"}},"image_meta":{"aperture":"0","credit":"","camera":"","caption":"","created_timestamp":"0","copyright":"","focal_length":"0","iso":"0","shutter_speed":"0","title":"","orientation":"0","keywords":[]},"ID":"221853","name":"d1c6f6b0.jpg","path":"\/home\/ro\/web\/costadelsol-mallorca.com\/public_html\/wp-content\/uploads\/2025\/05\/d1c6f6b0.jpg","url":"https:\/\/www.costadelsol-mallorca.com\/wp-content\/uploads\/2025\/05\/d1c6f6b0-150x150.jpg","full_url":"https:\/\/www.costadelsol-mallorca.com\/wp-content\/uploads\/2025\/05\/d1c6f6b0.jpg","title":"d1c6f6b0","caption":"","description":"","alt":"","srcset":"https:\/\/www.costadelsol-mallorca.com\/wp-content\/uploads\/2025\/05\/d1c6f6b0-150x150.jpg 150w, https:\/\/www.costadelsol-mallorca.com\/wp-content\/uploads\/2025\/05\/d1c6f6b0-120x120.jpg 120w, https:\/\/www.costadelsol-mallorca.com\/wp-content\/uploads\/2025\/05\/d1c6f6b0-210x210.jpg 210w"},{"width":150,"height":150,"file":"2025\/05\/30b9b810.jpg","filesize":250373,"sizes":{"thumbnail":{"file":"30b9b810-150x150.jpg","width":150,"height":150,"mime-type":"image\/jpeg","filesize":20261,"url":"https:\/\/www.costadelsol-mallorca.com\/wp-content\/uploads\/2025\/05\/30b9b810-150x150.jpg"},"tf-client-image-size":{"file":"30b9b810-120x120.jpg","width":120,"height":120,"mime-type":"image\/jpeg","filesize":13894,"url":"https:\/\/www.costadelsol-mallorca.com\/wp-content\/uploads\/2025\/05\/30b9b810-120x120.jpg"},"post-thumbnail":{"file":"30b9b810-150x84.jpg","width":150,"height":84,"mime-type":"image\/jpeg","filesize":13817,"url":"https:\/\/www.costadelsol-mallorca.com\/wp-content\/uploads\/2025\/05\/30b9b810-150x84.jpg"},"modern-property-child-slider":{"file":"30b9b810-680x510.jpg","width":680,"height":510,"mime-type":"image\/jpeg","filesize":219708,"url":"https:\/\/www.costadelsol-mallorca.com\/wp-content\/uploads\/2025\/05\/30b9b810-680x510.jpg"},"property-thumb-image":{"file":"30b9b810-488x326.jpg","width":488,"height":326,"mime-type":"image\/jpeg","filesize":117117,"url":"https:\/\/www.costadelsol-mallorca.com\/wp-content\/uploads\/2025\/05\/30b9b810-488x326.jpg"},"property-detail-video-image":{"file":"30b9b810-818x417.jpg","width":818,"height":417,"mime-type":"image\/jpeg","filesize":235426,"url":"https:\/\/www.costadelsol-mallorca.com\/wp-content\/uploads\/2025\/05\/30b9b810-818x417.jpg"},"agent-image":{"file":"30b9b810-210x210.jpg","width":210,"height":210,"mime-type":"image\/jpeg","filesize":35884,"url":"https:\/\/www.costadelsol-mallorca.com\/wp-content\/uploads\/2025\/05\/30b9b810-210x210.jpg"},"partners-logo":{"file":"30b9b810-600x675.jpg","width":600,"height":675,"mime-type":"image\/jpeg","filesize":215021,"url":"https:\/\/www.costadelsol-mallorca.com\/wp-content\/uploads\/2025\/05\/30b9b810-600x675.jpg"}},"image_meta":{"aperture":"0","credit":"","camera":"","caption":"","created_timestamp":"0","copyright":"","focal_length":"0","iso":"0","shutter_speed":"0","title":"","orientation":"0","keywords":[]},"ID":"221857","name":"30b9b810.jpg","path":"\/home\/ro\/web\/costadelsol-mallorca.com\/public_html\/wp-content\/uploads\/2025\/05\/30b9b810.jpg","url":"https:\/\/www.costadelsol-mallorca.com\/wp-content\/uploads\/2025\/05\/30b9b810-150x150.jpg","full_url":"https:\/\/www.costadelsol-mallorca.com\/wp-content\/uploads\/2025\/05\/30b9b810.jpg","title":"30b9b810","caption":"","description":"","alt":"","srcset":"https:\/\/www.costadelsol-mallorca.com\/wp-content\/uploads\/2025\/05\/30b9b810-150x150.jpg 150w, https:\/\/www.costadelsol-mallorca.com\/wp-content\/uploads\/2025\/05\/30b9b810-120x120.jpg 120w, https:\/\/www.costadelsol-mallorca.com\/wp-content\/uploads\/2025\/05\/30b9b810-210x210.jpg 210w"}],"REAL_HOMES_change_gallery_slider_type":"","REAL_HOMES_gallery_slider_type":"thumb-on-right","inspiry_floor_plans":[],"inspiry_video_group":[],"REAL_HOMES_360_virtual_tour":"","REAL_HOMES_tour_video_url":"","REAL_HOMES_tour_video_image":[],"REAL_HOMES_agent_display_option":"agent_info","REAL_HOMES_agents":[],"REAL_HOMES_energy_class":"","REAL_HOMES_energy_performance":"","REAL_HOMES_epc_current_rating":"","REAL_HOMES_epc_potential_rating":"","REAL_HOMES_sticky":"","inspiry_property_label":"","inspiry_property_label_color":"","inspiry_property_tax":"","inspiry_additional_fee":"","REAL_HOMES_attachments":[],"inspiry_property_owner_name":"","inspiry_property_owner_contact":"","inspiry_property_owner_address":"","REAL_HOMES_property_private_note":"","inspiry_message_to_reviewer":"","REAL_HOMES_add_in_slider":"no","REAL_HOMES_slider_image":[],"REAL_HOMES_page_banner_image":[],"REAL_HOMES_hide_property_advance_search":"","REAL_HOMES_hide_advance_search":"","REAL_HOMES_custom_search_form":"","REAL_HOMES_search_form_margin_top":"","REAL_HOMES_search_form_margin_bottom":""},"_links":{"self":[{"href":"https:\/\/www.costadelsol-mallorca.com\/es\/wp-json\/wp\/v2\/property\/229435"}],"collection":[{"href":"https:\/\/www.costadelsol-mallorca.com\/es\/wp-json\/wp\/v2\/property"}],"about":[{"href":"https:\/\/www.costadelsol-mallorca.com\/es\/wp-json\/wp\/v2\/types\/property"}],"author":[{"embeddable":true,"href":"https:\/\/www.costadelsol-mallorca.com\/es\/wp-json\/wp\/v2\/users\/1"}],"replies":[{"embeddable":true,"href":"https:\/\/www.costadelsol-mallorca.com\/es\/wp-json\/wp\/v2\/comments?post=229435"}],"version-history":[{"count":0,"href":"https:\/\/www.costadelsol-mallorca.com\/es\/wp-json\/wp\/v2\/property\/229435\/revisions"}],"wp:featuredmedia":[{"embeddable":true,"href":"https:\/\/www.costadelsol-mallorca.com\/es\/wp-json\/wp\/v2\/media\/221812"}],"wp:attachment":[{"href":"https:\/\/www.costadelsol-mallorca.com\/es\/wp-json\/wp\/v2\/media?parent=229435"}],"wp:term":[{"taxonomy":"property-feature","embeddable":true,"href":"https:\/\/www.costadelsol-mallorca.com\/es\/wp-json\/wp\/v2\/property-feature?post=229435"},{"taxonomy":"property-type","embeddable":true,"href":"https:\/\/www.costadelsol-mallorca.com\/es\/wp-json\/wp\/v2\/property-type?post=229435"},{"taxonomy":"property-city","embeddable":true,"href":"https:\/\/www.costadelsol-mallorca.com\/es\/wp-json\/wp\/v2\/property-city?post=229435"},{"taxonomy":"property-status","embeddable":true,"href":"https:\/\/www.costadelsol-mallorca.com\/es\/wp-json\/wp\/v2\/property-status?post=229435"}],"curies":[{"name":"wp","href":"https:\/\/api.w.org\/{rel}","templated":true}]}}