{"id":229438,"date":"2024-12-04T08:39:20","date_gmt":"2024-12-04T07:39:20","guid":{"rendered":"https:\/\/www.costadelsol-mallorca.com\/property\/benalmadena-malaga-spain-apartment\/"},"modified":"2025-09-20T04:32:23","modified_gmt":"2025-09-20T02:32:23","slug":"benalmadena-malaga-spain-apartment","status":"publish","type":"property","link":"https:\/\/www.costadelsol-mallorca.com\/es\/property\/benalmadena-malaga-spain-apartment\/","title":{"rendered":"Benalmadena, Malaga, Spain &#8211; Apartment"},"content":{"rendered":"<p>Una emocionante oportunidad de inversi\u00f3n a poca distancia del Hotel Hilton de 5 estrellas y sus exquisitas instalaciones que incluyen gimnasio, spa, club de playa, spa y mucho m\u00e1s.&#xD;&#xD;Esta fabulosa promoci\u00f3n est\u00e1 dirigida a clientes con mentalidad inversora, ya que le ofrece la oportunidad de obtener una renta garantizada de su inversi\u00f3n, as\u00ed como la posibilidad de disfrutar de la propiedad usted mismo.&#xD;&#xD;Todos los apartamentos y \u00e1ticos de esta exquisita comunidad cerrada ofrecen interiores luminosos de generosas dimensiones, adem\u00e1s de amplias terrazas con piscina privada.&#xD;&#xD;Los interiores de las viviendas han sido dise\u00f1ados por la afamada casa Zampieri y muestran calidad por doquier. Cada vivienda incluye una cocina abierta de estilo contempor\u00e1neo con una gama completa de electrodom\u00e9sticos Bosch. Los suelos y revestimientos interiores de Porcelanosa realzan la luminosidad de los espacios interiores.&#xD;&#xD;Las espaciosas viviendas se dividen en dos dormitorios, con una puerta corredera alargada para dar a los residentes la opci\u00f3n de dividir los apartamentos en dos partes. El sal\u00f3n y los dormitorios tienen grandes ventanales luz natural, que se funde con la madera caracteriza los interiores.La cocina italiana se caracteriza por una larga isla de m\u00e1rmol que conecta cuidadosamente calidez del dise\u00f1o. La terraza exterior aporta fragancias mediterr\u00e1neas, ya que el interior y el exterior se funden en uno.&#xD;&#xD;Los cuartos de ba\u00f1o est\u00e1n equipados con grifer\u00eda de la marca l\u00edder Kaldewei y se han mejorado a\u00fan m\u00e1s con el uso de equipos Durabit. Las duchas y los grifos son de la famosa marca Hansgrohe.&#xD;Los apartamentos se benefician de calefacci\u00f3n por suelo radiante en toda la vivienda y de un sistema de aire acondicionado ecol\u00f3gico de alta eficiencia que utiliza tecnolog\u00eda aerot\u00e9rmica. Las viviendas cuentan con un completo sistema de dom\u00f3tica. Las piscinas privadas son de estilo infinito con iluminaci\u00f3n nocturna LED. Un sistema de alarma completo est\u00e1 instalado como es una caja fuerte de seguridad.<\/p>\n","protected":false},"excerpt":{"rendered":"<p>Una emocionante oportunidad de inversi\u00f3n a poca distancia del Hotel Hilton de 5 estrellas y sus exquisitas instalaciones que incluyen gimnasio, spa, club de playa, spa y mucho m\u00e1s.&#xD;&#xD;Esta fabulosa promoci\u00f3n est\u00e1 dirigida a clientes con mentalidad inversora, ya que le ofrece la oportunidad de obtener una renta garantizada de su inversi\u00f3n, as\u00ed como la&#8230;<\/p>\n","protected":false},"author":0,"featured_media":221975,"parent":0,"menu_order":0,"comment_status":"open","ping_status":"open","template":"","property-feature":[1544,1774,1545,1552,1553,1554,1556,1557,1558,1560,1570,1577,1579,1591,264,1592,1539,1594,1541,1613],"property-type":[245],"property-city":[866,875,1612],"property-status":[],"aioseo_notices":[],"property_meta":{"REAL_HOMES_property_price":"1390000","REAL_HOMES_property_old_price":"","REAL_HOMES_property_price_prefix":"","REAL_HOMES_property_price_postfix":"","REAL_HOMES_property_size":"115","REAL_HOMES_property_size_postfix":"","REAL_HOMES_property_lot_size":"","REAL_HOMES_property_lot_size_postfix":"","REAL_HOMES_property_bedrooms":"2","REAL_HOMES_property_bathrooms":"2","REAL_HOMES_property_garage":"","REAL_HOMES_property_id":"MDL4409395","REAL_HOMES_property_year_built":"","REAL_HOMES_featured":"0","REAL_HOMES_additional_details_list":[["",""]],"REAL_HOMES_property_location":{"latitude":"36.5964743","longitude":"-4.5197688","zoom":""},"REAL_HOMES_property_address":"Benalmadena, Malaga, Spain","REAL_HOMES_property_map":"0","REAL_HOMES_property_images":[{"width":150,"height":150,"file":"2025\/05\/45cc5f1b.jpg","filesize":143154,"sizes":{"thumbnail":{"file":"45cc5f1b-150x150.jpg","width":150,"height":150,"mime-type":"image\/jpeg","filesize":14679,"url":"https:\/\/www.costadelsol-mallorca.com\/wp-content\/uploads\/2025\/05\/45cc5f1b-150x150.jpg"},"tf-client-image-size":{"file":"45cc5f1b-120x120.jpg","width":120,"height":120,"mime-type":"image\/jpeg","filesize":10175,"url":"https:\/\/www.costadelsol-mallorca.com\/wp-content\/uploads\/2025\/05\/45cc5f1b-120x120.jpg"},"post-thumbnail":{"file":"45cc5f1b-150x84.jpg","width":150,"height":84,"mime-type":"image\/jpeg","filesize":10743,"url":"https:\/\/www.costadelsol-mallorca.com\/wp-content\/uploads\/2025\/05\/45cc5f1b-150x84.jpg"},"modern-property-child-slider":{"file":"45cc5f1b-680x510.jpg","width":680,"height":510,"mime-type":"image\/jpeg","filesize":141773,"url":"https:\/\/www.costadelsol-mallorca.com\/wp-content\/uploads\/2025\/05\/45cc5f1b-680x510.jpg"},"property-thumb-image":{"file":"45cc5f1b-488x326.jpg","width":488,"height":326,"mime-type":"image\/jpeg","filesize":79616,"url":"https:\/\/www.costadelsol-mallorca.com\/wp-content\/uploads\/2025\/05\/45cc5f1b-488x326.jpg"},"property-detail-video-image":{"file":"45cc5f1b-818x417.jpg","width":818,"height":417,"mime-type":"image\/jpeg","filesize":147489,"url":"https:\/\/www.costadelsol-mallorca.com\/wp-content\/uploads\/2025\/05\/45cc5f1b-818x417.jpg"},"agent-image":{"file":"45cc5f1b-210x210.jpg","width":210,"height":210,"mime-type":"image\/jpeg","filesize":26379,"url":"https:\/\/www.costadelsol-mallorca.com\/wp-content\/uploads\/2025\/05\/45cc5f1b-210x210.jpg"},"partners-logo":{"file":"45cc5f1b-600x675.jpg","width":600,"height":675,"mime-type":"image\/jpeg","filesize":140053,"url":"https:\/\/www.costadelsol-mallorca.com\/wp-content\/uploads\/2025\/05\/45cc5f1b-600x675.jpg"}},"image_meta":{"aperture":"0","credit":"","camera":"","caption":"","created_timestamp":"0","copyright":"","focal_length":"0","iso":"0","shutter_speed":"0","title":"","orientation":"0","keywords":[]},"ID":"221972","name":"45cc5f1b.jpg","path":"\/home\/ro\/web\/costadelsol-mallorca.com\/public_html\/wp-content\/uploads\/2025\/05\/45cc5f1b.jpg","url":"https:\/\/www.costadelsol-mallorca.com\/wp-content\/uploads\/2025\/05\/45cc5f1b-150x150.jpg","full_url":"https:\/\/www.costadelsol-mallorca.com\/wp-content\/uploads\/2025\/05\/45cc5f1b.jpg","title":"45cc5f1b","caption":"","description":"","alt":"","srcset":"https:\/\/www.costadelsol-mallorca.com\/wp-content\/uploads\/2025\/05\/45cc5f1b-150x150.jpg 150w, https:\/\/www.costadelsol-mallorca.com\/wp-content\/uploads\/2025\/05\/45cc5f1b-120x120.jpg 120w, https:\/\/www.costadelsol-mallorca.com\/wp-content\/uploads\/2025\/05\/45cc5f1b-210x210.jpg 210w"},{"width":150,"height":150,"file":"2025\/05\/6c20eed5.jpg","filesize":119677,"sizes":{"thumbnail":{"file":"6c20eed5-150x150.jpg","width":150,"height":150,"mime-type":"image\/jpeg","filesize":14388,"url":"https:\/\/www.costadelsol-mallorca.com\/wp-content\/uploads\/2025\/05\/6c20eed5-150x150.jpg"},"tf-client-image-size":{"file":"6c20eed5-120x120.jpg","width":120,"height":120,"mime-type":"image\/jpeg","filesize":10281,"url":"https:\/\/www.costadelsol-mallorca.com\/wp-content\/uploads\/2025\/05\/6c20eed5-120x120.jpg"},"post-thumbnail":{"file":"6c20eed5-150x84.jpg","width":150,"height":84,"mime-type":"image\/jpeg","filesize":9543,"url":"https:\/\/www.costadelsol-mallorca.com\/wp-content\/uploads\/2025\/05\/6c20eed5-150x84.jpg"},"modern-property-child-slider":{"file":"6c20eed5-680x510.jpg","width":680,"height":510,"mime-type":"image\/jpeg","filesize":121907,"url":"https:\/\/www.costadelsol-mallorca.com\/wp-content\/uploads\/2025\/05\/6c20eed5-680x510.jpg"},"property-thumb-image":{"file":"6c20eed5-488x326.jpg","width":488,"height":326,"mime-type":"image\/jpeg","filesize":69237,"url":"https:\/\/www.costadelsol-mallorca.com\/wp-content\/uploads\/2025\/05\/6c20eed5-488x326.jpg"},"property-detail-video-image":{"file":"6c20eed5-818x417.jpg","width":818,"height":417,"mime-type":"image\/jpeg","filesize":126356,"url":"https:\/\/www.costadelsol-mallorca.com\/wp-content\/uploads\/2025\/05\/6c20eed5-818x417.jpg"},"agent-image":{"file":"6c20eed5-210x210.jpg","width":210,"height":210,"mime-type":"image\/jpeg","filesize":25282,"url":"https:\/\/www.costadelsol-mallorca.com\/wp-content\/uploads\/2025\/05\/6c20eed5-210x210.jpg"},"partners-logo":{"file":"6c20eed5-600x675.jpg","width":600,"height":675,"mime-type":"image\/jpeg","filesize":130351,"url":"https:\/\/www.costadelsol-mallorca.com\/wp-content\/uploads\/2025\/05\/6c20eed5-600x675.jpg"}},"image_meta":{"aperture":"0","credit":"","camera":"","caption":"","created_timestamp":"0","copyright":"","focal_length":"0","iso":"0","shutter_speed":"0","title":"","orientation":"0","keywords":[]},"ID":"221976","name":"6c20eed5.jpg","path":"\/home\/ro\/web\/costadelsol-mallorca.com\/public_html\/wp-content\/uploads\/2025\/05\/6c20eed5.jpg","url":"https:\/\/www.costadelsol-mallorca.com\/wp-content\/uploads\/2025\/05\/6c20eed5-150x150.jpg","full_url":"https:\/\/www.costadelsol-mallorca.com\/wp-content\/uploads\/2025\/05\/6c20eed5.jpg","title":"6c20eed5","caption":"","description":"","alt":"","srcset":"https:\/\/www.costadelsol-mallorca.com\/wp-content\/uploads\/2025\/05\/6c20eed5-150x150.jpg 150w, https:\/\/www.costadelsol-mallorca.com\/wp-content\/uploads\/2025\/05\/6c20eed5-120x120.jpg 120w, https:\/\/www.costadelsol-mallorca.com\/wp-content\/uploads\/2025\/05\/6c20eed5-210x210.jpg 210w"},{"width":150,"height":150,"file":"2025\/05\/31d8beee.jpg","filesize":151898,"sizes":{"thumbnail":{"file":"31d8beee-150x150.jpg","width":150,"height":150,"mime-type":"image\/jpeg","filesize":14927,"url":"https:\/\/www.costadelsol-mallorca.com\/wp-content\/uploads\/2025\/05\/31d8beee-150x150.jpg"},"tf-client-image-size":{"file":"31d8beee-120x120.jpg","width":120,"height":120,"mime-type":"image\/jpeg","filesize":10584,"url":"https:\/\/www.costadelsol-mallorca.com\/wp-content\/uploads\/2025\/05\/31d8beee-120x120.jpg"},"post-thumbnail":{"file":"31d8beee-150x84.jpg","width":150,"height":84,"mime-type":"image\/jpeg","filesize":11692,"url":"https:\/\/www.costadelsol-mallorca.com\/wp-content\/uploads\/2025\/05\/31d8beee-150x84.jpg"},"modern-property-child-slider":{"file":"31d8beee-680x510.jpg","width":680,"height":510,"mime-type":"image\/jpeg","filesize":142011,"url":"https:\/\/www.costadelsol-mallorca.com\/wp-content\/uploads\/2025\/05\/31d8beee-680x510.jpg"},"property-thumb-image":{"file":"31d8beee-488x326.jpg","width":488,"height":326,"mime-type":"image\/jpeg","filesize":81844,"url":"https:\/\/www.costadelsol-mallorca.com\/wp-content\/uploads\/2025\/05\/31d8beee-488x326.jpg"},"property-detail-video-image":{"file":"31d8beee-818x417.jpg","width":818,"height":417,"mime-type":"image\/jpeg","filesize":158430,"url":"https:\/\/www.costadelsol-mallorca.com\/wp-content\/uploads\/2025\/05\/31d8beee-818x417.jpg"},"agent-image":{"file":"31d8beee-210x210.jpg","width":210,"height":210,"mime-type":"image\/jpeg","filesize":26463,"url":"https:\/\/www.costadelsol-mallorca.com\/wp-content\/uploads\/2025\/05\/31d8beee-210x210.jpg"},"partners-logo":{"file":"31d8beee-600x675.jpg","width":600,"height":675,"mime-type":"image\/jpeg","filesize":136380,"url":"https:\/\/www.costadelsol-mallorca.com\/wp-content\/uploads\/2025\/05\/31d8beee-600x675.jpg"}},"image_meta":{"aperture":"0","credit":"","camera":"","caption":"","created_timestamp":"0","copyright":"","focal_length":"0","iso":"0","shutter_speed":"0","title":"","orientation":"0","keywords":[]},"ID":"221980","name":"31d8beee.jpg","path":"\/home\/ro\/web\/costadelsol-mallorca.com\/public_html\/wp-content\/uploads\/2025\/05\/31d8beee.jpg","url":"https:\/\/www.costadelsol-mallorca.com\/wp-content\/uploads\/2025\/05\/31d8beee-150x150.jpg","full_url":"https:\/\/www.costadelsol-mallorca.com\/wp-content\/uploads\/2025\/05\/31d8beee.jpg","title":"31d8beee","caption":"","description":"","alt":"","srcset":"https:\/\/www.costadelsol-mallorca.com\/wp-content\/uploads\/2025\/05\/31d8beee-150x150.jpg 150w, https:\/\/www.costadelsol-mallorca.com\/wp-content\/uploads\/2025\/05\/31d8beee-120x120.jpg 120w, https:\/\/www.costadelsol-mallorca.com\/wp-content\/uploads\/2025\/05\/31d8beee-210x210.jpg 210w"},{"width":150,"height":150,"file":"2025\/05\/b25903f8.jpg","filesize":137615,"sizes":{"thumbnail":{"file":"b25903f8-150x150.jpg","width":150,"height":150,"mime-type":"image\/jpeg","filesize":14850,"url":"https:\/\/www.costadelsol-mallorca.com\/wp-content\/uploads\/2025\/05\/b25903f8-150x150.jpg"},"tf-client-image-size":{"file":"b25903f8-120x120.jpg","width":120,"height":120,"mime-type":"image\/jpeg","filesize":10479,"url":"https:\/\/www.costadelsol-mallorca.com\/wp-content\/uploads\/2025\/05\/b25903f8-120x120.jpg"},"post-thumbnail":{"file":"b25903f8-150x84.jpg","width":150,"height":84,"mime-type":"image\/jpeg","filesize":11187,"url":"https:\/\/www.costadelsol-mallorca.com\/wp-content\/uploads\/2025\/05\/b25903f8-150x84.jpg"},"modern-property-child-slider":{"file":"b25903f8-680x510.jpg","width":680,"height":510,"mime-type":"image\/jpeg","filesize":136204,"url":"https:\/\/www.costadelsol-mallorca.com\/wp-content\/uploads\/2025\/05\/b25903f8-680x510.jpg"},"property-thumb-image":{"file":"b25903f8-488x326.jpg","width":488,"height":326,"mime-type":"image\/jpeg","filesize":77364,"url":"https:\/\/www.costadelsol-mallorca.com\/wp-content\/uploads\/2025\/05\/b25903f8-488x326.jpg"},"property-detail-video-image":{"file":"b25903f8-818x417.jpg","width":818,"height":417,"mime-type":"image\/jpeg","filesize":147354,"url":"https:\/\/www.costadelsol-mallorca.com\/wp-content\/uploads\/2025\/05\/b25903f8-818x417.jpg"},"agent-image":{"file":"b25903f8-210x210.jpg","width":210,"height":210,"mime-type":"image\/jpeg","filesize":26276,"url":"https:\/\/www.costadelsol-mallorca.com\/wp-content\/uploads\/2025\/05\/b25903f8-210x210.jpg"},"partners-logo":{"file":"b25903f8-600x675.jpg","width":600,"height":675,"mime-type":"image\/jpeg","filesize":135802,"url":"https:\/\/www.costadelsol-mallorca.com\/wp-content\/uploads\/2025\/05\/b25903f8-600x675.jpg"}},"image_meta":{"aperture":"0","credit":"","camera":"","caption":"","created_timestamp":"0","copyright":"","focal_length":"0","iso":"0","shutter_speed":"0","title":"","orientation":"0","keywords":[]},"ID":"221984","name":"b25903f8.jpg","path":"\/home\/ro\/web\/costadelsol-mallorca.com\/public_html\/wp-content\/uploads\/2025\/05\/b25903f8.jpg","url":"https:\/\/www.costadelsol-mallorca.com\/wp-content\/uploads\/2025\/05\/b25903f8-150x150.jpg","full_url":"https:\/\/www.costadelsol-mallorca.com\/wp-content\/uploads\/2025\/05\/b25903f8.jpg","title":"b25903f8","caption":"","description":"","alt":"","srcset":"https:\/\/www.costadelsol-mallorca.com\/wp-content\/uploads\/2025\/05\/b25903f8-150x150.jpg 150w, https:\/\/www.costadelsol-mallorca.com\/wp-content\/uploads\/2025\/05\/b25903f8-120x120.jpg 120w, https:\/\/www.costadelsol-mallorca.com\/wp-content\/uploads\/2025\/05\/b25903f8-210x210.jpg 210w"},{"width":150,"height":150,"file":"2025\/05\/275d753d.jpg","filesize":121070,"sizes":{"thumbnail":{"file":"275d753d-150x150.jpg","width":150,"height":150,"mime-type":"image\/jpeg","filesize":15462,"url":"https:\/\/www.costadelsol-mallorca.com\/wp-content\/uploads\/2025\/05\/275d753d-150x150.jpg"},"tf-client-image-size":{"file":"275d753d-120x120.jpg","width":120,"height":120,"mime-type":"image\/jpeg","filesize":10922,"url":"https:\/\/www.costadelsol-mallorca.com\/wp-content\/uploads\/2025\/05\/275d753d-120x120.jpg"},"post-thumbnail":{"file":"275d753d-150x84.jpg","width":150,"height":84,"mime-type":"image\/jpeg","filesize":9843,"url":"https:\/\/www.costadelsol-mallorca.com\/wp-content\/uploads\/2025\/05\/275d753d-150x84.jpg"},"modern-property-child-slider":{"file":"275d753d-680x510.jpg","width":680,"height":510,"mime-type":"image\/jpeg","filesize":137259,"url":"https:\/\/www.costadelsol-mallorca.com\/wp-content\/uploads\/2025\/05\/275d753d-680x510.jpg"},"property-thumb-image":{"file":"275d753d-488x326.jpg","width":488,"height":326,"mime-type":"image\/jpeg","filesize":74493,"url":"https:\/\/www.costadelsol-mallorca.com\/wp-content\/uploads\/2025\/05\/275d753d-488x326.jpg"},"property-detail-video-image":{"file":"275d753d-818x417.jpg","width":818,"height":417,"mime-type":"image\/jpeg","filesize":127575,"url":"https:\/\/www.costadelsol-mallorca.com\/wp-content\/uploads\/2025\/05\/275d753d-818x417.jpg"},"agent-image":{"file":"275d753d-210x210.jpg","width":210,"height":210,"mime-type":"image\/jpeg","filesize":27395,"url":"https:\/\/www.costadelsol-mallorca.com\/wp-content\/uploads\/2025\/05\/275d753d-210x210.jpg"},"partners-logo":{"file":"275d753d-600x675.jpg","width":600,"height":675,"mime-type":"image\/jpeg","filesize":142811,"url":"https:\/\/www.costadelsol-mallorca.com\/wp-content\/uploads\/2025\/05\/275d753d-600x675.jpg"}},"image_meta":{"aperture":"0","credit":"","camera":"","caption":"","created_timestamp":"0","copyright":"","focal_length":"0","iso":"0","shutter_speed":"0","title":"","orientation":"0","keywords":[]},"ID":"221988","name":"275d753d.jpg","path":"\/home\/ro\/web\/costadelsol-mallorca.com\/public_html\/wp-content\/uploads\/2025\/05\/275d753d.jpg","url":"https:\/\/www.costadelsol-mallorca.com\/wp-content\/uploads\/2025\/05\/275d753d-150x150.jpg","full_url":"https:\/\/www.costadelsol-mallorca.com\/wp-content\/uploads\/2025\/05\/275d753d.jpg","title":"275d753d","caption":"","description":"","alt":"","srcset":"https:\/\/www.costadelsol-mallorca.com\/wp-content\/uploads\/2025\/05\/275d753d-150x150.jpg 150w, https:\/\/www.costadelsol-mallorca.com\/wp-content\/uploads\/2025\/05\/275d753d-120x120.jpg 120w, https:\/\/www.costadelsol-mallorca.com\/wp-content\/uploads\/2025\/05\/275d753d-210x210.jpg 210w"},{"width":150,"height":150,"file":"2025\/05\/70a72c32.jpg","filesize":126603,"sizes":{"thumbnail":{"file":"70a72c32-150x150.jpg","width":150,"height":150,"mime-type":"image\/jpeg","filesize":16024,"url":"https:\/\/www.costadelsol-mallorca.com\/wp-content\/uploads\/2025\/05\/70a72c32-150x150.jpg"},"tf-client-image-size":{"file":"70a72c32-120x120.jpg","width":120,"height":120,"mime-type":"image\/jpeg","filesize":11331,"url":"https:\/\/www.costadelsol-mallorca.com\/wp-content\/uploads\/2025\/05\/70a72c32-120x120.jpg"},"post-thumbnail":{"file":"70a72c32-150x84.jpg","width":150,"height":84,"mime-type":"image\/jpeg","filesize":10092,"url":"https:\/\/www.costadelsol-mallorca.com\/wp-content\/uploads\/2025\/05\/70a72c32-150x84.jpg"},"modern-property-child-slider":{"file":"70a72c32-680x510.jpg","width":680,"height":510,"mime-type":"image\/jpeg","filesize":139824,"url":"https:\/\/www.costadelsol-mallorca.com\/wp-content\/uploads\/2025\/05\/70a72c32-680x510.jpg"},"property-thumb-image":{"file":"70a72c32-488x326.jpg","width":488,"height":326,"mime-type":"image\/jpeg","filesize":76237,"url":"https:\/\/www.costadelsol-mallorca.com\/wp-content\/uploads\/2025\/05\/70a72c32-488x326.jpg"},"property-detail-video-image":{"file":"70a72c32-818x417.jpg","width":818,"height":417,"mime-type":"image\/jpeg","filesize":133904,"url":"https:\/\/www.costadelsol-mallorca.com\/wp-content\/uploads\/2025\/05\/70a72c32-818x417.jpg"},"agent-image":{"file":"70a72c32-210x210.jpg","width":210,"height":210,"mime-type":"image\/jpeg","filesize":28251,"url":"https:\/\/www.costadelsol-mallorca.com\/wp-content\/uploads\/2025\/05\/70a72c32-210x210.jpg"},"partners-logo":{"file":"70a72c32-600x675.jpg","width":600,"height":675,"mime-type":"image\/jpeg","filesize":155080,"url":"https:\/\/www.costadelsol-mallorca.com\/wp-content\/uploads\/2025\/05\/70a72c32-600x675.jpg"}},"image_meta":{"aperture":"0","credit":"","camera":"","caption":"","created_timestamp":"0","copyright":"","focal_length":"0","iso":"0","shutter_speed":"0","title":"","orientation":"0","keywords":[]},"ID":"221992","name":"70a72c32.jpg","path":"\/home\/ro\/web\/costadelsol-mallorca.com\/public_html\/wp-content\/uploads\/2025\/05\/70a72c32.jpg","url":"https:\/\/www.costadelsol-mallorca.com\/wp-content\/uploads\/2025\/05\/70a72c32-150x150.jpg","full_url":"https:\/\/www.costadelsol-mallorca.com\/wp-content\/uploads\/2025\/05\/70a72c32.jpg","title":"70a72c32","caption":"","description":"","alt":"","srcset":"https:\/\/www.costadelsol-mallorca.com\/wp-content\/uploads\/2025\/05\/70a72c32-150x150.jpg 150w, https:\/\/www.costadelsol-mallorca.com\/wp-content\/uploads\/2025\/05\/70a72c32-120x120.jpg 120w, https:\/\/www.costadelsol-mallorca.com\/wp-content\/uploads\/2025\/05\/70a72c32-210x210.jpg 210w"}],"REAL_HOMES_change_gallery_slider_type":"","REAL_HOMES_gallery_slider_type":"thumb-on-right","inspiry_floor_plans":[],"inspiry_video_group":[],"REAL_HOMES_360_virtual_tour":"","REAL_HOMES_tour_video_url":"","REAL_HOMES_tour_video_image":[],"REAL_HOMES_agent_display_option":"agent_info","REAL_HOMES_agents":[],"REAL_HOMES_energy_class":"","REAL_HOMES_energy_performance":"","REAL_HOMES_epc_current_rating":"","REAL_HOMES_epc_potential_rating":"","REAL_HOMES_sticky":"","inspiry_property_label":"","inspiry_property_label_color":"","inspiry_property_tax":"","inspiry_additional_fee":"","REAL_HOMES_attachments":[],"inspiry_property_owner_name":"","inspiry_property_owner_contact":"","inspiry_property_owner_address":"","REAL_HOMES_property_private_note":"","inspiry_message_to_reviewer":"","REAL_HOMES_add_in_slider":"no","REAL_HOMES_slider_image":[],"REAL_HOMES_page_banner_image":[],"REAL_HOMES_hide_property_advance_search":"","REAL_HOMES_hide_advance_search":"","REAL_HOMES_custom_search_form":"","REAL_HOMES_search_form_margin_top":"","REAL_HOMES_search_form_margin_bottom":""},"_links":{"self":[{"href":"https:\/\/www.costadelsol-mallorca.com\/es\/wp-json\/wp\/v2\/property\/229438"}],"collection":[{"href":"https:\/\/www.costadelsol-mallorca.com\/es\/wp-json\/wp\/v2\/property"}],"about":[{"href":"https:\/\/www.costadelsol-mallorca.com\/es\/wp-json\/wp\/v2\/types\/property"}],"replies":[{"embeddable":true,"href":"https:\/\/www.costadelsol-mallorca.com\/es\/wp-json\/wp\/v2\/comments?post=229438"}],"version-history":[{"count":0,"href":"https:\/\/www.costadelsol-mallorca.com\/es\/wp-json\/wp\/v2\/property\/229438\/revisions"}],"wp:featuredmedia":[{"embeddable":true,"href":"https:\/\/www.costadelsol-mallorca.com\/es\/wp-json\/wp\/v2\/media\/221975"}],"wp:attachment":[{"href":"https:\/\/www.costadelsol-mallorca.com\/es\/wp-json\/wp\/v2\/media?parent=229438"}],"wp:term":[{"taxonomy":"property-feature","embeddable":true,"href":"https:\/\/www.costadelsol-mallorca.com\/es\/wp-json\/wp\/v2\/property-feature?post=229438"},{"taxonomy":"property-type","embeddable":true,"href":"https:\/\/www.costadelsol-mallorca.com\/es\/wp-json\/wp\/v2\/property-type?post=229438"},{"taxonomy":"property-city","embeddable":true,"href":"https:\/\/www.costadelsol-mallorca.com\/es\/wp-json\/wp\/v2\/property-city?post=229438"},{"taxonomy":"property-status","embeddable":true,"href":"https:\/\/www.costadelsol-mallorca.com\/es\/wp-json\/wp\/v2\/property-status?post=229438"}],"curies":[{"name":"wp","href":"https:\/\/api.w.org\/{rel}","templated":true}]}}