{"id":229446,"date":"2024-12-04T08:39:23","date_gmt":"2024-12-04T07:39:23","guid":{"rendered":"https:\/\/www.costadelsol-mallorca.com\/property\/manilva-malaga-spain-ground-floor-apartment\/"},"modified":"2024-12-04T08:39:23","modified_gmt":"2024-12-04T07:39:23","slug":"manilva-malaga-spain-ground-floor-apartment","status":"publish","type":"property","link":"https:\/\/www.costadelsol-mallorca.com\/es\/property\/manilva-malaga-spain-ground-floor-apartment\/","title":{"rendered":"Manilva, Malaga, Spain &#8211; Ground Floor Apartment"},"content":{"rendered":"<p>Una oportunidad para el cliente con mentalidad de inversi\u00f3n para comprar un apartamento a precios de lanzamiento en la primera fase de esta atractiva comunidad cerrada en Manilva, cerca del bonito puerto deportivo de La Duquesa que ofrecer\u00e1 en total 159 viviendas.&#xD;&#xD;Presentado aqu\u00ed es un apartamento de tres dormitorios de muy buen tama\u00f1o con el sal\u00f3n y dos de los dormitorios con acceso directo a la terraza de muy buen tama\u00f1o.&#xD;&#xD;El comprador puede elegir entre una selecci\u00f3n de acabados de los ba\u00f1os. El apartamento se entregar\u00e1 con una cocina totalmente amueblada y equipada de estilo moderno y ba\u00f1os con ducha.&#xD;&#xD;La orientaci\u00f3n del apartamento permite disfrutar plenamente del sol glorioso y vistas panor\u00e1micas.&#xD;&#xD;Le ofrecemos una amplia gama de acabados para que convierta su casa en su hogar, colecciones inspiradas en la naturaleza, la tierra, el mar y el aire, representando su personalidad. Suelos y alicatados, pinturas, puertas de paso y armarios con acabado interior a juego, muebles de ba\u00f1o, cocina&#8230; Las opciones son muchas y diversas, as\u00ed que ahora es el momento de pensar c\u00f3mo quiere dar el toque final a su hogar.&#xD;&#xD;El apartamento se entregar\u00e1 con una plaza de aparcamiento en el garaje subterr\u00e1neo y un trastero privado.&#xD;&#xD;Estos apartamentos sobre plano se entregan en c\u00f3modas condiciones de pago. Tambi\u00e9n a petici\u00f3n, precios, folleto y especificaciones de calidad.<\/p>\n","protected":false},"excerpt":{"rendered":"<p>Una oportunidad para el cliente con mentalidad de inversi\u00f3n para comprar un apartamento a precios de lanzamiento en la primera fase de esta atractiva comunidad cerrada en Manilva, cerca del bonito puerto deportivo de La Duquesa que ofrecer\u00e1 en total 159 viviendas.&#xD;&#xD;Presentado aqu\u00ed es un apartamento de tres dormitorios de muy buen tama\u00f1o con el&#8230;<\/p>\n","protected":false},"author":1,"featured_media":222323,"parent":0,"menu_order":0,"comment_status":"open","ping_status":"open","template":"","property-feature":[1570,1577,1579,1591,1594,1625,264,271,1539,1541,1544,1545,1551,1553,1557,1558],"property-type":[1599],"property-city":[866,875,1519],"property-status":[],"aioseo_notices":[],"property_meta":{"REAL_HOMES_property_price":"429500","REAL_HOMES_property_old_price":"","REAL_HOMES_property_price_prefix":"","REAL_HOMES_property_price_postfix":"","REAL_HOMES_property_size":"106","REAL_HOMES_property_size_postfix":"","REAL_HOMES_property_lot_size":"","REAL_HOMES_property_lot_size_postfix":"","REAL_HOMES_property_bedrooms":"3","REAL_HOMES_property_bathrooms":"2","REAL_HOMES_property_garage":"","REAL_HOMES_property_id":"MDL4422040","REAL_HOMES_property_year_built":"","REAL_HOMES_featured":"0","REAL_HOMES_additional_details_list":[["",""]],"REAL_HOMES_property_location":{"latitude":"","longitude":"","zoom":""},"REAL_HOMES_property_address":"","REAL_HOMES_property_map":"0","REAL_HOMES_property_images":[{"width":150,"height":150,"file":"2025\/05\/51ac214c.jpg","filesize":247131,"sizes":{"thumbnail":{"file":"51ac214c-150x150.jpg","width":150,"height":150,"mime-type":"image\/jpeg","filesize":19585,"url":"https:\/\/www.costadelsol-mallorca.com\/wp-content\/uploads\/2025\/05\/51ac214c-150x150.jpg"},"tf-client-image-size":{"file":"51ac214c-120x120.jpg","width":120,"height":120,"mime-type":"image\/jpeg","filesize":13105,"url":"https:\/\/www.costadelsol-mallorca.com\/wp-content\/uploads\/2025\/05\/51ac214c-120x120.jpg"},"post-thumbnail":{"file":"51ac214c-150x100.jpg","width":150,"height":100,"mime-type":"image\/jpeg","filesize":14596,"url":"https:\/\/www.costadelsol-mallorca.com\/wp-content\/uploads\/2025\/05\/51ac214c-150x100.jpg"},"modern-property-child-slider":{"file":"51ac214c-680x510.jpg","width":680,"height":510,"mime-type":"image\/jpeg","filesize":203522,"url":"https:\/\/www.costadelsol-mallorca.com\/wp-content\/uploads\/2025\/05\/51ac214c-680x510.jpg"},"property-thumb-image":{"file":"51ac214c-488x326.jpg","width":488,"height":326,"mime-type":"image\/jpeg","filesize":106502,"url":"https:\/\/www.costadelsol-mallorca.com\/wp-content\/uploads\/2025\/05\/51ac214c-488x326.jpg"},"property-detail-video-image":{"file":"51ac214c-818x417.jpg","width":818,"height":417,"mime-type":"image\/jpeg","filesize":210193,"url":"https:\/\/www.costadelsol-mallorca.com\/wp-content\/uploads\/2025\/05\/51ac214c-818x417.jpg"},"agent-image":{"file":"51ac214c-210x210.jpg","width":210,"height":210,"mime-type":"image\/jpeg","filesize":35408,"url":"https:\/\/www.costadelsol-mallorca.com\/wp-content\/uploads\/2025\/05\/51ac214c-210x210.jpg"},"partners-logo":{"file":"51ac214c-600x800.jpg","width":600,"height":800,"mime-type":"image\/jpeg","filesize":249760,"url":"https:\/\/www.costadelsol-mallorca.com\/wp-content\/uploads\/2025\/05\/51ac214c-600x800.jpg"},"post-featured-image":{"file":"51ac214c-1200x720.jpg","width":1200,"height":720,"mime-type":"image\/jpeg","filesize":337255,"url":"https:\/\/www.costadelsol-mallorca.com\/wp-content\/uploads\/2025\/05\/51ac214c-1200x720.jpg"}},"image_meta":{"aperture":"0","credit":"","camera":"","caption":"","created_timestamp":"0","copyright":"","focal_length":"0","iso":"0","shutter_speed":"0","title":"","orientation":"0","keywords":[]},"ID":"222320","name":"51ac214c.jpg","path":"\/home\/ro\/web\/costadelsol-mallorca.com\/public_html\/wp-content\/uploads\/2025\/05\/51ac214c.jpg","url":"https:\/\/www.costadelsol-mallorca.com\/wp-content\/uploads\/2025\/05\/51ac214c-150x150.jpg","full_url":"https:\/\/www.costadelsol-mallorca.com\/wp-content\/uploads\/2025\/05\/51ac214c.jpg","title":"51ac214c","caption":"","description":"","alt":"","srcset":"https:\/\/www.costadelsol-mallorca.com\/wp-content\/uploads\/2025\/05\/51ac214c-150x150.jpg 150w, https:\/\/www.costadelsol-mallorca.com\/wp-content\/uploads\/2025\/05\/51ac214c-120x120.jpg 120w, https:\/\/www.costadelsol-mallorca.com\/wp-content\/uploads\/2025\/05\/51ac214c-210x210.jpg 210w"},{"width":150,"height":150,"file":"2025\/05\/a7bf1444.jpg","filesize":213995,"sizes":{"thumbnail":{"file":"a7bf1444-150x150.jpg","width":150,"height":150,"mime-type":"image\/jpeg","filesize":20571,"url":"https:\/\/www.costadelsol-mallorca.com\/wp-content\/uploads\/2025\/05\/a7bf1444-150x150.jpg"},"tf-client-image-size":{"file":"a7bf1444-120x120.jpg","width":120,"height":120,"mime-type":"image\/jpeg","filesize":14017,"url":"https:\/\/www.costadelsol-mallorca.com\/wp-content\/uploads\/2025\/05\/a7bf1444-120x120.jpg"},"post-thumbnail":{"file":"a7bf1444-150x100.jpg","width":150,"height":100,"mime-type":"image\/jpeg","filesize":15538,"url":"https:\/\/www.costadelsol-mallorca.com\/wp-content\/uploads\/2025\/05\/a7bf1444-150x100.jpg"},"modern-property-child-slider":{"file":"a7bf1444-680x510.jpg","width":680,"height":510,"mime-type":"image\/jpeg","filesize":190630,"url":"https:\/\/www.costadelsol-mallorca.com\/wp-content\/uploads\/2025\/05\/a7bf1444-680x510.jpg"},"property-thumb-image":{"file":"a7bf1444-488x326.jpg","width":488,"height":326,"mime-type":"image\/jpeg","filesize":102599,"url":"https:\/\/www.costadelsol-mallorca.com\/wp-content\/uploads\/2025\/05\/a7bf1444-488x326.jpg"},"property-detail-video-image":{"file":"a7bf1444-818x417.jpg","width":818,"height":417,"mime-type":"image\/jpeg","filesize":186826,"url":"https:\/\/www.costadelsol-mallorca.com\/wp-content\/uploads\/2025\/05\/a7bf1444-818x417.jpg"},"agent-image":{"file":"a7bf1444-210x210.jpg","width":210,"height":210,"mime-type":"image\/jpeg","filesize":35714,"url":"https:\/\/www.costadelsol-mallorca.com\/wp-content\/uploads\/2025\/05\/a7bf1444-210x210.jpg"},"partners-logo":{"file":"a7bf1444-600x800.jpg","width":600,"height":800,"mime-type":"image\/jpeg","filesize":222952,"url":"https:\/\/www.costadelsol-mallorca.com\/wp-content\/uploads\/2025\/05\/a7bf1444-600x800.jpg"},"post-featured-image":{"file":"a7bf1444-1200x720.jpg","width":1200,"height":720,"mime-type":"image\/jpeg","filesize":293179,"url":"https:\/\/www.costadelsol-mallorca.com\/wp-content\/uploads\/2025\/05\/a7bf1444-1200x720.jpg"}},"image_meta":{"aperture":"0","credit":"","camera":"","caption":"","created_timestamp":"0","copyright":"","focal_length":"0","iso":"0","shutter_speed":"0","title":"","orientation":"0","keywords":[]},"ID":"222324","name":"a7bf1444.jpg","path":"\/home\/ro\/web\/costadelsol-mallorca.com\/public_html\/wp-content\/uploads\/2025\/05\/a7bf1444.jpg","url":"https:\/\/www.costadelsol-mallorca.com\/wp-content\/uploads\/2025\/05\/a7bf1444-150x150.jpg","full_url":"https:\/\/www.costadelsol-mallorca.com\/wp-content\/uploads\/2025\/05\/a7bf1444.jpg","title":"a7bf1444","caption":"","description":"","alt":"","srcset":"https:\/\/www.costadelsol-mallorca.com\/wp-content\/uploads\/2025\/05\/a7bf1444-150x150.jpg 150w, https:\/\/www.costadelsol-mallorca.com\/wp-content\/uploads\/2025\/05\/a7bf1444-120x120.jpg 120w, https:\/\/www.costadelsol-mallorca.com\/wp-content\/uploads\/2025\/05\/a7bf1444-210x210.jpg 210w"},{"width":150,"height":150,"file":"2025\/05\/431b1ec5.jpg","filesize":264294,"sizes":{"thumbnail":{"file":"431b1ec5-150x150.jpg","width":150,"height":150,"mime-type":"image\/jpeg","filesize":18926,"url":"https:\/\/www.costadelsol-mallorca.com\/wp-content\/uploads\/2025\/05\/431b1ec5-150x150.jpg"},"tf-client-image-size":{"file":"431b1ec5-120x120.jpg","width":120,"height":120,"mime-type":"image\/jpeg","filesize":12687,"url":"https:\/\/www.costadelsol-mallorca.com\/wp-content\/uploads\/2025\/05\/431b1ec5-120x120.jpg"},"post-thumbnail":{"file":"431b1ec5-150x100.jpg","width":150,"height":100,"mime-type":"image\/jpeg","filesize":15528,"url":"https:\/\/www.costadelsol-mallorca.com\/wp-content\/uploads\/2025\/05\/431b1ec5-150x100.jpg"},"modern-property-child-slider":{"file":"431b1ec5-680x510.jpg","width":680,"height":510,"mime-type":"image\/jpeg","filesize":209388,"url":"https:\/\/www.costadelsol-mallorca.com\/wp-content\/uploads\/2025\/05\/431b1ec5-680x510.jpg"},"property-thumb-image":{"file":"431b1ec5-488x326.jpg","width":488,"height":326,"mime-type":"image\/jpeg","filesize":113335,"url":"https:\/\/www.costadelsol-mallorca.com\/wp-content\/uploads\/2025\/05\/431b1ec5-488x326.jpg"},"property-detail-video-image":{"file":"431b1ec5-818x417.jpg","width":818,"height":417,"mime-type":"image\/jpeg","filesize":206591,"url":"https:\/\/www.costadelsol-mallorca.com\/wp-content\/uploads\/2025\/05\/431b1ec5-818x417.jpg"},"agent-image":{"file":"431b1ec5-210x210.jpg","width":210,"height":210,"mime-type":"image\/jpeg","filesize":34168,"url":"https:\/\/www.costadelsol-mallorca.com\/wp-content\/uploads\/2025\/05\/431b1ec5-210x210.jpg"},"partners-logo":{"file":"431b1ec5-600x800.jpg","width":600,"height":800,"mime-type":"image\/jpeg","filesize":239779,"url":"https:\/\/www.costadelsol-mallorca.com\/wp-content\/uploads\/2025\/05\/431b1ec5-600x800.jpg"},"post-featured-image":{"file":"431b1ec5-1200x720.jpg","width":1200,"height":720,"mime-type":"image\/jpeg","filesize":359037,"url":"https:\/\/www.costadelsol-mallorca.com\/wp-content\/uploads\/2025\/05\/431b1ec5-1200x720.jpg"}},"image_meta":{"aperture":"0","credit":"","camera":"","caption":"","created_timestamp":"0","copyright":"","focal_length":"0","iso":"0","shutter_speed":"0","title":"","orientation":"0","keywords":[]},"ID":"222328","name":"431b1ec5.jpg","path":"\/home\/ro\/web\/costadelsol-mallorca.com\/public_html\/wp-content\/uploads\/2025\/05\/431b1ec5.jpg","url":"https:\/\/www.costadelsol-mallorca.com\/wp-content\/uploads\/2025\/05\/431b1ec5-150x150.jpg","full_url":"https:\/\/www.costadelsol-mallorca.com\/wp-content\/uploads\/2025\/05\/431b1ec5.jpg","title":"431b1ec5","caption":"","description":"","alt":"","srcset":"https:\/\/www.costadelsol-mallorca.com\/wp-content\/uploads\/2025\/05\/431b1ec5-150x150.jpg 150w, https:\/\/www.costadelsol-mallorca.com\/wp-content\/uploads\/2025\/05\/431b1ec5-120x120.jpg 120w, https:\/\/www.costadelsol-mallorca.com\/wp-content\/uploads\/2025\/05\/431b1ec5-210x210.jpg 210w"},{"width":150,"height":150,"file":"2025\/05\/fb9f037a.jpg","filesize":349710,"sizes":{"thumbnail":{"file":"fb9f037a-150x150.jpg","width":150,"height":150,"mime-type":"image\/jpeg","filesize":27337,"url":"https:\/\/www.costadelsol-mallorca.com\/wp-content\/uploads\/2025\/05\/fb9f037a-150x150.jpg"},"tf-client-image-size":{"file":"fb9f037a-120x120.jpg","width":120,"height":120,"mime-type":"image\/jpeg","filesize":18255,"url":"https:\/\/www.costadelsol-mallorca.com\/wp-content\/uploads\/2025\/05\/fb9f037a-120x120.jpg"},"post-thumbnail":{"file":"fb9f037a-150x100.jpg","width":150,"height":100,"mime-type":"image\/jpeg","filesize":19902,"url":"https:\/\/www.costadelsol-mallorca.com\/wp-content\/uploads\/2025\/05\/fb9f037a-150x100.jpg"},"modern-property-child-slider":{"file":"fb9f037a-680x510.jpg","width":680,"height":510,"mime-type":"image\/jpeg","filesize":280944,"url":"https:\/\/www.costadelsol-mallorca.com\/wp-content\/uploads\/2025\/05\/fb9f037a-680x510.jpg"},"property-thumb-image":{"file":"fb9f037a-488x326.jpg","width":488,"height":326,"mime-type":"image\/jpeg","filesize":147732,"url":"https:\/\/www.costadelsol-mallorca.com\/wp-content\/uploads\/2025\/05\/fb9f037a-488x326.jpg"},"property-detail-video-image":{"file":"fb9f037a-818x417.jpg","width":818,"height":417,"mime-type":"image\/jpeg","filesize":269398,"url":"https:\/\/www.costadelsol-mallorca.com\/wp-content\/uploads\/2025\/05\/fb9f037a-818x417.jpg"},"agent-image":{"file":"fb9f037a-210x210.jpg","width":210,"height":210,"mime-type":"image\/jpeg","filesize":49187,"url":"https:\/\/www.costadelsol-mallorca.com\/wp-content\/uploads\/2025\/05\/fb9f037a-210x210.jpg"},"partners-logo":{"file":"fb9f037a-600x800.jpg","width":600,"height":800,"mime-type":"image\/jpeg","filesize":352980,"url":"https:\/\/www.costadelsol-mallorca.com\/wp-content\/uploads\/2025\/05\/fb9f037a-600x800.jpg"},"post-featured-image":{"file":"fb9f037a-1200x720.jpg","width":1200,"height":720,"mime-type":"image\/jpeg","filesize":447761,"url":"https:\/\/www.costadelsol-mallorca.com\/wp-content\/uploads\/2025\/05\/fb9f037a-1200x720.jpg"}},"image_meta":{"aperture":"0","credit":"","camera":"","caption":"","created_timestamp":"0","copyright":"","focal_length":"0","iso":"0","shutter_speed":"0","title":"","orientation":"0","keywords":[]},"ID":"222332","name":"fb9f037a.jpg","path":"\/home\/ro\/web\/costadelsol-mallorca.com\/public_html\/wp-content\/uploads\/2025\/05\/fb9f037a.jpg","url":"https:\/\/www.costadelsol-mallorca.com\/wp-content\/uploads\/2025\/05\/fb9f037a-150x150.jpg","full_url":"https:\/\/www.costadelsol-mallorca.com\/wp-content\/uploads\/2025\/05\/fb9f037a.jpg","title":"fb9f037a","caption":"","description":"","alt":"","srcset":"https:\/\/www.costadelsol-mallorca.com\/wp-content\/uploads\/2025\/05\/fb9f037a-150x150.jpg 150w, https:\/\/www.costadelsol-mallorca.com\/wp-content\/uploads\/2025\/05\/fb9f037a-120x120.jpg 120w, https:\/\/www.costadelsol-mallorca.com\/wp-content\/uploads\/2025\/05\/fb9f037a-210x210.jpg 210w"},{"width":150,"height":150,"file":"2025\/05\/44b92c8f.jpg","filesize":265333,"sizes":{"thumbnail":{"file":"44b92c8f-150x150.jpg","width":150,"height":150,"mime-type":"image\/jpeg","filesize":21214,"url":"https:\/\/www.costadelsol-mallorca.com\/wp-content\/uploads\/2025\/05\/44b92c8f-150x150.jpg"},"tf-client-image-size":{"file":"44b92c8f-120x120.jpg","width":120,"height":120,"mime-type":"image\/jpeg","filesize":13913,"url":"https:\/\/www.costadelsol-mallorca.com\/wp-content\/uploads\/2025\/05\/44b92c8f-120x120.jpg"},"post-thumbnail":{"file":"44b92c8f-150x100.jpg","width":150,"height":100,"mime-type":"image\/jpeg","filesize":15279,"url":"https:\/\/www.costadelsol-mallorca.com\/wp-content\/uploads\/2025\/05\/44b92c8f-150x100.jpg"},"modern-property-child-slider":{"file":"44b92c8f-680x510.jpg","width":680,"height":510,"mime-type":"image\/jpeg","filesize":225985,"url":"https:\/\/www.costadelsol-mallorca.com\/wp-content\/uploads\/2025\/05\/44b92c8f-680x510.jpg"},"property-thumb-image":{"file":"44b92c8f-488x326.jpg","width":488,"height":326,"mime-type":"image\/jpeg","filesize":117842,"url":"https:\/\/www.costadelsol-mallorca.com\/wp-content\/uploads\/2025\/05\/44b92c8f-488x326.jpg"},"property-detail-video-image":{"file":"44b92c8f-818x417.jpg","width":818,"height":417,"mime-type":"image\/jpeg","filesize":228477,"url":"https:\/\/www.costadelsol-mallorca.com\/wp-content\/uploads\/2025\/05\/44b92c8f-818x417.jpg"},"agent-image":{"file":"44b92c8f-210x210.jpg","width":210,"height":210,"mime-type":"image\/jpeg","filesize":38765,"url":"https:\/\/www.costadelsol-mallorca.com\/wp-content\/uploads\/2025\/05\/44b92c8f-210x210.jpg"},"partners-logo":{"file":"44b92c8f-600x800.jpg","width":600,"height":800,"mime-type":"image\/jpeg","filesize":283175,"url":"https:\/\/www.costadelsol-mallorca.com\/wp-content\/uploads\/2025\/05\/44b92c8f-600x800.jpg"},"post-featured-image":{"file":"44b92c8f-1200x720.jpg","width":1200,"height":720,"mime-type":"image\/jpeg","filesize":360436,"url":"https:\/\/www.costadelsol-mallorca.com\/wp-content\/uploads\/2025\/05\/44b92c8f-1200x720.jpg"}},"image_meta":{"aperture":"0","credit":"","camera":"","caption":"","created_timestamp":"0","copyright":"","focal_length":"0","iso":"0","shutter_speed":"0","title":"","orientation":"0","keywords":[]},"ID":"222336","name":"44b92c8f.jpg","path":"\/home\/ro\/web\/costadelsol-mallorca.com\/public_html\/wp-content\/uploads\/2025\/05\/44b92c8f.jpg","url":"https:\/\/www.costadelsol-mallorca.com\/wp-content\/uploads\/2025\/05\/44b92c8f-150x150.jpg","full_url":"https:\/\/www.costadelsol-mallorca.com\/wp-content\/uploads\/2025\/05\/44b92c8f.jpg","title":"44b92c8f","caption":"","description":"","alt":"","srcset":"https:\/\/www.costadelsol-mallorca.com\/wp-content\/uploads\/2025\/05\/44b92c8f-150x150.jpg 150w, https:\/\/www.costadelsol-mallorca.com\/wp-content\/uploads\/2025\/05\/44b92c8f-120x120.jpg 120w, https:\/\/www.costadelsol-mallorca.com\/wp-content\/uploads\/2025\/05\/44b92c8f-210x210.jpg 210w"}],"REAL_HOMES_change_gallery_slider_type":"","REAL_HOMES_gallery_slider_type":"thumb-on-right","inspiry_floor_plans":[],"inspiry_video_group":[],"REAL_HOMES_360_virtual_tour":"","REAL_HOMES_tour_video_url":"","REAL_HOMES_tour_video_image":[],"REAL_HOMES_agent_display_option":"agent_info","REAL_HOMES_agents":[],"REAL_HOMES_energy_class":"","REAL_HOMES_energy_performance":"","REAL_HOMES_epc_current_rating":"","REAL_HOMES_epc_potential_rating":"","REAL_HOMES_sticky":"","inspiry_property_label":"","inspiry_property_label_color":"","inspiry_property_tax":"","inspiry_additional_fee":"","REAL_HOMES_attachments":[],"inspiry_property_owner_name":"","inspiry_property_owner_contact":"","inspiry_property_owner_address":"","REAL_HOMES_property_private_note":"","inspiry_message_to_reviewer":"","REAL_HOMES_add_in_slider":"no","REAL_HOMES_slider_image":[],"REAL_HOMES_page_banner_image":[],"REAL_HOMES_hide_property_advance_search":"","REAL_HOMES_hide_advance_search":"","REAL_HOMES_custom_search_form":"","REAL_HOMES_search_form_margin_top":"","REAL_HOMES_search_form_margin_bottom":""},"_links":{"self":[{"href":"https:\/\/www.costadelsol-mallorca.com\/es\/wp-json\/wp\/v2\/property\/229446"}],"collection":[{"href":"https:\/\/www.costadelsol-mallorca.com\/es\/wp-json\/wp\/v2\/property"}],"about":[{"href":"https:\/\/www.costadelsol-mallorca.com\/es\/wp-json\/wp\/v2\/types\/property"}],"author":[{"embeddable":true,"href":"https:\/\/www.costadelsol-mallorca.com\/es\/wp-json\/wp\/v2\/users\/1"}],"replies":[{"embeddable":true,"href":"https:\/\/www.costadelsol-mallorca.com\/es\/wp-json\/wp\/v2\/comments?post=229446"}],"version-history":[{"count":0,"href":"https:\/\/www.costadelsol-mallorca.com\/es\/wp-json\/wp\/v2\/property\/229446\/revisions"}],"wp:featuredmedia":[{"embeddable":true,"href":"https:\/\/www.costadelsol-mallorca.com\/es\/wp-json\/wp\/v2\/media\/222323"}],"wp:attachment":[{"href":"https:\/\/www.costadelsol-mallorca.com\/es\/wp-json\/wp\/v2\/media?parent=229446"}],"wp:term":[{"taxonomy":"property-feature","embeddable":true,"href":"https:\/\/www.costadelsol-mallorca.com\/es\/wp-json\/wp\/v2\/property-feature?post=229446"},{"taxonomy":"property-type","embeddable":true,"href":"https:\/\/www.costadelsol-mallorca.com\/es\/wp-json\/wp\/v2\/property-type?post=229446"},{"taxonomy":"property-city","embeddable":true,"href":"https:\/\/www.costadelsol-mallorca.com\/es\/wp-json\/wp\/v2\/property-city?post=229446"},{"taxonomy":"property-status","embeddable":true,"href":"https:\/\/www.costadelsol-mallorca.com\/es\/wp-json\/wp\/v2\/property-status?post=229446"}],"curies":[{"name":"wp","href":"https:\/\/api.w.org\/{rel}","templated":true}]}}