{"id":229449,"date":"2024-12-04T08:39:25","date_gmt":"2024-12-04T07:39:25","guid":{"rendered":"https:\/\/www.costadelsol-mallorca.com\/property\/casares-malaga-spain-ground-floor-apartment\/"},"modified":"2024-12-04T08:39:25","modified_gmt":"2024-12-04T07:39:25","slug":"casares-malaga-spain-ground-floor-apartment","status":"publish","type":"property","link":"https:\/\/www.costadelsol-mallorca.com\/es\/property\/casares-malaga-spain-ground-floor-apartment\/","title":{"rendered":"Casares, Malaga, Spain &#8211; Ground Floor Apartment"},"content":{"rendered":"<p>Una excepcional inversi\u00f3n inmobiliaria le espera en una propiedad dentro de esta fabulosa comunidad cerrada de apartamentos de calidad superior en la prestigiosa Finca Cortes\u00edn.&#xD;&#xD;Las espectaculares casas toman su dise\u00f1o interior de la famosa casa de moda Missoni.&#xD;&#xD;El enfoque minimalista, la simplicidad y la pureza de l\u00edneas, esta es la idea detr\u00e1s del estilo mediterr\u00e1neo contempor\u00e1neo. Los elementos modernos y los materiales naturales crean un ambiente c\u00e1lido y acogedor, complementado por una iluminaci\u00f3n suave, c\u00e1lida y natural. Las propiedades tienen una altura de techo de unos 3 metros que ayudan a enfatizar la amplitud y calidad de las viviendas.&#xD;&#xD;Los precios var\u00edan en funci\u00f3n de la unidad seleccionada, pero se ofrecen con un calendario de pago muy f\u00e1cil.&#xD;&#xD;Los apartamentos son sin duda una de las ofertas de m\u00e1s alto nivel disponibles en la actualidad y est\u00e1n dirigidos a los clientes m\u00e1s exigentes.&#xD;&#xD;Todos los apartamentos gozan tambi\u00e9n de fant\u00e1sticas vistas y los propietarios tienen aqu\u00ed la ventaja adicional de que en el n\u00facleo de la comunidad es donde brillan las conexiones y nacen las nuevas ideas. Aqu\u00ed hay una majestuosa piscina para relajarse, zonas infantiles cubiertas y al aire libre, y un moderno gimnasio para el bienestar de los residentes.&#xD;&#xD;El lujo viene acompa\u00f1ado de un estilo de vida m\u00e1s saludable. En esta urbanizaci\u00f3n de interiores de Missoni, el centro de bienestar se ha dise\u00f1ado y equipado espec\u00edficamente para satisfacer a todos los entusiastas del fitness, al tiempo que se disfruta de unas vistas incomparables de la costa.&#xD;&#xD;&#xD;Entre las caracter\u00edsticas y comodidades disponibles en el lugar para el disfrute de los propietarios se encuentran las siguientes:-&#xD;&#xD;INSTALACIONES Y SERVICIOS:&#xD;- Comunidad cerrada con entrada privada&#xD;- Servicios de seguridad premium 24\/7&#xD;- Conserje 24 horas&#xD;- Estacionamiento subterr\u00e1neo: 1 estacionamiento para unidades de 2BR, &#xD;2 aparcamientos para unidades de 3 o 4 dormitorios&#xD;- Jard\u00edn comunitario&#xD;- Piscina infinita&#xD;- Gimnasio de \u00faltima generaci\u00f3n&#xD;- Pistas de tenis&#xD;- Plataforma de observaci\u00f3n colgante&#xD;- Parque infantil&#xD;- Piscina infantil&#xD;- Zona de chapoteo para ni\u00f1os<\/p>\n","protected":false},"excerpt":{"rendered":"<p>Una excepcional inversi\u00f3n inmobiliaria le espera en una propiedad dentro de esta fabulosa comunidad cerrada de apartamentos de calidad superior en la prestigiosa Finca Cortes\u00edn.&#xD;&#xD;Las espectaculares casas toman su dise\u00f1o interior de la famosa casa de moda Missoni.&#xD;&#xD;El enfoque minimalista, la simplicidad y la pureza de l\u00edneas, esta es la idea detr\u00e1s del estilo mediterr\u00e1neo&#8230;<\/p>\n","protected":false},"author":1,"featured_media":222466,"parent":0,"menu_order":0,"comment_status":"open","ping_status":"open","template":"","property-feature":[616,1588,1539,1591,1541,1592,1544,1593,1545,1594,1546,1606,1548,1552,1553,1554,1556,1557,1558,1560,264,1570,271,1579],"property-type":[1599],"property-city":[1538,866,875],"property-status":[],"class_list":["post-229449","property","type-property","status-publish","has-post-thumbnail","hentry","property-feature-gym-es","property-feature-golf-view","property-feature-south-orientation","property-feature-communal-garden","property-feature-garage","property-feature-communal-pool","property-feature-air-conditioning","property-feature-panoramic-view","property-feature-fully-fitted-kitchen","property-feature-excellent-condition","property-feature-utility-room","property-feature-40-m-terrace","property-feature-marble-floors","property-feature-alarm","property-feature-double-glazing","property-feature-video-entrance","property-feature-security-service-24h","property-feature-telephone","property-feature-private-terrace","property-feature-underfloor-heating-throughout","property-feature-ascensor","property-feature-unfurnished","property-feature-vistas-al-mar","property-feature-fitted-wardrobes","property-type-ground-floor-apartment","property-city-casares","property-city-costa-del-sol","property-city-malaga","zones-cs"],"aioseo_notices":[],"property_meta":{"REAL_HOMES_property_price":"1920000","REAL_HOMES_property_old_price":"","REAL_HOMES_property_price_prefix":"","REAL_HOMES_property_price_postfix":"","REAL_HOMES_property_size":"227","REAL_HOMES_property_size_postfix":"","REAL_HOMES_property_lot_size":"","REAL_HOMES_property_lot_size_postfix":"","REAL_HOMES_property_bedrooms":"2","REAL_HOMES_property_bathrooms":"2","REAL_HOMES_property_garage":"","REAL_HOMES_property_id":"MDL4441912","REAL_HOMES_property_year_built":"","rvr_property_owner":"","REAL_HOMES_featured":"0","REAL_HOMES_additional_details_list":[["",""]],"REAL_HOMES_property_location":{"latitude":"","longitude":"","zoom":""},"REAL_HOMES_property_address":"","REAL_HOMES_property_map":"0","REAL_HOMES_property_images":[{"width":150,"height":150,"file":"2025\/05\/1b2639fe.jpg","filesize":237945,"sizes":{"thumbnail":{"file":"1b2639fe-150x150.jpg","width":150,"height":150,"mime-type":"image\/jpeg","filesize":21175,"url":"https:\/\/www.costadelsol-mallorca.com\/wp-content\/uploads\/2025\/05\/1b2639fe-150x150.jpg"},"tf-client-image-size":{"file":"1b2639fe-120x120.jpg","width":120,"height":120,"mime-type":"image\/jpeg","filesize":14538,"url":"https:\/\/www.costadelsol-mallorca.com\/wp-content\/uploads\/2025\/05\/1b2639fe-120x120.jpg"},"post-thumbnail":{"file":"1b2639fe-150x84.jpg","width":150,"height":84,"mime-type":"image\/jpeg","filesize":13557,"url":"https:\/\/www.costadelsol-mallorca.com\/wp-content\/uploads\/2025\/05\/1b2639fe-150x84.jpg"},"modern-property-child-slider":{"file":"1b2639fe-680x510.jpg","width":680,"height":510,"mime-type":"image\/jpeg","filesize":216117,"url":"https:\/\/www.costadelsol-mallorca.com\/wp-content\/uploads\/2025\/05\/1b2639fe-680x510.jpg"},"property-thumb-image":{"file":"1b2639fe-488x326.jpg","width":488,"height":326,"mime-type":"image\/jpeg","filesize":111980,"url":"https:\/\/www.costadelsol-mallorca.com\/wp-content\/uploads\/2025\/05\/1b2639fe-488x326.jpg"},"property-detail-video-image":{"file":"1b2639fe-818x417.jpg","width":818,"height":417,"mime-type":"image\/jpeg","filesize":219061,"url":"https:\/\/www.costadelsol-mallorca.com\/wp-content\/uploads\/2025\/05\/1b2639fe-818x417.jpg"},"agent-image":{"file":"1b2639fe-210x210.jpg","width":210,"height":210,"mime-type":"image\/jpeg","filesize":37939,"url":"https:\/\/www.costadelsol-mallorca.com\/wp-content\/uploads\/2025\/05\/1b2639fe-210x210.jpg"},"partners-logo":{"file":"1b2639fe-600x675.jpg","width":600,"height":675,"mime-type":"image\/jpeg","filesize":250114,"url":"https:\/\/www.costadelsol-mallorca.com\/wp-content\/uploads\/2025\/05\/1b2639fe-600x675.jpg"}},"image_meta":{"aperture":"0","credit":"","camera":"","caption":"","created_timestamp":"0","copyright":"","focal_length":"0","iso":"0","shutter_speed":"0","title":"","orientation":"0","keywords":[]},"ID":"222466","name":"1b2639fe.jpg","path":"\/home\/ro\/web\/costadelsol-mallorca.com\/public_html\/wp-content\/uploads\/2025\/05\/1b2639fe.jpg","url":"https:\/\/www.costadelsol-mallorca.com\/wp-content\/uploads\/2025\/05\/1b2639fe-150x150.jpg","full_url":"https:\/\/www.costadelsol-mallorca.com\/wp-content\/uploads\/2025\/05\/1b2639fe.jpg","title":"1b2639fe","caption":"","description":"","alt":"","srcset":"https:\/\/www.costadelsol-mallorca.com\/wp-content\/uploads\/2025\/05\/1b2639fe-150x150.jpg 150w, https:\/\/www.costadelsol-mallorca.com\/wp-content\/uploads\/2025\/05\/1b2639fe-120x120.jpg 120w, https:\/\/www.costadelsol-mallorca.com\/wp-content\/uploads\/2025\/05\/1b2639fe-210x210.jpg 210w"},{"width":150,"height":150,"file":"2025\/05\/65405cc0.jpg","filesize":171263,"sizes":{"thumbnail":{"file":"65405cc0-150x150.jpg","width":150,"height":150,"mime-type":"image\/jpeg","filesize":16845,"url":"https:\/\/www.costadelsol-mallorca.com\/wp-content\/uploads\/2025\/05\/65405cc0-150x150.jpg"},"tf-client-image-size":{"file":"65405cc0-120x120.jpg","width":120,"height":120,"mime-type":"image\/jpeg","filesize":11749,"url":"https:\/\/www.costadelsol-mallorca.com\/wp-content\/uploads\/2025\/05\/65405cc0-120x120.jpg"},"post-thumbnail":{"file":"65405cc0-150x88.jpg","width":150,"height":88,"mime-type":"image\/jpeg","filesize":11207,"url":"https:\/\/www.costadelsol-mallorca.com\/wp-content\/uploads\/2025\/05\/65405cc0-150x88.jpg"},"modern-property-child-slider":{"file":"65405cc0-680x510.jpg","width":680,"height":510,"mime-type":"image\/jpeg","filesize":160342,"url":"https:\/\/www.costadelsol-mallorca.com\/wp-content\/uploads\/2025\/05\/65405cc0-680x510.jpg"},"property-thumb-image":{"file":"65405cc0-488x326.jpg","width":488,"height":326,"mime-type":"image\/jpeg","filesize":84661,"url":"https:\/\/www.costadelsol-mallorca.com\/wp-content\/uploads\/2025\/05\/65405cc0-488x326.jpg"},"property-detail-video-image":{"file":"65405cc0-818x417.jpg","width":818,"height":417,"mime-type":"image\/jpeg","filesize":166612,"url":"https:\/\/www.costadelsol-mallorca.com\/wp-content\/uploads\/2025\/05\/65405cc0-818x417.jpg"},"agent-image":{"file":"65405cc0-210x210.jpg","width":210,"height":210,"mime-type":"image\/jpeg","filesize":29158,"url":"https:\/\/www.costadelsol-mallorca.com\/wp-content\/uploads\/2025\/05\/65405cc0-210x210.jpg"},"partners-logo":{"file":"65405cc0-600x706.jpg","width":600,"height":706,"mime-type":"image\/jpeg","filesize":187624,"url":"https:\/\/www.costadelsol-mallorca.com\/wp-content\/uploads\/2025\/05\/65405cc0-600x706.jpg"}},"image_meta":{"aperture":"0","credit":"","camera":"","caption":"","created_timestamp":"0","copyright":"","focal_length":"0","iso":"0","shutter_speed":"0","title":"","orientation":"0","keywords":[]},"ID":"222470","name":"65405cc0.jpg","path":"\/home\/ro\/web\/costadelsol-mallorca.com\/public_html\/wp-content\/uploads\/2025\/05\/65405cc0.jpg","url":"https:\/\/www.costadelsol-mallorca.com\/wp-content\/uploads\/2025\/05\/65405cc0-150x150.jpg","full_url":"https:\/\/www.costadelsol-mallorca.com\/wp-content\/uploads\/2025\/05\/65405cc0.jpg","title":"65405cc0","caption":"","description":"","alt":"","srcset":"https:\/\/www.costadelsol-mallorca.com\/wp-content\/uploads\/2025\/05\/65405cc0-150x150.jpg 150w, https:\/\/www.costadelsol-mallorca.com\/wp-content\/uploads\/2025\/05\/65405cc0-120x120.jpg 120w, https:\/\/www.costadelsol-mallorca.com\/wp-content\/uploads\/2025\/05\/65405cc0-210x210.jpg 210w"},{"width":150,"height":150,"file":"2025\/05\/fafd1bcb.jpg","filesize":184506,"sizes":{"thumbnail":{"file":"fafd1bcb-150x150.jpg","width":150,"height":150,"mime-type":"image\/jpeg","filesize":17044,"url":"https:\/\/www.costadelsol-mallorca.com\/wp-content\/uploads\/2025\/05\/fafd1bcb-150x150.jpg"},"tf-client-image-size":{"file":"fafd1bcb-120x120.jpg","width":120,"height":120,"mime-type":"image\/jpeg","filesize":11908,"url":"https:\/\/www.costadelsol-mallorca.com\/wp-content\/uploads\/2025\/05\/fafd1bcb-120x120.jpg"},"post-thumbnail":{"file":"fafd1bcb-150x84.jpg","width":150,"height":84,"mime-type":"image\/jpeg","filesize":11220,"url":"https:\/\/www.costadelsol-mallorca.com\/wp-content\/uploads\/2025\/05\/fafd1bcb-150x84.jpg"},"modern-property-child-slider":{"file":"fafd1bcb-680x510.jpg","width":680,"height":510,"mime-type":"image\/jpeg","filesize":169020,"url":"https:\/\/www.costadelsol-mallorca.com\/wp-content\/uploads\/2025\/05\/fafd1bcb-680x510.jpg"},"property-thumb-image":{"file":"fafd1bcb-488x326.jpg","width":488,"height":326,"mime-type":"image\/jpeg","filesize":89408,"url":"https:\/\/www.costadelsol-mallorca.com\/wp-content\/uploads\/2025\/05\/fafd1bcb-488x326.jpg"},"property-detail-video-image":{"file":"fafd1bcb-818x417.jpg","width":818,"height":417,"mime-type":"image\/jpeg","filesize":176436,"url":"https:\/\/www.costadelsol-mallorca.com\/wp-content\/uploads\/2025\/05\/fafd1bcb-818x417.jpg"},"agent-image":{"file":"fafd1bcb-210x210.jpg","width":210,"height":210,"mime-type":"image\/jpeg","filesize":30402,"url":"https:\/\/www.costadelsol-mallorca.com\/wp-content\/uploads\/2025\/05\/fafd1bcb-210x210.jpg"},"partners-logo":{"file":"fafd1bcb-600x675.jpg","width":600,"height":675,"mime-type":"image\/jpeg","filesize":184588,"url":"https:\/\/www.costadelsol-mallorca.com\/wp-content\/uploads\/2025\/05\/fafd1bcb-600x675.jpg"}},"image_meta":{"aperture":"0","credit":"","camera":"","caption":"","created_timestamp":"0","copyright":"","focal_length":"0","iso":"0","shutter_speed":"0","title":"","orientation":"0","keywords":[]},"ID":"222474","name":"fafd1bcb.jpg","path":"\/home\/ro\/web\/costadelsol-mallorca.com\/public_html\/wp-content\/uploads\/2025\/05\/fafd1bcb.jpg","url":"https:\/\/www.costadelsol-mallorca.com\/wp-content\/uploads\/2025\/05\/fafd1bcb-150x150.jpg","full_url":"https:\/\/www.costadelsol-mallorca.com\/wp-content\/uploads\/2025\/05\/fafd1bcb.jpg","title":"fafd1bcb","caption":"","description":"","alt":"","srcset":"https:\/\/www.costadelsol-mallorca.com\/wp-content\/uploads\/2025\/05\/fafd1bcb-150x150.jpg 150w, https:\/\/www.costadelsol-mallorca.com\/wp-content\/uploads\/2025\/05\/fafd1bcb-120x120.jpg 120w, https:\/\/www.costadelsol-mallorca.com\/wp-content\/uploads\/2025\/05\/fafd1bcb-210x210.jpg 210w"},{"width":150,"height":150,"file":"2025\/05\/79c4ee0d.jpg","filesize":196801,"sizes":{"thumbnail":{"file":"79c4ee0d-150x150.jpg","width":150,"height":150,"mime-type":"image\/jpeg","filesize":17397,"url":"https:\/\/www.costadelsol-mallorca.com\/wp-content\/uploads\/2025\/05\/79c4ee0d-150x150.jpg"},"tf-client-image-size":{"file":"79c4ee0d-120x120.jpg","width":120,"height":120,"mime-type":"image\/jpeg","filesize":11734,"url":"https:\/\/www.costadelsol-mallorca.com\/wp-content\/uploads\/2025\/05\/79c4ee0d-120x120.jpg"},"post-thumbnail":{"file":"79c4ee0d-150x91.jpg","width":150,"height":91,"mime-type":"image\/jpeg","filesize":12731,"url":"https:\/\/www.costadelsol-mallorca.com\/wp-content\/uploads\/2025\/05\/79c4ee0d-150x91.jpg"},"modern-property-child-slider":{"file":"79c4ee0d-680x510.jpg","width":680,"height":510,"mime-type":"image\/jpeg","filesize":171984,"url":"https:\/\/www.costadelsol-mallorca.com\/wp-content\/uploads\/2025\/05\/79c4ee0d-680x510.jpg"},"property-thumb-image":{"file":"79c4ee0d-488x326.jpg","width":488,"height":326,"mime-type":"image\/jpeg","filesize":92761,"url":"https:\/\/www.costadelsol-mallorca.com\/wp-content\/uploads\/2025\/05\/79c4ee0d-488x326.jpg"},"property-detail-video-image":{"file":"79c4ee0d-818x417.jpg","width":818,"height":417,"mime-type":"image\/jpeg","filesize":180677,"url":"https:\/\/www.costadelsol-mallorca.com\/wp-content\/uploads\/2025\/05\/79c4ee0d-818x417.jpg"},"agent-image":{"file":"79c4ee0d-210x210.jpg","width":210,"height":210,"mime-type":"image\/jpeg","filesize":30771,"url":"https:\/\/www.costadelsol-mallorca.com\/wp-content\/uploads\/2025\/05\/79c4ee0d-210x210.jpg"},"partners-logo":{"file":"79c4ee0d-600x728.jpg","width":600,"height":728,"mime-type":"image\/jpeg","filesize":200747,"url":"https:\/\/www.costadelsol-mallorca.com\/wp-content\/uploads\/2025\/05\/79c4ee0d-600x728.jpg"},"post-featured-image":{"file":"79c4ee0d-1200x720.jpg","width":1200,"height":720,"mime-type":"image\/jpeg","filesize":390818,"url":"https:\/\/www.costadelsol-mallorca.com\/wp-content\/uploads\/2025\/05\/79c4ee0d-1200x720.jpg"}},"image_meta":{"aperture":"0","credit":"","camera":"","caption":"","created_timestamp":"0","copyright":"","focal_length":"0","iso":"0","shutter_speed":"0","title":"","orientation":"0","keywords":[]},"ID":"222478","name":"79c4ee0d.jpg","path":"\/home\/ro\/web\/costadelsol-mallorca.com\/public_html\/wp-content\/uploads\/2025\/05\/79c4ee0d.jpg","url":"https:\/\/www.costadelsol-mallorca.com\/wp-content\/uploads\/2025\/05\/79c4ee0d-150x150.jpg","full_url":"https:\/\/www.costadelsol-mallorca.com\/wp-content\/uploads\/2025\/05\/79c4ee0d.jpg","title":"79c4ee0d","caption":"","description":"","alt":"","srcset":"https:\/\/www.costadelsol-mallorca.com\/wp-content\/uploads\/2025\/05\/79c4ee0d-150x150.jpg 150w, https:\/\/www.costadelsol-mallorca.com\/wp-content\/uploads\/2025\/05\/79c4ee0d-120x120.jpg 120w, https:\/\/www.costadelsol-mallorca.com\/wp-content\/uploads\/2025\/05\/79c4ee0d-210x210.jpg 210w"},{"width":150,"height":150,"file":"2025\/05\/b6bf1cc4.jpg","filesize":198580,"sizes":{"thumbnail":{"file":"b6bf1cc4-150x150.jpg","width":150,"height":150,"mime-type":"image\/jpeg","filesize":20629,"url":"https:\/\/www.costadelsol-mallorca.com\/wp-content\/uploads\/2025\/05\/b6bf1cc4-150x150.jpg"},"tf-client-image-size":{"file":"b6bf1cc4-120x120.jpg","width":120,"height":120,"mime-type":"image\/jpeg","filesize":13662,"url":"https:\/\/www.costadelsol-mallorca.com\/wp-content\/uploads\/2025\/05\/b6bf1cc4-120x120.jpg"},"post-thumbnail":{"file":"b6bf1cc4-150x75.jpg","width":150,"height":75,"mime-type":"image\/jpeg","filesize":11731,"url":"https:\/\/www.costadelsol-mallorca.com\/wp-content\/uploads\/2025\/05\/b6bf1cc4-150x75.jpg"},"modern-property-child-slider":{"file":"b6bf1cc4-680x510.jpg","width":680,"height":510,"mime-type":"image\/jpeg","filesize":200238,"url":"https:\/\/www.costadelsol-mallorca.com\/wp-content\/uploads\/2025\/05\/b6bf1cc4-680x510.jpg"},"property-thumb-image":{"file":"b6bf1cc4-488x326.jpg","width":488,"height":326,"mime-type":"image\/jpeg","filesize":104159,"url":"https:\/\/www.costadelsol-mallorca.com\/wp-content\/uploads\/2025\/05\/b6bf1cc4-488x326.jpg"},"property-detail-video-image":{"file":"b6bf1cc4-818x417.jpg","width":818,"height":417,"mime-type":"image\/jpeg","filesize":202844,"url":"https:\/\/www.costadelsol-mallorca.com\/wp-content\/uploads\/2025\/05\/b6bf1cc4-818x417.jpg"},"agent-image":{"file":"b6bf1cc4-210x210.jpg","width":210,"height":210,"mime-type":"image\/jpeg","filesize":36387,"url":"https:\/\/www.costadelsol-mallorca.com\/wp-content\/uploads\/2025\/05\/b6bf1cc4-210x210.jpg"},"partners-logo":{"file":"b6bf1cc4-600x600.jpg","width":600,"height":600,"mime-type":"image\/jpeg","filesize":213571,"url":"https:\/\/www.costadelsol-mallorca.com\/wp-content\/uploads\/2025\/05\/b6bf1cc4-600x600.jpg"}},"image_meta":{"aperture":"0","credit":"","camera":"","caption":"","created_timestamp":"0","copyright":"","focal_length":"0","iso":"0","shutter_speed":"0","title":"","orientation":"0","keywords":[]},"ID":"222482","name":"b6bf1cc4.jpg","path":"\/home\/ro\/web\/costadelsol-mallorca.com\/public_html\/wp-content\/uploads\/2025\/05\/b6bf1cc4.jpg","url":"https:\/\/www.costadelsol-mallorca.com\/wp-content\/uploads\/2025\/05\/b6bf1cc4-150x150.jpg","full_url":"https:\/\/www.costadelsol-mallorca.com\/wp-content\/uploads\/2025\/05\/b6bf1cc4.jpg","title":"b6bf1cc4","caption":"","description":"","alt":"","srcset":"https:\/\/www.costadelsol-mallorca.com\/wp-content\/uploads\/2025\/05\/b6bf1cc4-150x150.jpg 150w, https:\/\/www.costadelsol-mallorca.com\/wp-content\/uploads\/2025\/05\/b6bf1cc4-120x120.jpg 120w, https:\/\/www.costadelsol-mallorca.com\/wp-content\/uploads\/2025\/05\/b6bf1cc4-210x210.jpg 210w, https:\/\/www.costadelsol-mallorca.com\/wp-content\/uploads\/2025\/05\/b6bf1cc4-600x600.jpg 600w"},{"width":150,"height":150,"file":"2025\/05\/4723045d.jpg","filesize":187592,"sizes":{"thumbnail":{"file":"4723045d-150x150.jpg","width":150,"height":150,"mime-type":"image\/jpeg","filesize":17689,"url":"https:\/\/www.costadelsol-mallorca.com\/wp-content\/uploads\/2025\/05\/4723045d-150x150.jpg"},"tf-client-image-size":{"file":"4723045d-120x120.jpg","width":120,"height":120,"mime-type":"image\/jpeg","filesize":11881,"url":"https:\/\/www.costadelsol-mallorca.com\/wp-content\/uploads\/2025\/05\/4723045d-120x120.jpg"},"post-thumbnail":{"file":"4723045d-150x81.jpg","width":150,"height":81,"mime-type":"image\/jpeg","filesize":10674,"url":"https:\/\/www.costadelsol-mallorca.com\/wp-content\/uploads\/2025\/05\/4723045d-150x81.jpg"},"modern-property-child-slider":{"file":"4723045d-680x510.jpg","width":680,"height":510,"mime-type":"image\/jpeg","filesize":180405,"url":"https:\/\/www.costadelsol-mallorca.com\/wp-content\/uploads\/2025\/05\/4723045d-680x510.jpg"},"property-thumb-image":{"file":"4723045d-488x326.jpg","width":488,"height":326,"mime-type":"image\/jpeg","filesize":93765,"url":"https:\/\/www.costadelsol-mallorca.com\/wp-content\/uploads\/2025\/05\/4723045d-488x326.jpg"},"property-detail-video-image":{"file":"4723045d-818x417.jpg","width":818,"height":417,"mime-type":"image\/jpeg","filesize":186369,"url":"https:\/\/www.costadelsol-mallorca.com\/wp-content\/uploads\/2025\/05\/4723045d-818x417.jpg"},"agent-image":{"file":"4723045d-210x210.jpg","width":210,"height":210,"mime-type":"image\/jpeg","filesize":31441,"url":"https:\/\/www.costadelsol-mallorca.com\/wp-content\/uploads\/2025\/05\/4723045d-210x210.jpg"},"partners-logo":{"file":"4723045d-600x649.jpg","width":600,"height":649,"mime-type":"image\/jpeg","filesize":197377,"url":"https:\/\/www.costadelsol-mallorca.com\/wp-content\/uploads\/2025\/05\/4723045d-600x649.jpg"}},"image_meta":{"aperture":"0","credit":"","camera":"","caption":"","created_timestamp":"0","copyright":"","focal_length":"0","iso":"0","shutter_speed":"0","title":"","orientation":"0","keywords":[]},"ID":"222486","name":"4723045d.jpg","path":"\/home\/ro\/web\/costadelsol-mallorca.com\/public_html\/wp-content\/uploads\/2025\/05\/4723045d.jpg","url":"https:\/\/www.costadelsol-mallorca.com\/wp-content\/uploads\/2025\/05\/4723045d-150x150.jpg","full_url":"https:\/\/www.costadelsol-mallorca.com\/wp-content\/uploads\/2025\/05\/4723045d.jpg","title":"4723045d","caption":"","description":"","alt":"","srcset":"https:\/\/www.costadelsol-mallorca.com\/wp-content\/uploads\/2025\/05\/4723045d-150x150.jpg 150w, https:\/\/www.costadelsol-mallorca.com\/wp-content\/uploads\/2025\/05\/4723045d-120x120.jpg 120w, https:\/\/www.costadelsol-mallorca.com\/wp-content\/uploads\/2025\/05\/4723045d-210x210.jpg 210w"},{"width":150,"height":150,"file":"2025\/05\/c2057444.jpg","filesize":312613,"sizes":{"thumbnail":{"file":"c2057444-150x150.jpg","width":150,"height":150,"mime-type":"image\/jpeg","filesize":22283,"url":"https:\/\/www.costadelsol-mallorca.com\/wp-content\/uploads\/2025\/05\/c2057444-150x150.jpg"},"tf-client-image-size":{"file":"c2057444-120x120.jpg","width":120,"height":120,"mime-type":"image\/jpeg","filesize":14378,"url":"https:\/\/www.costadelsol-mallorca.com\/wp-content\/uploads\/2025\/05\/c2057444-120x120.jpg"},"post-thumbnail":{"file":"c2057444-150x94.jpg","width":150,"height":94,"mime-type":"image\/jpeg","filesize":14512,"url":"https:\/\/www.costadelsol-mallorca.com\/wp-content\/uploads\/2025\/05\/c2057444-150x94.jpg"},"modern-property-child-slider":{"file":"c2057444-680x510.jpg","width":680,"height":510,"mime-type":"image\/jpeg","filesize":258915,"url":"https:\/\/www.costadelsol-mallorca.com\/wp-content\/uploads\/2025\/05\/c2057444-680x510.jpg"},"property-thumb-image":{"file":"c2057444-488x326.jpg","width":488,"height":326,"mime-type":"image\/jpeg","filesize":129852,"url":"https:\/\/www.costadelsol-mallorca.com\/wp-content\/uploads\/2025\/05\/c2057444-488x326.jpg"},"property-detail-video-image":{"file":"c2057444-818x417.jpg","width":818,"height":417,"mime-type":"image\/jpeg","filesize":265767,"url":"https:\/\/www.costadelsol-mallorca.com\/wp-content\/uploads\/2025\/05\/c2057444-818x417.jpg"},"agent-image":{"file":"c2057444-210x210.jpg","width":210,"height":210,"mime-type":"image\/jpeg","filesize":41517,"url":"https:\/\/www.costadelsol-mallorca.com\/wp-content\/uploads\/2025\/05\/c2057444-210x210.jpg"},"partners-logo":{"file":"c2057444-600x752.jpg","width":600,"height":752,"mime-type":"image\/jpeg","filesize":327671,"url":"https:\/\/www.costadelsol-mallorca.com\/wp-content\/uploads\/2025\/05\/c2057444-600x752.jpg"},"post-featured-image":{"file":"c2057444-1200x720.jpg","width":1200,"height":720,"mime-type":"image\/jpeg","filesize":443895,"url":"https:\/\/www.costadelsol-mallorca.com\/wp-content\/uploads\/2025\/05\/c2057444-1200x720.jpg"}},"image_meta":{"aperture":"0","credit":"","camera":"","caption":"","created_timestamp":"0","copyright":"","focal_length":"0","iso":"0","shutter_speed":"0","title":"","orientation":"0","keywords":[]},"ID":"222490","name":"c2057444.jpg","path":"\/home\/ro\/web\/costadelsol-mallorca.com\/public_html\/wp-content\/uploads\/2025\/05\/c2057444.jpg","url":"https:\/\/www.costadelsol-mallorca.com\/wp-content\/uploads\/2025\/05\/c2057444-150x150.jpg","full_url":"https:\/\/www.costadelsol-mallorca.com\/wp-content\/uploads\/2025\/05\/c2057444.jpg","title":"c2057444","caption":"","description":"","alt":"","srcset":"https:\/\/www.costadelsol-mallorca.com\/wp-content\/uploads\/2025\/05\/c2057444-150x150.jpg 150w, https:\/\/www.costadelsol-mallorca.com\/wp-content\/uploads\/2025\/05\/c2057444-120x120.jpg 120w, https:\/\/www.costadelsol-mallorca.com\/wp-content\/uploads\/2025\/05\/c2057444-210x210.jpg 210w"},{"width":150,"height":150,"file":"2025\/05\/a20c3fde.jpg","filesize":347849,"sizes":{"thumbnail":{"file":"a20c3fde-150x150.jpg","width":150,"height":150,"mime-type":"image\/jpeg","filesize":25359,"url":"https:\/\/www.costadelsol-mallorca.com\/wp-content\/uploads\/2025\/05\/a20c3fde-150x150.jpg"},"tf-client-image-size":{"file":"a20c3fde-120x120.jpg","width":120,"height":120,"mime-type":"image\/jpeg","filesize":16427,"url":"https:\/\/www.costadelsol-mallorca.com\/wp-content\/uploads\/2025\/05\/a20c3fde-120x120.jpg"},"post-thumbnail":{"file":"a20c3fde-150x85.jpg","width":150,"height":85,"mime-type":"image\/jpeg","filesize":15567,"url":"https:\/\/www.costadelsol-mallorca.com\/wp-content\/uploads\/2025\/05\/a20c3fde-150x85.jpg"},"modern-property-child-slider":{"file":"a20c3fde-680x510.jpg","width":680,"height":510,"mime-type":"image\/jpeg","filesize":290714,"url":"https:\/\/www.costadelsol-mallorca.com\/wp-content\/uploads\/2025\/05\/a20c3fde-680x510.jpg"},"property-thumb-image":{"file":"a20c3fde-488x326.jpg","width":488,"height":326,"mime-type":"image\/jpeg","filesize":147811,"url":"https:\/\/www.costadelsol-mallorca.com\/wp-content\/uploads\/2025\/05\/a20c3fde-488x326.jpg"},"property-detail-video-image":{"file":"a20c3fde-818x417.jpg","width":818,"height":417,"mime-type":"image\/jpeg","filesize":301263,"url":"https:\/\/www.costadelsol-mallorca.com\/wp-content\/uploads\/2025\/05\/a20c3fde-818x417.jpg"},"agent-image":{"file":"a20c3fde-210x210.jpg","width":210,"height":210,"mime-type":"image\/jpeg","filesize":46933,"url":"https:\/\/www.costadelsol-mallorca.com\/wp-content\/uploads\/2025\/05\/a20c3fde-210x210.jpg"},"partners-logo":{"file":"a20c3fde-600x677.jpg","width":600,"height":677,"mime-type":"image\/jpeg","filesize":337320,"url":"https:\/\/www.costadelsol-mallorca.com\/wp-content\/uploads\/2025\/05\/a20c3fde-600x677.jpg"}},"image_meta":{"aperture":"0","credit":"","camera":"","caption":"","created_timestamp":"0","copyright":"","focal_length":"0","iso":"0","shutter_speed":"0","title":"","orientation":"0","keywords":[]},"ID":"222494","name":"a20c3fde.jpg","path":"\/home\/ro\/web\/costadelsol-mallorca.com\/public_html\/wp-content\/uploads\/2025\/05\/a20c3fde.jpg","url":"https:\/\/www.costadelsol-mallorca.com\/wp-content\/uploads\/2025\/05\/a20c3fde-150x150.jpg","full_url":"https:\/\/www.costadelsol-mallorca.com\/wp-content\/uploads\/2025\/05\/a20c3fde.jpg","title":"a20c3fde","caption":"","description":"","alt":"","srcset":"https:\/\/www.costadelsol-mallorca.com\/wp-content\/uploads\/2025\/05\/a20c3fde-150x150.jpg 150w, https:\/\/www.costadelsol-mallorca.com\/wp-content\/uploads\/2025\/05\/a20c3fde-120x120.jpg 120w, https:\/\/www.costadelsol-mallorca.com\/wp-content\/uploads\/2025\/05\/a20c3fde-210x210.jpg 210w"}],"REAL_HOMES_change_gallery_slider_type":"","REAL_HOMES_gallery_slider_type":"thumb-on-right","inspiry_floor_plans":[],"inspiry_video_group":[],"REAL_HOMES_360_virtual_tour":"","REAL_HOMES_agent_display_option":"agent_info","REAL_HOMES_agents":[],"REAL_HOMES_energy_class":"","REAL_HOMES_energy_performance":"","REAL_HOMES_epc_current_rating":"","REAL_HOMES_epc_potential_rating":"","ere_property_schedule_tour":"","ere_property_schedule_time_slots":"","ere_property_schedule_description":"","REAL_HOMES_sticky":"","inspiry_property_label":"","inspiry_property_label_color":"","inspiry_property_tax":"","inspiry_additional_fee":"","REAL_HOMES_attachments":[],"inspiry_property_owner_name":"","inspiry_property_owner_contact":"","inspiry_property_owner_address":"","REAL_HOMES_property_private_note":"","inspiry_message_to_reviewer":"","REAL_HOMES_add_in_slider":"no","REAL_HOMES_slider_image":[],"REAL_HOMES_page_banner_image":[],"REAL_HOMES_hide_property_advance_search":"","REAL_HOMES_hide_advance_search":"","REAL_HOMES_custom_search_form":"","REAL_HOMES_search_form_margin_top":"","REAL_HOMES_search_form_margin_bottom":""},"_links":{"self":[{"href":"https:\/\/www.costadelsol-mallorca.com\/es\/wp-json\/wp\/v2\/property\/229449","targetHints":{"allow":["GET"]}}],"collection":[{"href":"https:\/\/www.costadelsol-mallorca.com\/es\/wp-json\/wp\/v2\/property"}],"about":[{"href":"https:\/\/www.costadelsol-mallorca.com\/es\/wp-json\/wp\/v2\/types\/property"}],"author":[{"embeddable":true,"href":"https:\/\/www.costadelsol-mallorca.com\/es\/wp-json\/wp\/v2\/users\/1"}],"replies":[{"embeddable":true,"href":"https:\/\/www.costadelsol-mallorca.com\/es\/wp-json\/wp\/v2\/comments?post=229449"}],"version-history":[{"count":0,"href":"https:\/\/www.costadelsol-mallorca.com\/es\/wp-json\/wp\/v2\/property\/229449\/revisions"}],"wp:featuredmedia":[{"embeddable":true,"href":"https:\/\/www.costadelsol-mallorca.com\/es\/wp-json\/wp\/v2\/media\/222466"}],"wp:attachment":[{"href":"https:\/\/www.costadelsol-mallorca.com\/es\/wp-json\/wp\/v2\/media?parent=229449"}],"wp:term":[{"taxonomy":"property-feature","embeddable":true,"href":"https:\/\/www.costadelsol-mallorca.com\/es\/wp-json\/wp\/v2\/property-feature?post=229449"},{"taxonomy":"property-type","embeddable":true,"href":"https:\/\/www.costadelsol-mallorca.com\/es\/wp-json\/wp\/v2\/property-type?post=229449"},{"taxonomy":"property-city","embeddable":true,"href":"https:\/\/www.costadelsol-mallorca.com\/es\/wp-json\/wp\/v2\/property-city?post=229449"},{"taxonomy":"property-status","embeddable":true,"href":"https:\/\/www.costadelsol-mallorca.com\/es\/wp-json\/wp\/v2\/property-status?post=229449"}],"curies":[{"name":"wp","href":"https:\/\/api.w.org\/{rel}","templated":true}]}}