{"id":229452,"date":"2024-12-04T08:39:26","date_gmt":"2024-12-04T07:39:26","guid":{"rendered":"https:\/\/www.costadelsol-mallorca.com\/property\/casares-malaga-spain-villa\/"},"modified":"2024-12-04T08:39:26","modified_gmt":"2024-12-04T07:39:26","slug":"casares-malaga-spain-villa","status":"publish","type":"property","link":"https:\/\/www.costadelsol-mallorca.com\/es\/property\/casares-malaga-spain-villa\/","title":{"rendered":"Casares, Malaga, Spain &#8211; Villa"},"content":{"rendered":"<p>Magn\u00edfica villa en venta en la fabulosa y exclusiva Finca Cortes\u00edn.&#xD;&#xD;La lujosa residencia ofrece a sus propietarios impresionantes vistas al campo de golf Finca Cortes\u00edn y al mar Mediterr\u00e1neo, lo que les permite sumergirse plenamente en el estilo de vida \u00fanico que ofrece este prestigioso complejo de golf. Realizada por los visionarios arquitectos Torras y Sierra, esta obra maestra de la arquitectura muestra un dise\u00f1o de villa moderno caracterizado por l\u00edneas limpias y una fachada blanca inmaculada. Al entrar, le da la bienvenida un paisaje cautivador, con exuberante vegetaci\u00f3n y flores vibrantes que crean una conexi\u00f3n armoniosa con la naturaleza. Los exclusivos detalles de madera en ventanas y puertas a\u00f1aden un toque de car\u00e1cter y elegancia. &#xD;&#xD;Al entrar, el dise\u00f1o interior cautiva inmediatamente la atenci\u00f3n, ya que los colores y materiales del exterior se integran a la perfecci\u00f3n en el interior. Las paredes blancas y la generosa altura del techo crean un ambiente luminoso y aireado, mientras que el uso sutil de la madera adorna el espacio. La sala de estar logra un equilibrio perfecto entre grandeza y comodidad, proporcionando un espacio ideal para relajarse o recibir invitados. La cocina y el comedor est\u00e1n cuidadosamente separados, pero perfectamente conectados. La cocina cuenta con armarios de madera y una sofisticada isla de m\u00e1rmol blanco. Con su placa de inducci\u00f3n y su completo equipamiento, esta cocina es un para\u00edso para los amantes de la cocina. Una nevera para vinos hecha a medida a\u00f1ade un toque de lujo al espacio.&#xD;&#xD;El comedor est\u00e1 elegantemente decorado, con sutiles tonos marrones en los detalles de madera, que crean un ambiente c\u00e1lido y acogedor. Conectando con la terraza, le espera una zona de comedor al aire libre, complementada con un impresionante despliegue floral sobre la mesa, que prepara el escenario para momentos inolvidables en un ambiente tranquilo. El tema floral contin\u00faa en todas las terrazas cubiertas de la propiedad, ofreciendo un toque \u00fanico y exclusivo.&#xD;&#xD;Los dormitorios de invitados est\u00e1n situados en la planta baja, mientras que el nivel superior de la villa est\u00e1 dedicado al lujoso dormitorio principal, con su propia terraza privada. M\u00faltiples puntos de acceso desde la planta baja conducen al nivel del jard\u00edn, donde el paisaje meticulosamente cuidado ofrece un exuberante espacio verde al aire libre, perfecto para disfrutar del clima c\u00e1lido durante todo el a\u00f1o. La piscina, de generosas dimensiones e iluminada por la noche, es el lugar ideal para refrescarse durante los calurosos meses de verano. Desde el jard\u00edn, se puede apreciar realmente el distintivo dise\u00f1o arquitect\u00f3nico de la propiedad.<\/p>\n","protected":false},"excerpt":{"rendered":"<p>Magn\u00edfica villa en venta en la fabulosa y exclusiva Finca Cortes\u00edn.&#xD;&#xD;La lujosa residencia ofrece a sus propietarios impresionantes vistas al campo de golf Finca Cortes\u00edn y al mar Mediterr\u00e1neo, lo que les permite sumergirse plenamente en el estilo de vida \u00fanico que ofrece este prestigioso complejo de golf. Realizada por los visionarios arquitectos Torras y&#8230;<\/p>\n","protected":false},"author":1,"featured_media":222621,"parent":0,"menu_order":0,"comment_status":"open","ping_status":"open","template":"","property-feature":[1544,1545,1546,1548,1552,1553,1554,1556,1557,1558,1560,1565,1576,1579,269,1594,1542,1604],"property-type":[1562],"property-city":[1538,866,875],"property-status":[],"class_list":["post-229452","property","type-property","status-publish","has-post-thumbnail","hentry","property-feature-air-conditioning","property-feature-fully-fitted-kitchen","property-feature-utility-room","property-feature-marble-floors","property-feature-alarm","property-feature-double-glazing","property-feature-video-entrance","property-feature-security-service-24h","property-feature-telephone","property-feature-private-terrace","property-feature-underfloor-heating-throughout","property-feature-private-garage","property-feature-110-m-terrace","property-feature-fitted-wardrobes","property-feature-piscina-privada","property-feature-excellent-condition","property-feature-private-garden","property-feature-optional-furniture","property-type-villa","property-city-casares","property-city-costa-del-sol","property-city-malaga","zones-cs"],"aioseo_notices":[],"property_meta":{"REAL_HOMES_property_price":"4850000","REAL_HOMES_property_old_price":"","REAL_HOMES_property_price_prefix":"","REAL_HOMES_property_price_postfix":"","REAL_HOMES_property_size":"534","REAL_HOMES_property_size_postfix":"","REAL_HOMES_property_lot_size":"","REAL_HOMES_property_lot_size_postfix":"","REAL_HOMES_property_bedrooms":"4","REAL_HOMES_property_bathrooms":"4","REAL_HOMES_property_garage":"","REAL_HOMES_property_id":"MDL4458367","REAL_HOMES_property_year_built":"","rvr_property_owner":"","REAL_HOMES_featured":"0","REAL_HOMES_additional_details_list":[["",""]],"REAL_HOMES_property_location":{"latitude":"","longitude":"","zoom":""},"REAL_HOMES_property_address":"","REAL_HOMES_property_map":"0","REAL_HOMES_property_images":[{"width":150,"height":150,"file":"2025\/05\/9380ca98.jpg","filesize":238512,"sizes":{"thumbnail":{"file":"9380ca98-150x150.jpg","width":150,"height":150,"mime-type":"image\/jpeg","filesize":21515,"url":"https:\/\/www.costadelsol-mallorca.com\/wp-content\/uploads\/2025\/05\/9380ca98-150x150.jpg"},"tf-client-image-size":{"file":"9380ca98-120x120.jpg","width":120,"height":120,"mime-type":"image\/jpeg","filesize":14252,"url":"https:\/\/www.costadelsol-mallorca.com\/wp-content\/uploads\/2025\/05\/9380ca98-120x120.jpg"},"post-thumbnail":{"file":"9380ca98-150x83.jpg","width":150,"height":83,"mime-type":"image\/jpeg","filesize":13926,"url":"https:\/\/www.costadelsol-mallorca.com\/wp-content\/uploads\/2025\/05\/9380ca98-150x83.jpg"},"modern-property-child-slider":{"file":"9380ca98-680x510.jpg","width":680,"height":510,"mime-type":"image\/jpeg","filesize":221898,"url":"https:\/\/www.costadelsol-mallorca.com\/wp-content\/uploads\/2025\/05\/9380ca98-680x510.jpg"},"property-thumb-image":{"file":"9380ca98-488x326.jpg","width":488,"height":326,"mime-type":"image\/jpeg","filesize":117073,"url":"https:\/\/www.costadelsol-mallorca.com\/wp-content\/uploads\/2025\/05\/9380ca98-488x326.jpg"},"property-detail-video-image":{"file":"9380ca98-818x417.jpg","width":818,"height":417,"mime-type":"image\/jpeg","filesize":231610,"url":"https:\/\/www.costadelsol-mallorca.com\/wp-content\/uploads\/2025\/05\/9380ca98-818x417.jpg"},"agent-image":{"file":"9380ca98-210x210.jpg","width":210,"height":210,"mime-type":"image\/jpeg","filesize":38498,"url":"https:\/\/www.costadelsol-mallorca.com\/wp-content\/uploads\/2025\/05\/9380ca98-210x210.jpg"},"partners-logo":{"file":"9380ca98-600x662.jpg","width":600,"height":662,"mime-type":"image\/jpeg","filesize":241718,"url":"https:\/\/www.costadelsol-mallorca.com\/wp-content\/uploads\/2025\/05\/9380ca98-600x662.jpg"}},"image_meta":{"aperture":"0","credit":"","camera":"","caption":"","created_timestamp":"0","copyright":"","focal_length":"0","iso":"0","shutter_speed":"0","title":"","orientation":"0","keywords":[]},"ID":"222621","name":"9380ca98.jpg","path":"\/home\/ro\/web\/costadelsol-mallorca.com\/public_html\/wp-content\/uploads\/2025\/05\/9380ca98.jpg","url":"https:\/\/www.costadelsol-mallorca.com\/wp-content\/uploads\/2025\/05\/9380ca98-150x150.jpg","full_url":"https:\/\/www.costadelsol-mallorca.com\/wp-content\/uploads\/2025\/05\/9380ca98.jpg","title":"9380ca98","caption":"","description":"","alt":"","srcset":"https:\/\/www.costadelsol-mallorca.com\/wp-content\/uploads\/2025\/05\/9380ca98-150x150.jpg 150w, https:\/\/www.costadelsol-mallorca.com\/wp-content\/uploads\/2025\/05\/9380ca98-120x120.jpg 120w, https:\/\/www.costadelsol-mallorca.com\/wp-content\/uploads\/2025\/05\/9380ca98-210x210.jpg 210w"},{"width":150,"height":150,"file":"2025\/05\/ee9eee89.jpg","filesize":176834,"sizes":{"thumbnail":{"file":"ee9eee89-150x150.jpg","width":150,"height":150,"mime-type":"image\/jpeg","filesize":18311,"url":"https:\/\/www.costadelsol-mallorca.com\/wp-content\/uploads\/2025\/05\/ee9eee89-150x150.jpg"},"tf-client-image-size":{"file":"ee9eee89-120x120.jpg","width":120,"height":120,"mime-type":"image\/jpeg","filesize":12308,"url":"https:\/\/www.costadelsol-mallorca.com\/wp-content\/uploads\/2025\/05\/ee9eee89-120x120.jpg"},"post-thumbnail":{"file":"ee9eee89-150x83.jpg","width":150,"height":83,"mime-type":"image\/jpeg","filesize":12003,"url":"https:\/\/www.costadelsol-mallorca.com\/wp-content\/uploads\/2025\/05\/ee9eee89-150x83.jpg"},"modern-property-child-slider":{"file":"ee9eee89-680x510.jpg","width":680,"height":510,"mime-type":"image\/jpeg","filesize":174629,"url":"https:\/\/www.costadelsol-mallorca.com\/wp-content\/uploads\/2025\/05\/ee9eee89-680x510.jpg"},"property-thumb-image":{"file":"ee9eee89-488x326.jpg","width":488,"height":326,"mime-type":"image\/jpeg","filesize":92152,"url":"https:\/\/www.costadelsol-mallorca.com\/wp-content\/uploads\/2025\/05\/ee9eee89-488x326.jpg"},"property-detail-video-image":{"file":"ee9eee89-818x417.jpg","width":818,"height":417,"mime-type":"image\/jpeg","filesize":177942,"url":"https:\/\/www.costadelsol-mallorca.com\/wp-content\/uploads\/2025\/05\/ee9eee89-818x417.jpg"},"agent-image":{"file":"ee9eee89-210x210.jpg","width":210,"height":210,"mime-type":"image\/jpeg","filesize":32465,"url":"https:\/\/www.costadelsol-mallorca.com\/wp-content\/uploads\/2025\/05\/ee9eee89-210x210.jpg"},"partners-logo":{"file":"ee9eee89-600x662.jpg","width":600,"height":662,"mime-type":"image\/jpeg","filesize":199025,"url":"https:\/\/www.costadelsol-mallorca.com\/wp-content\/uploads\/2025\/05\/ee9eee89-600x662.jpg"}},"image_meta":{"aperture":"0","credit":"","camera":"","caption":"","created_timestamp":"0","copyright":"","focal_length":"0","iso":"0","shutter_speed":"0","title":"","orientation":"0","keywords":[]},"ID":"222625","name":"ee9eee89.jpg","path":"\/home\/ro\/web\/costadelsol-mallorca.com\/public_html\/wp-content\/uploads\/2025\/05\/ee9eee89.jpg","url":"https:\/\/www.costadelsol-mallorca.com\/wp-content\/uploads\/2025\/05\/ee9eee89-150x150.jpg","full_url":"https:\/\/www.costadelsol-mallorca.com\/wp-content\/uploads\/2025\/05\/ee9eee89.jpg","title":"ee9eee89","caption":"","description":"","alt":"","srcset":"https:\/\/www.costadelsol-mallorca.com\/wp-content\/uploads\/2025\/05\/ee9eee89-150x150.jpg 150w, https:\/\/www.costadelsol-mallorca.com\/wp-content\/uploads\/2025\/05\/ee9eee89-120x120.jpg 120w, https:\/\/www.costadelsol-mallorca.com\/wp-content\/uploads\/2025\/05\/ee9eee89-210x210.jpg 210w"},{"width":150,"height":150,"file":"2025\/05\/8f1c661e.jpg","filesize":304302,"sizes":{"thumbnail":{"file":"8f1c661e-150x150.jpg","width":150,"height":150,"mime-type":"image\/jpeg","filesize":27074,"url":"https:\/\/www.costadelsol-mallorca.com\/wp-content\/uploads\/2025\/05\/8f1c661e-150x150.jpg"},"tf-client-image-size":{"file":"8f1c661e-120x120.jpg","width":120,"height":120,"mime-type":"image\/jpeg","filesize":17728,"url":"https:\/\/www.costadelsol-mallorca.com\/wp-content\/uploads\/2025\/05\/8f1c661e-120x120.jpg"},"post-thumbnail":{"file":"8f1c661e-150x83.jpg","width":150,"height":83,"mime-type":"image\/jpeg","filesize":16426,"url":"https:\/\/www.costadelsol-mallorca.com\/wp-content\/uploads\/2025\/05\/8f1c661e-150x83.jpg"},"modern-property-child-slider":{"file":"8f1c661e-680x510.jpg","width":680,"height":510,"mime-type":"image\/jpeg","filesize":276960,"url":"https:\/\/www.costadelsol-mallorca.com\/wp-content\/uploads\/2025\/05\/8f1c661e-680x510.jpg"},"property-thumb-image":{"file":"8f1c661e-488x326.jpg","width":488,"height":326,"mime-type":"image\/jpeg","filesize":145935,"url":"https:\/\/www.costadelsol-mallorca.com\/wp-content\/uploads\/2025\/05\/8f1c661e-488x326.jpg"},"property-detail-video-image":{"file":"8f1c661e-818x417.jpg","width":818,"height":417,"mime-type":"image\/jpeg","filesize":280736,"url":"https:\/\/www.costadelsol-mallorca.com\/wp-content\/uploads\/2025\/05\/8f1c661e-818x417.jpg"},"agent-image":{"file":"8f1c661e-210x210.jpg","width":210,"height":210,"mime-type":"image\/jpeg","filesize":49379,"url":"https:\/\/www.costadelsol-mallorca.com\/wp-content\/uploads\/2025\/05\/8f1c661e-210x210.jpg"},"partners-logo":{"file":"8f1c661e-600x662.jpg","width":600,"height":662,"mime-type":"image\/jpeg","filesize":324254,"url":"https:\/\/www.costadelsol-mallorca.com\/wp-content\/uploads\/2025\/05\/8f1c661e-600x662.jpg"}},"image_meta":{"aperture":"0","credit":"","camera":"","caption":"","created_timestamp":"0","copyright":"","focal_length":"0","iso":"0","shutter_speed":"0","title":"","orientation":"0","keywords":[]},"ID":"222629","name":"8f1c661e.jpg","path":"\/home\/ro\/web\/costadelsol-mallorca.com\/public_html\/wp-content\/uploads\/2025\/05\/8f1c661e.jpg","url":"https:\/\/www.costadelsol-mallorca.com\/wp-content\/uploads\/2025\/05\/8f1c661e-150x150.jpg","full_url":"https:\/\/www.costadelsol-mallorca.com\/wp-content\/uploads\/2025\/05\/8f1c661e.jpg","title":"8f1c661e","caption":"","description":"","alt":"","srcset":"https:\/\/www.costadelsol-mallorca.com\/wp-content\/uploads\/2025\/05\/8f1c661e-150x150.jpg 150w, https:\/\/www.costadelsol-mallorca.com\/wp-content\/uploads\/2025\/05\/8f1c661e-120x120.jpg 120w, https:\/\/www.costadelsol-mallorca.com\/wp-content\/uploads\/2025\/05\/8f1c661e-210x210.jpg 210w"},{"width":150,"height":150,"file":"2025\/05\/86527066.jpg","filesize":174835,"sizes":{"thumbnail":{"file":"86527066-150x150.jpg","width":150,"height":150,"mime-type":"image\/jpeg","filesize":14753,"url":"https:\/\/www.costadelsol-mallorca.com\/wp-content\/uploads\/2025\/05\/86527066-150x150.jpg"},"tf-client-image-size":{"file":"86527066-120x120.jpg","width":120,"height":120,"mime-type":"image\/jpeg","filesize":9856,"url":"https:\/\/www.costadelsol-mallorca.com\/wp-content\/uploads\/2025\/05\/86527066-120x120.jpg"},"post-thumbnail":{"file":"86527066-150x83.jpg","width":150,"height":83,"mime-type":"image\/jpeg","filesize":10669,"url":"https:\/\/www.costadelsol-mallorca.com\/wp-content\/uploads\/2025\/05\/86527066-150x83.jpg"},"modern-property-child-slider":{"file":"86527066-680x510.jpg","width":680,"height":510,"mime-type":"image\/jpeg","filesize":163833,"url":"https:\/\/www.costadelsol-mallorca.com\/wp-content\/uploads\/2025\/05\/86527066-680x510.jpg"},"property-thumb-image":{"file":"86527066-488x326.jpg","width":488,"height":326,"mime-type":"image\/jpeg","filesize":87115,"url":"https:\/\/www.costadelsol-mallorca.com\/wp-content\/uploads\/2025\/05\/86527066-488x326.jpg"},"property-detail-video-image":{"file":"86527066-818x417.jpg","width":818,"height":417,"mime-type":"image\/jpeg","filesize":175251,"url":"https:\/\/www.costadelsol-mallorca.com\/wp-content\/uploads\/2025\/05\/86527066-818x417.jpg"},"agent-image":{"file":"86527066-210x210.jpg","width":210,"height":210,"mime-type":"image\/jpeg","filesize":26411,"url":"https:\/\/www.costadelsol-mallorca.com\/wp-content\/uploads\/2025\/05\/86527066-210x210.jpg"},"partners-logo":{"file":"86527066-600x662.jpg","width":600,"height":662,"mime-type":"image\/jpeg","filesize":152076,"url":"https:\/\/www.costadelsol-mallorca.com\/wp-content\/uploads\/2025\/05\/86527066-600x662.jpg"}},"image_meta":{"aperture":"0","credit":"","camera":"","caption":"","created_timestamp":"0","copyright":"","focal_length":"0","iso":"0","shutter_speed":"0","title":"","orientation":"0","keywords":[]},"ID":"222633","name":"86527066.jpg","path":"\/home\/ro\/web\/costadelsol-mallorca.com\/public_html\/wp-content\/uploads\/2025\/05\/86527066.jpg","url":"https:\/\/www.costadelsol-mallorca.com\/wp-content\/uploads\/2025\/05\/86527066-150x150.jpg","full_url":"https:\/\/www.costadelsol-mallorca.com\/wp-content\/uploads\/2025\/05\/86527066.jpg","title":"86527066","caption":"","description":"","alt":"","srcset":"https:\/\/www.costadelsol-mallorca.com\/wp-content\/uploads\/2025\/05\/86527066-150x150.jpg 150w, https:\/\/www.costadelsol-mallorca.com\/wp-content\/uploads\/2025\/05\/86527066-120x120.jpg 120w, https:\/\/www.costadelsol-mallorca.com\/wp-content\/uploads\/2025\/05\/86527066-210x210.jpg 210w"},{"width":150,"height":150,"file":"2025\/05\/a0bc9538.jpg","filesize":182637,"sizes":{"thumbnail":{"file":"a0bc9538-150x150.jpg","width":150,"height":150,"mime-type":"image\/jpeg","filesize":15684,"url":"https:\/\/www.costadelsol-mallorca.com\/wp-content\/uploads\/2025\/05\/a0bc9538-150x150.jpg"},"tf-client-image-size":{"file":"a0bc9538-120x120.jpg","width":120,"height":120,"mime-type":"image\/jpeg","filesize":10672,"url":"https:\/\/www.costadelsol-mallorca.com\/wp-content\/uploads\/2025\/05\/a0bc9538-120x120.jpg"},"post-thumbnail":{"file":"a0bc9538-150x83.jpg","width":150,"height":83,"mime-type":"image\/jpeg","filesize":11445,"url":"https:\/\/www.costadelsol-mallorca.com\/wp-content\/uploads\/2025\/05\/a0bc9538-150x83.jpg"},"modern-property-child-slider":{"file":"a0bc9538-680x510.jpg","width":680,"height":510,"mime-type":"image\/jpeg","filesize":159275,"url":"https:\/\/www.costadelsol-mallorca.com\/wp-content\/uploads\/2025\/05\/a0bc9538-680x510.jpg"},"property-thumb-image":{"file":"a0bc9538-488x326.jpg","width":488,"height":326,"mime-type":"image\/jpeg","filesize":88772,"url":"https:\/\/www.costadelsol-mallorca.com\/wp-content\/uploads\/2025\/05\/a0bc9538-488x326.jpg"},"property-detail-video-image":{"file":"a0bc9538-818x417.jpg","width":818,"height":417,"mime-type":"image\/jpeg","filesize":183692,"url":"https:\/\/www.costadelsol-mallorca.com\/wp-content\/uploads\/2025\/05\/a0bc9538-818x417.jpg"},"agent-image":{"file":"a0bc9538-210x210.jpg","width":210,"height":210,"mime-type":"image\/jpeg","filesize":27782,"url":"https:\/\/www.costadelsol-mallorca.com\/wp-content\/uploads\/2025\/05\/a0bc9538-210x210.jpg"},"partners-logo":{"file":"a0bc9538-600x662.jpg","width":600,"height":662,"mime-type":"image\/jpeg","filesize":162384,"url":"https:\/\/www.costadelsol-mallorca.com\/wp-content\/uploads\/2025\/05\/a0bc9538-600x662.jpg"}},"image_meta":{"aperture":"0","credit":"","camera":"","caption":"","created_timestamp":"0","copyright":"","focal_length":"0","iso":"0","shutter_speed":"0","title":"","orientation":"0","keywords":[]},"ID":"222637","name":"a0bc9538.jpg","path":"\/home\/ro\/web\/costadelsol-mallorca.com\/public_html\/wp-content\/uploads\/2025\/05\/a0bc9538.jpg","url":"https:\/\/www.costadelsol-mallorca.com\/wp-content\/uploads\/2025\/05\/a0bc9538-150x150.jpg","full_url":"https:\/\/www.costadelsol-mallorca.com\/wp-content\/uploads\/2025\/05\/a0bc9538.jpg","title":"a0bc9538","caption":"","description":"","alt":"","srcset":"https:\/\/www.costadelsol-mallorca.com\/wp-content\/uploads\/2025\/05\/a0bc9538-150x150.jpg 150w, https:\/\/www.costadelsol-mallorca.com\/wp-content\/uploads\/2025\/05\/a0bc9538-120x120.jpg 120w, https:\/\/www.costadelsol-mallorca.com\/wp-content\/uploads\/2025\/05\/a0bc9538-210x210.jpg 210w"},{"width":150,"height":150,"file":"2025\/05\/b1957c37.jpg","filesize":389656,"sizes":{"thumbnail":{"file":"b1957c37-150x150.jpg","width":150,"height":150,"mime-type":"image\/jpeg","filesize":22006,"url":"https:\/\/www.costadelsol-mallorca.com\/wp-content\/uploads\/2025\/05\/b1957c37-150x150.jpg"},"tf-client-image-size":{"file":"b1957c37-120x120.jpg","width":120,"height":120,"mime-type":"image\/jpeg","filesize":14743,"url":"https:\/\/www.costadelsol-mallorca.com\/wp-content\/uploads\/2025\/05\/b1957c37-120x120.jpg"},"post-thumbnail":{"file":"b1957c37-117x150.jpg","width":117,"height":150,"mime-type":"image\/jpeg","filesize":16862,"url":"https:\/\/www.costadelsol-mallorca.com\/wp-content\/uploads\/2025\/05\/b1957c37-117x150.jpg"},"modern-property-child-slider":{"file":"b1957c37-680x510.jpg","width":680,"height":510,"mime-type":"image\/jpeg","filesize":201685,"url":"https:\/\/www.costadelsol-mallorca.com\/wp-content\/uploads\/2025\/05\/b1957c37-680x510.jpg"},"property-thumb-image":{"file":"b1957c37-488x326.jpg","width":488,"height":326,"mime-type":"image\/jpeg","filesize":112429,"url":"https:\/\/www.costadelsol-mallorca.com\/wp-content\/uploads\/2025\/05\/b1957c37-488x326.jpg"},"property-detail-video-image":{"file":"b1957c37-818x417.jpg","width":818,"height":417,"mime-type":"image\/jpeg","filesize":191516,"url":"https:\/\/www.costadelsol-mallorca.com\/wp-content\/uploads\/2025\/05\/b1957c37-818x417.jpg"},"agent-image":{"file":"b1957c37-210x210.jpg","width":210,"height":210,"mime-type":"image\/jpeg","filesize":40112,"url":"https:\/\/www.costadelsol-mallorca.com\/wp-content\/uploads\/2025\/05\/b1957c37-210x210.jpg"},"partners-logo":{"file":"b1957c37-600x1545.jpg","width":600,"height":1545,"mime-type":"image\/jpeg","filesize":388719,"url":"https:\/\/www.costadelsol-mallorca.com\/wp-content\/uploads\/2025\/05\/b1957c37-600x1545.jpg"},"post-featured-image":{"file":"b1957c37-1200x720.jpg","width":1200,"height":720,"mime-type":"image\/jpeg","filesize":389422,"url":"https:\/\/www.costadelsol-mallorca.com\/wp-content\/uploads\/2025\/05\/b1957c37-1200x720.jpg"}},"image_meta":{"aperture":"0","credit":"","camera":"","caption":"","created_timestamp":"0","copyright":"","focal_length":"0","iso":"0","shutter_speed":"0","title":"","orientation":"0","keywords":[]},"ID":"222641","name":"b1957c37.jpg","path":"\/home\/ro\/web\/costadelsol-mallorca.com\/public_html\/wp-content\/uploads\/2025\/05\/b1957c37.jpg","url":"https:\/\/www.costadelsol-mallorca.com\/wp-content\/uploads\/2025\/05\/b1957c37-150x150.jpg","full_url":"https:\/\/www.costadelsol-mallorca.com\/wp-content\/uploads\/2025\/05\/b1957c37.jpg","title":"b1957c37","caption":"","description":"","alt":"","srcset":"https:\/\/www.costadelsol-mallorca.com\/wp-content\/uploads\/2025\/05\/b1957c37-150x150.jpg 150w, https:\/\/www.costadelsol-mallorca.com\/wp-content\/uploads\/2025\/05\/b1957c37-120x120.jpg 120w, https:\/\/www.costadelsol-mallorca.com\/wp-content\/uploads\/2025\/05\/b1957c37-210x210.jpg 210w"},{"width":150,"height":150,"file":"2025\/05\/ac7ef539.jpg","filesize":164287,"sizes":{"thumbnail":{"file":"ac7ef539-150x150.jpg","width":150,"height":150,"mime-type":"image\/jpeg","filesize":16757,"url":"https:\/\/www.costadelsol-mallorca.com\/wp-content\/uploads\/2025\/05\/ac7ef539-150x150.jpg"},"tf-client-image-size":{"file":"ac7ef539-120x120.jpg","width":120,"height":120,"mime-type":"image\/jpeg","filesize":11397,"url":"https:\/\/www.costadelsol-mallorca.com\/wp-content\/uploads\/2025\/05\/ac7ef539-120x120.jpg"},"post-thumbnail":{"file":"ac7ef539-150x83.jpg","width":150,"height":83,"mime-type":"image\/jpeg","filesize":10478,"url":"https:\/\/www.costadelsol-mallorca.com\/wp-content\/uploads\/2025\/05\/ac7ef539-150x83.jpg"},"modern-property-child-slider":{"file":"ac7ef539-680x510.jpg","width":680,"height":510,"mime-type":"image\/jpeg","filesize":164809,"url":"https:\/\/www.costadelsol-mallorca.com\/wp-content\/uploads\/2025\/05\/ac7ef539-680x510.jpg"},"property-thumb-image":{"file":"ac7ef539-488x326.jpg","width":488,"height":326,"mime-type":"image\/jpeg","filesize":87045,"url":"https:\/\/www.costadelsol-mallorca.com\/wp-content\/uploads\/2025\/05\/ac7ef539-488x326.jpg"},"property-detail-video-image":{"file":"ac7ef539-818x417.jpg","width":818,"height":417,"mime-type":"image\/jpeg","filesize":166417,"url":"https:\/\/www.costadelsol-mallorca.com\/wp-content\/uploads\/2025\/05\/ac7ef539-818x417.jpg"},"agent-image":{"file":"ac7ef539-210x210.jpg","width":210,"height":210,"mime-type":"image\/jpeg","filesize":29557,"url":"https:\/\/www.costadelsol-mallorca.com\/wp-content\/uploads\/2025\/05\/ac7ef539-210x210.jpg"},"partners-logo":{"file":"ac7ef539-600x662.jpg","width":600,"height":662,"mime-type":"image\/jpeg","filesize":185698,"url":"https:\/\/www.costadelsol-mallorca.com\/wp-content\/uploads\/2025\/05\/ac7ef539-600x662.jpg"}},"image_meta":{"aperture":"0","credit":"","camera":"","caption":"","created_timestamp":"0","copyright":"","focal_length":"0","iso":"0","shutter_speed":"0","title":"","orientation":"0","keywords":[]},"ID":"222645","name":"ac7ef539.jpg","path":"\/home\/ro\/web\/costadelsol-mallorca.com\/public_html\/wp-content\/uploads\/2025\/05\/ac7ef539.jpg","url":"https:\/\/www.costadelsol-mallorca.com\/wp-content\/uploads\/2025\/05\/ac7ef539-150x150.jpg","full_url":"https:\/\/www.costadelsol-mallorca.com\/wp-content\/uploads\/2025\/05\/ac7ef539.jpg","title":"ac7ef539","caption":"","description":"","alt":"","srcset":"https:\/\/www.costadelsol-mallorca.com\/wp-content\/uploads\/2025\/05\/ac7ef539-150x150.jpg 150w, https:\/\/www.costadelsol-mallorca.com\/wp-content\/uploads\/2025\/05\/ac7ef539-120x120.jpg 120w, https:\/\/www.costadelsol-mallorca.com\/wp-content\/uploads\/2025\/05\/ac7ef539-210x210.jpg 210w"},{"width":150,"height":150,"file":"2025\/05\/227b578d.jpg","filesize":155596,"sizes":{"thumbnail":{"file":"227b578d-150x150.jpg","width":150,"height":150,"mime-type":"image\/jpeg","filesize":14650,"url":"https:\/\/www.costadelsol-mallorca.com\/wp-content\/uploads\/2025\/05\/227b578d-150x150.jpg"},"tf-client-image-size":{"file":"227b578d-120x120.jpg","width":120,"height":120,"mime-type":"image\/jpeg","filesize":10063,"url":"https:\/\/www.costadelsol-mallorca.com\/wp-content\/uploads\/2025\/05\/227b578d-120x120.jpg"},"post-thumbnail":{"file":"227b578d-150x83.jpg","width":150,"height":83,"mime-type":"image\/jpeg","filesize":10368,"url":"https:\/\/www.costadelsol-mallorca.com\/wp-content\/uploads\/2025\/05\/227b578d-150x83.jpg"},"modern-property-child-slider":{"file":"227b578d-680x510.jpg","width":680,"height":510,"mime-type":"image\/jpeg","filesize":153619,"url":"https:\/\/www.costadelsol-mallorca.com\/wp-content\/uploads\/2025\/05\/227b578d-680x510.jpg"},"property-thumb-image":{"file":"227b578d-488x326.jpg","width":488,"height":326,"mime-type":"image\/jpeg","filesize":81665,"url":"https:\/\/www.costadelsol-mallorca.com\/wp-content\/uploads\/2025\/05\/227b578d-488x326.jpg"},"property-detail-video-image":{"file":"227b578d-818x417.jpg","width":818,"height":417,"mime-type":"image\/jpeg","filesize":158445,"url":"https:\/\/www.costadelsol-mallorca.com\/wp-content\/uploads\/2025\/05\/227b578d-818x417.jpg"},"agent-image":{"file":"227b578d-210x210.jpg","width":210,"height":210,"mime-type":"image\/jpeg","filesize":25652,"url":"https:\/\/www.costadelsol-mallorca.com\/wp-content\/uploads\/2025\/05\/227b578d-210x210.jpg"},"partners-logo":{"file":"227b578d-600x662.jpg","width":600,"height":662,"mime-type":"image\/jpeg","filesize":158692,"url":"https:\/\/www.costadelsol-mallorca.com\/wp-content\/uploads\/2025\/05\/227b578d-600x662.jpg"}},"image_meta":{"aperture":"0","credit":"","camera":"","caption":"","created_timestamp":"0","copyright":"","focal_length":"0","iso":"0","shutter_speed":"0","title":"","orientation":"0","keywords":[]},"ID":"222649","name":"227b578d.jpg","path":"\/home\/ro\/web\/costadelsol-mallorca.com\/public_html\/wp-content\/uploads\/2025\/05\/227b578d.jpg","url":"https:\/\/www.costadelsol-mallorca.com\/wp-content\/uploads\/2025\/05\/227b578d-150x150.jpg","full_url":"https:\/\/www.costadelsol-mallorca.com\/wp-content\/uploads\/2025\/05\/227b578d.jpg","title":"227b578d","caption":"","description":"","alt":"","srcset":"https:\/\/www.costadelsol-mallorca.com\/wp-content\/uploads\/2025\/05\/227b578d-150x150.jpg 150w, https:\/\/www.costadelsol-mallorca.com\/wp-content\/uploads\/2025\/05\/227b578d-120x120.jpg 120w, https:\/\/www.costadelsol-mallorca.com\/wp-content\/uploads\/2025\/05\/227b578d-210x210.jpg 210w"},{"width":150,"height":150,"file":"2025\/05\/265246a7.jpg","filesize":311927,"sizes":{"thumbnail":{"file":"265246a7-150x150.jpg","width":150,"height":150,"mime-type":"image\/jpeg","filesize":17630,"url":"https:\/\/www.costadelsol-mallorca.com\/wp-content\/uploads\/2025\/05\/265246a7-150x150.jpg"},"tf-client-image-size":{"file":"265246a7-120x120.jpg","width":120,"height":120,"mime-type":"image\/jpeg","filesize":11797,"url":"https:\/\/www.costadelsol-mallorca.com\/wp-content\/uploads\/2025\/05\/265246a7-120x120.jpg"},"post-thumbnail":{"file":"265246a7-117x150.jpg","width":117,"height":150,"mime-type":"image\/jpeg","filesize":14458,"url":"https:\/\/www.costadelsol-mallorca.com\/wp-content\/uploads\/2025\/05\/265246a7-117x150.jpg"},"modern-property-child-slider":{"file":"265246a7-680x510.jpg","width":680,"height":510,"mime-type":"image\/jpeg","filesize":165593,"url":"https:\/\/www.costadelsol-mallorca.com\/wp-content\/uploads\/2025\/05\/265246a7-680x510.jpg"},"property-thumb-image":{"file":"265246a7-488x326.jpg","width":488,"height":326,"mime-type":"image\/jpeg","filesize":90250,"url":"https:\/\/www.costadelsol-mallorca.com\/wp-content\/uploads\/2025\/05\/265246a7-488x326.jpg"},"property-detail-video-image":{"file":"265246a7-818x417.jpg","width":818,"height":417,"mime-type":"image\/jpeg","filesize":151801,"url":"https:\/\/www.costadelsol-mallorca.com\/wp-content\/uploads\/2025\/05\/265246a7-818x417.jpg"},"agent-image":{"file":"265246a7-210x210.jpg","width":210,"height":210,"mime-type":"image\/jpeg","filesize":32194,"url":"https:\/\/www.costadelsol-mallorca.com\/wp-content\/uploads\/2025\/05\/265246a7-210x210.jpg"},"partners-logo":{"file":"265246a7-600x1545.jpg","width":600,"height":1545,"mime-type":"image\/jpeg","filesize":322398,"url":"https:\/\/www.costadelsol-mallorca.com\/wp-content\/uploads\/2025\/05\/265246a7-600x1545.jpg"},"post-featured-image":{"file":"265246a7-1200x720.jpg","width":1200,"height":720,"mime-type":"image\/jpeg","filesize":313675,"url":"https:\/\/www.costadelsol-mallorca.com\/wp-content\/uploads\/2025\/05\/265246a7-1200x720.jpg"}},"image_meta":{"aperture":"0","credit":"","camera":"","caption":"","created_timestamp":"0","copyright":"","focal_length":"0","iso":"0","shutter_speed":"0","title":"","orientation":"0","keywords":[]},"ID":"222653","name":"265246a7.jpg","path":"\/home\/ro\/web\/costadelsol-mallorca.com\/public_html\/wp-content\/uploads\/2025\/05\/265246a7.jpg","url":"https:\/\/www.costadelsol-mallorca.com\/wp-content\/uploads\/2025\/05\/265246a7-150x150.jpg","full_url":"https:\/\/www.costadelsol-mallorca.com\/wp-content\/uploads\/2025\/05\/265246a7.jpg","title":"265246a7","caption":"","description":"","alt":"","srcset":"https:\/\/www.costadelsol-mallorca.com\/wp-content\/uploads\/2025\/05\/265246a7-150x150.jpg 150w, https:\/\/www.costadelsol-mallorca.com\/wp-content\/uploads\/2025\/05\/265246a7-120x120.jpg 120w, https:\/\/www.costadelsol-mallorca.com\/wp-content\/uploads\/2025\/05\/265246a7-210x210.jpg 210w"},{"width":150,"height":150,"file":"2025\/05\/4ffce410.jpg","filesize":197995,"sizes":{"thumbnail":{"file":"4ffce410-150x150.jpg","width":150,"height":150,"mime-type":"image\/jpeg","filesize":15889,"url":"https:\/\/www.costadelsol-mallorca.com\/wp-content\/uploads\/2025\/05\/4ffce410-150x150.jpg"},"tf-client-image-size":{"file":"4ffce410-120x120.jpg","width":120,"height":120,"mime-type":"image\/jpeg","filesize":10574,"url":"https:\/\/www.costadelsol-mallorca.com\/wp-content\/uploads\/2025\/05\/4ffce410-120x120.jpg"},"post-thumbnail":{"file":"4ffce410-150x83.jpg","width":150,"height":83,"mime-type":"image\/jpeg","filesize":11346,"url":"https:\/\/www.costadelsol-mallorca.com\/wp-content\/uploads\/2025\/05\/4ffce410-150x83.jpg"},"modern-property-child-slider":{"file":"4ffce410-680x510.jpg","width":680,"height":510,"mime-type":"image\/jpeg","filesize":166153,"url":"https:\/\/www.costadelsol-mallorca.com\/wp-content\/uploads\/2025\/05\/4ffce410-680x510.jpg"},"property-thumb-image":{"file":"4ffce410-488x326.jpg","width":488,"height":326,"mime-type":"image\/jpeg","filesize":91158,"url":"https:\/\/www.costadelsol-mallorca.com\/wp-content\/uploads\/2025\/05\/4ffce410-488x326.jpg"},"property-detail-video-image":{"file":"4ffce410-818x417.jpg","width":818,"height":417,"mime-type":"image\/jpeg","filesize":192840,"url":"https:\/\/www.costadelsol-mallorca.com\/wp-content\/uploads\/2025\/05\/4ffce410-818x417.jpg"},"agent-image":{"file":"4ffce410-210x210.jpg","width":210,"height":210,"mime-type":"image\/jpeg","filesize":27808,"url":"https:\/\/www.costadelsol-mallorca.com\/wp-content\/uploads\/2025\/05\/4ffce410-210x210.jpg"},"partners-logo":{"file":"4ffce410-600x662.jpg","width":600,"height":662,"mime-type":"image\/jpeg","filesize":163907,"url":"https:\/\/www.costadelsol-mallorca.com\/wp-content\/uploads\/2025\/05\/4ffce410-600x662.jpg"}},"image_meta":{"aperture":"0","credit":"","camera":"","caption":"","created_timestamp":"0","copyright":"","focal_length":"0","iso":"0","shutter_speed":"0","title":"","orientation":"0","keywords":[]},"ID":"222657","name":"4ffce410.jpg","path":"\/home\/ro\/web\/costadelsol-mallorca.com\/public_html\/wp-content\/uploads\/2025\/05\/4ffce410.jpg","url":"https:\/\/www.costadelsol-mallorca.com\/wp-content\/uploads\/2025\/05\/4ffce410-150x150.jpg","full_url":"https:\/\/www.costadelsol-mallorca.com\/wp-content\/uploads\/2025\/05\/4ffce410.jpg","title":"4ffce410","caption":"","description":"","alt":"","srcset":"https:\/\/www.costadelsol-mallorca.com\/wp-content\/uploads\/2025\/05\/4ffce410-150x150.jpg 150w, https:\/\/www.costadelsol-mallorca.com\/wp-content\/uploads\/2025\/05\/4ffce410-120x120.jpg 120w, https:\/\/www.costadelsol-mallorca.com\/wp-content\/uploads\/2025\/05\/4ffce410-210x210.jpg 210w"}],"REAL_HOMES_change_gallery_slider_type":"","REAL_HOMES_gallery_slider_type":"thumb-on-right","inspiry_floor_plans":[],"inspiry_video_group":[],"REAL_HOMES_360_virtual_tour":"","REAL_HOMES_agent_display_option":"agent_info","REAL_HOMES_agents":[],"REAL_HOMES_energy_class":"","REAL_HOMES_energy_performance":"","REAL_HOMES_epc_current_rating":"","REAL_HOMES_epc_potential_rating":"","ere_property_schedule_tour":"","ere_property_schedule_time_slots":"","ere_property_schedule_description":"","REAL_HOMES_sticky":"","inspiry_property_label":"","inspiry_property_label_color":"","inspiry_property_tax":"","inspiry_additional_fee":"","REAL_HOMES_attachments":[],"inspiry_property_owner_name":"","inspiry_property_owner_contact":"","inspiry_property_owner_address":"","REAL_HOMES_property_private_note":"","inspiry_message_to_reviewer":"","REAL_HOMES_add_in_slider":"no","REAL_HOMES_slider_image":[],"REAL_HOMES_page_banner_image":[],"REAL_HOMES_hide_property_advance_search":"","REAL_HOMES_hide_advance_search":"","REAL_HOMES_custom_search_form":"","REAL_HOMES_search_form_margin_top":"","REAL_HOMES_search_form_margin_bottom":""},"_links":{"self":[{"href":"https:\/\/www.costadelsol-mallorca.com\/es\/wp-json\/wp\/v2\/property\/229452","targetHints":{"allow":["GET"]}}],"collection":[{"href":"https:\/\/www.costadelsol-mallorca.com\/es\/wp-json\/wp\/v2\/property"}],"about":[{"href":"https:\/\/www.costadelsol-mallorca.com\/es\/wp-json\/wp\/v2\/types\/property"}],"author":[{"embeddable":true,"href":"https:\/\/www.costadelsol-mallorca.com\/es\/wp-json\/wp\/v2\/users\/1"}],"replies":[{"embeddable":true,"href":"https:\/\/www.costadelsol-mallorca.com\/es\/wp-json\/wp\/v2\/comments?post=229452"}],"version-history":[{"count":0,"href":"https:\/\/www.costadelsol-mallorca.com\/es\/wp-json\/wp\/v2\/property\/229452\/revisions"}],"wp:featuredmedia":[{"embeddable":true,"href":"https:\/\/www.costadelsol-mallorca.com\/es\/wp-json\/wp\/v2\/media\/222621"}],"wp:attachment":[{"href":"https:\/\/www.costadelsol-mallorca.com\/es\/wp-json\/wp\/v2\/media?parent=229452"}],"wp:term":[{"taxonomy":"property-feature","embeddable":true,"href":"https:\/\/www.costadelsol-mallorca.com\/es\/wp-json\/wp\/v2\/property-feature?post=229452"},{"taxonomy":"property-type","embeddable":true,"href":"https:\/\/www.costadelsol-mallorca.com\/es\/wp-json\/wp\/v2\/property-type?post=229452"},{"taxonomy":"property-city","embeddable":true,"href":"https:\/\/www.costadelsol-mallorca.com\/es\/wp-json\/wp\/v2\/property-city?post=229452"},{"taxonomy":"property-status","embeddable":true,"href":"https:\/\/www.costadelsol-mallorca.com\/es\/wp-json\/wp\/v2\/property-status?post=229452"}],"curies":[{"name":"wp","href":"https:\/\/api.w.org\/{rel}","templated":true}]}}