{"id":229453,"date":"2024-12-04T08:39:26","date_gmt":"2024-12-04T07:39:26","guid":{"rendered":"https:\/\/www.costadelsol-mallorca.com\/property\/casares-malaga-spain-villa-2\/"},"modified":"2024-12-04T08:39:26","modified_gmt":"2024-12-04T07:39:26","slug":"casares-malaga-spain-villa-2","status":"publish","type":"property","link":"https:\/\/www.costadelsol-mallorca.com\/es\/property\/casares-malaga-spain-villa-2\/","title":{"rendered":"Casares, Malaga, Spain &#8211; Villa"},"content":{"rendered":"<p>Una impresionante villa que es la encarnaci\u00f3n de la vida junto al golf de lujo a la venta en la exclusiva Finca Cortesin Golf Resort.&#xD;&#xD;. Meticulosamente dise\u00f1ada por los estimados arquitectos Vicens &#038; Romans, esta opulenta residencia exhibe una maravilla arquitect\u00f3nica sin parang\u00f3n en la Costa del Sol. Ubicada en una espaciosa parcela en primera l\u00ednea de golf, la villa cuenta con amplios ventanales que inundan los interiores con abundante luz natural, revelando impresionantes vistas del campo de golf Finca Cortes\u00edn y el mar Mediterr\u00e1neo desde su elevado punto de vista. &#xD;&#xD;Finca Cortesin es un oasis de exuberante vegetaci\u00f3n, la privacidad y la tranquilidad est\u00e1n garantizadas.  La villa cuenta con amplias terrazas al aire libre y f\u00e1cil acceso al jard\u00edn desde todas las \u00e1reas, la vida interior \/ exterior se maximiza para los residentes a sacar el m\u00e1ximo provecho de la impresionante clima de este rinc\u00f3n del mundo tiene para ofrecer. La piscina de gran longitud, decorada con impresionantes azulejos de color aguamarina, invita a todos a darse un chapuz\u00f3n, mientras que las frondosas palmeras proporcionan sombra y un est\u00e9tico tel\u00f3n de fondo para la relajaci\u00f3n.&#xD;&#xD;El interior de la propiedad rezuma refinamiento, con cada detalle meticulosamente creado utilizando los mejores materiales, garantizando una sensaci\u00f3n de lujo sin igual. La impresionante cocina, equipada con electrodom\u00e9sticos Gaggenau de \u00faltima generaci\u00f3n, es un para\u00edso culinario que combina a la perfecci\u00f3n practicidad y est\u00e9tica. Distribuidas en 2 plantas, la mayor\u00eda de las habitaciones se encuentran en la planta baja de la propiedad, con impresionantes vistas al campo de golf. El lujoso dormitorio principal se encuentra en el nivel superior de la propiedad, con un enclave privado para el disfrute de los residentes.&#xD;&#xD;El paisajismo de la propiedad es una obra de arte, con un cautivador estanque oculto que adorna la entrada, adornado con exuberante vegetaci\u00f3n que evoca un ambiente relajante, fomentando una profunda conexi\u00f3n con la naturaleza. Una obra maestra arquitect\u00f3nica, esta propiedad goza de una posici\u00f3n privilegiada en primera l\u00ednea de golf en uno de los resorts m\u00e1s exclusivos de Espa\u00f1a: Finca Cortes\u00edn.<\/p>\n","protected":false},"excerpt":{"rendered":"<p>Una impresionante villa que es la encarnaci\u00f3n de la vida junto al golf de lujo a la venta en la exclusiva Finca Cortesin Golf Resort.&#xD;&#xD;. Meticulosamente dise\u00f1ada por los estimados arquitectos Vicens &#038; Romans, esta opulenta residencia exhibe una maravilla arquitect\u00f3nica sin parang\u00f3n en la Costa del Sol. Ubicada en una espaciosa parcela en primera&#8230;<\/p>\n","protected":false},"author":1,"featured_media":222662,"parent":0,"menu_order":0,"comment_status":"open","ping_status":"open","template":"","property-feature":[1558,1560,1565,1579,1588,269,1593,271,1594,1542,1597,1544,1604,1545,1639,1546,1552,1553,1554,1556,1557],"property-type":[1562],"property-city":[866,875,1538],"property-status":[],"class_list":["post-229453","property","type-property","status-publish","has-post-thumbnail","hentry","property-feature-private-terrace","property-feature-underfloor-heating-throughout","property-feature-private-garage","property-feature-fitted-wardrobes","property-feature-golf-view","property-feature-piscina-privada","property-feature-panoramic-view","property-feature-vistas-al-mar","property-feature-excellent-condition","property-feature-private-garden","property-feature-west-orientation","property-feature-air-conditioning","property-feature-optional-furniture","property-feature-fully-fitted-kitchen","property-feature-327-m-terrace","property-feature-utility-room","property-feature-alarm","property-feature-double-glazing","property-feature-video-entrance","property-feature-security-service-24h","property-feature-telephone","property-type-villa","property-city-costa-del-sol","property-city-malaga","property-city-casares","zones-cs"],"aioseo_notices":[],"property_meta":{"REAL_HOMES_property_price":"5160000","REAL_HOMES_property_old_price":"","REAL_HOMES_property_price_prefix":"","REAL_HOMES_property_price_postfix":"","REAL_HOMES_property_size":"578","REAL_HOMES_property_size_postfix":"","REAL_HOMES_property_lot_size":"","REAL_HOMES_property_lot_size_postfix":"","REAL_HOMES_property_bedrooms":"4","REAL_HOMES_property_bathrooms":"4","REAL_HOMES_property_garage":"","REAL_HOMES_property_id":"MDL4459666","REAL_HOMES_property_year_built":"","rvr_property_owner":"","REAL_HOMES_featured":"0","REAL_HOMES_additional_details_list":[["",""]],"REAL_HOMES_property_location":{"latitude":"","longitude":"","zoom":""},"REAL_HOMES_property_address":"","REAL_HOMES_property_map":"0","REAL_HOMES_property_images":[{"width":150,"height":150,"file":"2025\/05\/b1da4e9a.jpg","filesize":335199,"sizes":{"thumbnail":{"file":"b1da4e9a-150x150.jpg","width":150,"height":150,"mime-type":"image\/jpeg","filesize":22080,"url":"https:\/\/www.costadelsol-mallorca.com\/wp-content\/uploads\/2025\/05\/b1da4e9a-150x150.jpg"},"tf-client-image-size":{"file":"b1da4e9a-120x120.jpg","width":120,"height":120,"mime-type":"image\/jpeg","filesize":14878,"url":"https:\/\/www.costadelsol-mallorca.com\/wp-content\/uploads\/2025\/05\/b1da4e9a-120x120.jpg"},"post-thumbnail":{"file":"b1da4e9a-150x113.jpg","width":150,"height":113,"mime-type":"image\/jpeg","filesize":17938,"url":"https:\/\/www.costadelsol-mallorca.com\/wp-content\/uploads\/2025\/05\/b1da4e9a-150x113.jpg"},"modern-property-child-slider":{"file":"b1da4e9a-680x510.jpg","width":680,"height":510,"mime-type":"image\/jpeg","filesize":251118,"url":"https:\/\/www.costadelsol-mallorca.com\/wp-content\/uploads\/2025\/05\/b1da4e9a-680x510.jpg"},"property-thumb-image":{"file":"b1da4e9a-488x326.jpg","width":488,"height":326,"mime-type":"image\/jpeg","filesize":128191,"url":"https:\/\/www.costadelsol-mallorca.com\/wp-content\/uploads\/2025\/05\/b1da4e9a-488x326.jpg"},"property-detail-video-image":{"file":"b1da4e9a-818x417.jpg","width":818,"height":417,"mime-type":"image\/jpeg","filesize":254146,"url":"https:\/\/www.costadelsol-mallorca.com\/wp-content\/uploads\/2025\/05\/b1da4e9a-818x417.jpg"},"agent-image":{"file":"b1da4e9a-210x210.jpg","width":210,"height":210,"mime-type":"image\/jpeg","filesize":41476,"url":"https:\/\/www.costadelsol-mallorca.com\/wp-content\/uploads\/2025\/05\/b1da4e9a-210x210.jpg"},"partners-logo":{"file":"b1da4e9a-600x900.jpg","width":600,"height":900,"mime-type":"image\/jpeg","filesize":327976,"url":"https:\/\/www.costadelsol-mallorca.com\/wp-content\/uploads\/2025\/05\/b1da4e9a-600x900.jpg"},"post-featured-image":{"file":"b1da4e9a-1200x720.jpg","width":1200,"height":720,"mime-type":"image\/jpeg","filesize":551304,"url":"https:\/\/www.costadelsol-mallorca.com\/wp-content\/uploads\/2025\/05\/b1da4e9a-1200x720.jpg"}},"image_meta":{"aperture":"0","credit":"","camera":"","caption":"","created_timestamp":"0","copyright":"","focal_length":"0","iso":"0","shutter_speed":"0","title":"","orientation":"0","keywords":[]},"ID":"222662","name":"b1da4e9a.jpg","path":"\/home\/ro\/web\/costadelsol-mallorca.com\/public_html\/wp-content\/uploads\/2025\/05\/b1da4e9a.jpg","url":"https:\/\/www.costadelsol-mallorca.com\/wp-content\/uploads\/2025\/05\/b1da4e9a-150x150.jpg","full_url":"https:\/\/www.costadelsol-mallorca.com\/wp-content\/uploads\/2025\/05\/b1da4e9a.jpg","title":"b1da4e9a","caption":"","description":"","alt":"","srcset":"https:\/\/www.costadelsol-mallorca.com\/wp-content\/uploads\/2025\/05\/b1da4e9a-150x150.jpg 150w, https:\/\/www.costadelsol-mallorca.com\/wp-content\/uploads\/2025\/05\/b1da4e9a-120x120.jpg 120w, https:\/\/www.costadelsol-mallorca.com\/wp-content\/uploads\/2025\/05\/b1da4e9a-210x210.jpg 210w"},{"width":150,"height":150,"file":"2025\/05\/03ebec00.jpg","filesize":225218,"sizes":{"thumbnail":{"file":"03ebec00-150x150.jpg","width":150,"height":150,"mime-type":"image\/jpeg","filesize":19989,"url":"https:\/\/www.costadelsol-mallorca.com\/wp-content\/uploads\/2025\/05\/03ebec00-150x150.jpg"},"tf-client-image-size":{"file":"03ebec00-120x120.jpg","width":120,"height":120,"mime-type":"image\/jpeg","filesize":13680,"url":"https:\/\/www.costadelsol-mallorca.com\/wp-content\/uploads\/2025\/05\/03ebec00-120x120.jpg"},"post-thumbnail":{"file":"03ebec00-150x100.jpg","width":150,"height":100,"mime-type":"image\/jpeg","filesize":14712,"url":"https:\/\/www.costadelsol-mallorca.com\/wp-content\/uploads\/2025\/05\/03ebec00-150x100.jpg"},"modern-property-child-slider":{"file":"03ebec00-680x510.jpg","width":680,"height":510,"mime-type":"image\/jpeg","filesize":187799,"url":"https:\/\/www.costadelsol-mallorca.com\/wp-content\/uploads\/2025\/05\/03ebec00-680x510.jpg"},"property-thumb-image":{"file":"03ebec00-488x326.jpg","width":488,"height":326,"mime-type":"image\/jpeg","filesize":99935,"url":"https:\/\/www.costadelsol-mallorca.com\/wp-content\/uploads\/2025\/05\/03ebec00-488x326.jpg"},"property-detail-video-image":{"file":"03ebec00-818x417.jpg","width":818,"height":417,"mime-type":"image\/jpeg","filesize":191720,"url":"https:\/\/www.costadelsol-mallorca.com\/wp-content\/uploads\/2025\/05\/03ebec00-818x417.jpg"},"agent-image":{"file":"03ebec00-210x210.jpg","width":210,"height":210,"mime-type":"image\/jpeg","filesize":35737,"url":"https:\/\/www.costadelsol-mallorca.com\/wp-content\/uploads\/2025\/05\/03ebec00-210x210.jpg"},"partners-logo":{"file":"03ebec00-600x800.jpg","width":600,"height":800,"mime-type":"image\/jpeg","filesize":239743,"url":"https:\/\/www.costadelsol-mallorca.com\/wp-content\/uploads\/2025\/05\/03ebec00-600x800.jpg"},"post-featured-image":{"file":"03ebec00-1200x720.jpg","width":1200,"height":720,"mime-type":"image\/jpeg","filesize":308402,"url":"https:\/\/www.costadelsol-mallorca.com\/wp-content\/uploads\/2025\/05\/03ebec00-1200x720.jpg"}},"image_meta":{"aperture":"0","credit":"","camera":"","caption":"","created_timestamp":"0","copyright":"","focal_length":"0","iso":"0","shutter_speed":"0","title":"","orientation":"0","keywords":[]},"ID":"222666","name":"03ebec00.jpg","path":"\/home\/ro\/web\/costadelsol-mallorca.com\/public_html\/wp-content\/uploads\/2025\/05\/03ebec00.jpg","url":"https:\/\/www.costadelsol-mallorca.com\/wp-content\/uploads\/2025\/05\/03ebec00-150x150.jpg","full_url":"https:\/\/www.costadelsol-mallorca.com\/wp-content\/uploads\/2025\/05\/03ebec00.jpg","title":"03ebec00","caption":"","description":"","alt":"","srcset":"https:\/\/www.costadelsol-mallorca.com\/wp-content\/uploads\/2025\/05\/03ebec00-150x150.jpg 150w, https:\/\/www.costadelsol-mallorca.com\/wp-content\/uploads\/2025\/05\/03ebec00-120x120.jpg 120w, https:\/\/www.costadelsol-mallorca.com\/wp-content\/uploads\/2025\/05\/03ebec00-210x210.jpg 210w"},{"width":150,"height":150,"file":"2025\/05\/76b83b87.jpg","filesize":217563,"sizes":{"thumbnail":{"file":"76b83b87-150x150.jpg","width":150,"height":150,"mime-type":"image\/jpeg","filesize":19763,"url":"https:\/\/www.costadelsol-mallorca.com\/wp-content\/uploads\/2025\/05\/76b83b87-150x150.jpg"},"tf-client-image-size":{"file":"76b83b87-120x120.jpg","width":120,"height":120,"mime-type":"image\/jpeg","filesize":13465,"url":"https:\/\/www.costadelsol-mallorca.com\/wp-content\/uploads\/2025\/05\/76b83b87-120x120.jpg"},"post-thumbnail":{"file":"76b83b87-150x100.jpg","width":150,"height":100,"mime-type":"image\/jpeg","filesize":14103,"url":"https:\/\/www.costadelsol-mallorca.com\/wp-content\/uploads\/2025\/05\/76b83b87-150x100.jpg"},"modern-property-child-slider":{"file":"76b83b87-680x510.jpg","width":680,"height":510,"mime-type":"image\/jpeg","filesize":180384,"url":"https:\/\/www.costadelsol-mallorca.com\/wp-content\/uploads\/2025\/05\/76b83b87-680x510.jpg"},"property-thumb-image":{"file":"76b83b87-488x326.jpg","width":488,"height":326,"mime-type":"image\/jpeg","filesize":95759,"url":"https:\/\/www.costadelsol-mallorca.com\/wp-content\/uploads\/2025\/05\/76b83b87-488x326.jpg"},"property-detail-video-image":{"file":"76b83b87-818x417.jpg","width":818,"height":417,"mime-type":"image\/jpeg","filesize":190335,"url":"https:\/\/www.costadelsol-mallorca.com\/wp-content\/uploads\/2025\/05\/76b83b87-818x417.jpg"},"agent-image":{"file":"76b83b87-210x210.jpg","width":210,"height":210,"mime-type":"image\/jpeg","filesize":34553,"url":"https:\/\/www.costadelsol-mallorca.com\/wp-content\/uploads\/2025\/05\/76b83b87-210x210.jpg"},"partners-logo":{"file":"76b83b87-600x800.jpg","width":600,"height":800,"mime-type":"image\/jpeg","filesize":243571,"url":"https:\/\/www.costadelsol-mallorca.com\/wp-content\/uploads\/2025\/05\/76b83b87-600x800.jpg"},"post-featured-image":{"file":"76b83b87-1200x720.jpg","width":1200,"height":720,"mime-type":"image\/jpeg","filesize":302635,"url":"https:\/\/www.costadelsol-mallorca.com\/wp-content\/uploads\/2025\/05\/76b83b87-1200x720.jpg"}},"image_meta":{"aperture":"0","credit":"","camera":"","caption":"","created_timestamp":"0","copyright":"","focal_length":"0","iso":"0","shutter_speed":"0","title":"","orientation":"0","keywords":[]},"ID":"222670","name":"76b83b87.jpg","path":"\/home\/ro\/web\/costadelsol-mallorca.com\/public_html\/wp-content\/uploads\/2025\/05\/76b83b87.jpg","url":"https:\/\/www.costadelsol-mallorca.com\/wp-content\/uploads\/2025\/05\/76b83b87-150x150.jpg","full_url":"https:\/\/www.costadelsol-mallorca.com\/wp-content\/uploads\/2025\/05\/76b83b87.jpg","title":"76b83b87","caption":"","description":"","alt":"","srcset":"https:\/\/www.costadelsol-mallorca.com\/wp-content\/uploads\/2025\/05\/76b83b87-150x150.jpg 150w, https:\/\/www.costadelsol-mallorca.com\/wp-content\/uploads\/2025\/05\/76b83b87-120x120.jpg 120w, https:\/\/www.costadelsol-mallorca.com\/wp-content\/uploads\/2025\/05\/76b83b87-210x210.jpg 210w"},{"width":150,"height":150,"file":"2025\/05\/f7ead691.jpg","filesize":165158,"sizes":{"thumbnail":{"file":"f7ead691-150x150.jpg","width":150,"height":150,"mime-type":"image\/jpeg","filesize":14019,"url":"https:\/\/www.costadelsol-mallorca.com\/wp-content\/uploads\/2025\/05\/f7ead691-150x150.jpg"},"tf-client-image-size":{"file":"f7ead691-120x120.jpg","width":120,"height":120,"mime-type":"image\/jpeg","filesize":9618,"url":"https:\/\/www.costadelsol-mallorca.com\/wp-content\/uploads\/2025\/05\/f7ead691-120x120.jpg"},"post-thumbnail":{"file":"f7ead691-150x100.jpg","width":150,"height":100,"mime-type":"image\/jpeg","filesize":10859,"url":"https:\/\/www.costadelsol-mallorca.com\/wp-content\/uploads\/2025\/05\/f7ead691-150x100.jpg"},"modern-property-child-slider":{"file":"f7ead691-680x510.jpg","width":680,"height":510,"mime-type":"image\/jpeg","filesize":140483,"url":"https:\/\/www.costadelsol-mallorca.com\/wp-content\/uploads\/2025\/05\/f7ead691-680x510.jpg"},"property-thumb-image":{"file":"f7ead691-488x326.jpg","width":488,"height":326,"mime-type":"image\/jpeg","filesize":72855,"url":"https:\/\/www.costadelsol-mallorca.com\/wp-content\/uploads\/2025\/05\/f7ead691-488x326.jpg"},"property-detail-video-image":{"file":"f7ead691-818x417.jpg","width":818,"height":417,"mime-type":"image\/jpeg","filesize":146749,"url":"https:\/\/www.costadelsol-mallorca.com\/wp-content\/uploads\/2025\/05\/f7ead691-818x417.jpg"},"agent-image":{"file":"f7ead691-210x210.jpg","width":210,"height":210,"mime-type":"image\/jpeg","filesize":24429,"url":"https:\/\/www.costadelsol-mallorca.com\/wp-content\/uploads\/2025\/05\/f7ead691-210x210.jpg"},"partners-logo":{"file":"f7ead691-600x800.jpg","width":600,"height":800,"mime-type":"image\/jpeg","filesize":156862,"url":"https:\/\/www.costadelsol-mallorca.com\/wp-content\/uploads\/2025\/05\/f7ead691-600x800.jpg"},"post-featured-image":{"file":"f7ead691-1200x720.jpg","width":1200,"height":720,"mime-type":"image\/jpeg","filesize":232456,"url":"https:\/\/www.costadelsol-mallorca.com\/wp-content\/uploads\/2025\/05\/f7ead691-1200x720.jpg"}},"image_meta":{"aperture":"0","credit":"","camera":"","caption":"","created_timestamp":"0","copyright":"","focal_length":"0","iso":"0","shutter_speed":"0","title":"","orientation":"0","keywords":[]},"ID":"222674","name":"f7ead691.jpg","path":"\/home\/ro\/web\/costadelsol-mallorca.com\/public_html\/wp-content\/uploads\/2025\/05\/f7ead691.jpg","url":"https:\/\/www.costadelsol-mallorca.com\/wp-content\/uploads\/2025\/05\/f7ead691-150x150.jpg","full_url":"https:\/\/www.costadelsol-mallorca.com\/wp-content\/uploads\/2025\/05\/f7ead691.jpg","title":"f7ead691","caption":"","description":"","alt":"","srcset":"https:\/\/www.costadelsol-mallorca.com\/wp-content\/uploads\/2025\/05\/f7ead691-150x150.jpg 150w, https:\/\/www.costadelsol-mallorca.com\/wp-content\/uploads\/2025\/05\/f7ead691-120x120.jpg 120w, https:\/\/www.costadelsol-mallorca.com\/wp-content\/uploads\/2025\/05\/f7ead691-210x210.jpg 210w"},{"width":150,"height":150,"file":"2025\/05\/b7c7f535.jpg","filesize":223580,"sizes":{"thumbnail":{"file":"b7c7f535-150x150.jpg","width":150,"height":150,"mime-type":"image\/jpeg","filesize":14639,"url":"https:\/\/www.costadelsol-mallorca.com\/wp-content\/uploads\/2025\/05\/b7c7f535-150x150.jpg"},"tf-client-image-size":{"file":"b7c7f535-120x120.jpg","width":120,"height":120,"mime-type":"image\/jpeg","filesize":9760,"url":"https:\/\/www.costadelsol-mallorca.com\/wp-content\/uploads\/2025\/05\/b7c7f535-120x120.jpg"},"post-thumbnail":{"file":"b7c7f535-150x100.jpg","width":150,"height":100,"mime-type":"image\/jpeg","filesize":13010,"url":"https:\/\/www.costadelsol-mallorca.com\/wp-content\/uploads\/2025\/05\/b7c7f535-150x100.jpg"},"modern-property-child-slider":{"file":"b7c7f535-680x510.jpg","width":680,"height":510,"mime-type":"image\/jpeg","filesize":168897,"url":"https:\/\/www.costadelsol-mallorca.com\/wp-content\/uploads\/2025\/05\/b7c7f535-680x510.jpg"},"property-thumb-image":{"file":"b7c7f535-488x326.jpg","width":488,"height":326,"mime-type":"image\/jpeg","filesize":94334,"url":"https:\/\/www.costadelsol-mallorca.com\/wp-content\/uploads\/2025\/05\/b7c7f535-488x326.jpg"},"property-detail-video-image":{"file":"b7c7f535-818x417.jpg","width":818,"height":417,"mime-type":"image\/jpeg","filesize":192082,"url":"https:\/\/www.costadelsol-mallorca.com\/wp-content\/uploads\/2025\/05\/b7c7f535-818x417.jpg"},"agent-image":{"file":"b7c7f535-210x210.jpg","width":210,"height":210,"mime-type":"image\/jpeg","filesize":25305,"url":"https:\/\/www.costadelsol-mallorca.com\/wp-content\/uploads\/2025\/05\/b7c7f535-210x210.jpg"},"partners-logo":{"file":"b7c7f535-600x800.jpg","width":600,"height":800,"mime-type":"image\/jpeg","filesize":153701,"url":"https:\/\/www.costadelsol-mallorca.com\/wp-content\/uploads\/2025\/05\/b7c7f535-600x800.jpg"},"post-featured-image":{"file":"b7c7f535-1200x720.jpg","width":1200,"height":720,"mime-type":"image\/jpeg","filesize":315619,"url":"https:\/\/www.costadelsol-mallorca.com\/wp-content\/uploads\/2025\/05\/b7c7f535-1200x720.jpg"}},"image_meta":{"aperture":"0","credit":"","camera":"","caption":"","created_timestamp":"0","copyright":"","focal_length":"0","iso":"0","shutter_speed":"0","title":"","orientation":"0","keywords":[]},"ID":"222678","name":"b7c7f535.jpg","path":"\/home\/ro\/web\/costadelsol-mallorca.com\/public_html\/wp-content\/uploads\/2025\/05\/b7c7f535.jpg","url":"https:\/\/www.costadelsol-mallorca.com\/wp-content\/uploads\/2025\/05\/b7c7f535-150x150.jpg","full_url":"https:\/\/www.costadelsol-mallorca.com\/wp-content\/uploads\/2025\/05\/b7c7f535.jpg","title":"b7c7f535","caption":"","description":"","alt":"","srcset":"https:\/\/www.costadelsol-mallorca.com\/wp-content\/uploads\/2025\/05\/b7c7f535-150x150.jpg 150w, https:\/\/www.costadelsol-mallorca.com\/wp-content\/uploads\/2025\/05\/b7c7f535-120x120.jpg 120w, https:\/\/www.costadelsol-mallorca.com\/wp-content\/uploads\/2025\/05\/b7c7f535-210x210.jpg 210w"},{"width":150,"height":150,"file":"2025\/05\/97969b05.jpg","filesize":156388,"sizes":{"thumbnail":{"file":"97969b05-150x150.jpg","width":150,"height":150,"mime-type":"image\/jpeg","filesize":11064,"url":"https:\/\/www.costadelsol-mallorca.com\/wp-content\/uploads\/2025\/05\/97969b05-150x150.jpg"},"tf-client-image-size":{"file":"97969b05-120x120.jpg","width":120,"height":120,"mime-type":"image\/jpeg","filesize":7620,"url":"https:\/\/www.costadelsol-mallorca.com\/wp-content\/uploads\/2025\/05\/97969b05-120x120.jpg"},"post-thumbnail":{"file":"97969b05-150x100.jpg","width":150,"height":100,"mime-type":"image\/jpeg","filesize":9322,"url":"https:\/\/www.costadelsol-mallorca.com\/wp-content\/uploads\/2025\/05\/97969b05-150x100.jpg"},"modern-property-child-slider":{"file":"97969b05-680x510.jpg","width":680,"height":510,"mime-type":"image\/jpeg","filesize":128846,"url":"https:\/\/www.costadelsol-mallorca.com\/wp-content\/uploads\/2025\/05\/97969b05-680x510.jpg"},"property-thumb-image":{"file":"97969b05-488x326.jpg","width":488,"height":326,"mime-type":"image\/jpeg","filesize":66981,"url":"https:\/\/www.costadelsol-mallorca.com\/wp-content\/uploads\/2025\/05\/97969b05-488x326.jpg"},"property-detail-video-image":{"file":"97969b05-818x417.jpg","width":818,"height":417,"mime-type":"image\/jpeg","filesize":145948,"url":"https:\/\/www.costadelsol-mallorca.com\/wp-content\/uploads\/2025\/05\/97969b05-818x417.jpg"},"agent-image":{"file":"97969b05-210x210.jpg","width":210,"height":210,"mime-type":"image\/jpeg","filesize":19819,"url":"https:\/\/www.costadelsol-mallorca.com\/wp-content\/uploads\/2025\/05\/97969b05-210x210.jpg"},"partners-logo":{"file":"97969b05-600x803.jpg","width":600,"height":803,"mime-type":"image\/jpeg","filesize":136743,"url":"https:\/\/www.costadelsol-mallorca.com\/wp-content\/uploads\/2025\/05\/97969b05-600x803.jpg"},"post-featured-image":{"file":"97969b05-1200x720.jpg","width":1200,"height":720,"mime-type":"image\/jpeg","filesize":298783,"url":"https:\/\/www.costadelsol-mallorca.com\/wp-content\/uploads\/2025\/05\/97969b05-1200x720.jpg"}},"image_meta":{"aperture":"0","credit":"","camera":"","caption":"","created_timestamp":"0","copyright":"","focal_length":"0","iso":"0","shutter_speed":"0","title":"","orientation":"0","keywords":[]},"ID":"222682","name":"97969b05.jpg","path":"\/home\/ro\/web\/costadelsol-mallorca.com\/public_html\/wp-content\/uploads\/2025\/05\/97969b05.jpg","url":"https:\/\/www.costadelsol-mallorca.com\/wp-content\/uploads\/2025\/05\/97969b05-150x150.jpg","full_url":"https:\/\/www.costadelsol-mallorca.com\/wp-content\/uploads\/2025\/05\/97969b05.jpg","title":"97969b05","caption":"","description":"","alt":"","srcset":"https:\/\/www.costadelsol-mallorca.com\/wp-content\/uploads\/2025\/05\/97969b05-150x150.jpg 150w, https:\/\/www.costadelsol-mallorca.com\/wp-content\/uploads\/2025\/05\/97969b05-120x120.jpg 120w, https:\/\/www.costadelsol-mallorca.com\/wp-content\/uploads\/2025\/05\/97969b05-210x210.jpg 210w"},{"width":150,"height":150,"file":"2025\/05\/aeb4031e.jpg","filesize":150948,"sizes":{"thumbnail":{"file":"aeb4031e-150x150.jpg","width":150,"height":150,"mime-type":"image\/jpeg","filesize":13923,"url":"https:\/\/www.costadelsol-mallorca.com\/wp-content\/uploads\/2025\/05\/aeb4031e-150x150.jpg"},"tf-client-image-size":{"file":"aeb4031e-120x120.jpg","width":120,"height":120,"mime-type":"image\/jpeg","filesize":9614,"url":"https:\/\/www.costadelsol-mallorca.com\/wp-content\/uploads\/2025\/05\/aeb4031e-120x120.jpg"},"post-thumbnail":{"file":"aeb4031e-150x100.jpg","width":150,"height":100,"mime-type":"image\/jpeg","filesize":10264,"url":"https:\/\/www.costadelsol-mallorca.com\/wp-content\/uploads\/2025\/05\/aeb4031e-150x100.jpg"},"modern-property-child-slider":{"file":"aeb4031e-680x510.jpg","width":680,"height":510,"mime-type":"image\/jpeg","filesize":133859,"url":"https:\/\/www.costadelsol-mallorca.com\/wp-content\/uploads\/2025\/05\/aeb4031e-680x510.jpg"},"property-thumb-image":{"file":"aeb4031e-488x326.jpg","width":488,"height":326,"mime-type":"image\/jpeg","filesize":69825,"url":"https:\/\/www.costadelsol-mallorca.com\/wp-content\/uploads\/2025\/05\/aeb4031e-488x326.jpg"},"property-detail-video-image":{"file":"aeb4031e-818x417.jpg","width":818,"height":417,"mime-type":"image\/jpeg","filesize":142363,"url":"https:\/\/www.costadelsol-mallorca.com\/wp-content\/uploads\/2025\/05\/aeb4031e-818x417.jpg"},"agent-image":{"file":"aeb4031e-210x210.jpg","width":210,"height":210,"mime-type":"image\/jpeg","filesize":24507,"url":"https:\/\/www.costadelsol-mallorca.com\/wp-content\/uploads\/2025\/05\/aeb4031e-210x210.jpg"},"partners-logo":{"file":"aeb4031e-600x801.jpg","width":600,"height":801,"mime-type":"image\/jpeg","filesize":164532,"url":"https:\/\/www.costadelsol-mallorca.com\/wp-content\/uploads\/2025\/05\/aeb4031e-600x801.jpg"},"post-featured-image":{"file":"aeb4031e-1200x720.jpg","width":1200,"height":720,"mime-type":"image\/jpeg","filesize":216209,"url":"https:\/\/www.costadelsol-mallorca.com\/wp-content\/uploads\/2025\/05\/aeb4031e-1200x720.jpg"}},"image_meta":{"aperture":"0","credit":"","camera":"","caption":"","created_timestamp":"0","copyright":"","focal_length":"0","iso":"0","shutter_speed":"0","title":"","orientation":"0","keywords":[]},"ID":"222686","name":"aeb4031e.jpg","path":"\/home\/ro\/web\/costadelsol-mallorca.com\/public_html\/wp-content\/uploads\/2025\/05\/aeb4031e.jpg","url":"https:\/\/www.costadelsol-mallorca.com\/wp-content\/uploads\/2025\/05\/aeb4031e-150x150.jpg","full_url":"https:\/\/www.costadelsol-mallorca.com\/wp-content\/uploads\/2025\/05\/aeb4031e.jpg","title":"aeb4031e","caption":"","description":"","alt":"","srcset":"https:\/\/www.costadelsol-mallorca.com\/wp-content\/uploads\/2025\/05\/aeb4031e-150x150.jpg 150w, https:\/\/www.costadelsol-mallorca.com\/wp-content\/uploads\/2025\/05\/aeb4031e-120x120.jpg 120w, https:\/\/www.costadelsol-mallorca.com\/wp-content\/uploads\/2025\/05\/aeb4031e-210x210.jpg 210w"},{"width":150,"height":150,"file":"2025\/05\/8762f72e.jpg","filesize":190106,"sizes":{"thumbnail":{"file":"8762f72e-150x150.jpg","width":150,"height":150,"mime-type":"image\/jpeg","filesize":15476,"url":"https:\/\/www.costadelsol-mallorca.com\/wp-content\/uploads\/2025\/05\/8762f72e-150x150.jpg"},"tf-client-image-size":{"file":"8762f72e-120x120.jpg","width":120,"height":120,"mime-type":"image\/jpeg","filesize":10549,"url":"https:\/\/www.costadelsol-mallorca.com\/wp-content\/uploads\/2025\/05\/8762f72e-120x120.jpg"},"post-thumbnail":{"file":"8762f72e-150x99.jpg","width":150,"height":99,"mime-type":"image\/jpeg","filesize":10562,"url":"https:\/\/www.costadelsol-mallorca.com\/wp-content\/uploads\/2025\/05\/8762f72e-150x99.jpg"},"modern-property-child-slider":{"file":"8762f72e-680x510.jpg","width":680,"height":510,"mime-type":"image\/jpeg","filesize":153550,"url":"https:\/\/www.costadelsol-mallorca.com\/wp-content\/uploads\/2025\/05\/8762f72e-680x510.jpg"},"property-thumb-image":{"file":"8762f72e-488x326.jpg","width":488,"height":326,"mime-type":"image\/jpeg","filesize":77623,"url":"https:\/\/www.costadelsol-mallorca.com\/wp-content\/uploads\/2025\/05\/8762f72e-488x326.jpg"},"property-detail-video-image":{"file":"8762f72e-818x417.jpg","width":818,"height":417,"mime-type":"image\/jpeg","filesize":159868,"url":"https:\/\/www.costadelsol-mallorca.com\/wp-content\/uploads\/2025\/05\/8762f72e-818x417.jpg"},"agent-image":{"file":"8762f72e-210x210.jpg","width":210,"height":210,"mime-type":"image\/jpeg","filesize":27592,"url":"https:\/\/www.costadelsol-mallorca.com\/wp-content\/uploads\/2025\/05\/8762f72e-210x210.jpg"},"partners-logo":{"file":"8762f72e-600x791.jpg","width":600,"height":791,"mime-type":"image\/jpeg","filesize":208491,"url":"https:\/\/www.costadelsol-mallorca.com\/wp-content\/uploads\/2025\/05\/8762f72e-600x791.jpg"},"post-featured-image":{"file":"8762f72e-1200x720.jpg","width":1200,"height":720,"mime-type":"image\/jpeg","filesize":349862,"url":"https:\/\/www.costadelsol-mallorca.com\/wp-content\/uploads\/2025\/05\/8762f72e-1200x720.jpg"}},"image_meta":{"aperture":"0","credit":"","camera":"","caption":"","created_timestamp":"0","copyright":"","focal_length":"0","iso":"0","shutter_speed":"0","title":"","orientation":"0","keywords":[]},"ID":"222690","name":"8762f72e.jpg","path":"\/home\/ro\/web\/costadelsol-mallorca.com\/public_html\/wp-content\/uploads\/2025\/05\/8762f72e.jpg","url":"https:\/\/www.costadelsol-mallorca.com\/wp-content\/uploads\/2025\/05\/8762f72e-150x150.jpg","full_url":"https:\/\/www.costadelsol-mallorca.com\/wp-content\/uploads\/2025\/05\/8762f72e.jpg","title":"8762f72e","caption":"","description":"","alt":"","srcset":"https:\/\/www.costadelsol-mallorca.com\/wp-content\/uploads\/2025\/05\/8762f72e-150x150.jpg 150w, https:\/\/www.costadelsol-mallorca.com\/wp-content\/uploads\/2025\/05\/8762f72e-120x120.jpg 120w, https:\/\/www.costadelsol-mallorca.com\/wp-content\/uploads\/2025\/05\/8762f72e-210x210.jpg 210w"},{"width":150,"height":150,"file":"2025\/05\/258f4c3a.jpg","filesize":163371,"sizes":{"thumbnail":{"file":"258f4c3a-150x150.jpg","width":150,"height":150,"mime-type":"image\/jpeg","filesize":13163,"url":"https:\/\/www.costadelsol-mallorca.com\/wp-content\/uploads\/2025\/05\/258f4c3a-150x150.jpg"},"tf-client-image-size":{"file":"258f4c3a-120x120.jpg","width":120,"height":120,"mime-type":"image\/jpeg","filesize":9180,"url":"https:\/\/www.costadelsol-mallorca.com\/wp-content\/uploads\/2025\/05\/258f4c3a-120x120.jpg"},"post-thumbnail":{"file":"258f4c3a-150x99.jpg","width":150,"height":99,"mime-type":"image\/jpeg","filesize":9663,"url":"https:\/\/www.costadelsol-mallorca.com\/wp-content\/uploads\/2025\/05\/258f4c3a-150x99.jpg"},"modern-property-child-slider":{"file":"258f4c3a-680x510.jpg","width":680,"height":510,"mime-type":"image\/jpeg","filesize":132801,"url":"https:\/\/www.costadelsol-mallorca.com\/wp-content\/uploads\/2025\/05\/258f4c3a-680x510.jpg"},"property-thumb-image":{"file":"258f4c3a-488x326.jpg","width":488,"height":326,"mime-type":"image\/jpeg","filesize":69722,"url":"https:\/\/www.costadelsol-mallorca.com\/wp-content\/uploads\/2025\/05\/258f4c3a-488x326.jpg"},"property-detail-video-image":{"file":"258f4c3a-818x417.jpg","width":818,"height":417,"mime-type":"image\/jpeg","filesize":141605,"url":"https:\/\/www.costadelsol-mallorca.com\/wp-content\/uploads\/2025\/05\/258f4c3a-818x417.jpg"},"agent-image":{"file":"258f4c3a-210x210.jpg","width":210,"height":210,"mime-type":"image\/jpeg","filesize":23326,"url":"https:\/\/www.costadelsol-mallorca.com\/wp-content\/uploads\/2025\/05\/258f4c3a-210x210.jpg"},"partners-logo":{"file":"258f4c3a-600x794.jpg","width":600,"height":794,"mime-type":"image\/jpeg","filesize":163319,"url":"https:\/\/www.costadelsol-mallorca.com\/wp-content\/uploads\/2025\/05\/258f4c3a-600x794.jpg"},"post-featured-image":{"file":"258f4c3a-1200x720.jpg","width":1200,"height":720,"mime-type":"image\/jpeg","filesize":305016,"url":"https:\/\/www.costadelsol-mallorca.com\/wp-content\/uploads\/2025\/05\/258f4c3a-1200x720.jpg"}},"image_meta":{"aperture":"0","credit":"","camera":"","caption":"","created_timestamp":"0","copyright":"","focal_length":"0","iso":"0","shutter_speed":"0","title":"","orientation":"0","keywords":[]},"ID":"222694","name":"258f4c3a.jpg","path":"\/home\/ro\/web\/costadelsol-mallorca.com\/public_html\/wp-content\/uploads\/2025\/05\/258f4c3a.jpg","url":"https:\/\/www.costadelsol-mallorca.com\/wp-content\/uploads\/2025\/05\/258f4c3a-150x150.jpg","full_url":"https:\/\/www.costadelsol-mallorca.com\/wp-content\/uploads\/2025\/05\/258f4c3a.jpg","title":"258f4c3a","caption":"","description":"","alt":"","srcset":"https:\/\/www.costadelsol-mallorca.com\/wp-content\/uploads\/2025\/05\/258f4c3a-150x150.jpg 150w, https:\/\/www.costadelsol-mallorca.com\/wp-content\/uploads\/2025\/05\/258f4c3a-120x120.jpg 120w, https:\/\/www.costadelsol-mallorca.com\/wp-content\/uploads\/2025\/05\/258f4c3a-210x210.jpg 210w"},{"width":150,"height":150,"file":"2025\/05\/afa77a3a.jpg","filesize":278362,"sizes":{"thumbnail":{"file":"afa77a3a-150x150.jpg","width":150,"height":150,"mime-type":"image\/jpeg","filesize":19849,"url":"https:\/\/www.costadelsol-mallorca.com\/wp-content\/uploads\/2025\/05\/afa77a3a-150x150.jpg"},"tf-client-image-size":{"file":"afa77a3a-120x120.jpg","width":120,"height":120,"mime-type":"image\/jpeg","filesize":13324,"url":"https:\/\/www.costadelsol-mallorca.com\/wp-content\/uploads\/2025\/05\/afa77a3a-120x120.jpg"},"post-thumbnail":{"file":"afa77a3a-150x100.jpg","width":150,"height":100,"mime-type":"image\/jpeg","filesize":14986,"url":"https:\/\/www.costadelsol-mallorca.com\/wp-content\/uploads\/2025\/05\/afa77a3a-150x100.jpg"},"modern-property-child-slider":{"file":"afa77a3a-680x510.jpg","width":680,"height":510,"mime-type":"image\/jpeg","filesize":214557,"url":"https:\/\/www.costadelsol-mallorca.com\/wp-content\/uploads\/2025\/05\/afa77a3a-680x510.jpg"},"property-thumb-image":{"file":"afa77a3a-488x326.jpg","width":488,"height":326,"mime-type":"image\/jpeg","filesize":111014,"url":"https:\/\/www.costadelsol-mallorca.com\/wp-content\/uploads\/2025\/05\/afa77a3a-488x326.jpg"},"property-detail-video-image":{"file":"afa77a3a-818x417.jpg","width":818,"height":417,"mime-type":"image\/jpeg","filesize":238303,"url":"https:\/\/www.costadelsol-mallorca.com\/wp-content\/uploads\/2025\/05\/afa77a3a-818x417.jpg"},"agent-image":{"file":"afa77a3a-210x210.jpg","width":210,"height":210,"mime-type":"image\/jpeg","filesize":35625,"url":"https:\/\/www.costadelsol-mallorca.com\/wp-content\/uploads\/2025\/05\/afa77a3a-210x210.jpg"},"partners-logo":{"file":"afa77a3a-600x803.jpg","width":600,"height":803,"mime-type":"image\/jpeg","filesize":277112,"url":"https:\/\/www.costadelsol-mallorca.com\/wp-content\/uploads\/2025\/05\/afa77a3a-600x803.jpg"},"post-featured-image":{"file":"afa77a3a-1200x720.jpg","width":1200,"height":720,"mime-type":"image\/jpeg","filesize":507747,"url":"https:\/\/www.costadelsol-mallorca.com\/wp-content\/uploads\/2025\/05\/afa77a3a-1200x720.jpg"}},"image_meta":{"aperture":"0","credit":"","camera":"","caption":"","created_timestamp":"0","copyright":"","focal_length":"0","iso":"0","shutter_speed":"0","title":"","orientation":"0","keywords":[]},"ID":"222698","name":"afa77a3a.jpg","path":"\/home\/ro\/web\/costadelsol-mallorca.com\/public_html\/wp-content\/uploads\/2025\/05\/afa77a3a.jpg","url":"https:\/\/www.costadelsol-mallorca.com\/wp-content\/uploads\/2025\/05\/afa77a3a-150x150.jpg","full_url":"https:\/\/www.costadelsol-mallorca.com\/wp-content\/uploads\/2025\/05\/afa77a3a.jpg","title":"afa77a3a","caption":"","description":"","alt":"","srcset":"https:\/\/www.costadelsol-mallorca.com\/wp-content\/uploads\/2025\/05\/afa77a3a-150x150.jpg 150w, https:\/\/www.costadelsol-mallorca.com\/wp-content\/uploads\/2025\/05\/afa77a3a-120x120.jpg 120w, https:\/\/www.costadelsol-mallorca.com\/wp-content\/uploads\/2025\/05\/afa77a3a-210x210.jpg 210w"},{"width":150,"height":150,"file":"2025\/05\/cf2ab411.jpg","filesize":156864,"sizes":{"thumbnail":{"file":"cf2ab411-150x150.jpg","width":150,"height":150,"mime-type":"image\/jpeg","filesize":14848,"url":"https:\/\/www.costadelsol-mallorca.com\/wp-content\/uploads\/2025\/05\/cf2ab411-150x150.jpg"},"tf-client-image-size":{"file":"cf2ab411-120x120.jpg","width":120,"height":120,"mime-type":"image\/jpeg","filesize":9971,"url":"https:\/\/www.costadelsol-mallorca.com\/wp-content\/uploads\/2025\/05\/cf2ab411-120x120.jpg"},"post-thumbnail":{"file":"cf2ab411-150x100.jpg","width":150,"height":100,"mime-type":"image\/jpeg","filesize":10856,"url":"https:\/\/www.costadelsol-mallorca.com\/wp-content\/uploads\/2025\/05\/cf2ab411-150x100.jpg"},"modern-property-child-slider":{"file":"cf2ab411-680x510.jpg","width":680,"height":510,"mime-type":"image\/jpeg","filesize":138656,"url":"https:\/\/www.costadelsol-mallorca.com\/wp-content\/uploads\/2025\/05\/cf2ab411-680x510.jpg"},"property-thumb-image":{"file":"cf2ab411-488x326.jpg","width":488,"height":326,"mime-type":"image\/jpeg","filesize":71943,"url":"https:\/\/www.costadelsol-mallorca.com\/wp-content\/uploads\/2025\/05\/cf2ab411-488x326.jpg"},"property-detail-video-image":{"file":"cf2ab411-818x417.jpg","width":818,"height":417,"mime-type":"image\/jpeg","filesize":141279,"url":"https:\/\/www.costadelsol-mallorca.com\/wp-content\/uploads\/2025\/05\/cf2ab411-818x417.jpg"},"agent-image":{"file":"cf2ab411-210x210.jpg","width":210,"height":210,"mime-type":"image\/jpeg","filesize":25768,"url":"https:\/\/www.costadelsol-mallorca.com\/wp-content\/uploads\/2025\/05\/cf2ab411-210x210.jpg"},"partners-logo":{"file":"cf2ab411-600x799.jpg","width":600,"height":799,"mime-type":"image\/jpeg","filesize":197392,"url":"https:\/\/www.costadelsol-mallorca.com\/wp-content\/uploads\/2025\/05\/cf2ab411-600x799.jpg"},"post-featured-image":{"file":"cf2ab411-1200x720.jpg","width":1200,"height":720,"mime-type":"image\/jpeg","filesize":293751,"url":"https:\/\/www.costadelsol-mallorca.com\/wp-content\/uploads\/2025\/05\/cf2ab411-1200x720.jpg"}},"image_meta":{"aperture":"0","credit":"","camera":"","caption":"","created_timestamp":"0","copyright":"","focal_length":"0","iso":"0","shutter_speed":"0","title":"","orientation":"0","keywords":[]},"ID":"222702","name":"cf2ab411.jpg","path":"\/home\/ro\/web\/costadelsol-mallorca.com\/public_html\/wp-content\/uploads\/2025\/05\/cf2ab411.jpg","url":"https:\/\/www.costadelsol-mallorca.com\/wp-content\/uploads\/2025\/05\/cf2ab411-150x150.jpg","full_url":"https:\/\/www.costadelsol-mallorca.com\/wp-content\/uploads\/2025\/05\/cf2ab411.jpg","title":"cf2ab411","caption":"","description":"","alt":"","srcset":"https:\/\/www.costadelsol-mallorca.com\/wp-content\/uploads\/2025\/05\/cf2ab411-150x150.jpg 150w, https:\/\/www.costadelsol-mallorca.com\/wp-content\/uploads\/2025\/05\/cf2ab411-120x120.jpg 120w, https:\/\/www.costadelsol-mallorca.com\/wp-content\/uploads\/2025\/05\/cf2ab411-210x210.jpg 210w"},{"width":150,"height":150,"file":"2025\/05\/3cb4e4a6.jpg","filesize":136507,"sizes":{"thumbnail":{"file":"3cb4e4a6-150x150.jpg","width":150,"height":150,"mime-type":"image\/jpeg","filesize":13832,"url":"https:\/\/www.costadelsol-mallorca.com\/wp-content\/uploads\/2025\/05\/3cb4e4a6-150x150.jpg"},"tf-client-image-size":{"file":"3cb4e4a6-120x120.jpg","width":120,"height":120,"mime-type":"image\/jpeg","filesize":9581,"url":"https:\/\/www.costadelsol-mallorca.com\/wp-content\/uploads\/2025\/05\/3cb4e4a6-120x120.jpg"},"post-thumbnail":{"file":"3cb4e4a6-150x100.jpg","width":150,"height":100,"mime-type":"image\/jpeg","filesize":11113,"url":"https:\/\/www.costadelsol-mallorca.com\/wp-content\/uploads\/2025\/05\/3cb4e4a6-150x100.jpg"},"modern-property-child-slider":{"file":"3cb4e4a6-680x510.jpg","width":680,"height":510,"mime-type":"image\/jpeg","filesize":122129,"url":"https:\/\/www.costadelsol-mallorca.com\/wp-content\/uploads\/2025\/05\/3cb4e4a6-680x510.jpg"},"property-thumb-image":{"file":"3cb4e4a6-488x326.jpg","width":488,"height":326,"mime-type":"image\/jpeg","filesize":67666,"url":"https:\/\/www.costadelsol-mallorca.com\/wp-content\/uploads\/2025\/05\/3cb4e4a6-488x326.jpg"},"property-detail-video-image":{"file":"3cb4e4a6-818x417.jpg","width":818,"height":417,"mime-type":"image\/jpeg","filesize":123450,"url":"https:\/\/www.costadelsol-mallorca.com\/wp-content\/uploads\/2025\/05\/3cb4e4a6-818x417.jpg"},"agent-image":{"file":"3cb4e4a6-210x210.jpg","width":210,"height":210,"mime-type":"image\/jpeg","filesize":23664,"url":"https:\/\/www.costadelsol-mallorca.com\/wp-content\/uploads\/2025\/05\/3cb4e4a6-210x210.jpg"},"partners-logo":{"file":"3cb4e4a6-600x799.jpg","width":600,"height":799,"mime-type":"image\/jpeg","filesize":136537,"url":"https:\/\/www.costadelsol-mallorca.com\/wp-content\/uploads\/2025\/05\/3cb4e4a6-600x799.jpg"},"post-featured-image":{"file":"3cb4e4a6-1200x720.jpg","width":1200,"height":720,"mime-type":"image\/jpeg","filesize":251400,"url":"https:\/\/www.costadelsol-mallorca.com\/wp-content\/uploads\/2025\/05\/3cb4e4a6-1200x720.jpg"}},"image_meta":{"aperture":"0","credit":"","camera":"","caption":"","created_timestamp":"0","copyright":"","focal_length":"0","iso":"0","shutter_speed":"0","title":"","orientation":"0","keywords":[]},"ID":"222706","name":"3cb4e4a6.jpg","path":"\/home\/ro\/web\/costadelsol-mallorca.com\/public_html\/wp-content\/uploads\/2025\/05\/3cb4e4a6.jpg","url":"https:\/\/www.costadelsol-mallorca.com\/wp-content\/uploads\/2025\/05\/3cb4e4a6-150x150.jpg","full_url":"https:\/\/www.costadelsol-mallorca.com\/wp-content\/uploads\/2025\/05\/3cb4e4a6.jpg","title":"3cb4e4a6","caption":"","description":"","alt":"","srcset":"https:\/\/www.costadelsol-mallorca.com\/wp-content\/uploads\/2025\/05\/3cb4e4a6-150x150.jpg 150w, https:\/\/www.costadelsol-mallorca.com\/wp-content\/uploads\/2025\/05\/3cb4e4a6-120x120.jpg 120w, https:\/\/www.costadelsol-mallorca.com\/wp-content\/uploads\/2025\/05\/3cb4e4a6-210x210.jpg 210w"},{"width":150,"height":150,"file":"2025\/05\/36d07dae.jpg","filesize":305861,"sizes":{"thumbnail":{"file":"36d07dae-150x150.jpg","width":150,"height":150,"mime-type":"image\/jpeg","filesize":22437,"url":"https:\/\/www.costadelsol-mallorca.com\/wp-content\/uploads\/2025\/05\/36d07dae-150x150.jpg"},"tf-client-image-size":{"file":"36d07dae-120x120.jpg","width":120,"height":120,"mime-type":"image\/jpeg","filesize":14872,"url":"https:\/\/www.costadelsol-mallorca.com\/wp-content\/uploads\/2025\/05\/36d07dae-120x120.jpg"},"post-thumbnail":{"file":"36d07dae-150x100.jpg","width":150,"height":100,"mime-type":"image\/jpeg","filesize":16584,"url":"https:\/\/www.costadelsol-mallorca.com\/wp-content\/uploads\/2025\/05\/36d07dae-150x100.jpg"},"modern-property-child-slider":{"file":"36d07dae-680x510.jpg","width":680,"height":510,"mime-type":"image\/jpeg","filesize":235617,"url":"https:\/\/www.costadelsol-mallorca.com\/wp-content\/uploads\/2025\/05\/36d07dae-680x510.jpg"},"property-thumb-image":{"file":"36d07dae-488x326.jpg","width":488,"height":326,"mime-type":"image\/jpeg","filesize":119865,"url":"https:\/\/www.costadelsol-mallorca.com\/wp-content\/uploads\/2025\/05\/36d07dae-488x326.jpg"},"property-detail-video-image":{"file":"36d07dae-818x417.jpg","width":818,"height":417,"mime-type":"image\/jpeg","filesize":236439,"url":"https:\/\/www.costadelsol-mallorca.com\/wp-content\/uploads\/2025\/05\/36d07dae-818x417.jpg"},"agent-image":{"file":"36d07dae-210x210.jpg","width":210,"height":210,"mime-type":"image\/jpeg","filesize":39786,"url":"https:\/\/www.costadelsol-mallorca.com\/wp-content\/uploads\/2025\/05\/36d07dae-210x210.jpg"},"partners-logo":{"file":"36d07dae-600x800.jpg","width":600,"height":800,"mime-type":"image\/jpeg","filesize":288299,"url":"https:\/\/www.costadelsol-mallorca.com\/wp-content\/uploads\/2025\/05\/36d07dae-600x800.jpg"},"post-featured-image":{"file":"36d07dae-1200x720.jpg","width":1200,"height":720,"mime-type":"image\/jpeg","filesize":414692,"url":"https:\/\/www.costadelsol-mallorca.com\/wp-content\/uploads\/2025\/05\/36d07dae-1200x720.jpg"}},"image_meta":{"aperture":"0","credit":"","camera":"","caption":"","created_timestamp":"0","copyright":"","focal_length":"0","iso":"0","shutter_speed":"0","title":"","orientation":"0","keywords":[]},"ID":"222710","name":"36d07dae.jpg","path":"\/home\/ro\/web\/costadelsol-mallorca.com\/public_html\/wp-content\/uploads\/2025\/05\/36d07dae.jpg","url":"https:\/\/www.costadelsol-mallorca.com\/wp-content\/uploads\/2025\/05\/36d07dae-150x150.jpg","full_url":"https:\/\/www.costadelsol-mallorca.com\/wp-content\/uploads\/2025\/05\/36d07dae.jpg","title":"36d07dae","caption":"","description":"","alt":"","srcset":"https:\/\/www.costadelsol-mallorca.com\/wp-content\/uploads\/2025\/05\/36d07dae-150x150.jpg 150w, https:\/\/www.costadelsol-mallorca.com\/wp-content\/uploads\/2025\/05\/36d07dae-120x120.jpg 120w, https:\/\/www.costadelsol-mallorca.com\/wp-content\/uploads\/2025\/05\/36d07dae-210x210.jpg 210w"},{"width":150,"height":150,"file":"2025\/05\/3ae90210.jpg","filesize":231932,"sizes":{"thumbnail":{"file":"3ae90210-150x150.jpg","width":150,"height":150,"mime-type":"image\/jpeg","filesize":18134,"url":"https:\/\/www.costadelsol-mallorca.com\/wp-content\/uploads\/2025\/05\/3ae90210-150x150.jpg"},"tf-client-image-size":{"file":"3ae90210-120x120.jpg","width":120,"height":120,"mime-type":"image\/jpeg","filesize":12646,"url":"https:\/\/www.costadelsol-mallorca.com\/wp-content\/uploads\/2025\/05\/3ae90210-120x120.jpg"},"post-thumbnail":{"file":"3ae90210-150x100.jpg","width":150,"height":100,"mime-type":"image\/jpeg","filesize":14935,"url":"https:\/\/www.costadelsol-mallorca.com\/wp-content\/uploads\/2025\/05\/3ae90210-150x100.jpg"},"modern-property-child-slider":{"file":"3ae90210-680x510.jpg","width":680,"height":510,"mime-type":"image\/jpeg","filesize":188401,"url":"https:\/\/www.costadelsol-mallorca.com\/wp-content\/uploads\/2025\/05\/3ae90210-680x510.jpg"},"property-thumb-image":{"file":"3ae90210-488x326.jpg","width":488,"height":326,"mime-type":"image\/jpeg","filesize":103933,"url":"https:\/\/www.costadelsol-mallorca.com\/wp-content\/uploads\/2025\/05\/3ae90210-488x326.jpg"},"property-detail-video-image":{"file":"3ae90210-818x417.jpg","width":818,"height":417,"mime-type":"image\/jpeg","filesize":211552,"url":"https:\/\/www.costadelsol-mallorca.com\/wp-content\/uploads\/2025\/05\/3ae90210-818x417.jpg"},"agent-image":{"file":"3ae90210-210x210.jpg","width":210,"height":210,"mime-type":"image\/jpeg","filesize":32186,"url":"https:\/\/www.costadelsol-mallorca.com\/wp-content\/uploads\/2025\/05\/3ae90210-210x210.jpg"},"partners-logo":{"file":"3ae90210-600x800.jpg","width":600,"height":800,"mime-type":"image\/jpeg","filesize":217664,"url":"https:\/\/www.costadelsol-mallorca.com\/wp-content\/uploads\/2025\/05\/3ae90210-600x800.jpg"},"post-featured-image":{"file":"3ae90210-1200x720.jpg","width":1200,"height":720,"mime-type":"image\/jpeg","filesize":330694,"url":"https:\/\/www.costadelsol-mallorca.com\/wp-content\/uploads\/2025\/05\/3ae90210-1200x720.jpg"}},"image_meta":{"aperture":"0","credit":"","camera":"","caption":"","created_timestamp":"0","copyright":"","focal_length":"0","iso":"0","shutter_speed":"0","title":"","orientation":"0","keywords":[]},"ID":"222714","name":"3ae90210.jpg","path":"\/home\/ro\/web\/costadelsol-mallorca.com\/public_html\/wp-content\/uploads\/2025\/05\/3ae90210.jpg","url":"https:\/\/www.costadelsol-mallorca.com\/wp-content\/uploads\/2025\/05\/3ae90210-150x150.jpg","full_url":"https:\/\/www.costadelsol-mallorca.com\/wp-content\/uploads\/2025\/05\/3ae90210.jpg","title":"3ae90210","caption":"","description":"","alt":"","srcset":"https:\/\/www.costadelsol-mallorca.com\/wp-content\/uploads\/2025\/05\/3ae90210-150x150.jpg 150w, https:\/\/www.costadelsol-mallorca.com\/wp-content\/uploads\/2025\/05\/3ae90210-120x120.jpg 120w, https:\/\/www.costadelsol-mallorca.com\/wp-content\/uploads\/2025\/05\/3ae90210-210x210.jpg 210w"},{"width":150,"height":150,"file":"2025\/05\/7956b759.jpg","filesize":322068,"sizes":{"thumbnail":{"file":"7956b759-150x150.jpg","width":150,"height":150,"mime-type":"image\/jpeg","filesize":24720,"url":"https:\/\/www.costadelsol-mallorca.com\/wp-content\/uploads\/2025\/05\/7956b759-150x150.jpg"},"tf-client-image-size":{"file":"7956b759-120x120.jpg","width":120,"height":120,"mime-type":"image\/jpeg","filesize":16447,"url":"https:\/\/www.costadelsol-mallorca.com\/wp-content\/uploads\/2025\/05\/7956b759-120x120.jpg"},"post-thumbnail":{"file":"7956b759-150x100.jpg","width":150,"height":100,"mime-type":"image\/jpeg","filesize":16664,"url":"https:\/\/www.costadelsol-mallorca.com\/wp-content\/uploads\/2025\/05\/7956b759-150x100.jpg"},"modern-property-child-slider":{"file":"7956b759-680x510.jpg","width":680,"height":510,"mime-type":"image\/jpeg","filesize":257997,"url":"https:\/\/www.costadelsol-mallorca.com\/wp-content\/uploads\/2025\/05\/7956b759-680x510.jpg"},"property-thumb-image":{"file":"7956b759-488x326.jpg","width":488,"height":326,"mime-type":"image\/jpeg","filesize":128277,"url":"https:\/\/www.costadelsol-mallorca.com\/wp-content\/uploads\/2025\/05\/7956b759-488x326.jpg"},"property-detail-video-image":{"file":"7956b759-818x417.jpg","width":818,"height":417,"mime-type":"image\/jpeg","filesize":243298,"url":"https:\/\/www.costadelsol-mallorca.com\/wp-content\/uploads\/2025\/05\/7956b759-818x417.jpg"},"agent-image":{"file":"7956b759-210x210.jpg","width":210,"height":210,"mime-type":"image\/jpeg","filesize":45109,"url":"https:\/\/www.costadelsol-mallorca.com\/wp-content\/uploads\/2025\/05\/7956b759-210x210.jpg"},"partners-logo":{"file":"7956b759-600x800.jpg","width":600,"height":800,"mime-type":"image\/jpeg","filesize":362779,"url":"https:\/\/www.costadelsol-mallorca.com\/wp-content\/uploads\/2025\/05\/7956b759-600x800.jpg"},"post-featured-image":{"file":"7956b759-1200x720.jpg","width":1200,"height":720,"mime-type":"image\/jpeg","filesize":434309,"url":"https:\/\/www.costadelsol-mallorca.com\/wp-content\/uploads\/2025\/05\/7956b759-1200x720.jpg"}},"image_meta":{"aperture":"0","credit":"","camera":"","caption":"","created_timestamp":"0","copyright":"","focal_length":"0","iso":"0","shutter_speed":"0","title":"","orientation":"0","keywords":[]},"ID":"222718","name":"7956b759.jpg","path":"\/home\/ro\/web\/costadelsol-mallorca.com\/public_html\/wp-content\/uploads\/2025\/05\/7956b759.jpg","url":"https:\/\/www.costadelsol-mallorca.com\/wp-content\/uploads\/2025\/05\/7956b759-150x150.jpg","full_url":"https:\/\/www.costadelsol-mallorca.com\/wp-content\/uploads\/2025\/05\/7956b759.jpg","title":"7956b759","caption":"","description":"","alt":"","srcset":"https:\/\/www.costadelsol-mallorca.com\/wp-content\/uploads\/2025\/05\/7956b759-150x150.jpg 150w, https:\/\/www.costadelsol-mallorca.com\/wp-content\/uploads\/2025\/05\/7956b759-120x120.jpg 120w, https:\/\/www.costadelsol-mallorca.com\/wp-content\/uploads\/2025\/05\/7956b759-210x210.jpg 210w"}],"REAL_HOMES_change_gallery_slider_type":"","REAL_HOMES_gallery_slider_type":"thumb-on-right","inspiry_floor_plans":[],"inspiry_video_group":[],"REAL_HOMES_360_virtual_tour":"","REAL_HOMES_agent_display_option":"agent_info","REAL_HOMES_agents":[],"REAL_HOMES_energy_class":"","REAL_HOMES_energy_performance":"","REAL_HOMES_epc_current_rating":"","REAL_HOMES_epc_potential_rating":"","ere_property_schedule_tour":"","ere_property_schedule_time_slots":"","ere_property_schedule_description":"","REAL_HOMES_sticky":"","inspiry_property_label":"","inspiry_property_label_color":"","inspiry_property_tax":"","inspiry_additional_fee":"","REAL_HOMES_attachments":[],"inspiry_property_owner_name":"","inspiry_property_owner_contact":"","inspiry_property_owner_address":"","REAL_HOMES_property_private_note":"","inspiry_message_to_reviewer":"","REAL_HOMES_add_in_slider":"no","REAL_HOMES_slider_image":[],"REAL_HOMES_page_banner_image":[],"REAL_HOMES_hide_property_advance_search":"","REAL_HOMES_hide_advance_search":"","REAL_HOMES_custom_search_form":"","REAL_HOMES_search_form_margin_top":"","REAL_HOMES_search_form_margin_bottom":""},"_links":{"self":[{"href":"https:\/\/www.costadelsol-mallorca.com\/es\/wp-json\/wp\/v2\/property\/229453","targetHints":{"allow":["GET"]}}],"collection":[{"href":"https:\/\/www.costadelsol-mallorca.com\/es\/wp-json\/wp\/v2\/property"}],"about":[{"href":"https:\/\/www.costadelsol-mallorca.com\/es\/wp-json\/wp\/v2\/types\/property"}],"author":[{"embeddable":true,"href":"https:\/\/www.costadelsol-mallorca.com\/es\/wp-json\/wp\/v2\/users\/1"}],"replies":[{"embeddable":true,"href":"https:\/\/www.costadelsol-mallorca.com\/es\/wp-json\/wp\/v2\/comments?post=229453"}],"version-history":[{"count":0,"href":"https:\/\/www.costadelsol-mallorca.com\/es\/wp-json\/wp\/v2\/property\/229453\/revisions"}],"wp:featuredmedia":[{"embeddable":true,"href":"https:\/\/www.costadelsol-mallorca.com\/es\/wp-json\/wp\/v2\/media\/222662"}],"wp:attachment":[{"href":"https:\/\/www.costadelsol-mallorca.com\/es\/wp-json\/wp\/v2\/media?parent=229453"}],"wp:term":[{"taxonomy":"property-feature","embeddable":true,"href":"https:\/\/www.costadelsol-mallorca.com\/es\/wp-json\/wp\/v2\/property-feature?post=229453"},{"taxonomy":"property-type","embeddable":true,"href":"https:\/\/www.costadelsol-mallorca.com\/es\/wp-json\/wp\/v2\/property-type?post=229453"},{"taxonomy":"property-city","embeddable":true,"href":"https:\/\/www.costadelsol-mallorca.com\/es\/wp-json\/wp\/v2\/property-city?post=229453"},{"taxonomy":"property-status","embeddable":true,"href":"https:\/\/www.costadelsol-mallorca.com\/es\/wp-json\/wp\/v2\/property-status?post=229453"}],"curies":[{"name":"wp","href":"https:\/\/api.w.org\/{rel}","templated":true}]}}