{"id":229455,"date":"2024-12-04T08:39:27","date_gmt":"2024-12-04T07:39:27","guid":{"rendered":"https:\/\/www.costadelsol-mallorca.com\/property\/benalmadena-malaga-spain-apartment-2\/"},"modified":"2025-09-20T04:32:34","modified_gmt":"2025-09-20T02:32:34","slug":"benalmadena-malaga-spain-apartment-2","status":"publish","type":"property","link":"https:\/\/www.costadelsol-mallorca.com\/es\/property\/benalmadena-malaga-spain-apartment-2\/","title":{"rendered":"Benalmadena, Malaga, Spain &#8211; Apartment"},"content":{"rendered":"<p>Un nuevo y emocionante edificio de apartamentos que se est\u00e1 construyendo a poca distancia del popular puerto deportivo de Benalm\u00e1dena.&#xD;&#xD;Este proyecto de dise\u00f1o ultra contempor\u00e1neo ofrece s\u00f3lo 33 viviendas destinadas a aquellos que buscan un hogar de calidad a poca distancia de todo lo que Benalm\u00e1dena Costa tiene para ofrecer.&#xD;&#xD;Inspirado en la forma de un barco amarrado en el puerto que irradia grandeza, el edificio ofrece 33 lujosos apartamentos de uno, dos y tres dormitorios. Su &#xD;fachada ondulada recuerda a las olas y permite la configuraci\u00f3n de terrazas abiertas al mar, ba\u00f1adas por la brisa marina. Un lugar donde la elegancia se funde con el horizonte.&#xD;&#xD;Ser\u00e1 el lugar perfecto para desconectar y disfrutar de momentos de tranquilidad. Del\u00e9itese con el contraste de colores de los jardines, rel\u00e1jese en las tumbonas junto a la piscina, tome el sol y sienta c\u00f3mo se desvanecen sus preocupaciones.&#xD;&#xD;Los apartamentos de lujo han sido meticulosamente dise\u00f1ados para ofrecerle un estilo de vida moderno y confortable. Con espacios amplios y luminosos, embellecidos con acabados de altau0002calidad, cada habitaci\u00f3n ser\u00e1 un espacio elegante y acogedor.&#xD;&#xD;Las vistas y la luz natural son la prioridad. Por ello, todas las habitaciones est\u00e1n abiertas al exterior a trav\u00e9s de grandes ventanales que ba\u00f1an las estancias de luminosidad, aportando brillo y calidez.&#xD;&#xD;Los apartamentos ser\u00e1n respetuosos con el medio ambiente e incorporar\u00e1n materiales y acabados de calidad, como puertas de suelo a techo, una selecci\u00f3n de alicatados de pared y suelo, una cocina de estilo americano de calidad con una completa dotaci\u00f3n de electrodom\u00e9sticos de primeras marcas.<\/p>\n","protected":false},"excerpt":{"rendered":"<p>Un nuevo y emocionante edificio de apartamentos que se est\u00e1 construyendo a poca distancia del popular puerto deportivo de Benalm\u00e1dena.&#xD;&#xD;Este proyecto de dise\u00f1o ultra contempor\u00e1neo ofrece s\u00f3lo 33 viviendas destinadas a aquellos que buscan un hogar de calidad a poca distancia de todo lo que Benalm\u00e1dena Costa tiene para ofrecer.&#xD;&#xD;Inspirado en la forma de un&#8230;<\/p>\n","protected":false},"author":0,"featured_media":222784,"parent":0,"menu_order":0,"comment_status":"open","ping_status":"open","template":"","property-feature":[1557,1558,1561,1565,1570,1577,1591,1592,1594,1543,1642,1544,1643,1545,1644,1551,1774,1552,1553,1554],"property-type":[245],"property-city":[866,875,1612],"property-status":[],"aioseo_notices":[],"property_meta":{"REAL_HOMES_property_price":"704000","REAL_HOMES_property_old_price":"","REAL_HOMES_property_price_prefix":"","REAL_HOMES_property_price_postfix":"","REAL_HOMES_property_size":"81","REAL_HOMES_property_size_postfix":"","REAL_HOMES_property_lot_size":"","REAL_HOMES_property_lot_size_postfix":"","REAL_HOMES_property_bedrooms":"2","REAL_HOMES_property_bathrooms":"2","REAL_HOMES_property_garage":"","REAL_HOMES_property_id":"MDL4551892","REAL_HOMES_property_year_built":"","REAL_HOMES_featured":"0","REAL_HOMES_additional_details_list":[["",""]],"REAL_HOMES_property_location":{"latitude":"36.5964743","longitude":"-4.5197688","zoom":""},"REAL_HOMES_property_address":"Benalmadena, Malaga, Spain","REAL_HOMES_property_map":"0","REAL_HOMES_property_images":[{"width":150,"height":150,"file":"2025\/05\/9bc7fb73.jpg","filesize":236270,"sizes":{"thumbnail":{"file":"9bc7fb73-150x150.jpg","width":150,"height":150,"mime-type":"image\/jpeg","filesize":19869,"url":"https:\/\/www.costadelsol-mallorca.com\/wp-content\/uploads\/2025\/05\/9bc7fb73-150x150.jpg"},"tf-client-image-size":{"file":"9bc7fb73-120x120.jpg","width":120,"height":120,"mime-type":"image\/jpeg","filesize":12964,"url":"https:\/\/www.costadelsol-mallorca.com\/wp-content\/uploads\/2025\/05\/9bc7fb73-120x120.jpg"},"post-thumbnail":{"file":"9bc7fb73-150x75.jpg","width":150,"height":75,"mime-type":"image\/jpeg","filesize":11999,"url":"https:\/\/www.costadelsol-mallorca.com\/wp-content\/uploads\/2025\/05\/9bc7fb73-150x75.jpg"},"modern-property-child-slider":{"file":"9bc7fb73-680x510.jpg","width":680,"height":510,"mime-type":"image\/jpeg","filesize":219263,"url":"https:\/\/www.costadelsol-mallorca.com\/wp-content\/uploads\/2025\/05\/9bc7fb73-680x510.jpg"},"property-thumb-image":{"file":"9bc7fb73-488x326.jpg","width":488,"height":326,"mime-type":"image\/jpeg","filesize":114428,"url":"https:\/\/www.costadelsol-mallorca.com\/wp-content\/uploads\/2025\/05\/9bc7fb73-488x326.jpg"},"property-detail-video-image":{"file":"9bc7fb73-818x417.jpg","width":818,"height":417,"mime-type":"image\/jpeg","filesize":228411,"url":"https:\/\/www.costadelsol-mallorca.com\/wp-content\/uploads\/2025\/05\/9bc7fb73-818x417.jpg"},"agent-image":{"file":"9bc7fb73-210x210.jpg","width":210,"height":210,"mime-type":"image\/jpeg","filesize":35143,"url":"https:\/\/www.costadelsol-mallorca.com\/wp-content\/uploads\/2025\/05\/9bc7fb73-210x210.jpg"},"partners-logo":{"file":"9bc7fb73-600x600.jpg","width":600,"height":600,"mime-type":"image\/jpeg","filesize":225366,"url":"https:\/\/www.costadelsol-mallorca.com\/wp-content\/uploads\/2025\/05\/9bc7fb73-600x600.jpg"}},"image_meta":{"aperture":"0","credit":"","camera":"","caption":"","created_timestamp":"0","copyright":"","focal_length":"0","iso":"0","shutter_speed":"0","title":"","orientation":"0","keywords":[]},"ID":"222781","name":"9bc7fb73.jpg","path":"\/home\/ro\/web\/costadelsol-mallorca.com\/public_html\/wp-content\/uploads\/2025\/05\/9bc7fb73.jpg","url":"https:\/\/www.costadelsol-mallorca.com\/wp-content\/uploads\/2025\/05\/9bc7fb73-150x150.jpg","full_url":"https:\/\/www.costadelsol-mallorca.com\/wp-content\/uploads\/2025\/05\/9bc7fb73.jpg","title":"9bc7fb73","caption":"","description":"","alt":"","srcset":"https:\/\/www.costadelsol-mallorca.com\/wp-content\/uploads\/2025\/05\/9bc7fb73-150x150.jpg 150w, https:\/\/www.costadelsol-mallorca.com\/wp-content\/uploads\/2025\/05\/9bc7fb73-120x120.jpg 120w, https:\/\/www.costadelsol-mallorca.com\/wp-content\/uploads\/2025\/05\/9bc7fb73-210x210.jpg 210w, https:\/\/www.costadelsol-mallorca.com\/wp-content\/uploads\/2025\/05\/9bc7fb73-600x600.jpg 600w"},{"width":150,"height":150,"file":"2025\/05\/940ed518.jpg","filesize":170686,"sizes":{"thumbnail":{"file":"940ed518-150x150.jpg","width":150,"height":150,"mime-type":"image\/jpeg","filesize":17332,"url":"https:\/\/www.costadelsol-mallorca.com\/wp-content\/uploads\/2025\/05\/940ed518-150x150.jpg"},"tf-client-image-size":{"file":"940ed518-120x120.jpg","width":120,"height":120,"mime-type":"image\/jpeg","filesize":11680,"url":"https:\/\/www.costadelsol-mallorca.com\/wp-content\/uploads\/2025\/05\/940ed518-120x120.jpg"},"post-thumbnail":{"file":"940ed518-150x68.jpg","width":150,"height":68,"mime-type":"image\/jpeg","filesize":10054,"url":"https:\/\/www.costadelsol-mallorca.com\/wp-content\/uploads\/2025\/05\/940ed518-150x68.jpg"},"modern-property-child-slider":{"file":"940ed518-680x510.jpg","width":680,"height":510,"mime-type":"image\/jpeg","filesize":179673,"url":"https:\/\/www.costadelsol-mallorca.com\/wp-content\/uploads\/2025\/05\/940ed518-680x510.jpg"},"property-thumb-image":{"file":"940ed518-488x326.jpg","width":488,"height":326,"mime-type":"image\/jpeg","filesize":92673,"url":"https:\/\/www.costadelsol-mallorca.com\/wp-content\/uploads\/2025\/05\/940ed518-488x326.jpg"},"property-detail-video-image":{"file":"940ed518-818x417.jpg","width":818,"height":417,"mime-type":"image\/jpeg","filesize":183808,"url":"https:\/\/www.costadelsol-mallorca.com\/wp-content\/uploads\/2025\/05\/940ed518-818x417.jpg"},"agent-image":{"file":"940ed518-210x210.jpg","width":210,"height":210,"mime-type":"image\/jpeg","filesize":30358,"url":"https:\/\/www.costadelsol-mallorca.com\/wp-content\/uploads\/2025\/05\/940ed518-210x210.jpg"},"partners-logo":{"file":"940ed518-600x545.jpg","width":600,"height":545,"mime-type":"image\/jpeg","filesize":173003,"url":"https:\/\/www.costadelsol-mallorca.com\/wp-content\/uploads\/2025\/05\/940ed518-600x545.jpg"}},"image_meta":{"aperture":"0","credit":"","camera":"","caption":"","created_timestamp":"0","copyright":"","focal_length":"0","iso":"0","shutter_speed":"0","title":"","orientation":"0","keywords":[]},"ID":"222785","name":"940ed518.jpg","path":"\/home\/ro\/web\/costadelsol-mallorca.com\/public_html\/wp-content\/uploads\/2025\/05\/940ed518.jpg","url":"https:\/\/www.costadelsol-mallorca.com\/wp-content\/uploads\/2025\/05\/940ed518-150x150.jpg","full_url":"https:\/\/www.costadelsol-mallorca.com\/wp-content\/uploads\/2025\/05\/940ed518.jpg","title":"940ed518","caption":"","description":"","alt":"","srcset":"https:\/\/www.costadelsol-mallorca.com\/wp-content\/uploads\/2025\/05\/940ed518-150x150.jpg 150w, https:\/\/www.costadelsol-mallorca.com\/wp-content\/uploads\/2025\/05\/940ed518-120x120.jpg 120w, https:\/\/www.costadelsol-mallorca.com\/wp-content\/uploads\/2025\/05\/940ed518-210x210.jpg 210w"},{"width":150,"height":150,"file":"2025\/05\/3384e875.jpg","filesize":219763,"sizes":{"thumbnail":{"file":"3384e875-150x150.jpg","width":150,"height":150,"mime-type":"image\/jpeg","filesize":14842,"url":"https:\/\/www.costadelsol-mallorca.com\/wp-content\/uploads\/2025\/05\/3384e875-150x150.jpg"},"tf-client-image-size":{"file":"3384e875-120x120.jpg","width":120,"height":120,"mime-type":"image\/jpeg","filesize":10073,"url":"https:\/\/www.costadelsol-mallorca.com\/wp-content\/uploads\/2025\/05\/3384e875-120x120.jpg"},"post-thumbnail":{"file":"3384e875-150x100.jpg","width":150,"height":100,"mime-type":"image\/jpeg","filesize":11018,"url":"https:\/\/www.costadelsol-mallorca.com\/wp-content\/uploads\/2025\/05\/3384e875-150x100.jpg"},"modern-property-child-slider":{"file":"3384e875-680x510.jpg","width":680,"height":510,"mime-type":"image\/jpeg","filesize":169556,"url":"https:\/\/www.costadelsol-mallorca.com\/wp-content\/uploads\/2025\/05\/3384e875-680x510.jpg"},"property-thumb-image":{"file":"3384e875-488x326.jpg","width":488,"height":326,"mime-type":"image\/jpeg","filesize":80892,"url":"https:\/\/www.costadelsol-mallorca.com\/wp-content\/uploads\/2025\/05\/3384e875-488x326.jpg"},"property-detail-video-image":{"file":"3384e875-818x417.jpg","width":818,"height":417,"mime-type":"image\/jpeg","filesize":170566,"url":"https:\/\/www.costadelsol-mallorca.com\/wp-content\/uploads\/2025\/05\/3384e875-818x417.jpg"},"agent-image":{"file":"3384e875-210x210.jpg","width":210,"height":210,"mime-type":"image\/jpeg","filesize":26751,"url":"https:\/\/www.costadelsol-mallorca.com\/wp-content\/uploads\/2025\/05\/3384e875-210x210.jpg"},"partners-logo":{"file":"3384e875-600x800.jpg","width":600,"height":800,"mime-type":"image\/jpeg","filesize":223263,"url":"https:\/\/www.costadelsol-mallorca.com\/wp-content\/uploads\/2025\/05\/3384e875-600x800.jpg"},"post-featured-image":{"file":"3384e875-1200x720.jpg","width":1200,"height":720,"mime-type":"image\/jpeg","filesize":299541,"url":"https:\/\/www.costadelsol-mallorca.com\/wp-content\/uploads\/2025\/05\/3384e875-1200x720.jpg"}},"image_meta":{"aperture":"0","credit":"","camera":"","caption":"","created_timestamp":"0","copyright":"","focal_length":"0","iso":"0","shutter_speed":"0","title":"","orientation":"0","keywords":[]},"ID":"222789","name":"3384e875.jpg","path":"\/home\/ro\/web\/costadelsol-mallorca.com\/public_html\/wp-content\/uploads\/2025\/05\/3384e875.jpg","url":"https:\/\/www.costadelsol-mallorca.com\/wp-content\/uploads\/2025\/05\/3384e875-150x150.jpg","full_url":"https:\/\/www.costadelsol-mallorca.com\/wp-content\/uploads\/2025\/05\/3384e875.jpg","title":"3384e875","caption":"","description":"","alt":"","srcset":"https:\/\/www.costadelsol-mallorca.com\/wp-content\/uploads\/2025\/05\/3384e875-150x150.jpg 150w, https:\/\/www.costadelsol-mallorca.com\/wp-content\/uploads\/2025\/05\/3384e875-120x120.jpg 120w, https:\/\/www.costadelsol-mallorca.com\/wp-content\/uploads\/2025\/05\/3384e875-210x210.jpg 210w"},{"width":150,"height":150,"file":"2025\/05\/3735e21a.jpg","filesize":174877,"sizes":{"thumbnail":{"file":"3735e21a-150x150.jpg","width":150,"height":150,"mime-type":"image\/jpeg","filesize":16652,"url":"https:\/\/www.costadelsol-mallorca.com\/wp-content\/uploads\/2025\/05\/3735e21a-150x150.jpg"},"tf-client-image-size":{"file":"3735e21a-120x120.jpg","width":120,"height":120,"mime-type":"image\/jpeg","filesize":11276,"url":"https:\/\/www.costadelsol-mallorca.com\/wp-content\/uploads\/2025\/05\/3735e21a-120x120.jpg"},"post-thumbnail":{"file":"3735e21a-150x65.jpg","width":150,"height":65,"mime-type":"image\/jpeg","filesize":10651,"url":"https:\/\/www.costadelsol-mallorca.com\/wp-content\/uploads\/2025\/05\/3735e21a-150x65.jpg"},"modern-property-child-slider":{"file":"3735e21a-680x510.jpg","width":680,"height":510,"mime-type":"image\/jpeg","filesize":167551,"url":"https:\/\/www.costadelsol-mallorca.com\/wp-content\/uploads\/2025\/05\/3735e21a-680x510.jpg"},"property-thumb-image":{"file":"3735e21a-488x326.jpg","width":488,"height":326,"mime-type":"image\/jpeg","filesize":91868,"url":"https:\/\/www.costadelsol-mallorca.com\/wp-content\/uploads\/2025\/05\/3735e21a-488x326.jpg"},"property-detail-video-image":{"file":"3735e21a-818x417.jpg","width":818,"height":417,"mime-type":"image\/jpeg","filesize":195822,"url":"https:\/\/www.costadelsol-mallorca.com\/wp-content\/uploads\/2025\/05\/3735e21a-818x417.jpg"},"agent-image":{"file":"3735e21a-210x210.jpg","width":210,"height":210,"mime-type":"image\/jpeg","filesize":29034,"url":"https:\/\/www.costadelsol-mallorca.com\/wp-content\/uploads\/2025\/05\/3735e21a-210x210.jpg"},"partners-logo":{"file":"3735e21a-600x518.jpg","width":600,"height":518,"mime-type":"image\/jpeg","filesize":154485,"url":"https:\/\/www.costadelsol-mallorca.com\/wp-content\/uploads\/2025\/05\/3735e21a-600x518.jpg"}},"image_meta":{"aperture":"0","credit":"","camera":"","caption":"","created_timestamp":"0","copyright":"","focal_length":"0","iso":"0","shutter_speed":"0","title":"","orientation":"0","keywords":[]},"ID":"222793","name":"3735e21a.jpg","path":"\/home\/ro\/web\/costadelsol-mallorca.com\/public_html\/wp-content\/uploads\/2025\/05\/3735e21a.jpg","url":"https:\/\/www.costadelsol-mallorca.com\/wp-content\/uploads\/2025\/05\/3735e21a-150x150.jpg","full_url":"https:\/\/www.costadelsol-mallorca.com\/wp-content\/uploads\/2025\/05\/3735e21a.jpg","title":"3735e21a","caption":"","description":"","alt":"","srcset":"https:\/\/www.costadelsol-mallorca.com\/wp-content\/uploads\/2025\/05\/3735e21a-150x150.jpg 150w, https:\/\/www.costadelsol-mallorca.com\/wp-content\/uploads\/2025\/05\/3735e21a-120x120.jpg 120w, https:\/\/www.costadelsol-mallorca.com\/wp-content\/uploads\/2025\/05\/3735e21a-210x210.jpg 210w"},{"width":150,"height":150,"file":"2025\/05\/8632b92e.jpg","filesize":259613,"sizes":{"thumbnail":{"file":"8632b92e-150x150.jpg","width":150,"height":150,"mime-type":"image\/jpeg","filesize":20906,"url":"https:\/\/www.costadelsol-mallorca.com\/wp-content\/uploads\/2025\/05\/8632b92e-150x150.jpg"},"tf-client-image-size":{"file":"8632b92e-120x120.jpg","width":120,"height":120,"mime-type":"image\/jpeg","filesize":13986,"url":"https:\/\/www.costadelsol-mallorca.com\/wp-content\/uploads\/2025\/05\/8632b92e-120x120.jpg"},"post-thumbnail":{"file":"8632b92e-150x114.jpg","width":150,"height":114,"mime-type":"image\/jpeg","filesize":17077,"url":"https:\/\/www.costadelsol-mallorca.com\/wp-content\/uploads\/2025\/05\/8632b92e-150x114.jpg"},"modern-property-child-slider":{"file":"8632b92e-680x510.jpg","width":680,"height":510,"mime-type":"image\/jpeg","filesize":198684,"url":"https:\/\/www.costadelsol-mallorca.com\/wp-content\/uploads\/2025\/05\/8632b92e-680x510.jpg"},"property-thumb-image":{"file":"8632b92e-488x326.jpg","width":488,"height":326,"mime-type":"image\/jpeg","filesize":107741,"url":"https:\/\/www.costadelsol-mallorca.com\/wp-content\/uploads\/2025\/05\/8632b92e-488x326.jpg"},"property-detail-video-image":{"file":"8632b92e-818x417.jpg","width":818,"height":417,"mime-type":"image\/jpeg","filesize":205718,"url":"https:\/\/www.costadelsol-mallorca.com\/wp-content\/uploads\/2025\/05\/8632b92e-818x417.jpg"},"agent-image":{"file":"8632b92e-210x210.jpg","width":210,"height":210,"mime-type":"image\/jpeg","filesize":36606,"url":"https:\/\/www.costadelsol-mallorca.com\/wp-content\/uploads\/2025\/05\/8632b92e-210x210.jpg"},"partners-logo":{"file":"8632b92e-600x909.jpg","width":600,"height":909,"mime-type":"image\/jpeg","filesize":269723,"url":"https:\/\/www.costadelsol-mallorca.com\/wp-content\/uploads\/2025\/05\/8632b92e-600x909.jpg"},"post-featured-image":{"file":"8632b92e-1200x720.jpg","width":1200,"height":720,"mime-type":"image\/jpeg","filesize":443162,"url":"https:\/\/www.costadelsol-mallorca.com\/wp-content\/uploads\/2025\/05\/8632b92e-1200x720.jpg"}},"image_meta":{"aperture":"0","credit":"","camera":"","caption":"","created_timestamp":"0","copyright":"","focal_length":"0","iso":"0","shutter_speed":"0","title":"","orientation":"0","keywords":[]},"ID":"222797","name":"8632b92e.jpg","path":"\/home\/ro\/web\/costadelsol-mallorca.com\/public_html\/wp-content\/uploads\/2025\/05\/8632b92e.jpg","url":"https:\/\/www.costadelsol-mallorca.com\/wp-content\/uploads\/2025\/05\/8632b92e-150x150.jpg","full_url":"https:\/\/www.costadelsol-mallorca.com\/wp-content\/uploads\/2025\/05\/8632b92e.jpg","title":"8632b92e","caption":"","description":"","alt":"","srcset":"https:\/\/www.costadelsol-mallorca.com\/wp-content\/uploads\/2025\/05\/8632b92e-150x150.jpg 150w, https:\/\/www.costadelsol-mallorca.com\/wp-content\/uploads\/2025\/05\/8632b92e-120x120.jpg 120w, https:\/\/www.costadelsol-mallorca.com\/wp-content\/uploads\/2025\/05\/8632b92e-210x210.jpg 210w"},{"width":150,"height":150,"file":"2025\/05\/13db45ad.jpg","filesize":244874,"sizes":{"thumbnail":{"file":"13db45ad-150x150.jpg","width":150,"height":150,"mime-type":"image\/jpeg","filesize":17533,"url":"https:\/\/www.costadelsol-mallorca.com\/wp-content\/uploads\/2025\/05\/13db45ad-150x150.jpg"},"tf-client-image-size":{"file":"13db45ad-120x120.jpg","width":120,"height":120,"mime-type":"image\/jpeg","filesize":12197,"url":"https:\/\/www.costadelsol-mallorca.com\/wp-content\/uploads\/2025\/05\/13db45ad-120x120.jpg"},"post-thumbnail":{"file":"13db45ad-150x107.jpg","width":150,"height":107,"mime-type":"image\/jpeg","filesize":13589,"url":"https:\/\/www.costadelsol-mallorca.com\/wp-content\/uploads\/2025\/05\/13db45ad-150x107.jpg"},"modern-property-child-slider":{"file":"13db45ad-680x510.jpg","width":680,"height":510,"mime-type":"image\/jpeg","filesize":178542,"url":"https:\/\/www.costadelsol-mallorca.com\/wp-content\/uploads\/2025\/05\/13db45ad-680x510.jpg"},"property-thumb-image":{"file":"13db45ad-488x326.jpg","width":488,"height":326,"mime-type":"image\/jpeg","filesize":92317,"url":"https:\/\/www.costadelsol-mallorca.com\/wp-content\/uploads\/2025\/05\/13db45ad-488x326.jpg"},"property-detail-video-image":{"file":"13db45ad-818x417.jpg","width":818,"height":417,"mime-type":"image\/jpeg","filesize":177504,"url":"https:\/\/www.costadelsol-mallorca.com\/wp-content\/uploads\/2025\/05\/13db45ad-818x417.jpg"},"agent-image":{"file":"13db45ad-210x210.jpg","width":210,"height":210,"mime-type":"image\/jpeg","filesize":30872,"url":"https:\/\/www.costadelsol-mallorca.com\/wp-content\/uploads\/2025\/05\/13db45ad-210x210.jpg"},"partners-logo":{"file":"13db45ad-600x857.jpg","width":600,"height":857,"mime-type":"image\/jpeg","filesize":266128,"url":"https:\/\/www.costadelsol-mallorca.com\/wp-content\/uploads\/2025\/05\/13db45ad-600x857.jpg"},"post-featured-image":{"file":"13db45ad-1200x720.jpg","width":1200,"height":720,"mime-type":"image\/jpeg","filesize":417005,"url":"https:\/\/www.costadelsol-mallorca.com\/wp-content\/uploads\/2025\/05\/13db45ad-1200x720.jpg"}},"image_meta":{"aperture":"0","credit":"","camera":"","caption":"","created_timestamp":"0","copyright":"","focal_length":"0","iso":"0","shutter_speed":"0","title":"","orientation":"0","keywords":[]},"ID":"222801","name":"13db45ad.jpg","path":"\/home\/ro\/web\/costadelsol-mallorca.com\/public_html\/wp-content\/uploads\/2025\/05\/13db45ad.jpg","url":"https:\/\/www.costadelsol-mallorca.com\/wp-content\/uploads\/2025\/05\/13db45ad-150x150.jpg","full_url":"https:\/\/www.costadelsol-mallorca.com\/wp-content\/uploads\/2025\/05\/13db45ad.jpg","title":"13db45ad","caption":"","description":"","alt":"","srcset":"https:\/\/www.costadelsol-mallorca.com\/wp-content\/uploads\/2025\/05\/13db45ad-150x150.jpg 150w, https:\/\/www.costadelsol-mallorca.com\/wp-content\/uploads\/2025\/05\/13db45ad-120x120.jpg 120w, https:\/\/www.costadelsol-mallorca.com\/wp-content\/uploads\/2025\/05\/13db45ad-210x210.jpg 210w"}],"REAL_HOMES_change_gallery_slider_type":"","REAL_HOMES_gallery_slider_type":"thumb-on-right","inspiry_floor_plans":[],"inspiry_video_group":[],"REAL_HOMES_360_virtual_tour":"","REAL_HOMES_tour_video_url":"","REAL_HOMES_tour_video_image":[],"REAL_HOMES_agent_display_option":"agent_info","REAL_HOMES_agents":[],"REAL_HOMES_energy_class":"","REAL_HOMES_energy_performance":"","REAL_HOMES_epc_current_rating":"","REAL_HOMES_epc_potential_rating":"","REAL_HOMES_sticky":"","inspiry_property_label":"","inspiry_property_label_color":"","inspiry_property_tax":"","inspiry_additional_fee":"","REAL_HOMES_attachments":[],"inspiry_property_owner_name":"","inspiry_property_owner_contact":"","inspiry_property_owner_address":"","REAL_HOMES_property_private_note":"","inspiry_message_to_reviewer":"","REAL_HOMES_add_in_slider":"no","REAL_HOMES_slider_image":[],"REAL_HOMES_page_banner_image":[],"REAL_HOMES_hide_property_advance_search":"","REAL_HOMES_hide_advance_search":"","REAL_HOMES_custom_search_form":"","REAL_HOMES_search_form_margin_top":"","REAL_HOMES_search_form_margin_bottom":""},"_links":{"self":[{"href":"https:\/\/www.costadelsol-mallorca.com\/es\/wp-json\/wp\/v2\/property\/229455"}],"collection":[{"href":"https:\/\/www.costadelsol-mallorca.com\/es\/wp-json\/wp\/v2\/property"}],"about":[{"href":"https:\/\/www.costadelsol-mallorca.com\/es\/wp-json\/wp\/v2\/types\/property"}],"replies":[{"embeddable":true,"href":"https:\/\/www.costadelsol-mallorca.com\/es\/wp-json\/wp\/v2\/comments?post=229455"}],"version-history":[{"count":0,"href":"https:\/\/www.costadelsol-mallorca.com\/es\/wp-json\/wp\/v2\/property\/229455\/revisions"}],"wp:featuredmedia":[{"embeddable":true,"href":"https:\/\/www.costadelsol-mallorca.com\/es\/wp-json\/wp\/v2\/media\/222784"}],"wp:attachment":[{"href":"https:\/\/www.costadelsol-mallorca.com\/es\/wp-json\/wp\/v2\/media?parent=229455"}],"wp:term":[{"taxonomy":"property-feature","embeddable":true,"href":"https:\/\/www.costadelsol-mallorca.com\/es\/wp-json\/wp\/v2\/property-feature?post=229455"},{"taxonomy":"property-type","embeddable":true,"href":"https:\/\/www.costadelsol-mallorca.com\/es\/wp-json\/wp\/v2\/property-type?post=229455"},{"taxonomy":"property-city","embeddable":true,"href":"https:\/\/www.costadelsol-mallorca.com\/es\/wp-json\/wp\/v2\/property-city?post=229455"},{"taxonomy":"property-status","embeddable":true,"href":"https:\/\/www.costadelsol-mallorca.com\/es\/wp-json\/wp\/v2\/property-status?post=229455"}],"curies":[{"name":"wp","href":"https:\/\/api.w.org\/{rel}","templated":true}]}}