{"id":229458,"date":"2024-12-04T08:39:27","date_gmt":"2024-12-04T07:39:27","guid":{"rendered":"https:\/\/www.costadelsol-mallorca.com\/property\/casares-malaga-spain-apartment\/"},"modified":"2024-12-04T08:39:27","modified_gmt":"2024-12-04T07:39:27","slug":"casares-malaga-spain-apartment","status":"publish","type":"property","link":"https:\/\/www.costadelsol-mallorca.com\/es\/property\/casares-malaga-spain-apartment\/","title":{"rendered":"Casares, Malaga, Spain &#8211; Apartment"},"content":{"rendered":"<p>Un nuevo lanzamiento de apartamentos en venta en un hermoso complejo cerrado de estilo de vida cerca del mar en Casares, cerca de Estepona.&#xD;&#xD;Los apartamentos ofrecen un amplio y luminoso sal\u00f3n con caracter\u00edsticas de \u00faltima generaci\u00f3n, como una cocina abierta de calidad que est\u00e1 totalmente equipada con electrodom\u00e9sticos. Aire acondicionado frio-calor y calefaccion por suelo radiante. Atractivos suelos en toda la vivienda y ba\u00f1os con instalaciones y grifer\u00eda de primeras marcas.&#xD;&#xD;Los grandes ventanales y las puertas de las terrazas permiten que el interior de la vivienda reciba muchas horas de luz natural.&#xD;&#xD;La compra en esta comunidad es m\u00e1s de una declaraci\u00f3n de estilo de vida a la amplia gama de instalaciones en el sitio que incluyen, una zona gourmet \/ co de trabajo, un gimnasio, gimnasio y zona de yoga, zona de juegos infantiles,&#xD;&#xD;Todas las caracter\u00edsticas atractivas para que usted pueda disfrutar con su familia.<\/p>\n","protected":false},"excerpt":{"rendered":"<p>Un nuevo lanzamiento de apartamentos en venta en un hermoso complejo cerrado de estilo de vida cerca del mar en Casares, cerca de Estepona.&#xD;&#xD;Los apartamentos ofrecen un amplio y luminoso sal\u00f3n con caracter\u00edsticas de \u00faltima generaci\u00f3n, como una cocina abierta de calidad que est\u00e1 totalmente equipada con electrodom\u00e9sticos. Aire acondicionado frio-calor y calefaccion por suelo&#8230;<\/p>\n","protected":false},"author":1,"featured_media":222915,"parent":0,"menu_order":0,"comment_status":"open","ping_status":"open","template":"","property-feature":[1539,1594,1543,1608,1544,1545,1553,1554,1556,1557,1558,1560,1565,1570,1579,1591,264,1592,271,1593],"property-type":[245],"property-city":[1538,866,875],"property-status":[],"class_list":["post-229458","property","type-property","status-publish","has-post-thumbnail","hentry","property-feature-south-orientation","property-feature-excellent-condition","property-feature-transport-near","property-feature-20-m-terrace","property-feature-air-conditioning","property-feature-fully-fitted-kitchen","property-feature-double-glazing","property-feature-video-entrance","property-feature-security-service-24h","property-feature-telephone","property-feature-private-terrace","property-feature-underfloor-heating-throughout","property-feature-private-garage","property-feature-unfurnished","property-feature-fitted-wardrobes","property-feature-communal-garden","property-feature-ascensor","property-feature-communal-pool","property-feature-vistas-al-mar","property-feature-panoramic-view","property-type-apartamento","property-city-casares","property-city-costa-del-sol","property-city-malaga","zones-cs"],"aioseo_notices":[],"property_meta":{"REAL_HOMES_property_price":"328000","REAL_HOMES_property_old_price":"","REAL_HOMES_property_price_prefix":"","REAL_HOMES_property_price_postfix":"","REAL_HOMES_property_size":"90","REAL_HOMES_property_size_postfix":"","REAL_HOMES_property_lot_size":"","REAL_HOMES_property_lot_size_postfix":"","REAL_HOMES_property_bedrooms":"2","REAL_HOMES_property_bathrooms":"2","REAL_HOMES_property_garage":"","REAL_HOMES_property_id":"MDL4585666","REAL_HOMES_property_year_built":"","rvr_property_owner":"","REAL_HOMES_featured":"0","REAL_HOMES_additional_details_list":[["",""]],"REAL_HOMES_property_location":{"latitude":"","longitude":"","zoom":""},"REAL_HOMES_property_address":"","REAL_HOMES_property_map":"0","REAL_HOMES_property_images":[{"width":150,"height":150,"file":"2025\/05\/e0524305.jpg","filesize":354160,"sizes":{"thumbnail":{"file":"e0524305-150x150.jpg","width":150,"height":150,"mime-type":"image\/jpeg","filesize":26744,"url":"https:\/\/www.costadelsol-mallorca.com\/wp-content\/uploads\/2025\/05\/e0524305-150x150.jpg"},"tf-client-image-size":{"file":"e0524305-120x120.jpg","width":120,"height":120,"mime-type":"image\/jpeg","filesize":17313,"url":"https:\/\/www.costadelsol-mallorca.com\/wp-content\/uploads\/2025\/05\/e0524305-120x120.jpg"},"post-thumbnail":{"file":"e0524305-150x84.jpg","width":150,"height":84,"mime-type":"image\/jpeg","filesize":15947,"url":"https:\/\/www.costadelsol-mallorca.com\/wp-content\/uploads\/2025\/05\/e0524305-150x84.jpg"},"modern-property-child-slider":{"file":"e0524305-680x510.jpg","width":680,"height":510,"mime-type":"image\/jpeg","filesize":303577,"url":"https:\/\/www.costadelsol-mallorca.com\/wp-content\/uploads\/2025\/05\/e0524305-680x510.jpg"},"property-thumb-image":{"file":"e0524305-488x326.jpg","width":488,"height":326,"mime-type":"image\/jpeg","filesize":155125,"url":"https:\/\/www.costadelsol-mallorca.com\/wp-content\/uploads\/2025\/05\/e0524305-488x326.jpg"},"property-detail-video-image":{"file":"e0524305-818x417.jpg","width":818,"height":417,"mime-type":"image\/jpeg","filesize":302924,"url":"https:\/\/www.costadelsol-mallorca.com\/wp-content\/uploads\/2025\/05\/e0524305-818x417.jpg"},"agent-image":{"file":"e0524305-210x210.jpg","width":210,"height":210,"mime-type":"image\/jpeg","filesize":50175,"url":"https:\/\/www.costadelsol-mallorca.com\/wp-content\/uploads\/2025\/05\/e0524305-210x210.jpg"},"partners-logo":{"file":"e0524305-600x675.jpg","width":600,"height":675,"mime-type":"image\/jpeg","filesize":351697,"url":"https:\/\/www.costadelsol-mallorca.com\/wp-content\/uploads\/2025\/05\/e0524305-600x675.jpg"}},"image_meta":{"aperture":"0","credit":"","camera":"","caption":"","created_timestamp":"0","copyright":"","focal_length":"0","iso":"0","shutter_speed":"0","title":"","orientation":"0","keywords":[]},"ID":"222915","name":"e0524305.jpg","path":"\/home\/ro\/web\/costadelsol-mallorca.com\/public_html\/wp-content\/uploads\/2025\/05\/e0524305.jpg","url":"https:\/\/www.costadelsol-mallorca.com\/wp-content\/uploads\/2025\/05\/e0524305-150x150.jpg","full_url":"https:\/\/www.costadelsol-mallorca.com\/wp-content\/uploads\/2025\/05\/e0524305.jpg","title":"e0524305","caption":"","description":"","alt":"","srcset":"https:\/\/www.costadelsol-mallorca.com\/wp-content\/uploads\/2025\/05\/e0524305-150x150.jpg 150w, https:\/\/www.costadelsol-mallorca.com\/wp-content\/uploads\/2025\/05\/e0524305-120x120.jpg 120w, https:\/\/www.costadelsol-mallorca.com\/wp-content\/uploads\/2025\/05\/e0524305-210x210.jpg 210w"},{"width":150,"height":150,"file":"2025\/05\/ee0a415c.jpg","filesize":170662,"sizes":{"thumbnail":{"file":"ee0a415c-150x150.jpg","width":150,"height":150,"mime-type":"image\/jpeg","filesize":15893,"url":"https:\/\/www.costadelsol-mallorca.com\/wp-content\/uploads\/2025\/05\/ee0a415c-150x150.jpg"},"tf-client-image-size":{"file":"ee0a415c-120x120.jpg","width":120,"height":120,"mime-type":"image\/jpeg","filesize":10831,"url":"https:\/\/www.costadelsol-mallorca.com\/wp-content\/uploads\/2025\/05\/ee0a415c-120x120.jpg"},"post-thumbnail":{"file":"ee0a415c-150x84.jpg","width":150,"height":84,"mime-type":"image\/jpeg","filesize":10688,"url":"https:\/\/www.costadelsol-mallorca.com\/wp-content\/uploads\/2025\/05\/ee0a415c-150x84.jpg"},"modern-property-child-slider":{"file":"ee0a415c-680x510.jpg","width":680,"height":510,"mime-type":"image\/jpeg","filesize":160826,"url":"https:\/\/www.costadelsol-mallorca.com\/wp-content\/uploads\/2025\/05\/ee0a415c-680x510.jpg"},"property-thumb-image":{"file":"ee0a415c-488x326.jpg","width":488,"height":326,"mime-type":"image\/jpeg","filesize":80939,"url":"https:\/\/www.costadelsol-mallorca.com\/wp-content\/uploads\/2025\/05\/ee0a415c-488x326.jpg"},"property-detail-video-image":{"file":"ee0a415c-818x417.jpg","width":818,"height":417,"mime-type":"image\/jpeg","filesize":160277,"url":"https:\/\/www.costadelsol-mallorca.com\/wp-content\/uploads\/2025\/05\/ee0a415c-818x417.jpg"},"agent-image":{"file":"ee0a415c-210x210.jpg","width":210,"height":210,"mime-type":"image\/jpeg","filesize":28527,"url":"https:\/\/www.costadelsol-mallorca.com\/wp-content\/uploads\/2025\/05\/ee0a415c-210x210.jpg"},"partners-logo":{"file":"ee0a415c-600x675.jpg","width":600,"height":675,"mime-type":"image\/jpeg","filesize":184520,"url":"https:\/\/www.costadelsol-mallorca.com\/wp-content\/uploads\/2025\/05\/ee0a415c-600x675.jpg"}},"image_meta":{"aperture":"0","credit":"","camera":"","caption":"","created_timestamp":"0","copyright":"","focal_length":"0","iso":"0","shutter_speed":"0","title":"","orientation":"0","keywords":[]},"ID":"222919","name":"ee0a415c.jpg","path":"\/home\/ro\/web\/costadelsol-mallorca.com\/public_html\/wp-content\/uploads\/2025\/05\/ee0a415c.jpg","url":"https:\/\/www.costadelsol-mallorca.com\/wp-content\/uploads\/2025\/05\/ee0a415c-150x150.jpg","full_url":"https:\/\/www.costadelsol-mallorca.com\/wp-content\/uploads\/2025\/05\/ee0a415c.jpg","title":"ee0a415c","caption":"","description":"","alt":"","srcset":"https:\/\/www.costadelsol-mallorca.com\/wp-content\/uploads\/2025\/05\/ee0a415c-150x150.jpg 150w, https:\/\/www.costadelsol-mallorca.com\/wp-content\/uploads\/2025\/05\/ee0a415c-120x120.jpg 120w, https:\/\/www.costadelsol-mallorca.com\/wp-content\/uploads\/2025\/05\/ee0a415c-210x210.jpg 210w"},{"width":150,"height":150,"file":"2025\/05\/755e32b4.jpg","filesize":203114,"sizes":{"thumbnail":{"file":"755e32b4-150x150.jpg","width":150,"height":150,"mime-type":"image\/jpeg","filesize":18853,"url":"https:\/\/www.costadelsol-mallorca.com\/wp-content\/uploads\/2025\/05\/755e32b4-150x150.jpg"},"tf-client-image-size":{"file":"755e32b4-120x120.jpg","width":120,"height":120,"mime-type":"image\/jpeg","filesize":12688,"url":"https:\/\/www.costadelsol-mallorca.com\/wp-content\/uploads\/2025\/05\/755e32b4-120x120.jpg"},"post-thumbnail":{"file":"755e32b4-150x84.jpg","width":150,"height":84,"mime-type":"image\/jpeg","filesize":11219,"url":"https:\/\/www.costadelsol-mallorca.com\/wp-content\/uploads\/2025\/05\/755e32b4-150x84.jpg"},"modern-property-child-slider":{"file":"755e32b4-680x510.jpg","width":680,"height":510,"mime-type":"image\/jpeg","filesize":187354,"url":"https:\/\/www.costadelsol-mallorca.com\/wp-content\/uploads\/2025\/05\/755e32b4-680x510.jpg"},"property-thumb-image":{"file":"755e32b4-488x326.jpg","width":488,"height":326,"mime-type":"image\/jpeg","filesize":96248,"url":"https:\/\/www.costadelsol-mallorca.com\/wp-content\/uploads\/2025\/05\/755e32b4-488x326.jpg"},"property-detail-video-image":{"file":"755e32b4-818x417.jpg","width":818,"height":417,"mime-type":"image\/jpeg","filesize":187449,"url":"https:\/\/www.costadelsol-mallorca.com\/wp-content\/uploads\/2025\/05\/755e32b4-818x417.jpg"},"agent-image":{"file":"755e32b4-210x210.jpg","width":210,"height":210,"mime-type":"image\/jpeg","filesize":34103,"url":"https:\/\/www.costadelsol-mallorca.com\/wp-content\/uploads\/2025\/05\/755e32b4-210x210.jpg"},"partners-logo":{"file":"755e32b4-600x675.jpg","width":600,"height":675,"mime-type":"image\/jpeg","filesize":215136,"url":"https:\/\/www.costadelsol-mallorca.com\/wp-content\/uploads\/2025\/05\/755e32b4-600x675.jpg"}},"image_meta":{"aperture":"0","credit":"","camera":"","caption":"","created_timestamp":"0","copyright":"","focal_length":"0","iso":"0","shutter_speed":"0","title":"","orientation":"0","keywords":[]},"ID":"222923","name":"755e32b4.jpg","path":"\/home\/ro\/web\/costadelsol-mallorca.com\/public_html\/wp-content\/uploads\/2025\/05\/755e32b4.jpg","url":"https:\/\/www.costadelsol-mallorca.com\/wp-content\/uploads\/2025\/05\/755e32b4-150x150.jpg","full_url":"https:\/\/www.costadelsol-mallorca.com\/wp-content\/uploads\/2025\/05\/755e32b4.jpg","title":"755e32b4","caption":"","description":"","alt":"","srcset":"https:\/\/www.costadelsol-mallorca.com\/wp-content\/uploads\/2025\/05\/755e32b4-150x150.jpg 150w, https:\/\/www.costadelsol-mallorca.com\/wp-content\/uploads\/2025\/05\/755e32b4-120x120.jpg 120w, https:\/\/www.costadelsol-mallorca.com\/wp-content\/uploads\/2025\/05\/755e32b4-210x210.jpg 210w"},{"width":150,"height":150,"file":"2025\/05\/f0b0ee8c.jpg","filesize":112316,"sizes":{"thumbnail":{"file":"f0b0ee8c-150x150.jpg","width":150,"height":150,"mime-type":"image\/jpeg","filesize":11803,"url":"https:\/\/www.costadelsol-mallorca.com\/wp-content\/uploads\/2025\/05\/f0b0ee8c-150x150.jpg"},"tf-client-image-size":{"file":"f0b0ee8c-120x120.jpg","width":120,"height":120,"mime-type":"image\/jpeg","filesize":8427,"url":"https:\/\/www.costadelsol-mallorca.com\/wp-content\/uploads\/2025\/05\/f0b0ee8c-120x120.jpg"},"post-thumbnail":{"file":"f0b0ee8c-150x84.jpg","width":150,"height":84,"mime-type":"image\/jpeg","filesize":8637,"url":"https:\/\/www.costadelsol-mallorca.com\/wp-content\/uploads\/2025\/05\/f0b0ee8c-150x84.jpg"},"modern-property-child-slider":{"file":"f0b0ee8c-680x510.jpg","width":680,"height":510,"mime-type":"image\/jpeg","filesize":109585,"url":"https:\/\/www.costadelsol-mallorca.com\/wp-content\/uploads\/2025\/05\/f0b0ee8c-680x510.jpg"},"property-thumb-image":{"file":"f0b0ee8c-488x326.jpg","width":488,"height":326,"mime-type":"image\/jpeg","filesize":58963,"url":"https:\/\/www.costadelsol-mallorca.com\/wp-content\/uploads\/2025\/05\/f0b0ee8c-488x326.jpg"},"property-detail-video-image":{"file":"f0b0ee8c-818x417.jpg","width":818,"height":417,"mime-type":"image\/jpeg","filesize":116280,"url":"https:\/\/www.costadelsol-mallorca.com\/wp-content\/uploads\/2025\/05\/f0b0ee8c-818x417.jpg"},"agent-image":{"file":"f0b0ee8c-210x210.jpg","width":210,"height":210,"mime-type":"image\/jpeg","filesize":20204,"url":"https:\/\/www.costadelsol-mallorca.com\/wp-content\/uploads\/2025\/05\/f0b0ee8c-210x210.jpg"},"partners-logo":{"file":"f0b0ee8c-600x675.jpg","width":600,"height":675,"mime-type":"image\/jpeg","filesize":118995,"url":"https:\/\/www.costadelsol-mallorca.com\/wp-content\/uploads\/2025\/05\/f0b0ee8c-600x675.jpg"}},"image_meta":{"aperture":"0","credit":"","camera":"","caption":"","created_timestamp":"0","copyright":"","focal_length":"0","iso":"0","shutter_speed":"0","title":"","orientation":"0","keywords":[]},"ID":"222927","name":"f0b0ee8c.jpg","path":"\/home\/ro\/web\/costadelsol-mallorca.com\/public_html\/wp-content\/uploads\/2025\/05\/f0b0ee8c.jpg","url":"https:\/\/www.costadelsol-mallorca.com\/wp-content\/uploads\/2025\/05\/f0b0ee8c-150x150.jpg","full_url":"https:\/\/www.costadelsol-mallorca.com\/wp-content\/uploads\/2025\/05\/f0b0ee8c.jpg","title":"f0b0ee8c","caption":"","description":"","alt":"","srcset":"https:\/\/www.costadelsol-mallorca.com\/wp-content\/uploads\/2025\/05\/f0b0ee8c-150x150.jpg 150w, https:\/\/www.costadelsol-mallorca.com\/wp-content\/uploads\/2025\/05\/f0b0ee8c-120x120.jpg 120w, https:\/\/www.costadelsol-mallorca.com\/wp-content\/uploads\/2025\/05\/f0b0ee8c-210x210.jpg 210w"},{"width":150,"height":150,"file":"2025\/05\/59132350.jpg","filesize":101261,"sizes":{"thumbnail":{"file":"59132350-150x150.jpg","width":150,"height":150,"mime-type":"image\/jpeg","filesize":13368,"url":"https:\/\/www.costadelsol-mallorca.com\/wp-content\/uploads\/2025\/05\/59132350-150x150.jpg"},"tf-client-image-size":{"file":"59132350-120x120.jpg","width":120,"height":120,"mime-type":"image\/jpeg","filesize":9305,"url":"https:\/\/www.costadelsol-mallorca.com\/wp-content\/uploads\/2025\/05\/59132350-120x120.jpg"},"post-thumbnail":{"file":"59132350-150x84.jpg","width":150,"height":84,"mime-type":"image\/jpeg","filesize":8101,"url":"https:\/\/www.costadelsol-mallorca.com\/wp-content\/uploads\/2025\/05\/59132350-150x84.jpg"},"modern-property-child-slider":{"file":"59132350-680x510.jpg","width":680,"height":510,"mime-type":"image\/jpeg","filesize":116547,"url":"https:\/\/www.costadelsol-mallorca.com\/wp-content\/uploads\/2025\/05\/59132350-680x510.jpg"},"property-thumb-image":{"file":"59132350-488x326.jpg","width":488,"height":326,"mime-type":"image\/jpeg","filesize":61163,"url":"https:\/\/www.costadelsol-mallorca.com\/wp-content\/uploads\/2025\/05\/59132350-488x326.jpg"},"property-detail-video-image":{"file":"59132350-818x417.jpg","width":818,"height":417,"mime-type":"image\/jpeg","filesize":106854,"url":"https:\/\/www.costadelsol-mallorca.com\/wp-content\/uploads\/2025\/05\/59132350-818x417.jpg"},"agent-image":{"file":"59132350-210x210.jpg","width":210,"height":210,"mime-type":"image\/jpeg","filesize":22681,"url":"https:\/\/www.costadelsol-mallorca.com\/wp-content\/uploads\/2025\/05\/59132350-210x210.jpg"},"partners-logo":{"file":"59132350-600x675.jpg","width":600,"height":675,"mime-type":"image\/jpeg","filesize":128660,"url":"https:\/\/www.costadelsol-mallorca.com\/wp-content\/uploads\/2025\/05\/59132350-600x675.jpg"}},"image_meta":{"aperture":"0","credit":"","camera":"","caption":"","created_timestamp":"0","copyright":"","focal_length":"0","iso":"0","shutter_speed":"0","title":"","orientation":"0","keywords":[]},"ID":"222931","name":"59132350.jpg","path":"\/home\/ro\/web\/costadelsol-mallorca.com\/public_html\/wp-content\/uploads\/2025\/05\/59132350.jpg","url":"https:\/\/www.costadelsol-mallorca.com\/wp-content\/uploads\/2025\/05\/59132350-150x150.jpg","full_url":"https:\/\/www.costadelsol-mallorca.com\/wp-content\/uploads\/2025\/05\/59132350.jpg","title":"59132350","caption":"","description":"","alt":"","srcset":"https:\/\/www.costadelsol-mallorca.com\/wp-content\/uploads\/2025\/05\/59132350-150x150.jpg 150w, https:\/\/www.costadelsol-mallorca.com\/wp-content\/uploads\/2025\/05\/59132350-120x120.jpg 120w, https:\/\/www.costadelsol-mallorca.com\/wp-content\/uploads\/2025\/05\/59132350-210x210.jpg 210w"},{"width":150,"height":150,"file":"2025\/05\/b32aaa9f.jpg","filesize":163433,"sizes":{"thumbnail":{"file":"b32aaa9f-150x150.jpg","width":150,"height":150,"mime-type":"image\/jpeg","filesize":15781,"url":"https:\/\/www.costadelsol-mallorca.com\/wp-content\/uploads\/2025\/05\/b32aaa9f-150x150.jpg"},"tf-client-image-size":{"file":"b32aaa9f-120x120.jpg","width":120,"height":120,"mime-type":"image\/jpeg","filesize":10893,"url":"https:\/\/www.costadelsol-mallorca.com\/wp-content\/uploads\/2025\/05\/b32aaa9f-120x120.jpg"},"post-thumbnail":{"file":"b32aaa9f-150x84.jpg","width":150,"height":84,"mime-type":"image\/jpeg","filesize":11225,"url":"https:\/\/www.costadelsol-mallorca.com\/wp-content\/uploads\/2025\/05\/b32aaa9f-150x84.jpg"},"modern-property-child-slider":{"file":"b32aaa9f-680x510.jpg","width":680,"height":510,"mime-type":"image\/jpeg","filesize":157046,"url":"https:\/\/www.costadelsol-mallorca.com\/wp-content\/uploads\/2025\/05\/b32aaa9f-680x510.jpg"},"property-thumb-image":{"file":"b32aaa9f-488x326.jpg","width":488,"height":326,"mime-type":"image\/jpeg","filesize":82878,"url":"https:\/\/www.costadelsol-mallorca.com\/wp-content\/uploads\/2025\/05\/b32aaa9f-488x326.jpg"},"property-detail-video-image":{"file":"b32aaa9f-818x417.jpg","width":818,"height":417,"mime-type":"image\/jpeg","filesize":160315,"url":"https:\/\/www.costadelsol-mallorca.com\/wp-content\/uploads\/2025\/05\/b32aaa9f-818x417.jpg"},"agent-image":{"file":"b32aaa9f-210x210.jpg","width":210,"height":210,"mime-type":"image\/jpeg","filesize":27599,"url":"https:\/\/www.costadelsol-mallorca.com\/wp-content\/uploads\/2025\/05\/b32aaa9f-210x210.jpg"},"partners-logo":{"file":"b32aaa9f-600x675.jpg","width":600,"height":675,"mime-type":"image\/jpeg","filesize":166323,"url":"https:\/\/www.costadelsol-mallorca.com\/wp-content\/uploads\/2025\/05\/b32aaa9f-600x675.jpg"}},"image_meta":{"aperture":"0","credit":"","camera":"","caption":"","created_timestamp":"0","copyright":"","focal_length":"0","iso":"0","shutter_speed":"0","title":"","orientation":"0","keywords":[]},"ID":"222935","name":"b32aaa9f.jpg","path":"\/home\/ro\/web\/costadelsol-mallorca.com\/public_html\/wp-content\/uploads\/2025\/05\/b32aaa9f.jpg","url":"https:\/\/www.costadelsol-mallorca.com\/wp-content\/uploads\/2025\/05\/b32aaa9f-150x150.jpg","full_url":"https:\/\/www.costadelsol-mallorca.com\/wp-content\/uploads\/2025\/05\/b32aaa9f.jpg","title":"b32aaa9f","caption":"","description":"","alt":"","srcset":"https:\/\/www.costadelsol-mallorca.com\/wp-content\/uploads\/2025\/05\/b32aaa9f-150x150.jpg 150w, https:\/\/www.costadelsol-mallorca.com\/wp-content\/uploads\/2025\/05\/b32aaa9f-120x120.jpg 120w, https:\/\/www.costadelsol-mallorca.com\/wp-content\/uploads\/2025\/05\/b32aaa9f-210x210.jpg 210w"},{"width":150,"height":150,"file":"2025\/05\/5b3aebe7.jpg","filesize":133498,"sizes":{"thumbnail":{"file":"5b3aebe7-150x150.jpg","width":150,"height":150,"mime-type":"image\/jpeg","filesize":13131,"url":"https:\/\/www.costadelsol-mallorca.com\/wp-content\/uploads\/2025\/05\/5b3aebe7-150x150.jpg"},"tf-client-image-size":{"file":"5b3aebe7-120x120.jpg","width":120,"height":120,"mime-type":"image\/jpeg","filesize":8951,"url":"https:\/\/www.costadelsol-mallorca.com\/wp-content\/uploads\/2025\/05\/5b3aebe7-120x120.jpg"},"post-thumbnail":{"file":"5b3aebe7-150x84.jpg","width":150,"height":84,"mime-type":"image\/jpeg","filesize":8336,"url":"https:\/\/www.costadelsol-mallorca.com\/wp-content\/uploads\/2025\/05\/5b3aebe7-150x84.jpg"},"modern-property-child-slider":{"file":"5b3aebe7-680x510.jpg","width":680,"height":510,"mime-type":"image\/jpeg","filesize":130303,"url":"https:\/\/www.costadelsol-mallorca.com\/wp-content\/uploads\/2025\/05\/5b3aebe7-680x510.jpg"},"property-thumb-image":{"file":"5b3aebe7-488x326.jpg","width":488,"height":326,"mime-type":"image\/jpeg","filesize":69712,"url":"https:\/\/www.costadelsol-mallorca.com\/wp-content\/uploads\/2025\/05\/5b3aebe7-488x326.jpg"},"property-detail-video-image":{"file":"5b3aebe7-818x417.jpg","width":818,"height":417,"mime-type":"image\/jpeg","filesize":132690,"url":"https:\/\/www.costadelsol-mallorca.com\/wp-content\/uploads\/2025\/05\/5b3aebe7-818x417.jpg"},"agent-image":{"file":"5b3aebe7-210x210.jpg","width":210,"height":210,"mime-type":"image\/jpeg","filesize":23813,"url":"https:\/\/www.costadelsol-mallorca.com\/wp-content\/uploads\/2025\/05\/5b3aebe7-210x210.jpg"},"partners-logo":{"file":"5b3aebe7-600x675.jpg","width":600,"height":675,"mime-type":"image\/jpeg","filesize":150362,"url":"https:\/\/www.costadelsol-mallorca.com\/wp-content\/uploads\/2025\/05\/5b3aebe7-600x675.jpg"}},"image_meta":{"aperture":"0","credit":"","camera":"","caption":"","created_timestamp":"0","copyright":"","focal_length":"0","iso":"0","shutter_speed":"0","title":"","orientation":"0","keywords":[]},"ID":"222939","name":"5b3aebe7.jpg","path":"\/home\/ro\/web\/costadelsol-mallorca.com\/public_html\/wp-content\/uploads\/2025\/05\/5b3aebe7.jpg","url":"https:\/\/www.costadelsol-mallorca.com\/wp-content\/uploads\/2025\/05\/5b3aebe7-150x150.jpg","full_url":"https:\/\/www.costadelsol-mallorca.com\/wp-content\/uploads\/2025\/05\/5b3aebe7.jpg","title":"5b3aebe7","caption":"","description":"","alt":"","srcset":"https:\/\/www.costadelsol-mallorca.com\/wp-content\/uploads\/2025\/05\/5b3aebe7-150x150.jpg 150w, https:\/\/www.costadelsol-mallorca.com\/wp-content\/uploads\/2025\/05\/5b3aebe7-120x120.jpg 120w, https:\/\/www.costadelsol-mallorca.com\/wp-content\/uploads\/2025\/05\/5b3aebe7-210x210.jpg 210w"},{"width":150,"height":150,"file":"2025\/05\/b5009486.jpg","filesize":157049,"sizes":{"thumbnail":{"file":"b5009486-150x150.jpg","width":150,"height":150,"mime-type":"image\/jpeg","filesize":12284,"url":"https:\/\/www.costadelsol-mallorca.com\/wp-content\/uploads\/2025\/05\/b5009486-150x150.jpg"},"tf-client-image-size":{"file":"b5009486-120x120.jpg","width":120,"height":120,"mime-type":"image\/jpeg","filesize":8292,"url":"https:\/\/www.costadelsol-mallorca.com\/wp-content\/uploads\/2025\/05\/b5009486-120x120.jpg"},"post-thumbnail":{"file":"b5009486-150x84.jpg","width":150,"height":84,"mime-type":"image\/jpeg","filesize":9031,"url":"https:\/\/www.costadelsol-mallorca.com\/wp-content\/uploads\/2025\/05\/b5009486-150x84.jpg"},"modern-property-child-slider":{"file":"b5009486-680x510.jpg","width":680,"height":510,"mime-type":"image\/jpeg","filesize":140015,"url":"https:\/\/www.costadelsol-mallorca.com\/wp-content\/uploads\/2025\/05\/b5009486-680x510.jpg"},"property-thumb-image":{"file":"b5009486-488x326.jpg","width":488,"height":326,"mime-type":"image\/jpeg","filesize":74245,"url":"https:\/\/www.costadelsol-mallorca.com\/wp-content\/uploads\/2025\/05\/b5009486-488x326.jpg"},"property-detail-video-image":{"file":"b5009486-818x417.jpg","width":818,"height":417,"mime-type":"image\/jpeg","filesize":158162,"url":"https:\/\/www.costadelsol-mallorca.com\/wp-content\/uploads\/2025\/05\/b5009486-818x417.jpg"},"agent-image":{"file":"b5009486-210x210.jpg","width":210,"height":210,"mime-type":"image\/jpeg","filesize":22833,"url":"https:\/\/www.costadelsol-mallorca.com\/wp-content\/uploads\/2025\/05\/b5009486-210x210.jpg"},"partners-logo":{"file":"b5009486-600x675.jpg","width":600,"height":675,"mime-type":"image\/jpeg","filesize":153432,"url":"https:\/\/www.costadelsol-mallorca.com\/wp-content\/uploads\/2025\/05\/b5009486-600x675.jpg"}},"image_meta":{"aperture":"0","credit":"","camera":"","caption":"","created_timestamp":"0","copyright":"","focal_length":"0","iso":"0","shutter_speed":"0","title":"","orientation":"0","keywords":[]},"ID":"222943","name":"b5009486.jpg","path":"\/home\/ro\/web\/costadelsol-mallorca.com\/public_html\/wp-content\/uploads\/2025\/05\/b5009486.jpg","url":"https:\/\/www.costadelsol-mallorca.com\/wp-content\/uploads\/2025\/05\/b5009486-150x150.jpg","full_url":"https:\/\/www.costadelsol-mallorca.com\/wp-content\/uploads\/2025\/05\/b5009486.jpg","title":"b5009486","caption":"","description":"","alt":"","srcset":"https:\/\/www.costadelsol-mallorca.com\/wp-content\/uploads\/2025\/05\/b5009486-150x150.jpg 150w, https:\/\/www.costadelsol-mallorca.com\/wp-content\/uploads\/2025\/05\/b5009486-120x120.jpg 120w, https:\/\/www.costadelsol-mallorca.com\/wp-content\/uploads\/2025\/05\/b5009486-210x210.jpg 210w"},{"width":150,"height":150,"file":"2025\/05\/ac87d5e9.jpg","filesize":228695,"sizes":{"thumbnail":{"file":"ac87d5e9-150x150.jpg","width":150,"height":150,"mime-type":"image\/jpeg","filesize":19441,"url":"https:\/\/www.costadelsol-mallorca.com\/wp-content\/uploads\/2025\/05\/ac87d5e9-150x150.jpg"},"tf-client-image-size":{"file":"ac87d5e9-120x120.jpg","width":120,"height":120,"mime-type":"image\/jpeg","filesize":13327,"url":"https:\/\/www.costadelsol-mallorca.com\/wp-content\/uploads\/2025\/05\/ac87d5e9-120x120.jpg"},"post-thumbnail":{"file":"ac87d5e9-150x84.jpg","width":150,"height":84,"mime-type":"image\/jpeg","filesize":12872,"url":"https:\/\/www.costadelsol-mallorca.com\/wp-content\/uploads\/2025\/05\/ac87d5e9-150x84.jpg"},"modern-property-child-slider":{"file":"ac87d5e9-680x510.jpg","width":680,"height":510,"mime-type":"image\/jpeg","filesize":199875,"url":"https:\/\/www.costadelsol-mallorca.com\/wp-content\/uploads\/2025\/05\/ac87d5e9-680x510.jpg"},"property-thumb-image":{"file":"ac87d5e9-488x326.jpg","width":488,"height":326,"mime-type":"image\/jpeg","filesize":104535,"url":"https:\/\/www.costadelsol-mallorca.com\/wp-content\/uploads\/2025\/05\/ac87d5e9-488x326.jpg"},"property-detail-video-image":{"file":"ac87d5e9-818x417.jpg","width":818,"height":417,"mime-type":"image\/jpeg","filesize":212385,"url":"https:\/\/www.costadelsol-mallorca.com\/wp-content\/uploads\/2025\/05\/ac87d5e9-818x417.jpg"},"agent-image":{"file":"ac87d5e9-210x210.jpg","width":210,"height":210,"mime-type":"image\/jpeg","filesize":34671,"url":"https:\/\/www.costadelsol-mallorca.com\/wp-content\/uploads\/2025\/05\/ac87d5e9-210x210.jpg"},"partners-logo":{"file":"ac87d5e9-600x675.jpg","width":600,"height":675,"mime-type":"image\/jpeg","filesize":237926,"url":"https:\/\/www.costadelsol-mallorca.com\/wp-content\/uploads\/2025\/05\/ac87d5e9-600x675.jpg"}},"image_meta":{"aperture":"0","credit":"","camera":"","caption":"","created_timestamp":"0","copyright":"","focal_length":"0","iso":"0","shutter_speed":"0","title":"","orientation":"0","keywords":[]},"ID":"222947","name":"ac87d5e9.jpg","path":"\/home\/ro\/web\/costadelsol-mallorca.com\/public_html\/wp-content\/uploads\/2025\/05\/ac87d5e9.jpg","url":"https:\/\/www.costadelsol-mallorca.com\/wp-content\/uploads\/2025\/05\/ac87d5e9-150x150.jpg","full_url":"https:\/\/www.costadelsol-mallorca.com\/wp-content\/uploads\/2025\/05\/ac87d5e9.jpg","title":"ac87d5e9","caption":"","description":"","alt":"","srcset":"https:\/\/www.costadelsol-mallorca.com\/wp-content\/uploads\/2025\/05\/ac87d5e9-150x150.jpg 150w, https:\/\/www.costadelsol-mallorca.com\/wp-content\/uploads\/2025\/05\/ac87d5e9-120x120.jpg 120w, https:\/\/www.costadelsol-mallorca.com\/wp-content\/uploads\/2025\/05\/ac87d5e9-210x210.jpg 210w"},{"width":150,"height":150,"file":"2025\/05\/f28d8ebf.jpg","filesize":187261,"sizes":{"thumbnail":{"file":"f28d8ebf-150x150.jpg","width":150,"height":150,"mime-type":"image\/jpeg","filesize":19400,"url":"https:\/\/www.costadelsol-mallorca.com\/wp-content\/uploads\/2025\/05\/f28d8ebf-150x150.jpg"},"tf-client-image-size":{"file":"f28d8ebf-120x120.jpg","width":120,"height":120,"mime-type":"image\/jpeg","filesize":13500,"url":"https:\/\/www.costadelsol-mallorca.com\/wp-content\/uploads\/2025\/05\/f28d8ebf-120x120.jpg"},"post-thumbnail":{"file":"f28d8ebf-150x84.jpg","width":150,"height":84,"mime-type":"image\/jpeg","filesize":12749,"url":"https:\/\/www.costadelsol-mallorca.com\/wp-content\/uploads\/2025\/05\/f28d8ebf-150x84.jpg"},"modern-property-child-slider":{"file":"f28d8ebf-680x510.jpg","width":680,"height":510,"mime-type":"image\/jpeg","filesize":178513,"url":"https:\/\/www.costadelsol-mallorca.com\/wp-content\/uploads\/2025\/05\/f28d8ebf-680x510.jpg"},"property-thumb-image":{"file":"f28d8ebf-488x326.jpg","width":488,"height":326,"mime-type":"image\/jpeg","filesize":96669,"url":"https:\/\/www.costadelsol-mallorca.com\/wp-content\/uploads\/2025\/05\/f28d8ebf-488x326.jpg"},"property-detail-video-image":{"file":"f28d8ebf-818x417.jpg","width":818,"height":417,"mime-type":"image\/jpeg","filesize":182638,"url":"https:\/\/www.costadelsol-mallorca.com\/wp-content\/uploads\/2025\/05\/f28d8ebf-818x417.jpg"},"agent-image":{"file":"f28d8ebf-210x210.jpg","width":210,"height":210,"mime-type":"image\/jpeg","filesize":33993,"url":"https:\/\/www.costadelsol-mallorca.com\/wp-content\/uploads\/2025\/05\/f28d8ebf-210x210.jpg"},"partners-logo":{"file":"f28d8ebf-600x675.jpg","width":600,"height":675,"mime-type":"image\/jpeg","filesize":195417,"url":"https:\/\/www.costadelsol-mallorca.com\/wp-content\/uploads\/2025\/05\/f28d8ebf-600x675.jpg"}},"image_meta":{"aperture":"0","credit":"","camera":"","caption":"","created_timestamp":"0","copyright":"","focal_length":"0","iso":"0","shutter_speed":"0","title":"","orientation":"0","keywords":[]},"ID":"222951","name":"f28d8ebf.jpg","path":"\/home\/ro\/web\/costadelsol-mallorca.com\/public_html\/wp-content\/uploads\/2025\/05\/f28d8ebf.jpg","url":"https:\/\/www.costadelsol-mallorca.com\/wp-content\/uploads\/2025\/05\/f28d8ebf-150x150.jpg","full_url":"https:\/\/www.costadelsol-mallorca.com\/wp-content\/uploads\/2025\/05\/f28d8ebf.jpg","title":"f28d8ebf","caption":"","description":"","alt":"","srcset":"https:\/\/www.costadelsol-mallorca.com\/wp-content\/uploads\/2025\/05\/f28d8ebf-150x150.jpg 150w, https:\/\/www.costadelsol-mallorca.com\/wp-content\/uploads\/2025\/05\/f28d8ebf-120x120.jpg 120w, https:\/\/www.costadelsol-mallorca.com\/wp-content\/uploads\/2025\/05\/f28d8ebf-210x210.jpg 210w"},{"width":150,"height":150,"file":"2025\/05\/ca086539.jpg","filesize":182204,"sizes":{"thumbnail":{"file":"ca086539-150x150.jpg","width":150,"height":150,"mime-type":"image\/jpeg","filesize":17698,"url":"https:\/\/www.costadelsol-mallorca.com\/wp-content\/uploads\/2025\/05\/ca086539-150x150.jpg"},"tf-client-image-size":{"file":"ca086539-120x120.jpg","width":120,"height":120,"mime-type":"image\/jpeg","filesize":12223,"url":"https:\/\/www.costadelsol-mallorca.com\/wp-content\/uploads\/2025\/05\/ca086539-120x120.jpg"},"post-thumbnail":{"file":"ca086539-150x84.jpg","width":150,"height":84,"mime-type":"image\/jpeg","filesize":12430,"url":"https:\/\/www.costadelsol-mallorca.com\/wp-content\/uploads\/2025\/05\/ca086539-150x84.jpg"},"modern-property-child-slider":{"file":"ca086539-680x510.jpg","width":680,"height":510,"mime-type":"image\/jpeg","filesize":171889,"url":"https:\/\/www.costadelsol-mallorca.com\/wp-content\/uploads\/2025\/05\/ca086539-680x510.jpg"},"property-thumb-image":{"file":"ca086539-488x326.jpg","width":488,"height":326,"mime-type":"image\/jpeg","filesize":94519,"url":"https:\/\/www.costadelsol-mallorca.com\/wp-content\/uploads\/2025\/05\/ca086539-488x326.jpg"},"property-detail-video-image":{"file":"ca086539-818x417.jpg","width":818,"height":417,"mime-type":"image\/jpeg","filesize":184038,"url":"https:\/\/www.costadelsol-mallorca.com\/wp-content\/uploads\/2025\/05\/ca086539-818x417.jpg"},"agent-image":{"file":"ca086539-210x210.jpg","width":210,"height":210,"mime-type":"image\/jpeg","filesize":31349,"url":"https:\/\/www.costadelsol-mallorca.com\/wp-content\/uploads\/2025\/05\/ca086539-210x210.jpg"},"partners-logo":{"file":"ca086539-600x675.jpg","width":600,"height":675,"mime-type":"image\/jpeg","filesize":175893,"url":"https:\/\/www.costadelsol-mallorca.com\/wp-content\/uploads\/2025\/05\/ca086539-600x675.jpg"}},"image_meta":{"aperture":"0","credit":"","camera":"","caption":"","created_timestamp":"0","copyright":"","focal_length":"0","iso":"0","shutter_speed":"0","title":"","orientation":"0","keywords":[]},"ID":"222955","name":"ca086539.jpg","path":"\/home\/ro\/web\/costadelsol-mallorca.com\/public_html\/wp-content\/uploads\/2025\/05\/ca086539.jpg","url":"https:\/\/www.costadelsol-mallorca.com\/wp-content\/uploads\/2025\/05\/ca086539-150x150.jpg","full_url":"https:\/\/www.costadelsol-mallorca.com\/wp-content\/uploads\/2025\/05\/ca086539.jpg","title":"ca086539","caption":"","description":"","alt":"","srcset":"https:\/\/www.costadelsol-mallorca.com\/wp-content\/uploads\/2025\/05\/ca086539-150x150.jpg 150w, https:\/\/www.costadelsol-mallorca.com\/wp-content\/uploads\/2025\/05\/ca086539-120x120.jpg 120w, https:\/\/www.costadelsol-mallorca.com\/wp-content\/uploads\/2025\/05\/ca086539-210x210.jpg 210w"},{"width":150,"height":150,"file":"2025\/05\/f879468f.jpg","filesize":284942,"sizes":{"thumbnail":{"file":"f879468f-150x150.jpg","width":150,"height":150,"mime-type":"image\/jpeg","filesize":19417,"url":"https:\/\/www.costadelsol-mallorca.com\/wp-content\/uploads\/2025\/05\/f879468f-150x150.jpg"},"tf-client-image-size":{"file":"f879468f-120x120.jpg","width":120,"height":120,"mime-type":"image\/jpeg","filesize":13064,"url":"https:\/\/www.costadelsol-mallorca.com\/wp-content\/uploads\/2025\/05\/f879468f-120x120.jpg"},"post-thumbnail":{"file":"f879468f-150x84.jpg","width":150,"height":84,"mime-type":"image\/jpeg","filesize":13290,"url":"https:\/\/www.costadelsol-mallorca.com\/wp-content\/uploads\/2025\/05\/f879468f-150x84.jpg"},"modern-property-child-slider":{"file":"f879468f-680x510.jpg","width":680,"height":510,"mime-type":"image\/jpeg","filesize":226630,"url":"https:\/\/www.costadelsol-mallorca.com\/wp-content\/uploads\/2025\/05\/f879468f-680x510.jpg"},"property-thumb-image":{"file":"f879468f-488x326.jpg","width":488,"height":326,"mime-type":"image\/jpeg","filesize":117745,"url":"https:\/\/www.costadelsol-mallorca.com\/wp-content\/uploads\/2025\/05\/f879468f-488x326.jpg"},"property-detail-video-image":{"file":"f879468f-818x417.jpg","width":818,"height":417,"mime-type":"image\/jpeg","filesize":247458,"url":"https:\/\/www.costadelsol-mallorca.com\/wp-content\/uploads\/2025\/05\/f879468f-818x417.jpg"},"agent-image":{"file":"f879468f-210x210.jpg","width":210,"height":210,"mime-type":"image\/jpeg","filesize":36064,"url":"https:\/\/www.costadelsol-mallorca.com\/wp-content\/uploads\/2025\/05\/f879468f-210x210.jpg"},"partners-logo":{"file":"f879468f-600x675.jpg","width":600,"height":675,"mime-type":"image\/jpeg","filesize":250429,"url":"https:\/\/www.costadelsol-mallorca.com\/wp-content\/uploads\/2025\/05\/f879468f-600x675.jpg"}},"image_meta":{"aperture":"0","credit":"","camera":"","caption":"","created_timestamp":"0","copyright":"","focal_length":"0","iso":"0","shutter_speed":"0","title":"","orientation":"0","keywords":[]},"ID":"222959","name":"f879468f.jpg","path":"\/home\/ro\/web\/costadelsol-mallorca.com\/public_html\/wp-content\/uploads\/2025\/05\/f879468f.jpg","url":"https:\/\/www.costadelsol-mallorca.com\/wp-content\/uploads\/2025\/05\/f879468f-150x150.jpg","full_url":"https:\/\/www.costadelsol-mallorca.com\/wp-content\/uploads\/2025\/05\/f879468f.jpg","title":"f879468f","caption":"","description":"","alt":"","srcset":"https:\/\/www.costadelsol-mallorca.com\/wp-content\/uploads\/2025\/05\/f879468f-150x150.jpg 150w, https:\/\/www.costadelsol-mallorca.com\/wp-content\/uploads\/2025\/05\/f879468f-120x120.jpg 120w, https:\/\/www.costadelsol-mallorca.com\/wp-content\/uploads\/2025\/05\/f879468f-210x210.jpg 210w"},{"width":150,"height":150,"file":"2025\/05\/83d2fe9c.jpg","filesize":344189,"sizes":{"thumbnail":{"file":"83d2fe9c-150x150.jpg","width":150,"height":150,"mime-type":"image\/jpeg","filesize":26051,"url":"https:\/\/www.costadelsol-mallorca.com\/wp-content\/uploads\/2025\/05\/83d2fe9c-150x150.jpg"},"tf-client-image-size":{"file":"83d2fe9c-120x120.jpg","width":120,"height":120,"mime-type":"image\/jpeg","filesize":17189,"url":"https:\/\/www.costadelsol-mallorca.com\/wp-content\/uploads\/2025\/05\/83d2fe9c-120x120.jpg"},"post-thumbnail":{"file":"83d2fe9c-150x84.jpg","width":150,"height":84,"mime-type":"image\/jpeg","filesize":16082,"url":"https:\/\/www.costadelsol-mallorca.com\/wp-content\/uploads\/2025\/05\/83d2fe9c-150x84.jpg"},"modern-property-child-slider":{"file":"83d2fe9c-680x510.jpg","width":680,"height":510,"mime-type":"image\/jpeg","filesize":289830,"url":"https:\/\/www.costadelsol-mallorca.com\/wp-content\/uploads\/2025\/05\/83d2fe9c-680x510.jpg"},"property-thumb-image":{"file":"83d2fe9c-488x326.jpg","width":488,"height":326,"mime-type":"image\/jpeg","filesize":148474,"url":"https:\/\/www.costadelsol-mallorca.com\/wp-content\/uploads\/2025\/05\/83d2fe9c-488x326.jpg"},"property-detail-video-image":{"file":"83d2fe9c-818x417.jpg","width":818,"height":417,"mime-type":"image\/jpeg","filesize":296412,"url":"https:\/\/www.costadelsol-mallorca.com\/wp-content\/uploads\/2025\/05\/83d2fe9c-818x417.jpg"},"agent-image":{"file":"83d2fe9c-210x210.jpg","width":210,"height":210,"mime-type":"image\/jpeg","filesize":48515,"url":"https:\/\/www.costadelsol-mallorca.com\/wp-content\/uploads\/2025\/05\/83d2fe9c-210x210.jpg"},"partners-logo":{"file":"83d2fe9c-600x675.jpg","width":600,"height":675,"mime-type":"image\/jpeg","filesize":339476,"url":"https:\/\/www.costadelsol-mallorca.com\/wp-content\/uploads\/2025\/05\/83d2fe9c-600x675.jpg"}},"image_meta":{"aperture":"0","credit":"","camera":"","caption":"","created_timestamp":"0","copyright":"","focal_length":"0","iso":"0","shutter_speed":"0","title":"","orientation":"0","keywords":[]},"ID":"222963","name":"83d2fe9c.jpg","path":"\/home\/ro\/web\/costadelsol-mallorca.com\/public_html\/wp-content\/uploads\/2025\/05\/83d2fe9c.jpg","url":"https:\/\/www.costadelsol-mallorca.com\/wp-content\/uploads\/2025\/05\/83d2fe9c-150x150.jpg","full_url":"https:\/\/www.costadelsol-mallorca.com\/wp-content\/uploads\/2025\/05\/83d2fe9c.jpg","title":"83d2fe9c","caption":"","description":"","alt":"","srcset":"https:\/\/www.costadelsol-mallorca.com\/wp-content\/uploads\/2025\/05\/83d2fe9c-150x150.jpg 150w, https:\/\/www.costadelsol-mallorca.com\/wp-content\/uploads\/2025\/05\/83d2fe9c-120x120.jpg 120w, https:\/\/www.costadelsol-mallorca.com\/wp-content\/uploads\/2025\/05\/83d2fe9c-210x210.jpg 210w"}],"REAL_HOMES_change_gallery_slider_type":"","REAL_HOMES_gallery_slider_type":"thumb-on-right","inspiry_floor_plans":[],"inspiry_video_group":[],"REAL_HOMES_360_virtual_tour":"","REAL_HOMES_agent_display_option":"agent_info","REAL_HOMES_agents":[],"REAL_HOMES_energy_class":"","REAL_HOMES_energy_performance":"","REAL_HOMES_epc_current_rating":"","REAL_HOMES_epc_potential_rating":"","ere_property_schedule_tour":"","ere_property_schedule_time_slots":"","ere_property_schedule_description":"","REAL_HOMES_sticky":"","inspiry_property_label":"","inspiry_property_label_color":"","inspiry_property_tax":"","inspiry_additional_fee":"","REAL_HOMES_attachments":[],"inspiry_property_owner_name":"","inspiry_property_owner_contact":"","inspiry_property_owner_address":"","REAL_HOMES_property_private_note":"","inspiry_message_to_reviewer":"","REAL_HOMES_add_in_slider":"no","REAL_HOMES_slider_image":[],"REAL_HOMES_page_banner_image":[],"REAL_HOMES_hide_property_advance_search":"","REAL_HOMES_hide_advance_search":"","REAL_HOMES_custom_search_form":"","REAL_HOMES_search_form_margin_top":"","REAL_HOMES_search_form_margin_bottom":""},"_links":{"self":[{"href":"https:\/\/www.costadelsol-mallorca.com\/es\/wp-json\/wp\/v2\/property\/229458","targetHints":{"allow":["GET"]}}],"collection":[{"href":"https:\/\/www.costadelsol-mallorca.com\/es\/wp-json\/wp\/v2\/property"}],"about":[{"href":"https:\/\/www.costadelsol-mallorca.com\/es\/wp-json\/wp\/v2\/types\/property"}],"author":[{"embeddable":true,"href":"https:\/\/www.costadelsol-mallorca.com\/es\/wp-json\/wp\/v2\/users\/1"}],"replies":[{"embeddable":true,"href":"https:\/\/www.costadelsol-mallorca.com\/es\/wp-json\/wp\/v2\/comments?post=229458"}],"version-history":[{"count":0,"href":"https:\/\/www.costadelsol-mallorca.com\/es\/wp-json\/wp\/v2\/property\/229458\/revisions"}],"wp:featuredmedia":[{"embeddable":true,"href":"https:\/\/www.costadelsol-mallorca.com\/es\/wp-json\/wp\/v2\/media\/222915"}],"wp:attachment":[{"href":"https:\/\/www.costadelsol-mallorca.com\/es\/wp-json\/wp\/v2\/media?parent=229458"}],"wp:term":[{"taxonomy":"property-feature","embeddable":true,"href":"https:\/\/www.costadelsol-mallorca.com\/es\/wp-json\/wp\/v2\/property-feature?post=229458"},{"taxonomy":"property-type","embeddable":true,"href":"https:\/\/www.costadelsol-mallorca.com\/es\/wp-json\/wp\/v2\/property-type?post=229458"},{"taxonomy":"property-city","embeddable":true,"href":"https:\/\/www.costadelsol-mallorca.com\/es\/wp-json\/wp\/v2\/property-city?post=229458"},{"taxonomy":"property-status","embeddable":true,"href":"https:\/\/www.costadelsol-mallorca.com\/es\/wp-json\/wp\/v2\/property-status?post=229458"}],"curies":[{"name":"wp","href":"https:\/\/api.w.org\/{rel}","templated":true}]}}