{"id":229466,"date":"2024-12-12T15:17:39","date_gmt":"2024-12-12T14:17:39","guid":{"rendered":"https:\/\/www.costadelsol-mallorca.com\/property\/marbella-malaga-spain-apartment-3\/"},"modified":"2025-09-20T04:32:45","modified_gmt":"2025-09-20T02:32:45","slug":"marbella-malaga-spain-apartment-3","status":"publish","type":"property","link":"https:\/\/www.costadelsol-mallorca.com\/es\/property\/marbella-malaga-spain-apartment-3\/","title":{"rendered":"Marbella, Malaga, Spain &#8211; Apartment"},"content":{"rendered":"<p>Una rara ocasi\u00f3n de adquirir un elegante apartamento contempor\u00e1neo situado dentro del famoso Puerto Deportivo de Puerto Ban\u00fas, con vistas panor\u00e1micas al mar Mediterr\u00e1neo y al puerto. Experimente una vida costera de lujo en el lugar m\u00e1s lujoso de Marbella, con un sinf\u00edn de tiendas de dise\u00f1o, restaurantes vanguardistas y actividades de ocio de lujo para disfrutar bajo el espectacular clima marbell\u00ed.&#xD;Muy pocos puertos del Mediterr\u00e1neo pueden asemejarse a este pintoresco barrio con aspecto de pueblo blanco andaluz. Toda la zona es un din\u00e1mico conjunto de encantadores rascacielos tradicionales, salpicados de algunos modernos edificios con vidrieras, residencia de los m\u00e1s renombrados centros comerciales. Ser propietario de un apartamento en Puerto Ban\u00fas le permite beneficiarse de la ubicaci\u00f3n m\u00e1s glamorosa de Marbella y la Costa del Sol. A menos de 10 minutos de Marbella, al lado de Nueva Andaluc\u00eda y El Valle del Golf, tardar\u00eda 15 minutos en coche para llegar a Estepona y en 35 minutos se puede llegar al Aeropuerto Internacional de M\u00e1laga. No hace falta mencionar como esta Propiedad tambi\u00e9n representa una incre\u00edble oportunidad de inversi\u00f3n para aquellos que quieran entrar en el mercado de alquiler a corto plazo.&#xD;Recientemente renovado con las m\u00e1s altas calidades y complementado con un refinado dise\u00f1o contempor\u00e1neo, cada divisi\u00f3n se ha maximizado a su m\u00e1ximo potencial y asegura que las caracter\u00edsticas distinguibles son las magn\u00edficas vistas panor\u00e1micas al mar y al puerto. A lo largo de la propiedad descubrir\u00e1 caracter\u00edsticas de alta gama como un sal\u00f3n de planta abierta con paneles de madera de almendro e iluminaci\u00f3n LED incorporada, que conduce directamente a la terraza exterior con vistas en primera l\u00ednea hacia el puerto, una elegante cocina equipada con electrodom\u00e9sticos Gaggenau de alto nivel y 3 opulentos dormitorios, cada uno con su propio cuarto de ba\u00f1o. Descubra un lujoso apartamento con todo lo mejor de Marbella a su alcance.<\/p>\n","protected":false},"excerpt":{"rendered":"<p>Una rara ocasi\u00f3n de adquirir un elegante apartamento contempor\u00e1neo situado dentro del famoso Puerto Deportivo de Puerto Ban\u00fas, con vistas panor\u00e1micas al mar Mediterr\u00e1neo y al puerto. Experimente una vida costera de lujo en el lugar m\u00e1s lujoso de Marbella, con un sinf\u00edn de tiendas de dise\u00f1o, restaurantes vanguardistas y actividades de ocio de lujo&#8230;<\/p>\n","protected":false},"author":0,"featured_media":223387,"parent":0,"menu_order":0,"comment_status":"open","ping_status":"open","template":"","property-feature":[1543,1657,1544,1666,1545,1667,1547,1668,1552,1669,1553,1670,1560,1671,1566,1774,1579,1581,1593,1594,1632,1633,1638,271,1650],"property-type":[245],"property-city":[875,1488,866],"property-status":[],"aioseo_notices":[],"property_meta":{"REAL_HOMES_property_price":"2950000","REAL_HOMES_property_old_price":"","REAL_HOMES_property_price_prefix":"","REAL_HOMES_property_price_postfix":"","REAL_HOMES_property_size":"121","REAL_HOMES_property_size_postfix":"","REAL_HOMES_property_lot_size":"","REAL_HOMES_property_lot_size_postfix":"","REAL_HOMES_property_bedrooms":"3","REAL_HOMES_property_bathrooms":"3","REAL_HOMES_property_garage":"","REAL_HOMES_property_id":"MDL118S","REAL_HOMES_property_year_built":"","REAL_HOMES_featured":"0","REAL_HOMES_additional_details_list":[["",""]],"REAL_HOMES_property_location":{"latitude":"36.5102831","longitude":"-4.8852579","zoom":""},"REAL_HOMES_property_address":"Marbella, Malaga, Spain","REAL_HOMES_property_map":"0","REAL_HOMES_property_images":[{"width":150,"height":150,"file":"2025\/05\/8d602733.jpg","filesize":324166,"sizes":{"thumbnail":{"file":"8d602733-150x150.jpg","width":150,"height":150,"mime-type":"image\/jpeg","filesize":22728,"url":"https:\/\/www.costadelsol-mallorca.com\/wp-content\/uploads\/2025\/05\/8d602733-150x150.jpg"},"tf-client-image-size":{"file":"8d602733-120x120.jpg","width":120,"height":120,"mime-type":"image\/jpeg","filesize":15015,"url":"https:\/\/www.costadelsol-mallorca.com\/wp-content\/uploads\/2025\/05\/8d602733-120x120.jpg"},"post-thumbnail":{"file":"8d602733-150x100.jpg","width":150,"height":100,"mime-type":"image\/jpeg","filesize":16090,"url":"https:\/\/www.costadelsol-mallorca.com\/wp-content\/uploads\/2025\/05\/8d602733-150x100.jpg"},"modern-property-child-slider":{"file":"8d602733-680x510.jpg","width":680,"height":510,"mime-type":"image\/jpeg","filesize":263925,"url":"https:\/\/www.costadelsol-mallorca.com\/wp-content\/uploads\/2025\/05\/8d602733-680x510.jpg"},"property-thumb-image":{"file":"8d602733-488x326.jpg","width":488,"height":326,"mime-type":"image\/jpeg","filesize":129904,"url":"https:\/\/www.costadelsol-mallorca.com\/wp-content\/uploads\/2025\/05\/8d602733-488x326.jpg"},"property-detail-video-image":{"file":"8d602733-818x417.jpg","width":818,"height":417,"mime-type":"image\/jpeg","filesize":265719,"url":"https:\/\/www.costadelsol-mallorca.com\/wp-content\/uploads\/2025\/05\/8d602733-818x417.jpg"},"agent-image":{"file":"8d602733-210x210.jpg","width":210,"height":210,"mime-type":"image\/jpeg","filesize":42461,"url":"https:\/\/www.costadelsol-mallorca.com\/wp-content\/uploads\/2025\/05\/8d602733-210x210.jpg"},"partners-logo":{"file":"8d602733-600x800.jpg","width":600,"height":800,"mime-type":"image\/jpeg","filesize":379572,"url":"https:\/\/www.costadelsol-mallorca.com\/wp-content\/uploads\/2025\/05\/8d602733-600x800.jpg"},"post-featured-image":{"file":"8d602733-1200x720.jpg","width":1200,"height":720,"mime-type":"image\/jpeg","filesize":435453,"url":"https:\/\/www.costadelsol-mallorca.com\/wp-content\/uploads\/2025\/05\/8d602733-1200x720.jpg"}},"image_meta":{"aperture":"0","credit":"","camera":"","caption":"","created_timestamp":"0","copyright":"","focal_length":"0","iso":"0","shutter_speed":"0","title":"","orientation":"0","keywords":[]},"ID":"223384","name":"8d602733.jpg","path":"\/home\/ro\/web\/costadelsol-mallorca.com\/public_html\/wp-content\/uploads\/2025\/05\/8d602733.jpg","url":"https:\/\/www.costadelsol-mallorca.com\/wp-content\/uploads\/2025\/05\/8d602733-150x150.jpg","full_url":"https:\/\/www.costadelsol-mallorca.com\/wp-content\/uploads\/2025\/05\/8d602733.jpg","title":"8d602733","caption":"","description":"","alt":"","srcset":"https:\/\/www.costadelsol-mallorca.com\/wp-content\/uploads\/2025\/05\/8d602733-150x150.jpg 150w, https:\/\/www.costadelsol-mallorca.com\/wp-content\/uploads\/2025\/05\/8d602733-120x120.jpg 120w, https:\/\/www.costadelsol-mallorca.com\/wp-content\/uploads\/2025\/05\/8d602733-210x210.jpg 210w"},{"width":150,"height":150,"file":"2025\/05\/96b995c1.jpg","filesize":251909,"sizes":{"thumbnail":{"file":"96b995c1-150x150.jpg","width":150,"height":150,"mime-type":"image\/jpeg","filesize":18704,"url":"https:\/\/www.costadelsol-mallorca.com\/wp-content\/uploads\/2025\/05\/96b995c1-150x150.jpg"},"tf-client-image-size":{"file":"96b995c1-120x120.jpg","width":120,"height":120,"mime-type":"image\/jpeg","filesize":12371,"url":"https:\/\/www.costadelsol-mallorca.com\/wp-content\/uploads\/2025\/05\/96b995c1-120x120.jpg"},"post-thumbnail":{"file":"96b995c1-150x100.jpg","width":150,"height":100,"mime-type":"image\/jpeg","filesize":14087,"url":"https:\/\/www.costadelsol-mallorca.com\/wp-content\/uploads\/2025\/05\/96b995c1-150x100.jpg"},"modern-property-child-slider":{"file":"96b995c1-680x510.jpg","width":680,"height":510,"mime-type":"image\/jpeg","filesize":210563,"url":"https:\/\/www.costadelsol-mallorca.com\/wp-content\/uploads\/2025\/05\/96b995c1-680x510.jpg"},"property-thumb-image":{"file":"96b995c1-488x326.jpg","width":488,"height":326,"mime-type":"image\/jpeg","filesize":106510,"url":"https:\/\/www.costadelsol-mallorca.com\/wp-content\/uploads\/2025\/05\/96b995c1-488x326.jpg"},"property-detail-video-image":{"file":"96b995c1-818x417.jpg","width":818,"height":417,"mime-type":"image\/jpeg","filesize":219481,"url":"https:\/\/www.costadelsol-mallorca.com\/wp-content\/uploads\/2025\/05\/96b995c1-818x417.jpg"},"agent-image":{"file":"96b995c1-210x210.jpg","width":210,"height":210,"mime-type":"image\/jpeg","filesize":34247,"url":"https:\/\/www.costadelsol-mallorca.com\/wp-content\/uploads\/2025\/05\/96b995c1-210x210.jpg"},"partners-logo":{"file":"96b995c1-600x800.jpg","width":600,"height":800,"mime-type":"image\/jpeg","filesize":267938,"url":"https:\/\/www.costadelsol-mallorca.com\/wp-content\/uploads\/2025\/05\/96b995c1-600x800.jpg"},"post-featured-image":{"file":"96b995c1-1200x720.jpg","width":1200,"height":720,"mime-type":"image\/jpeg","filesize":359558,"url":"https:\/\/www.costadelsol-mallorca.com\/wp-content\/uploads\/2025\/05\/96b995c1-1200x720.jpg"}},"image_meta":{"aperture":"0","credit":"","camera":"","caption":"","created_timestamp":"0","copyright":"","focal_length":"0","iso":"0","shutter_speed":"0","title":"","orientation":"0","keywords":[]},"ID":"223388","name":"96b995c1.jpg","path":"\/home\/ro\/web\/costadelsol-mallorca.com\/public_html\/wp-content\/uploads\/2025\/05\/96b995c1.jpg","url":"https:\/\/www.costadelsol-mallorca.com\/wp-content\/uploads\/2025\/05\/96b995c1-150x150.jpg","full_url":"https:\/\/www.costadelsol-mallorca.com\/wp-content\/uploads\/2025\/05\/96b995c1.jpg","title":"96b995c1","caption":"","description":"","alt":"","srcset":"https:\/\/www.costadelsol-mallorca.com\/wp-content\/uploads\/2025\/05\/96b995c1-150x150.jpg 150w, https:\/\/www.costadelsol-mallorca.com\/wp-content\/uploads\/2025\/05\/96b995c1-120x120.jpg 120w, https:\/\/www.costadelsol-mallorca.com\/wp-content\/uploads\/2025\/05\/96b995c1-210x210.jpg 210w"},{"width":150,"height":150,"file":"2025\/05\/f625b99d.jpg","filesize":242326,"sizes":{"thumbnail":{"file":"f625b99d-150x150.jpg","width":150,"height":150,"mime-type":"image\/jpeg","filesize":19584,"url":"https:\/\/www.costadelsol-mallorca.com\/wp-content\/uploads\/2025\/05\/f625b99d-150x150.jpg"},"tf-client-image-size":{"file":"f625b99d-120x120.jpg","width":120,"height":120,"mime-type":"image\/jpeg","filesize":13096,"url":"https:\/\/www.costadelsol-mallorca.com\/wp-content\/uploads\/2025\/05\/f625b99d-120x120.jpg"},"post-thumbnail":{"file":"f625b99d-150x100.jpg","width":150,"height":100,"mime-type":"image\/jpeg","filesize":14669,"url":"https:\/\/www.costadelsol-mallorca.com\/wp-content\/uploads\/2025\/05\/f625b99d-150x100.jpg"},"modern-property-child-slider":{"file":"f625b99d-680x510.jpg","width":680,"height":510,"mime-type":"image\/jpeg","filesize":205086,"url":"https:\/\/www.costadelsol-mallorca.com\/wp-content\/uploads\/2025\/05\/f625b99d-680x510.jpg"},"property-thumb-image":{"file":"f625b99d-488x326.jpg","width":488,"height":326,"mime-type":"image\/jpeg","filesize":103409,"url":"https:\/\/www.costadelsol-mallorca.com\/wp-content\/uploads\/2025\/05\/f625b99d-488x326.jpg"},"property-detail-video-image":{"file":"f625b99d-818x417.jpg","width":818,"height":417,"mime-type":"image\/jpeg","filesize":215144,"url":"https:\/\/www.costadelsol-mallorca.com\/wp-content\/uploads\/2025\/05\/f625b99d-818x417.jpg"},"agent-image":{"file":"f625b99d-210x210.jpg","width":210,"height":210,"mime-type":"image\/jpeg","filesize":34781,"url":"https:\/\/www.costadelsol-mallorca.com\/wp-content\/uploads\/2025\/05\/f625b99d-210x210.jpg"},"partners-logo":{"file":"f625b99d-600x800.jpg","width":600,"height":800,"mime-type":"image\/jpeg","filesize":267633,"url":"https:\/\/www.costadelsol-mallorca.com\/wp-content\/uploads\/2025\/05\/f625b99d-600x800.jpg"},"post-featured-image":{"file":"f625b99d-1200x720.jpg","width":1200,"height":720,"mime-type":"image\/jpeg","filesize":338143,"url":"https:\/\/www.costadelsol-mallorca.com\/wp-content\/uploads\/2025\/05\/f625b99d-1200x720.jpg"}},"image_meta":{"aperture":"0","credit":"","camera":"","caption":"","created_timestamp":"0","copyright":"","focal_length":"0","iso":"0","shutter_speed":"0","title":"","orientation":"0","keywords":[]},"ID":"223392","name":"f625b99d.jpg","path":"\/home\/ro\/web\/costadelsol-mallorca.com\/public_html\/wp-content\/uploads\/2025\/05\/f625b99d.jpg","url":"https:\/\/www.costadelsol-mallorca.com\/wp-content\/uploads\/2025\/05\/f625b99d-150x150.jpg","full_url":"https:\/\/www.costadelsol-mallorca.com\/wp-content\/uploads\/2025\/05\/f625b99d.jpg","title":"f625b99d","caption":"","description":"","alt":"","srcset":"https:\/\/www.costadelsol-mallorca.com\/wp-content\/uploads\/2025\/05\/f625b99d-150x150.jpg 150w, https:\/\/www.costadelsol-mallorca.com\/wp-content\/uploads\/2025\/05\/f625b99d-120x120.jpg 120w, https:\/\/www.costadelsol-mallorca.com\/wp-content\/uploads\/2025\/05\/f625b99d-210x210.jpg 210w"},{"width":150,"height":150,"file":"2025\/05\/4797f25b.jpg","filesize":233980,"sizes":{"thumbnail":{"file":"4797f25b-150x150.jpg","width":150,"height":150,"mime-type":"image\/jpeg","filesize":17746,"url":"https:\/\/www.costadelsol-mallorca.com\/wp-content\/uploads\/2025\/05\/4797f25b-150x150.jpg"},"tf-client-image-size":{"file":"4797f25b-120x120.jpg","width":120,"height":120,"mime-type":"image\/jpeg","filesize":11963,"url":"https:\/\/www.costadelsol-mallorca.com\/wp-content\/uploads\/2025\/05\/4797f25b-120x120.jpg"},"post-thumbnail":{"file":"4797f25b-150x100.jpg","width":150,"height":100,"mime-type":"image\/jpeg","filesize":14126,"url":"https:\/\/www.costadelsol-mallorca.com\/wp-content\/uploads\/2025\/05\/4797f25b-150x100.jpg"},"modern-property-child-slider":{"file":"4797f25b-680x510.jpg","width":680,"height":510,"mime-type":"image\/jpeg","filesize":195688,"url":"https:\/\/www.costadelsol-mallorca.com\/wp-content\/uploads\/2025\/05\/4797f25b-680x510.jpg"},"property-thumb-image":{"file":"4797f25b-488x326.jpg","width":488,"height":326,"mime-type":"image\/jpeg","filesize":99980,"url":"https:\/\/www.costadelsol-mallorca.com\/wp-content\/uploads\/2025\/05\/4797f25b-488x326.jpg"},"property-detail-video-image":{"file":"4797f25b-818x417.jpg","width":818,"height":417,"mime-type":"image\/jpeg","filesize":204495,"url":"https:\/\/www.costadelsol-mallorca.com\/wp-content\/uploads\/2025\/05\/4797f25b-818x417.jpg"},"agent-image":{"file":"4797f25b-210x210.jpg","width":210,"height":210,"mime-type":"image\/jpeg","filesize":31877,"url":"https:\/\/www.costadelsol-mallorca.com\/wp-content\/uploads\/2025\/05\/4797f25b-210x210.jpg"},"partners-logo":{"file":"4797f25b-600x800.jpg","width":600,"height":800,"mime-type":"image\/jpeg","filesize":247439,"url":"https:\/\/www.costadelsol-mallorca.com\/wp-content\/uploads\/2025\/05\/4797f25b-600x800.jpg"},"post-featured-image":{"file":"4797f25b-1200x720.jpg","width":1200,"height":720,"mime-type":"image\/jpeg","filesize":323425,"url":"https:\/\/www.costadelsol-mallorca.com\/wp-content\/uploads\/2025\/05\/4797f25b-1200x720.jpg"}},"image_meta":{"aperture":"0","credit":"","camera":"","caption":"","created_timestamp":"0","copyright":"","focal_length":"0","iso":"0","shutter_speed":"0","title":"","orientation":"0","keywords":[]},"ID":"223396","name":"4797f25b.jpg","path":"\/home\/ro\/web\/costadelsol-mallorca.com\/public_html\/wp-content\/uploads\/2025\/05\/4797f25b.jpg","url":"https:\/\/www.costadelsol-mallorca.com\/wp-content\/uploads\/2025\/05\/4797f25b-150x150.jpg","full_url":"https:\/\/www.costadelsol-mallorca.com\/wp-content\/uploads\/2025\/05\/4797f25b.jpg","title":"4797f25b","caption":"","description":"","alt":"","srcset":"https:\/\/www.costadelsol-mallorca.com\/wp-content\/uploads\/2025\/05\/4797f25b-150x150.jpg 150w, https:\/\/www.costadelsol-mallorca.com\/wp-content\/uploads\/2025\/05\/4797f25b-120x120.jpg 120w, https:\/\/www.costadelsol-mallorca.com\/wp-content\/uploads\/2025\/05\/4797f25b-210x210.jpg 210w"},{"width":150,"height":150,"file":"2025\/05\/06de348e.jpg","filesize":217672,"sizes":{"thumbnail":{"file":"06de348e-150x150.jpg","width":150,"height":150,"mime-type":"image\/jpeg","filesize":17035,"url":"https:\/\/www.costadelsol-mallorca.com\/wp-content\/uploads\/2025\/05\/06de348e-150x150.jpg"},"tf-client-image-size":{"file":"06de348e-120x120.jpg","width":120,"height":120,"mime-type":"image\/jpeg","filesize":11632,"url":"https:\/\/www.costadelsol-mallorca.com\/wp-content\/uploads\/2025\/05\/06de348e-120x120.jpg"},"post-thumbnail":{"file":"06de348e-150x100.jpg","width":150,"height":100,"mime-type":"image\/jpeg","filesize":13099,"url":"https:\/\/www.costadelsol-mallorca.com\/wp-content\/uploads\/2025\/05\/06de348e-150x100.jpg"},"modern-property-child-slider":{"file":"06de348e-680x510.jpg","width":680,"height":510,"mime-type":"image\/jpeg","filesize":189719,"url":"https:\/\/www.costadelsol-mallorca.com\/wp-content\/uploads\/2025\/05\/06de348e-680x510.jpg"},"property-thumb-image":{"file":"06de348e-488x326.jpg","width":488,"height":326,"mime-type":"image\/jpeg","filesize":94502,"url":"https:\/\/www.costadelsol-mallorca.com\/wp-content\/uploads\/2025\/05\/06de348e-488x326.jpg"},"property-detail-video-image":{"file":"06de348e-818x417.jpg","width":818,"height":417,"mime-type":"image\/jpeg","filesize":195292,"url":"https:\/\/www.costadelsol-mallorca.com\/wp-content\/uploads\/2025\/05\/06de348e-818x417.jpg"},"agent-image":{"file":"06de348e-210x210.jpg","width":210,"height":210,"mime-type":"image\/jpeg","filesize":30810,"url":"https:\/\/www.costadelsol-mallorca.com\/wp-content\/uploads\/2025\/05\/06de348e-210x210.jpg"},"partners-logo":{"file":"06de348e-600x800.jpg","width":600,"height":800,"mime-type":"image\/jpeg","filesize":247082,"url":"https:\/\/www.costadelsol-mallorca.com\/wp-content\/uploads\/2025\/05\/06de348e-600x800.jpg"},"post-featured-image":{"file":"06de348e-1200x720.jpg","width":1200,"height":720,"mime-type":"image\/jpeg","filesize":309455,"url":"https:\/\/www.costadelsol-mallorca.com\/wp-content\/uploads\/2025\/05\/06de348e-1200x720.jpg"}},"image_meta":{"aperture":"0","credit":"","camera":"","caption":"","created_timestamp":"0","copyright":"","focal_length":"0","iso":"0","shutter_speed":"0","title":"","orientation":"0","keywords":[]},"ID":"223400","name":"06de348e.jpg","path":"\/home\/ro\/web\/costadelsol-mallorca.com\/public_html\/wp-content\/uploads\/2025\/05\/06de348e.jpg","url":"https:\/\/www.costadelsol-mallorca.com\/wp-content\/uploads\/2025\/05\/06de348e-150x150.jpg","full_url":"https:\/\/www.costadelsol-mallorca.com\/wp-content\/uploads\/2025\/05\/06de348e.jpg","title":"06de348e","caption":"","description":"","alt":"","srcset":"https:\/\/www.costadelsol-mallorca.com\/wp-content\/uploads\/2025\/05\/06de348e-150x150.jpg 150w, https:\/\/www.costadelsol-mallorca.com\/wp-content\/uploads\/2025\/05\/06de348e-120x120.jpg 120w, https:\/\/www.costadelsol-mallorca.com\/wp-content\/uploads\/2025\/05\/06de348e-210x210.jpg 210w"},{"width":150,"height":150,"file":"2025\/05\/fd0eabeb.jpg","filesize":186517,"sizes":{"thumbnail":{"file":"fd0eabeb-150x150.jpg","width":150,"height":150,"mime-type":"image\/jpeg","filesize":15944,"url":"https:\/\/www.costadelsol-mallorca.com\/wp-content\/uploads\/2025\/05\/fd0eabeb-150x150.jpg"},"tf-client-image-size":{"file":"fd0eabeb-120x120.jpg","width":120,"height":120,"mime-type":"image\/jpeg","filesize":10953,"url":"https:\/\/www.costadelsol-mallorca.com\/wp-content\/uploads\/2025\/05\/fd0eabeb-120x120.jpg"},"post-thumbnail":{"file":"fd0eabeb-150x100.jpg","width":150,"height":100,"mime-type":"image\/jpeg","filesize":12659,"url":"https:\/\/www.costadelsol-mallorca.com\/wp-content\/uploads\/2025\/05\/fd0eabeb-150x100.jpg"},"modern-property-child-slider":{"file":"fd0eabeb-680x510.jpg","width":680,"height":510,"mime-type":"image\/jpeg","filesize":164138,"url":"https:\/\/www.costadelsol-mallorca.com\/wp-content\/uploads\/2025\/05\/fd0eabeb-680x510.jpg"},"property-thumb-image":{"file":"fd0eabeb-488x326.jpg","width":488,"height":326,"mime-type":"image\/jpeg","filesize":87182,"url":"https:\/\/www.costadelsol-mallorca.com\/wp-content\/uploads\/2025\/05\/fd0eabeb-488x326.jpg"},"property-detail-video-image":{"file":"fd0eabeb-818x417.jpg","width":818,"height":417,"mime-type":"image\/jpeg","filesize":179473,"url":"https:\/\/www.costadelsol-mallorca.com\/wp-content\/uploads\/2025\/05\/fd0eabeb-818x417.jpg"},"agent-image":{"file":"fd0eabeb-210x210.jpg","width":210,"height":210,"mime-type":"image\/jpeg","filesize":27997,"url":"https:\/\/www.costadelsol-mallorca.com\/wp-content\/uploads\/2025\/05\/fd0eabeb-210x210.jpg"},"partners-logo":{"file":"fd0eabeb-600x800.jpg","width":600,"height":800,"mime-type":"image\/jpeg","filesize":203519,"url":"https:\/\/www.costadelsol-mallorca.com\/wp-content\/uploads\/2025\/05\/fd0eabeb-600x800.jpg"},"post-featured-image":{"file":"fd0eabeb-1200x720.jpg","width":1200,"height":720,"mime-type":"image\/jpeg","filesize":268494,"url":"https:\/\/www.costadelsol-mallorca.com\/wp-content\/uploads\/2025\/05\/fd0eabeb-1200x720.jpg"}},"image_meta":{"aperture":"0","credit":"","camera":"","caption":"","created_timestamp":"0","copyright":"","focal_length":"0","iso":"0","shutter_speed":"0","title":"","orientation":"0","keywords":[]},"ID":"223404","name":"fd0eabeb.jpg","path":"\/home\/ro\/web\/costadelsol-mallorca.com\/public_html\/wp-content\/uploads\/2025\/05\/fd0eabeb.jpg","url":"https:\/\/www.costadelsol-mallorca.com\/wp-content\/uploads\/2025\/05\/fd0eabeb-150x150.jpg","full_url":"https:\/\/www.costadelsol-mallorca.com\/wp-content\/uploads\/2025\/05\/fd0eabeb.jpg","title":"fd0eabeb","caption":"","description":"","alt":"","srcset":"https:\/\/www.costadelsol-mallorca.com\/wp-content\/uploads\/2025\/05\/fd0eabeb-150x150.jpg 150w, https:\/\/www.costadelsol-mallorca.com\/wp-content\/uploads\/2025\/05\/fd0eabeb-120x120.jpg 120w, https:\/\/www.costadelsol-mallorca.com\/wp-content\/uploads\/2025\/05\/fd0eabeb-210x210.jpg 210w"},{"width":150,"height":150,"file":"2025\/05\/30071c00.jpg","filesize":174251,"sizes":{"thumbnail":{"file":"30071c00-150x150.jpg","width":150,"height":150,"mime-type":"image\/jpeg","filesize":18787,"url":"https:\/\/www.costadelsol-mallorca.com\/wp-content\/uploads\/2025\/05\/30071c00-150x150.jpg"},"tf-client-image-size":{"file":"30071c00-120x120.jpg","width":120,"height":120,"mime-type":"image\/jpeg","filesize":12904,"url":"https:\/\/www.costadelsol-mallorca.com\/wp-content\/uploads\/2025\/05\/30071c00-120x120.jpg"},"post-thumbnail":{"file":"30071c00-150x100.jpg","width":150,"height":100,"mime-type":"image\/jpeg","filesize":13071,"url":"https:\/\/www.costadelsol-mallorca.com\/wp-content\/uploads\/2025\/05\/30071c00-150x100.jpg"},"modern-property-child-slider":{"file":"30071c00-680x510.jpg","width":680,"height":510,"mime-type":"image\/jpeg","filesize":163821,"url":"https:\/\/www.costadelsol-mallorca.com\/wp-content\/uploads\/2025\/05\/30071c00-680x510.jpg"},"property-thumb-image":{"file":"30071c00-488x326.jpg","width":488,"height":326,"mime-type":"image\/jpeg","filesize":83923,"url":"https:\/\/www.costadelsol-mallorca.com\/wp-content\/uploads\/2025\/05\/30071c00-488x326.jpg"},"property-detail-video-image":{"file":"30071c00-818x417.jpg","width":818,"height":417,"mime-type":"image\/jpeg","filesize":168722,"url":"https:\/\/www.costadelsol-mallorca.com\/wp-content\/uploads\/2025\/05\/30071c00-818x417.jpg"},"agent-image":{"file":"30071c00-210x210.jpg","width":210,"height":210,"mime-type":"image\/jpeg","filesize":31551,"url":"https:\/\/www.costadelsol-mallorca.com\/wp-content\/uploads\/2025\/05\/30071c00-210x210.jpg"},"partners-logo":{"file":"30071c00-600x800.jpg","width":600,"height":800,"mime-type":"image\/jpeg","filesize":225745,"url":"https:\/\/www.costadelsol-mallorca.com\/wp-content\/uploads\/2025\/05\/30071c00-600x800.jpg"},"post-featured-image":{"file":"30071c00-1200x720.jpg","width":1200,"height":720,"mime-type":"image\/jpeg","filesize":252856,"url":"https:\/\/www.costadelsol-mallorca.com\/wp-content\/uploads\/2025\/05\/30071c00-1200x720.jpg"}},"image_meta":{"aperture":"0","credit":"","camera":"","caption":"","created_timestamp":"0","copyright":"","focal_length":"0","iso":"0","shutter_speed":"0","title":"","orientation":"0","keywords":[]},"ID":"223408","name":"30071c00.jpg","path":"\/home\/ro\/web\/costadelsol-mallorca.com\/public_html\/wp-content\/uploads\/2025\/05\/30071c00.jpg","url":"https:\/\/www.costadelsol-mallorca.com\/wp-content\/uploads\/2025\/05\/30071c00-150x150.jpg","full_url":"https:\/\/www.costadelsol-mallorca.com\/wp-content\/uploads\/2025\/05\/30071c00.jpg","title":"30071c00","caption":"","description":"","alt":"","srcset":"https:\/\/www.costadelsol-mallorca.com\/wp-content\/uploads\/2025\/05\/30071c00-150x150.jpg 150w, https:\/\/www.costadelsol-mallorca.com\/wp-content\/uploads\/2025\/05\/30071c00-120x120.jpg 120w, https:\/\/www.costadelsol-mallorca.com\/wp-content\/uploads\/2025\/05\/30071c00-210x210.jpg 210w"},{"width":150,"height":150,"file":"2025\/05\/645280bc.jpg","filesize":248028,"sizes":{"thumbnail":{"file":"645280bc-150x150.jpg","width":150,"height":150,"mime-type":"image\/jpeg","filesize":22103,"url":"https:\/\/www.costadelsol-mallorca.com\/wp-content\/uploads\/2025\/05\/645280bc-150x150.jpg"},"tf-client-image-size":{"file":"645280bc-120x120.jpg","width":120,"height":120,"mime-type":"image\/jpeg","filesize":15153,"url":"https:\/\/www.costadelsol-mallorca.com\/wp-content\/uploads\/2025\/05\/645280bc-120x120.jpg"},"post-thumbnail":{"file":"645280bc-150x100.jpg","width":150,"height":100,"mime-type":"image\/jpeg","filesize":15281,"url":"https:\/\/www.costadelsol-mallorca.com\/wp-content\/uploads\/2025\/05\/645280bc-150x100.jpg"},"modern-property-child-slider":{"file":"645280bc-680x510.jpg","width":680,"height":510,"mime-type":"image\/jpeg","filesize":219963,"url":"https:\/\/www.costadelsol-mallorca.com\/wp-content\/uploads\/2025\/05\/645280bc-680x510.jpg"},"property-thumb-image":{"file":"645280bc-488x326.jpg","width":488,"height":326,"mime-type":"image\/jpeg","filesize":109138,"url":"https:\/\/www.costadelsol-mallorca.com\/wp-content\/uploads\/2025\/05\/645280bc-488x326.jpg"},"property-detail-video-image":{"file":"645280bc-818x417.jpg","width":818,"height":417,"mime-type":"image\/jpeg","filesize":221279,"url":"https:\/\/www.costadelsol-mallorca.com\/wp-content\/uploads\/2025\/05\/645280bc-818x417.jpg"},"agent-image":{"file":"645280bc-210x210.jpg","width":210,"height":210,"mime-type":"image\/jpeg","filesize":39668,"url":"https:\/\/www.costadelsol-mallorca.com\/wp-content\/uploads\/2025\/05\/645280bc-210x210.jpg"},"partners-logo":{"file":"645280bc-600x800.jpg","width":600,"height":800,"mime-type":"image\/jpeg","filesize":317032,"url":"https:\/\/www.costadelsol-mallorca.com\/wp-content\/uploads\/2025\/05\/645280bc-600x800.jpg"},"post-featured-image":{"file":"645280bc-1200x720.jpg","width":1200,"height":720,"mime-type":"image\/jpeg","filesize":348610,"url":"https:\/\/www.costadelsol-mallorca.com\/wp-content\/uploads\/2025\/05\/645280bc-1200x720.jpg"}},"image_meta":{"aperture":"0","credit":"","camera":"","caption":"","created_timestamp":"0","copyright":"","focal_length":"0","iso":"0","shutter_speed":"0","title":"","orientation":"0","keywords":[]},"ID":"223412","name":"645280bc.jpg","path":"\/home\/ro\/web\/costadelsol-mallorca.com\/public_html\/wp-content\/uploads\/2025\/05\/645280bc.jpg","url":"https:\/\/www.costadelsol-mallorca.com\/wp-content\/uploads\/2025\/05\/645280bc-150x150.jpg","full_url":"https:\/\/www.costadelsol-mallorca.com\/wp-content\/uploads\/2025\/05\/645280bc.jpg","title":"645280bc","caption":"","description":"","alt":"","srcset":"https:\/\/www.costadelsol-mallorca.com\/wp-content\/uploads\/2025\/05\/645280bc-150x150.jpg 150w, https:\/\/www.costadelsol-mallorca.com\/wp-content\/uploads\/2025\/05\/645280bc-120x120.jpg 120w, https:\/\/www.costadelsol-mallorca.com\/wp-content\/uploads\/2025\/05\/645280bc-210x210.jpg 210w"},{"width":150,"height":150,"file":"2025\/05\/142ae5f8.jpg","filesize":286012,"sizes":{"thumbnail":{"file":"142ae5f8-150x150.jpg","width":150,"height":150,"mime-type":"image\/jpeg","filesize":20547,"url":"https:\/\/www.costadelsol-mallorca.com\/wp-content\/uploads\/2025\/05\/142ae5f8-150x150.jpg"},"tf-client-image-size":{"file":"142ae5f8-120x120.jpg","width":120,"height":120,"mime-type":"image\/jpeg","filesize":13661,"url":"https:\/\/www.costadelsol-mallorca.com\/wp-content\/uploads\/2025\/05\/142ae5f8-120x120.jpg"},"post-thumbnail":{"file":"142ae5f8-150x100.jpg","width":150,"height":100,"mime-type":"image\/jpeg","filesize":14601,"url":"https:\/\/www.costadelsol-mallorca.com\/wp-content\/uploads\/2025\/05\/142ae5f8-150x100.jpg"},"modern-property-child-slider":{"file":"142ae5f8-680x510.jpg","width":680,"height":510,"mime-type":"image\/jpeg","filesize":225288,"url":"https:\/\/www.costadelsol-mallorca.com\/wp-content\/uploads\/2025\/05\/142ae5f8-680x510.jpg"},"property-thumb-image":{"file":"142ae5f8-488x326.jpg","width":488,"height":326,"mime-type":"image\/jpeg","filesize":112230,"url":"https:\/\/www.costadelsol-mallorca.com\/wp-content\/uploads\/2025\/05\/142ae5f8-488x326.jpg"},"property-detail-video-image":{"file":"142ae5f8-818x417.jpg","width":818,"height":417,"mime-type":"image\/jpeg","filesize":222431,"url":"https:\/\/www.costadelsol-mallorca.com\/wp-content\/uploads\/2025\/05\/142ae5f8-818x417.jpg"},"agent-image":{"file":"142ae5f8-210x210.jpg","width":210,"height":210,"mime-type":"image\/jpeg","filesize":37406,"url":"https:\/\/www.costadelsol-mallorca.com\/wp-content\/uploads\/2025\/05\/142ae5f8-210x210.jpg"},"partners-logo":{"file":"142ae5f8-600x800.jpg","width":600,"height":800,"mime-type":"image\/jpeg","filesize":308293,"url":"https:\/\/www.costadelsol-mallorca.com\/wp-content\/uploads\/2025\/05\/142ae5f8-600x800.jpg"},"post-featured-image":{"file":"142ae5f8-1200x720.jpg","width":1200,"height":720,"mime-type":"image\/jpeg","filesize":374285,"url":"https:\/\/www.costadelsol-mallorca.com\/wp-content\/uploads\/2025\/05\/142ae5f8-1200x720.jpg"}},"image_meta":{"aperture":"0","credit":"","camera":"","caption":"","created_timestamp":"0","copyright":"","focal_length":"0","iso":"0","shutter_speed":"0","title":"","orientation":"0","keywords":[]},"ID":"223416","name":"142ae5f8.jpg","path":"\/home\/ro\/web\/costadelsol-mallorca.com\/public_html\/wp-content\/uploads\/2025\/05\/142ae5f8.jpg","url":"https:\/\/www.costadelsol-mallorca.com\/wp-content\/uploads\/2025\/05\/142ae5f8-150x150.jpg","full_url":"https:\/\/www.costadelsol-mallorca.com\/wp-content\/uploads\/2025\/05\/142ae5f8.jpg","title":"142ae5f8","caption":"","description":"","alt":"","srcset":"https:\/\/www.costadelsol-mallorca.com\/wp-content\/uploads\/2025\/05\/142ae5f8-150x150.jpg 150w, https:\/\/www.costadelsol-mallorca.com\/wp-content\/uploads\/2025\/05\/142ae5f8-120x120.jpg 120w, https:\/\/www.costadelsol-mallorca.com\/wp-content\/uploads\/2025\/05\/142ae5f8-210x210.jpg 210w"},{"width":150,"height":150,"file":"2025\/05\/26872ee5.jpg","filesize":250794,"sizes":{"thumbnail":{"file":"26872ee5-150x150.jpg","width":150,"height":150,"mime-type":"image\/jpeg","filesize":17986,"url":"https:\/\/www.costadelsol-mallorca.com\/wp-content\/uploads\/2025\/05\/26872ee5-150x150.jpg"},"tf-client-image-size":{"file":"26872ee5-120x120.jpg","width":120,"height":120,"mime-type":"image\/jpeg","filesize":12205,"url":"https:\/\/www.costadelsol-mallorca.com\/wp-content\/uploads\/2025\/05\/26872ee5-120x120.jpg"},"post-thumbnail":{"file":"26872ee5-150x100.jpg","width":150,"height":100,"mime-type":"image\/jpeg","filesize":13597,"url":"https:\/\/www.costadelsol-mallorca.com\/wp-content\/uploads\/2025\/05\/26872ee5-150x100.jpg"},"modern-property-child-slider":{"file":"26872ee5-680x510.jpg","width":680,"height":510,"mime-type":"image\/jpeg","filesize":197835,"url":"https:\/\/www.costadelsol-mallorca.com\/wp-content\/uploads\/2025\/05\/26872ee5-680x510.jpg"},"property-thumb-image":{"file":"26872ee5-488x326.jpg","width":488,"height":326,"mime-type":"image\/jpeg","filesize":100642,"url":"https:\/\/www.costadelsol-mallorca.com\/wp-content\/uploads\/2025\/05\/26872ee5-488x326.jpg"},"property-detail-video-image":{"file":"26872ee5-818x417.jpg","width":818,"height":417,"mime-type":"image\/jpeg","filesize":212645,"url":"https:\/\/www.costadelsol-mallorca.com\/wp-content\/uploads\/2025\/05\/26872ee5-818x417.jpg"},"agent-image":{"file":"26872ee5-210x210.jpg","width":210,"height":210,"mime-type":"image\/jpeg","filesize":32735,"url":"https:\/\/www.costadelsol-mallorca.com\/wp-content\/uploads\/2025\/05\/26872ee5-210x210.jpg"},"partners-logo":{"file":"26872ee5-600x800.jpg","width":600,"height":800,"mime-type":"image\/jpeg","filesize":276324,"url":"https:\/\/www.costadelsol-mallorca.com\/wp-content\/uploads\/2025\/05\/26872ee5-600x800.jpg"},"post-featured-image":{"file":"26872ee5-1200x720.jpg","width":1200,"height":720,"mime-type":"image\/jpeg","filesize":346044,"url":"https:\/\/www.costadelsol-mallorca.com\/wp-content\/uploads\/2025\/05\/26872ee5-1200x720.jpg"}},"image_meta":{"aperture":"0","credit":"","camera":"","caption":"","created_timestamp":"0","copyright":"","focal_length":"0","iso":"0","shutter_speed":"0","title":"","orientation":"0","keywords":[]},"ID":"223420","name":"26872ee5.jpg","path":"\/home\/ro\/web\/costadelsol-mallorca.com\/public_html\/wp-content\/uploads\/2025\/05\/26872ee5.jpg","url":"https:\/\/www.costadelsol-mallorca.com\/wp-content\/uploads\/2025\/05\/26872ee5-150x150.jpg","full_url":"https:\/\/www.costadelsol-mallorca.com\/wp-content\/uploads\/2025\/05\/26872ee5.jpg","title":"26872ee5","caption":"","description":"","alt":"","srcset":"https:\/\/www.costadelsol-mallorca.com\/wp-content\/uploads\/2025\/05\/26872ee5-150x150.jpg 150w, https:\/\/www.costadelsol-mallorca.com\/wp-content\/uploads\/2025\/05\/26872ee5-120x120.jpg 120w, https:\/\/www.costadelsol-mallorca.com\/wp-content\/uploads\/2025\/05\/26872ee5-210x210.jpg 210w"},{"width":150,"height":150,"file":"2025\/05\/069dc9a9.jpg","filesize":200541,"sizes":{"thumbnail":{"file":"069dc9a9-150x150.jpg","width":150,"height":150,"mime-type":"image\/jpeg","filesize":16143,"url":"https:\/\/www.costadelsol-mallorca.com\/wp-content\/uploads\/2025\/05\/069dc9a9-150x150.jpg"},"tf-client-image-size":{"file":"069dc9a9-120x120.jpg","width":120,"height":120,"mime-type":"image\/jpeg","filesize":11016,"url":"https:\/\/www.costadelsol-mallorca.com\/wp-content\/uploads\/2025\/05\/069dc9a9-120x120.jpg"},"post-thumbnail":{"file":"069dc9a9-150x100.jpg","width":150,"height":100,"mime-type":"image\/jpeg","filesize":12359,"url":"https:\/\/www.costadelsol-mallorca.com\/wp-content\/uploads\/2025\/05\/069dc9a9-150x100.jpg"},"modern-property-child-slider":{"file":"069dc9a9-680x510.jpg","width":680,"height":510,"mime-type":"image\/jpeg","filesize":170101,"url":"https:\/\/www.costadelsol-mallorca.com\/wp-content\/uploads\/2025\/05\/069dc9a9-680x510.jpg"},"property-thumb-image":{"file":"069dc9a9-488x326.jpg","width":488,"height":326,"mime-type":"image\/jpeg","filesize":86563,"url":"https:\/\/www.costadelsol-mallorca.com\/wp-content\/uploads\/2025\/05\/069dc9a9-488x326.jpg"},"property-detail-video-image":{"file":"069dc9a9-818x417.jpg","width":818,"height":417,"mime-type":"image\/jpeg","filesize":173812,"url":"https:\/\/www.costadelsol-mallorca.com\/wp-content\/uploads\/2025\/05\/069dc9a9-818x417.jpg"},"agent-image":{"file":"069dc9a9-210x210.jpg","width":210,"height":210,"mime-type":"image\/jpeg","filesize":28859,"url":"https:\/\/www.costadelsol-mallorca.com\/wp-content\/uploads\/2025\/05\/069dc9a9-210x210.jpg"},"partners-logo":{"file":"069dc9a9-600x800.jpg","width":600,"height":800,"mime-type":"image\/jpeg","filesize":228220,"url":"https:\/\/www.costadelsol-mallorca.com\/wp-content\/uploads\/2025\/05\/069dc9a9-600x800.jpg"},"post-featured-image":{"file":"069dc9a9-1200x720.jpg","width":1200,"height":720,"mime-type":"image\/jpeg","filesize":276477,"url":"https:\/\/www.costadelsol-mallorca.com\/wp-content\/uploads\/2025\/05\/069dc9a9-1200x720.jpg"}},"image_meta":{"aperture":"0","credit":"","camera":"","caption":"","created_timestamp":"0","copyright":"","focal_length":"0","iso":"0","shutter_speed":"0","title":"","orientation":"0","keywords":[]},"ID":"223424","name":"069dc9a9.jpg","path":"\/home\/ro\/web\/costadelsol-mallorca.com\/public_html\/wp-content\/uploads\/2025\/05\/069dc9a9.jpg","url":"https:\/\/www.costadelsol-mallorca.com\/wp-content\/uploads\/2025\/05\/069dc9a9-150x150.jpg","full_url":"https:\/\/www.costadelsol-mallorca.com\/wp-content\/uploads\/2025\/05\/069dc9a9.jpg","title":"069dc9a9","caption":"","description":"","alt":"","srcset":"https:\/\/www.costadelsol-mallorca.com\/wp-content\/uploads\/2025\/05\/069dc9a9-150x150.jpg 150w, https:\/\/www.costadelsol-mallorca.com\/wp-content\/uploads\/2025\/05\/069dc9a9-120x120.jpg 120w, https:\/\/www.costadelsol-mallorca.com\/wp-content\/uploads\/2025\/05\/069dc9a9-210x210.jpg 210w"},{"width":150,"height":150,"file":"2025\/05\/2ac2fe21.jpg","filesize":170747,"sizes":{"thumbnail":{"file":"2ac2fe21-150x150.jpg","width":150,"height":150,"mime-type":"image\/jpeg","filesize":16054,"url":"https:\/\/www.costadelsol-mallorca.com\/wp-content\/uploads\/2025\/05\/2ac2fe21-150x150.jpg"},"tf-client-image-size":{"file":"2ac2fe21-120x120.jpg","width":120,"height":120,"mime-type":"image\/jpeg","filesize":10827,"url":"https:\/\/www.costadelsol-mallorca.com\/wp-content\/uploads\/2025\/05\/2ac2fe21-120x120.jpg"},"post-thumbnail":{"file":"2ac2fe21-150x100.jpg","width":150,"height":100,"mime-type":"image\/jpeg","filesize":11611,"url":"https:\/\/www.costadelsol-mallorca.com\/wp-content\/uploads\/2025\/05\/2ac2fe21-150x100.jpg"},"modern-property-child-slider":{"file":"2ac2fe21-680x510.jpg","width":680,"height":510,"mime-type":"image\/jpeg","filesize":157879,"url":"https:\/\/www.costadelsol-mallorca.com\/wp-content\/uploads\/2025\/05\/2ac2fe21-680x510.jpg"},"property-thumb-image":{"file":"2ac2fe21-488x326.jpg","width":488,"height":326,"mime-type":"image\/jpeg","filesize":79662,"url":"https:\/\/www.costadelsol-mallorca.com\/wp-content\/uploads\/2025\/05\/2ac2fe21-488x326.jpg"},"property-detail-video-image":{"file":"2ac2fe21-818x417.jpg","width":818,"height":417,"mime-type":"image\/jpeg","filesize":156503,"url":"https:\/\/www.costadelsol-mallorca.com\/wp-content\/uploads\/2025\/05\/2ac2fe21-818x417.jpg"},"agent-image":{"file":"2ac2fe21-210x210.jpg","width":210,"height":210,"mime-type":"image\/jpeg","filesize":28215,"url":"https:\/\/www.costadelsol-mallorca.com\/wp-content\/uploads\/2025\/05\/2ac2fe21-210x210.jpg"},"partners-logo":{"file":"2ac2fe21-600x800.jpg","width":600,"height":800,"mime-type":"image\/jpeg","filesize":210784,"url":"https:\/\/www.costadelsol-mallorca.com\/wp-content\/uploads\/2025\/05\/2ac2fe21-600x800.jpg"},"post-featured-image":{"file":"2ac2fe21-1200x720.jpg","width":1200,"height":720,"mime-type":"image\/jpeg","filesize":241139,"url":"https:\/\/www.costadelsol-mallorca.com\/wp-content\/uploads\/2025\/05\/2ac2fe21-1200x720.jpg"}},"image_meta":{"aperture":"0","credit":"","camera":"","caption":"","created_timestamp":"0","copyright":"","focal_length":"0","iso":"0","shutter_speed":"0","title":"","orientation":"0","keywords":[]},"ID":"223428","name":"2ac2fe21.jpg","path":"\/home\/ro\/web\/costadelsol-mallorca.com\/public_html\/wp-content\/uploads\/2025\/05\/2ac2fe21.jpg","url":"https:\/\/www.costadelsol-mallorca.com\/wp-content\/uploads\/2025\/05\/2ac2fe21-150x150.jpg","full_url":"https:\/\/www.costadelsol-mallorca.com\/wp-content\/uploads\/2025\/05\/2ac2fe21.jpg","title":"2ac2fe21","caption":"","description":"","alt":"","srcset":"https:\/\/www.costadelsol-mallorca.com\/wp-content\/uploads\/2025\/05\/2ac2fe21-150x150.jpg 150w, https:\/\/www.costadelsol-mallorca.com\/wp-content\/uploads\/2025\/05\/2ac2fe21-120x120.jpg 120w, https:\/\/www.costadelsol-mallorca.com\/wp-content\/uploads\/2025\/05\/2ac2fe21-210x210.jpg 210w"},{"width":150,"height":150,"file":"2025\/05\/d64591c8.jpg","filesize":310981,"sizes":{"thumbnail":{"file":"d64591c8-150x150.jpg","width":150,"height":150,"mime-type":"image\/jpeg","filesize":23480,"url":"https:\/\/www.costadelsol-mallorca.com\/wp-content\/uploads\/2025\/05\/d64591c8-150x150.jpg"},"tf-client-image-size":{"file":"d64591c8-120x120.jpg","width":120,"height":120,"mime-type":"image\/jpeg","filesize":15943,"url":"https:\/\/www.costadelsol-mallorca.com\/wp-content\/uploads\/2025\/05\/d64591c8-120x120.jpg"},"post-thumbnail":{"file":"d64591c8-150x100.jpg","width":150,"height":100,"mime-type":"image\/jpeg","filesize":16438,"url":"https:\/\/www.costadelsol-mallorca.com\/wp-content\/uploads\/2025\/05\/d64591c8-150x100.jpg"},"modern-property-child-slider":{"file":"d64591c8-680x510.jpg","width":680,"height":510,"mime-type":"image\/jpeg","filesize":253420,"url":"https:\/\/www.costadelsol-mallorca.com\/wp-content\/uploads\/2025\/05\/d64591c8-680x510.jpg"},"property-thumb-image":{"file":"d64591c8-488x326.jpg","width":488,"height":326,"mime-type":"image\/jpeg","filesize":125661,"url":"https:\/\/www.costadelsol-mallorca.com\/wp-content\/uploads\/2025\/05\/d64591c8-488x326.jpg"},"property-detail-video-image":{"file":"d64591c8-818x417.jpg","width":818,"height":417,"mime-type":"image\/jpeg","filesize":249940,"url":"https:\/\/www.costadelsol-mallorca.com\/wp-content\/uploads\/2025\/05\/d64591c8-818x417.jpg"},"agent-image":{"file":"d64591c8-210x210.jpg","width":210,"height":210,"mime-type":"image\/jpeg","filesize":42626,"url":"https:\/\/www.costadelsol-mallorca.com\/wp-content\/uploads\/2025\/05\/d64591c8-210x210.jpg"},"partners-logo":{"file":"d64591c8-600x800.jpg","width":600,"height":800,"mime-type":"image\/jpeg","filesize":358951,"url":"https:\/\/www.costadelsol-mallorca.com\/wp-content\/uploads\/2025\/05\/d64591c8-600x800.jpg"},"post-featured-image":{"file":"d64591c8-1200x720.jpg","width":1200,"height":720,"mime-type":"image\/jpeg","filesize":409906,"url":"https:\/\/www.costadelsol-mallorca.com\/wp-content\/uploads\/2025\/05\/d64591c8-1200x720.jpg"}},"image_meta":{"aperture":"0","credit":"","camera":"","caption":"","created_timestamp":"0","copyright":"","focal_length":"0","iso":"0","shutter_speed":"0","title":"","orientation":"0","keywords":[]},"ID":"223432","name":"d64591c8.jpg","path":"\/home\/ro\/web\/costadelsol-mallorca.com\/public_html\/wp-content\/uploads\/2025\/05\/d64591c8.jpg","url":"https:\/\/www.costadelsol-mallorca.com\/wp-content\/uploads\/2025\/05\/d64591c8-150x150.jpg","full_url":"https:\/\/www.costadelsol-mallorca.com\/wp-content\/uploads\/2025\/05\/d64591c8.jpg","title":"d64591c8","caption":"","description":"","alt":"","srcset":"https:\/\/www.costadelsol-mallorca.com\/wp-content\/uploads\/2025\/05\/d64591c8-150x150.jpg 150w, https:\/\/www.costadelsol-mallorca.com\/wp-content\/uploads\/2025\/05\/d64591c8-120x120.jpg 120w, https:\/\/www.costadelsol-mallorca.com\/wp-content\/uploads\/2025\/05\/d64591c8-210x210.jpg 210w"},{"width":150,"height":150,"file":"2025\/05\/3a8f0a2a.jpg","filesize":174536,"sizes":{"thumbnail":{"file":"3a8f0a2a-150x150.jpg","width":150,"height":150,"mime-type":"image\/jpeg","filesize":14344,"url":"https:\/\/www.costadelsol-mallorca.com\/wp-content\/uploads\/2025\/05\/3a8f0a2a-150x150.jpg"},"tf-client-image-size":{"file":"3a8f0a2a-120x120.jpg","width":120,"height":120,"mime-type":"image\/jpeg","filesize":9733,"url":"https:\/\/www.costadelsol-mallorca.com\/wp-content\/uploads\/2025\/05\/3a8f0a2a-120x120.jpg"},"post-thumbnail":{"file":"3a8f0a2a-150x100.jpg","width":150,"height":100,"mime-type":"image\/jpeg","filesize":11204,"url":"https:\/\/www.costadelsol-mallorca.com\/wp-content\/uploads\/2025\/05\/3a8f0a2a-150x100.jpg"},"modern-property-child-slider":{"file":"3a8f0a2a-680x510.jpg","width":680,"height":510,"mime-type":"image\/jpeg","filesize":152913,"url":"https:\/\/www.costadelsol-mallorca.com\/wp-content\/uploads\/2025\/05\/3a8f0a2a-680x510.jpg"},"property-thumb-image":{"file":"3a8f0a2a-488x326.jpg","width":488,"height":326,"mime-type":"image\/jpeg","filesize":75197,"url":"https:\/\/www.costadelsol-mallorca.com\/wp-content\/uploads\/2025\/05\/3a8f0a2a-488x326.jpg"},"property-detail-video-image":{"file":"3a8f0a2a-818x417.jpg","width":818,"height":417,"mime-type":"image\/jpeg","filesize":150701,"url":"https:\/\/www.costadelsol-mallorca.com\/wp-content\/uploads\/2025\/05\/3a8f0a2a-818x417.jpg"},"agent-image":{"file":"3a8f0a2a-210x210.jpg","width":210,"height":210,"mime-type":"image\/jpeg","filesize":25347,"url":"https:\/\/www.costadelsol-mallorca.com\/wp-content\/uploads\/2025\/05\/3a8f0a2a-210x210.jpg"},"partners-logo":{"file":"3a8f0a2a-600x800.jpg","width":600,"height":800,"mime-type":"image\/jpeg","filesize":194938,"url":"https:\/\/www.costadelsol-mallorca.com\/wp-content\/uploads\/2025\/05\/3a8f0a2a-600x800.jpg"},"post-featured-image":{"file":"3a8f0a2a-1200x720.jpg","width":1200,"height":720,"mime-type":"image\/jpeg","filesize":247205,"url":"https:\/\/www.costadelsol-mallorca.com\/wp-content\/uploads\/2025\/05\/3a8f0a2a-1200x720.jpg"}},"image_meta":{"aperture":"0","credit":"","camera":"","caption":"","created_timestamp":"0","copyright":"","focal_length":"0","iso":"0","shutter_speed":"0","title":"","orientation":"0","keywords":[]},"ID":"223436","name":"3a8f0a2a.jpg","path":"\/home\/ro\/web\/costadelsol-mallorca.com\/public_html\/wp-content\/uploads\/2025\/05\/3a8f0a2a.jpg","url":"https:\/\/www.costadelsol-mallorca.com\/wp-content\/uploads\/2025\/05\/3a8f0a2a-150x150.jpg","full_url":"https:\/\/www.costadelsol-mallorca.com\/wp-content\/uploads\/2025\/05\/3a8f0a2a.jpg","title":"3a8f0a2a","caption":"","description":"","alt":"","srcset":"https:\/\/www.costadelsol-mallorca.com\/wp-content\/uploads\/2025\/05\/3a8f0a2a-150x150.jpg 150w, https:\/\/www.costadelsol-mallorca.com\/wp-content\/uploads\/2025\/05\/3a8f0a2a-120x120.jpg 120w, https:\/\/www.costadelsol-mallorca.com\/wp-content\/uploads\/2025\/05\/3a8f0a2a-210x210.jpg 210w"},{"width":150,"height":150,"file":"2025\/05\/465d5a5c.jpg","filesize":162878,"sizes":{"thumbnail":{"file":"465d5a5c-150x150.jpg","width":150,"height":150,"mime-type":"image\/jpeg","filesize":13944,"url":"https:\/\/www.costadelsol-mallorca.com\/wp-content\/uploads\/2025\/05\/465d5a5c-150x150.jpg"},"tf-client-image-size":{"file":"465d5a5c-120x120.jpg","width":120,"height":120,"mime-type":"image\/jpeg","filesize":9705,"url":"https:\/\/www.costadelsol-mallorca.com\/wp-content\/uploads\/2025\/05\/465d5a5c-120x120.jpg"},"post-thumbnail":{"file":"465d5a5c-150x100.jpg","width":150,"height":100,"mime-type":"image\/jpeg","filesize":10324,"url":"https:\/\/www.costadelsol-mallorca.com\/wp-content\/uploads\/2025\/05\/465d5a5c-150x100.jpg"},"modern-property-child-slider":{"file":"465d5a5c-680x510.jpg","width":680,"height":510,"mime-type":"image\/jpeg","filesize":141496,"url":"https:\/\/www.costadelsol-mallorca.com\/wp-content\/uploads\/2025\/05\/465d5a5c-680x510.jpg"},"property-thumb-image":{"file":"465d5a5c-488x326.jpg","width":488,"height":326,"mime-type":"image\/jpeg","filesize":70044,"url":"https:\/\/www.costadelsol-mallorca.com\/wp-content\/uploads\/2025\/05\/465d5a5c-488x326.jpg"},"property-detail-video-image":{"file":"465d5a5c-818x417.jpg","width":818,"height":417,"mime-type":"image\/jpeg","filesize":139722,"url":"https:\/\/www.costadelsol-mallorca.com\/wp-content\/uploads\/2025\/05\/465d5a5c-818x417.jpg"},"agent-image":{"file":"465d5a5c-210x210.jpg","width":210,"height":210,"mime-type":"image\/jpeg","filesize":24533,"url":"https:\/\/www.costadelsol-mallorca.com\/wp-content\/uploads\/2025\/05\/465d5a5c-210x210.jpg"},"partners-logo":{"file":"465d5a5c-600x800.jpg","width":600,"height":800,"mime-type":"image\/jpeg","filesize":192281,"url":"https:\/\/www.costadelsol-mallorca.com\/wp-content\/uploads\/2025\/05\/465d5a5c-600x800.jpg"},"post-featured-image":{"file":"465d5a5c-1200x720.jpg","width":1200,"height":720,"mime-type":"image\/jpeg","filesize":226357,"url":"https:\/\/www.costadelsol-mallorca.com\/wp-content\/uploads\/2025\/05\/465d5a5c-1200x720.jpg"}},"image_meta":{"aperture":"0","credit":"","camera":"","caption":"","created_timestamp":"0","copyright":"","focal_length":"0","iso":"0","shutter_speed":"0","title":"","orientation":"0","keywords":[]},"ID":"223440","name":"465d5a5c.jpg","path":"\/home\/ro\/web\/costadelsol-mallorca.com\/public_html\/wp-content\/uploads\/2025\/05\/465d5a5c.jpg","url":"https:\/\/www.costadelsol-mallorca.com\/wp-content\/uploads\/2025\/05\/465d5a5c-150x150.jpg","full_url":"https:\/\/www.costadelsol-mallorca.com\/wp-content\/uploads\/2025\/05\/465d5a5c.jpg","title":"465d5a5c","caption":"","description":"","alt":"","srcset":"https:\/\/www.costadelsol-mallorca.com\/wp-content\/uploads\/2025\/05\/465d5a5c-150x150.jpg 150w, https:\/\/www.costadelsol-mallorca.com\/wp-content\/uploads\/2025\/05\/465d5a5c-120x120.jpg 120w, https:\/\/www.costadelsol-mallorca.com\/wp-content\/uploads\/2025\/05\/465d5a5c-210x210.jpg 210w"}],"REAL_HOMES_change_gallery_slider_type":"","REAL_HOMES_gallery_slider_type":"thumb-on-right","inspiry_floor_plans":[],"inspiry_video_group":[],"REAL_HOMES_360_virtual_tour":"","REAL_HOMES_tour_video_url":"","REAL_HOMES_tour_video_image":[],"REAL_HOMES_agent_display_option":"agent_info","REAL_HOMES_agents":[],"REAL_HOMES_energy_class":"","REAL_HOMES_energy_performance":"","REAL_HOMES_epc_current_rating":"","REAL_HOMES_epc_potential_rating":"","REAL_HOMES_sticky":"","inspiry_property_label":"","inspiry_property_label_color":"","inspiry_property_tax":"","inspiry_additional_fee":"","REAL_HOMES_attachments":[],"inspiry_property_owner_name":"","inspiry_property_owner_contact":"","inspiry_property_owner_address":"","REAL_HOMES_property_private_note":"","inspiry_message_to_reviewer":"","REAL_HOMES_add_in_slider":"no","REAL_HOMES_slider_image":[],"REAL_HOMES_page_banner_image":[],"REAL_HOMES_hide_property_advance_search":"","REAL_HOMES_hide_advance_search":"","REAL_HOMES_custom_search_form":"","REAL_HOMES_search_form_margin_top":"","REAL_HOMES_search_form_margin_bottom":""},"_links":{"self":[{"href":"https:\/\/www.costadelsol-mallorca.com\/es\/wp-json\/wp\/v2\/property\/229466"}],"collection":[{"href":"https:\/\/www.costadelsol-mallorca.com\/es\/wp-json\/wp\/v2\/property"}],"about":[{"href":"https:\/\/www.costadelsol-mallorca.com\/es\/wp-json\/wp\/v2\/types\/property"}],"replies":[{"embeddable":true,"href":"https:\/\/www.costadelsol-mallorca.com\/es\/wp-json\/wp\/v2\/comments?post=229466"}],"version-history":[{"count":0,"href":"https:\/\/www.costadelsol-mallorca.com\/es\/wp-json\/wp\/v2\/property\/229466\/revisions"}],"wp:featuredmedia":[{"embeddable":true,"href":"https:\/\/www.costadelsol-mallorca.com\/es\/wp-json\/wp\/v2\/media\/223387"}],"wp:attachment":[{"href":"https:\/\/www.costadelsol-mallorca.com\/es\/wp-json\/wp\/v2\/media?parent=229466"}],"wp:term":[{"taxonomy":"property-feature","embeddable":true,"href":"https:\/\/www.costadelsol-mallorca.com\/es\/wp-json\/wp\/v2\/property-feature?post=229466"},{"taxonomy":"property-type","embeddable":true,"href":"https:\/\/www.costadelsol-mallorca.com\/es\/wp-json\/wp\/v2\/property-type?post=229466"},{"taxonomy":"property-city","embeddable":true,"href":"https:\/\/www.costadelsol-mallorca.com\/es\/wp-json\/wp\/v2\/property-city?post=229466"},{"taxonomy":"property-status","embeddable":true,"href":"https:\/\/www.costadelsol-mallorca.com\/es\/wp-json\/wp\/v2\/property-status?post=229466"}],"curies":[{"name":"wp","href":"https:\/\/api.w.org\/{rel}","templated":true}]}}