{"id":229470,"date":"2024-12-17T12:09:14","date_gmt":"2024-12-17T11:09:14","guid":{"rendered":"https:\/\/www.costadelsol-mallorca.com\/property\/mijas-costa-malaga-spain-villa-2\/"},"modified":"2025-06-28T04:32:31","modified_gmt":"2025-06-28T02:32:31","slug":"mijas-costa-malaga-spain-villa-2","status":"publish","type":"property","link":"https:\/\/www.costadelsol-mallorca.com\/es\/property\/mijas-costa-malaga-spain-villa-2\/","title":{"rendered":"Mijas Costa, Malaga, Spain &#8211; Villa"},"content":{"rendered":"<p>Moderna Villa a estrenar con arquitectura vanguardista, parte de un nuevo desarrollo exclusivo en La Cala Golf Resort. Completado con las m\u00e1s altas especificaciones de esta propiedad ofrecer\u00e1 una gran ubicaci\u00f3n y vistas incre\u00edbles para una nueva experiencia de vida inspiradora.&#xD;Mijas es el encantador pueblo blanco entre Fuengirola y Marbella, su municipio tiene una amplia gama que abarca la costa (La Cala y Mijas Costa) y las hermosas colinas (Las Lagunas y Mijas Pueblo). Varios prestigiosos Clubs de Golf encuentran su hogar entre uno y otro promontorio, uno de los m\u00e1s renombrados es sin duda La Cala Golf Resort. El Vills es un campo de golf de primera l\u00ednea que ofrece incre\u00edbles vistas al amanecer sobre el mar y las colinas circundantes.&#xD;Una obra maestra arquitect\u00f3nica, dise\u00f1ada para proporcionar un ambiente de elegancia y refinamiento. Los amplios y luminosos interiores se funden a la perfecci\u00f3n con los elementos naturales, creando una atm\u00f3sfera acogedora y relajante. La luz y la sensaci\u00f3n de libertad son las caracter\u00edsticas principales, con espacios habitables de doble altura y ventanas de suelo a techo. Esta Villa en particular viene con todos los opcionales, incluyendo un elegante s\u00f3tano espacioso y la terraza de la azotea con p\u00e9rgola y jacuzzi. Los residentes tendr\u00e1n el privilegio de disfrutar de un exclusivo club de golf, donde podr\u00e1n perfeccionar su swing y desafiar sus habilidades en un entorno id\u00edlico. Adem\u00e1s, el spa de lujo, los restaurantes gourmet y las zonas de recreo al aire libre proporcionar\u00e1n experiencias de relajaci\u00f3n y entretenimiento sin igual.<\/p>\n","protected":false},"excerpt":{"rendered":"<p>Moderna Villa a estrenar con arquitectura vanguardista, parte de un nuevo desarrollo exclusivo en La Cala Golf Resort. Completado con las m\u00e1s altas especificaciones de esta propiedad ofrecer\u00e1 una gran ubicaci\u00f3n y vistas incre\u00edbles para una nueva experiencia de vida inspiradora.&#xD;Mijas es el encantador pueblo blanco entre Fuengirola y Marbella, su municipio tiene una amplia&#8230;<\/p>\n","protected":false},"author":0,"featured_media":223579,"parent":0,"menu_order":0,"comment_status":"open","ping_status":"open","template":"","property-feature":[1545,1666,1546,1676,1547,1760,1550,1551,1552,1553,1566,1577,1578,269,1582,271,1629,616,1632,1542,1633,1543,1646,1544,1664],"property-type":[1562],"property-city":[866,875,1425],"property-status":[],"aioseo_notices":[],"property_meta":{"REAL_HOMES_property_price":"1320000","REAL_HOMES_property_old_price":"","REAL_HOMES_property_price_prefix":"","REAL_HOMES_property_price_postfix":"","REAL_HOMES_property_size":"278","REAL_HOMES_property_size_postfix":"","REAL_HOMES_property_lot_size":"","REAL_HOMES_property_lot_size_postfix":"","REAL_HOMES_property_bedrooms":"3","REAL_HOMES_property_bathrooms":"4","REAL_HOMES_property_garage":"","REAL_HOMES_property_id":"MDL141S","REAL_HOMES_property_year_built":"","REAL_HOMES_featured":"0","REAL_HOMES_additional_details_list":[["",""]],"REAL_HOMES_property_location":{"latitude":"36.5968205","longitude":"-4.6330901","zoom":""},"REAL_HOMES_property_address":"Mijas Costa, Malaga, Spain","REAL_HOMES_property_map":"0","REAL_HOMES_property_images":[{"width":150,"height":150,"file":"2025\/05\/6344c171.jpg","filesize":541971,"sizes":{"thumbnail":{"file":"6344c171-150x150.jpg","width":150,"height":150,"mime-type":"image\/jpeg","filesize":21126,"url":"https:\/\/www.costadelsol-mallorca.com\/wp-content\/uploads\/2025\/05\/6344c171-150x150.jpg"},"tf-client-image-size":{"file":"6344c171-120x120.jpg","width":120,"height":120,"mime-type":"image\/jpeg","filesize":14605,"url":"https:\/\/www.costadelsol-mallorca.com\/wp-content\/uploads\/2025\/05\/6344c171-120x120.jpg"},"post-thumbnail":{"file":"6344c171-150x113.jpg","width":150,"height":113,"mime-type":"image\/jpeg","filesize":16533,"url":"https:\/\/www.costadelsol-mallorca.com\/wp-content\/uploads\/2025\/05\/6344c171-150x113.jpg"},"modern-property-child-slider":{"file":"6344c171-680x510.jpg","width":680,"height":510,"mime-type":"image\/jpeg","filesize":196176,"url":"https:\/\/www.costadelsol-mallorca.com\/wp-content\/uploads\/2025\/05\/6344c171-680x510.jpg"},"property-thumb-image":{"file":"6344c171-488x326.jpg","width":488,"height":326,"mime-type":"image\/jpeg","filesize":103373,"url":"https:\/\/www.costadelsol-mallorca.com\/wp-content\/uploads\/2025\/05\/6344c171-488x326.jpg"},"property-detail-video-image":{"file":"6344c171-818x417.jpg","width":818,"height":417,"mime-type":"image\/jpeg","filesize":192421,"url":"https:\/\/www.costadelsol-mallorca.com\/wp-content\/uploads\/2025\/05\/6344c171-818x417.jpg"},"agent-image":{"file":"6344c171-210x210.jpg","width":210,"height":210,"mime-type":"image\/jpeg","filesize":37187,"url":"https:\/\/www.costadelsol-mallorca.com\/wp-content\/uploads\/2025\/05\/6344c171-210x210.jpg"},"partners-logo":{"file":"6344c171-600x1440.jpg","width":600,"height":1440,"mime-type":"image\/jpeg","filesize":439904,"url":"https:\/\/www.costadelsol-mallorca.com\/wp-content\/uploads\/2025\/05\/6344c171-600x1440.jpg"},"post-featured-image":{"file":"6344c171-1240x720.jpg","width":1240,"height":720,"mime-type":"image\/jpeg","filesize":441557,"url":"https:\/\/www.costadelsol-mallorca.com\/wp-content\/uploads\/2025\/05\/6344c171-1240x720.jpg"}},"image_meta":{"aperture":"0","credit":"","camera":"","caption":"","created_timestamp":"0","copyright":"","focal_length":"0","iso":"0","shutter_speed":"0","title":"","orientation":"0","keywords":[]},"old_width":1920,"old_height":1440,"ID":"223576","name":"6344c171.jpg","path":"\/home\/ro\/web\/costadelsol-mallorca.com\/public_html\/wp-content\/uploads\/2025\/05\/6344c171.jpg","url":"https:\/\/www.costadelsol-mallorca.com\/wp-content\/uploads\/2025\/05\/6344c171-150x150.jpg","full_url":"https:\/\/www.costadelsol-mallorca.com\/wp-content\/uploads\/2025\/05\/6344c171.jpg","title":"6344c171","caption":"","description":"","alt":"","srcset":"https:\/\/www.costadelsol-mallorca.com\/wp-content\/uploads\/2025\/05\/6344c171-150x150.jpg 150w, https:\/\/www.costadelsol-mallorca.com\/wp-content\/uploads\/2025\/05\/6344c171-120x120.jpg 120w, https:\/\/www.costadelsol-mallorca.com\/wp-content\/uploads\/2025\/05\/6344c171-210x210.jpg 210w"},{"width":150,"height":150,"file":"2025\/05\/b20de45c.jpg","filesize":569212,"sizes":{"thumbnail":{"file":"b20de45c-150x150.jpg","width":150,"height":150,"mime-type":"image\/jpeg","filesize":20807,"url":"https:\/\/www.costadelsol-mallorca.com\/wp-content\/uploads\/2025\/05\/b20de45c-150x150.jpg"},"tf-client-image-size":{"file":"b20de45c-120x120.jpg","width":120,"height":120,"mime-type":"image\/jpeg","filesize":14013,"url":"https:\/\/www.costadelsol-mallorca.com\/wp-content\/uploads\/2025\/05\/b20de45c-120x120.jpg"},"post-thumbnail":{"file":"b20de45c-150x100.jpg","width":150,"height":100,"mime-type":"image\/jpeg","filesize":14916,"url":"https:\/\/www.costadelsol-mallorca.com\/wp-content\/uploads\/2025\/05\/b20de45c-150x100.jpg"},"modern-property-child-slider":{"file":"b20de45c-680x510.jpg","width":680,"height":510,"mime-type":"image\/jpeg","filesize":219902,"url":"https:\/\/www.costadelsol-mallorca.com\/wp-content\/uploads\/2025\/05\/b20de45c-680x510.jpg"},"property-thumb-image":{"file":"b20de45c-488x326.jpg","width":488,"height":326,"mime-type":"image\/jpeg","filesize":111102,"url":"https:\/\/www.costadelsol-mallorca.com\/wp-content\/uploads\/2025\/05\/b20de45c-488x326.jpg"},"property-detail-video-image":{"file":"b20de45c-818x417.jpg","width":818,"height":417,"mime-type":"image\/jpeg","filesize":227314,"url":"https:\/\/www.costadelsol-mallorca.com\/wp-content\/uploads\/2025\/05\/b20de45c-818x417.jpg"},"agent-image":{"file":"b20de45c-210x210.jpg","width":210,"height":210,"mime-type":"image\/jpeg","filesize":38109,"url":"https:\/\/www.costadelsol-mallorca.com\/wp-content\/uploads\/2025\/05\/b20de45c-210x210.jpg"},"partners-logo":{"file":"b20de45c-600x1280.jpg","width":600,"height":1280,"mime-type":"image\/jpeg","filesize":398951,"url":"https:\/\/www.costadelsol-mallorca.com\/wp-content\/uploads\/2025\/05\/b20de45c-600x1280.jpg"},"post-featured-image":{"file":"b20de45c-1240x720.jpg","width":1240,"height":720,"mime-type":"image\/jpeg","filesize":508078,"url":"https:\/\/www.costadelsol-mallorca.com\/wp-content\/uploads\/2025\/05\/b20de45c-1240x720.jpg"}},"image_meta":{"aperture":"0","credit":"","camera":"","caption":"","created_timestamp":"0","copyright":"","focal_length":"0","iso":"0","shutter_speed":"0","title":"","orientation":"0","keywords":[]},"old_width":1920,"old_height":1280,"ID":"223580","name":"b20de45c.jpg","path":"\/home\/ro\/web\/costadelsol-mallorca.com\/public_html\/wp-content\/uploads\/2025\/05\/b20de45c.jpg","url":"https:\/\/www.costadelsol-mallorca.com\/wp-content\/uploads\/2025\/05\/b20de45c-150x150.jpg","full_url":"https:\/\/www.costadelsol-mallorca.com\/wp-content\/uploads\/2025\/05\/b20de45c.jpg","title":"b20de45c","caption":"","description":"","alt":"","srcset":"https:\/\/www.costadelsol-mallorca.com\/wp-content\/uploads\/2025\/05\/b20de45c-150x150.jpg 150w, https:\/\/www.costadelsol-mallorca.com\/wp-content\/uploads\/2025\/05\/b20de45c-120x120.jpg 120w, https:\/\/www.costadelsol-mallorca.com\/wp-content\/uploads\/2025\/05\/b20de45c-210x210.jpg 210w"},{"width":150,"height":150,"file":"2025\/05\/c0d5f544.jpg","filesize":577615,"sizes":{"thumbnail":{"file":"c0d5f544-150x150.jpg","width":150,"height":150,"mime-type":"image\/jpeg","filesize":18698,"url":"https:\/\/www.costadelsol-mallorca.com\/wp-content\/uploads\/2025\/05\/c0d5f544-150x150.jpg"},"tf-client-image-size":{"file":"c0d5f544-120x120.jpg","width":120,"height":120,"mime-type":"image\/jpeg","filesize":12675,"url":"https:\/\/www.costadelsol-mallorca.com\/wp-content\/uploads\/2025\/05\/c0d5f544-120x120.jpg"},"post-thumbnail":{"file":"c0d5f544-150x100.jpg","width":150,"height":100,"mime-type":"image\/jpeg","filesize":13680,"url":"https:\/\/www.costadelsol-mallorca.com\/wp-content\/uploads\/2025\/05\/c0d5f544-150x100.jpg"},"modern-property-child-slider":{"file":"c0d5f544-680x510.jpg","width":680,"height":510,"mime-type":"image\/jpeg","filesize":209189,"url":"https:\/\/www.costadelsol-mallorca.com\/wp-content\/uploads\/2025\/05\/c0d5f544-680x510.jpg"},"property-thumb-image":{"file":"c0d5f544-488x326.jpg","width":488,"height":326,"mime-type":"image\/jpeg","filesize":106075,"url":"https:\/\/www.costadelsol-mallorca.com\/wp-content\/uploads\/2025\/05\/c0d5f544-488x326.jpg"},"property-detail-video-image":{"file":"c0d5f544-818x417.jpg","width":818,"height":417,"mime-type":"image\/jpeg","filesize":224015,"url":"https:\/\/www.costadelsol-mallorca.com\/wp-content\/uploads\/2025\/05\/c0d5f544-818x417.jpg"},"agent-image":{"file":"c0d5f544-210x210.jpg","width":210,"height":210,"mime-type":"image\/jpeg","filesize":33969,"url":"https:\/\/www.costadelsol-mallorca.com\/wp-content\/uploads\/2025\/05\/c0d5f544-210x210.jpg"},"partners-logo":{"file":"c0d5f544-600x1280.jpg","width":600,"height":1280,"mime-type":"image\/jpeg","filesize":423315,"url":"https:\/\/www.costadelsol-mallorca.com\/wp-content\/uploads\/2025\/05\/c0d5f544-600x1280.jpg"},"post-featured-image":{"file":"c0d5f544-1240x720.jpg","width":1240,"height":720,"mime-type":"image\/jpeg","filesize":509748,"url":"https:\/\/www.costadelsol-mallorca.com\/wp-content\/uploads\/2025\/05\/c0d5f544-1240x720.jpg"}},"image_meta":{"aperture":"0","credit":"","camera":"","caption":"","created_timestamp":"0","copyright":"","focal_length":"0","iso":"0","shutter_speed":"0","title":"","orientation":"0","keywords":[]},"old_width":1920,"old_height":1280,"ID":"223584","name":"c0d5f544.jpg","path":"\/home\/ro\/web\/costadelsol-mallorca.com\/public_html\/wp-content\/uploads\/2025\/05\/c0d5f544.jpg","url":"https:\/\/www.costadelsol-mallorca.com\/wp-content\/uploads\/2025\/05\/c0d5f544-150x150.jpg","full_url":"https:\/\/www.costadelsol-mallorca.com\/wp-content\/uploads\/2025\/05\/c0d5f544.jpg","title":"c0d5f544","caption":"","description":"","alt":"","srcset":"https:\/\/www.costadelsol-mallorca.com\/wp-content\/uploads\/2025\/05\/c0d5f544-150x150.jpg 150w, https:\/\/www.costadelsol-mallorca.com\/wp-content\/uploads\/2025\/05\/c0d5f544-120x120.jpg 120w, https:\/\/www.costadelsol-mallorca.com\/wp-content\/uploads\/2025\/05\/c0d5f544-210x210.jpg 210w"},{"width":150,"height":150,"file":"2025\/05\/19b5219d.jpg","filesize":433133,"sizes":{"thumbnail":{"file":"19b5219d-150x150.jpg","width":150,"height":150,"mime-type":"image\/jpeg","filesize":16217,"url":"https:\/\/www.costadelsol-mallorca.com\/wp-content\/uploads\/2025\/05\/19b5219d-150x150.jpg"},"tf-client-image-size":{"file":"19b5219d-120x120.jpg","width":120,"height":120,"mime-type":"image\/jpeg","filesize":11012,"url":"https:\/\/www.costadelsol-mallorca.com\/wp-content\/uploads\/2025\/05\/19b5219d-120x120.jpg"},"post-thumbnail":{"file":"19b5219d-150x100.jpg","width":150,"height":100,"mime-type":"image\/jpeg","filesize":12343,"url":"https:\/\/www.costadelsol-mallorca.com\/wp-content\/uploads\/2025\/05\/19b5219d-150x100.jpg"},"modern-property-child-slider":{"file":"19b5219d-680x510.jpg","width":680,"height":510,"mime-type":"image\/jpeg","filesize":170643,"url":"https:\/\/www.costadelsol-mallorca.com\/wp-content\/uploads\/2025\/05\/19b5219d-680x510.jpg"},"property-thumb-image":{"file":"19b5219d-488x326.jpg","width":488,"height":326,"mime-type":"image\/jpeg","filesize":86981,"url":"https:\/\/www.costadelsol-mallorca.com\/wp-content\/uploads\/2025\/05\/19b5219d-488x326.jpg"},"property-detail-video-image":{"file":"19b5219d-818x417.jpg","width":818,"height":417,"mime-type":"image\/jpeg","filesize":183620,"url":"https:\/\/www.costadelsol-mallorca.com\/wp-content\/uploads\/2025\/05\/19b5219d-818x417.jpg"},"agent-image":{"file":"19b5219d-210x210.jpg","width":210,"height":210,"mime-type":"image\/jpeg","filesize":28738,"url":"https:\/\/www.costadelsol-mallorca.com\/wp-content\/uploads\/2025\/05\/19b5219d-210x210.jpg"},"partners-logo":{"file":"19b5219d-600x1280.jpg","width":600,"height":1280,"mime-type":"image\/jpeg","filesize":281707,"url":"https:\/\/www.costadelsol-mallorca.com\/wp-content\/uploads\/2025\/05\/19b5219d-600x1280.jpg"},"post-featured-image":{"file":"19b5219d-1240x720.jpg","width":1240,"height":720,"mime-type":"image\/jpeg","filesize":405260,"url":"https:\/\/www.costadelsol-mallorca.com\/wp-content\/uploads\/2025\/05\/19b5219d-1240x720.jpg"}},"image_meta":{"aperture":"0","credit":"","camera":"","caption":"","created_timestamp":"0","copyright":"","focal_length":"0","iso":"0","shutter_speed":"0","title":"","orientation":"0","keywords":[]},"old_width":1920,"old_height":1280,"ID":"223588","name":"19b5219d.jpg","path":"\/home\/ro\/web\/costadelsol-mallorca.com\/public_html\/wp-content\/uploads\/2025\/05\/19b5219d.jpg","url":"https:\/\/www.costadelsol-mallorca.com\/wp-content\/uploads\/2025\/05\/19b5219d-150x150.jpg","full_url":"https:\/\/www.costadelsol-mallorca.com\/wp-content\/uploads\/2025\/05\/19b5219d.jpg","title":"19b5219d","caption":"","description":"","alt":"","srcset":"https:\/\/www.costadelsol-mallorca.com\/wp-content\/uploads\/2025\/05\/19b5219d-150x150.jpg 150w, https:\/\/www.costadelsol-mallorca.com\/wp-content\/uploads\/2025\/05\/19b5219d-120x120.jpg 120w, https:\/\/www.costadelsol-mallorca.com\/wp-content\/uploads\/2025\/05\/19b5219d-210x210.jpg 210w"},{"width":150,"height":150,"file":"2025\/05\/b659c9eb.jpg","filesize":445559,"sizes":{"thumbnail":{"file":"b659c9eb-150x150.jpg","width":150,"height":150,"mime-type":"image\/jpeg","filesize":18809,"url":"https:\/\/www.costadelsol-mallorca.com\/wp-content\/uploads\/2025\/05\/b659c9eb-150x150.jpg"},"tf-client-image-size":{"file":"b659c9eb-120x120.jpg","width":120,"height":120,"mime-type":"image\/jpeg","filesize":12540,"url":"https:\/\/www.costadelsol-mallorca.com\/wp-content\/uploads\/2025\/05\/b659c9eb-120x120.jpg"},"post-thumbnail":{"file":"b659c9eb-150x75.jpg","width":150,"height":75,"mime-type":"image\/jpeg","filesize":11474,"url":"https:\/\/www.costadelsol-mallorca.com\/wp-content\/uploads\/2025\/05\/b659c9eb-150x75.jpg"},"modern-property-child-slider":{"file":"b659c9eb-680x510.jpg","width":680,"height":510,"mime-type":"image\/jpeg","filesize":207835,"url":"https:\/\/www.costadelsol-mallorca.com\/wp-content\/uploads\/2025\/05\/b659c9eb-680x510.jpg"},"property-thumb-image":{"file":"b659c9eb-488x326.jpg","width":488,"height":326,"mime-type":"image\/jpeg","filesize":103629,"url":"https:\/\/www.costadelsol-mallorca.com\/wp-content\/uploads\/2025\/05\/b659c9eb-488x326.jpg"},"property-detail-video-image":{"file":"b659c9eb-818x417.jpg","width":818,"height":417,"mime-type":"image\/jpeg","filesize":209030,"url":"https:\/\/www.costadelsol-mallorca.com\/wp-content\/uploads\/2025\/05\/b659c9eb-818x417.jpg"},"agent-image":{"file":"b659c9eb-210x210.jpg","width":210,"height":210,"mime-type":"image\/jpeg","filesize":33885,"url":"https:\/\/www.costadelsol-mallorca.com\/wp-content\/uploads\/2025\/05\/b659c9eb-210x210.jpg"},"partners-logo":{"file":"b659c9eb-600x966.jpg","width":600,"height":966,"mime-type":"image\/jpeg","filesize":319454,"url":"https:\/\/www.costadelsol-mallorca.com\/wp-content\/uploads\/2025\/05\/b659c9eb-600x966.jpg"},"post-featured-image":{"file":"b659c9eb-1240x720.jpg","width":1240,"height":720,"mime-type":"image\/jpeg","filesize":475237,"url":"https:\/\/www.costadelsol-mallorca.com\/wp-content\/uploads\/2025\/05\/b659c9eb-1240x720.jpg"}},"image_meta":{"aperture":"0","credit":"","camera":"","caption":"","created_timestamp":"0","copyright":"","focal_length":"0","iso":"0","shutter_speed":"0","title":"","orientation":"0","keywords":[]},"old_width":1920,"old_height":966,"ID":"223592","name":"b659c9eb.jpg","path":"\/home\/ro\/web\/costadelsol-mallorca.com\/public_html\/wp-content\/uploads\/2025\/05\/b659c9eb.jpg","url":"https:\/\/www.costadelsol-mallorca.com\/wp-content\/uploads\/2025\/05\/b659c9eb-150x150.jpg","full_url":"https:\/\/www.costadelsol-mallorca.com\/wp-content\/uploads\/2025\/05\/b659c9eb.jpg","title":"b659c9eb","caption":"","description":"","alt":"","srcset":"https:\/\/www.costadelsol-mallorca.com\/wp-content\/uploads\/2025\/05\/b659c9eb-150x150.jpg 150w, https:\/\/www.costadelsol-mallorca.com\/wp-content\/uploads\/2025\/05\/b659c9eb-120x120.jpg 120w, https:\/\/www.costadelsol-mallorca.com\/wp-content\/uploads\/2025\/05\/b659c9eb-210x210.jpg 210w"},{"width":150,"height":150,"file":"2025\/05\/b9ed8817.jpg","filesize":834676,"sizes":{"thumbnail":{"file":"b9ed8817-150x150.jpg","width":150,"height":150,"mime-type":"image\/jpeg","filesize":16574,"url":"https:\/\/www.costadelsol-mallorca.com\/wp-content\/uploads\/2025\/05\/b9ed8817-150x150.jpg"},"tf-client-image-size":{"file":"b9ed8817-120x120.jpg","width":120,"height":120,"mime-type":"image\/jpeg","filesize":11563,"url":"https:\/\/www.costadelsol-mallorca.com\/wp-content\/uploads\/2025\/05\/b9ed8817-120x120.jpg"},"post-thumbnail":{"file":"b9ed8817-100x150.jpg","width":100,"height":150,"mime-type":"image\/jpeg","filesize":12104,"url":"https:\/\/www.costadelsol-mallorca.com\/wp-content\/uploads\/2025\/05\/b9ed8817-100x150.jpg"},"modern-property-child-slider":{"file":"b9ed8817-680x510.jpg","width":680,"height":510,"mime-type":"image\/jpeg","filesize":149723,"url":"https:\/\/www.costadelsol-mallorca.com\/wp-content\/uploads\/2025\/05\/b9ed8817-680x510.jpg"},"property-thumb-image":{"file":"b9ed8817-488x326.jpg","width":488,"height":326,"mime-type":"image\/jpeg","filesize":77071,"url":"https:\/\/www.costadelsol-mallorca.com\/wp-content\/uploads\/2025\/05\/b9ed8817-488x326.jpg"},"property-detail-video-image":{"file":"b9ed8817-818x417.jpg","width":818,"height":417,"mime-type":"image\/jpeg","filesize":144407,"url":"https:\/\/www.costadelsol-mallorca.com\/wp-content\/uploads\/2025\/05\/b9ed8817-818x417.jpg"},"agent-image":{"file":"b9ed8817-210x210.jpg","width":210,"height":210,"mime-type":"image\/jpeg","filesize":28769,"url":"https:\/\/www.costadelsol-mallorca.com\/wp-content\/uploads\/2025\/05\/b9ed8817-210x210.jpg"},"partners-logo":{"file":"b9ed8817-600x2880.jpg","width":600,"height":2880,"mime-type":"image\/jpeg","filesize":593057,"url":"https:\/\/www.costadelsol-mallorca.com\/wp-content\/uploads\/2025\/05\/b9ed8817-600x2880.jpg"},"post-featured-image":{"file":"b9ed8817-1240x720.jpg","width":1240,"height":720,"mime-type":"image\/jpeg","filesize":338524,"url":"https:\/\/www.costadelsol-mallorca.com\/wp-content\/uploads\/2025\/05\/b9ed8817-1240x720.jpg"}},"image_meta":{"aperture":"0","credit":"","camera":"","caption":"","created_timestamp":"0","copyright":"","focal_length":"0","iso":"0","shutter_speed":"0","title":"","orientation":"0","keywords":[]},"old_width":1920,"old_height":2880,"ID":"223596","name":"b9ed8817.jpg","path":"\/home\/ro\/web\/costadelsol-mallorca.com\/public_html\/wp-content\/uploads\/2025\/05\/b9ed8817.jpg","url":"https:\/\/www.costadelsol-mallorca.com\/wp-content\/uploads\/2025\/05\/b9ed8817-150x150.jpg","full_url":"https:\/\/www.costadelsol-mallorca.com\/wp-content\/uploads\/2025\/05\/b9ed8817.jpg","title":"b9ed8817","caption":"","description":"","alt":"","srcset":"https:\/\/www.costadelsol-mallorca.com\/wp-content\/uploads\/2025\/05\/b9ed8817-150x150.jpg 150w, https:\/\/www.costadelsol-mallorca.com\/wp-content\/uploads\/2025\/05\/b9ed8817-120x120.jpg 120w, https:\/\/www.costadelsol-mallorca.com\/wp-content\/uploads\/2025\/05\/b9ed8817-210x210.jpg 210w"},{"width":150,"height":150,"file":"2025\/05\/78fab983.jpg","filesize":1049224,"sizes":{"thumbnail":{"file":"78fab983-150x150.jpg","width":150,"height":150,"mime-type":"image\/jpeg","filesize":22634,"url":"https:\/\/www.costadelsol-mallorca.com\/wp-content\/uploads\/2025\/05\/78fab983-150x150.jpg"},"tf-client-image-size":{"file":"78fab983-120x120.jpg","width":120,"height":120,"mime-type":"image\/jpeg","filesize":15156,"url":"https:\/\/www.costadelsol-mallorca.com\/wp-content\/uploads\/2025\/05\/78fab983-120x120.jpg"},"post-thumbnail":{"file":"78fab983-113x150.jpg","width":113,"height":150,"mime-type":"image\/jpeg","filesize":17777,"url":"https:\/\/www.costadelsol-mallorca.com\/wp-content\/uploads\/2025\/05\/78fab983-113x150.jpg"},"modern-property-child-slider":{"file":"78fab983-680x510.jpg","width":680,"height":510,"mime-type":"image\/jpeg","filesize":210116,"url":"https:\/\/www.costadelsol-mallorca.com\/wp-content\/uploads\/2025\/05\/78fab983-680x510.jpg"},"property-thumb-image":{"file":"78fab983-488x326.jpg","width":488,"height":326,"mime-type":"image\/jpeg","filesize":105174,"url":"https:\/\/www.costadelsol-mallorca.com\/wp-content\/uploads\/2025\/05\/78fab983-488x326.jpg"},"property-detail-video-image":{"file":"78fab983-818x417.jpg","width":818,"height":417,"mime-type":"image\/jpeg","filesize":198609,"url":"https:\/\/www.costadelsol-mallorca.com\/wp-content\/uploads\/2025\/05\/78fab983-818x417.jpg"},"agent-image":{"file":"78fab983-210x210.jpg","width":210,"height":210,"mime-type":"image\/jpeg","filesize":38901,"url":"https:\/\/www.costadelsol-mallorca.com\/wp-content\/uploads\/2025\/05\/78fab983-210x210.jpg"},"partners-logo":{"file":"78fab983-600x2560.jpg","width":600,"height":2560,"mime-type":"image\/jpeg","filesize":807264,"url":"https:\/\/www.costadelsol-mallorca.com\/wp-content\/uploads\/2025\/05\/78fab983-600x2560.jpg"},"post-featured-image":{"file":"78fab983-1240x720.jpg","width":1240,"height":720,"mime-type":"image\/jpeg","filesize":466495,"url":"https:\/\/www.costadelsol-mallorca.com\/wp-content\/uploads\/2025\/05\/78fab983-1240x720.jpg"}},"image_meta":{"aperture":"0","credit":"","camera":"","caption":"","created_timestamp":"0","copyright":"","focal_length":"0","iso":"0","shutter_speed":"0","title":"","orientation":"0","keywords":[]},"old_width":1920,"old_height":2560,"ID":"223600","name":"78fab983.jpg","path":"\/home\/ro\/web\/costadelsol-mallorca.com\/public_html\/wp-content\/uploads\/2025\/05\/78fab983.jpg","url":"https:\/\/www.costadelsol-mallorca.com\/wp-content\/uploads\/2025\/05\/78fab983-150x150.jpg","full_url":"https:\/\/www.costadelsol-mallorca.com\/wp-content\/uploads\/2025\/05\/78fab983.jpg","title":"78fab983","caption":"","description":"","alt":"","srcset":"https:\/\/www.costadelsol-mallorca.com\/wp-content\/uploads\/2025\/05\/78fab983-150x150.jpg 150w, https:\/\/www.costadelsol-mallorca.com\/wp-content\/uploads\/2025\/05\/78fab983-120x120.jpg 120w, https:\/\/www.costadelsol-mallorca.com\/wp-content\/uploads\/2025\/05\/78fab983-210x210.jpg 210w"},{"width":150,"height":150,"file":"2025\/05\/2efd9fd9.jpg","filesize":602621,"sizes":{"thumbnail":{"file":"2efd9fd9-150x150.jpg","width":150,"height":150,"mime-type":"image\/jpeg","filesize":16997,"url":"https:\/\/www.costadelsol-mallorca.com\/wp-content\/uploads\/2025\/05\/2efd9fd9-150x150.jpg"},"tf-client-image-size":{"file":"2efd9fd9-120x120.jpg","width":120,"height":120,"mime-type":"image\/jpeg","filesize":11759,"url":"https:\/\/www.costadelsol-mallorca.com\/wp-content\/uploads\/2025\/05\/2efd9fd9-120x120.jpg"},"post-thumbnail":{"file":"2efd9fd9-150x101.jpg","width":150,"height":101,"mime-type":"image\/jpeg","filesize":12615,"url":"https:\/\/www.costadelsol-mallorca.com\/wp-content\/uploads\/2025\/05\/2efd9fd9-150x101.jpg"},"modern-property-child-slider":{"file":"2efd9fd9-680x510.jpg","width":680,"height":510,"mime-type":"image\/jpeg","filesize":181904,"url":"https:\/\/www.costadelsol-mallorca.com\/wp-content\/uploads\/2025\/05\/2efd9fd9-680x510.jpg"},"property-thumb-image":{"file":"2efd9fd9-488x326.jpg","width":488,"height":326,"mime-type":"image\/jpeg","filesize":90086,"url":"https:\/\/www.costadelsol-mallorca.com\/wp-content\/uploads\/2025\/05\/2efd9fd9-488x326.jpg"},"property-detail-video-image":{"file":"2efd9fd9-818x417.jpg","width":818,"height":417,"mime-type":"image\/jpeg","filesize":194323,"url":"https:\/\/www.costadelsol-mallorca.com\/wp-content\/uploads\/2025\/05\/2efd9fd9-818x417.jpg"},"agent-image":{"file":"2efd9fd9-210x210.jpg","width":210,"height":210,"mime-type":"image\/jpeg","filesize":30331,"url":"https:\/\/www.costadelsol-mallorca.com\/wp-content\/uploads\/2025\/05\/2efd9fd9-210x210.jpg"},"partners-logo":{"file":"2efd9fd9-600x1292.jpg","width":600,"height":1292,"mime-type":"image\/jpeg","filesize":418158,"url":"https:\/\/www.costadelsol-mallorca.com\/wp-content\/uploads\/2025\/05\/2efd9fd9-600x1292.jpg"},"post-featured-image":{"file":"2efd9fd9-1240x720.jpg","width":1240,"height":720,"mime-type":"image\/jpeg","filesize":474980,"url":"https:\/\/www.costadelsol-mallorca.com\/wp-content\/uploads\/2025\/05\/2efd9fd9-1240x720.jpg"}},"image_meta":{"aperture":"0","credit":"","camera":"","caption":"","created_timestamp":"0","copyright":"","focal_length":"0","iso":"0","shutter_speed":"0","title":"","orientation":"0","keywords":[]},"old_width":1920,"old_height":1292,"ID":"223604","name":"2efd9fd9.jpg","path":"\/home\/ro\/web\/costadelsol-mallorca.com\/public_html\/wp-content\/uploads\/2025\/05\/2efd9fd9.jpg","url":"https:\/\/www.costadelsol-mallorca.com\/wp-content\/uploads\/2025\/05\/2efd9fd9-150x150.jpg","full_url":"https:\/\/www.costadelsol-mallorca.com\/wp-content\/uploads\/2025\/05\/2efd9fd9.jpg","title":"2efd9fd9","caption":"","description":"","alt":"","srcset":"https:\/\/www.costadelsol-mallorca.com\/wp-content\/uploads\/2025\/05\/2efd9fd9-150x150.jpg 150w, https:\/\/www.costadelsol-mallorca.com\/wp-content\/uploads\/2025\/05\/2efd9fd9-120x120.jpg 120w, https:\/\/www.costadelsol-mallorca.com\/wp-content\/uploads\/2025\/05\/2efd9fd9-210x210.jpg 210w"},{"width":150,"height":150,"file":"2025\/05\/4160786c.jpg","filesize":695429,"sizes":{"thumbnail":{"file":"4160786c-150x150.jpg","width":150,"height":150,"mime-type":"image\/jpeg","filesize":19290,"url":"https:\/\/www.costadelsol-mallorca.com\/wp-content\/uploads\/2025\/05\/4160786c-150x150.jpg"},"tf-client-image-size":{"file":"4160786c-120x120.jpg","width":120,"height":120,"mime-type":"image\/jpeg","filesize":12815,"url":"https:\/\/www.costadelsol-mallorca.com\/wp-content\/uploads\/2025\/05\/4160786c-120x120.jpg"},"post-thumbnail":{"file":"4160786c-150x100.jpg","width":150,"height":100,"mime-type":"image\/jpeg","filesize":14724,"url":"https:\/\/www.costadelsol-mallorca.com\/wp-content\/uploads\/2025\/05\/4160786c-150x100.jpg"},"modern-property-child-slider":{"file":"4160786c-680x510.jpg","width":680,"height":510,"mime-type":"image\/jpeg","filesize":240206,"url":"https:\/\/www.costadelsol-mallorca.com\/wp-content\/uploads\/2025\/05\/4160786c-680x510.jpg"},"property-thumb-image":{"file":"4160786c-488x326.jpg","width":488,"height":326,"mime-type":"image\/jpeg","filesize":118236,"url":"https:\/\/www.costadelsol-mallorca.com\/wp-content\/uploads\/2025\/05\/4160786c-488x326.jpg"},"property-detail-video-image":{"file":"4160786c-818x417.jpg","width":818,"height":417,"mime-type":"image\/jpeg","filesize":232527,"url":"https:\/\/www.costadelsol-mallorca.com\/wp-content\/uploads\/2025\/05\/4160786c-818x417.jpg"},"agent-image":{"file":"4160786c-210x210.jpg","width":210,"height":210,"mime-type":"image\/jpeg","filesize":35972,"url":"https:\/\/www.costadelsol-mallorca.com\/wp-content\/uploads\/2025\/05\/4160786c-210x210.jpg"},"partners-logo":{"file":"4160786c-600x1280.jpg","width":600,"height":1280,"mime-type":"image\/jpeg","filesize":476208,"url":"https:\/\/www.costadelsol-mallorca.com\/wp-content\/uploads\/2025\/05\/4160786c-600x1280.jpg"},"post-featured-image":{"file":"4160786c-1240x720.jpg","width":1240,"height":720,"mime-type":"image\/jpeg","filesize":563229,"url":"https:\/\/www.costadelsol-mallorca.com\/wp-content\/uploads\/2025\/05\/4160786c-1240x720.jpg"}},"image_meta":{"aperture":"0","credit":"","camera":"","caption":"","created_timestamp":"0","copyright":"","focal_length":"0","iso":"0","shutter_speed":"0","title":"","orientation":"0","keywords":[]},"old_width":1920,"old_height":1280,"ID":"223608","name":"4160786c.jpg","path":"\/home\/ro\/web\/costadelsol-mallorca.com\/public_html\/wp-content\/uploads\/2025\/05\/4160786c.jpg","url":"https:\/\/www.costadelsol-mallorca.com\/wp-content\/uploads\/2025\/05\/4160786c-150x150.jpg","full_url":"https:\/\/www.costadelsol-mallorca.com\/wp-content\/uploads\/2025\/05\/4160786c.jpg","title":"4160786c","caption":"","description":"","alt":"","srcset":"https:\/\/www.costadelsol-mallorca.com\/wp-content\/uploads\/2025\/05\/4160786c-150x150.jpg 150w, https:\/\/www.costadelsol-mallorca.com\/wp-content\/uploads\/2025\/05\/4160786c-120x120.jpg 120w, https:\/\/www.costadelsol-mallorca.com\/wp-content\/uploads\/2025\/05\/4160786c-210x210.jpg 210w"},{"width":150,"height":150,"file":"2025\/05\/5ef73e6f.jpg","filesize":653399,"sizes":{"thumbnail":{"file":"5ef73e6f-150x150.jpg","width":150,"height":150,"mime-type":"image\/jpeg","filesize":19263,"url":"https:\/\/www.costadelsol-mallorca.com\/wp-content\/uploads\/2025\/05\/5ef73e6f-150x150.jpg"},"tf-client-image-size":{"file":"5ef73e6f-120x120.jpg","width":120,"height":120,"mime-type":"image\/jpeg","filesize":12970,"url":"https:\/\/www.costadelsol-mallorca.com\/wp-content\/uploads\/2025\/05\/5ef73e6f-120x120.jpg"},"post-thumbnail":{"file":"5ef73e6f-150x113.jpg","width":150,"height":113,"mime-type":"image\/jpeg","filesize":15995,"url":"https:\/\/www.costadelsol-mallorca.com\/wp-content\/uploads\/2025\/05\/5ef73e6f-150x113.jpg"},"modern-property-child-slider":{"file":"5ef73e6f-680x510.jpg","width":680,"height":510,"mime-type":"image\/jpeg","filesize":213172,"url":"https:\/\/www.costadelsol-mallorca.com\/wp-content\/uploads\/2025\/05\/5ef73e6f-680x510.jpg"},"property-thumb-image":{"file":"5ef73e6f-488x326.jpg","width":488,"height":326,"mime-type":"image\/jpeg","filesize":108878,"url":"https:\/\/www.costadelsol-mallorca.com\/wp-content\/uploads\/2025\/05\/5ef73e6f-488x326.jpg"},"property-detail-video-image":{"file":"5ef73e6f-818x417.jpg","width":818,"height":417,"mime-type":"image\/jpeg","filesize":219578,"url":"https:\/\/www.costadelsol-mallorca.com\/wp-content\/uploads\/2025\/05\/5ef73e6f-818x417.jpg"},"agent-image":{"file":"5ef73e6f-210x210.jpg","width":210,"height":210,"mime-type":"image\/jpeg","filesize":35315,"url":"https:\/\/www.costadelsol-mallorca.com\/wp-content\/uploads\/2025\/05\/5ef73e6f-210x210.jpg"},"partners-logo":{"file":"5ef73e6f-600x1440.jpg","width":600,"height":1440,"mime-type":"image\/jpeg","filesize":395756,"url":"https:\/\/www.costadelsol-mallorca.com\/wp-content\/uploads\/2025\/05\/5ef73e6f-600x1440.jpg"},"post-featured-image":{"file":"5ef73e6f-1240x720.jpg","width":1240,"height":720,"mime-type":"image\/jpeg","filesize":497246,"url":"https:\/\/www.costadelsol-mallorca.com\/wp-content\/uploads\/2025\/05\/5ef73e6f-1240x720.jpg"}},"image_meta":{"aperture":"0","credit":"","camera":"","caption":"","created_timestamp":"0","copyright":"","focal_length":"0","iso":"0","shutter_speed":"0","title":"","orientation":"0","keywords":[]},"old_width":1920,"old_height":1440,"ID":"223612","name":"5ef73e6f.jpg","path":"\/home\/ro\/web\/costadelsol-mallorca.com\/public_html\/wp-content\/uploads\/2025\/05\/5ef73e6f.jpg","url":"https:\/\/www.costadelsol-mallorca.com\/wp-content\/uploads\/2025\/05\/5ef73e6f-150x150.jpg","full_url":"https:\/\/www.costadelsol-mallorca.com\/wp-content\/uploads\/2025\/05\/5ef73e6f.jpg","title":"5ef73e6f","caption":"","description":"","alt":"","srcset":"https:\/\/www.costadelsol-mallorca.com\/wp-content\/uploads\/2025\/05\/5ef73e6f-150x150.jpg 150w, https:\/\/www.costadelsol-mallorca.com\/wp-content\/uploads\/2025\/05\/5ef73e6f-120x120.jpg 120w, https:\/\/www.costadelsol-mallorca.com\/wp-content\/uploads\/2025\/05\/5ef73e6f-210x210.jpg 210w"},{"width":150,"height":150,"file":"2025\/05\/c8e69a15.jpg","filesize":376858,"sizes":{"thumbnail":{"file":"c8e69a15-150x150.jpg","width":150,"height":150,"mime-type":"image\/jpeg","filesize":13850,"url":"https:\/\/www.costadelsol-mallorca.com\/wp-content\/uploads\/2025\/05\/c8e69a15-150x150.jpg"},"tf-client-image-size":{"file":"c8e69a15-120x120.jpg","width":120,"height":120,"mime-type":"image\/jpeg","filesize":9677,"url":"https:\/\/www.costadelsol-mallorca.com\/wp-content\/uploads\/2025\/05\/c8e69a15-120x120.jpg"},"post-thumbnail":{"file":"c8e69a15-150x100.jpg","width":150,"height":100,"mime-type":"image\/jpeg","filesize":10739,"url":"https:\/\/www.costadelsol-mallorca.com\/wp-content\/uploads\/2025\/05\/c8e69a15-150x100.jpg"},"modern-property-child-slider":{"file":"c8e69a15-680x510.jpg","width":680,"height":510,"mime-type":"image\/jpeg","filesize":145971,"url":"https:\/\/www.costadelsol-mallorca.com\/wp-content\/uploads\/2025\/05\/c8e69a15-680x510.jpg"},"property-thumb-image":{"file":"c8e69a15-488x326.jpg","width":488,"height":326,"mime-type":"image\/jpeg","filesize":74054,"url":"https:\/\/www.costadelsol-mallorca.com\/wp-content\/uploads\/2025\/05\/c8e69a15-488x326.jpg"},"property-detail-video-image":{"file":"c8e69a15-818x417.jpg","width":818,"height":417,"mime-type":"image\/jpeg","filesize":142988,"url":"https:\/\/www.costadelsol-mallorca.com\/wp-content\/uploads\/2025\/05\/c8e69a15-818x417.jpg"},"agent-image":{"file":"c8e69a15-210x210.jpg","width":210,"height":210,"mime-type":"image\/jpeg","filesize":24923,"url":"https:\/\/www.costadelsol-mallorca.com\/wp-content\/uploads\/2025\/05\/c8e69a15-210x210.jpg"},"partners-logo":{"file":"c8e69a15-600x1280.jpg","width":600,"height":1280,"mime-type":"image\/jpeg","filesize":268480,"url":"https:\/\/www.costadelsol-mallorca.com\/wp-content\/uploads\/2025\/05\/c8e69a15-600x1280.jpg"},"post-featured-image":{"file":"c8e69a15-1240x720.jpg","width":1240,"height":720,"mime-type":"image\/jpeg","filesize":334847,"url":"https:\/\/www.costadelsol-mallorca.com\/wp-content\/uploads\/2025\/05\/c8e69a15-1240x720.jpg"}},"image_meta":{"aperture":"0","credit":"","camera":"","caption":"","created_timestamp":"0","copyright":"","focal_length":"0","iso":"0","shutter_speed":"0","title":"","orientation":"0","keywords":[]},"old_width":1920,"old_height":1280,"ID":"223616","name":"c8e69a15.jpg","path":"\/home\/ro\/web\/costadelsol-mallorca.com\/public_html\/wp-content\/uploads\/2025\/05\/c8e69a15.jpg","url":"https:\/\/www.costadelsol-mallorca.com\/wp-content\/uploads\/2025\/05\/c8e69a15-150x150.jpg","full_url":"https:\/\/www.costadelsol-mallorca.com\/wp-content\/uploads\/2025\/05\/c8e69a15.jpg","title":"c8e69a15","caption":"","description":"","alt":"","srcset":"https:\/\/www.costadelsol-mallorca.com\/wp-content\/uploads\/2025\/05\/c8e69a15-150x150.jpg 150w, https:\/\/www.costadelsol-mallorca.com\/wp-content\/uploads\/2025\/05\/c8e69a15-120x120.jpg 120w, https:\/\/www.costadelsol-mallorca.com\/wp-content\/uploads\/2025\/05\/c8e69a15-210x210.jpg 210w"},{"width":150,"height":150,"file":"2025\/05\/8237fc0e.jpg","filesize":389884,"sizes":{"thumbnail":{"file":"8237fc0e-150x150.jpg","width":150,"height":150,"mime-type":"image\/jpeg","filesize":16185,"url":"https:\/\/www.costadelsol-mallorca.com\/wp-content\/uploads\/2025\/05\/8237fc0e-150x150.jpg"},"tf-client-image-size":{"file":"8237fc0e-120x120.jpg","width":120,"height":120,"mime-type":"image\/jpeg","filesize":11032,"url":"https:\/\/www.costadelsol-mallorca.com\/wp-content\/uploads\/2025\/05\/8237fc0e-120x120.jpg"},"post-thumbnail":{"file":"8237fc0e-150x100.jpg","width":150,"height":100,"mime-type":"image\/jpeg","filesize":12454,"url":"https:\/\/www.costadelsol-mallorca.com\/wp-content\/uploads\/2025\/05\/8237fc0e-150x100.jpg"},"modern-property-child-slider":{"file":"8237fc0e-680x510.jpg","width":680,"height":510,"mime-type":"image\/jpeg","filesize":162965,"url":"https:\/\/www.costadelsol-mallorca.com\/wp-content\/uploads\/2025\/05\/8237fc0e-680x510.jpg"},"property-thumb-image":{"file":"8237fc0e-488x326.jpg","width":488,"height":326,"mime-type":"image\/jpeg","filesize":84245,"url":"https:\/\/www.costadelsol-mallorca.com\/wp-content\/uploads\/2025\/05\/8237fc0e-488x326.jpg"},"property-detail-video-image":{"file":"8237fc0e-818x417.jpg","width":818,"height":417,"mime-type":"image\/jpeg","filesize":159290,"url":"https:\/\/www.costadelsol-mallorca.com\/wp-content\/uploads\/2025\/05\/8237fc0e-818x417.jpg"},"agent-image":{"file":"8237fc0e-210x210.jpg","width":210,"height":210,"mime-type":"image\/jpeg","filesize":28954,"url":"https:\/\/www.costadelsol-mallorca.com\/wp-content\/uploads\/2025\/05\/8237fc0e-210x210.jpg"},"partners-logo":{"file":"8237fc0e-600x1280.jpg","width":600,"height":1280,"mime-type":"image\/jpeg","filesize":257935,"url":"https:\/\/www.costadelsol-mallorca.com\/wp-content\/uploads\/2025\/05\/8237fc0e-600x1280.jpg"},"post-featured-image":{"file":"8237fc0e-1240x720.jpg","width":1240,"height":720,"mime-type":"image\/jpeg","filesize":358812,"url":"https:\/\/www.costadelsol-mallorca.com\/wp-content\/uploads\/2025\/05\/8237fc0e-1240x720.jpg"}},"image_meta":{"aperture":"0","credit":"","camera":"","caption":"","created_timestamp":"0","copyright":"","focal_length":"0","iso":"0","shutter_speed":"0","title":"","orientation":"0","keywords":[]},"old_width":1920,"old_height":1280,"ID":"223620","name":"8237fc0e.jpg","path":"\/home\/ro\/web\/costadelsol-mallorca.com\/public_html\/wp-content\/uploads\/2025\/05\/8237fc0e.jpg","url":"https:\/\/www.costadelsol-mallorca.com\/wp-content\/uploads\/2025\/05\/8237fc0e-150x150.jpg","full_url":"https:\/\/www.costadelsol-mallorca.com\/wp-content\/uploads\/2025\/05\/8237fc0e.jpg","title":"8237fc0e","caption":"","description":"","alt":"","srcset":"https:\/\/www.costadelsol-mallorca.com\/wp-content\/uploads\/2025\/05\/8237fc0e-150x150.jpg 150w, https:\/\/www.costadelsol-mallorca.com\/wp-content\/uploads\/2025\/05\/8237fc0e-120x120.jpg 120w, https:\/\/www.costadelsol-mallorca.com\/wp-content\/uploads\/2025\/05\/8237fc0e-210x210.jpg 210w"},{"width":150,"height":150,"file":"2025\/05\/ff8093f2.jpg","filesize":472096,"sizes":{"thumbnail":{"file":"ff8093f2-150x150.jpg","width":150,"height":150,"mime-type":"image\/jpeg","filesize":16677,"url":"https:\/\/www.costadelsol-mallorca.com\/wp-content\/uploads\/2025\/05\/ff8093f2-150x150.jpg"},"tf-client-image-size":{"file":"ff8093f2-120x120.jpg","width":120,"height":120,"mime-type":"image\/jpeg","filesize":11310,"url":"https:\/\/www.costadelsol-mallorca.com\/wp-content\/uploads\/2025\/05\/ff8093f2-120x120.jpg"},"post-thumbnail":{"file":"ff8093f2-150x100.jpg","width":150,"height":100,"mime-type":"image\/jpeg","filesize":12819,"url":"https:\/\/www.costadelsol-mallorca.com\/wp-content\/uploads\/2025\/05\/ff8093f2-150x100.jpg"},"modern-property-child-slider":{"file":"ff8093f2-680x510.jpg","width":680,"height":510,"mime-type":"image\/jpeg","filesize":179377,"url":"https:\/\/www.costadelsol-mallorca.com\/wp-content\/uploads\/2025\/05\/ff8093f2-680x510.jpg"},"property-thumb-image":{"file":"ff8093f2-488x326.jpg","width":488,"height":326,"mime-type":"image\/jpeg","filesize":92656,"url":"https:\/\/www.costadelsol-mallorca.com\/wp-content\/uploads\/2025\/05\/ff8093f2-488x326.jpg"},"property-detail-video-image":{"file":"ff8093f2-818x417.jpg","width":818,"height":417,"mime-type":"image\/jpeg","filesize":184175,"url":"https:\/\/www.costadelsol-mallorca.com\/wp-content\/uploads\/2025\/05\/ff8093f2-818x417.jpg"},"agent-image":{"file":"ff8093f2-210x210.jpg","width":210,"height":210,"mime-type":"image\/jpeg","filesize":29054,"url":"https:\/\/www.costadelsol-mallorca.com\/wp-content\/uploads\/2025\/05\/ff8093f2-210x210.jpg"},"partners-logo":{"file":"ff8093f2-600x1280.jpg","width":600,"height":1280,"mime-type":"image\/jpeg","filesize":260453,"url":"https:\/\/www.costadelsol-mallorca.com\/wp-content\/uploads\/2025\/05\/ff8093f2-600x1280.jpg"},"post-featured-image":{"file":"ff8093f2-1240x720.jpg","width":1240,"height":720,"mime-type":"image\/jpeg","filesize":417147,"url":"https:\/\/www.costadelsol-mallorca.com\/wp-content\/uploads\/2025\/05\/ff8093f2-1240x720.jpg"}},"image_meta":{"aperture":"0","credit":"","camera":"","caption":"","created_timestamp":"0","copyright":"","focal_length":"0","iso":"0","shutter_speed":"0","title":"","orientation":"0","keywords":[]},"old_width":1920,"old_height":1280,"ID":"223624","name":"ff8093f2.jpg","path":"\/home\/ro\/web\/costadelsol-mallorca.com\/public_html\/wp-content\/uploads\/2025\/05\/ff8093f2.jpg","url":"https:\/\/www.costadelsol-mallorca.com\/wp-content\/uploads\/2025\/05\/ff8093f2-150x150.jpg","full_url":"https:\/\/www.costadelsol-mallorca.com\/wp-content\/uploads\/2025\/05\/ff8093f2.jpg","title":"ff8093f2","caption":"","description":"","alt":"","srcset":"https:\/\/www.costadelsol-mallorca.com\/wp-content\/uploads\/2025\/05\/ff8093f2-150x150.jpg 150w, https:\/\/www.costadelsol-mallorca.com\/wp-content\/uploads\/2025\/05\/ff8093f2-120x120.jpg 120w, https:\/\/www.costadelsol-mallorca.com\/wp-content\/uploads\/2025\/05\/ff8093f2-210x210.jpg 210w"},{"width":150,"height":150,"file":"2025\/05\/c5f3e201.jpg","filesize":390622,"sizes":{"thumbnail":{"file":"c5f3e201-150x150.jpg","width":150,"height":150,"mime-type":"image\/jpeg","filesize":19830,"url":"https:\/\/www.costadelsol-mallorca.com\/wp-content\/uploads\/2025\/05\/c5f3e201-150x150.jpg"},"tf-client-image-size":{"file":"c5f3e201-120x120.jpg","width":120,"height":120,"mime-type":"image\/jpeg","filesize":13671,"url":"https:\/\/www.costadelsol-mallorca.com\/wp-content\/uploads\/2025\/05\/c5f3e201-120x120.jpg"},"post-thumbnail":{"file":"c5f3e201-150x87.jpg","width":150,"height":87,"mime-type":"image\/jpeg","filesize":13059,"url":"https:\/\/www.costadelsol-mallorca.com\/wp-content\/uploads\/2025\/05\/c5f3e201-150x87.jpg"},"modern-property-child-slider":{"file":"c5f3e201-680x510.jpg","width":680,"height":510,"mime-type":"image\/jpeg","filesize":184007,"url":"https:\/\/www.costadelsol-mallorca.com\/wp-content\/uploads\/2025\/05\/c5f3e201-680x510.jpg"},"property-thumb-image":{"file":"c5f3e201-488x326.jpg","width":488,"height":326,"mime-type":"image\/jpeg","filesize":98572,"url":"https:\/\/www.costadelsol-mallorca.com\/wp-content\/uploads\/2025\/05\/c5f3e201-488x326.jpg"},"property-detail-video-image":{"file":"c5f3e201-818x417.jpg","width":818,"height":417,"mime-type":"image\/jpeg","filesize":190237,"url":"https:\/\/www.costadelsol-mallorca.com\/wp-content\/uploads\/2025\/05\/c5f3e201-818x417.jpg"},"agent-image":{"file":"c5f3e201-210x210.jpg","width":210,"height":210,"mime-type":"image\/jpeg","filesize":34506,"url":"https:\/\/www.costadelsol-mallorca.com\/wp-content\/uploads\/2025\/05\/c5f3e201-210x210.jpg"},"partners-logo":{"file":"c5f3e201-600x1111.jpg","width":600,"height":1111,"mime-type":"image\/jpeg","filesize":318306,"url":"https:\/\/www.costadelsol-mallorca.com\/wp-content\/uploads\/2025\/05\/c5f3e201-600x1111.jpg"},"post-featured-image":{"file":"c5f3e201-1240x720.jpg","width":1240,"height":720,"mime-type":"image\/jpeg","filesize":407498,"url":"https:\/\/www.costadelsol-mallorca.com\/wp-content\/uploads\/2025\/05\/c5f3e201-1240x720.jpg"}},"image_meta":{"aperture":"0","credit":"","camera":"","caption":"","created_timestamp":"0","copyright":"","focal_length":"0","iso":"0","shutter_speed":"0","title":"","orientation":"0","keywords":[]},"old_width":1920,"old_height":1111,"ID":"223628","name":"c5f3e201.jpg","path":"\/home\/ro\/web\/costadelsol-mallorca.com\/public_html\/wp-content\/uploads\/2025\/05\/c5f3e201.jpg","url":"https:\/\/www.costadelsol-mallorca.com\/wp-content\/uploads\/2025\/05\/c5f3e201-150x150.jpg","full_url":"https:\/\/www.costadelsol-mallorca.com\/wp-content\/uploads\/2025\/05\/c5f3e201.jpg","title":"c5f3e201","caption":"","description":"","alt":"","srcset":"https:\/\/www.costadelsol-mallorca.com\/wp-content\/uploads\/2025\/05\/c5f3e201-150x150.jpg 150w, https:\/\/www.costadelsol-mallorca.com\/wp-content\/uploads\/2025\/05\/c5f3e201-120x120.jpg 120w, https:\/\/www.costadelsol-mallorca.com\/wp-content\/uploads\/2025\/05\/c5f3e201-210x210.jpg 210w"},{"width":150,"height":150,"file":"2025\/05\/729df6aa.jpg","filesize":697822,"sizes":{"thumbnail":{"file":"729df6aa-150x150.jpg","width":150,"height":150,"mime-type":"image\/jpeg","filesize":21825,"url":"https:\/\/www.costadelsol-mallorca.com\/wp-content\/uploads\/2025\/05\/729df6aa-150x150.jpg"},"tf-client-image-size":{"file":"729df6aa-120x120.jpg","width":120,"height":120,"mime-type":"image\/jpeg","filesize":14771,"url":"https:\/\/www.costadelsol-mallorca.com\/wp-content\/uploads\/2025\/05\/729df6aa-120x120.jpg"},"post-thumbnail":{"file":"729df6aa-150x100.jpg","width":150,"height":100,"mime-type":"image\/jpeg","filesize":15676,"url":"https:\/\/www.costadelsol-mallorca.com\/wp-content\/uploads\/2025\/05\/729df6aa-150x100.jpg"},"modern-property-child-slider":{"file":"729df6aa-680x510.jpg","width":680,"height":510,"mime-type":"image\/jpeg","filesize":238151,"url":"https:\/\/www.costadelsol-mallorca.com\/wp-content\/uploads\/2025\/05\/729df6aa-680x510.jpg"},"property-thumb-image":{"file":"729df6aa-488x326.jpg","width":488,"height":326,"mime-type":"image\/jpeg","filesize":118761,"url":"https:\/\/www.costadelsol-mallorca.com\/wp-content\/uploads\/2025\/05\/729df6aa-488x326.jpg"},"property-detail-video-image":{"file":"729df6aa-818x417.jpg","width":818,"height":417,"mime-type":"image\/jpeg","filesize":241205,"url":"https:\/\/www.costadelsol-mallorca.com\/wp-content\/uploads\/2025\/05\/729df6aa-818x417.jpg"},"agent-image":{"file":"729df6aa-210x210.jpg","width":210,"height":210,"mime-type":"image\/jpeg","filesize":39924,"url":"https:\/\/www.costadelsol-mallorca.com\/wp-content\/uploads\/2025\/05\/729df6aa-210x210.jpg"},"partners-logo":{"file":"729df6aa-600x1280.jpg","width":600,"height":1280,"mime-type":"image\/jpeg","filesize":521336,"url":"https:\/\/www.costadelsol-mallorca.com\/wp-content\/uploads\/2025\/05\/729df6aa-600x1280.jpg"},"post-featured-image":{"file":"729df6aa-1240x720.jpg","width":1240,"height":720,"mime-type":"image\/jpeg","filesize":564733,"url":"https:\/\/www.costadelsol-mallorca.com\/wp-content\/uploads\/2025\/05\/729df6aa-1240x720.jpg"}},"image_meta":{"aperture":"0","credit":"","camera":"","caption":"","created_timestamp":"0","copyright":"","focal_length":"0","iso":"0","shutter_speed":"0","title":"","orientation":"0","keywords":[]},"old_width":1920,"old_height":1280,"ID":"223632","name":"729df6aa.jpg","path":"\/home\/ro\/web\/costadelsol-mallorca.com\/public_html\/wp-content\/uploads\/2025\/05\/729df6aa.jpg","url":"https:\/\/www.costadelsol-mallorca.com\/wp-content\/uploads\/2025\/05\/729df6aa-150x150.jpg","full_url":"https:\/\/www.costadelsol-mallorca.com\/wp-content\/uploads\/2025\/05\/729df6aa.jpg","title":"729df6aa","caption":"","description":"","alt":"","srcset":"https:\/\/www.costadelsol-mallorca.com\/wp-content\/uploads\/2025\/05\/729df6aa-150x150.jpg 150w, https:\/\/www.costadelsol-mallorca.com\/wp-content\/uploads\/2025\/05\/729df6aa-120x120.jpg 120w, https:\/\/www.costadelsol-mallorca.com\/wp-content\/uploads\/2025\/05\/729df6aa-210x210.jpg 210w"}],"REAL_HOMES_change_gallery_slider_type":"","REAL_HOMES_gallery_slider_type":"thumb-on-right","inspiry_floor_plans":[],"inspiry_video_group":[],"REAL_HOMES_360_virtual_tour":"","REAL_HOMES_tour_video_url":"","REAL_HOMES_tour_video_image":[],"REAL_HOMES_agent_display_option":"agent_info","REAL_HOMES_agents":[],"REAL_HOMES_energy_class":"","REAL_HOMES_energy_performance":"","REAL_HOMES_epc_current_rating":"","REAL_HOMES_epc_potential_rating":"","REAL_HOMES_sticky":"","inspiry_property_label":"","inspiry_property_label_color":"","inspiry_property_tax":"","inspiry_additional_fee":"","REAL_HOMES_attachments":[],"inspiry_property_owner_name":"","inspiry_property_owner_contact":"","inspiry_property_owner_address":"","REAL_HOMES_property_private_note":"","inspiry_message_to_reviewer":"","REAL_HOMES_add_in_slider":"no","REAL_HOMES_slider_image":[],"REAL_HOMES_page_banner_image":[],"REAL_HOMES_hide_property_advance_search":"","REAL_HOMES_hide_advance_search":"","REAL_HOMES_custom_search_form":"","REAL_HOMES_search_form_margin_top":"","REAL_HOMES_search_form_margin_bottom":""},"_links":{"self":[{"href":"https:\/\/www.costadelsol-mallorca.com\/es\/wp-json\/wp\/v2\/property\/229470"}],"collection":[{"href":"https:\/\/www.costadelsol-mallorca.com\/es\/wp-json\/wp\/v2\/property"}],"about":[{"href":"https:\/\/www.costadelsol-mallorca.com\/es\/wp-json\/wp\/v2\/types\/property"}],"replies":[{"embeddable":true,"href":"https:\/\/www.costadelsol-mallorca.com\/es\/wp-json\/wp\/v2\/comments?post=229470"}],"version-history":[{"count":0,"href":"https:\/\/www.costadelsol-mallorca.com\/es\/wp-json\/wp\/v2\/property\/229470\/revisions"}],"wp:featuredmedia":[{"embeddable":true,"href":"https:\/\/www.costadelsol-mallorca.com\/es\/wp-json\/wp\/v2\/media\/223579"}],"wp:attachment":[{"href":"https:\/\/www.costadelsol-mallorca.com\/es\/wp-json\/wp\/v2\/media?parent=229470"}],"wp:term":[{"taxonomy":"property-feature","embeddable":true,"href":"https:\/\/www.costadelsol-mallorca.com\/es\/wp-json\/wp\/v2\/property-feature?post=229470"},{"taxonomy":"property-type","embeddable":true,"href":"https:\/\/www.costadelsol-mallorca.com\/es\/wp-json\/wp\/v2\/property-type?post=229470"},{"taxonomy":"property-city","embeddable":true,"href":"https:\/\/www.costadelsol-mallorca.com\/es\/wp-json\/wp\/v2\/property-city?post=229470"},{"taxonomy":"property-status","embeddable":true,"href":"https:\/\/www.costadelsol-mallorca.com\/es\/wp-json\/wp\/v2\/property-status?post=229470"}],"curies":[{"name":"wp","href":"https:\/\/api.w.org\/{rel}","templated":true}]}}