{"id":229476,"date":"2024-12-12T15:17:39","date_gmt":"2024-12-12T14:17:39","guid":{"rendered":"https:\/\/www.costadelsol-mallorca.com\/property\/estepona-malaga-spain-villa-3\/"},"modified":"2025-06-28T04:32:41","modified_gmt":"2025-06-28T02:32:41","slug":"estepona-malaga-spain-villa-3","status":"publish","type":"property","link":"https:\/\/www.costadelsol-mallorca.com\/es\/property\/estepona-malaga-spain-villa-3\/","title":{"rendered":"Estepona, Malaga, Spain &#8211; Villa"},"content":{"rendered":"<p>Descubra la casa de sus sue\u00f1os en la Nueva Milla de Oro y a solo unos pasos de Villa Padierna Country Club.&#xD;Ubicada en Cancelada, Estepona, esta nueva Villa est\u00e1 ubicada en una mini Comunidad de 6 Villas. Un concepto elegante con dise\u00f1o vanguardista para los amantes de la vida plena. Un ambiente encantador acompa\u00f1ado de hermosas vistas que, combinados con los elementos naturales del dise\u00f1o, crean una casa de ensue\u00f1o. Inspirada en la serenidad de un entorno natural, rodeada de monta\u00f1as y mar, esta moderna propiedad redefine el concepto de estilo de vida en la Costa del Sol.&#xD;Perfectamente situada a s\u00f3lo unos minutos de la prestigiosa Villa Padierna y muy cerca de las tranquilas playas de Estepona, es una opci\u00f3n ideal para quienes buscan elegancia, comodidad y conveniencia. En la zona hay varios servicios y restaurantes gourmet, desde restaurantes tradicionales de un peque\u00f1o municipio hasta glamurosos chiringuitos junto a la playa.&#xD;Este fant\u00e1stico proyecto est\u00e1 meticulosamente dise\u00f1ado para combinar la est\u00e9tica contempor\u00e1nea con espacios funcionales. Los acabados de alta gama, las amplias ventanas y los dise\u00f1os de planta abierta crean un flujo perfecto entre las \u00e1reas interiores y exteriores, mejorando la sensaci\u00f3n de espacio y luz. La Villa cuenta con 4 dormitorios, 4 ba\u00f1os y aseo de invitados. Tambi\u00e9n ofrece un amplio s\u00f3tano de casi 100m2 que se puede dedicar a gimnasio, spa o sala de juegos. Lo m\u00e1s destacado es sin duda el sol\u00e1rium con jacuzzi y zona de bar con orientaci\u00f3n sur, hacia el mar y las vistas de la costa africana. Amplio jard\u00edn, piscina infinita privada y patio donde familiares y amigos pueden crear nuevos recuerdos mientras se relajan o disfrutan de una cena al aire libre.<\/p>\n","protected":false},"excerpt":{"rendered":"<p>Descubra la casa de sus sue\u00f1os en la Nueva Milla de Oro y a solo unos pasos de Villa Padierna Country Club.&#xD;Ubicada en Cancelada, Estepona, esta nueva Villa est\u00e1 ubicada en una mini Comunidad de 6 Villas. Un concepto elegante con dise\u00f1o vanguardista para los amantes de la vida plena. Un ambiente encantador acompa\u00f1ado de&#8230;<\/p>\n","protected":false},"author":0,"featured_media":223937,"parent":0,"menu_order":0,"comment_status":"open","ping_status":"open","template":"","property-feature":[1553,1560,1561,1565,1566,1577,269,1578,271,1579,505,1588,1539,1611,1542,1632,1543,1633,1544,1657,1545,1664,1547,1760,1552],"property-type":[1562],"property-city":[866,875,1431],"property-status":[],"aioseo_notices":[],"property_meta":{"REAL_HOMES_property_price":"2330000","REAL_HOMES_property_old_price":"","REAL_HOMES_property_price_prefix":"","REAL_HOMES_property_price_postfix":"","REAL_HOMES_property_size":"365","REAL_HOMES_property_size_postfix":"","REAL_HOMES_property_lot_size":"","REAL_HOMES_property_lot_size_postfix":"","REAL_HOMES_property_bedrooms":"4","REAL_HOMES_property_bathrooms":"4","REAL_HOMES_property_garage":"","REAL_HOMES_property_id":"MDL155S","REAL_HOMES_property_year_built":"","REAL_HOMES_featured":"0","REAL_HOMES_additional_details_list":[["",""]],"REAL_HOMES_property_location":{"latitude":"36.4256345","longitude":"-5.1510261","zoom":""},"REAL_HOMES_property_address":"Estepona, Malaga, Spain","REAL_HOMES_property_map":"0","REAL_HOMES_property_images":[{"width":150,"height":150,"file":"2025\/05\/588f8b47.jpg","filesize":569735,"sizes":{"thumbnail":{"file":"588f8b47-150x150.jpg","width":150,"height":150,"mime-type":"image\/jpeg","filesize":21819,"url":"https:\/\/www.costadelsol-mallorca.com\/wp-content\/uploads\/2025\/05\/588f8b47-150x150.jpg"},"tf-client-image-size":{"file":"588f8b47-120x120.jpg","width":120,"height":120,"mime-type":"image\/jpeg","filesize":14479,"url":"https:\/\/www.costadelsol-mallorca.com\/wp-content\/uploads\/2025\/05\/588f8b47-120x120.jpg"},"post-thumbnail":{"file":"588f8b47-150x84.jpg","width":150,"height":84,"mime-type":"image\/jpeg","filesize":14709,"url":"https:\/\/www.costadelsol-mallorca.com\/wp-content\/uploads\/2025\/05\/588f8b47-150x84.jpg"},"modern-property-child-slider":{"file":"588f8b47-680x510.jpg","width":680,"height":510,"mime-type":"image\/jpeg","filesize":239021,"url":"https:\/\/www.costadelsol-mallorca.com\/wp-content\/uploads\/2025\/05\/588f8b47-680x510.jpg"},"property-thumb-image":{"file":"588f8b47-488x326.jpg","width":488,"height":326,"mime-type":"image\/jpeg","filesize":127532,"url":"https:\/\/www.costadelsol-mallorca.com\/wp-content\/uploads\/2025\/05\/588f8b47-488x326.jpg"},"property-detail-video-image":{"file":"588f8b47-818x417.jpg","width":818,"height":417,"mime-type":"image\/jpeg","filesize":257194,"url":"https:\/\/www.costadelsol-mallorca.com\/wp-content\/uploads\/2025\/05\/588f8b47-818x417.jpg"},"agent-image":{"file":"588f8b47-210x210.jpg","width":210,"height":210,"mime-type":"image\/jpeg","filesize":39436,"url":"https:\/\/www.costadelsol-mallorca.com\/wp-content\/uploads\/2025\/05\/588f8b47-210x210.jpg"},"partners-logo":{"file":"588f8b47-600x1080.jpg","width":600,"height":1080,"mime-type":"image\/jpeg","filesize":315999,"url":"https:\/\/www.costadelsol-mallorca.com\/wp-content\/uploads\/2025\/05\/588f8b47-600x1080.jpg"},"post-featured-image":{"file":"588f8b47-1240x720.jpg","width":1240,"height":720,"mime-type":"image\/jpeg","filesize":550855,"url":"https:\/\/www.costadelsol-mallorca.com\/wp-content\/uploads\/2025\/05\/588f8b47-1240x720.jpg"}},"image_meta":{"aperture":"0","credit":"","camera":"","caption":"","created_timestamp":"0","copyright":"","focal_length":"0","iso":"0","shutter_speed":"0","title":"","orientation":"0","keywords":[]},"old_width":1920,"old_height":1080,"ID":"223934","name":"588f8b47.jpg","path":"\/home\/ro\/web\/costadelsol-mallorca.com\/public_html\/wp-content\/uploads\/2025\/05\/588f8b47.jpg","url":"https:\/\/www.costadelsol-mallorca.com\/wp-content\/uploads\/2025\/05\/588f8b47-150x150.jpg","full_url":"https:\/\/www.costadelsol-mallorca.com\/wp-content\/uploads\/2025\/05\/588f8b47.jpg","title":"588f8b47","caption":"","description":"","alt":"","srcset":"https:\/\/www.costadelsol-mallorca.com\/wp-content\/uploads\/2025\/05\/588f8b47-150x150.jpg 150w, https:\/\/www.costadelsol-mallorca.com\/wp-content\/uploads\/2025\/05\/588f8b47-120x120.jpg 120w, https:\/\/www.costadelsol-mallorca.com\/wp-content\/uploads\/2025\/05\/588f8b47-210x210.jpg 210w"},{"width":150,"height":150,"file":"2025\/05\/18544d02.jpg","filesize":525349,"sizes":{"thumbnail":{"file":"18544d02-150x150.jpg","width":150,"height":150,"mime-type":"image\/jpeg","filesize":22281,"url":"https:\/\/www.costadelsol-mallorca.com\/wp-content\/uploads\/2025\/05\/18544d02-150x150.jpg"},"tf-client-image-size":{"file":"18544d02-120x120.jpg","width":120,"height":120,"mime-type":"image\/jpeg","filesize":14825,"url":"https:\/\/www.costadelsol-mallorca.com\/wp-content\/uploads\/2025\/05\/18544d02-120x120.jpg"},"post-thumbnail":{"file":"18544d02-150x104.jpg","width":150,"height":104,"mime-type":"image\/jpeg","filesize":16658,"url":"https:\/\/www.costadelsol-mallorca.com\/wp-content\/uploads\/2025\/05\/18544d02-150x104.jpg"},"modern-property-child-slider":{"file":"18544d02-680x510.jpg","width":680,"height":510,"mime-type":"image\/jpeg","filesize":234890,"url":"https:\/\/www.costadelsol-mallorca.com\/wp-content\/uploads\/2025\/05\/18544d02-680x510.jpg"},"property-thumb-image":{"file":"18544d02-488x326.jpg","width":488,"height":326,"mime-type":"image\/jpeg","filesize":126559,"url":"https:\/\/www.costadelsol-mallorca.com\/wp-content\/uploads\/2025\/05\/18544d02-488x326.jpg"},"property-detail-video-image":{"file":"18544d02-818x417.jpg","width":818,"height":417,"mime-type":"image\/jpeg","filesize":229429,"url":"https:\/\/www.costadelsol-mallorca.com\/wp-content\/uploads\/2025\/05\/18544d02-818x417.jpg"},"agent-image":{"file":"18544d02-210x210.jpg","width":210,"height":210,"mime-type":"image\/jpeg","filesize":40899,"url":"https:\/\/www.costadelsol-mallorca.com\/wp-content\/uploads\/2025\/05\/18544d02-210x210.jpg"},"partners-logo":{"file":"18544d02-600x1329.jpg","width":600,"height":1329,"mime-type":"image\/jpeg","filesize":322851,"url":"https:\/\/www.costadelsol-mallorca.com\/wp-content\/uploads\/2025\/05\/18544d02-600x1329.jpg"},"post-featured-image":{"file":"18544d02-1240x720.jpg","width":1240,"height":720,"mime-type":"image\/jpeg","filesize":477277,"url":"https:\/\/www.costadelsol-mallorca.com\/wp-content\/uploads\/2025\/05\/18544d02-1240x720.jpg"}},"image_meta":{"aperture":"0","credit":"","camera":"","caption":"","created_timestamp":"0","copyright":"","focal_length":"0","iso":"0","shutter_speed":"0","title":"","orientation":"0","keywords":[]},"old_width":1920,"old_height":1329,"ID":"223938","name":"18544d02.jpg","path":"\/home\/ro\/web\/costadelsol-mallorca.com\/public_html\/wp-content\/uploads\/2025\/05\/18544d02.jpg","url":"https:\/\/www.costadelsol-mallorca.com\/wp-content\/uploads\/2025\/05\/18544d02-150x150.jpg","full_url":"https:\/\/www.costadelsol-mallorca.com\/wp-content\/uploads\/2025\/05\/18544d02.jpg","title":"18544d02","caption":"","description":"","alt":"","srcset":"https:\/\/www.costadelsol-mallorca.com\/wp-content\/uploads\/2025\/05\/18544d02-150x150.jpg 150w, https:\/\/www.costadelsol-mallorca.com\/wp-content\/uploads\/2025\/05\/18544d02-120x120.jpg 120w, https:\/\/www.costadelsol-mallorca.com\/wp-content\/uploads\/2025\/05\/18544d02-210x210.jpg 210w"},{"width":150,"height":150,"file":"2025\/05\/330b46e0.jpg","filesize":502175,"sizes":{"thumbnail":{"file":"330b46e0-150x150.jpg","width":150,"height":150,"mime-type":"image\/jpeg","filesize":22621,"url":"https:\/\/www.costadelsol-mallorca.com\/wp-content\/uploads\/2025\/05\/330b46e0-150x150.jpg"},"tf-client-image-size":{"file":"330b46e0-120x120.jpg","width":120,"height":120,"mime-type":"image\/jpeg","filesize":15069,"url":"https:\/\/www.costadelsol-mallorca.com\/wp-content\/uploads\/2025\/05\/330b46e0-120x120.jpg"},"post-thumbnail":{"file":"330b46e0-150x86.jpg","width":150,"height":86,"mime-type":"image\/jpeg","filesize":14951,"url":"https:\/\/www.costadelsol-mallorca.com\/wp-content\/uploads\/2025\/05\/330b46e0-150x86.jpg"},"modern-property-child-slider":{"file":"330b46e0-680x510.jpg","width":680,"height":510,"mime-type":"image\/jpeg","filesize":227546,"url":"https:\/\/www.costadelsol-mallorca.com\/wp-content\/uploads\/2025\/05\/330b46e0-680x510.jpg"},"property-thumb-image":{"file":"330b46e0-488x326.jpg","width":488,"height":326,"mime-type":"image\/jpeg","filesize":126131,"url":"https:\/\/www.costadelsol-mallorca.com\/wp-content\/uploads\/2025\/05\/330b46e0-488x326.jpg"},"property-detail-video-image":{"file":"330b46e0-818x417.jpg","width":818,"height":417,"mime-type":"image\/jpeg","filesize":241283,"url":"https:\/\/www.costadelsol-mallorca.com\/wp-content\/uploads\/2025\/05\/330b46e0-818x417.jpg"},"agent-image":{"file":"330b46e0-210x210.jpg","width":210,"height":210,"mime-type":"image\/jpeg","filesize":40296,"url":"https:\/\/www.costadelsol-mallorca.com\/wp-content\/uploads\/2025\/05\/330b46e0-210x210.jpg"},"partners-logo":{"file":"330b46e0-600x1101.jpg","width":600,"height":1101,"mime-type":"image\/jpeg","filesize":269735,"url":"https:\/\/www.costadelsol-mallorca.com\/wp-content\/uploads\/2025\/05\/330b46e0-600x1101.jpg"},"post-featured-image":{"file":"330b46e0-1240x720.jpg","width":1240,"height":720,"mime-type":"image\/jpeg","filesize":508542,"url":"https:\/\/www.costadelsol-mallorca.com\/wp-content\/uploads\/2025\/05\/330b46e0-1240x720.jpg"}},"image_meta":{"aperture":"0","credit":"","camera":"","caption":"","created_timestamp":"0","copyright":"","focal_length":"0","iso":"0","shutter_speed":"0","title":"","orientation":"0","keywords":[]},"ID":"223942","name":"330b46e0.jpg","path":"\/home\/ro\/web\/costadelsol-mallorca.com\/public_html\/wp-content\/uploads\/2025\/05\/330b46e0.jpg","url":"https:\/\/www.costadelsol-mallorca.com\/wp-content\/uploads\/2025\/05\/330b46e0-150x150.jpg","full_url":"https:\/\/www.costadelsol-mallorca.com\/wp-content\/uploads\/2025\/05\/330b46e0.jpg","title":"330b46e0","caption":"","description":"","alt":"","srcset":"https:\/\/www.costadelsol-mallorca.com\/wp-content\/uploads\/2025\/05\/330b46e0-150x150.jpg 150w, https:\/\/www.costadelsol-mallorca.com\/wp-content\/uploads\/2025\/05\/330b46e0-120x120.jpg 120w, https:\/\/www.costadelsol-mallorca.com\/wp-content\/uploads\/2025\/05\/330b46e0-210x210.jpg 210w"},{"width":150,"height":150,"file":"2025\/05\/213a96c5.jpg","filesize":349246,"sizes":{"thumbnail":{"file":"213a96c5-150x150.jpg","width":150,"height":150,"mime-type":"image\/jpeg","filesize":16213,"url":"https:\/\/www.costadelsol-mallorca.com\/wp-content\/uploads\/2025\/05\/213a96c5-150x150.jpg"},"tf-client-image-size":{"file":"213a96c5-120x120.jpg","width":120,"height":120,"mime-type":"image\/jpeg","filesize":10689,"url":"https:\/\/www.costadelsol-mallorca.com\/wp-content\/uploads\/2025\/05\/213a96c5-120x120.jpg"},"post-thumbnail":{"file":"213a96c5-150x75.jpg","width":150,"height":75,"mime-type":"image\/jpeg","filesize":10284,"url":"https:\/\/www.costadelsol-mallorca.com\/wp-content\/uploads\/2025\/05\/213a96c5-150x75.jpg"},"modern-property-child-slider":{"file":"213a96c5-680x510.jpg","width":680,"height":510,"mime-type":"image\/jpeg","filesize":171917,"url":"https:\/\/www.costadelsol-mallorca.com\/wp-content\/uploads\/2025\/05\/213a96c5-680x510.jpg"},"property-thumb-image":{"file":"213a96c5-488x326.jpg","width":488,"height":326,"mime-type":"image\/jpeg","filesize":94121,"url":"https:\/\/www.costadelsol-mallorca.com\/wp-content\/uploads\/2025\/05\/213a96c5-488x326.jpg"},"property-detail-video-image":{"file":"213a96c5-818x417.jpg","width":818,"height":417,"mime-type":"image\/jpeg","filesize":192434,"url":"https:\/\/www.costadelsol-mallorca.com\/wp-content\/uploads\/2025\/05\/213a96c5-818x417.jpg"},"agent-image":{"file":"213a96c5-210x210.jpg","width":210,"height":210,"mime-type":"image\/jpeg","filesize":29446,"url":"https:\/\/www.costadelsol-mallorca.com\/wp-content\/uploads\/2025\/05\/213a96c5-210x210.jpg"},"partners-logo":{"file":"213a96c5-600x960.jpg","width":600,"height":960,"mime-type":"image\/jpeg","filesize":204339,"url":"https:\/\/www.costadelsol-mallorca.com\/wp-content\/uploads\/2025\/05\/213a96c5-600x960.jpg"},"post-featured-image":{"file":"213a96c5-1240x720.jpg","width":1240,"height":720,"mime-type":"image\/jpeg","filesize":383615,"url":"https:\/\/www.costadelsol-mallorca.com\/wp-content\/uploads\/2025\/05\/213a96c5-1240x720.jpg"}},"image_meta":{"aperture":"0","credit":"","camera":"","caption":"","created_timestamp":"0","copyright":"","focal_length":"0","iso":"0","shutter_speed":"0","title":"","orientation":"0","keywords":[]},"ID":"223946","name":"213a96c5.jpg","path":"\/home\/ro\/web\/costadelsol-mallorca.com\/public_html\/wp-content\/uploads\/2025\/05\/213a96c5.jpg","url":"https:\/\/www.costadelsol-mallorca.com\/wp-content\/uploads\/2025\/05\/213a96c5-150x150.jpg","full_url":"https:\/\/www.costadelsol-mallorca.com\/wp-content\/uploads\/2025\/05\/213a96c5.jpg","title":"213a96c5","caption":"","description":"","alt":"","srcset":"https:\/\/www.costadelsol-mallorca.com\/wp-content\/uploads\/2025\/05\/213a96c5-150x150.jpg 150w, https:\/\/www.costadelsol-mallorca.com\/wp-content\/uploads\/2025\/05\/213a96c5-120x120.jpg 120w, https:\/\/www.costadelsol-mallorca.com\/wp-content\/uploads\/2025\/05\/213a96c5-210x210.jpg 210w"},{"width":150,"height":150,"file":"2025\/05\/cefd6fc5.jpg","filesize":587563,"sizes":{"thumbnail":{"file":"cefd6fc5-150x150.jpg","width":150,"height":150,"mime-type":"image\/jpeg","filesize":22450,"url":"https:\/\/www.costadelsol-mallorca.com\/wp-content\/uploads\/2025\/05\/cefd6fc5-150x150.jpg"},"tf-client-image-size":{"file":"cefd6fc5-120x120.jpg","width":120,"height":120,"mime-type":"image\/jpeg","filesize":14832,"url":"https:\/\/www.costadelsol-mallorca.com\/wp-content\/uploads\/2025\/05\/cefd6fc5-120x120.jpg"},"post-thumbnail":{"file":"cefd6fc5-150x88.jpg","width":150,"height":88,"mime-type":"image\/jpeg","filesize":15152,"url":"https:\/\/www.costadelsol-mallorca.com\/wp-content\/uploads\/2025\/05\/cefd6fc5-150x88.jpg"},"modern-property-child-slider":{"file":"cefd6fc5-680x510.jpg","width":680,"height":510,"mime-type":"image\/jpeg","filesize":249822,"url":"https:\/\/www.costadelsol-mallorca.com\/wp-content\/uploads\/2025\/05\/cefd6fc5-680x510.jpg"},"property-thumb-image":{"file":"cefd6fc5-488x326.jpg","width":488,"height":326,"mime-type":"image\/jpeg","filesize":129510,"url":"https:\/\/www.costadelsol-mallorca.com\/wp-content\/uploads\/2025\/05\/cefd6fc5-488x326.jpg"},"property-detail-video-image":{"file":"cefd6fc5-818x417.jpg","width":818,"height":417,"mime-type":"image\/jpeg","filesize":255516,"url":"https:\/\/www.costadelsol-mallorca.com\/wp-content\/uploads\/2025\/05\/cefd6fc5-818x417.jpg"},"agent-image":{"file":"cefd6fc5-210x210.jpg","width":210,"height":210,"mime-type":"image\/jpeg","filesize":41494,"url":"https:\/\/www.costadelsol-mallorca.com\/wp-content\/uploads\/2025\/05\/cefd6fc5-210x210.jpg"},"partners-logo":{"file":"cefd6fc5-600x1122.jpg","width":600,"height":1122,"mime-type":"image\/jpeg","filesize":400788,"url":"https:\/\/www.costadelsol-mallorca.com\/wp-content\/uploads\/2025\/05\/cefd6fc5-600x1122.jpg"},"post-featured-image":{"file":"cefd6fc5-1240x720.jpg","width":1240,"height":720,"mime-type":"image\/jpeg","filesize":568316,"url":"https:\/\/www.costadelsol-mallorca.com\/wp-content\/uploads\/2025\/05\/cefd6fc5-1240x720.jpg"}},"image_meta":{"aperture":"0","credit":"","camera":"","caption":"","created_timestamp":"0","copyright":"","focal_length":"0","iso":"0","shutter_speed":"0","title":"","orientation":"0","keywords":[]},"ID":"223950","name":"cefd6fc5.jpg","path":"\/home\/ro\/web\/costadelsol-mallorca.com\/public_html\/wp-content\/uploads\/2025\/05\/cefd6fc5.jpg","url":"https:\/\/www.costadelsol-mallorca.com\/wp-content\/uploads\/2025\/05\/cefd6fc5-150x150.jpg","full_url":"https:\/\/www.costadelsol-mallorca.com\/wp-content\/uploads\/2025\/05\/cefd6fc5.jpg","title":"cefd6fc5","caption":"","description":"","alt":"","srcset":"https:\/\/www.costadelsol-mallorca.com\/wp-content\/uploads\/2025\/05\/cefd6fc5-150x150.jpg 150w, https:\/\/www.costadelsol-mallorca.com\/wp-content\/uploads\/2025\/05\/cefd6fc5-120x120.jpg 120w, https:\/\/www.costadelsol-mallorca.com\/wp-content\/uploads\/2025\/05\/cefd6fc5-210x210.jpg 210w"},{"width":150,"height":150,"file":"2025\/05\/e5f7186b.jpg","filesize":377102,"sizes":{"thumbnail":{"file":"e5f7186b-150x150.jpg","width":150,"height":150,"mime-type":"image\/jpeg","filesize":15387,"url":"https:\/\/www.costadelsol-mallorca.com\/wp-content\/uploads\/2025\/05\/e5f7186b-150x150.jpg"},"tf-client-image-size":{"file":"e5f7186b-120x120.jpg","width":120,"height":120,"mime-type":"image\/jpeg","filesize":10378,"url":"https:\/\/www.costadelsol-mallorca.com\/wp-content\/uploads\/2025\/05\/e5f7186b-120x120.jpg"},"post-thumbnail":{"file":"e5f7186b-150x86.jpg","width":150,"height":86,"mime-type":"image\/jpeg","filesize":10549,"url":"https:\/\/www.costadelsol-mallorca.com\/wp-content\/uploads\/2025\/05\/e5f7186b-150x86.jpg"},"modern-property-child-slider":{"file":"e5f7186b-680x510.jpg","width":680,"height":510,"mime-type":"image\/jpeg","filesize":166153,"url":"https:\/\/www.costadelsol-mallorca.com\/wp-content\/uploads\/2025\/05\/e5f7186b-680x510.jpg"},"property-thumb-image":{"file":"e5f7186b-488x326.jpg","width":488,"height":326,"mime-type":"image\/jpeg","filesize":87374,"url":"https:\/\/www.costadelsol-mallorca.com\/wp-content\/uploads\/2025\/05\/e5f7186b-488x326.jpg"},"property-detail-video-image":{"file":"e5f7186b-818x417.jpg","width":818,"height":417,"mime-type":"image\/jpeg","filesize":176110,"url":"https:\/\/www.costadelsol-mallorca.com\/wp-content\/uploads\/2025\/05\/e5f7186b-818x417.jpg"},"agent-image":{"file":"e5f7186b-210x210.jpg","width":210,"height":210,"mime-type":"image\/jpeg","filesize":27802,"url":"https:\/\/www.costadelsol-mallorca.com\/wp-content\/uploads\/2025\/05\/e5f7186b-210x210.jpg"},"partners-logo":{"file":"e5f7186b-600x1096.jpg","width":600,"height":1096,"mime-type":"image\/jpeg","filesize":236890,"url":"https:\/\/www.costadelsol-mallorca.com\/wp-content\/uploads\/2025\/05\/e5f7186b-600x1096.jpg"},"post-featured-image":{"file":"e5f7186b-1240x720.jpg","width":1240,"height":720,"mime-type":"image\/jpeg","filesize":381550,"url":"https:\/\/www.costadelsol-mallorca.com\/wp-content\/uploads\/2025\/05\/e5f7186b-1240x720.jpg"}},"image_meta":{"aperture":"0","credit":"","camera":"","caption":"","created_timestamp":"0","copyright":"","focal_length":"0","iso":"0","shutter_speed":"0","title":"","orientation":"0","keywords":[]},"ID":"223954","name":"e5f7186b.jpg","path":"\/home\/ro\/web\/costadelsol-mallorca.com\/public_html\/wp-content\/uploads\/2025\/05\/e5f7186b.jpg","url":"https:\/\/www.costadelsol-mallorca.com\/wp-content\/uploads\/2025\/05\/e5f7186b-150x150.jpg","full_url":"https:\/\/www.costadelsol-mallorca.com\/wp-content\/uploads\/2025\/05\/e5f7186b.jpg","title":"e5f7186b","caption":"","description":"","alt":"","srcset":"https:\/\/www.costadelsol-mallorca.com\/wp-content\/uploads\/2025\/05\/e5f7186b-150x150.jpg 150w, https:\/\/www.costadelsol-mallorca.com\/wp-content\/uploads\/2025\/05\/e5f7186b-120x120.jpg 120w, https:\/\/www.costadelsol-mallorca.com\/wp-content\/uploads\/2025\/05\/e5f7186b-210x210.jpg 210w"},{"width":150,"height":150,"file":"2025\/05\/bd713bf9.jpg","filesize":462461,"sizes":{"thumbnail":{"file":"bd713bf9-150x150.jpg","width":150,"height":150,"mime-type":"image\/jpeg","filesize":17740,"url":"https:\/\/www.costadelsol-mallorca.com\/wp-content\/uploads\/2025\/05\/bd713bf9-150x150.jpg"},"tf-client-image-size":{"file":"bd713bf9-120x120.jpg","width":120,"height":120,"mime-type":"image\/jpeg","filesize":11904,"url":"https:\/\/www.costadelsol-mallorca.com\/wp-content\/uploads\/2025\/05\/bd713bf9-120x120.jpg"},"post-thumbnail":{"file":"bd713bf9-150x100.jpg","width":150,"height":100,"mime-type":"image\/jpeg","filesize":13631,"url":"https:\/\/www.costadelsol-mallorca.com\/wp-content\/uploads\/2025\/05\/bd713bf9-150x100.jpg"},"modern-property-child-slider":{"file":"bd713bf9-680x510.jpg","width":680,"height":510,"mime-type":"image\/jpeg","filesize":198140,"url":"https:\/\/www.costadelsol-mallorca.com\/wp-content\/uploads\/2025\/05\/bd713bf9-680x510.jpg"},"property-thumb-image":{"file":"bd713bf9-488x326.jpg","width":488,"height":326,"mime-type":"image\/jpeg","filesize":102664,"url":"https:\/\/www.costadelsol-mallorca.com\/wp-content\/uploads\/2025\/05\/bd713bf9-488x326.jpg"},"property-detail-video-image":{"file":"bd713bf9-818x417.jpg","width":818,"height":417,"mime-type":"image\/jpeg","filesize":207059,"url":"https:\/\/www.costadelsol-mallorca.com\/wp-content\/uploads\/2025\/05\/bd713bf9-818x417.jpg"},"agent-image":{"file":"bd713bf9-210x210.jpg","width":210,"height":210,"mime-type":"image\/jpeg","filesize":32429,"url":"https:\/\/www.costadelsol-mallorca.com\/wp-content\/uploads\/2025\/05\/bd713bf9-210x210.jpg"},"partners-logo":{"file":"bd713bf9-600x1279.jpg","width":600,"height":1279,"mime-type":"image\/jpeg","filesize":255483,"url":"https:\/\/www.costadelsol-mallorca.com\/wp-content\/uploads\/2025\/05\/bd713bf9-600x1279.jpg"},"post-featured-image":{"file":"bd713bf9-1240x720.jpg","width":1240,"height":720,"mime-type":"image\/jpeg","filesize":440715,"url":"https:\/\/www.costadelsol-mallorca.com\/wp-content\/uploads\/2025\/05\/bd713bf9-1240x720.jpg"}},"image_meta":{"aperture":"0","credit":"","camera":"","caption":"","created_timestamp":"0","copyright":"","focal_length":"0","iso":"0","shutter_speed":"0","title":"","orientation":"0","keywords":[]},"ID":"223958","name":"bd713bf9.jpg","path":"\/home\/ro\/web\/costadelsol-mallorca.com\/public_html\/wp-content\/uploads\/2025\/05\/bd713bf9.jpg","url":"https:\/\/www.costadelsol-mallorca.com\/wp-content\/uploads\/2025\/05\/bd713bf9-150x150.jpg","full_url":"https:\/\/www.costadelsol-mallorca.com\/wp-content\/uploads\/2025\/05\/bd713bf9.jpg","title":"bd713bf9","caption":"","description":"","alt":"","srcset":"https:\/\/www.costadelsol-mallorca.com\/wp-content\/uploads\/2025\/05\/bd713bf9-150x150.jpg 150w, https:\/\/www.costadelsol-mallorca.com\/wp-content\/uploads\/2025\/05\/bd713bf9-120x120.jpg 120w, https:\/\/www.costadelsol-mallorca.com\/wp-content\/uploads\/2025\/05\/bd713bf9-210x210.jpg 210w"},{"width":150,"height":150,"file":"2025\/05\/00614941.jpg","filesize":281497,"sizes":{"thumbnail":{"file":"00614941-150x150.jpg","width":150,"height":150,"mime-type":"image\/jpeg","filesize":13924,"url":"https:\/\/www.costadelsol-mallorca.com\/wp-content\/uploads\/2025\/05\/00614941-150x150.jpg"},"tf-client-image-size":{"file":"00614941-120x120.jpg","width":120,"height":120,"mime-type":"image\/jpeg","filesize":9305,"url":"https:\/\/www.costadelsol-mallorca.com\/wp-content\/uploads\/2025\/05\/00614941-120x120.jpg"},"post-thumbnail":{"file":"00614941-150x81.jpg","width":150,"height":81,"mime-type":"image\/jpeg","filesize":9352,"url":"https:\/\/www.costadelsol-mallorca.com\/wp-content\/uploads\/2025\/05\/00614941-150x81.jpg"},"modern-property-child-slider":{"file":"00614941-680x510.jpg","width":680,"height":510,"mime-type":"image\/jpeg","filesize":133443,"url":"https:\/\/www.costadelsol-mallorca.com\/wp-content\/uploads\/2025\/05\/00614941-680x510.jpg"},"property-thumb-image":{"file":"00614941-488x326.jpg","width":488,"height":326,"mime-type":"image\/jpeg","filesize":70872,"url":"https:\/\/www.costadelsol-mallorca.com\/wp-content\/uploads\/2025\/05\/00614941-488x326.jpg"},"property-detail-video-image":{"file":"00614941-818x417.jpg","width":818,"height":417,"mime-type":"image\/jpeg","filesize":143964,"url":"https:\/\/www.costadelsol-mallorca.com\/wp-content\/uploads\/2025\/05\/00614941-818x417.jpg"},"agent-image":{"file":"00614941-210x210.jpg","width":210,"height":210,"mime-type":"image\/jpeg","filesize":23753,"url":"https:\/\/www.costadelsol-mallorca.com\/wp-content\/uploads\/2025\/05\/00614941-210x210.jpg"},"partners-logo":{"file":"00614941-600x1036.jpg","width":600,"height":1036,"mime-type":"image\/jpeg","filesize":187840,"url":"https:\/\/www.costadelsol-mallorca.com\/wp-content\/uploads\/2025\/05\/00614941-600x1036.jpg"},"post-featured-image":{"file":"00614941-1240x720.jpg","width":1240,"height":720,"mime-type":"image\/jpeg","filesize":308984,"url":"https:\/\/www.costadelsol-mallorca.com\/wp-content\/uploads\/2025\/05\/00614941-1240x720.jpg"}},"image_meta":{"aperture":"0","credit":"","camera":"","caption":"","created_timestamp":"0","copyright":"","focal_length":"0","iso":"0","shutter_speed":"0","title":"","orientation":"0","keywords":[]},"ID":"223962","name":"00614941.jpg","path":"\/home\/ro\/web\/costadelsol-mallorca.com\/public_html\/wp-content\/uploads\/2025\/05\/00614941.jpg","url":"https:\/\/www.costadelsol-mallorca.com\/wp-content\/uploads\/2025\/05\/00614941-150x150.jpg","full_url":"https:\/\/www.costadelsol-mallorca.com\/wp-content\/uploads\/2025\/05\/00614941.jpg","title":"00614941","caption":"","description":"","alt":"","srcset":"https:\/\/www.costadelsol-mallorca.com\/wp-content\/uploads\/2025\/05\/00614941-150x150.jpg 150w, https:\/\/www.costadelsol-mallorca.com\/wp-content\/uploads\/2025\/05\/00614941-120x120.jpg 120w, https:\/\/www.costadelsol-mallorca.com\/wp-content\/uploads\/2025\/05\/00614941-210x210.jpg 210w"},{"width":150,"height":150,"file":"2025\/05\/2d688764.jpg","filesize":618592,"sizes":{"thumbnail":{"file":"2d688764-150x150.jpg","width":150,"height":150,"mime-type":"image\/jpeg","filesize":22394,"url":"https:\/\/www.costadelsol-mallorca.com\/wp-content\/uploads\/2025\/05\/2d688764-150x150.jpg"},"tf-client-image-size":{"file":"2d688764-120x120.jpg","width":120,"height":120,"mime-type":"image\/jpeg","filesize":14645,"url":"https:\/\/www.costadelsol-mallorca.com\/wp-content\/uploads\/2025\/05\/2d688764-120x120.jpg"},"post-thumbnail":{"file":"2d688764-150x84.jpg","width":150,"height":84,"mime-type":"image\/jpeg","filesize":15308,"url":"https:\/\/www.costadelsol-mallorca.com\/wp-content\/uploads\/2025\/05\/2d688764-150x84.jpg"},"modern-property-child-slider":{"file":"2d688764-680x510.jpg","width":680,"height":510,"mime-type":"image\/jpeg","filesize":248591,"url":"https:\/\/www.costadelsol-mallorca.com\/wp-content\/uploads\/2025\/05\/2d688764-680x510.jpg"},"property-thumb-image":{"file":"2d688764-488x326.jpg","width":488,"height":326,"mime-type":"image\/jpeg","filesize":134069,"url":"https:\/\/www.costadelsol-mallorca.com\/wp-content\/uploads\/2025\/05\/2d688764-488x326.jpg"},"property-detail-video-image":{"file":"2d688764-818x417.jpg","width":818,"height":417,"mime-type":"image\/jpeg","filesize":275448,"url":"https:\/\/www.costadelsol-mallorca.com\/wp-content\/uploads\/2025\/05\/2d688764-818x417.jpg"},"agent-image":{"file":"2d688764-210x210.jpg","width":210,"height":210,"mime-type":"image\/jpeg","filesize":40911,"url":"https:\/\/www.costadelsol-mallorca.com\/wp-content\/uploads\/2025\/05\/2d688764-210x210.jpg"},"partners-logo":{"file":"2d688764-600x1080.jpg","width":600,"height":1080,"mime-type":"image\/jpeg","filesize":317300,"url":"https:\/\/www.costadelsol-mallorca.com\/wp-content\/uploads\/2025\/05\/2d688764-600x1080.jpg"},"post-featured-image":{"file":"2d688764-1240x720.jpg","width":1240,"height":720,"mime-type":"image\/jpeg","filesize":586847,"url":"https:\/\/www.costadelsol-mallorca.com\/wp-content\/uploads\/2025\/05\/2d688764-1240x720.jpg"}},"image_meta":{"aperture":"0","credit":"","camera":"","caption":"","created_timestamp":"0","copyright":"","focal_length":"0","iso":"0","shutter_speed":"0","title":"","orientation":"0","keywords":[]},"ID":"223966","name":"2d688764.jpg","path":"\/home\/ro\/web\/costadelsol-mallorca.com\/public_html\/wp-content\/uploads\/2025\/05\/2d688764.jpg","url":"https:\/\/www.costadelsol-mallorca.com\/wp-content\/uploads\/2025\/05\/2d688764-150x150.jpg","full_url":"https:\/\/www.costadelsol-mallorca.com\/wp-content\/uploads\/2025\/05\/2d688764.jpg","title":"2d688764","caption":"","description":"","alt":"","srcset":"https:\/\/www.costadelsol-mallorca.com\/wp-content\/uploads\/2025\/05\/2d688764-150x150.jpg 150w, https:\/\/www.costadelsol-mallorca.com\/wp-content\/uploads\/2025\/05\/2d688764-120x120.jpg 120w, https:\/\/www.costadelsol-mallorca.com\/wp-content\/uploads\/2025\/05\/2d688764-210x210.jpg 210w"},{"width":150,"height":150,"file":"2025\/05\/290552f3.jpg","filesize":740597,"sizes":{"thumbnail":{"file":"290552f3-150x150.jpg","width":150,"height":150,"mime-type":"image\/jpeg","filesize":25268,"url":"https:\/\/www.costadelsol-mallorca.com\/wp-content\/uploads\/2025\/05\/290552f3-150x150.jpg"},"tf-client-image-size":{"file":"290552f3-120x120.jpg","width":120,"height":120,"mime-type":"image\/jpeg","filesize":16661,"url":"https:\/\/www.costadelsol-mallorca.com\/wp-content\/uploads\/2025\/05\/290552f3-120x120.jpg"},"post-thumbnail":{"file":"290552f3-150x100.jpg","width":150,"height":100,"mime-type":"image\/jpeg","filesize":18918,"url":"https:\/\/www.costadelsol-mallorca.com\/wp-content\/uploads\/2025\/05\/290552f3-150x100.jpg"},"modern-property-child-slider":{"file":"290552f3-680x510.jpg","width":680,"height":510,"mime-type":"image\/jpeg","filesize":284619,"url":"https:\/\/www.costadelsol-mallorca.com\/wp-content\/uploads\/2025\/05\/290552f3-680x510.jpg"},"property-thumb-image":{"file":"290552f3-488x326.jpg","width":488,"height":326,"mime-type":"image\/jpeg","filesize":149707,"url":"https:\/\/www.costadelsol-mallorca.com\/wp-content\/uploads\/2025\/05\/290552f3-488x326.jpg"},"property-detail-video-image":{"file":"290552f3-818x417.jpg","width":818,"height":417,"mime-type":"image\/jpeg","filesize":271412,"url":"https:\/\/www.costadelsol-mallorca.com\/wp-content\/uploads\/2025\/05\/290552f3-818x417.jpg"},"agent-image":{"file":"290552f3-210x210.jpg","width":210,"height":210,"mime-type":"image\/jpeg","filesize":46504,"url":"https:\/\/www.costadelsol-mallorca.com\/wp-content\/uploads\/2025\/05\/290552f3-210x210.jpg"},"partners-logo":{"file":"290552f3-600x1279.jpg","width":600,"height":1279,"mime-type":"image\/jpeg","filesize":432378,"url":"https:\/\/www.costadelsol-mallorca.com\/wp-content\/uploads\/2025\/05\/290552f3-600x1279.jpg"},"post-featured-image":{"file":"290552f3-1240x720.jpg","width":1240,"height":720,"mime-type":"image\/jpeg","filesize":622210,"url":"https:\/\/www.costadelsol-mallorca.com\/wp-content\/uploads\/2025\/05\/290552f3-1240x720.jpg"}},"image_meta":{"aperture":"0","credit":"","camera":"","caption":"","created_timestamp":"0","copyright":"","focal_length":"0","iso":"0","shutter_speed":"0","title":"","orientation":"0","keywords":[]},"ID":"223970","name":"290552f3.jpg","path":"\/home\/ro\/web\/costadelsol-mallorca.com\/public_html\/wp-content\/uploads\/2025\/05\/290552f3.jpg","url":"https:\/\/www.costadelsol-mallorca.com\/wp-content\/uploads\/2025\/05\/290552f3-150x150.jpg","full_url":"https:\/\/www.costadelsol-mallorca.com\/wp-content\/uploads\/2025\/05\/290552f3.jpg","title":"290552f3","caption":"","description":"","alt":"","srcset":"https:\/\/www.costadelsol-mallorca.com\/wp-content\/uploads\/2025\/05\/290552f3-150x150.jpg 150w, https:\/\/www.costadelsol-mallorca.com\/wp-content\/uploads\/2025\/05\/290552f3-120x120.jpg 120w, https:\/\/www.costadelsol-mallorca.com\/wp-content\/uploads\/2025\/05\/290552f3-210x210.jpg 210w"},{"width":150,"height":150,"file":"2025\/05\/756deb69.jpg","filesize":455620,"sizes":{"thumbnail":{"file":"756deb69-150x150.jpg","width":150,"height":150,"mime-type":"image\/jpeg","filesize":20228,"url":"https:\/\/www.costadelsol-mallorca.com\/wp-content\/uploads\/2025\/05\/756deb69-150x150.jpg"},"tf-client-image-size":{"file":"756deb69-120x120.jpg","width":120,"height":120,"mime-type":"image\/jpeg","filesize":13377,"url":"https:\/\/www.costadelsol-mallorca.com\/wp-content\/uploads\/2025\/05\/756deb69-120x120.jpg"},"post-thumbnail":{"file":"756deb69-150x81.jpg","width":150,"height":81,"mime-type":"image\/jpeg","filesize":11917,"url":"https:\/\/www.costadelsol-mallorca.com\/wp-content\/uploads\/2025\/05\/756deb69-150x81.jpg"},"modern-property-child-slider":{"file":"756deb69-680x510.jpg","width":680,"height":510,"mime-type":"image\/jpeg","filesize":211426,"url":"https:\/\/www.costadelsol-mallorca.com\/wp-content\/uploads\/2025\/05\/756deb69-680x510.jpg"},"property-thumb-image":{"file":"756deb69-488x326.jpg","width":488,"height":326,"mime-type":"image\/jpeg","filesize":108178,"url":"https:\/\/www.costadelsol-mallorca.com\/wp-content\/uploads\/2025\/05\/756deb69-488x326.jpg"},"property-detail-video-image":{"file":"756deb69-818x417.jpg","width":818,"height":417,"mime-type":"image\/jpeg","filesize":221661,"url":"https:\/\/www.costadelsol-mallorca.com\/wp-content\/uploads\/2025\/05\/756deb69-818x417.jpg"},"agent-image":{"file":"756deb69-210x210.jpg","width":210,"height":210,"mime-type":"image\/jpeg","filesize":37495,"url":"https:\/\/www.costadelsol-mallorca.com\/wp-content\/uploads\/2025\/05\/756deb69-210x210.jpg"},"partners-logo":{"file":"756deb69-600x1038.jpg","width":600,"height":1038,"mime-type":"image\/jpeg","filesize":385088,"url":"https:\/\/www.costadelsol-mallorca.com\/wp-content\/uploads\/2025\/05\/756deb69-600x1038.jpg"},"post-featured-image":{"file":"756deb69-1240x720.jpg","width":1240,"height":720,"mime-type":"image\/jpeg","filesize":479067,"url":"https:\/\/www.costadelsol-mallorca.com\/wp-content\/uploads\/2025\/05\/756deb69-1240x720.jpg"}},"image_meta":{"aperture":"0","credit":"","camera":"","caption":"","created_timestamp":"0","copyright":"","focal_length":"0","iso":"0","shutter_speed":"0","title":"","orientation":"0","keywords":[]},"ID":"223974","name":"756deb69.jpg","path":"\/home\/ro\/web\/costadelsol-mallorca.com\/public_html\/wp-content\/uploads\/2025\/05\/756deb69.jpg","url":"https:\/\/www.costadelsol-mallorca.com\/wp-content\/uploads\/2025\/05\/756deb69-150x150.jpg","full_url":"https:\/\/www.costadelsol-mallorca.com\/wp-content\/uploads\/2025\/05\/756deb69.jpg","title":"756deb69","caption":"","description":"","alt":"","srcset":"https:\/\/www.costadelsol-mallorca.com\/wp-content\/uploads\/2025\/05\/756deb69-150x150.jpg 150w, https:\/\/www.costadelsol-mallorca.com\/wp-content\/uploads\/2025\/05\/756deb69-120x120.jpg 120w, https:\/\/www.costadelsol-mallorca.com\/wp-content\/uploads\/2025\/05\/756deb69-210x210.jpg 210w"},{"width":150,"height":150,"file":"2025\/05\/8acc71b1.jpg","filesize":625889,"sizes":{"thumbnail":{"file":"8acc71b1-150x150.jpg","width":150,"height":150,"mime-type":"image\/jpeg","filesize":19844,"url":"https:\/\/www.costadelsol-mallorca.com\/wp-content\/uploads\/2025\/05\/8acc71b1-150x150.jpg"},"tf-client-image-size":{"file":"8acc71b1-120x120.jpg","width":120,"height":120,"mime-type":"image\/jpeg","filesize":13142,"url":"https:\/\/www.costadelsol-mallorca.com\/wp-content\/uploads\/2025\/05\/8acc71b1-120x120.jpg"},"post-thumbnail":{"file":"8acc71b1-150x84.jpg","width":150,"height":84,"mime-type":"image\/jpeg","filesize":14423,"url":"https:\/\/www.costadelsol-mallorca.com\/wp-content\/uploads\/2025\/05\/8acc71b1-150x84.jpg"},"modern-property-child-slider":{"file":"8acc71b1-680x510.jpg","width":680,"height":510,"mime-type":"image\/jpeg","filesize":241962,"url":"https:\/\/www.costadelsol-mallorca.com\/wp-content\/uploads\/2025\/05\/8acc71b1-680x510.jpg"},"property-thumb-image":{"file":"8acc71b1-488x326.jpg","width":488,"height":326,"mime-type":"image\/jpeg","filesize":128449,"url":"https:\/\/www.costadelsol-mallorca.com\/wp-content\/uploads\/2025\/05\/8acc71b1-488x326.jpg"},"property-detail-video-image":{"file":"8acc71b1-818x417.jpg","width":818,"height":417,"mime-type":"image\/jpeg","filesize":259982,"url":"https:\/\/www.costadelsol-mallorca.com\/wp-content\/uploads\/2025\/05\/8acc71b1-818x417.jpg"},"agent-image":{"file":"8acc71b1-210x210.jpg","width":210,"height":210,"mime-type":"image\/jpeg","filesize":36768,"url":"https:\/\/www.costadelsol-mallorca.com\/wp-content\/uploads\/2025\/05\/8acc71b1-210x210.jpg"},"partners-logo":{"file":"8acc71b1-600x1080.jpg","width":600,"height":1080,"mime-type":"image\/jpeg","filesize":300134,"url":"https:\/\/www.costadelsol-mallorca.com\/wp-content\/uploads\/2025\/05\/8acc71b1-600x1080.jpg"},"post-featured-image":{"file":"8acc71b1-1240x720.jpg","width":1240,"height":720,"mime-type":"image\/jpeg","filesize":583134,"url":"https:\/\/www.costadelsol-mallorca.com\/wp-content\/uploads\/2025\/05\/8acc71b1-1240x720.jpg"}},"image_meta":{"aperture":"0","credit":"","camera":"","caption":"","created_timestamp":"0","copyright":"","focal_length":"0","iso":"0","shutter_speed":"0","title":"","orientation":"0","keywords":[]},"ID":"223978","name":"8acc71b1.jpg","path":"\/home\/ro\/web\/costadelsol-mallorca.com\/public_html\/wp-content\/uploads\/2025\/05\/8acc71b1.jpg","url":"https:\/\/www.costadelsol-mallorca.com\/wp-content\/uploads\/2025\/05\/8acc71b1-150x150.jpg","full_url":"https:\/\/www.costadelsol-mallorca.com\/wp-content\/uploads\/2025\/05\/8acc71b1.jpg","title":"8acc71b1","caption":"","description":"","alt":"","srcset":"https:\/\/www.costadelsol-mallorca.com\/wp-content\/uploads\/2025\/05\/8acc71b1-150x150.jpg 150w, https:\/\/www.costadelsol-mallorca.com\/wp-content\/uploads\/2025\/05\/8acc71b1-120x120.jpg 120w, https:\/\/www.costadelsol-mallorca.com\/wp-content\/uploads\/2025\/05\/8acc71b1-210x210.jpg 210w"}],"REAL_HOMES_change_gallery_slider_type":"","REAL_HOMES_gallery_slider_type":"thumb-on-right","inspiry_floor_plans":[],"inspiry_video_group":[],"REAL_HOMES_360_virtual_tour":"","REAL_HOMES_tour_video_url":"","REAL_HOMES_tour_video_image":[],"REAL_HOMES_agent_display_option":"agent_info","REAL_HOMES_agents":[],"REAL_HOMES_energy_class":"","REAL_HOMES_energy_performance":"","REAL_HOMES_epc_current_rating":"","REAL_HOMES_epc_potential_rating":"","REAL_HOMES_sticky":"","inspiry_property_label":"","inspiry_property_label_color":"","inspiry_property_tax":"","inspiry_additional_fee":"","REAL_HOMES_attachments":[],"inspiry_property_owner_name":"","inspiry_property_owner_contact":"","inspiry_property_owner_address":"","REAL_HOMES_property_private_note":"","inspiry_message_to_reviewer":"","REAL_HOMES_add_in_slider":"no","REAL_HOMES_slider_image":[],"REAL_HOMES_page_banner_image":[],"REAL_HOMES_hide_property_advance_search":"","REAL_HOMES_hide_advance_search":"","REAL_HOMES_custom_search_form":"","REAL_HOMES_search_form_margin_top":"","REAL_HOMES_search_form_margin_bottom":""},"_links":{"self":[{"href":"https:\/\/www.costadelsol-mallorca.com\/es\/wp-json\/wp\/v2\/property\/229476"}],"collection":[{"href":"https:\/\/www.costadelsol-mallorca.com\/es\/wp-json\/wp\/v2\/property"}],"about":[{"href":"https:\/\/www.costadelsol-mallorca.com\/es\/wp-json\/wp\/v2\/types\/property"}],"replies":[{"embeddable":true,"href":"https:\/\/www.costadelsol-mallorca.com\/es\/wp-json\/wp\/v2\/comments?post=229476"}],"version-history":[{"count":0,"href":"https:\/\/www.costadelsol-mallorca.com\/es\/wp-json\/wp\/v2\/property\/229476\/revisions"}],"wp:featuredmedia":[{"embeddable":true,"href":"https:\/\/www.costadelsol-mallorca.com\/es\/wp-json\/wp\/v2\/media\/223937"}],"wp:attachment":[{"href":"https:\/\/www.costadelsol-mallorca.com\/es\/wp-json\/wp\/v2\/media?parent=229476"}],"wp:term":[{"taxonomy":"property-feature","embeddable":true,"href":"https:\/\/www.costadelsol-mallorca.com\/es\/wp-json\/wp\/v2\/property-feature?post=229476"},{"taxonomy":"property-type","embeddable":true,"href":"https:\/\/www.costadelsol-mallorca.com\/es\/wp-json\/wp\/v2\/property-type?post=229476"},{"taxonomy":"property-city","embeddable":true,"href":"https:\/\/www.costadelsol-mallorca.com\/es\/wp-json\/wp\/v2\/property-city?post=229476"},{"taxonomy":"property-status","embeddable":true,"href":"https:\/\/www.costadelsol-mallorca.com\/es\/wp-json\/wp\/v2\/property-status?post=229476"}],"curies":[{"name":"wp","href":"https:\/\/api.w.org\/{rel}","templated":true}]}}