{"id":229493,"date":"2026-03-19T09:19:59","date_gmt":"2026-03-19T08:19:59","guid":{"rendered":"https:\/\/www.costadelsol-mallorca.com\/property\/san-pedro-de-alcantara-malaga-spain-semi-detached-house\/"},"modified":"2026-03-21T04:32:11","modified_gmt":"2026-03-21T03:32:11","slug":"san-pedro-de-alcantara-malaga-spain-semi-detached-house","status":"publish","type":"property","link":"https:\/\/www.costadelsol-mallorca.com\/es\/property\/san-pedro-de-alcantara-malaga-spain-semi-detached-house\/","title":{"rendered":"San Pedro de Alcantara, Malaga, Spain &#8211; Semi Detached House"},"content":{"rendered":"<p>Villa de 5 dormitorios en el coraz\u00f3n de San Pedro de Alc\u00e1ntara, Marbella como una gran casa familiar tradicional o se presta&#xD; como un proyecto de reforma&#xD; La propiedad tiene una impresionante 353m \u00b2 dividido en cuatro niveles, ofreciendo una excepcional mezcla de estilo tradicional, la comodidad y el potencial para la modernizaci\u00f3n.&#xD; estilo tradicional, comodidad y potencial de modernizaci\u00f3n.&#xD; Una generosa distribuci\u00f3n que incluye un luminoso y aireado sal\u00f3n perfecto para relajarse, un comedor formal separado,&#xD; y una gran cocina que se abre a un patio acogedor, ideal para cenar al aire libre.Tres cuartos de ba\u00f1o &#xD;Un gran s\u00f3tano con cocina americana que podr\u00eda servir como bodega o alojamiento para el personal.&#xD; tiene un dormitorio y un ba\u00f1o separados&#xD; El alojamiento de la propiedad y la ubicaci\u00f3n se presta a una alta demanda de alquiler a corto y largo plazo por lo que es&#xD; una opci\u00f3n ideal para los inversores que buscan sacar provecho de este pr\u00f3spero mercado tur\u00edstico.&#xD; La villa incluye un garaje seguro con capacidad para dos coches grandes, junto con espacio de almacenamiento adicional&#xD; para mantener su casa organizada.&#xD; Una verdadera oportunidad de inversi\u00f3n idealmente situado en el vibrante centro de San Pedro de Alc\u00e1ntara que es&#xD; mejorado por el nuevo proyecto del ayuntamiento para peatonalizar la zona con la creaci\u00f3n del nuevo boulvevard&#xD;&#xD;Traducci\u00f3n realizada con la versi\u00f3n gratuita del traductor DeepL.com<\/p>\n","protected":false},"excerpt":{"rendered":"<p>Villa de 5 dormitorios en el coraz\u00f3n de San Pedro de Alc\u00e1ntara, Marbella como una gran casa familiar tradicional o se presta&#xD; como un proyecto de reforma&#xD; La propiedad tiene una impresionante 353m \u00b2 dividido en cuatro niveles, ofreciendo una excepcional mezcla de estilo tradicional, la comodidad y el potencial para la modernizaci\u00f3n.&#xD; estilo tradicional,&#8230;<\/p>\n","protected":false},"author":0,"featured_media":231416,"parent":0,"menu_order":0,"comment_status":"open","ping_status":"open","template":"","property-feature":[1566,1569,1578,1583,1539,1586,1542,1604,1543,1631,1547,1634,1548,1664,1550,1671,1551,1698,1552,1760,1553,1773,1558,1561,1565],"property-type":[247],"property-city":[866,875,1575],"property-status":[],"aioseo_notices":[],"property_meta":{"REAL_HOMES_property_price":"750000","REAL_HOMES_property_old_price":"","REAL_HOMES_property_price_prefix":"","REAL_HOMES_property_price_postfix":"","REAL_HOMES_property_size":"240","REAL_HOMES_property_size_postfix":"","REAL_HOMES_property_lot_size":"","REAL_HOMES_property_lot_size_postfix":"","REAL_HOMES_property_bedrooms":"5","REAL_HOMES_property_bathrooms":"3","REAL_HOMES_property_garage":"","REAL_HOMES_property_id":"MDL190S","REAL_HOMES_property_year_built":"","REAL_HOMES_featured":"0","REAL_HOMES_additional_details_list":[["",""]],"REAL_HOMES_property_location":{"latitude":"","longitude":"","zoom":""},"REAL_HOMES_property_address":"","REAL_HOMES_property_map":"0","REAL_HOMES_property_images":[{"width":150,"height":150,"file":"2025\/11\/1335a22a.jpg","filesize":784614,"sizes":{"thumbnail":{"file":"1335a22a-150x150.jpg","width":150,"height":150,"mime-type":"image\/jpeg","filesize":23069,"url":"https:\/\/www.costadelsol-mallorca.com\/wp-content\/uploads\/2025\/11\/1335a22a-150x150.jpg"},"tf-client-image-size":{"file":"1335a22a-120x120.jpg","width":120,"height":120,"mime-type":"image\/jpeg","filesize":15511,"url":"https:\/\/www.costadelsol-mallorca.com\/wp-content\/uploads\/2025\/11\/1335a22a-120x120.jpg"},"post-thumbnail":{"file":"1335a22a-150x118.jpg","width":150,"height":118,"mime-type":"image\/jpeg","filesize":19593,"url":"https:\/\/www.costadelsol-mallorca.com\/wp-content\/uploads\/2025\/11\/1335a22a-150x118.jpg"},"modern-property-child-slider":{"file":"1335a22a-680x510.jpg","width":680,"height":510,"mime-type":"image\/jpeg","filesize":250625,"url":"https:\/\/www.costadelsol-mallorca.com\/wp-content\/uploads\/2025\/11\/1335a22a-680x510.jpg"},"property-thumb-image":{"file":"1335a22a-488x326.jpg","width":488,"height":326,"mime-type":"image\/jpeg","filesize":129135,"url":"https:\/\/www.costadelsol-mallorca.com\/wp-content\/uploads\/2025\/11\/1335a22a-488x326.jpg"},"property-detail-video-image":{"file":"1335a22a-818x417.jpg","width":818,"height":417,"mime-type":"image\/jpeg","filesize":240415,"url":"https:\/\/www.costadelsol-mallorca.com\/wp-content\/uploads\/2025\/11\/1335a22a-818x417.jpg"},"agent-image":{"file":"1335a22a-210x210.jpg","width":210,"height":210,"mime-type":"image\/jpeg","filesize":41923,"url":"https:\/\/www.costadelsol-mallorca.com\/wp-content\/uploads\/2025\/11\/1335a22a-210x210.jpg"},"partners-logo":{"file":"1335a22a-600x1504.jpg","width":600,"height":1504,"mime-type":"image\/jpeg","filesize":445150,"url":"https:\/\/www.costadelsol-mallorca.com\/wp-content\/uploads\/2025\/11\/1335a22a-600x1504.jpg"},"post-featured-image":{"file":"1335a22a-1240x720.jpg","width":1240,"height":720,"mime-type":"image\/jpeg","filesize":535033,"url":"https:\/\/www.costadelsol-mallorca.com\/wp-content\/uploads\/2025\/11\/1335a22a-1240x720.jpg"}},"image_meta":{"aperture":"0","credit":"","camera":"","caption":"","created_timestamp":"0","copyright":"","focal_length":"0","iso":"0","shutter_speed":"0","title":"","orientation":"0","keywords":[]},"ID":"231413","name":"1335a22a.jpg","path":"\/home\/ro\/web\/costadelsol-mallorca.com\/public_html\/wp-content\/uploads\/2025\/11\/1335a22a.jpg","url":"https:\/\/www.costadelsol-mallorca.com\/wp-content\/uploads\/2025\/11\/1335a22a-150x150.jpg","full_url":"https:\/\/www.costadelsol-mallorca.com\/wp-content\/uploads\/2025\/11\/1335a22a.jpg","title":"1335a22a","caption":"","description":"","alt":"","srcset":"https:\/\/www.costadelsol-mallorca.com\/wp-content\/uploads\/2025\/11\/1335a22a-150x150.jpg 150w, https:\/\/www.costadelsol-mallorca.com\/wp-content\/uploads\/2025\/11\/1335a22a-120x120.jpg 120w, https:\/\/www.costadelsol-mallorca.com\/wp-content\/uploads\/2025\/11\/1335a22a-210x210.jpg 210w"},{"width":150,"height":150,"file":"2025\/11\/28148e04.jpg","filesize":524033,"sizes":{"thumbnail":{"file":"28148e04-150x150.jpg","width":150,"height":150,"mime-type":"image\/jpeg","filesize":19726,"url":"https:\/\/www.costadelsol-mallorca.com\/wp-content\/uploads\/2025\/11\/28148e04-150x150.jpg"},"tf-client-image-size":{"file":"28148e04-120x120.jpg","width":120,"height":120,"mime-type":"image\/jpeg","filesize":13141,"url":"https:\/\/www.costadelsol-mallorca.com\/wp-content\/uploads\/2025\/11\/28148e04-120x120.jpg"},"post-thumbnail":{"file":"28148e04-150x100.jpg","width":150,"height":100,"mime-type":"image\/jpeg","filesize":14223,"url":"https:\/\/www.costadelsol-mallorca.com\/wp-content\/uploads\/2025\/11\/28148e04-150x100.jpg"},"modern-property-child-slider":{"file":"28148e04-680x510.jpg","width":680,"height":510,"mime-type":"image\/jpeg","filesize":209162,"url":"https:\/\/www.costadelsol-mallorca.com\/wp-content\/uploads\/2025\/11\/28148e04-680x510.jpg"},"property-thumb-image":{"file":"28148e04-488x326.jpg","width":488,"height":326,"mime-type":"image\/jpeg","filesize":107441,"url":"https:\/\/www.costadelsol-mallorca.com\/wp-content\/uploads\/2025\/11\/28148e04-488x326.jpg"},"property-detail-video-image":{"file":"28148e04-818x417.jpg","width":818,"height":417,"mime-type":"image\/jpeg","filesize":213248,"url":"https:\/\/www.costadelsol-mallorca.com\/wp-content\/uploads\/2025\/11\/28148e04-818x417.jpg"},"agent-image":{"file":"28148e04-210x210.jpg","width":210,"height":210,"mime-type":"image\/jpeg","filesize":36477,"url":"https:\/\/www.costadelsol-mallorca.com\/wp-content\/uploads\/2025\/11\/28148e04-210x210.jpg"},"partners-logo":{"file":"28148e04-600x1280.jpg","width":600,"height":1280,"mime-type":"image\/jpeg","filesize":361408,"url":"https:\/\/www.costadelsol-mallorca.com\/wp-content\/uploads\/2025\/11\/28148e04-600x1280.jpg"},"post-featured-image":{"file":"28148e04-1240x720.jpg","width":1240,"height":720,"mime-type":"image\/jpeg","filesize":475635,"url":"https:\/\/www.costadelsol-mallorca.com\/wp-content\/uploads\/2025\/11\/28148e04-1240x720.jpg"}},"image_meta":{"aperture":"0","credit":"","camera":"","caption":"","created_timestamp":"0","copyright":"","focal_length":"0","iso":"0","shutter_speed":"0","title":"","orientation":"0","keywords":[]},"ID":"231647","name":"28148e04.jpg","path":"\/home\/ro\/web\/costadelsol-mallorca.com\/public_html\/wp-content\/uploads\/2025\/11\/28148e04.jpg","url":"https:\/\/www.costadelsol-mallorca.com\/wp-content\/uploads\/2025\/11\/28148e04-150x150.jpg","full_url":"https:\/\/www.costadelsol-mallorca.com\/wp-content\/uploads\/2025\/11\/28148e04.jpg","title":"28148e04","caption":"","description":"","alt":"","srcset":"https:\/\/www.costadelsol-mallorca.com\/wp-content\/uploads\/2025\/11\/28148e04-150x150.jpg 150w, https:\/\/www.costadelsol-mallorca.com\/wp-content\/uploads\/2025\/11\/28148e04-120x120.jpg 120w, https:\/\/www.costadelsol-mallorca.com\/wp-content\/uploads\/2025\/11\/28148e04-210x210.jpg 210w"},{"width":150,"height":150,"file":"2025\/11\/2b5618ae.jpg","filesize":702132,"sizes":{"thumbnail":{"file":"2b5618ae-150x150.jpg","width":150,"height":150,"mime-type":"image\/jpeg","filesize":19641,"url":"https:\/\/www.costadelsol-mallorca.com\/wp-content\/uploads\/2025\/11\/2b5618ae-150x150.jpg"},"tf-client-image-size":{"file":"2b5618ae-120x120.jpg","width":120,"height":120,"mime-type":"image\/jpeg","filesize":12955,"url":"https:\/\/www.costadelsol-mallorca.com\/wp-content\/uploads\/2025\/11\/2b5618ae-120x120.jpg"},"post-thumbnail":{"file":"2b5618ae-150x100.jpg","width":150,"height":100,"mime-type":"image\/jpeg","filesize":14289,"url":"https:\/\/www.costadelsol-mallorca.com\/wp-content\/uploads\/2025\/11\/2b5618ae-150x100.jpg"},"modern-property-child-slider":{"file":"2b5618ae-680x510.jpg","width":680,"height":510,"mime-type":"image\/jpeg","filesize":239896,"url":"https:\/\/www.costadelsol-mallorca.com\/wp-content\/uploads\/2025\/11\/2b5618ae-680x510.jpg"},"property-thumb-image":{"file":"2b5618ae-488x326.jpg","width":488,"height":326,"mime-type":"image\/jpeg","filesize":118180,"url":"https:\/\/www.costadelsol-mallorca.com\/wp-content\/uploads\/2025\/11\/2b5618ae-488x326.jpg"},"property-detail-video-image":{"file":"2b5618ae-818x417.jpg","width":818,"height":417,"mime-type":"image\/jpeg","filesize":237257,"url":"https:\/\/www.costadelsol-mallorca.com\/wp-content\/uploads\/2025\/11\/2b5618ae-818x417.jpg"},"agent-image":{"file":"2b5618ae-210x210.jpg","width":210,"height":210,"mime-type":"image\/jpeg","filesize":36618,"url":"https:\/\/www.costadelsol-mallorca.com\/wp-content\/uploads\/2025\/11\/2b5618ae-210x210.jpg"},"partners-logo":{"file":"2b5618ae-600x1279.jpg","width":600,"height":1279,"mime-type":"image\/jpeg","filesize":447548,"url":"https:\/\/www.costadelsol-mallorca.com\/wp-content\/uploads\/2025\/11\/2b5618ae-600x1279.jpg"},"post-featured-image":{"file":"2b5618ae-1240x720.jpg","width":1240,"height":720,"mime-type":"image\/jpeg","filesize":559631,"url":"https:\/\/www.costadelsol-mallorca.com\/wp-content\/uploads\/2025\/11\/2b5618ae-1240x720.jpg"}},"image_meta":{"aperture":"0","credit":"","camera":"","caption":"","created_timestamp":"0","copyright":"","focal_length":"0","iso":"0","shutter_speed":"0","title":"","orientation":"0","keywords":[]},"ID":"231651","name":"2b5618ae.jpg","path":"\/home\/ro\/web\/costadelsol-mallorca.com\/public_html\/wp-content\/uploads\/2025\/11\/2b5618ae.jpg","url":"https:\/\/www.costadelsol-mallorca.com\/wp-content\/uploads\/2025\/11\/2b5618ae-150x150.jpg","full_url":"https:\/\/www.costadelsol-mallorca.com\/wp-content\/uploads\/2025\/11\/2b5618ae.jpg","title":"2b5618ae","caption":"","description":"","alt":"","srcset":"https:\/\/www.costadelsol-mallorca.com\/wp-content\/uploads\/2025\/11\/2b5618ae-150x150.jpg 150w, https:\/\/www.costadelsol-mallorca.com\/wp-content\/uploads\/2025\/11\/2b5618ae-120x120.jpg 120w, https:\/\/www.costadelsol-mallorca.com\/wp-content\/uploads\/2025\/11\/2b5618ae-210x210.jpg 210w"},{"width":150,"height":150,"file":"2025\/05\/34746571.jpg","filesize":920399,"sizes":{"thumbnail":{"file":"34746571-150x150.jpg","width":150,"height":150,"mime-type":"image\/jpeg","filesize":17573,"url":"https:\/\/www.costadelsol-mallorca.com\/wp-content\/uploads\/2025\/05\/34746571-150x150.jpg"},"tf-client-image-size":{"file":"34746571-120x120.jpg","width":120,"height":120,"mime-type":"image\/jpeg","filesize":11736,"url":"https:\/\/www.costadelsol-mallorca.com\/wp-content\/uploads\/2025\/05\/34746571-120x120.jpg"},"post-thumbnail":{"file":"34746571-113x150.jpg","width":113,"height":150,"mime-type":"image\/jpeg","filesize":14604,"url":"https:\/\/www.costadelsol-mallorca.com\/wp-content\/uploads\/2025\/05\/34746571-113x150.jpg"},"modern-property-child-slider":{"file":"34746571-680x510.jpg","width":680,"height":510,"mime-type":"image\/jpeg","filesize":165489,"url":"https:\/\/www.costadelsol-mallorca.com\/wp-content\/uploads\/2025\/05\/34746571-680x510.jpg"},"property-thumb-image":{"file":"34746571-488x326.jpg","width":488,"height":326,"mime-type":"image\/jpeg","filesize":82931,"url":"https:\/\/www.costadelsol-mallorca.com\/wp-content\/uploads\/2025\/05\/34746571-488x326.jpg"},"property-detail-video-image":{"file":"34746571-818x417.jpg","width":818,"height":417,"mime-type":"image\/jpeg","filesize":154659,"url":"https:\/\/www.costadelsol-mallorca.com\/wp-content\/uploads\/2025\/05\/34746571-818x417.jpg"},"agent-image":{"file":"34746571-210x210.jpg","width":210,"height":210,"mime-type":"image\/jpeg","filesize":30901,"url":"https:\/\/www.costadelsol-mallorca.com\/wp-content\/uploads\/2025\/05\/34746571-210x210.jpg"},"partners-logo":{"file":"34746571-600x2560.jpg","width":600,"height":2560,"mime-type":"image\/jpeg","filesize":723551,"url":"https:\/\/www.costadelsol-mallorca.com\/wp-content\/uploads\/2025\/05\/34746571-600x2560.jpg"},"post-featured-image":{"file":"34746571-1240x720.jpg","width":1240,"height":720,"mime-type":"image\/jpeg","filesize":375591,"url":"https:\/\/www.costadelsol-mallorca.com\/wp-content\/uploads\/2025\/05\/34746571-1240x720.jpg"}},"image_meta":{"aperture":"0","credit":"","camera":"","caption":"","created_timestamp":"0","copyright":"","focal_length":"0","iso":"0","shutter_speed":"0","title":"","orientation":"0","keywords":[]},"old_width":1920,"old_height":2560,"ID":"224940","name":"34746571.jpg","path":"\/home\/ro\/web\/costadelsol-mallorca.com\/public_html\/wp-content\/uploads\/2025\/05\/34746571.jpg","url":"https:\/\/www.costadelsol-mallorca.com\/wp-content\/uploads\/2025\/05\/34746571-150x150.jpg","full_url":"https:\/\/www.costadelsol-mallorca.com\/wp-content\/uploads\/2025\/05\/34746571.jpg","title":"34746571","caption":"","description":"","alt":"","srcset":"https:\/\/www.costadelsol-mallorca.com\/wp-content\/uploads\/2025\/05\/34746571-150x150.jpg 150w, https:\/\/www.costadelsol-mallorca.com\/wp-content\/uploads\/2025\/05\/34746571-120x120.jpg 120w, https:\/\/www.costadelsol-mallorca.com\/wp-content\/uploads\/2025\/05\/34746571-210x210.jpg 210w"},{"width":150,"height":150,"file":"2025\/11\/fe3086f6.jpg","filesize":596045,"sizes":{"thumbnail":{"file":"fe3086f6-150x150.jpg","width":150,"height":150,"mime-type":"image\/jpeg","filesize":18150,"url":"https:\/\/www.costadelsol-mallorca.com\/wp-content\/uploads\/2025\/11\/fe3086f6-150x150.jpg"},"tf-client-image-size":{"file":"fe3086f6-120x120.jpg","width":120,"height":120,"mime-type":"image\/jpeg","filesize":12086,"url":"https:\/\/www.costadelsol-mallorca.com\/wp-content\/uploads\/2025\/11\/fe3086f6-120x120.jpg"},"post-thumbnail":{"file":"fe3086f6-150x100.jpg","width":150,"height":100,"mime-type":"image\/jpeg","filesize":12493,"url":"https:\/\/www.costadelsol-mallorca.com\/wp-content\/uploads\/2025\/11\/fe3086f6-150x100.jpg"},"modern-property-child-slider":{"file":"fe3086f6-680x510.jpg","width":680,"height":510,"mime-type":"image\/jpeg","filesize":210750,"url":"https:\/\/www.costadelsol-mallorca.com\/wp-content\/uploads\/2025\/11\/fe3086f6-680x510.jpg"},"property-thumb-image":{"file":"fe3086f6-488x326.jpg","width":488,"height":326,"mime-type":"image\/jpeg","filesize":101115,"url":"https:\/\/www.costadelsol-mallorca.com\/wp-content\/uploads\/2025\/11\/fe3086f6-488x326.jpg"},"property-detail-video-image":{"file":"fe3086f6-818x417.jpg","width":818,"height":417,"mime-type":"image\/jpeg","filesize":204193,"url":"https:\/\/www.costadelsol-mallorca.com\/wp-content\/uploads\/2025\/11\/fe3086f6-818x417.jpg"},"agent-image":{"file":"fe3086f6-210x210.jpg","width":210,"height":210,"mime-type":"image\/jpeg","filesize":34105,"url":"https:\/\/www.costadelsol-mallorca.com\/wp-content\/uploads\/2025\/11\/fe3086f6-210x210.jpg"},"partners-logo":{"file":"fe3086f6-600x1281.jpg","width":600,"height":1281,"mime-type":"image\/jpeg","filesize":483819,"url":"https:\/\/www.costadelsol-mallorca.com\/wp-content\/uploads\/2025\/11\/fe3086f6-600x1281.jpg"},"post-featured-image":{"file":"fe3086f6-1240x720.jpg","width":1240,"height":720,"mime-type":"image\/jpeg","filesize":482299,"url":"https:\/\/www.costadelsol-mallorca.com\/wp-content\/uploads\/2025\/11\/fe3086f6-1240x720.jpg"}},"image_meta":{"aperture":"0","credit":"","camera":"","caption":"","created_timestamp":"0","copyright":"","focal_length":"0","iso":"0","shutter_speed":"0","title":"","orientation":"0","keywords":[]},"ID":"231655","name":"fe3086f6.jpg","path":"\/home\/ro\/web\/costadelsol-mallorca.com\/public_html\/wp-content\/uploads\/2025\/11\/fe3086f6.jpg","url":"https:\/\/www.costadelsol-mallorca.com\/wp-content\/uploads\/2025\/11\/fe3086f6-150x150.jpg","full_url":"https:\/\/www.costadelsol-mallorca.com\/wp-content\/uploads\/2025\/11\/fe3086f6.jpg","title":"fe3086f6","caption":"","description":"","alt":"","srcset":"https:\/\/www.costadelsol-mallorca.com\/wp-content\/uploads\/2025\/11\/fe3086f6-150x150.jpg 150w, https:\/\/www.costadelsol-mallorca.com\/wp-content\/uploads\/2025\/11\/fe3086f6-120x120.jpg 120w, https:\/\/www.costadelsol-mallorca.com\/wp-content\/uploads\/2025\/11\/fe3086f6-210x210.jpg 210w"},{"width":150,"height":150,"file":"2025\/11\/961ae9ce.jpg","filesize":532953,"sizes":{"thumbnail":{"file":"961ae9ce-150x150.jpg","width":150,"height":150,"mime-type":"image\/jpeg","filesize":20106,"url":"https:\/\/www.costadelsol-mallorca.com\/wp-content\/uploads\/2025\/11\/961ae9ce-150x150.jpg"},"tf-client-image-size":{"file":"961ae9ce-120x120.jpg","width":120,"height":120,"mime-type":"image\/jpeg","filesize":13420,"url":"https:\/\/www.costadelsol-mallorca.com\/wp-content\/uploads\/2025\/11\/961ae9ce-120x120.jpg"},"post-thumbnail":{"file":"961ae9ce-150x100.jpg","width":150,"height":100,"mime-type":"image\/jpeg","filesize":14984,"url":"https:\/\/www.costadelsol-mallorca.com\/wp-content\/uploads\/2025\/11\/961ae9ce-150x100.jpg"},"modern-property-child-slider":{"file":"961ae9ce-680x510.jpg","width":680,"height":510,"mime-type":"image\/jpeg","filesize":212359,"url":"https:\/\/www.costadelsol-mallorca.com\/wp-content\/uploads\/2025\/11\/961ae9ce-680x510.jpg"},"property-thumb-image":{"file":"961ae9ce-488x326.jpg","width":488,"height":326,"mime-type":"image\/jpeg","filesize":110589,"url":"https:\/\/www.costadelsol-mallorca.com\/wp-content\/uploads\/2025\/11\/961ae9ce-488x326.jpg"},"property-detail-video-image":{"file":"961ae9ce-818x417.jpg","width":818,"height":417,"mime-type":"image\/jpeg","filesize":195221,"url":"https:\/\/www.costadelsol-mallorca.com\/wp-content\/uploads\/2025\/11\/961ae9ce-818x417.jpg"},"agent-image":{"file":"961ae9ce-210x210.jpg","width":210,"height":210,"mime-type":"image\/jpeg","filesize":36226,"url":"https:\/\/www.costadelsol-mallorca.com\/wp-content\/uploads\/2025\/11\/961ae9ce-210x210.jpg"},"partners-logo":{"file":"961ae9ce-600x1280.jpg","width":600,"height":1280,"mime-type":"image\/jpeg","filesize":359949,"url":"https:\/\/www.costadelsol-mallorca.com\/wp-content\/uploads\/2025\/11\/961ae9ce-600x1280.jpg"},"post-featured-image":{"file":"961ae9ce-1240x720.jpg","width":1240,"height":720,"mime-type":"image\/jpeg","filesize":457842,"url":"https:\/\/www.costadelsol-mallorca.com\/wp-content\/uploads\/2025\/11\/961ae9ce-1240x720.jpg"}},"image_meta":{"aperture":"0","credit":"","camera":"","caption":"","created_timestamp":"0","copyright":"","focal_length":"0","iso":"0","shutter_speed":"0","title":"","orientation":"0","keywords":[]},"ID":"231659","name":"961ae9ce.jpg","path":"\/home\/ro\/web\/costadelsol-mallorca.com\/public_html\/wp-content\/uploads\/2025\/11\/961ae9ce.jpg","url":"https:\/\/www.costadelsol-mallorca.com\/wp-content\/uploads\/2025\/11\/961ae9ce-150x150.jpg","full_url":"https:\/\/www.costadelsol-mallorca.com\/wp-content\/uploads\/2025\/11\/961ae9ce.jpg","title":"961ae9ce","caption":"","description":"","alt":"","srcset":"https:\/\/www.costadelsol-mallorca.com\/wp-content\/uploads\/2025\/11\/961ae9ce-150x150.jpg 150w, https:\/\/www.costadelsol-mallorca.com\/wp-content\/uploads\/2025\/11\/961ae9ce-120x120.jpg 120w, https:\/\/www.costadelsol-mallorca.com\/wp-content\/uploads\/2025\/11\/961ae9ce-210x210.jpg 210w"},{"width":150,"height":150,"file":"2025\/11\/ec56eb5c.jpg","filesize":687929,"sizes":{"thumbnail":{"file":"ec56eb5c-150x150.jpg","width":150,"height":150,"mime-type":"image\/jpeg","filesize":18541,"url":"https:\/\/www.costadelsol-mallorca.com\/wp-content\/uploads\/2025\/11\/ec56eb5c-150x150.jpg"},"tf-client-image-size":{"file":"ec56eb5c-120x120.jpg","width":120,"height":120,"mime-type":"image\/jpeg","filesize":12252,"url":"https:\/\/www.costadelsol-mallorca.com\/wp-content\/uploads\/2025\/11\/ec56eb5c-120x120.jpg"},"post-thumbnail":{"file":"ec56eb5c-150x100.jpg","width":150,"height":100,"mime-type":"image\/jpeg","filesize":13401,"url":"https:\/\/www.costadelsol-mallorca.com\/wp-content\/uploads\/2025\/11\/ec56eb5c-150x100.jpg"},"modern-property-child-slider":{"file":"ec56eb5c-680x510.jpg","width":680,"height":510,"mime-type":"image\/jpeg","filesize":220993,"url":"https:\/\/www.costadelsol-mallorca.com\/wp-content\/uploads\/2025\/11\/ec56eb5c-680x510.jpg"},"property-thumb-image":{"file":"ec56eb5c-488x326.jpg","width":488,"height":326,"mime-type":"image\/jpeg","filesize":105855,"url":"https:\/\/www.costadelsol-mallorca.com\/wp-content\/uploads\/2025\/11\/ec56eb5c-488x326.jpg"},"property-detail-video-image":{"file":"ec56eb5c-818x417.jpg","width":818,"height":417,"mime-type":"image\/jpeg","filesize":208099,"url":"https:\/\/www.costadelsol-mallorca.com\/wp-content\/uploads\/2025\/11\/ec56eb5c-818x417.jpg"},"agent-image":{"file":"ec56eb5c-210x210.jpg","width":210,"height":210,"mime-type":"image\/jpeg","filesize":33863,"url":"https:\/\/www.costadelsol-mallorca.com\/wp-content\/uploads\/2025\/11\/ec56eb5c-210x210.jpg"},"partners-logo":{"file":"ec56eb5c-600x1280.jpg","width":600,"height":1280,"mime-type":"image\/jpeg","filesize":463406,"url":"https:\/\/www.costadelsol-mallorca.com\/wp-content\/uploads\/2025\/11\/ec56eb5c-600x1280.jpg"},"post-featured-image":{"file":"ec56eb5c-1240x720.jpg","width":1240,"height":720,"mime-type":"image\/jpeg","filesize":523678,"url":"https:\/\/www.costadelsol-mallorca.com\/wp-content\/uploads\/2025\/11\/ec56eb5c-1240x720.jpg"}},"image_meta":{"aperture":"0","credit":"","camera":"","caption":"","created_timestamp":"0","copyright":"","focal_length":"0","iso":"0","shutter_speed":"0","title":"","orientation":"0","keywords":[]},"ID":"231663","name":"ec56eb5c.jpg","path":"\/home\/ro\/web\/costadelsol-mallorca.com\/public_html\/wp-content\/uploads\/2025\/11\/ec56eb5c.jpg","url":"https:\/\/www.costadelsol-mallorca.com\/wp-content\/uploads\/2025\/11\/ec56eb5c-150x150.jpg","full_url":"https:\/\/www.costadelsol-mallorca.com\/wp-content\/uploads\/2025\/11\/ec56eb5c.jpg","title":"ec56eb5c","caption":"","description":"","alt":"","srcset":"https:\/\/www.costadelsol-mallorca.com\/wp-content\/uploads\/2025\/11\/ec56eb5c-150x150.jpg 150w, https:\/\/www.costadelsol-mallorca.com\/wp-content\/uploads\/2025\/11\/ec56eb5c-120x120.jpg 120w, https:\/\/www.costadelsol-mallorca.com\/wp-content\/uploads\/2025\/11\/ec56eb5c-210x210.jpg 210w"},{"width":150,"height":150,"file":"2025\/05\/1d1ea52e.jpg","filesize":690224,"sizes":{"thumbnail":{"file":"1d1ea52e-150x150.jpg","width":150,"height":150,"mime-type":"image\/jpeg","filesize":18313,"url":"https:\/\/www.costadelsol-mallorca.com\/wp-content\/uploads\/2025\/05\/1d1ea52e-150x150.jpg"},"tf-client-image-size":{"file":"1d1ea52e-120x120.jpg","width":120,"height":120,"mime-type":"image\/jpeg","filesize":12269,"url":"https:\/\/www.costadelsol-mallorca.com\/wp-content\/uploads\/2025\/05\/1d1ea52e-120x120.jpg"},"post-thumbnail":{"file":"1d1ea52e-150x113.jpg","width":150,"height":113,"mime-type":"image\/jpeg","filesize":13859,"url":"https:\/\/www.costadelsol-mallorca.com\/wp-content\/uploads\/2025\/05\/1d1ea52e-150x113.jpg"},"modern-property-child-slider":{"file":"1d1ea52e-680x510.jpg","width":680,"height":510,"mime-type":"image\/jpeg","filesize":193098,"url":"https:\/\/www.costadelsol-mallorca.com\/wp-content\/uploads\/2025\/05\/1d1ea52e-680x510.jpg"},"property-thumb-image":{"file":"1d1ea52e-488x326.jpg","width":488,"height":326,"mime-type":"image\/jpeg","filesize":99093,"url":"https:\/\/www.costadelsol-mallorca.com\/wp-content\/uploads\/2025\/05\/1d1ea52e-488x326.jpg"},"property-detail-video-image":{"file":"1d1ea52e-818x417.jpg","width":818,"height":417,"mime-type":"image\/jpeg","filesize":206204,"url":"https:\/\/www.costadelsol-mallorca.com\/wp-content\/uploads\/2025\/05\/1d1ea52e-818x417.jpg"},"agent-image":{"file":"1d1ea52e-210x210.jpg","width":210,"height":210,"mime-type":"image\/jpeg","filesize":33857,"url":"https:\/\/www.costadelsol-mallorca.com\/wp-content\/uploads\/2025\/05\/1d1ea52e-210x210.jpg"},"partners-logo":{"file":"1d1ea52e-600x1440.jpg","width":600,"height":1440,"mime-type":"image\/jpeg","filesize":404932,"url":"https:\/\/www.costadelsol-mallorca.com\/wp-content\/uploads\/2025\/05\/1d1ea52e-600x1440.jpg"},"post-featured-image":{"file":"1d1ea52e-1240x720.jpg","width":1240,"height":720,"mime-type":"image\/jpeg","filesize":495358,"url":"https:\/\/www.costadelsol-mallorca.com\/wp-content\/uploads\/2025\/05\/1d1ea52e-1240x720.jpg"}},"image_meta":{"aperture":"0","credit":"","camera":"","caption":"","created_timestamp":"0","copyright":"","focal_length":"0","iso":"0","shutter_speed":"0","title":"","orientation":"0","keywords":[]},"old_width":1920,"old_height":1440,"ID":"224952","name":"1d1ea52e.jpg","path":"\/home\/ro\/web\/costadelsol-mallorca.com\/public_html\/wp-content\/uploads\/2025\/05\/1d1ea52e.jpg","url":"https:\/\/www.costadelsol-mallorca.com\/wp-content\/uploads\/2025\/05\/1d1ea52e-150x150.jpg","full_url":"https:\/\/www.costadelsol-mallorca.com\/wp-content\/uploads\/2025\/05\/1d1ea52e.jpg","title":"1d1ea52e","caption":"","description":"","alt":"","srcset":"https:\/\/www.costadelsol-mallorca.com\/wp-content\/uploads\/2025\/05\/1d1ea52e-150x150.jpg 150w, https:\/\/www.costadelsol-mallorca.com\/wp-content\/uploads\/2025\/05\/1d1ea52e-120x120.jpg 120w, https:\/\/www.costadelsol-mallorca.com\/wp-content\/uploads\/2025\/05\/1d1ea52e-210x210.jpg 210w"},{"width":150,"height":150,"file":"2025\/11\/fb792ed5.jpg","filesize":731136,"sizes":{"thumbnail":{"file":"fb792ed5-150x150.jpg","width":150,"height":150,"mime-type":"image\/jpeg","filesize":20280,"url":"https:\/\/www.costadelsol-mallorca.com\/wp-content\/uploads\/2025\/11\/fb792ed5-150x150.jpg"},"tf-client-image-size":{"file":"fb792ed5-120x120.jpg","width":120,"height":120,"mime-type":"image\/jpeg","filesize":13423,"url":"https:\/\/www.costadelsol-mallorca.com\/wp-content\/uploads\/2025\/11\/fb792ed5-120x120.jpg"},"post-thumbnail":{"file":"fb792ed5-150x100.jpg","width":150,"height":100,"mime-type":"image\/jpeg","filesize":14698,"url":"https:\/\/www.costadelsol-mallorca.com\/wp-content\/uploads\/2025\/11\/fb792ed5-150x100.jpg"},"modern-property-child-slider":{"file":"fb792ed5-680x510.jpg","width":680,"height":510,"mime-type":"image\/jpeg","filesize":256681,"url":"https:\/\/www.costadelsol-mallorca.com\/wp-content\/uploads\/2025\/11\/fb792ed5-680x510.jpg"},"property-thumb-image":{"file":"fb792ed5-488x326.jpg","width":488,"height":326,"mime-type":"image\/jpeg","filesize":123015,"url":"https:\/\/www.costadelsol-mallorca.com\/wp-content\/uploads\/2025\/11\/fb792ed5-488x326.jpg"},"property-detail-video-image":{"file":"fb792ed5-818x417.jpg","width":818,"height":417,"mime-type":"image\/jpeg","filesize":235693,"url":"https:\/\/www.costadelsol-mallorca.com\/wp-content\/uploads\/2025\/11\/fb792ed5-818x417.jpg"},"agent-image":{"file":"fb792ed5-210x210.jpg","width":210,"height":210,"mime-type":"image\/jpeg","filesize":38786,"url":"https:\/\/www.costadelsol-mallorca.com\/wp-content\/uploads\/2025\/11\/fb792ed5-210x210.jpg"},"partners-logo":{"file":"fb792ed5-600x1280.jpg","width":600,"height":1280,"mime-type":"image\/jpeg","filesize":485744,"url":"https:\/\/www.costadelsol-mallorca.com\/wp-content\/uploads\/2025\/11\/fb792ed5-600x1280.jpg"},"post-featured-image":{"file":"fb792ed5-1240x720.jpg","width":1240,"height":720,"mime-type":"image\/jpeg","filesize":567201,"url":"https:\/\/www.costadelsol-mallorca.com\/wp-content\/uploads\/2025\/11\/fb792ed5-1240x720.jpg"}},"image_meta":{"aperture":"0","credit":"","camera":"","caption":"","created_timestamp":"0","copyright":"","focal_length":"0","iso":"0","shutter_speed":"0","title":"","orientation":"0","keywords":[]},"ID":"231667","name":"fb792ed5.jpg","path":"\/home\/ro\/web\/costadelsol-mallorca.com\/public_html\/wp-content\/uploads\/2025\/11\/fb792ed5.jpg","url":"https:\/\/www.costadelsol-mallorca.com\/wp-content\/uploads\/2025\/11\/fb792ed5-150x150.jpg","full_url":"https:\/\/www.costadelsol-mallorca.com\/wp-content\/uploads\/2025\/11\/fb792ed5.jpg","title":"fb792ed5","caption":"","description":"","alt":"","srcset":"https:\/\/www.costadelsol-mallorca.com\/wp-content\/uploads\/2025\/11\/fb792ed5-150x150.jpg 150w, https:\/\/www.costadelsol-mallorca.com\/wp-content\/uploads\/2025\/11\/fb792ed5-120x120.jpg 120w, https:\/\/www.costadelsol-mallorca.com\/wp-content\/uploads\/2025\/11\/fb792ed5-210x210.jpg 210w"},{"width":150,"height":150,"file":"2025\/11\/b5f72786.jpg","filesize":534264,"sizes":{"thumbnail":{"file":"b5f72786-150x150.jpg","width":150,"height":150,"mime-type":"image\/jpeg","filesize":19396,"url":"https:\/\/www.costadelsol-mallorca.com\/wp-content\/uploads\/2025\/11\/b5f72786-150x150.jpg"},"tf-client-image-size":{"file":"b5f72786-120x120.jpg","width":120,"height":120,"mime-type":"image\/jpeg","filesize":12946,"url":"https:\/\/www.costadelsol-mallorca.com\/wp-content\/uploads\/2025\/11\/b5f72786-120x120.jpg"},"post-thumbnail":{"file":"b5f72786-150x100.jpg","width":150,"height":100,"mime-type":"image\/jpeg","filesize":15184,"url":"https:\/\/www.costadelsol-mallorca.com\/wp-content\/uploads\/2025\/11\/b5f72786-150x100.jpg"},"modern-property-child-slider":{"file":"b5f72786-680x510.jpg","width":680,"height":510,"mime-type":"image\/jpeg","filesize":211968,"url":"https:\/\/www.costadelsol-mallorca.com\/wp-content\/uploads\/2025\/11\/b5f72786-680x510.jpg"},"property-thumb-image":{"file":"b5f72786-488x326.jpg","width":488,"height":326,"mime-type":"image\/jpeg","filesize":110947,"url":"https:\/\/www.costadelsol-mallorca.com\/wp-content\/uploads\/2025\/11\/b5f72786-488x326.jpg"},"property-detail-video-image":{"file":"b5f72786-818x417.jpg","width":818,"height":417,"mime-type":"image\/jpeg","filesize":200866,"url":"https:\/\/www.costadelsol-mallorca.com\/wp-content\/uploads\/2025\/11\/b5f72786-818x417.jpg"},"agent-image":{"file":"b5f72786-210x210.jpg","width":210,"height":210,"mime-type":"image\/jpeg","filesize":34795,"url":"https:\/\/www.costadelsol-mallorca.com\/wp-content\/uploads\/2025\/11\/b5f72786-210x210.jpg"},"partners-logo":{"file":"b5f72786-600x1281.jpg","width":600,"height":1281,"mime-type":"image\/jpeg","filesize":364039,"url":"https:\/\/www.costadelsol-mallorca.com\/wp-content\/uploads\/2025\/11\/b5f72786-600x1281.jpg"},"post-featured-image":{"file":"b5f72786-1240x720.jpg","width":1240,"height":720,"mime-type":"image\/jpeg","filesize":461610,"url":"https:\/\/www.costadelsol-mallorca.com\/wp-content\/uploads\/2025\/11\/b5f72786-1240x720.jpg"}},"image_meta":{"aperture":"0","credit":"","camera":"","caption":"","created_timestamp":"0","copyright":"","focal_length":"0","iso":"0","shutter_speed":"0","title":"","orientation":"0","keywords":[]},"ID":"231671","name":"b5f72786.jpg","path":"\/home\/ro\/web\/costadelsol-mallorca.com\/public_html\/wp-content\/uploads\/2025\/11\/b5f72786.jpg","url":"https:\/\/www.costadelsol-mallorca.com\/wp-content\/uploads\/2025\/11\/b5f72786-150x150.jpg","full_url":"https:\/\/www.costadelsol-mallorca.com\/wp-content\/uploads\/2025\/11\/b5f72786.jpg","title":"b5f72786","caption":"","description":"","alt":"","srcset":"https:\/\/www.costadelsol-mallorca.com\/wp-content\/uploads\/2025\/11\/b5f72786-150x150.jpg 150w, https:\/\/www.costadelsol-mallorca.com\/wp-content\/uploads\/2025\/11\/b5f72786-120x120.jpg 120w, https:\/\/www.costadelsol-mallorca.com\/wp-content\/uploads\/2025\/11\/b5f72786-210x210.jpg 210w"},{"width":150,"height":150,"file":"2025\/11\/c8ffc311.jpg","filesize":505139,"sizes":{"thumbnail":{"file":"c8ffc311-150x150.jpg","width":150,"height":150,"mime-type":"image\/jpeg","filesize":16702,"url":"https:\/\/www.costadelsol-mallorca.com\/wp-content\/uploads\/2025\/11\/c8ffc311-150x150.jpg"},"tf-client-image-size":{"file":"c8ffc311-120x120.jpg","width":120,"height":120,"mime-type":"image\/jpeg","filesize":10984,"url":"https:\/\/www.costadelsol-mallorca.com\/wp-content\/uploads\/2025\/11\/c8ffc311-120x120.jpg"},"post-thumbnail":{"file":"c8ffc311-150x100.jpg","width":150,"height":100,"mime-type":"image\/jpeg","filesize":12526,"url":"https:\/\/www.costadelsol-mallorca.com\/wp-content\/uploads\/2025\/11\/c8ffc311-150x100.jpg"},"modern-property-child-slider":{"file":"c8ffc311-680x510.jpg","width":680,"height":510,"mime-type":"image\/jpeg","filesize":183946,"url":"https:\/\/www.costadelsol-mallorca.com\/wp-content\/uploads\/2025\/11\/c8ffc311-680x510.jpg"},"property-thumb-image":{"file":"c8ffc311-488x326.jpg","width":488,"height":326,"mime-type":"image\/jpeg","filesize":92727,"url":"https:\/\/www.costadelsol-mallorca.com\/wp-content\/uploads\/2025\/11\/c8ffc311-488x326.jpg"},"property-detail-video-image":{"file":"c8ffc311-818x417.jpg","width":818,"height":417,"mime-type":"image\/jpeg","filesize":182748,"url":"https:\/\/www.costadelsol-mallorca.com\/wp-content\/uploads\/2025\/11\/c8ffc311-818x417.jpg"},"agent-image":{"file":"c8ffc311-210x210.jpg","width":210,"height":210,"mime-type":"image\/jpeg","filesize":29792,"url":"https:\/\/www.costadelsol-mallorca.com\/wp-content\/uploads\/2025\/11\/c8ffc311-210x210.jpg"},"partners-logo":{"file":"c8ffc311-600x1280.jpg","width":600,"height":1280,"mime-type":"image\/jpeg","filesize":325848,"url":"https:\/\/www.costadelsol-mallorca.com\/wp-content\/uploads\/2025\/11\/c8ffc311-600x1280.jpg"},"post-featured-image":{"file":"c8ffc311-1240x720.jpg","width":1240,"height":720,"mime-type":"image\/jpeg","filesize":428527,"url":"https:\/\/www.costadelsol-mallorca.com\/wp-content\/uploads\/2025\/11\/c8ffc311-1240x720.jpg"}},"image_meta":{"aperture":"0","credit":"","camera":"","caption":"","created_timestamp":"0","copyright":"","focal_length":"0","iso":"0","shutter_speed":"0","title":"","orientation":"0","keywords":[]},"ID":"231675","name":"c8ffc311.jpg","path":"\/home\/ro\/web\/costadelsol-mallorca.com\/public_html\/wp-content\/uploads\/2025\/11\/c8ffc311.jpg","url":"https:\/\/www.costadelsol-mallorca.com\/wp-content\/uploads\/2025\/11\/c8ffc311-150x150.jpg","full_url":"https:\/\/www.costadelsol-mallorca.com\/wp-content\/uploads\/2025\/11\/c8ffc311.jpg","title":"c8ffc311","caption":"","description":"","alt":"","srcset":"https:\/\/www.costadelsol-mallorca.com\/wp-content\/uploads\/2025\/11\/c8ffc311-150x150.jpg 150w, https:\/\/www.costadelsol-mallorca.com\/wp-content\/uploads\/2025\/11\/c8ffc311-120x120.jpg 120w, https:\/\/www.costadelsol-mallorca.com\/wp-content\/uploads\/2025\/11\/c8ffc311-210x210.jpg 210w"},{"width":150,"height":150,"file":"2025\/11\/cb198798.jpg","filesize":403901,"sizes":{"thumbnail":{"file":"cb198798-150x150.jpg","width":150,"height":150,"mime-type":"image\/jpeg","filesize":15555,"url":"https:\/\/www.costadelsol-mallorca.com\/wp-content\/uploads\/2025\/11\/cb198798-150x150.jpg"},"tf-client-image-size":{"file":"cb198798-120x120.jpg","width":120,"height":120,"mime-type":"image\/jpeg","filesize":10486,"url":"https:\/\/www.costadelsol-mallorca.com\/wp-content\/uploads\/2025\/11\/cb198798-120x120.jpg"},"post-thumbnail":{"file":"cb198798-150x100.jpg","width":150,"height":100,"mime-type":"image\/jpeg","filesize":11081,"url":"https:\/\/www.costadelsol-mallorca.com\/wp-content\/uploads\/2025\/11\/cb198798-150x100.jpg"},"modern-property-child-slider":{"file":"cb198798-680x510.jpg","width":680,"height":510,"mime-type":"image\/jpeg","filesize":159348,"url":"https:\/\/www.costadelsol-mallorca.com\/wp-content\/uploads\/2025\/11\/cb198798-680x510.jpg"},"property-thumb-image":{"file":"cb198798-488x326.jpg","width":488,"height":326,"mime-type":"image\/jpeg","filesize":81182,"url":"https:\/\/www.costadelsol-mallorca.com\/wp-content\/uploads\/2025\/11\/cb198798-488x326.jpg"},"property-detail-video-image":{"file":"cb198798-818x417.jpg","width":818,"height":417,"mime-type":"image\/jpeg","filesize":166287,"url":"https:\/\/www.costadelsol-mallorca.com\/wp-content\/uploads\/2025\/11\/cb198798-818x417.jpg"},"agent-image":{"file":"cb198798-210x210.jpg","width":210,"height":210,"mime-type":"image\/jpeg","filesize":28260,"url":"https:\/\/www.costadelsol-mallorca.com\/wp-content\/uploads\/2025\/11\/cb198798-210x210.jpg"},"partners-logo":{"file":"cb198798-600x1280.jpg","width":600,"height":1280,"mime-type":"image\/jpeg","filesize":337750,"url":"https:\/\/www.costadelsol-mallorca.com\/wp-content\/uploads\/2025\/11\/cb198798-600x1280.jpg"},"post-featured-image":{"file":"cb198798-1240x720.jpg","width":1240,"height":720,"mime-type":"image\/jpeg","filesize":376053,"url":"https:\/\/www.costadelsol-mallorca.com\/wp-content\/uploads\/2025\/11\/cb198798-1240x720.jpg"}},"image_meta":{"aperture":"0","credit":"","camera":"","caption":"","created_timestamp":"0","copyright":"","focal_length":"0","iso":"0","shutter_speed":"0","title":"","orientation":"0","keywords":[]},"ID":"231679","name":"cb198798.jpg","path":"\/home\/ro\/web\/costadelsol-mallorca.com\/public_html\/wp-content\/uploads\/2025\/11\/cb198798.jpg","url":"https:\/\/www.costadelsol-mallorca.com\/wp-content\/uploads\/2025\/11\/cb198798-150x150.jpg","full_url":"https:\/\/www.costadelsol-mallorca.com\/wp-content\/uploads\/2025\/11\/cb198798.jpg","title":"cb198798","caption":"","description":"","alt":"","srcset":"https:\/\/www.costadelsol-mallorca.com\/wp-content\/uploads\/2025\/11\/cb198798-150x150.jpg 150w, https:\/\/www.costadelsol-mallorca.com\/wp-content\/uploads\/2025\/11\/cb198798-120x120.jpg 120w, https:\/\/www.costadelsol-mallorca.com\/wp-content\/uploads\/2025\/11\/cb198798-210x210.jpg 210w"},{"width":150,"height":150,"file":"2025\/11\/d58c29ab.jpg","filesize":696903,"sizes":{"thumbnail":{"file":"d58c29ab-150x150.jpg","width":150,"height":150,"mime-type":"image\/jpeg","filesize":18467,"url":"https:\/\/www.costadelsol-mallorca.com\/wp-content\/uploads\/2025\/11\/d58c29ab-150x150.jpg"},"tf-client-image-size":{"file":"d58c29ab-120x120.jpg","width":120,"height":120,"mime-type":"image\/jpeg","filesize":12133,"url":"https:\/\/www.costadelsol-mallorca.com\/wp-content\/uploads\/2025\/11\/d58c29ab-120x120.jpg"},"post-thumbnail":{"file":"d58c29ab-150x100.jpg","width":150,"height":100,"mime-type":"image\/jpeg","filesize":13698,"url":"https:\/\/www.costadelsol-mallorca.com\/wp-content\/uploads\/2025\/11\/d58c29ab-150x100.jpg"},"modern-property-child-slider":{"file":"d58c29ab-680x510.jpg","width":680,"height":510,"mime-type":"image\/jpeg","filesize":233063,"url":"https:\/\/www.costadelsol-mallorca.com\/wp-content\/uploads\/2025\/11\/d58c29ab-680x510.jpg"},"property-thumb-image":{"file":"d58c29ab-488x326.jpg","width":488,"height":326,"mime-type":"image\/jpeg","filesize":114907,"url":"https:\/\/www.costadelsol-mallorca.com\/wp-content\/uploads\/2025\/11\/d58c29ab-488x326.jpg"},"property-detail-video-image":{"file":"d58c29ab-818x417.jpg","width":818,"height":417,"mime-type":"image\/jpeg","filesize":228936,"url":"https:\/\/www.costadelsol-mallorca.com\/wp-content\/uploads\/2025\/11\/d58c29ab-818x417.jpg"},"agent-image":{"file":"d58c29ab-210x210.jpg","width":210,"height":210,"mime-type":"image\/jpeg","filesize":34256,"url":"https:\/\/www.costadelsol-mallorca.com\/wp-content\/uploads\/2025\/11\/d58c29ab-210x210.jpg"},"partners-logo":{"file":"d58c29ab-600x1279.jpg","width":600,"height":1279,"mime-type":"image\/jpeg","filesize":402584,"url":"https:\/\/www.costadelsol-mallorca.com\/wp-content\/uploads\/2025\/11\/d58c29ab-600x1279.jpg"},"post-featured-image":{"file":"d58c29ab-1240x720.jpg","width":1240,"height":720,"mime-type":"image\/jpeg","filesize":550125,"url":"https:\/\/www.costadelsol-mallorca.com\/wp-content\/uploads\/2025\/11\/d58c29ab-1240x720.jpg"}},"image_meta":{"aperture":"0","credit":"","camera":"","caption":"","created_timestamp":"0","copyright":"","focal_length":"0","iso":"0","shutter_speed":"0","title":"","orientation":"0","keywords":[]},"ID":"231683","name":"d58c29ab.jpg","path":"\/home\/ro\/web\/costadelsol-mallorca.com\/public_html\/wp-content\/uploads\/2025\/11\/d58c29ab.jpg","url":"https:\/\/www.costadelsol-mallorca.com\/wp-content\/uploads\/2025\/11\/d58c29ab-150x150.jpg","full_url":"https:\/\/www.costadelsol-mallorca.com\/wp-content\/uploads\/2025\/11\/d58c29ab.jpg","title":"d58c29ab","caption":"","description":"","alt":"","srcset":"https:\/\/www.costadelsol-mallorca.com\/wp-content\/uploads\/2025\/11\/d58c29ab-150x150.jpg 150w, https:\/\/www.costadelsol-mallorca.com\/wp-content\/uploads\/2025\/11\/d58c29ab-120x120.jpg 120w, https:\/\/www.costadelsol-mallorca.com\/wp-content\/uploads\/2025\/11\/d58c29ab-210x210.jpg 210w"},{"width":150,"height":150,"file":"2025\/11\/f8071e9c.jpg","filesize":532953,"sizes":{"thumbnail":{"file":"f8071e9c-150x150.jpg","width":150,"height":150,"mime-type":"image\/jpeg","filesize":20106,"url":"https:\/\/www.costadelsol-mallorca.com\/wp-content\/uploads\/2025\/11\/f8071e9c-150x150.jpg"},"tf-client-image-size":{"file":"f8071e9c-120x120.jpg","width":120,"height":120,"mime-type":"image\/jpeg","filesize":13420,"url":"https:\/\/www.costadelsol-mallorca.com\/wp-content\/uploads\/2025\/11\/f8071e9c-120x120.jpg"},"post-thumbnail":{"file":"f8071e9c-150x100.jpg","width":150,"height":100,"mime-type":"image\/jpeg","filesize":14984,"url":"https:\/\/www.costadelsol-mallorca.com\/wp-content\/uploads\/2025\/11\/f8071e9c-150x100.jpg"},"modern-property-child-slider":{"file":"f8071e9c-680x510.jpg","width":680,"height":510,"mime-type":"image\/jpeg","filesize":212359,"url":"https:\/\/www.costadelsol-mallorca.com\/wp-content\/uploads\/2025\/11\/f8071e9c-680x510.jpg"},"property-thumb-image":{"file":"f8071e9c-488x326.jpg","width":488,"height":326,"mime-type":"image\/jpeg","filesize":110589,"url":"https:\/\/www.costadelsol-mallorca.com\/wp-content\/uploads\/2025\/11\/f8071e9c-488x326.jpg"},"property-detail-video-image":{"file":"f8071e9c-818x417.jpg","width":818,"height":417,"mime-type":"image\/jpeg","filesize":195221,"url":"https:\/\/www.costadelsol-mallorca.com\/wp-content\/uploads\/2025\/11\/f8071e9c-818x417.jpg"},"agent-image":{"file":"f8071e9c-210x210.jpg","width":210,"height":210,"mime-type":"image\/jpeg","filesize":36226,"url":"https:\/\/www.costadelsol-mallorca.com\/wp-content\/uploads\/2025\/11\/f8071e9c-210x210.jpg"},"partners-logo":{"file":"f8071e9c-600x1280.jpg","width":600,"height":1280,"mime-type":"image\/jpeg","filesize":359949,"url":"https:\/\/www.costadelsol-mallorca.com\/wp-content\/uploads\/2025\/11\/f8071e9c-600x1280.jpg"},"post-featured-image":{"file":"f8071e9c-1240x720.jpg","width":1240,"height":720,"mime-type":"image\/jpeg","filesize":457842,"url":"https:\/\/www.costadelsol-mallorca.com\/wp-content\/uploads\/2025\/11\/f8071e9c-1240x720.jpg"}},"image_meta":{"aperture":"0","credit":"","camera":"","caption":"","created_timestamp":"0","copyright":"","focal_length":"0","iso":"0","shutter_speed":"0","title":"","orientation":"0","keywords":[]},"ID":"231687","name":"f8071e9c.jpg","path":"\/home\/ro\/web\/costadelsol-mallorca.com\/public_html\/wp-content\/uploads\/2025\/11\/f8071e9c.jpg","url":"https:\/\/www.costadelsol-mallorca.com\/wp-content\/uploads\/2025\/11\/f8071e9c-150x150.jpg","full_url":"https:\/\/www.costadelsol-mallorca.com\/wp-content\/uploads\/2025\/11\/f8071e9c.jpg","title":"f8071e9c","caption":"","description":"","alt":"","srcset":"https:\/\/www.costadelsol-mallorca.com\/wp-content\/uploads\/2025\/11\/f8071e9c-150x150.jpg 150w, https:\/\/www.costadelsol-mallorca.com\/wp-content\/uploads\/2025\/11\/f8071e9c-120x120.jpg 120w, https:\/\/www.costadelsol-mallorca.com\/wp-content\/uploads\/2025\/11\/f8071e9c-210x210.jpg 210w"},{"width":150,"height":150,"file":"2025\/11\/3c119b7e.jpg","filesize":403901,"sizes":{"thumbnail":{"file":"3c119b7e-150x150.jpg","width":150,"height":150,"mime-type":"image\/jpeg","filesize":15555,"url":"https:\/\/www.costadelsol-mallorca.com\/wp-content\/uploads\/2025\/11\/3c119b7e-150x150.jpg"},"tf-client-image-size":{"file":"3c119b7e-120x120.jpg","width":120,"height":120,"mime-type":"image\/jpeg","filesize":10486,"url":"https:\/\/www.costadelsol-mallorca.com\/wp-content\/uploads\/2025\/11\/3c119b7e-120x120.jpg"},"post-thumbnail":{"file":"3c119b7e-150x100.jpg","width":150,"height":100,"mime-type":"image\/jpeg","filesize":11081,"url":"https:\/\/www.costadelsol-mallorca.com\/wp-content\/uploads\/2025\/11\/3c119b7e-150x100.jpg"},"modern-property-child-slider":{"file":"3c119b7e-680x510.jpg","width":680,"height":510,"mime-type":"image\/jpeg","filesize":159348,"url":"https:\/\/www.costadelsol-mallorca.com\/wp-content\/uploads\/2025\/11\/3c119b7e-680x510.jpg"},"property-thumb-image":{"file":"3c119b7e-488x326.jpg","width":488,"height":326,"mime-type":"image\/jpeg","filesize":81182,"url":"https:\/\/www.costadelsol-mallorca.com\/wp-content\/uploads\/2025\/11\/3c119b7e-488x326.jpg"},"property-detail-video-image":{"file":"3c119b7e-818x417.jpg","width":818,"height":417,"mime-type":"image\/jpeg","filesize":166287,"url":"https:\/\/www.costadelsol-mallorca.com\/wp-content\/uploads\/2025\/11\/3c119b7e-818x417.jpg"},"agent-image":{"file":"3c119b7e-210x210.jpg","width":210,"height":210,"mime-type":"image\/jpeg","filesize":28260,"url":"https:\/\/www.costadelsol-mallorca.com\/wp-content\/uploads\/2025\/11\/3c119b7e-210x210.jpg"},"partners-logo":{"file":"3c119b7e-600x1280.jpg","width":600,"height":1280,"mime-type":"image\/jpeg","filesize":337750,"url":"https:\/\/www.costadelsol-mallorca.com\/wp-content\/uploads\/2025\/11\/3c119b7e-600x1280.jpg"},"post-featured-image":{"file":"3c119b7e-1240x720.jpg","width":1240,"height":720,"mime-type":"image\/jpeg","filesize":376053,"url":"https:\/\/www.costadelsol-mallorca.com\/wp-content\/uploads\/2025\/11\/3c119b7e-1240x720.jpg"}},"image_meta":{"aperture":"0","credit":"","camera":"","caption":"","created_timestamp":"0","copyright":"","focal_length":"0","iso":"0","shutter_speed":"0","title":"","orientation":"0","keywords":[]},"ID":"231691","name":"3c119b7e.jpg","path":"\/home\/ro\/web\/costadelsol-mallorca.com\/public_html\/wp-content\/uploads\/2025\/11\/3c119b7e.jpg","url":"https:\/\/www.costadelsol-mallorca.com\/wp-content\/uploads\/2025\/11\/3c119b7e-150x150.jpg","full_url":"https:\/\/www.costadelsol-mallorca.com\/wp-content\/uploads\/2025\/11\/3c119b7e.jpg","title":"3c119b7e","caption":"","description":"","alt":"","srcset":"https:\/\/www.costadelsol-mallorca.com\/wp-content\/uploads\/2025\/11\/3c119b7e-150x150.jpg 150w, https:\/\/www.costadelsol-mallorca.com\/wp-content\/uploads\/2025\/11\/3c119b7e-120x120.jpg 120w, https:\/\/www.costadelsol-mallorca.com\/wp-content\/uploads\/2025\/11\/3c119b7e-210x210.jpg 210w"}],"REAL_HOMES_change_gallery_slider_type":"","REAL_HOMES_gallery_slider_type":"thumb-on-right","inspiry_floor_plans":[],"inspiry_video_group":[],"REAL_HOMES_360_virtual_tour":"","REAL_HOMES_tour_video_url":"","REAL_HOMES_tour_video_image":[],"REAL_HOMES_agent_display_option":"agent_info","REAL_HOMES_agents":[],"REAL_HOMES_energy_class":"","REAL_HOMES_energy_performance":"","REAL_HOMES_epc_current_rating":"","REAL_HOMES_epc_potential_rating":"","REAL_HOMES_sticky":"","inspiry_property_label":"","inspiry_property_label_color":"","inspiry_property_tax":"","inspiry_additional_fee":"","REAL_HOMES_attachments":[],"inspiry_property_owner_name":"","inspiry_property_owner_contact":"","inspiry_property_owner_address":"","REAL_HOMES_property_private_note":"","inspiry_message_to_reviewer":"","REAL_HOMES_add_in_slider":"no","REAL_HOMES_slider_image":[],"REAL_HOMES_page_banner_image":[],"REAL_HOMES_hide_property_advance_search":"","REAL_HOMES_hide_advance_search":"","REAL_HOMES_custom_search_form":"","REAL_HOMES_search_form_margin_top":"","REAL_HOMES_search_form_margin_bottom":""},"_links":{"self":[{"href":"https:\/\/www.costadelsol-mallorca.com\/es\/wp-json\/wp\/v2\/property\/229493"}],"collection":[{"href":"https:\/\/www.costadelsol-mallorca.com\/es\/wp-json\/wp\/v2\/property"}],"about":[{"href":"https:\/\/www.costadelsol-mallorca.com\/es\/wp-json\/wp\/v2\/types\/property"}],"replies":[{"embeddable":true,"href":"https:\/\/www.costadelsol-mallorca.com\/es\/wp-json\/wp\/v2\/comments?post=229493"}],"version-history":[{"count":0,"href":"https:\/\/www.costadelsol-mallorca.com\/es\/wp-json\/wp\/v2\/property\/229493\/revisions"}],"wp:featuredmedia":[{"embeddable":true,"href":"https:\/\/www.costadelsol-mallorca.com\/es\/wp-json\/wp\/v2\/media\/231416"}],"wp:attachment":[{"href":"https:\/\/www.costadelsol-mallorca.com\/es\/wp-json\/wp\/v2\/media?parent=229493"}],"wp:term":[{"taxonomy":"property-feature","embeddable":true,"href":"https:\/\/www.costadelsol-mallorca.com\/es\/wp-json\/wp\/v2\/property-feature?post=229493"},{"taxonomy":"property-type","embeddable":true,"href":"https:\/\/www.costadelsol-mallorca.com\/es\/wp-json\/wp\/v2\/property-type?post=229493"},{"taxonomy":"property-city","embeddable":true,"href":"https:\/\/www.costadelsol-mallorca.com\/es\/wp-json\/wp\/v2\/property-city?post=229493"},{"taxonomy":"property-status","embeddable":true,"href":"https:\/\/www.costadelsol-mallorca.com\/es\/wp-json\/wp\/v2\/property-status?post=229493"}],"curies":[{"name":"wp","href":"https:\/\/api.w.org\/{rel}","templated":true}]}}