{"id":229498,"date":"2024-12-17T10:39:46","date_gmt":"2024-12-17T09:39:46","guid":{"rendered":"https:\/\/www.costadelsol-mallorca.com\/property\/benahavis-malaga-spain-villa-5\/"},"modified":"2024-12-17T10:39:46","modified_gmt":"2024-12-17T09:39:46","slug":"benahavis-malaga-spain-villa-5","status":"publish","type":"property","link":"https:\/\/www.costadelsol-mallorca.com\/es\/property\/benahavis-malaga-spain-villa-5\/","title":{"rendered":"Benahavis, Malaga, Spain &#8211; Villa"},"content":{"rendered":"<p>Bienvenido a un mundo de lujo sin igual con estas impresionantes villas en Benahav\u00eds, donde la sofisticaci\u00f3n se encuentra con un dise\u00f1o impresionante. \u00a1Esta villa tiene una hermosa vista sobre el bosque y el mar azul! Cada villa es una obra maestra arquitect\u00f3nica en combinaci\u00f3n con Lamborghini, fusionando perfectamente la est\u00e9tica contempor\u00e1nea con la impresionante belleza natural del paisaje circundante. Con comodidades de \u00faltima generaci\u00f3n y acabados excepcionales, estas casas redefinen la vida de lujo.&#xD;&#xD;Ubicado en el coraz\u00f3n de la Costa del Sol, Benahav\u00eds es conocido por su encanto pintoresco, su exquisita gastronom\u00eda y sus impresionantes campos de golf. Esta \u00e1rea adinerada ofrece un escape tranquilo mientras se encuentra a solo un corto trayecto en coche de las vibrantes playas de Marbella. Rodeado de exuberantes monta\u00f1as y vistas panor\u00e1micas, los residentes disfrutan de un estilo de vida lleno de aventuras al aire libre, alta cocina y experiencias culturales, todo en un entorno sereno y exclusivo.&#xD;&#xD;Estas excepcionales villas cuentan con una variedad de comodidades de alta gama dise\u00f1adas para el m\u00e1ximo confort y ocio. Disfrute de la piscina infinita que parece fusionarse con el horizonte, amplias terrazas para el entretenimiento y jardines bellamente dise\u00f1ados que brindan privacidad. El dise\u00f1o est\u00e1 inspirado en el estilo de lujo de Lamborghini. Experimente una vida interior-exterior sin fisuras, perfecta para disfrutar del sol o organizar reuniones con amigos y familiares.&#xD;&#xD;Ingrese para descubrir amplias \u00e1reas de estar de planta abierta ba\u00f1adas por luz natural, con elegantes muebles y tecnolog\u00eda de vanguardia. La cocina gourmet cuenta con electrodom\u00e9sticos de primera l\u00ednea, perfecta para los entusiastas culinarios, mientras que los acogedores espacios de estar ofrecen refugios acogedores. Cada dormitorio es un remanso de tranquilidad, completo con ba\u00f1os en suite y vistas impresionantes. Con una meticulosa atenci\u00f3n al detalle y acabados de alta calidad en todo, estas villas son el ep\u00edtome de la vida de lujo en Benahav\u00eds.<\/p>\n","protected":false},"excerpt":{"rendered":"<p>Bienvenido a un mundo de lujo sin igual con estas impresionantes villas en Benahav\u00eds, donde la sofisticaci\u00f3n se encuentra con un dise\u00f1o impresionante. \u00a1Esta villa tiene una hermosa vista sobre el bosque y el mar azul! Cada villa es una obra maestra arquitect\u00f3nica en combinaci\u00f3n con Lamborghini, fusionando perfectamente la est\u00e9tica contempor\u00e1nea con la impresionante&#8230;<\/p>\n","protected":false},"author":1,"featured_media":225244,"parent":0,"menu_order":0,"comment_status":"open","ping_status":"open","template":"","property-feature":[1552,1553,1556,1558,1565,1566,1577,269,1583,616,1602,1542,1631,1544,1632,1545,1634,1546,1656,1548,1666,1550,1692,1551,1703],"property-type":[1562],"property-city":[866,875,1475],"property-status":[],"aioseo_notices":[],"property_meta":{"REAL_HOMES_property_price":"10132130","REAL_HOMES_property_old_price":"","REAL_HOMES_property_price_prefix":"","REAL_HOMES_property_price_postfix":"","REAL_HOMES_property_size":"1254","REAL_HOMES_property_size_postfix":"","REAL_HOMES_property_lot_size":"","REAL_HOMES_property_lot_size_postfix":"","REAL_HOMES_property_bedrooms":"6","REAL_HOMES_property_bathrooms":"11","REAL_HOMES_property_garage":"","REAL_HOMES_property_id":"MDL196S","REAL_HOMES_property_year_built":"","REAL_HOMES_featured":"0","REAL_HOMES_additional_details_list":[["",""]],"REAL_HOMES_property_location":{"latitude":"","longitude":"","zoom":""},"REAL_HOMES_property_address":"","REAL_HOMES_property_map":"0","REAL_HOMES_property_images":[{"width":150,"height":150,"file":"2025\/05\/e55277bf.jpg","filesize":324027,"sizes":{"thumbnail":{"file":"e55277bf-150x150.jpg","width":150,"height":150,"mime-type":"image\/jpeg","filesize":23601,"url":"https:\/\/www.costadelsol-mallorca.com\/wp-content\/uploads\/2025\/05\/e55277bf-150x150.jpg"},"tf-client-image-size":{"file":"e55277bf-120x120.jpg","width":120,"height":120,"mime-type":"image\/jpeg","filesize":15858,"url":"https:\/\/www.costadelsol-mallorca.com\/wp-content\/uploads\/2025\/05\/e55277bf-120x120.jpg"},"post-thumbnail":{"file":"e55277bf-150x48.jpg","width":150,"height":48,"mime-type":"image\/jpeg","filesize":9773,"url":"https:\/\/www.costadelsol-mallorca.com\/wp-content\/uploads\/2025\/05\/e55277bf-150x48.jpg"},"modern-property-child-slider":{"file":"e55277bf-680x510.jpg","width":680,"height":510,"mime-type":"image\/jpeg","filesize":243769,"url":"https:\/\/www.costadelsol-mallorca.com\/wp-content\/uploads\/2025\/05\/e55277bf-680x510.jpg"},"property-thumb-image":{"file":"e55277bf-488x326.jpg","width":488,"height":326,"mime-type":"image\/jpeg","filesize":127877,"url":"https:\/\/www.costadelsol-mallorca.com\/wp-content\/uploads\/2025\/05\/e55277bf-488x326.jpg"},"property-detail-video-image":{"file":"e55277bf-818x417.jpg","width":818,"height":417,"mime-type":"image\/jpeg","filesize":258282,"url":"https:\/\/www.costadelsol-mallorca.com\/wp-content\/uploads\/2025\/05\/e55277bf-818x417.jpg"},"agent-image":{"file":"e55277bf-210x210.jpg","width":210,"height":210,"mime-type":"image\/jpeg","filesize":41917,"url":"https:\/\/www.costadelsol-mallorca.com\/wp-content\/uploads\/2025\/05\/e55277bf-210x210.jpg"},"partners-logo":{"file":"e55277bf-600x610.jpg","width":600,"height":610,"mime-type":"image\/jpeg","filesize":235627,"url":"https:\/\/www.costadelsol-mallorca.com\/wp-content\/uploads\/2025\/05\/e55277bf-600x610.jpg"},"post-featured-image":{"file":"e55277bf-1240x610.jpg","width":1240,"height":610,"mime-type":"image\/jpeg","filesize":482235,"url":"https:\/\/www.costadelsol-mallorca.com\/wp-content\/uploads\/2025\/05\/e55277bf-1240x610.jpg"}},"image_meta":{"aperture":"0","credit":"","camera":"","caption":"","created_timestamp":"0","copyright":"","focal_length":"0","iso":"0","shutter_speed":"0","title":"","orientation":"0","keywords":[]},"old_width":1920,"old_height":610,"ID":"225241","name":"e55277bf.jpg","path":"\/home\/ro\/web\/costadelsol-mallorca.com\/public_html\/wp-content\/uploads\/2025\/05\/e55277bf.jpg","url":"https:\/\/www.costadelsol-mallorca.com\/wp-content\/uploads\/2025\/05\/e55277bf-150x150.jpg","full_url":"https:\/\/www.costadelsol-mallorca.com\/wp-content\/uploads\/2025\/05\/e55277bf.jpg","title":"e55277bf","caption":"","description":"","alt":"","srcset":"https:\/\/www.costadelsol-mallorca.com\/wp-content\/uploads\/2025\/05\/e55277bf-150x150.jpg 150w, https:\/\/www.costadelsol-mallorca.com\/wp-content\/uploads\/2025\/05\/e55277bf-120x120.jpg 120w, https:\/\/www.costadelsol-mallorca.com\/wp-content\/uploads\/2025\/05\/e55277bf-210x210.jpg 210w"},{"width":150,"height":150,"file":"2025\/05\/35b83f8b.jpg","filesize":2495931,"sizes":{"thumbnail":{"file":"35b83f8b-150x150.jpg","width":150,"height":150,"mime-type":"image\/png","filesize":6128,"url":"https:\/\/www.costadelsol-mallorca.com\/wp-content\/uploads\/2025\/05\/35b83f8b-150x150.jpg"},"tf-client-image-size":{"file":"35b83f8b-120x120.jpg","width":120,"height":120,"mime-type":"image\/png","filesize":4145,"url":"https:\/\/www.costadelsol-mallorca.com\/wp-content\/uploads\/2025\/05\/35b83f8b-120x120.jpg"},"post-thumbnail":{"file":"35b83f8b-150x85.jpg","width":150,"height":85,"mime-type":"image\/png","filesize":4038,"url":"https:\/\/www.costadelsol-mallorca.com\/wp-content\/uploads\/2025\/05\/35b83f8b-150x85.jpg"},"modern-property-child-slider":{"file":"35b83f8b-680x510.jpg","width":680,"height":510,"mime-type":"image\/png","filesize":64393,"url":"https:\/\/www.costadelsol-mallorca.com\/wp-content\/uploads\/2025\/05\/35b83f8b-680x510.jpg"},"property-thumb-image":{"file":"35b83f8b-488x326.jpg","width":488,"height":326,"mime-type":"image\/png","filesize":33327,"url":"https:\/\/www.costadelsol-mallorca.com\/wp-content\/uploads\/2025\/05\/35b83f8b-488x326.jpg"},"property-detail-video-image":{"file":"35b83f8b-818x417.jpg","width":818,"height":417,"mime-type":"image\/png","filesize":66404,"url":"https:\/\/www.costadelsol-mallorca.com\/wp-content\/uploads\/2025\/05\/35b83f8b-818x417.jpg"},"agent-image":{"file":"35b83f8b-210x210.jpg","width":210,"height":210,"mime-type":"image\/png","filesize":10738,"url":"https:\/\/www.costadelsol-mallorca.com\/wp-content\/uploads\/2025\/05\/35b83f8b-210x210.jpg"},"partners-logo":{"file":"35b83f8b-600x1094.jpg","width":600,"height":1094,"mime-type":"image\/png","filesize":90954,"url":"https:\/\/www.costadelsol-mallorca.com\/wp-content\/uploads\/2025\/05\/35b83f8b-600x1094.jpg"},"post-featured-image":{"file":"35b83f8b-1240x720.jpg","width":1240,"height":720,"mime-type":"image\/png","filesize":144985,"url":"https:\/\/www.costadelsol-mallorca.com\/wp-content\/uploads\/2025\/05\/35b83f8b-1240x720.jpg"}},"image_meta":{"aperture":"0","credit":"","camera":"","caption":"","created_timestamp":"0","copyright":"","focal_length":"0","iso":"0","shutter_speed":"0","title":"","orientation":"0","keywords":[]},"old_width":1920,"old_height":1094,"ID":"225245","name":"35b83f8b.jpg","path":"\/home\/ro\/web\/costadelsol-mallorca.com\/public_html\/wp-content\/uploads\/2025\/05\/35b83f8b.jpg","url":"https:\/\/www.costadelsol-mallorca.com\/wp-content\/uploads\/2025\/05\/35b83f8b-150x150.jpg","full_url":"https:\/\/www.costadelsol-mallorca.com\/wp-content\/uploads\/2025\/05\/35b83f8b.jpg","title":"35b83f8b","caption":"","description":"","alt":"","srcset":"https:\/\/www.costadelsol-mallorca.com\/wp-content\/uploads\/2025\/05\/35b83f8b-150x150.jpg 150w, https:\/\/www.costadelsol-mallorca.com\/wp-content\/uploads\/2025\/05\/35b83f8b-120x120.jpg 120w, https:\/\/www.costadelsol-mallorca.com\/wp-content\/uploads\/2025\/05\/35b83f8b-210x210.jpg 210w"},{"width":150,"height":150,"file":"2025\/05\/2cf14a91.jpg","filesize":2917413,"sizes":{"thumbnail":{"file":"2cf14a91-150x150.jpg","width":150,"height":150,"mime-type":"image\/png","filesize":7060,"url":"https:\/\/www.costadelsol-mallorca.com\/wp-content\/uploads\/2025\/05\/2cf14a91-150x150.jpg"},"tf-client-image-size":{"file":"2cf14a91-120x120.jpg","width":120,"height":120,"mime-type":"image\/png","filesize":4800,"url":"https:\/\/www.costadelsol-mallorca.com\/wp-content\/uploads\/2025\/05\/2cf14a91-120x120.jpg"},"post-thumbnail":{"file":"2cf14a91-150x85.jpg","width":150,"height":85,"mime-type":"image\/png","filesize":4625,"url":"https:\/\/www.costadelsol-mallorca.com\/wp-content\/uploads\/2025\/05\/2cf14a91-150x85.jpg"},"modern-property-child-slider":{"file":"2cf14a91-680x510.jpg","width":680,"height":510,"mime-type":"image\/png","filesize":74359,"url":"https:\/\/www.costadelsol-mallorca.com\/wp-content\/uploads\/2025\/05\/2cf14a91-680x510.jpg"},"property-thumb-image":{"file":"2cf14a91-488x326.jpg","width":488,"height":326,"mime-type":"image\/png","filesize":37894,"url":"https:\/\/www.costadelsol-mallorca.com\/wp-content\/uploads\/2025\/05\/2cf14a91-488x326.jpg"},"property-detail-video-image":{"file":"2cf14a91-818x417.jpg","width":818,"height":417,"mime-type":"image\/png","filesize":76396,"url":"https:\/\/www.costadelsol-mallorca.com\/wp-content\/uploads\/2025\/05\/2cf14a91-818x417.jpg"},"agent-image":{"file":"2cf14a91-210x210.jpg","width":210,"height":210,"mime-type":"image\/png","filesize":12466,"url":"https:\/\/www.costadelsol-mallorca.com\/wp-content\/uploads\/2025\/05\/2cf14a91-210x210.jpg"},"partners-logo":{"file":"2cf14a91-600x1087.jpg","width":600,"height":1087,"mime-type":"image\/png","filesize":118759,"url":"https:\/\/www.costadelsol-mallorca.com\/wp-content\/uploads\/2025\/05\/2cf14a91-600x1087.jpg"},"post-featured-image":{"file":"2cf14a91-1240x720.jpg","width":1240,"height":720,"mime-type":"image\/png","filesize":171573,"url":"https:\/\/www.costadelsol-mallorca.com\/wp-content\/uploads\/2025\/05\/2cf14a91-1240x720.jpg"}},"image_meta":{"aperture":"0","credit":"","camera":"","caption":"","created_timestamp":"0","copyright":"","focal_length":"0","iso":"0","shutter_speed":"0","title":"","orientation":"0","keywords":[]},"old_width":1920,"old_height":1087,"ID":"225249","name":"2cf14a91.jpg","path":"\/home\/ro\/web\/costadelsol-mallorca.com\/public_html\/wp-content\/uploads\/2025\/05\/2cf14a91.jpg","url":"https:\/\/www.costadelsol-mallorca.com\/wp-content\/uploads\/2025\/05\/2cf14a91-150x150.jpg","full_url":"https:\/\/www.costadelsol-mallorca.com\/wp-content\/uploads\/2025\/05\/2cf14a91.jpg","title":"2cf14a91","caption":"","description":"","alt":"","srcset":"https:\/\/www.costadelsol-mallorca.com\/wp-content\/uploads\/2025\/05\/2cf14a91-150x150.jpg 150w, https:\/\/www.costadelsol-mallorca.com\/wp-content\/uploads\/2025\/05\/2cf14a91-120x120.jpg 120w, https:\/\/www.costadelsol-mallorca.com\/wp-content\/uploads\/2025\/05\/2cf14a91-210x210.jpg 210w"},{"width":150,"height":150,"file":"2025\/05\/28e37d0a.jpg","filesize":1642055,"sizes":{"thumbnail":{"file":"28e37d0a-150x150.jpg","width":150,"height":150,"mime-type":"image\/png","filesize":5295,"url":"https:\/\/www.costadelsol-mallorca.com\/wp-content\/uploads\/2025\/05\/28e37d0a-150x150.jpg"},"tf-client-image-size":{"file":"28e37d0a-120x120.jpg","width":120,"height":120,"mime-type":"image\/png","filesize":3766,"url":"https:\/\/www.costadelsol-mallorca.com\/wp-content\/uploads\/2025\/05\/28e37d0a-120x120.jpg"},"post-thumbnail":{"file":"28e37d0a-150x63.jpg","width":150,"height":63,"mime-type":"image\/png","filesize":3012,"url":"https:\/\/www.costadelsol-mallorca.com\/wp-content\/uploads\/2025\/05\/28e37d0a-150x63.jpg"},"modern-property-child-slider":{"file":"28e37d0a-680x510.jpg","width":680,"height":510,"mime-type":"image\/png","filesize":52530,"url":"https:\/\/www.costadelsol-mallorca.com\/wp-content\/uploads\/2025\/05\/28e37d0a-680x510.jpg"},"property-thumb-image":{"file":"28e37d0a-488x326.jpg","width":488,"height":326,"mime-type":"image\/png","filesize":28831,"url":"https:\/\/www.costadelsol-mallorca.com\/wp-content\/uploads\/2025\/05\/28e37d0a-488x326.jpg"},"property-detail-video-image":{"file":"28e37d0a-818x417.jpg","width":818,"height":417,"mime-type":"image\/png","filesize":56401,"url":"https:\/\/www.costadelsol-mallorca.com\/wp-content\/uploads\/2025\/05\/28e37d0a-818x417.jpg"},"agent-image":{"file":"28e37d0a-210x210.jpg","width":210,"height":210,"mime-type":"image\/png","filesize":9304,"url":"https:\/\/www.costadelsol-mallorca.com\/wp-content\/uploads\/2025\/05\/28e37d0a-210x210.jpg"},"partners-logo":{"file":"28e37d0a-600x810.jpg","width":600,"height":810,"mime-type":"image\/png","filesize":62084,"url":"https:\/\/www.costadelsol-mallorca.com\/wp-content\/uploads\/2025\/05\/28e37d0a-600x810.jpg"},"post-featured-image":{"file":"28e37d0a-1240x720.jpg","width":1240,"height":720,"mime-type":"image\/png","filesize":120007,"url":"https:\/\/www.costadelsol-mallorca.com\/wp-content\/uploads\/2025\/05\/28e37d0a-1240x720.jpg"}},"image_meta":{"aperture":"0","credit":"","camera":"","caption":"","created_timestamp":"0","copyright":"","focal_length":"0","iso":"0","shutter_speed":"0","title":"","orientation":"0","keywords":[]},"old_width":1920,"old_height":810,"ID":"225253","name":"28e37d0a.jpg","path":"\/home\/ro\/web\/costadelsol-mallorca.com\/public_html\/wp-content\/uploads\/2025\/05\/28e37d0a.jpg","url":"https:\/\/www.costadelsol-mallorca.com\/wp-content\/uploads\/2025\/05\/28e37d0a-150x150.jpg","full_url":"https:\/\/www.costadelsol-mallorca.com\/wp-content\/uploads\/2025\/05\/28e37d0a.jpg","title":"28e37d0a","caption":"","description":"","alt":"","srcset":"https:\/\/www.costadelsol-mallorca.com\/wp-content\/uploads\/2025\/05\/28e37d0a-150x150.jpg 150w, https:\/\/www.costadelsol-mallorca.com\/wp-content\/uploads\/2025\/05\/28e37d0a-120x120.jpg 120w, https:\/\/www.costadelsol-mallorca.com\/wp-content\/uploads\/2025\/05\/28e37d0a-210x210.jpg 210w"},{"width":150,"height":150,"file":"2025\/05\/c2217953.jpg","filesize":1710743,"sizes":{"thumbnail":{"file":"c2217953-150x150.jpg","width":150,"height":150,"mime-type":"image\/png","filesize":5624,"url":"https:\/\/www.costadelsol-mallorca.com\/wp-content\/uploads\/2025\/05\/c2217953-150x150.jpg"},"tf-client-image-size":{"file":"c2217953-120x120.jpg","width":120,"height":120,"mime-type":"image\/png","filesize":3853,"url":"https:\/\/www.costadelsol-mallorca.com\/wp-content\/uploads\/2025\/05\/c2217953-120x120.jpg"},"post-thumbnail":{"file":"c2217953-150x73.jpg","width":150,"height":73,"mime-type":"image\/png","filesize":3262,"url":"https:\/\/www.costadelsol-mallorca.com\/wp-content\/uploads\/2025\/05\/c2217953-150x73.jpg"},"modern-property-child-slider":{"file":"c2217953-680x510.jpg","width":680,"height":510,"mime-type":"image\/png","filesize":48533,"url":"https:\/\/www.costadelsol-mallorca.com\/wp-content\/uploads\/2025\/05\/c2217953-680x510.jpg"},"property-thumb-image":{"file":"c2217953-488x326.jpg","width":488,"height":326,"mime-type":"image\/png","filesize":25324,"url":"https:\/\/www.costadelsol-mallorca.com\/wp-content\/uploads\/2025\/05\/c2217953-488x326.jpg"},"property-detail-video-image":{"file":"c2217953-818x417.jpg","width":818,"height":417,"mime-type":"image\/png","filesize":50434,"url":"https:\/\/www.costadelsol-mallorca.com\/wp-content\/uploads\/2025\/05\/c2217953-818x417.jpg"},"agent-image":{"file":"c2217953-210x210.jpg","width":210,"height":210,"mime-type":"image\/png","filesize":9550,"url":"https:\/\/www.costadelsol-mallorca.com\/wp-content\/uploads\/2025\/05\/c2217953-210x210.jpg"},"partners-logo":{"file":"c2217953-600x928.jpg","width":600,"height":928,"mime-type":"image\/png","filesize":70276,"url":"https:\/\/www.costadelsol-mallorca.com\/wp-content\/uploads\/2025\/05\/c2217953-600x928.jpg"},"post-featured-image":{"file":"c2217953-1240x720.jpg","width":1240,"height":720,"mime-type":"image\/png","filesize":103999,"url":"https:\/\/www.costadelsol-mallorca.com\/wp-content\/uploads\/2025\/05\/c2217953-1240x720.jpg"}},"image_meta":{"aperture":"0","credit":"","camera":"","caption":"","created_timestamp":"0","copyright":"","focal_length":"0","iso":"0","shutter_speed":"0","title":"","orientation":"0","keywords":[]},"old_width":1920,"old_height":928,"ID":"225257","name":"c2217953.jpg","path":"\/home\/ro\/web\/costadelsol-mallorca.com\/public_html\/wp-content\/uploads\/2025\/05\/c2217953.jpg","url":"https:\/\/www.costadelsol-mallorca.com\/wp-content\/uploads\/2025\/05\/c2217953-150x150.jpg","full_url":"https:\/\/www.costadelsol-mallorca.com\/wp-content\/uploads\/2025\/05\/c2217953.jpg","title":"c2217953","caption":"","description":"","alt":"","srcset":"https:\/\/www.costadelsol-mallorca.com\/wp-content\/uploads\/2025\/05\/c2217953-150x150.jpg 150w, https:\/\/www.costadelsol-mallorca.com\/wp-content\/uploads\/2025\/05\/c2217953-120x120.jpg 120w, https:\/\/www.costadelsol-mallorca.com\/wp-content\/uploads\/2025\/05\/c2217953-210x210.jpg 210w"},{"width":150,"height":150,"file":"2025\/05\/ff8e5da3.jpg","filesize":1435630,"sizes":{"thumbnail":{"file":"ff8e5da3-150x150.jpg","width":150,"height":150,"mime-type":"image\/png","filesize":5390,"url":"https:\/\/www.costadelsol-mallorca.com\/wp-content\/uploads\/2025\/05\/ff8e5da3-150x150.jpg"},"tf-client-image-size":{"file":"ff8e5da3-120x120.jpg","width":120,"height":120,"mime-type":"image\/png","filesize":3657,"url":"https:\/\/www.costadelsol-mallorca.com\/wp-content\/uploads\/2025\/05\/ff8e5da3-120x120.jpg"},"post-thumbnail":{"file":"ff8e5da3-150x63.jpg","width":150,"height":63,"mime-type":"image\/png","filesize":2869,"url":"https:\/\/www.costadelsol-mallorca.com\/wp-content\/uploads\/2025\/05\/ff8e5da3-150x63.jpg"},"modern-property-child-slider":{"file":"ff8e5da3-680x510.jpg","width":680,"height":510,"mime-type":"image\/png","filesize":48676,"url":"https:\/\/www.costadelsol-mallorca.com\/wp-content\/uploads\/2025\/05\/ff8e5da3-680x510.jpg"},"property-thumb-image":{"file":"ff8e5da3-488x326.jpg","width":488,"height":326,"mime-type":"image\/png","filesize":26914,"url":"https:\/\/www.costadelsol-mallorca.com\/wp-content\/uploads\/2025\/05\/ff8e5da3-488x326.jpg"},"property-detail-video-image":{"file":"ff8e5da3-818x417.jpg","width":818,"height":417,"mime-type":"image\/png","filesize":49266,"url":"https:\/\/www.costadelsol-mallorca.com\/wp-content\/uploads\/2025\/05\/ff8e5da3-818x417.jpg"},"agent-image":{"file":"ff8e5da3-210x210.jpg","width":210,"height":210,"mime-type":"image\/png","filesize":9146,"url":"https:\/\/www.costadelsol-mallorca.com\/wp-content\/uploads\/2025\/05\/ff8e5da3-210x210.jpg"},"partners-logo":{"file":"ff8e5da3-600x806.jpg","width":600,"height":806,"mime-type":"image\/png","filesize":55926,"url":"https:\/\/www.costadelsol-mallorca.com\/wp-content\/uploads\/2025\/05\/ff8e5da3-600x806.jpg"},"post-featured-image":{"file":"ff8e5da3-1240x720.jpg","width":1240,"height":720,"mime-type":"image\/png","filesize":102759,"url":"https:\/\/www.costadelsol-mallorca.com\/wp-content\/uploads\/2025\/05\/ff8e5da3-1240x720.jpg"}},"image_meta":{"aperture":"0","credit":"","camera":"","caption":"","created_timestamp":"0","copyright":"","focal_length":"0","iso":"0","shutter_speed":"0","title":"","orientation":"0","keywords":[]},"old_width":1920,"old_height":806,"ID":"225261","name":"ff8e5da3.jpg","path":"\/home\/ro\/web\/costadelsol-mallorca.com\/public_html\/wp-content\/uploads\/2025\/05\/ff8e5da3.jpg","url":"https:\/\/www.costadelsol-mallorca.com\/wp-content\/uploads\/2025\/05\/ff8e5da3-150x150.jpg","full_url":"https:\/\/www.costadelsol-mallorca.com\/wp-content\/uploads\/2025\/05\/ff8e5da3.jpg","title":"ff8e5da3","caption":"","description":"","alt":"","srcset":"https:\/\/www.costadelsol-mallorca.com\/wp-content\/uploads\/2025\/05\/ff8e5da3-150x150.jpg 150w, https:\/\/www.costadelsol-mallorca.com\/wp-content\/uploads\/2025\/05\/ff8e5da3-120x120.jpg 120w, https:\/\/www.costadelsol-mallorca.com\/wp-content\/uploads\/2025\/05\/ff8e5da3-210x210.jpg 210w"},{"width":150,"height":150,"file":"2025\/05\/ee6f0583.jpg","filesize":1584371,"sizes":{"thumbnail":{"file":"ee6f0583-150x150.jpg","width":150,"height":150,"mime-type":"image\/png","filesize":5044,"url":"https:\/\/www.costadelsol-mallorca.com\/wp-content\/uploads\/2025\/05\/ee6f0583-150x150.jpg"},"tf-client-image-size":{"file":"ee6f0583-120x120.jpg","width":120,"height":120,"mime-type":"image\/png","filesize":3467,"url":"https:\/\/www.costadelsol-mallorca.com\/wp-content\/uploads\/2025\/05\/ee6f0583-120x120.jpg"},"post-thumbnail":{"file":"ee6f0583-150x63.jpg","width":150,"height":63,"mime-type":"image\/png","filesize":2613,"url":"https:\/\/www.costadelsol-mallorca.com\/wp-content\/uploads\/2025\/05\/ee6f0583-150x63.jpg"},"modern-property-child-slider":{"file":"ee6f0583-680x510.jpg","width":680,"height":510,"mime-type":"image\/png","filesize":51454,"url":"https:\/\/www.costadelsol-mallorca.com\/wp-content\/uploads\/2025\/05\/ee6f0583-680x510.jpg"},"property-thumb-image":{"file":"ee6f0583-488x326.jpg","width":488,"height":326,"mime-type":"image\/png","filesize":25943,"url":"https:\/\/www.costadelsol-mallorca.com\/wp-content\/uploads\/2025\/05\/ee6f0583-488x326.jpg"},"property-detail-video-image":{"file":"ee6f0583-818x417.jpg","width":818,"height":417,"mime-type":"image\/png","filesize":50035,"url":"https:\/\/www.costadelsol-mallorca.com\/wp-content\/uploads\/2025\/05\/ee6f0583-818x417.jpg"},"agent-image":{"file":"ee6f0583-210x210.jpg","width":210,"height":210,"mime-type":"image\/png","filesize":8751,"url":"https:\/\/www.costadelsol-mallorca.com\/wp-content\/uploads\/2025\/05\/ee6f0583-210x210.jpg"},"partners-logo":{"file":"ee6f0583-600x806.jpg","width":600,"height":806,"mime-type":"image\/png","filesize":66050,"url":"https:\/\/www.costadelsol-mallorca.com\/wp-content\/uploads\/2025\/05\/ee6f0583-600x806.jpg"},"post-featured-image":{"file":"ee6f0583-1240x720.jpg","width":1240,"height":720,"mime-type":"image\/png","filesize":111245,"url":"https:\/\/www.costadelsol-mallorca.com\/wp-content\/uploads\/2025\/05\/ee6f0583-1240x720.jpg"}},"image_meta":{"aperture":"0","credit":"","camera":"","caption":"","created_timestamp":"0","copyright":"","focal_length":"0","iso":"0","shutter_speed":"0","title":"","orientation":"0","keywords":[]},"old_width":1920,"old_height":806,"ID":"225265","name":"ee6f0583.jpg","path":"\/home\/ro\/web\/costadelsol-mallorca.com\/public_html\/wp-content\/uploads\/2025\/05\/ee6f0583.jpg","url":"https:\/\/www.costadelsol-mallorca.com\/wp-content\/uploads\/2025\/05\/ee6f0583-150x150.jpg","full_url":"https:\/\/www.costadelsol-mallorca.com\/wp-content\/uploads\/2025\/05\/ee6f0583.jpg","title":"ee6f0583","caption":"","description":"","alt":"","srcset":"https:\/\/www.costadelsol-mallorca.com\/wp-content\/uploads\/2025\/05\/ee6f0583-150x150.jpg 150w, https:\/\/www.costadelsol-mallorca.com\/wp-content\/uploads\/2025\/05\/ee6f0583-120x120.jpg 120w, https:\/\/www.costadelsol-mallorca.com\/wp-content\/uploads\/2025\/05\/ee6f0583-210x210.jpg 210w"},{"width":150,"height":150,"file":"2025\/05\/71c9ed82.jpg","filesize":1816648,"sizes":{"thumbnail":{"file":"71c9ed82-150x150.jpg","width":150,"height":150,"mime-type":"image\/png","filesize":5497,"url":"https:\/\/www.costadelsol-mallorca.com\/wp-content\/uploads\/2025\/05\/71c9ed82-150x150.jpg"},"tf-client-image-size":{"file":"71c9ed82-120x120.jpg","width":120,"height":120,"mime-type":"image\/png","filesize":3882,"url":"https:\/\/www.costadelsol-mallorca.com\/wp-content\/uploads\/2025\/05\/71c9ed82-120x120.jpg"},"post-thumbnail":{"file":"71c9ed82-150x62.jpg","width":150,"height":62,"mime-type":"image\/png","filesize":2862,"url":"https:\/\/www.costadelsol-mallorca.com\/wp-content\/uploads\/2025\/05\/71c9ed82-150x62.jpg"},"modern-property-child-slider":{"file":"71c9ed82-680x510.jpg","width":680,"height":510,"mime-type":"image\/png","filesize":53930,"url":"https:\/\/www.costadelsol-mallorca.com\/wp-content\/uploads\/2025\/05\/71c9ed82-680x510.jpg"},"property-thumb-image":{"file":"71c9ed82-488x326.jpg","width":488,"height":326,"mime-type":"image\/png","filesize":28246,"url":"https:\/\/www.costadelsol-mallorca.com\/wp-content\/uploads\/2025\/05\/71c9ed82-488x326.jpg"},"property-detail-video-image":{"file":"71c9ed82-818x417.jpg","width":818,"height":417,"mime-type":"image\/png","filesize":53048,"url":"https:\/\/www.costadelsol-mallorca.com\/wp-content\/uploads\/2025\/05\/71c9ed82-818x417.jpg"},"agent-image":{"file":"71c9ed82-210x210.jpg","width":210,"height":210,"mime-type":"image\/png","filesize":9522,"url":"https:\/\/www.costadelsol-mallorca.com\/wp-content\/uploads\/2025\/05\/71c9ed82-210x210.jpg"},"partners-logo":{"file":"71c9ed82-600x790.jpg","width":600,"height":790,"mime-type":"image\/png","filesize":68313,"url":"https:\/\/www.costadelsol-mallorca.com\/wp-content\/uploads\/2025\/05\/71c9ed82-600x790.jpg"},"post-featured-image":{"file":"71c9ed82-1240x720.jpg","width":1240,"height":720,"mime-type":"image\/png","filesize":118873,"url":"https:\/\/www.costadelsol-mallorca.com\/wp-content\/uploads\/2025\/05\/71c9ed82-1240x720.jpg"}},"image_meta":{"aperture":"0","credit":"","camera":"","caption":"","created_timestamp":"0","copyright":"","focal_length":"0","iso":"0","shutter_speed":"0","title":"","orientation":"0","keywords":[]},"old_width":1920,"old_height":790,"ID":"225269","name":"71c9ed82.jpg","path":"\/home\/ro\/web\/costadelsol-mallorca.com\/public_html\/wp-content\/uploads\/2025\/05\/71c9ed82.jpg","url":"https:\/\/www.costadelsol-mallorca.com\/wp-content\/uploads\/2025\/05\/71c9ed82-150x150.jpg","full_url":"https:\/\/www.costadelsol-mallorca.com\/wp-content\/uploads\/2025\/05\/71c9ed82.jpg","title":"71c9ed82","caption":"","description":"","alt":"","srcset":"https:\/\/www.costadelsol-mallorca.com\/wp-content\/uploads\/2025\/05\/71c9ed82-150x150.jpg 150w, https:\/\/www.costadelsol-mallorca.com\/wp-content\/uploads\/2025\/05\/71c9ed82-120x120.jpg 120w, https:\/\/www.costadelsol-mallorca.com\/wp-content\/uploads\/2025\/05\/71c9ed82-210x210.jpg 210w"},{"width":150,"height":150,"file":"2025\/05\/cc17c46f.jpg","filesize":2120415,"sizes":{"thumbnail":{"file":"cc17c46f-150x150.jpg","width":150,"height":150,"mime-type":"image\/png","filesize":4871,"url":"https:\/\/www.costadelsol-mallorca.com\/wp-content\/uploads\/2025\/05\/cc17c46f-150x150.jpg"},"tf-client-image-size":{"file":"cc17c46f-120x120.jpg","width":120,"height":120,"mime-type":"image\/png","filesize":3355,"url":"https:\/\/www.costadelsol-mallorca.com\/wp-content\/uploads\/2025\/05\/cc17c46f-120x120.jpg"},"post-thumbnail":{"file":"cc17c46f-150x75.jpg","width":150,"height":75,"mime-type":"image\/png","filesize":2994,"url":"https:\/\/www.costadelsol-mallorca.com\/wp-content\/uploads\/2025\/05\/cc17c46f-150x75.jpg"},"modern-property-child-slider":{"file":"cc17c46f-680x510.jpg","width":680,"height":510,"mime-type":"image\/png","filesize":52617,"url":"https:\/\/www.costadelsol-mallorca.com\/wp-content\/uploads\/2025\/05\/cc17c46f-680x510.jpg"},"property-thumb-image":{"file":"cc17c46f-488x326.jpg","width":488,"height":326,"mime-type":"image\/png","filesize":27182,"url":"https:\/\/www.costadelsol-mallorca.com\/wp-content\/uploads\/2025\/05\/cc17c46f-488x326.jpg"},"property-detail-video-image":{"file":"cc17c46f-818x417.jpg","width":818,"height":417,"mime-type":"image\/png","filesize":54277,"url":"https:\/\/www.costadelsol-mallorca.com\/wp-content\/uploads\/2025\/05\/cc17c46f-818x417.jpg"},"agent-image":{"file":"cc17c46f-210x210.jpg","width":210,"height":210,"mime-type":"image\/png","filesize":8766,"url":"https:\/\/www.costadelsol-mallorca.com\/wp-content\/uploads\/2025\/05\/cc17c46f-210x210.jpg"},"partners-logo":{"file":"cc17c46f-600x959.jpg","width":600,"height":959,"mime-type":"image\/png","filesize":73836,"url":"https:\/\/www.costadelsol-mallorca.com\/wp-content\/uploads\/2025\/05\/cc17c46f-600x959.jpg"},"post-featured-image":{"file":"cc17c46f-1240x720.jpg","width":1240,"height":720,"mime-type":"image\/png","filesize":119608,"url":"https:\/\/www.costadelsol-mallorca.com\/wp-content\/uploads\/2025\/05\/cc17c46f-1240x720.jpg"}},"image_meta":{"aperture":"0","credit":"","camera":"","caption":"","created_timestamp":"0","copyright":"","focal_length":"0","iso":"0","shutter_speed":"0","title":"","orientation":"0","keywords":[]},"old_width":1920,"old_height":959,"ID":"225273","name":"cc17c46f.jpg","path":"\/home\/ro\/web\/costadelsol-mallorca.com\/public_html\/wp-content\/uploads\/2025\/05\/cc17c46f.jpg","url":"https:\/\/www.costadelsol-mallorca.com\/wp-content\/uploads\/2025\/05\/cc17c46f-150x150.jpg","full_url":"https:\/\/www.costadelsol-mallorca.com\/wp-content\/uploads\/2025\/05\/cc17c46f.jpg","title":"cc17c46f","caption":"","description":"","alt":"","srcset":"https:\/\/www.costadelsol-mallorca.com\/wp-content\/uploads\/2025\/05\/cc17c46f-150x150.jpg 150w, https:\/\/www.costadelsol-mallorca.com\/wp-content\/uploads\/2025\/05\/cc17c46f-120x120.jpg 120w, https:\/\/www.costadelsol-mallorca.com\/wp-content\/uploads\/2025\/05\/cc17c46f-210x210.jpg 210w"},{"width":150,"height":150,"file":"2025\/05\/f5a0c0c8.jpg","filesize":2469434,"sizes":{"thumbnail":{"file":"f5a0c0c8-150x150.jpg","width":150,"height":150,"mime-type":"image\/png","filesize":6374,"url":"https:\/\/www.costadelsol-mallorca.com\/wp-content\/uploads\/2025\/05\/f5a0c0c8-150x150.jpg"},"tf-client-image-size":{"file":"f5a0c0c8-120x120.jpg","width":120,"height":120,"mime-type":"image\/png","filesize":4280,"url":"https:\/\/www.costadelsol-mallorca.com\/wp-content\/uploads\/2025\/05\/f5a0c0c8-120x120.jpg"},"post-thumbnail":{"file":"f5a0c0c8-150x100.jpg","width":150,"height":100,"mime-type":"image\/png","filesize":4683,"url":"https:\/\/www.costadelsol-mallorca.com\/wp-content\/uploads\/2025\/05\/f5a0c0c8-150x100.jpg"},"modern-property-child-slider":{"file":"f5a0c0c8-680x510.jpg","width":680,"height":510,"mime-type":"image\/png","filesize":69463,"url":"https:\/\/www.costadelsol-mallorca.com\/wp-content\/uploads\/2025\/05\/f5a0c0c8-680x510.jpg"},"property-thumb-image":{"file":"f5a0c0c8-488x326.jpg","width":488,"height":326,"mime-type":"image\/png","filesize":36008,"url":"https:\/\/www.costadelsol-mallorca.com\/wp-content\/uploads\/2025\/05\/f5a0c0c8-488x326.jpg"},"property-detail-video-image":{"file":"f5a0c0c8-818x417.jpg","width":818,"height":417,"mime-type":"image\/png","filesize":75759,"url":"https:\/\/www.costadelsol-mallorca.com\/wp-content\/uploads\/2025\/05\/f5a0c0c8-818x417.jpg"},"agent-image":{"file":"f5a0c0c8-210x210.jpg","width":210,"height":210,"mime-type":"image\/png","filesize":11439,"url":"https:\/\/www.costadelsol-mallorca.com\/wp-content\/uploads\/2025\/05\/f5a0c0c8-210x210.jpg"},"partners-logo":{"file":"f5a0c0c8-600x1148.jpg","width":600,"height":1148,"mime-type":"image\/png","filesize":106710,"url":"https:\/\/www.costadelsol-mallorca.com\/wp-content\/uploads\/2025\/05\/f5a0c0c8-600x1148.jpg"},"post-featured-image":{"file":"f5a0c0c8-1240x720.jpg","width":1240,"height":720,"mime-type":"image\/png","filesize":160632,"url":"https:\/\/www.costadelsol-mallorca.com\/wp-content\/uploads\/2025\/05\/f5a0c0c8-1240x720.jpg"}},"image_meta":{"aperture":"0","credit":"","camera":"","caption":"","created_timestamp":"0","copyright":"","focal_length":"0","iso":"0","shutter_speed":"0","title":"","orientation":"0","keywords":[]},"old_width":1726,"old_height":1148,"ID":"225277","name":"f5a0c0c8.jpg","path":"\/home\/ro\/web\/costadelsol-mallorca.com\/public_html\/wp-content\/uploads\/2025\/05\/f5a0c0c8.jpg","url":"https:\/\/www.costadelsol-mallorca.com\/wp-content\/uploads\/2025\/05\/f5a0c0c8-150x150.jpg","full_url":"https:\/\/www.costadelsol-mallorca.com\/wp-content\/uploads\/2025\/05\/f5a0c0c8.jpg","title":"f5a0c0c8","caption":"","description":"","alt":"","srcset":"https:\/\/www.costadelsol-mallorca.com\/wp-content\/uploads\/2025\/05\/f5a0c0c8-150x150.jpg 150w, https:\/\/www.costadelsol-mallorca.com\/wp-content\/uploads\/2025\/05\/f5a0c0c8-120x120.jpg 120w, https:\/\/www.costadelsol-mallorca.com\/wp-content\/uploads\/2025\/05\/f5a0c0c8-210x210.jpg 210w"}],"REAL_HOMES_change_gallery_slider_type":"","REAL_HOMES_gallery_slider_type":"thumb-on-right","inspiry_floor_plans":[],"inspiry_video_group":[],"REAL_HOMES_360_virtual_tour":"","REAL_HOMES_tour_video_url":"","REAL_HOMES_tour_video_image":[],"REAL_HOMES_agent_display_option":"agent_info","REAL_HOMES_agents":[],"REAL_HOMES_energy_class":"","REAL_HOMES_energy_performance":"","REAL_HOMES_epc_current_rating":"","REAL_HOMES_epc_potential_rating":"","REAL_HOMES_sticky":"","inspiry_property_label":"","inspiry_property_label_color":"","inspiry_property_tax":"","inspiry_additional_fee":"","REAL_HOMES_attachments":[],"inspiry_property_owner_name":"","inspiry_property_owner_contact":"","inspiry_property_owner_address":"","REAL_HOMES_property_private_note":"","inspiry_message_to_reviewer":"","REAL_HOMES_add_in_slider":"no","REAL_HOMES_slider_image":[],"REAL_HOMES_page_banner_image":[],"REAL_HOMES_hide_property_advance_search":"","REAL_HOMES_hide_advance_search":"","REAL_HOMES_custom_search_form":"","REAL_HOMES_search_form_margin_top":"","REAL_HOMES_search_form_margin_bottom":""},"_links":{"self":[{"href":"https:\/\/www.costadelsol-mallorca.com\/es\/wp-json\/wp\/v2\/property\/229498"}],"collection":[{"href":"https:\/\/www.costadelsol-mallorca.com\/es\/wp-json\/wp\/v2\/property"}],"about":[{"href":"https:\/\/www.costadelsol-mallorca.com\/es\/wp-json\/wp\/v2\/types\/property"}],"author":[{"embeddable":true,"href":"https:\/\/www.costadelsol-mallorca.com\/es\/wp-json\/wp\/v2\/users\/1"}],"replies":[{"embeddable":true,"href":"https:\/\/www.costadelsol-mallorca.com\/es\/wp-json\/wp\/v2\/comments?post=229498"}],"version-history":[{"count":0,"href":"https:\/\/www.costadelsol-mallorca.com\/es\/wp-json\/wp\/v2\/property\/229498\/revisions"}],"wp:featuredmedia":[{"embeddable":true,"href":"https:\/\/www.costadelsol-mallorca.com\/es\/wp-json\/wp\/v2\/media\/225244"}],"wp:attachment":[{"href":"https:\/\/www.costadelsol-mallorca.com\/es\/wp-json\/wp\/v2\/media?parent=229498"}],"wp:term":[{"taxonomy":"property-feature","embeddable":true,"href":"https:\/\/www.costadelsol-mallorca.com\/es\/wp-json\/wp\/v2\/property-feature?post=229498"},{"taxonomy":"property-type","embeddable":true,"href":"https:\/\/www.costadelsol-mallorca.com\/es\/wp-json\/wp\/v2\/property-type?post=229498"},{"taxonomy":"property-city","embeddable":true,"href":"https:\/\/www.costadelsol-mallorca.com\/es\/wp-json\/wp\/v2\/property-city?post=229498"},{"taxonomy":"property-status","embeddable":true,"href":"https:\/\/www.costadelsol-mallorca.com\/es\/wp-json\/wp\/v2\/property-status?post=229498"}],"curies":[{"name":"wp","href":"https:\/\/api.w.org\/{rel}","templated":true}]}}