{"id":229500,"date":"2024-12-12T15:17:40","date_gmt":"2024-12-12T14:17:40","guid":{"rendered":"https:\/\/www.costadelsol-mallorca.com\/property\/marbella-malaga-spain-apartment-5\/"},"modified":"2024-12-12T15:17:40","modified_gmt":"2024-12-12T14:17:40","slug":"marbella-malaga-spain-apartment-5","status":"publish","type":"property","link":"https:\/\/www.costadelsol-mallorca.com\/es\/property\/marbella-malaga-spain-apartment-5\/","title":{"rendered":"Marbella, Malaga, Spain &#8211; Apartment"},"content":{"rendered":"<p>Un exquisito apartamento de 2 dormitorios totalmente renovado junto a Puerto Banus, el Casino, Hard Rock Caf\u00e9 y una incre\u00edble selecci\u00f3n de comodidades de moda.&#xD;Esta hermosa propiedad es perfecta para aquellos que aman disfrutar del estilo de vida din\u00e1mico y glamouroso que Puerto Banus y Nueva Andalucia tienen que ofrecer. Los residentes estar\u00e1n a pocos pasos de los destinos m\u00e1s reconocidos como el Casino, Hard Rock Caf\u00e9, Centro Plaza, Puerto Banus Marina, exclusivos clubes de playa y noche, restaurantes y tiendas. Todo en 5 a 10 minutos caminando.&#xD;Esta elegante casa se encuentra en una tranquila calle residencial y parte de una urbanizaci\u00f3n cerrada bien establecida con jard\u00edn comunitario, piscina, garaje subterr\u00e1neo y trastero. Completamente renovado a las m\u00e1s altas calidades y materiales, ofrece la \u00faltima tecnolog\u00eda que permite el control remoto completo en entradas, persianas e iluminaci\u00f3n con c\u00e1maras de seguridad tanto en exteriores como en interiores. La gran terraza de esquina tiene una zona de comedor al aire libre y sala de estar, cuenta con iluminaci\u00f3n al aire libre, plantas iluminadas con sistema de riego autom\u00e1tico.&#xD;Al entrar, un amplio sal\u00f3n conduce a un luminoso sal\u00f3n \/ comedor con una moderna cocina de planta abierta totalmente equipada con electrodom\u00e9sticos Miele. Las ventanas de suelo a techo permiten una gran cantidad de luz y el revestimiento de madera de roble integra perfectamente los espacios del apartamento, con puertas ocultas que a\u00f1aden un toque de lujo. Este impresionante retiro ofrece un Hotel Suite como sentimiento. La habitaci\u00f3n principal tiene un walk-in closet y ba\u00f1o en suite muy bien decorado con las especificaciones de la m\u00e1s alta calidad. El segundo dormitorio incluye un armario empotrado y un \u00e1rea de estudio. Ambos dormitorios tienen televisores LG y iluminaci\u00f3n empotrada. El segundo ba\u00f1o, accesible desde el pasillo, sirve tanto el dormitorio como la sala de estar, con calefacci\u00f3n por suelo radiante y iluminaci\u00f3n de sensores LED. La propiedad cuenta con aire acondicionado, control independiente de zona de aire, sistema comunitario de agua caliente y calefacci\u00f3n por suelo radiante, persianas, detectores de humo y sensores de presencia.<\/p>\n","protected":false},"excerpt":{"rendered":"<p>Un exquisito apartamento de 2 dormitorios totalmente renovado junto a Puerto Banus, el Casino, Hard Rock Caf\u00e9 y una incre\u00edble selecci\u00f3n de comodidades de moda.&#xD;Esta hermosa propiedad es perfecta para aquellos que aman disfrutar del estilo de vida din\u00e1mico y glamouroso que Puerto Banus y Nueva Andalucia tienen que ofrecer. Los residentes estar\u00e1n a pocos&#8230;<\/p>\n","protected":false},"author":1,"featured_media":225346,"parent":0,"menu_order":0,"comment_status":"open","ping_status":"open","template":"","property-feature":[1620,264,1632,1543,1633,1544,1636,1545,1650,1553,1656,1560,1657,1566,1666,1567,1669,1569,1704,1571,1579,1581,1591,1592,1594],"property-type":[245],"property-city":[866,875,1488],"property-status":[],"class_list":["post-229500","property","type-property","status-publish","has-post-thumbnail","hentry","property-feature-communal-garage","property-feature-ascensor","property-feature-guest-toilet","property-feature-transport-near","property-feature-kitchen-equipped","property-feature-air-conditioning","property-feature-electric-blinds","property-feature-fully-fitted-kitchen","property-feature-close-to-sea-beach","property-feature-double-glazing","property-feature-security-entrance","property-feature-underfloor-heating-throughout","property-feature-gated-community","property-feature-amenities-near","property-feature-east-orientation","property-feature-garden-view","property-feature-glass-doors","property-feature-street-view","property-feature-dolby-stereo-surround-system","property-feature-close-to-golf","property-feature-fitted-wardrobes","property-feature-fully-furnished","property-feature-communal-garden","property-feature-communal-pool","property-feature-excellent-condition","property-type-apartamento","property-city-costa-del-sol","property-city-malaga","property-city-marbella","zones-cs"],"aioseo_notices":[],"property_meta":{"REAL_HOMES_property_price":"749000","REAL_HOMES_property_old_price":"","REAL_HOMES_property_price_prefix":"","REAL_HOMES_property_price_postfix":"","REAL_HOMES_property_size":"83","REAL_HOMES_property_size_postfix":"","REAL_HOMES_property_lot_size":"","REAL_HOMES_property_lot_size_postfix":"","REAL_HOMES_property_bedrooms":"2","REAL_HOMES_property_bathrooms":"2","REAL_HOMES_property_garage":"","REAL_HOMES_property_id":"MDL199S","REAL_HOMES_property_year_built":"","rvr_property_owner":"","REAL_HOMES_featured":"0","REAL_HOMES_additional_details_list":[["",""]],"REAL_HOMES_property_location":{"latitude":"","longitude":"","zoom":""},"REAL_HOMES_property_address":"","REAL_HOMES_property_map":"0","REAL_HOMES_property_images":[{"width":150,"height":150,"file":"2025\/05\/10c2c096.jpg","filesize":588057,"sizes":{"thumbnail":{"file":"10c2c096-150x150.jpg","width":150,"height":150,"mime-type":"image\/jpeg","filesize":17460,"url":"https:\/\/www.costadelsol-mallorca.com\/wp-content\/uploads\/2025\/05\/10c2c096-150x150.jpg"},"tf-client-image-size":{"file":"10c2c096-120x120.jpg","width":120,"height":120,"mime-type":"image\/jpeg","filesize":11450,"url":"https:\/\/www.costadelsol-mallorca.com\/wp-content\/uploads\/2025\/05\/10c2c096-120x120.jpg"},"post-thumbnail":{"file":"10c2c096-150x84.jpg","width":150,"height":84,"mime-type":"image\/jpeg","filesize":11072,"url":"https:\/\/www.costadelsol-mallorca.com\/wp-content\/uploads\/2025\/05\/10c2c096-150x84.jpg"},"modern-property-child-slider":{"file":"10c2c096-680x510.jpg","width":680,"height":510,"mime-type":"image\/jpeg","filesize":217355,"url":"https:\/\/www.costadelsol-mallorca.com\/wp-content\/uploads\/2025\/05\/10c2c096-680x510.jpg"},"property-thumb-image":{"file":"10c2c096-488x326.jpg","width":488,"height":326,"mime-type":"image\/jpeg","filesize":107201,"url":"https:\/\/www.costadelsol-mallorca.com\/wp-content\/uploads\/2025\/05\/10c2c096-488x326.jpg"},"property-detail-video-image":{"file":"10c2c096-818x417.jpg","width":818,"height":417,"mime-type":"image\/jpeg","filesize":223885,"url":"https:\/\/www.costadelsol-mallorca.com\/wp-content\/uploads\/2025\/05\/10c2c096-818x417.jpg"},"agent-image":{"file":"10c2c096-210x210.jpg","width":210,"height":210,"mime-type":"image\/jpeg","filesize":32458,"url":"https:\/\/www.costadelsol-mallorca.com\/wp-content\/uploads\/2025\/05\/10c2c096-210x210.jpg"},"partners-logo":{"file":"10c2c096-600x1080.jpg","width":600,"height":1080,"mime-type":"image\/jpeg","filesize":409238,"url":"https:\/\/www.costadelsol-mallorca.com\/wp-content\/uploads\/2025\/05\/10c2c096-600x1080.jpg"},"post-featured-image":{"file":"10c2c096-1240x720.jpg","width":1240,"height":720,"mime-type":"image\/jpeg","filesize":523261,"url":"https:\/\/www.costadelsol-mallorca.com\/wp-content\/uploads\/2025\/05\/10c2c096-1240x720.jpg"}},"image_meta":{"aperture":"0","credit":"","camera":"","caption":"","created_timestamp":"0","copyright":"","focal_length":"0","iso":"0","shutter_speed":"0","title":"","orientation":"0","keywords":[]},"ID":"225346","name":"10c2c096.jpg","path":"\/home\/ro\/web\/costadelsol-mallorca.com\/public_html\/wp-content\/uploads\/2025\/05\/10c2c096.jpg","url":"https:\/\/www.costadelsol-mallorca.com\/wp-content\/uploads\/2025\/05\/10c2c096-150x150.jpg","full_url":"https:\/\/www.costadelsol-mallorca.com\/wp-content\/uploads\/2025\/05\/10c2c096.jpg","title":"10c2c096","caption":"","description":"","alt":"","srcset":"https:\/\/www.costadelsol-mallorca.com\/wp-content\/uploads\/2025\/05\/10c2c096-150x150.jpg 150w, https:\/\/www.costadelsol-mallorca.com\/wp-content\/uploads\/2025\/05\/10c2c096-120x120.jpg 120w, https:\/\/www.costadelsol-mallorca.com\/wp-content\/uploads\/2025\/05\/10c2c096-210x210.jpg 210w"},{"width":150,"height":150,"file":"2025\/05\/2fe2ff5f.jpg","filesize":495207,"sizes":{"thumbnail":{"file":"2fe2ff5f-150x150.jpg","width":150,"height":150,"mime-type":"image\/jpeg","filesize":20040,"url":"https:\/\/www.costadelsol-mallorca.com\/wp-content\/uploads\/2025\/05\/2fe2ff5f-150x150.jpg"},"tf-client-image-size":{"file":"2fe2ff5f-120x120.jpg","width":120,"height":120,"mime-type":"image\/jpeg","filesize":13455,"url":"https:\/\/www.costadelsol-mallorca.com\/wp-content\/uploads\/2025\/05\/2fe2ff5f-120x120.jpg"},"post-thumbnail":{"file":"2fe2ff5f-150x84.jpg","width":150,"height":84,"mime-type":"image\/jpeg","filesize":11976,"url":"https:\/\/www.costadelsol-mallorca.com\/wp-content\/uploads\/2025\/05\/2fe2ff5f-150x84.jpg"},"modern-property-child-slider":{"file":"2fe2ff5f-680x510.jpg","width":680,"height":510,"mime-type":"image\/jpeg","filesize":203757,"url":"https:\/\/www.costadelsol-mallorca.com\/wp-content\/uploads\/2025\/05\/2fe2ff5f-680x510.jpg"},"property-thumb-image":{"file":"2fe2ff5f-488x326.jpg","width":488,"height":326,"mime-type":"image\/jpeg","filesize":102036,"url":"https:\/\/www.costadelsol-mallorca.com\/wp-content\/uploads\/2025\/05\/2fe2ff5f-488x326.jpg"},"property-detail-video-image":{"file":"2fe2ff5f-818x417.jpg","width":818,"height":417,"mime-type":"image\/jpeg","filesize":201896,"url":"https:\/\/www.costadelsol-mallorca.com\/wp-content\/uploads\/2025\/05\/2fe2ff5f-818x417.jpg"},"agent-image":{"file":"2fe2ff5f-210x210.jpg","width":210,"height":210,"mime-type":"image\/jpeg","filesize":35469,"url":"https:\/\/www.costadelsol-mallorca.com\/wp-content\/uploads\/2025\/05\/2fe2ff5f-210x210.jpg"},"partners-logo":{"file":"2fe2ff5f-600x1080.jpg","width":600,"height":1080,"mime-type":"image\/jpeg","filesize":337842,"url":"https:\/\/www.costadelsol-mallorca.com\/wp-content\/uploads\/2025\/05\/2fe2ff5f-600x1080.jpg"},"post-featured-image":{"file":"2fe2ff5f-1240x720.jpg","width":1240,"height":720,"mime-type":"image\/jpeg","filesize":461932,"url":"https:\/\/www.costadelsol-mallorca.com\/wp-content\/uploads\/2025\/05\/2fe2ff5f-1240x720.jpg"}},"image_meta":{"aperture":"0","credit":"","camera":"","caption":"","created_timestamp":"0","copyright":"","focal_length":"0","iso":"0","shutter_speed":"0","title":"","orientation":"0","keywords":[]},"ID":"225350","name":"2fe2ff5f.jpg","path":"\/home\/ro\/web\/costadelsol-mallorca.com\/public_html\/wp-content\/uploads\/2025\/05\/2fe2ff5f.jpg","url":"https:\/\/www.costadelsol-mallorca.com\/wp-content\/uploads\/2025\/05\/2fe2ff5f-150x150.jpg","full_url":"https:\/\/www.costadelsol-mallorca.com\/wp-content\/uploads\/2025\/05\/2fe2ff5f.jpg","title":"2fe2ff5f","caption":"","description":"","alt":"","srcset":"https:\/\/www.costadelsol-mallorca.com\/wp-content\/uploads\/2025\/05\/2fe2ff5f-150x150.jpg 150w, https:\/\/www.costadelsol-mallorca.com\/wp-content\/uploads\/2025\/05\/2fe2ff5f-120x120.jpg 120w, https:\/\/www.costadelsol-mallorca.com\/wp-content\/uploads\/2025\/05\/2fe2ff5f-210x210.jpg 210w"},{"width":150,"height":150,"file":"2025\/05\/b8399bba.jpg","filesize":603826,"sizes":{"thumbnail":{"file":"b8399bba-150x150.jpg","width":150,"height":150,"mime-type":"image\/jpeg","filesize":18592,"url":"https:\/\/www.costadelsol-mallorca.com\/wp-content\/uploads\/2025\/05\/b8399bba-150x150.jpg"},"tf-client-image-size":{"file":"b8399bba-120x120.jpg","width":120,"height":120,"mime-type":"image\/jpeg","filesize":12251,"url":"https:\/\/www.costadelsol-mallorca.com\/wp-content\/uploads\/2025\/05\/b8399bba-120x120.jpg"},"post-thumbnail":{"file":"b8399bba-150x84.jpg","width":150,"height":84,"mime-type":"image\/jpeg","filesize":11846,"url":"https:\/\/www.costadelsol-mallorca.com\/wp-content\/uploads\/2025\/05\/b8399bba-150x84.jpg"},"modern-property-child-slider":{"file":"b8399bba-680x510.jpg","width":680,"height":510,"mime-type":"image\/jpeg","filesize":223470,"url":"https:\/\/www.costadelsol-mallorca.com\/wp-content\/uploads\/2025\/05\/b8399bba-680x510.jpg"},"property-thumb-image":{"file":"b8399bba-488x326.jpg","width":488,"height":326,"mime-type":"image\/jpeg","filesize":108607,"url":"https:\/\/www.costadelsol-mallorca.com\/wp-content\/uploads\/2025\/05\/b8399bba-488x326.jpg"},"property-detail-video-image":{"file":"b8399bba-818x417.jpg","width":818,"height":417,"mime-type":"image\/jpeg","filesize":225105,"url":"https:\/\/www.costadelsol-mallorca.com\/wp-content\/uploads\/2025\/05\/b8399bba-818x417.jpg"},"agent-image":{"file":"b8399bba-210x210.jpg","width":210,"height":210,"mime-type":"image\/jpeg","filesize":33832,"url":"https:\/\/www.costadelsol-mallorca.com\/wp-content\/uploads\/2025\/05\/b8399bba-210x210.jpg"},"partners-logo":{"file":"b8399bba-600x1080.jpg","width":600,"height":1080,"mime-type":"image\/jpeg","filesize":388768,"url":"https:\/\/www.costadelsol-mallorca.com\/wp-content\/uploads\/2025\/05\/b8399bba-600x1080.jpg"},"post-featured-image":{"file":"b8399bba-1240x720.jpg","width":1240,"height":720,"mime-type":"image\/jpeg","filesize":529689,"url":"https:\/\/www.costadelsol-mallorca.com\/wp-content\/uploads\/2025\/05\/b8399bba-1240x720.jpg"}},"image_meta":{"aperture":"0","credit":"","camera":"","caption":"","created_timestamp":"0","copyright":"","focal_length":"0","iso":"0","shutter_speed":"0","title":"","orientation":"0","keywords":[]},"ID":"225354","name":"b8399bba.jpg","path":"\/home\/ro\/web\/costadelsol-mallorca.com\/public_html\/wp-content\/uploads\/2025\/05\/b8399bba.jpg","url":"https:\/\/www.costadelsol-mallorca.com\/wp-content\/uploads\/2025\/05\/b8399bba-150x150.jpg","full_url":"https:\/\/www.costadelsol-mallorca.com\/wp-content\/uploads\/2025\/05\/b8399bba.jpg","title":"b8399bba","caption":"","description":"","alt":"","srcset":"https:\/\/www.costadelsol-mallorca.com\/wp-content\/uploads\/2025\/05\/b8399bba-150x150.jpg 150w, https:\/\/www.costadelsol-mallorca.com\/wp-content\/uploads\/2025\/05\/b8399bba-120x120.jpg 120w, https:\/\/www.costadelsol-mallorca.com\/wp-content\/uploads\/2025\/05\/b8399bba-210x210.jpg 210w"},{"width":150,"height":150,"file":"2025\/05\/0d202690.jpg","filesize":519339,"sizes":{"thumbnail":{"file":"0d202690-150x150.jpg","width":150,"height":150,"mime-type":"image\/jpeg","filesize":23342,"url":"https:\/\/www.costadelsol-mallorca.com\/wp-content\/uploads\/2025\/05\/0d202690-150x150.jpg"},"tf-client-image-size":{"file":"0d202690-120x120.jpg","width":120,"height":120,"mime-type":"image\/jpeg","filesize":15591,"url":"https:\/\/www.costadelsol-mallorca.com\/wp-content\/uploads\/2025\/05\/0d202690-120x120.jpg"},"post-thumbnail":{"file":"0d202690-150x84.jpg","width":150,"height":84,"mime-type":"image\/jpeg","filesize":12260,"url":"https:\/\/www.costadelsol-mallorca.com\/wp-content\/uploads\/2025\/05\/0d202690-150x84.jpg"},"modern-property-child-slider":{"file":"0d202690-680x510.jpg","width":680,"height":510,"mime-type":"image\/jpeg","filesize":233551,"url":"https:\/\/www.costadelsol-mallorca.com\/wp-content\/uploads\/2025\/05\/0d202690-680x510.jpg"},"property-thumb-image":{"file":"0d202690-488x326.jpg","width":488,"height":326,"mime-type":"image\/jpeg","filesize":114752,"url":"https:\/\/www.costadelsol-mallorca.com\/wp-content\/uploads\/2025\/05\/0d202690-488x326.jpg"},"property-detail-video-image":{"file":"0d202690-818x417.jpg","width":818,"height":417,"mime-type":"image\/jpeg","filesize":213208,"url":"https:\/\/www.costadelsol-mallorca.com\/wp-content\/uploads\/2025\/05\/0d202690-818x417.jpg"},"agent-image":{"file":"0d202690-210x210.jpg","width":210,"height":210,"mime-type":"image\/jpeg","filesize":42009,"url":"https:\/\/www.costadelsol-mallorca.com\/wp-content\/uploads\/2025\/05\/0d202690-210x210.jpg"},"partners-logo":{"file":"0d202690-600x1080.jpg","width":600,"height":1080,"mime-type":"image\/jpeg","filesize":383649,"url":"https:\/\/www.costadelsol-mallorca.com\/wp-content\/uploads\/2025\/05\/0d202690-600x1080.jpg"},"post-featured-image":{"file":"0d202690-1240x720.jpg","width":1240,"height":720,"mime-type":"image\/jpeg","filesize":495940,"url":"https:\/\/www.costadelsol-mallorca.com\/wp-content\/uploads\/2025\/05\/0d202690-1240x720.jpg"}},"image_meta":{"aperture":"0","credit":"","camera":"","caption":"","created_timestamp":"0","copyright":"","focal_length":"0","iso":"0","shutter_speed":"0","title":"","orientation":"0","keywords":[]},"ID":"225358","name":"0d202690.jpg","path":"\/home\/ro\/web\/costadelsol-mallorca.com\/public_html\/wp-content\/uploads\/2025\/05\/0d202690.jpg","url":"https:\/\/www.costadelsol-mallorca.com\/wp-content\/uploads\/2025\/05\/0d202690-150x150.jpg","full_url":"https:\/\/www.costadelsol-mallorca.com\/wp-content\/uploads\/2025\/05\/0d202690.jpg","title":"0d202690","caption":"","description":"","alt":"","srcset":"https:\/\/www.costadelsol-mallorca.com\/wp-content\/uploads\/2025\/05\/0d202690-150x150.jpg 150w, https:\/\/www.costadelsol-mallorca.com\/wp-content\/uploads\/2025\/05\/0d202690-120x120.jpg 120w, https:\/\/www.costadelsol-mallorca.com\/wp-content\/uploads\/2025\/05\/0d202690-210x210.jpg 210w"},{"width":150,"height":150,"file":"2025\/05\/27626719.jpg","filesize":516408,"sizes":{"thumbnail":{"file":"27626719-150x150.jpg","width":150,"height":150,"mime-type":"image\/jpeg","filesize":20608,"url":"https:\/\/www.costadelsol-mallorca.com\/wp-content\/uploads\/2025\/05\/27626719-150x150.jpg"},"tf-client-image-size":{"file":"27626719-120x120.jpg","width":120,"height":120,"mime-type":"image\/jpeg","filesize":14266,"url":"https:\/\/www.costadelsol-mallorca.com\/wp-content\/uploads\/2025\/05\/27626719-120x120.jpg"},"post-thumbnail":{"file":"27626719-150x84.jpg","width":150,"height":84,"mime-type":"image\/jpeg","filesize":13425,"url":"https:\/\/www.costadelsol-mallorca.com\/wp-content\/uploads\/2025\/05\/27626719-150x84.jpg"},"modern-property-child-slider":{"file":"27626719-680x510.jpg","width":680,"height":510,"mime-type":"image\/jpeg","filesize":201418,"url":"https:\/\/www.costadelsol-mallorca.com\/wp-content\/uploads\/2025\/05\/27626719-680x510.jpg"},"property-thumb-image":{"file":"27626719-488x326.jpg","width":488,"height":326,"mime-type":"image\/jpeg","filesize":105203,"url":"https:\/\/www.costadelsol-mallorca.com\/wp-content\/uploads\/2025\/05\/27626719-488x326.jpg"},"property-detail-video-image":{"file":"27626719-818x417.jpg","width":818,"height":417,"mime-type":"image\/jpeg","filesize":206282,"url":"https:\/\/www.costadelsol-mallorca.com\/wp-content\/uploads\/2025\/05\/27626719-818x417.jpg"},"agent-image":{"file":"27626719-210x210.jpg","width":210,"height":210,"mime-type":"image\/jpeg","filesize":35621,"url":"https:\/\/www.costadelsol-mallorca.com\/wp-content\/uploads\/2025\/05\/27626719-210x210.jpg"},"partners-logo":{"file":"27626719-600x1080.jpg","width":600,"height":1080,"mime-type":"image\/jpeg","filesize":318999,"url":"https:\/\/www.costadelsol-mallorca.com\/wp-content\/uploads\/2025\/05\/27626719-600x1080.jpg"},"post-featured-image":{"file":"27626719-1240x720.jpg","width":1240,"height":720,"mime-type":"image\/jpeg","filesize":477732,"url":"https:\/\/www.costadelsol-mallorca.com\/wp-content\/uploads\/2025\/05\/27626719-1240x720.jpg"}},"image_meta":{"aperture":"0","credit":"","camera":"","caption":"","created_timestamp":"0","copyright":"","focal_length":"0","iso":"0","shutter_speed":"0","title":"","orientation":"0","keywords":[]},"ID":"225362","name":"27626719.jpg","path":"\/home\/ro\/web\/costadelsol-mallorca.com\/public_html\/wp-content\/uploads\/2025\/05\/27626719.jpg","url":"https:\/\/www.costadelsol-mallorca.com\/wp-content\/uploads\/2025\/05\/27626719-150x150.jpg","full_url":"https:\/\/www.costadelsol-mallorca.com\/wp-content\/uploads\/2025\/05\/27626719.jpg","title":"27626719","caption":"","description":"","alt":"","srcset":"https:\/\/www.costadelsol-mallorca.com\/wp-content\/uploads\/2025\/05\/27626719-150x150.jpg 150w, https:\/\/www.costadelsol-mallorca.com\/wp-content\/uploads\/2025\/05\/27626719-120x120.jpg 120w, https:\/\/www.costadelsol-mallorca.com\/wp-content\/uploads\/2025\/05\/27626719-210x210.jpg 210w"},{"width":150,"height":150,"file":"2025\/05\/02fc8495.jpg","filesize":520309,"sizes":{"thumbnail":{"file":"02fc8495-150x150.jpg","width":150,"height":150,"mime-type":"image\/jpeg","filesize":19929,"url":"https:\/\/www.costadelsol-mallorca.com\/wp-content\/uploads\/2025\/05\/02fc8495-150x150.jpg"},"tf-client-image-size":{"file":"02fc8495-120x120.jpg","width":120,"height":120,"mime-type":"image\/jpeg","filesize":13574,"url":"https:\/\/www.costadelsol-mallorca.com\/wp-content\/uploads\/2025\/05\/02fc8495-120x120.jpg"},"post-thumbnail":{"file":"02fc8495-150x84.jpg","width":150,"height":84,"mime-type":"image\/jpeg","filesize":12372,"url":"https:\/\/www.costadelsol-mallorca.com\/wp-content\/uploads\/2025\/05\/02fc8495-150x84.jpg"},"modern-property-child-slider":{"file":"02fc8495-680x510.jpg","width":680,"height":510,"mime-type":"image\/jpeg","filesize":202629,"url":"https:\/\/www.costadelsol-mallorca.com\/wp-content\/uploads\/2025\/05\/02fc8495-680x510.jpg"},"property-thumb-image":{"file":"02fc8495-488x326.jpg","width":488,"height":326,"mime-type":"image\/jpeg","filesize":101415,"url":"https:\/\/www.costadelsol-mallorca.com\/wp-content\/uploads\/2025\/05\/02fc8495-488x326.jpg"},"property-detail-video-image":{"file":"02fc8495-818x417.jpg","width":818,"height":417,"mime-type":"image\/jpeg","filesize":200592,"url":"https:\/\/www.costadelsol-mallorca.com\/wp-content\/uploads\/2025\/05\/02fc8495-818x417.jpg"},"agent-image":{"file":"02fc8495-210x210.jpg","width":210,"height":210,"mime-type":"image\/jpeg","filesize":34772,"url":"https:\/\/www.costadelsol-mallorca.com\/wp-content\/uploads\/2025\/05\/02fc8495-210x210.jpg"},"partners-logo":{"file":"02fc8495-600x1080.jpg","width":600,"height":1080,"mime-type":"image\/jpeg","filesize":358265,"url":"https:\/\/www.costadelsol-mallorca.com\/wp-content\/uploads\/2025\/05\/02fc8495-600x1080.jpg"},"post-featured-image":{"file":"02fc8495-1240x720.jpg","width":1240,"height":720,"mime-type":"image\/jpeg","filesize":481576,"url":"https:\/\/www.costadelsol-mallorca.com\/wp-content\/uploads\/2025\/05\/02fc8495-1240x720.jpg"}},"image_meta":{"aperture":"0","credit":"","camera":"","caption":"","created_timestamp":"0","copyright":"","focal_length":"0","iso":"0","shutter_speed":"0","title":"","orientation":"0","keywords":[]},"ID":"225366","name":"02fc8495.jpg","path":"\/home\/ro\/web\/costadelsol-mallorca.com\/public_html\/wp-content\/uploads\/2025\/05\/02fc8495.jpg","url":"https:\/\/www.costadelsol-mallorca.com\/wp-content\/uploads\/2025\/05\/02fc8495-150x150.jpg","full_url":"https:\/\/www.costadelsol-mallorca.com\/wp-content\/uploads\/2025\/05\/02fc8495.jpg","title":"02fc8495","caption":"","description":"","alt":"","srcset":"https:\/\/www.costadelsol-mallorca.com\/wp-content\/uploads\/2025\/05\/02fc8495-150x150.jpg 150w, https:\/\/www.costadelsol-mallorca.com\/wp-content\/uploads\/2025\/05\/02fc8495-120x120.jpg 120w, https:\/\/www.costadelsol-mallorca.com\/wp-content\/uploads\/2025\/05\/02fc8495-210x210.jpg 210w"},{"width":150,"height":150,"file":"2025\/05\/c3b6904e.jpg","filesize":565981,"sizes":{"thumbnail":{"file":"c3b6904e-150x150.jpg","width":150,"height":150,"mime-type":"image\/jpeg","filesize":20053,"url":"https:\/\/www.costadelsol-mallorca.com\/wp-content\/uploads\/2025\/05\/c3b6904e-150x150.jpg"},"tf-client-image-size":{"file":"c3b6904e-120x120.jpg","width":120,"height":120,"mime-type":"image\/jpeg","filesize":13427,"url":"https:\/\/www.costadelsol-mallorca.com\/wp-content\/uploads\/2025\/05\/c3b6904e-120x120.jpg"},"post-thumbnail":{"file":"c3b6904e-150x84.jpg","width":150,"height":84,"mime-type":"image\/jpeg","filesize":14053,"url":"https:\/\/www.costadelsol-mallorca.com\/wp-content\/uploads\/2025\/05\/c3b6904e-150x84.jpg"},"modern-property-child-slider":{"file":"c3b6904e-680x510.jpg","width":680,"height":510,"mime-type":"image\/jpeg","filesize":224394,"url":"https:\/\/www.costadelsol-mallorca.com\/wp-content\/uploads\/2025\/05\/c3b6904e-680x510.jpg"},"property-thumb-image":{"file":"c3b6904e-488x326.jpg","width":488,"height":326,"mime-type":"image\/jpeg","filesize":111535,"url":"https:\/\/www.costadelsol-mallorca.com\/wp-content\/uploads\/2025\/05\/c3b6904e-488x326.jpg"},"property-detail-video-image":{"file":"c3b6904e-818x417.jpg","width":818,"height":417,"mime-type":"image\/jpeg","filesize":222354,"url":"https:\/\/www.costadelsol-mallorca.com\/wp-content\/uploads\/2025\/05\/c3b6904e-818x417.jpg"},"agent-image":{"file":"c3b6904e-210x210.jpg","width":210,"height":210,"mime-type":"image\/jpeg","filesize":35126,"url":"https:\/\/www.costadelsol-mallorca.com\/wp-content\/uploads\/2025\/05\/c3b6904e-210x210.jpg"},"partners-logo":{"file":"c3b6904e-600x1080.jpg","width":600,"height":1080,"mime-type":"image\/jpeg","filesize":340380,"url":"https:\/\/www.costadelsol-mallorca.com\/wp-content\/uploads\/2025\/05\/c3b6904e-600x1080.jpg"},"post-featured-image":{"file":"c3b6904e-1240x720.jpg","width":1240,"height":720,"mime-type":"image\/jpeg","filesize":522885,"url":"https:\/\/www.costadelsol-mallorca.com\/wp-content\/uploads\/2025\/05\/c3b6904e-1240x720.jpg"}},"image_meta":{"aperture":"0","credit":"","camera":"","caption":"","created_timestamp":"0","copyright":"","focal_length":"0","iso":"0","shutter_speed":"0","title":"","orientation":"0","keywords":[]},"ID":"225370","name":"c3b6904e.jpg","path":"\/home\/ro\/web\/costadelsol-mallorca.com\/public_html\/wp-content\/uploads\/2025\/05\/c3b6904e.jpg","url":"https:\/\/www.costadelsol-mallorca.com\/wp-content\/uploads\/2025\/05\/c3b6904e-150x150.jpg","full_url":"https:\/\/www.costadelsol-mallorca.com\/wp-content\/uploads\/2025\/05\/c3b6904e.jpg","title":"c3b6904e","caption":"","description":"","alt":"","srcset":"https:\/\/www.costadelsol-mallorca.com\/wp-content\/uploads\/2025\/05\/c3b6904e-150x150.jpg 150w, https:\/\/www.costadelsol-mallorca.com\/wp-content\/uploads\/2025\/05\/c3b6904e-120x120.jpg 120w, https:\/\/www.costadelsol-mallorca.com\/wp-content\/uploads\/2025\/05\/c3b6904e-210x210.jpg 210w"},{"width":150,"height":150,"file":"2025\/05\/94657e21.jpg","filesize":672203,"sizes":{"thumbnail":{"file":"94657e21-150x150.jpg","width":150,"height":150,"mime-type":"image\/jpeg","filesize":17115,"url":"https:\/\/www.costadelsol-mallorca.com\/wp-content\/uploads\/2025\/05\/94657e21-150x150.jpg"},"tf-client-image-size":{"file":"94657e21-120x120.jpg","width":120,"height":120,"mime-type":"image\/jpeg","filesize":11138,"url":"https:\/\/www.costadelsol-mallorca.com\/wp-content\/uploads\/2025\/05\/94657e21-120x120.jpg"},"post-thumbnail":{"file":"94657e21-150x84.jpg","width":150,"height":84,"mime-type":"image\/jpeg","filesize":10906,"url":"https:\/\/www.costadelsol-mallorca.com\/wp-content\/uploads\/2025\/05\/94657e21-150x84.jpg"},"modern-property-child-slider":{"file":"94657e21-680x510.jpg","width":680,"height":510,"mime-type":"image\/jpeg","filesize":228507,"url":"https:\/\/www.costadelsol-mallorca.com\/wp-content\/uploads\/2025\/05\/94657e21-680x510.jpg"},"property-thumb-image":{"file":"94657e21-488x326.jpg","width":488,"height":326,"mime-type":"image\/jpeg","filesize":107226,"url":"https:\/\/www.costadelsol-mallorca.com\/wp-content\/uploads\/2025\/05\/94657e21-488x326.jpg"},"property-detail-video-image":{"file":"94657e21-818x417.jpg","width":818,"height":417,"mime-type":"image\/jpeg","filesize":225830,"url":"https:\/\/www.costadelsol-mallorca.com\/wp-content\/uploads\/2025\/05\/94657e21-818x417.jpg"},"agent-image":{"file":"94657e21-210x210.jpg","width":210,"height":210,"mime-type":"image\/jpeg","filesize":31588,"url":"https:\/\/www.costadelsol-mallorca.com\/wp-content\/uploads\/2025\/05\/94657e21-210x210.jpg"},"partners-logo":{"file":"94657e21-600x1080.jpg","width":600,"height":1080,"mime-type":"image\/jpeg","filesize":361289,"url":"https:\/\/www.costadelsol-mallorca.com\/wp-content\/uploads\/2025\/05\/94657e21-600x1080.jpg"},"post-featured-image":{"file":"94657e21-1240x720.jpg","width":1240,"height":720,"mime-type":"image\/jpeg","filesize":569764,"url":"https:\/\/www.costadelsol-mallorca.com\/wp-content\/uploads\/2025\/05\/94657e21-1240x720.jpg"}},"image_meta":{"aperture":"0","credit":"","camera":"","caption":"","created_timestamp":"0","copyright":"","focal_length":"0","iso":"0","shutter_speed":"0","title":"","orientation":"0","keywords":[]},"ID":"225374","name":"94657e21.jpg","path":"\/home\/ro\/web\/costadelsol-mallorca.com\/public_html\/wp-content\/uploads\/2025\/05\/94657e21.jpg","url":"https:\/\/www.costadelsol-mallorca.com\/wp-content\/uploads\/2025\/05\/94657e21-150x150.jpg","full_url":"https:\/\/www.costadelsol-mallorca.com\/wp-content\/uploads\/2025\/05\/94657e21.jpg","title":"94657e21","caption":"","description":"","alt":"","srcset":"https:\/\/www.costadelsol-mallorca.com\/wp-content\/uploads\/2025\/05\/94657e21-150x150.jpg 150w, https:\/\/www.costadelsol-mallorca.com\/wp-content\/uploads\/2025\/05\/94657e21-120x120.jpg 120w, https:\/\/www.costadelsol-mallorca.com\/wp-content\/uploads\/2025\/05\/94657e21-210x210.jpg 210w"},{"width":150,"height":150,"file":"2025\/05\/7f2960d2.jpg","filesize":423703,"sizes":{"thumbnail":{"file":"7f2960d2-150x150.jpg","width":150,"height":150,"mime-type":"image\/jpeg","filesize":17403,"url":"https:\/\/www.costadelsol-mallorca.com\/wp-content\/uploads\/2025\/05\/7f2960d2-150x150.jpg"},"tf-client-image-size":{"file":"7f2960d2-120x120.jpg","width":120,"height":120,"mime-type":"image\/jpeg","filesize":11857,"url":"https:\/\/www.costadelsol-mallorca.com\/wp-content\/uploads\/2025\/05\/7f2960d2-120x120.jpg"},"post-thumbnail":{"file":"7f2960d2-150x84.jpg","width":150,"height":84,"mime-type":"image\/jpeg","filesize":11189,"url":"https:\/\/www.costadelsol-mallorca.com\/wp-content\/uploads\/2025\/05\/7f2960d2-150x84.jpg"},"modern-property-child-slider":{"file":"7f2960d2-680x510.jpg","width":680,"height":510,"mime-type":"image\/jpeg","filesize":172355,"url":"https:\/\/www.costadelsol-mallorca.com\/wp-content\/uploads\/2025\/05\/7f2960d2-680x510.jpg"},"property-thumb-image":{"file":"7f2960d2-488x326.jpg","width":488,"height":326,"mime-type":"image\/jpeg","filesize":86748,"url":"https:\/\/www.costadelsol-mallorca.com\/wp-content\/uploads\/2025\/05\/7f2960d2-488x326.jpg"},"property-detail-video-image":{"file":"7f2960d2-818x417.jpg","width":818,"height":417,"mime-type":"image\/jpeg","filesize":166936,"url":"https:\/\/www.costadelsol-mallorca.com\/wp-content\/uploads\/2025\/05\/7f2960d2-818x417.jpg"},"agent-image":{"file":"7f2960d2-210x210.jpg","width":210,"height":210,"mime-type":"image\/jpeg","filesize":30267,"url":"https:\/\/www.costadelsol-mallorca.com\/wp-content\/uploads\/2025\/05\/7f2960d2-210x210.jpg"},"partners-logo":{"file":"7f2960d2-600x1080.jpg","width":600,"height":1080,"mime-type":"image\/jpeg","filesize":306635,"url":"https:\/\/www.costadelsol-mallorca.com\/wp-content\/uploads\/2025\/05\/7f2960d2-600x1080.jpg"},"post-featured-image":{"file":"7f2960d2-1240x720.jpg","width":1240,"height":720,"mime-type":"image\/jpeg","filesize":397367,"url":"https:\/\/www.costadelsol-mallorca.com\/wp-content\/uploads\/2025\/05\/7f2960d2-1240x720.jpg"}},"image_meta":{"aperture":"0","credit":"","camera":"","caption":"","created_timestamp":"0","copyright":"","focal_length":"0","iso":"0","shutter_speed":"0","title":"","orientation":"0","keywords":[]},"ID":"225378","name":"7f2960d2.jpg","path":"\/home\/ro\/web\/costadelsol-mallorca.com\/public_html\/wp-content\/uploads\/2025\/05\/7f2960d2.jpg","url":"https:\/\/www.costadelsol-mallorca.com\/wp-content\/uploads\/2025\/05\/7f2960d2-150x150.jpg","full_url":"https:\/\/www.costadelsol-mallorca.com\/wp-content\/uploads\/2025\/05\/7f2960d2.jpg","title":"7f2960d2","caption":"","description":"","alt":"","srcset":"https:\/\/www.costadelsol-mallorca.com\/wp-content\/uploads\/2025\/05\/7f2960d2-150x150.jpg 150w, https:\/\/www.costadelsol-mallorca.com\/wp-content\/uploads\/2025\/05\/7f2960d2-120x120.jpg 120w, https:\/\/www.costadelsol-mallorca.com\/wp-content\/uploads\/2025\/05\/7f2960d2-210x210.jpg 210w"},{"width":150,"height":150,"file":"2025\/05\/543fd0d1.jpg","filesize":466890,"sizes":{"thumbnail":{"file":"543fd0d1-150x150.jpg","width":150,"height":150,"mime-type":"image\/jpeg","filesize":16097,"url":"https:\/\/www.costadelsol-mallorca.com\/wp-content\/uploads\/2025\/05\/543fd0d1-150x150.jpg"},"tf-client-image-size":{"file":"543fd0d1-120x120.jpg","width":120,"height":120,"mime-type":"image\/jpeg","filesize":10902,"url":"https:\/\/www.costadelsol-mallorca.com\/wp-content\/uploads\/2025\/05\/543fd0d1-120x120.jpg"},"post-thumbnail":{"file":"543fd0d1-150x84.jpg","width":150,"height":84,"mime-type":"image\/jpeg","filesize":11087,"url":"https:\/\/www.costadelsol-mallorca.com\/wp-content\/uploads\/2025\/05\/543fd0d1-150x84.jpg"},"modern-property-child-slider":{"file":"543fd0d1-680x510.jpg","width":680,"height":510,"mime-type":"image\/jpeg","filesize":180021,"url":"https:\/\/www.costadelsol-mallorca.com\/wp-content\/uploads\/2025\/05\/543fd0d1-680x510.jpg"},"property-thumb-image":{"file":"543fd0d1-488x326.jpg","width":488,"height":326,"mime-type":"image\/jpeg","filesize":88043,"url":"https:\/\/www.costadelsol-mallorca.com\/wp-content\/uploads\/2025\/05\/543fd0d1-488x326.jpg"},"property-detail-video-image":{"file":"543fd0d1-818x417.jpg","width":818,"height":417,"mime-type":"image\/jpeg","filesize":181312,"url":"https:\/\/www.costadelsol-mallorca.com\/wp-content\/uploads\/2025\/05\/543fd0d1-818x417.jpg"},"agent-image":{"file":"543fd0d1-210x210.jpg","width":210,"height":210,"mime-type":"image\/jpeg","filesize":28404,"url":"https:\/\/www.costadelsol-mallorca.com\/wp-content\/uploads\/2025\/05\/543fd0d1-210x210.jpg"},"partners-logo":{"file":"543fd0d1-600x1080.jpg","width":600,"height":1080,"mime-type":"image\/jpeg","filesize":296425,"url":"https:\/\/www.costadelsol-mallorca.com\/wp-content\/uploads\/2025\/05\/543fd0d1-600x1080.jpg"},"post-featured-image":{"file":"543fd0d1-1240x720.jpg","width":1240,"height":720,"mime-type":"image\/jpeg","filesize":438093,"url":"https:\/\/www.costadelsol-mallorca.com\/wp-content\/uploads\/2025\/05\/543fd0d1-1240x720.jpg"}},"image_meta":{"aperture":"0","credit":"","camera":"","caption":"","created_timestamp":"0","copyright":"","focal_length":"0","iso":"0","shutter_speed":"0","title":"","orientation":"0","keywords":[]},"ID":"225382","name":"543fd0d1.jpg","path":"\/home\/ro\/web\/costadelsol-mallorca.com\/public_html\/wp-content\/uploads\/2025\/05\/543fd0d1.jpg","url":"https:\/\/www.costadelsol-mallorca.com\/wp-content\/uploads\/2025\/05\/543fd0d1-150x150.jpg","full_url":"https:\/\/www.costadelsol-mallorca.com\/wp-content\/uploads\/2025\/05\/543fd0d1.jpg","title":"543fd0d1","caption":"","description":"","alt":"","srcset":"https:\/\/www.costadelsol-mallorca.com\/wp-content\/uploads\/2025\/05\/543fd0d1-150x150.jpg 150w, https:\/\/www.costadelsol-mallorca.com\/wp-content\/uploads\/2025\/05\/543fd0d1-120x120.jpg 120w, https:\/\/www.costadelsol-mallorca.com\/wp-content\/uploads\/2025\/05\/543fd0d1-210x210.jpg 210w"},{"width":150,"height":150,"file":"2025\/05\/374034e0.jpg","filesize":535024,"sizes":{"thumbnail":{"file":"374034e0-150x150.jpg","width":150,"height":150,"mime-type":"image\/jpeg","filesize":16882,"url":"https:\/\/www.costadelsol-mallorca.com\/wp-content\/uploads\/2025\/05\/374034e0-150x150.jpg"},"tf-client-image-size":{"file":"374034e0-120x120.jpg","width":120,"height":120,"mime-type":"image\/jpeg","filesize":11443,"url":"https:\/\/www.costadelsol-mallorca.com\/wp-content\/uploads\/2025\/05\/374034e0-120x120.jpg"},"post-thumbnail":{"file":"374034e0-150x84.jpg","width":150,"height":84,"mime-type":"image\/jpeg","filesize":11746,"url":"https:\/\/www.costadelsol-mallorca.com\/wp-content\/uploads\/2025\/05\/374034e0-150x84.jpg"},"modern-property-child-slider":{"file":"374034e0-680x510.jpg","width":680,"height":510,"mime-type":"image\/jpeg","filesize":189482,"url":"https:\/\/www.costadelsol-mallorca.com\/wp-content\/uploads\/2025\/05\/374034e0-680x510.jpg"},"property-thumb-image":{"file":"374034e0-488x326.jpg","width":488,"height":326,"mime-type":"image\/jpeg","filesize":92802,"url":"https:\/\/www.costadelsol-mallorca.com\/wp-content\/uploads\/2025\/05\/374034e0-488x326.jpg"},"property-detail-video-image":{"file":"374034e0-818x417.jpg","width":818,"height":417,"mime-type":"image\/jpeg","filesize":193149,"url":"https:\/\/www.costadelsol-mallorca.com\/wp-content\/uploads\/2025\/05\/374034e0-818x417.jpg"},"agent-image":{"file":"374034e0-210x210.jpg","width":210,"height":210,"mime-type":"image\/jpeg","filesize":29549,"url":"https:\/\/www.costadelsol-mallorca.com\/wp-content\/uploads\/2025\/05\/374034e0-210x210.jpg"},"partners-logo":{"file":"374034e0-600x1080.jpg","width":600,"height":1080,"mime-type":"image\/jpeg","filesize":341882,"url":"https:\/\/www.costadelsol-mallorca.com\/wp-content\/uploads\/2025\/05\/374034e0-600x1080.jpg"},"post-featured-image":{"file":"374034e0-1240x720.jpg","width":1240,"height":720,"mime-type":"image\/jpeg","filesize":479885,"url":"https:\/\/www.costadelsol-mallorca.com\/wp-content\/uploads\/2025\/05\/374034e0-1240x720.jpg"}},"image_meta":{"aperture":"0","credit":"","camera":"","caption":"","created_timestamp":"0","copyright":"","focal_length":"0","iso":"0","shutter_speed":"0","title":"","orientation":"0","keywords":[]},"ID":"225386","name":"374034e0.jpg","path":"\/home\/ro\/web\/costadelsol-mallorca.com\/public_html\/wp-content\/uploads\/2025\/05\/374034e0.jpg","url":"https:\/\/www.costadelsol-mallorca.com\/wp-content\/uploads\/2025\/05\/374034e0-150x150.jpg","full_url":"https:\/\/www.costadelsol-mallorca.com\/wp-content\/uploads\/2025\/05\/374034e0.jpg","title":"374034e0","caption":"","description":"","alt":"","srcset":"https:\/\/www.costadelsol-mallorca.com\/wp-content\/uploads\/2025\/05\/374034e0-150x150.jpg 150w, https:\/\/www.costadelsol-mallorca.com\/wp-content\/uploads\/2025\/05\/374034e0-120x120.jpg 120w, https:\/\/www.costadelsol-mallorca.com\/wp-content\/uploads\/2025\/05\/374034e0-210x210.jpg 210w"},{"width":150,"height":150,"file":"2025\/05\/bab0c05d.jpg","filesize":479227,"sizes":{"thumbnail":{"file":"bab0c05d-150x150.jpg","width":150,"height":150,"mime-type":"image\/jpeg","filesize":17950,"url":"https:\/\/www.costadelsol-mallorca.com\/wp-content\/uploads\/2025\/05\/bab0c05d-150x150.jpg"},"tf-client-image-size":{"file":"bab0c05d-120x120.jpg","width":120,"height":120,"mime-type":"image\/jpeg","filesize":12275,"url":"https:\/\/www.costadelsol-mallorca.com\/wp-content\/uploads\/2025\/05\/bab0c05d-120x120.jpg"},"post-thumbnail":{"file":"bab0c05d-150x84.jpg","width":150,"height":84,"mime-type":"image\/jpeg","filesize":12343,"url":"https:\/\/www.costadelsol-mallorca.com\/wp-content\/uploads\/2025\/05\/bab0c05d-150x84.jpg"},"modern-property-child-slider":{"file":"bab0c05d-680x510.jpg","width":680,"height":510,"mime-type":"image\/jpeg","filesize":189480,"url":"https:\/\/www.costadelsol-mallorca.com\/wp-content\/uploads\/2025\/05\/bab0c05d-680x510.jpg"},"property-thumb-image":{"file":"bab0c05d-488x326.jpg","width":488,"height":326,"mime-type":"image\/jpeg","filesize":94061,"url":"https:\/\/www.costadelsol-mallorca.com\/wp-content\/uploads\/2025\/05\/bab0c05d-488x326.jpg"},"property-detail-video-image":{"file":"bab0c05d-818x417.jpg","width":818,"height":417,"mime-type":"image\/jpeg","filesize":188728,"url":"https:\/\/www.costadelsol-mallorca.com\/wp-content\/uploads\/2025\/05\/bab0c05d-818x417.jpg"},"agent-image":{"file":"bab0c05d-210x210.jpg","width":210,"height":210,"mime-type":"image\/jpeg","filesize":30785,"url":"https:\/\/www.costadelsol-mallorca.com\/wp-content\/uploads\/2025\/05\/bab0c05d-210x210.jpg"},"partners-logo":{"file":"bab0c05d-600x1080.jpg","width":600,"height":1080,"mime-type":"image\/jpeg","filesize":326481,"url":"https:\/\/www.costadelsol-mallorca.com\/wp-content\/uploads\/2025\/05\/bab0c05d-600x1080.jpg"},"post-featured-image":{"file":"bab0c05d-1240x720.jpg","width":1240,"height":720,"mime-type":"image\/jpeg","filesize":458573,"url":"https:\/\/www.costadelsol-mallorca.com\/wp-content\/uploads\/2025\/05\/bab0c05d-1240x720.jpg"}},"image_meta":{"aperture":"0","credit":"","camera":"","caption":"","created_timestamp":"0","copyright":"","focal_length":"0","iso":"0","shutter_speed":"0","title":"","orientation":"0","keywords":[]},"ID":"225390","name":"bab0c05d.jpg","path":"\/home\/ro\/web\/costadelsol-mallorca.com\/public_html\/wp-content\/uploads\/2025\/05\/bab0c05d.jpg","url":"https:\/\/www.costadelsol-mallorca.com\/wp-content\/uploads\/2025\/05\/bab0c05d-150x150.jpg","full_url":"https:\/\/www.costadelsol-mallorca.com\/wp-content\/uploads\/2025\/05\/bab0c05d.jpg","title":"bab0c05d","caption":"","description":"","alt":"","srcset":"https:\/\/www.costadelsol-mallorca.com\/wp-content\/uploads\/2025\/05\/bab0c05d-150x150.jpg 150w, https:\/\/www.costadelsol-mallorca.com\/wp-content\/uploads\/2025\/05\/bab0c05d-120x120.jpg 120w, https:\/\/www.costadelsol-mallorca.com\/wp-content\/uploads\/2025\/05\/bab0c05d-210x210.jpg 210w"},{"width":150,"height":150,"file":"2025\/05\/2c70c283.jpg","filesize":461609,"sizes":{"thumbnail":{"file":"2c70c283-150x150.jpg","width":150,"height":150,"mime-type":"image\/jpeg","filesize":16323,"url":"https:\/\/www.costadelsol-mallorca.com\/wp-content\/uploads\/2025\/05\/2c70c283-150x150.jpg"},"tf-client-image-size":{"file":"2c70c283-120x120.jpg","width":120,"height":120,"mime-type":"image\/jpeg","filesize":10834,"url":"https:\/\/www.costadelsol-mallorca.com\/wp-content\/uploads\/2025\/05\/2c70c283-120x120.jpg"},"post-thumbnail":{"file":"2c70c283-150x84.jpg","width":150,"height":84,"mime-type":"image\/jpeg","filesize":11381,"url":"https:\/\/www.costadelsol-mallorca.com\/wp-content\/uploads\/2025\/05\/2c70c283-150x84.jpg"},"modern-property-child-slider":{"file":"2c70c283-680x510.jpg","width":680,"height":510,"mime-type":"image\/jpeg","filesize":186129,"url":"https:\/\/www.costadelsol-mallorca.com\/wp-content\/uploads\/2025\/05\/2c70c283-680x510.jpg"},"property-thumb-image":{"file":"2c70c283-488x326.jpg","width":488,"height":326,"mime-type":"image\/jpeg","filesize":93586,"url":"https:\/\/www.costadelsol-mallorca.com\/wp-content\/uploads\/2025\/05\/2c70c283-488x326.jpg"},"property-detail-video-image":{"file":"2c70c283-818x417.jpg","width":818,"height":417,"mime-type":"image\/jpeg","filesize":186697,"url":"https:\/\/www.costadelsol-mallorca.com\/wp-content\/uploads\/2025\/05\/2c70c283-818x417.jpg"},"agent-image":{"file":"2c70c283-210x210.jpg","width":210,"height":210,"mime-type":"image\/jpeg","filesize":28598,"url":"https:\/\/www.costadelsol-mallorca.com\/wp-content\/uploads\/2025\/05\/2c70c283-210x210.jpg"},"partners-logo":{"file":"2c70c283-600x1080.jpg","width":600,"height":1080,"mime-type":"image\/jpeg","filesize":307977,"url":"https:\/\/www.costadelsol-mallorca.com\/wp-content\/uploads\/2025\/05\/2c70c283-600x1080.jpg"},"post-featured-image":{"file":"2c70c283-1240x720.jpg","width":1240,"height":720,"mime-type":"image\/jpeg","filesize":440472,"url":"https:\/\/www.costadelsol-mallorca.com\/wp-content\/uploads\/2025\/05\/2c70c283-1240x720.jpg"}},"image_meta":{"aperture":"0","credit":"","camera":"","caption":"","created_timestamp":"0","copyright":"","focal_length":"0","iso":"0","shutter_speed":"0","title":"","orientation":"0","keywords":[]},"ID":"225394","name":"2c70c283.jpg","path":"\/home\/ro\/web\/costadelsol-mallorca.com\/public_html\/wp-content\/uploads\/2025\/05\/2c70c283.jpg","url":"https:\/\/www.costadelsol-mallorca.com\/wp-content\/uploads\/2025\/05\/2c70c283-150x150.jpg","full_url":"https:\/\/www.costadelsol-mallorca.com\/wp-content\/uploads\/2025\/05\/2c70c283.jpg","title":"2c70c283","caption":"","description":"","alt":"","srcset":"https:\/\/www.costadelsol-mallorca.com\/wp-content\/uploads\/2025\/05\/2c70c283-150x150.jpg 150w, https:\/\/www.costadelsol-mallorca.com\/wp-content\/uploads\/2025\/05\/2c70c283-120x120.jpg 120w, https:\/\/www.costadelsol-mallorca.com\/wp-content\/uploads\/2025\/05\/2c70c283-210x210.jpg 210w"},{"width":150,"height":150,"file":"2025\/05\/5cf6d7cc.jpg","filesize":509873,"sizes":{"thumbnail":{"file":"5cf6d7cc-150x150.jpg","width":150,"height":150,"mime-type":"image\/jpeg","filesize":16325,"url":"https:\/\/www.costadelsol-mallorca.com\/wp-content\/uploads\/2025\/05\/5cf6d7cc-150x150.jpg"},"tf-client-image-size":{"file":"5cf6d7cc-120x120.jpg","width":120,"height":120,"mime-type":"image\/jpeg","filesize":11218,"url":"https:\/\/www.costadelsol-mallorca.com\/wp-content\/uploads\/2025\/05\/5cf6d7cc-120x120.jpg"},"post-thumbnail":{"file":"5cf6d7cc-150x84.jpg","width":150,"height":84,"mime-type":"image\/jpeg","filesize":12189,"url":"https:\/\/www.costadelsol-mallorca.com\/wp-content\/uploads\/2025\/05\/5cf6d7cc-150x84.jpg"},"modern-property-child-slider":{"file":"5cf6d7cc-680x510.jpg","width":680,"height":510,"mime-type":"image\/jpeg","filesize":189019,"url":"https:\/\/www.costadelsol-mallorca.com\/wp-content\/uploads\/2025\/05\/5cf6d7cc-680x510.jpg"},"property-thumb-image":{"file":"5cf6d7cc-488x326.jpg","width":488,"height":326,"mime-type":"image\/jpeg","filesize":93536,"url":"https:\/\/www.costadelsol-mallorca.com\/wp-content\/uploads\/2025\/05\/5cf6d7cc-488x326.jpg"},"property-detail-video-image":{"file":"5cf6d7cc-818x417.jpg","width":818,"height":417,"mime-type":"image\/jpeg","filesize":197225,"url":"https:\/\/www.costadelsol-mallorca.com\/wp-content\/uploads\/2025\/05\/5cf6d7cc-818x417.jpg"},"agent-image":{"file":"5cf6d7cc-210x210.jpg","width":210,"height":210,"mime-type":"image\/jpeg","filesize":28395,"url":"https:\/\/www.costadelsol-mallorca.com\/wp-content\/uploads\/2025\/05\/5cf6d7cc-210x210.jpg"},"partners-logo":{"file":"5cf6d7cc-600x1080.jpg","width":600,"height":1080,"mime-type":"image\/jpeg","filesize":327037,"url":"https:\/\/www.costadelsol-mallorca.com\/wp-content\/uploads\/2025\/05\/5cf6d7cc-600x1080.jpg"},"post-featured-image":{"file":"5cf6d7cc-1240x720.jpg","width":1240,"height":720,"mime-type":"image\/jpeg","filesize":476747,"url":"https:\/\/www.costadelsol-mallorca.com\/wp-content\/uploads\/2025\/05\/5cf6d7cc-1240x720.jpg"}},"image_meta":{"aperture":"0","credit":"","camera":"","caption":"","created_timestamp":"0","copyright":"","focal_length":"0","iso":"0","shutter_speed":"0","title":"","orientation":"0","keywords":[]},"ID":"225398","name":"5cf6d7cc.jpg","path":"\/home\/ro\/web\/costadelsol-mallorca.com\/public_html\/wp-content\/uploads\/2025\/05\/5cf6d7cc.jpg","url":"https:\/\/www.costadelsol-mallorca.com\/wp-content\/uploads\/2025\/05\/5cf6d7cc-150x150.jpg","full_url":"https:\/\/www.costadelsol-mallorca.com\/wp-content\/uploads\/2025\/05\/5cf6d7cc.jpg","title":"5cf6d7cc","caption":"","description":"","alt":"","srcset":"https:\/\/www.costadelsol-mallorca.com\/wp-content\/uploads\/2025\/05\/5cf6d7cc-150x150.jpg 150w, https:\/\/www.costadelsol-mallorca.com\/wp-content\/uploads\/2025\/05\/5cf6d7cc-120x120.jpg 120w, https:\/\/www.costadelsol-mallorca.com\/wp-content\/uploads\/2025\/05\/5cf6d7cc-210x210.jpg 210w"},{"width":150,"height":150,"file":"2025\/05\/661715ba.jpg","filesize":523377,"sizes":{"thumbnail":{"file":"661715ba-150x150.jpg","width":150,"height":150,"mime-type":"image\/jpeg","filesize":18273,"url":"https:\/\/www.costadelsol-mallorca.com\/wp-content\/uploads\/2025\/05\/661715ba-150x150.jpg"},"tf-client-image-size":{"file":"661715ba-120x120.jpg","width":120,"height":120,"mime-type":"image\/jpeg","filesize":12355,"url":"https:\/\/www.costadelsol-mallorca.com\/wp-content\/uploads\/2025\/05\/661715ba-120x120.jpg"},"post-thumbnail":{"file":"661715ba-150x84.jpg","width":150,"height":84,"mime-type":"image\/jpeg","filesize":11382,"url":"https:\/\/www.costadelsol-mallorca.com\/wp-content\/uploads\/2025\/05\/661715ba-150x84.jpg"},"modern-property-child-slider":{"file":"661715ba-680x510.jpg","width":680,"height":510,"mime-type":"image\/jpeg","filesize":200990,"url":"https:\/\/www.costadelsol-mallorca.com\/wp-content\/uploads\/2025\/05\/661715ba-680x510.jpg"},"property-thumb-image":{"file":"661715ba-488x326.jpg","width":488,"height":326,"mime-type":"image\/jpeg","filesize":98345,"url":"https:\/\/www.costadelsol-mallorca.com\/wp-content\/uploads\/2025\/05\/661715ba-488x326.jpg"},"property-detail-video-image":{"file":"661715ba-818x417.jpg","width":818,"height":417,"mime-type":"image\/jpeg","filesize":195949,"url":"https:\/\/www.costadelsol-mallorca.com\/wp-content\/uploads\/2025\/05\/661715ba-818x417.jpg"},"agent-image":{"file":"661715ba-210x210.jpg","width":210,"height":210,"mime-type":"image\/jpeg","filesize":32338,"url":"https:\/\/www.costadelsol-mallorca.com\/wp-content\/uploads\/2025\/05\/661715ba-210x210.jpg"},"partners-logo":{"file":"661715ba-600x1080.jpg","width":600,"height":1080,"mime-type":"image\/jpeg","filesize":344716,"url":"https:\/\/www.costadelsol-mallorca.com\/wp-content\/uploads\/2025\/05\/661715ba-600x1080.jpg"},"post-featured-image":{"file":"661715ba-1240x720.jpg","width":1240,"height":720,"mime-type":"image\/jpeg","filesize":487457,"url":"https:\/\/www.costadelsol-mallorca.com\/wp-content\/uploads\/2025\/05\/661715ba-1240x720.jpg"}},"image_meta":{"aperture":"0","credit":"","camera":"","caption":"","created_timestamp":"0","copyright":"","focal_length":"0","iso":"0","shutter_speed":"0","title":"","orientation":"0","keywords":[]},"ID":"225402","name":"661715ba.jpg","path":"\/home\/ro\/web\/costadelsol-mallorca.com\/public_html\/wp-content\/uploads\/2025\/05\/661715ba.jpg","url":"https:\/\/www.costadelsol-mallorca.com\/wp-content\/uploads\/2025\/05\/661715ba-150x150.jpg","full_url":"https:\/\/www.costadelsol-mallorca.com\/wp-content\/uploads\/2025\/05\/661715ba.jpg","title":"661715ba","caption":"","description":"","alt":"","srcset":"https:\/\/www.costadelsol-mallorca.com\/wp-content\/uploads\/2025\/05\/661715ba-150x150.jpg 150w, https:\/\/www.costadelsol-mallorca.com\/wp-content\/uploads\/2025\/05\/661715ba-120x120.jpg 120w, https:\/\/www.costadelsol-mallorca.com\/wp-content\/uploads\/2025\/05\/661715ba-210x210.jpg 210w"}],"REAL_HOMES_change_gallery_slider_type":"","REAL_HOMES_gallery_slider_type":"thumb-on-right","inspiry_floor_plans":[],"inspiry_video_group":[],"REAL_HOMES_360_virtual_tour":"","REAL_HOMES_agent_display_option":"agent_info","REAL_HOMES_agents":[],"REAL_HOMES_energy_class":"","REAL_HOMES_energy_performance":"","REAL_HOMES_epc_current_rating":"","REAL_HOMES_epc_potential_rating":"","ere_property_schedule_tour":"","ere_property_schedule_time_slots":"","ere_property_schedule_description":"","REAL_HOMES_sticky":"","inspiry_property_label":"","inspiry_property_label_color":"","inspiry_property_tax":"","inspiry_additional_fee":"","REAL_HOMES_attachments":[],"inspiry_property_owner_name":"","inspiry_property_owner_contact":"","inspiry_property_owner_address":"","REAL_HOMES_property_private_note":"","inspiry_message_to_reviewer":"","REAL_HOMES_add_in_slider":"no","REAL_HOMES_slider_image":[],"REAL_HOMES_page_banner_image":[],"REAL_HOMES_hide_property_advance_search":"","REAL_HOMES_hide_advance_search":"","REAL_HOMES_custom_search_form":"","REAL_HOMES_search_form_margin_top":"","REAL_HOMES_search_form_margin_bottom":""},"_links":{"self":[{"href":"https:\/\/www.costadelsol-mallorca.com\/es\/wp-json\/wp\/v2\/property\/229500","targetHints":{"allow":["GET"]}}],"collection":[{"href":"https:\/\/www.costadelsol-mallorca.com\/es\/wp-json\/wp\/v2\/property"}],"about":[{"href":"https:\/\/www.costadelsol-mallorca.com\/es\/wp-json\/wp\/v2\/types\/property"}],"author":[{"embeddable":true,"href":"https:\/\/www.costadelsol-mallorca.com\/es\/wp-json\/wp\/v2\/users\/1"}],"replies":[{"embeddable":true,"href":"https:\/\/www.costadelsol-mallorca.com\/es\/wp-json\/wp\/v2\/comments?post=229500"}],"version-history":[{"count":0,"href":"https:\/\/www.costadelsol-mallorca.com\/es\/wp-json\/wp\/v2\/property\/229500\/revisions"}],"wp:featuredmedia":[{"embeddable":true,"href":"https:\/\/www.costadelsol-mallorca.com\/es\/wp-json\/wp\/v2\/media\/225346"}],"wp:attachment":[{"href":"https:\/\/www.costadelsol-mallorca.com\/es\/wp-json\/wp\/v2\/media?parent=229500"}],"wp:term":[{"taxonomy":"property-feature","embeddable":true,"href":"https:\/\/www.costadelsol-mallorca.com\/es\/wp-json\/wp\/v2\/property-feature?post=229500"},{"taxonomy":"property-type","embeddable":true,"href":"https:\/\/www.costadelsol-mallorca.com\/es\/wp-json\/wp\/v2\/property-type?post=229500"},{"taxonomy":"property-city","embeddable":true,"href":"https:\/\/www.costadelsol-mallorca.com\/es\/wp-json\/wp\/v2\/property-city?post=229500"},{"taxonomy":"property-status","embeddable":true,"href":"https:\/\/www.costadelsol-mallorca.com\/es\/wp-json\/wp\/v2\/property-status?post=229500"}],"curies":[{"name":"wp","href":"https:\/\/api.w.org\/{rel}","templated":true}]}}