{"id":229523,"date":"2025-02-13T14:56:20","date_gmt":"2025-02-13T13:56:20","guid":{"rendered":"https:\/\/www.costadelsol-mallorca.com\/property\/benahavis-malaga-spain-villa-9\/"},"modified":"2025-06-28T04:34:19","modified_gmt":"2025-06-28T02:34:19","slug":"benahavis-malaga-spain-villa-9","status":"publish","type":"property","link":"https:\/\/www.costadelsol-mallorca.com\/es\/property\/benahavis-malaga-spain-villa-9\/","title":{"rendered":"Benahavis, Malaga, Spain &#8211; Villa"},"content":{"rendered":"<p>Ubicado en la prestigiosa zona de Los Flamingos de Benahav\u00eds, esta lujosa villa contempor\u00e1nea representa el epitome de la Costa del Sol viviendo. Con una orientaci\u00f3n orientada al sur, la propiedad ofrece impresionantes vistas panor\u00e1micas del mar Mediterr\u00e1neo, creando un retiro id\u00edlico para aquellos que buscan elegancia moderna y belleza natural. Precio de \u20ac3,200,000, esta villa de dos niveles est\u00e1 pensadamente dise\u00f1ada para mezclarse interior y exterior sin problemas.&#xD;&#xD;Con un impresionante 464 m2 de espacio construido en una parcela de 1,769 m2, esta villa cuenta con cuatro amplios dormitorios en suite, cada uno con acceso directo a terrazas y zonas de piscina. La suite principal, situada en el nivel superior, cuenta con un walk-in closet, un lujoso ba\u00f1o en suite, y una terraza privada de 57 m2 con vistas cautivadoras. La sala de estar, que abarca 50.58 m2, es una obra maestra de dise\u00f1o con ventanas de suelo a techo que inundan el espacio con luz natural y proporcionan f\u00e1cil acceso a las terrazas cubiertas y piscina de infinito. Una moderna cocina alemana Leicht, equipada con electrodom\u00e9sticos Miele premium, sirve como el coraz\u00f3n de la casa, ideal para entusiastas culinarios y invitados entretenidos.&#xD;&#xD;En el exterior, la villa sigue impresionando con sus hermosos jardines ajardinados, con \u00e1rboles frutales como aguacate, mandarina, almendra y mango. La piscina infinita ofrece un lugar tranquilo para relajarse mientras se remoja en el pintoresco entorno. Un amplio 118 m2 de terrazas es perfecto para comer al aire libre, relajarse o entretener. La propiedad tambi\u00e9n incluye un garaje privado para tres veh\u00edculos, con un s\u00f3tano opcional que ofrece espacio adicional y provisiones para la carga de veh\u00edculos el\u00e9ctricos.&#xD;&#xD;Esta casa est\u00e1 elaborada con meticulosa atenci\u00f3n al detalle, con baldosas de piedra de gran formato, sistemas avanzados de aire acondicionado y un video intercomunicador para mayor seguridad. El dise\u00f1o de la propiedad garantiza funcionalidad, comodidad y lujo en cada esquina. Est\u00e1 situado cerca de las instalaciones de clase mundial, incluyendo el famoso Hotel Villa Padierna Palace y sus tres campos de golf de 18 hoyos. Las playas pr\u00edstinas de la Costa del Sol est\u00e1n a solo 5 minutos en coche, mientras que Puerto Ban\u00fas y Marbella est\u00e1n a 15 y 25 minutos, respectivamente, ofreciendo vibrantes experiencias gastron\u00f3micas, comerciales y culturales.&#xD;&#xD;Para aquellos que buscan una inversi\u00f3n llave en mano, esta villa presenta un proceso de compra sin costuras con un plan de pago estructurado. Si lo imaginas como tu residencia permanente, una casa de vacaciones o una propiedad de alquiler, esta impresionante villa promete un estilo de vida incomparable en uno de los lugares m\u00e1s buscados de Espa\u00f1a.<\/p>\n","protected":false},"excerpt":{"rendered":"<p>Ubicado en la prestigiosa zona de Los Flamingos de Benahav\u00eds, esta lujosa villa contempor\u00e1nea representa el epitome de la Costa del Sol viviendo. Con una orientaci\u00f3n orientada al sur, la propiedad ofrece impresionantes vistas panor\u00e1micas del mar Mediterr\u00e1neo, creando un retiro id\u00edlico para aquellos que buscan elegancia moderna y belleza natural. Precio de \u20ac3,200,000, esta&#8230;<\/p>\n","protected":false},"author":0,"featured_media":226649,"parent":0,"menu_order":0,"comment_status":"open","ping_status":"open","template":"","property-feature":[269,1577,271,1583,1539,1630,1542,1631,1543,1632,1545,1634,1546,1664,1547,1729,1550,1760,1551,1553,1556,1557,1558,1565,1566],"property-type":[1562],"property-city":[866,875,1475],"property-status":[],"aioseo_notices":[],"property_meta":{"REAL_HOMES_property_price":"3200000","REAL_HOMES_property_old_price":"","REAL_HOMES_property_price_prefix":"","REAL_HOMES_property_price_postfix":"","REAL_HOMES_property_size":"464","REAL_HOMES_property_size_postfix":"","REAL_HOMES_property_lot_size":"","REAL_HOMES_property_lot_size_postfix":"","REAL_HOMES_property_bedrooms":"4","REAL_HOMES_property_bathrooms":"5","REAL_HOMES_property_garage":"","REAL_HOMES_property_id":"MDL4458374","REAL_HOMES_property_year_built":"","REAL_HOMES_featured":"0","REAL_HOMES_additional_details_list":[["",""]],"REAL_HOMES_property_location":{"latitude":"36.5204891","longitude":"-5.0455575","zoom":""},"REAL_HOMES_property_address":"Benahavis, Malaga, Spain","REAL_HOMES_property_map":"0","REAL_HOMES_property_images":[{"width":150,"height":150,"file":"2025\/05\/f4d5efa1.jpg","filesize":464360,"sizes":{"thumbnail":{"file":"f4d5efa1-150x150.jpg","width":150,"height":150,"mime-type":"image\/jpeg","filesize":17867,"url":"https:\/\/www.costadelsol-mallorca.com\/wp-content\/uploads\/2025\/05\/f4d5efa1-150x150.jpg"},"tf-client-image-size":{"file":"f4d5efa1-120x120.jpg","width":120,"height":120,"mime-type":"image\/jpeg","filesize":12236,"url":"https:\/\/www.costadelsol-mallorca.com\/wp-content\/uploads\/2025\/05\/f4d5efa1-120x120.jpg"},"post-thumbnail":{"file":"f4d5efa1-150x83.jpg","width":150,"height":83,"mime-type":"image\/jpeg","filesize":12102,"url":"https:\/\/www.costadelsol-mallorca.com\/wp-content\/uploads\/2025\/05\/f4d5efa1-150x83.jpg"},"modern-property-child-slider":{"file":"f4d5efa1-680x510.jpg","width":680,"height":510,"mime-type":"image\/jpeg","filesize":196819,"url":"https:\/\/www.costadelsol-mallorca.com\/wp-content\/uploads\/2025\/05\/f4d5efa1-680x510.jpg"},"property-thumb-image":{"file":"f4d5efa1-488x326.jpg","width":488,"height":326,"mime-type":"image\/jpeg","filesize":101073,"url":"https:\/\/www.costadelsol-mallorca.com\/wp-content\/uploads\/2025\/05\/f4d5efa1-488x326.jpg"},"property-detail-video-image":{"file":"f4d5efa1-818x417.jpg","width":818,"height":417,"mime-type":"image\/jpeg","filesize":206396,"url":"https:\/\/www.costadelsol-mallorca.com\/wp-content\/uploads\/2025\/05\/f4d5efa1-818x417.jpg"},"agent-image":{"file":"f4d5efa1-210x210.jpg","width":210,"height":210,"mime-type":"image\/jpeg","filesize":31854,"url":"https:\/\/www.costadelsol-mallorca.com\/wp-content\/uploads\/2025\/05\/f4d5efa1-210x210.jpg"},"partners-logo":{"file":"f4d5efa1-600x1067.jpg","width":600,"height":1067,"mime-type":"image\/jpeg","filesize":287278,"url":"https:\/\/www.costadelsol-mallorca.com\/wp-content\/uploads\/2025\/05\/f4d5efa1-600x1067.jpg"},"post-featured-image":{"file":"f4d5efa1-1240x720.jpg","width":1240,"height":720,"mime-type":"image\/jpeg","filesize":477321,"url":"https:\/\/www.costadelsol-mallorca.com\/wp-content\/uploads\/2025\/05\/f4d5efa1-1240x720.jpg"}},"image_meta":{"aperture":"0","credit":"","camera":"","caption":"","created_timestamp":"0","copyright":"","focal_length":"0","iso":"0","shutter_speed":"0","title":"","orientation":"0","keywords":[]},"old_width":1920,"old_height":1067,"ID":"226646","name":"f4d5efa1.jpg","path":"\/home\/ro\/web\/costadelsol-mallorca.com\/public_html\/wp-content\/uploads\/2025\/05\/f4d5efa1.jpg","url":"https:\/\/www.costadelsol-mallorca.com\/wp-content\/uploads\/2025\/05\/f4d5efa1-150x150.jpg","full_url":"https:\/\/www.costadelsol-mallorca.com\/wp-content\/uploads\/2025\/05\/f4d5efa1.jpg","title":"f4d5efa1","caption":"","description":"","alt":"","srcset":"https:\/\/www.costadelsol-mallorca.com\/wp-content\/uploads\/2025\/05\/f4d5efa1-150x150.jpg 150w, https:\/\/www.costadelsol-mallorca.com\/wp-content\/uploads\/2025\/05\/f4d5efa1-120x120.jpg 120w, https:\/\/www.costadelsol-mallorca.com\/wp-content\/uploads\/2025\/05\/f4d5efa1-210x210.jpg 210w"},{"width":150,"height":150,"file":"2025\/05\/f6d50f0a.jpg","filesize":930201,"sizes":{"thumbnail":{"file":"f6d50f0a-150x150.jpg","width":150,"height":150,"mime-type":"image\/jpeg","filesize":34721,"url":"https:\/\/www.costadelsol-mallorca.com\/wp-content\/uploads\/2025\/05\/f6d50f0a-150x150.jpg"},"tf-client-image-size":{"file":"f6d50f0a-120x120.jpg","width":120,"height":120,"mime-type":"image\/jpeg","filesize":22143,"url":"https:\/\/www.costadelsol-mallorca.com\/wp-content\/uploads\/2025\/05\/f6d50f0a-120x120.jpg"},"post-thumbnail":{"file":"f6d50f0a-150x84.jpg","width":150,"height":84,"mime-type":"image\/jpeg","filesize":20404,"url":"https:\/\/www.costadelsol-mallorca.com\/wp-content\/uploads\/2025\/05\/f6d50f0a-150x84.jpg"},"modern-property-child-slider":{"file":"f6d50f0a-680x510.jpg","width":680,"height":510,"mime-type":"image\/jpeg","filesize":395319,"url":"https:\/\/www.costadelsol-mallorca.com\/wp-content\/uploads\/2025\/05\/f6d50f0a-680x510.jpg"},"property-thumb-image":{"file":"f6d50f0a-488x326.jpg","width":488,"height":326,"mime-type":"image\/jpeg","filesize":205680,"url":"https:\/\/www.costadelsol-mallorca.com\/wp-content\/uploads\/2025\/05\/f6d50f0a-488x326.jpg"},"property-detail-video-image":{"file":"f6d50f0a-818x417.jpg","width":818,"height":417,"mime-type":"image\/jpeg","filesize":405119,"url":"https:\/\/www.costadelsol-mallorca.com\/wp-content\/uploads\/2025\/05\/f6d50f0a-818x417.jpg"},"agent-image":{"file":"f6d50f0a-210x210.jpg","width":210,"height":210,"mime-type":"image\/jpeg","filesize":65911,"url":"https:\/\/www.costadelsol-mallorca.com\/wp-content\/uploads\/2025\/05\/f6d50f0a-210x210.jpg"},"partners-logo":{"file":"f6d50f0a-600x1080.jpg","width":600,"height":1080,"mime-type":"image\/jpeg","filesize":638331,"url":"https:\/\/www.costadelsol-mallorca.com\/wp-content\/uploads\/2025\/05\/f6d50f0a-600x1080.jpg"},"post-featured-image":{"file":"f6d50f0a-1240x720.jpg","width":1240,"height":720,"mime-type":"image\/jpeg","filesize":905012,"url":"https:\/\/www.costadelsol-mallorca.com\/wp-content\/uploads\/2025\/05\/f6d50f0a-1240x720.jpg"}},"image_meta":{"aperture":"0","credit":"","camera":"","caption":"","created_timestamp":"0","copyright":"","focal_length":"0","iso":"0","shutter_speed":"0","title":"","orientation":"0","keywords":[]},"old_width":1920,"old_height":1080,"ID":"226650","name":"f6d50f0a.jpg","path":"\/home\/ro\/web\/costadelsol-mallorca.com\/public_html\/wp-content\/uploads\/2025\/05\/f6d50f0a.jpg","url":"https:\/\/www.costadelsol-mallorca.com\/wp-content\/uploads\/2025\/05\/f6d50f0a-150x150.jpg","full_url":"https:\/\/www.costadelsol-mallorca.com\/wp-content\/uploads\/2025\/05\/f6d50f0a.jpg","title":"f6d50f0a","caption":"","description":"","alt":"","srcset":"https:\/\/www.costadelsol-mallorca.com\/wp-content\/uploads\/2025\/05\/f6d50f0a-150x150.jpg 150w, https:\/\/www.costadelsol-mallorca.com\/wp-content\/uploads\/2025\/05\/f6d50f0a-120x120.jpg 120w, https:\/\/www.costadelsol-mallorca.com\/wp-content\/uploads\/2025\/05\/f6d50f0a-210x210.jpg 210w"},{"width":150,"height":150,"file":"2025\/05\/6d73a93f.jpg","filesize":217984,"sizes":{"thumbnail":{"file":"6d73a93f-150x150.jpg","width":150,"height":150,"mime-type":"image\/jpeg","filesize":21306,"url":"https:\/\/www.costadelsol-mallorca.com\/wp-content\/uploads\/2025\/05\/6d73a93f-150x150.jpg"},"tf-client-image-size":{"file":"6d73a93f-120x120.jpg","width":120,"height":120,"mime-type":"image\/jpeg","filesize":13772,"url":"https:\/\/www.costadelsol-mallorca.com\/wp-content\/uploads\/2025\/05\/6d73a93f-120x120.jpg"},"post-thumbnail":{"file":"6d73a93f-150x100.jpg","width":150,"height":100,"mime-type":"image\/jpeg","filesize":15154,"url":"https:\/\/www.costadelsol-mallorca.com\/wp-content\/uploads\/2025\/05\/6d73a93f-150x100.jpg"},"modern-property-child-slider":{"file":"6d73a93f-680x510.jpg","width":680,"height":510,"mime-type":"image\/jpeg","filesize":247596,"url":"https:\/\/www.costadelsol-mallorca.com\/wp-content\/uploads\/2025\/05\/6d73a93f-680x510.jpg"},"property-thumb-image":{"file":"6d73a93f-488x326.jpg","width":488,"height":326,"mime-type":"image\/jpeg","filesize":127758,"url":"https:\/\/www.costadelsol-mallorca.com\/wp-content\/uploads\/2025\/05\/6d73a93f-488x326.jpg"},"property-detail-video-image":{"file":"6d73a93f-818x417.jpg","width":818,"height":417,"mime-type":"image\/jpeg","filesize":250812,"url":"https:\/\/www.costadelsol-mallorca.com\/wp-content\/uploads\/2025\/05\/6d73a93f-818x417.jpg"},"agent-image":{"file":"6d73a93f-210x210.jpg","width":210,"height":210,"mime-type":"image\/jpeg","filesize":40039,"url":"https:\/\/www.costadelsol-mallorca.com\/wp-content\/uploads\/2025\/05\/6d73a93f-210x210.jpg"},"partners-logo":{"file":"6d73a93f-600x667.jpg","width":600,"height":667,"mime-type":"image\/jpeg","filesize":190870,"url":"https:\/\/www.costadelsol-mallorca.com\/wp-content\/uploads\/2025\/05\/6d73a93f-600x667.jpg"}},"image_meta":{"aperture":"0","credit":"","camera":"","caption":"","created_timestamp":"0","copyright":"","focal_length":"0","iso":"0","shutter_speed":"0","title":"","orientation":"0","keywords":[]},"ID":"226654","name":"6d73a93f.jpg","path":"\/home\/ro\/web\/costadelsol-mallorca.com\/public_html\/wp-content\/uploads\/2025\/05\/6d73a93f.jpg","url":"https:\/\/www.costadelsol-mallorca.com\/wp-content\/uploads\/2025\/05\/6d73a93f-150x150.jpg","full_url":"https:\/\/www.costadelsol-mallorca.com\/wp-content\/uploads\/2025\/05\/6d73a93f.jpg","title":"6d73a93f","caption":"","description":"","alt":"","srcset":"https:\/\/www.costadelsol-mallorca.com\/wp-content\/uploads\/2025\/05\/6d73a93f-150x150.jpg 150w, https:\/\/www.costadelsol-mallorca.com\/wp-content\/uploads\/2025\/05\/6d73a93f-120x120.jpg 120w, https:\/\/www.costadelsol-mallorca.com\/wp-content\/uploads\/2025\/05\/6d73a93f-210x210.jpg 210w"},{"width":150,"height":150,"file":"2025\/05\/55df77cc.jpg","filesize":195841,"sizes":{"thumbnail":{"file":"55df77cc-150x150.jpg","width":150,"height":150,"mime-type":"image\/jpeg","filesize":27662,"url":"https:\/\/www.costadelsol-mallorca.com\/wp-content\/uploads\/2025\/05\/55df77cc-150x150.jpg"},"tf-client-image-size":{"file":"55df77cc-120x120.jpg","width":120,"height":120,"mime-type":"image\/jpeg","filesize":18336,"url":"https:\/\/www.costadelsol-mallorca.com\/wp-content\/uploads\/2025\/05\/55df77cc-120x120.jpg"},"post-thumbnail":{"file":"55df77cc-150x100.jpg","width":150,"height":100,"mime-type":"image\/jpeg","filesize":20227,"url":"https:\/\/www.costadelsol-mallorca.com\/wp-content\/uploads\/2025\/05\/55df77cc-150x100.jpg"},"modern-property-child-slider":{"file":"55df77cc-680x510.jpg","width":680,"height":510,"mime-type":"image\/jpeg","filesize":300350,"url":"https:\/\/www.costadelsol-mallorca.com\/wp-content\/uploads\/2025\/05\/55df77cc-680x510.jpg"},"property-thumb-image":{"file":"55df77cc-488x326.jpg","width":488,"height":326,"mime-type":"image\/jpeg","filesize":153512,"url":"https:\/\/www.costadelsol-mallorca.com\/wp-content\/uploads\/2025\/05\/55df77cc-488x326.jpg"},"property-detail-video-image":{"file":"55df77cc-800x417.jpg","width":800,"height":417,"mime-type":"image\/jpeg","filesize":325454,"url":"https:\/\/www.costadelsol-mallorca.com\/wp-content\/uploads\/2025\/05\/55df77cc-800x417.jpg"},"agent-image":{"file":"55df77cc-210x210.jpg","width":210,"height":210,"mime-type":"image\/jpeg","filesize":49632,"url":"https:\/\/www.costadelsol-mallorca.com\/wp-content\/uploads\/2025\/05\/55df77cc-210x210.jpg"},"partners-logo":{"file":"55df77cc-600x535.jpg","width":600,"height":535,"mime-type":"image\/jpeg","filesize":289475,"url":"https:\/\/www.costadelsol-mallorca.com\/wp-content\/uploads\/2025\/05\/55df77cc-600x535.jpg"}},"image_meta":{"aperture":"0","credit":"","camera":"","caption":"","created_timestamp":"0","copyright":"","focal_length":"0","iso":"0","shutter_speed":"0","title":"","orientation":"0","keywords":[]},"ID":"226658","name":"55df77cc.jpg","path":"\/home\/ro\/web\/costadelsol-mallorca.com\/public_html\/wp-content\/uploads\/2025\/05\/55df77cc.jpg","url":"https:\/\/www.costadelsol-mallorca.com\/wp-content\/uploads\/2025\/05\/55df77cc-150x150.jpg","full_url":"https:\/\/www.costadelsol-mallorca.com\/wp-content\/uploads\/2025\/05\/55df77cc.jpg","title":"55df77cc","caption":"","description":"","alt":"","srcset":"https:\/\/www.costadelsol-mallorca.com\/wp-content\/uploads\/2025\/05\/55df77cc-150x150.jpg 150w, https:\/\/www.costadelsol-mallorca.com\/wp-content\/uploads\/2025\/05\/55df77cc-120x120.jpg 120w, https:\/\/www.costadelsol-mallorca.com\/wp-content\/uploads\/2025\/05\/55df77cc-210x210.jpg 210w"},{"width":150,"height":150,"file":"2025\/05\/ab541bd9.jpg","filesize":742150,"sizes":{"thumbnail":{"file":"ab541bd9-150x150.jpg","width":150,"height":150,"mime-type":"image\/jpeg","filesize":19370,"url":"https:\/\/www.costadelsol-mallorca.com\/wp-content\/uploads\/2025\/05\/ab541bd9-150x150.jpg"},"tf-client-image-size":{"file":"ab541bd9-120x120.jpg","width":120,"height":120,"mime-type":"image\/jpeg","filesize":12355,"url":"https:\/\/www.costadelsol-mallorca.com\/wp-content\/uploads\/2025\/05\/ab541bd9-120x120.jpg"},"post-thumbnail":{"file":"ab541bd9-150x100.jpg","width":150,"height":100,"mime-type":"image\/jpeg","filesize":14109,"url":"https:\/\/www.costadelsol-mallorca.com\/wp-content\/uploads\/2025\/05\/ab541bd9-150x100.jpg"},"modern-property-child-slider":{"file":"ab541bd9-680x510.jpg","width":680,"height":510,"mime-type":"image\/jpeg","filesize":252743,"url":"https:\/\/www.costadelsol-mallorca.com\/wp-content\/uploads\/2025\/05\/ab541bd9-680x510.jpg"},"property-thumb-image":{"file":"ab541bd9-488x326.jpg","width":488,"height":326,"mime-type":"image\/jpeg","filesize":124243,"url":"https:\/\/www.costadelsol-mallorca.com\/wp-content\/uploads\/2025\/05\/ab541bd9-488x326.jpg"},"property-detail-video-image":{"file":"ab541bd9-818x417.jpg","width":818,"height":417,"mime-type":"image\/jpeg","filesize":240312,"url":"https:\/\/www.costadelsol-mallorca.com\/wp-content\/uploads\/2025\/05\/ab541bd9-818x417.jpg"},"agent-image":{"file":"ab541bd9-210x210.jpg","width":210,"height":210,"mime-type":"image\/jpeg","filesize":37250,"url":"https:\/\/www.costadelsol-mallorca.com\/wp-content\/uploads\/2025\/05\/ab541bd9-210x210.jpg"},"partners-logo":{"file":"ab541bd9-600x1280.jpg","width":600,"height":1280,"mime-type":"image\/jpeg","filesize":441162,"url":"https:\/\/www.costadelsol-mallorca.com\/wp-content\/uploads\/2025\/05\/ab541bd9-600x1280.jpg"},"post-featured-image":{"file":"ab541bd9-1240x720.jpg","width":1240,"height":720,"mime-type":"image\/jpeg","filesize":568651,"url":"https:\/\/www.costadelsol-mallorca.com\/wp-content\/uploads\/2025\/05\/ab541bd9-1240x720.jpg"}},"image_meta":{"aperture":"0","credit":"","camera":"","caption":"","created_timestamp":"0","copyright":"","focal_length":"0","iso":"0","shutter_speed":"0","title":"","orientation":"0","keywords":[]},"old_width":1920,"old_height":1280,"ID":"226662","name":"ab541bd9.jpg","path":"\/home\/ro\/web\/costadelsol-mallorca.com\/public_html\/wp-content\/uploads\/2025\/05\/ab541bd9.jpg","url":"https:\/\/www.costadelsol-mallorca.com\/wp-content\/uploads\/2025\/05\/ab541bd9-150x150.jpg","full_url":"https:\/\/www.costadelsol-mallorca.com\/wp-content\/uploads\/2025\/05\/ab541bd9.jpg","title":"ab541bd9","caption":"","description":"","alt":"","srcset":"https:\/\/www.costadelsol-mallorca.com\/wp-content\/uploads\/2025\/05\/ab541bd9-150x150.jpg 150w, https:\/\/www.costadelsol-mallorca.com\/wp-content\/uploads\/2025\/05\/ab541bd9-120x120.jpg 120w, https:\/\/www.costadelsol-mallorca.com\/wp-content\/uploads\/2025\/05\/ab541bd9-210x210.jpg 210w"},{"width":150,"height":150,"file":"2025\/05\/8d48d2f5.jpg","filesize":771154,"sizes":{"thumbnail":{"file":"8d48d2f5-150x150.jpg","width":150,"height":150,"mime-type":"image\/jpeg","filesize":22927,"url":"https:\/\/www.costadelsol-mallorca.com\/wp-content\/uploads\/2025\/05\/8d48d2f5-150x150.jpg"},"tf-client-image-size":{"file":"8d48d2f5-120x120.jpg","width":120,"height":120,"mime-type":"image\/jpeg","filesize":14810,"url":"https:\/\/www.costadelsol-mallorca.com\/wp-content\/uploads\/2025\/05\/8d48d2f5-120x120.jpg"},"post-thumbnail":{"file":"8d48d2f5-150x84.jpg","width":150,"height":84,"mime-type":"image\/jpeg","filesize":14535,"url":"https:\/\/www.costadelsol-mallorca.com\/wp-content\/uploads\/2025\/05\/8d48d2f5-150x84.jpg"},"modern-property-child-slider":{"file":"8d48d2f5-680x510.jpg","width":680,"height":510,"mime-type":"image\/jpeg","filesize":294951,"url":"https:\/\/www.costadelsol-mallorca.com\/wp-content\/uploads\/2025\/05\/8d48d2f5-680x510.jpg"},"property-thumb-image":{"file":"8d48d2f5-488x326.jpg","width":488,"height":326,"mime-type":"image\/jpeg","filesize":143378,"url":"https:\/\/www.costadelsol-mallorca.com\/wp-content\/uploads\/2025\/05\/8d48d2f5-488x326.jpg"},"property-detail-video-image":{"file":"8d48d2f5-818x417.jpg","width":818,"height":417,"mime-type":"image\/jpeg","filesize":307209,"url":"https:\/\/www.costadelsol-mallorca.com\/wp-content\/uploads\/2025\/05\/8d48d2f5-818x417.jpg"},"agent-image":{"file":"8d48d2f5-210x210.jpg","width":210,"height":210,"mime-type":"image\/jpeg","filesize":43357,"url":"https:\/\/www.costadelsol-mallorca.com\/wp-content\/uploads\/2025\/05\/8d48d2f5-210x210.jpg"},"partners-logo":{"file":"8d48d2f5-600x1080.jpg","width":600,"height":1080,"mime-type":"image\/jpeg","filesize":491221,"url":"https:\/\/www.costadelsol-mallorca.com\/wp-content\/uploads\/2025\/05\/8d48d2f5-600x1080.jpg"},"post-featured-image":{"file":"8d48d2f5-1240x720.jpg","width":1240,"height":720,"mime-type":"image\/jpeg","filesize":709072,"url":"https:\/\/www.costadelsol-mallorca.com\/wp-content\/uploads\/2025\/05\/8d48d2f5-1240x720.jpg"}},"image_meta":{"aperture":"0","credit":"","camera":"","caption":"","created_timestamp":"0","copyright":"","focal_length":"0","iso":"0","shutter_speed":"0","title":"","orientation":"0","keywords":[]},"old_width":1920,"old_height":1080,"ID":"226666","name":"8d48d2f5.jpg","path":"\/home\/ro\/web\/costadelsol-mallorca.com\/public_html\/wp-content\/uploads\/2025\/05\/8d48d2f5.jpg","url":"https:\/\/www.costadelsol-mallorca.com\/wp-content\/uploads\/2025\/05\/8d48d2f5-150x150.jpg","full_url":"https:\/\/www.costadelsol-mallorca.com\/wp-content\/uploads\/2025\/05\/8d48d2f5.jpg","title":"8d48d2f5","caption":"","description":"","alt":"","srcset":"https:\/\/www.costadelsol-mallorca.com\/wp-content\/uploads\/2025\/05\/8d48d2f5-150x150.jpg 150w, https:\/\/www.costadelsol-mallorca.com\/wp-content\/uploads\/2025\/05\/8d48d2f5-120x120.jpg 120w, https:\/\/www.costadelsol-mallorca.com\/wp-content\/uploads\/2025\/05\/8d48d2f5-210x210.jpg 210w"},{"width":150,"height":150,"file":"2025\/05\/32e7a69b.jpg","filesize":371167,"sizes":{"thumbnail":{"file":"32e7a69b-150x150.jpg","width":150,"height":150,"mime-type":"image\/jpeg","filesize":12806,"url":"https:\/\/www.costadelsol-mallorca.com\/wp-content\/uploads\/2025\/05\/32e7a69b-150x150.jpg"},"tf-client-image-size":{"file":"32e7a69b-120x120.jpg","width":120,"height":120,"mime-type":"image\/jpeg","filesize":8826,"url":"https:\/\/www.costadelsol-mallorca.com\/wp-content\/uploads\/2025\/05\/32e7a69b-120x120.jpg"},"post-thumbnail":{"file":"32e7a69b-150x103.jpg","width":150,"height":103,"mime-type":"image\/jpeg","filesize":9667,"url":"https:\/\/www.costadelsol-mallorca.com\/wp-content\/uploads\/2025\/05\/32e7a69b-150x103.jpg"},"modern-property-child-slider":{"file":"32e7a69b-680x510.jpg","width":680,"height":510,"mime-type":"image\/jpeg","filesize":142032,"url":"https:\/\/www.costadelsol-mallorca.com\/wp-content\/uploads\/2025\/05\/32e7a69b-680x510.jpg"},"property-thumb-image":{"file":"32e7a69b-488x326.jpg","width":488,"height":326,"mime-type":"image\/jpeg","filesize":69512,"url":"https:\/\/www.costadelsol-mallorca.com\/wp-content\/uploads\/2025\/05\/32e7a69b-488x326.jpg"},"property-detail-video-image":{"file":"32e7a69b-818x417.jpg","width":818,"height":417,"mime-type":"image\/jpeg","filesize":148691,"url":"https:\/\/www.costadelsol-mallorca.com\/wp-content\/uploads\/2025\/05\/32e7a69b-818x417.jpg"},"agent-image":{"file":"32e7a69b-210x210.jpg","width":210,"height":210,"mime-type":"image\/jpeg","filesize":22767,"url":"https:\/\/www.costadelsol-mallorca.com\/wp-content\/uploads\/2025\/05\/32e7a69b-210x210.jpg"},"partners-logo":{"file":"32e7a69b-600x1323.jpg","width":600,"height":1323,"mime-type":"image\/jpeg","filesize":322946,"url":"https:\/\/www.costadelsol-mallorca.com\/wp-content\/uploads\/2025\/05\/32e7a69b-600x1323.jpg"},"post-featured-image":{"file":"32e7a69b-1240x720.jpg","width":1240,"height":720,"mime-type":"image\/jpeg","filesize":342036,"url":"https:\/\/www.costadelsol-mallorca.com\/wp-content\/uploads\/2025\/05\/32e7a69b-1240x720.jpg"}},"image_meta":{"aperture":"0","credit":"","camera":"","caption":"","created_timestamp":"0","copyright":"","focal_length":"0","iso":"0","shutter_speed":"0","title":"","orientation":"0","keywords":[]},"old_width":1920,"old_height":1323,"ID":"226670","name":"32e7a69b.jpg","path":"\/home\/ro\/web\/costadelsol-mallorca.com\/public_html\/wp-content\/uploads\/2025\/05\/32e7a69b.jpg","url":"https:\/\/www.costadelsol-mallorca.com\/wp-content\/uploads\/2025\/05\/32e7a69b-150x150.jpg","full_url":"https:\/\/www.costadelsol-mallorca.com\/wp-content\/uploads\/2025\/05\/32e7a69b.jpg","title":"32e7a69b","caption":"","description":"","alt":"","srcset":"https:\/\/www.costadelsol-mallorca.com\/wp-content\/uploads\/2025\/05\/32e7a69b-150x150.jpg 150w, https:\/\/www.costadelsol-mallorca.com\/wp-content\/uploads\/2025\/05\/32e7a69b-120x120.jpg 120w, https:\/\/www.costadelsol-mallorca.com\/wp-content\/uploads\/2025\/05\/32e7a69b-210x210.jpg 210w"},{"width":150,"height":150,"file":"2025\/05\/8ae77422.jpg","filesize":415912,"sizes":{"thumbnail":{"file":"8ae77422-150x150.jpg","width":150,"height":150,"mime-type":"image\/jpeg","filesize":15639,"url":"https:\/\/www.costadelsol-mallorca.com\/wp-content\/uploads\/2025\/05\/8ae77422-150x150.jpg"},"tf-client-image-size":{"file":"8ae77422-120x120.jpg","width":120,"height":120,"mime-type":"image\/jpeg","filesize":10411,"url":"https:\/\/www.costadelsol-mallorca.com\/wp-content\/uploads\/2025\/05\/8ae77422-120x120.jpg"},"post-thumbnail":{"file":"8ae77422-150x79.jpg","width":150,"height":79,"mime-type":"image\/jpeg","filesize":9847,"url":"https:\/\/www.costadelsol-mallorca.com\/wp-content\/uploads\/2025\/05\/8ae77422-150x79.jpg"},"modern-property-child-slider":{"file":"8ae77422-680x510.jpg","width":680,"height":510,"mime-type":"image\/jpeg","filesize":175917,"url":"https:\/\/www.costadelsol-mallorca.com\/wp-content\/uploads\/2025\/05\/8ae77422-680x510.jpg"},"property-thumb-image":{"file":"8ae77422-488x326.jpg","width":488,"height":326,"mime-type":"image\/jpeg","filesize":88357,"url":"https:\/\/www.costadelsol-mallorca.com\/wp-content\/uploads\/2025\/05\/8ae77422-488x326.jpg"},"property-detail-video-image":{"file":"8ae77422-818x417.jpg","width":818,"height":417,"mime-type":"image\/jpeg","filesize":189989,"url":"https:\/\/www.costadelsol-mallorca.com\/wp-content\/uploads\/2025\/05\/8ae77422-818x417.jpg"},"agent-image":{"file":"8ae77422-210x210.jpg","width":210,"height":210,"mime-type":"image\/jpeg","filesize":27751,"url":"https:\/\/www.costadelsol-mallorca.com\/wp-content\/uploads\/2025\/05\/8ae77422-210x210.jpg"},"partners-logo":{"file":"8ae77422-600x1011.jpg","width":600,"height":1011,"mime-type":"image\/jpeg","filesize":253441,"url":"https:\/\/www.costadelsol-mallorca.com\/wp-content\/uploads\/2025\/05\/8ae77422-600x1011.jpg"},"post-featured-image":{"file":"8ae77422-1240x720.jpg","width":1240,"height":720,"mime-type":"image\/jpeg","filesize":428117,"url":"https:\/\/www.costadelsol-mallorca.com\/wp-content\/uploads\/2025\/05\/8ae77422-1240x720.jpg"}},"image_meta":{"aperture":"0","credit":"","camera":"","caption":"","created_timestamp":"0","copyright":"","focal_length":"0","iso":"0","shutter_speed":"0","title":"","orientation":"0","keywords":[]},"old_width":1920,"old_height":1011,"ID":"226674","name":"8ae77422.jpg","path":"\/home\/ro\/web\/costadelsol-mallorca.com\/public_html\/wp-content\/uploads\/2025\/05\/8ae77422.jpg","url":"https:\/\/www.costadelsol-mallorca.com\/wp-content\/uploads\/2025\/05\/8ae77422-150x150.jpg","full_url":"https:\/\/www.costadelsol-mallorca.com\/wp-content\/uploads\/2025\/05\/8ae77422.jpg","title":"8ae77422","caption":"","description":"","alt":"","srcset":"https:\/\/www.costadelsol-mallorca.com\/wp-content\/uploads\/2025\/05\/8ae77422-150x150.jpg 150w, https:\/\/www.costadelsol-mallorca.com\/wp-content\/uploads\/2025\/05\/8ae77422-120x120.jpg 120w, https:\/\/www.costadelsol-mallorca.com\/wp-content\/uploads\/2025\/05\/8ae77422-210x210.jpg 210w"}],"REAL_HOMES_change_gallery_slider_type":"","REAL_HOMES_gallery_slider_type":"thumb-on-right","inspiry_floor_plans":[],"inspiry_video_group":[],"REAL_HOMES_360_virtual_tour":"","REAL_HOMES_tour_video_url":"","REAL_HOMES_tour_video_image":[],"REAL_HOMES_agent_display_option":"agent_info","REAL_HOMES_agents":[],"REAL_HOMES_energy_class":"","REAL_HOMES_energy_performance":"","REAL_HOMES_epc_current_rating":"","REAL_HOMES_epc_potential_rating":"","REAL_HOMES_sticky":"","inspiry_property_label":"","inspiry_property_label_color":"","inspiry_property_tax":"","inspiry_additional_fee":"","REAL_HOMES_attachments":[],"inspiry_property_owner_name":"","inspiry_property_owner_contact":"","inspiry_property_owner_address":"","REAL_HOMES_property_private_note":"","inspiry_message_to_reviewer":"","REAL_HOMES_add_in_slider":"no","REAL_HOMES_slider_image":[],"REAL_HOMES_page_banner_image":[],"REAL_HOMES_hide_property_advance_search":"","REAL_HOMES_hide_advance_search":"","REAL_HOMES_custom_search_form":"","REAL_HOMES_search_form_margin_top":"","REAL_HOMES_search_form_margin_bottom":""},"_links":{"self":[{"href":"https:\/\/www.costadelsol-mallorca.com\/es\/wp-json\/wp\/v2\/property\/229523"}],"collection":[{"href":"https:\/\/www.costadelsol-mallorca.com\/es\/wp-json\/wp\/v2\/property"}],"about":[{"href":"https:\/\/www.costadelsol-mallorca.com\/es\/wp-json\/wp\/v2\/types\/property"}],"replies":[{"embeddable":true,"href":"https:\/\/www.costadelsol-mallorca.com\/es\/wp-json\/wp\/v2\/comments?post=229523"}],"version-history":[{"count":1,"href":"https:\/\/www.costadelsol-mallorca.com\/es\/wp-json\/wp\/v2\/property\/229523\/revisions"}],"predecessor-version":[{"id":230110,"href":"https:\/\/www.costadelsol-mallorca.com\/es\/wp-json\/wp\/v2\/property\/229523\/revisions\/230110"}],"wp:featuredmedia":[{"embeddable":true,"href":"https:\/\/www.costadelsol-mallorca.com\/es\/wp-json\/wp\/v2\/media\/226649"}],"wp:attachment":[{"href":"https:\/\/www.costadelsol-mallorca.com\/es\/wp-json\/wp\/v2\/media?parent=229523"}],"wp:term":[{"taxonomy":"property-feature","embeddable":true,"href":"https:\/\/www.costadelsol-mallorca.com\/es\/wp-json\/wp\/v2\/property-feature?post=229523"},{"taxonomy":"property-type","embeddable":true,"href":"https:\/\/www.costadelsol-mallorca.com\/es\/wp-json\/wp\/v2\/property-type?post=229523"},{"taxonomy":"property-city","embeddable":true,"href":"https:\/\/www.costadelsol-mallorca.com\/es\/wp-json\/wp\/v2\/property-city?post=229523"},{"taxonomy":"property-status","embeddable":true,"href":"https:\/\/www.costadelsol-mallorca.com\/es\/wp-json\/wp\/v2\/property-status?post=229523"}],"curies":[{"name":"wp","href":"https:\/\/api.w.org\/{rel}","templated":true}]}}